{"id":366,"date":"2024-11-29T09:09:59","date_gmt":"2024-11-29T09:09:59","guid":{"rendered":"http:\/\/lydenim.com\/home\/"},"modified":"2025-12-18T06:00:45","modified_gmt":"2025-12-17T22:00:45","slug":"home","status":"publish","type":"page","link":"https:\/\/lydenim.com\/es\/","title":{"rendered":"p\u00e1gina delantera"},"content":{"rendered":"<div data-elementor-type=\"wp-page\" data-elementor-id=\"366\" class=\"elementor elementor-366\" data-elementor-post-type=\"page\">\n\t\t\t\t<div class=\"wd-negative-gap elementor-element elementor-element-4f7e22c wd-section-stretch-content e-flex e-con-boxed e-con e-parent\" data-id=\"4f7e22c\" data-element_type=\"container\" data-e-type=\"container\" data-settings=\"{&quot;background_background&quot;:&quot;video&quot;,&quot;background_video_link&quot;:&quot;https:\\\/\\\/lydenim.com\\\/wp-content\\\/uploads\\\/2025\\\/09\\\/\\u725b\\u4ed4\\u5e03.m4v&quot;,&quot;background_play_on_mobile&quot;:&quot;yes&quot;}\">\n\t\t\t\t\t<div class=\"e-con-inner\">\n\t\t<div class=\"elementor-background-video-container\">\n\t\t\t\t\t\t\t<video class=\"elementor-background-video-hosted\" role=\"presentation\" autoplay muted playsinline loop><\/video>\n\t\t\t\t\t<\/div><div class=\"elementor-element elementor-element-443b3a9 e-con-full e-flex e-con e-child\" data-id=\"443b3a9\" data-element_type=\"container\" data-e-type=\"container\">\n\t\t\t\t<div class=\"elementor-element elementor-element-83c9cc5 wd-width-100 elementor-widget elementor-widget-wd_title\" data-id=\"83c9cc5\" data-element_type=\"widget\" data-e-type=\"widget\" data-widget_type=\"wd_title.default\">\n\t\t\t\t<div class=\"elementor-widget-container\">\n\t\t\t\t\t\t\t<div class=\"title-wrapper wd-set-mb reset-last-child wd-title-color-default wd-title-style-default wd-title-size-small text-center\">\n\n\t\t\t\n\t\t\t<div class=\"liner-continer\">\n\t\t\t\t<h1 class=\"woodmart-title-container title wd-fontsize-m\">Personalizaci\u00f3n integral de telas y prendas: excelencia en cada puntada<\/h1> \n\t\t\t\t\t\t\t<\/div>\n\n\t\t\t\t\t\t\t<div class=\"title-after_title reset-last-child wd-fontsize-xs\">\n\t\t\t\t\t<p>LY Denim \u2013 Desde el dise\u00f1o hasta la entrega, ofreciendo telas vaqueras y ropa de alta calidad y soluciones al por mayor<\/p>\t\t\t\t<\/div>\n\t\t\t\t\t<\/div>\n\t\t\t\t\t\t<\/div>\n\t\t\t\t<\/div>\n\t\t\t\t<div class=\"elementor-element elementor-element-e542274 elementor-align-center elementor-widget elementor-widget-button\" data-id=\"e542274\" data-element_type=\"widget\" data-e-type=\"widget\" data-widget_type=\"button.default\">\n\t\t\t\t<div class=\"elementor-widget-container\">\n\t\t\t\t\t\t\t\t\t<div class=\"elementor-button-wrapper\">\n\t\t\t\t\t<a class=\"elementor-button elementor-button-link elementor-size-sm\" href=\"https:\/\/lydenim.com\/es\/contacto\/\">\n\t\t\t\t\t\t<span class=\"elementor-button-content-wrapper\">\n\t\t\t\t\t\t\t\t\t<span class=\"elementor-button-text\">Obtenga su cotizaci\u00f3n ahora<\/span>\n\t\t\t\t\t<\/span>\n\t\t\t\t\t<\/a>\n\t\t\t\t<\/div>\n\t\t\t\t\t\t\t\t<\/div>\n\t\t\t\t<\/div>\n\t\t\t\t<\/div>\n\t\t\t\t\t<\/div>\n\t\t\t\t<\/div>\n\t\t<div class=\"wd-negative-gap elementor-element elementor-element-93bbca1 e-grid wd-section-stretch-content e-con-boxed e-con e-parent\" data-id=\"93bbca1\" data-element_type=\"container\" data-e-type=\"container\">\n\t\t\t\t\t<div class=\"e-con-inner\">\n\t\t\t\t<div class=\"elementor-element elementor-element-fdf9199 elementor-widget elementor-widget-wd_image_or_svg\" data-id=\"fdf9199\" data-element_type=\"widget\" data-e-type=\"widget\" data-widget_type=\"wd_image_or_svg.default\">\n\t\t\t\t<div class=\"elementor-widget-container\">\n\t\t\t\t\t\n\t\t<div class=\"wd-image text-left\">\n\t\t\t\t\t\t\t\t<img loading=\"lazy\" decoding=\"async\" width=\"200\" height=\"100\" src=\"https:\/\/lydenim.com\/wp-content\/uploads\/2024\/12\/\u4e0b\u8f7d-200x100.jpg\" class=\"attachment-200x100 size-200x100\" alt=\"ICC\" \/>\t\t\t\t\t<\/div>\n\n\t\t\t\t\t\t<\/div>\n\t\t\t\t<\/div>\n\t\t\t\t<div class=\"elementor-element elementor-element-b6b35bf elementor-widget elementor-widget-wd_image_or_svg\" data-id=\"b6b35bf\" data-element_type=\"widget\" data-e-type=\"widget\" data-widget_type=\"wd_image_or_svg.default\">\n\t\t\t\t<div class=\"elementor-widget-container\">\n\t\t\t\t\t\n\t\t<div class=\"wd-image text-left\">\n\t\t\t\t\t\t\t\t<img loading=\"lazy\" decoding=\"async\" width=\"200\" height=\"100\" src=\"https:\/\/lydenim.com\/wp-content\/uploads\/2024\/12\/\u4e0b\u8f7d-1-200x100.jpg\" class=\"attachment-200x100 size-200x100\" alt=\"EST\u00c1NDAR GLOBAL DE RECICLAJE\" \/>\t\t\t\t\t<\/div>\n\n\t\t\t\t\t\t<\/div>\n\t\t\t\t<\/div>\n\t\t\t\t<div class=\"elementor-element elementor-element-b77956f elementor-widget elementor-widget-wd_image_or_svg\" data-id=\"b77956f\" data-element_type=\"widget\" data-e-type=\"widget\" data-widget_type=\"wd_image_or_svg.default\">\n\t\t\t\t<div class=\"elementor-widget-container\">\n\t\t\t\t\t\n\t\t<div class=\"wd-image text-left\">\n\t\t\t\t\t\t\t\t<img loading=\"lazy\" decoding=\"async\" width=\"200\" height=\"100\" src=\"https:\/\/lydenim.com\/wp-content\/uploads\/2024\/12\/\u4e0b\u8f7d-2-200x100.jpg\" class=\"attachment-200x100 size-200x100\" alt=\"Oeko-Texcoco\" \/>\t\t\t\t\t<\/div>\n\n\t\t\t\t\t\t<\/div>\n\t\t\t\t<\/div>\n\t\t\t\t<div class=\"elementor-element elementor-element-4ff3cab elementor-widget elementor-widget-wd_image_or_svg\" data-id=\"4ff3cab\" data-element_type=\"widget\" data-e-type=\"widget\" data-widget_type=\"wd_image_or_svg.default\">\n\t\t\t\t<div class=\"elementor-widget-container\">\n\t\t\t\t\t\n\t\t<div class=\"wd-image text-left\">\n\t\t\t\t\t\t\t\t<img loading=\"lazy\" decoding=\"async\" width=\"200\" height=\"100\" src=\"https:\/\/lydenim.com\/wp-content\/uploads\/2024\/12\/\u4e0b\u8f7d-3-200x100.jpg\" class=\"attachment-200x100 size-200x100\" alt=\"MEZCLA ORG\u00c1NICA\" \/>\t\t\t\t\t<\/div>\n\n\t\t\t\t\t\t<\/div>\n\t\t\t\t<\/div>\n\t\t\t\t<div class=\"elementor-element elementor-element-fa4b26c elementor-widget elementor-widget-wd_image_or_svg\" data-id=\"fa4b26c\" data-element_type=\"widget\" data-e-type=\"widget\" data-widget_type=\"wd_image_or_svg.default\">\n\t\t\t\t<div class=\"elementor-widget-container\">\n\t\t\t\t\t\n\t\t<div class=\"wd-image text-left\">\n\t\t\t\t\t\t\t\t<img loading=\"lazy\" decoding=\"async\" width=\"200\" height=\"100\" src=\"https:\/\/lydenim.com\/wp-content\/uploads\/2024\/12\/\u4e0b\u8f7d-4-200x100.jpg\" class=\"attachment-200x100 size-200x100\" alt=\"SGS\" \/>\t\t\t\t\t<\/div>\n\n\t\t\t\t\t\t<\/div>\n\t\t\t\t<\/div>\n\t\t\t\t<div class=\"elementor-element elementor-element-5f87ad2 elementor-widget elementor-widget-wd_image_or_svg\" data-id=\"5f87ad2\" data-element_type=\"widget\" data-e-type=\"widget\" data-widget_type=\"wd_image_or_svg.default\">\n\t\t\t\t<div class=\"elementor-widget-container\">\n\t\t\t\t\t\n\t\t<div class=\"wd-image text-left\">\n\t\t\t\t\t\t\t\t<img loading=\"lazy\" decoding=\"async\" width=\"200\" height=\"100\" src=\"https:\/\/lydenim.com\/wp-content\/uploads\/2024\/12\/\u4e0b\u8f7d-5-200x100.jpg\" class=\"attachment-200x100 size-200x100\" alt=\"TOTAL\" \/>\t\t\t\t\t<\/div>\n\n\t\t\t\t\t\t<\/div>\n\t\t\t\t<\/div>\n\t\t\t\t\t<\/div>\n\t\t\t\t<\/div>\n\t\t<div class=\"wd-negative-gap elementor-element elementor-element-ce18349 wd-section-stretch e-flex e-con-boxed e-con e-parent\" data-id=\"ce18349\" data-element_type=\"container\" data-e-type=\"container\" data-settings=\"{&quot;background_background&quot;:&quot;classic&quot;}\">\n\t\t\t\t\t<div class=\"e-con-inner\">\n\t\t<div class=\"elementor-element elementor-element-46cc713 e-con-full e-flex e-con e-child\" data-id=\"46cc713\" data-element_type=\"container\" data-e-type=\"container\">\n\t\t\t\t<div class=\"elementor-element elementor-element-28e4ab4 wd-width-100 elementor-widget elementor-widget-wd_title\" data-id=\"28e4ab4\" data-element_type=\"widget\" data-e-type=\"widget\" data-widget_type=\"wd_title.default\">\n\t\t\t\t<div class=\"elementor-widget-container\">\n\t\t\t\t\t\t\t<div class=\"title-wrapper wd-set-mb reset-last-child wd-title-color-primary wd-title-style-simple wd-title-size-default text-center\">\n\n\t\t\t\n\t\t\t<div class=\"liner-continer\">\n\t\t\t\t<h2 class=\"woodmart-title-container title wd-fontsize-l\">Socio integral en la fabricaci\u00f3n de telas y prendas de vestir<\/h2> \n\t\t\t\t\t\t\t<\/div>\n\n\t\t\t\t\t\t\t<div class=\"title-after_title reset-last-child wd-fontsize-xs\">\n\t\t\t\t\t<p>Durante m\u00e1s de 20 a\u00f1os, LY Denim ha sido un l\u00edder de confianza en el suministro de telas vaqueras de alta calidad y soluciones de confecci\u00f3n a medida. Desde el a\u00f1o 2000, hemos combinado tecnolog\u00eda de producci\u00f3n avanzada con un equipo de expertos para ofrecer telas a medida y ropa personalizada con una capacidad anual superior a los 20 millones de metros, lo que nos permite satisfacer las cambiantes demandas de nuestros clientes globales.<\/p>\t\t\t\t<\/div>\n\t\t\t\t\t<\/div>\n\t\t\t\t\t\t<\/div>\n\t\t\t\t<\/div>\n\t\t\t\t<\/div>\n\t\t\t\t\t<link rel=\"stylesheet\" id=\"wd-animations-css\" href=\"https:\/\/lydenim.com\/wp-content\/themes\/woodmart\/css\/parts\/mod-animations-transform.min.css?ver=8.2.5\" type=\"text\/css\" media=\"all\" \/> \t\t\t<div class=\"elementor-element elementor-element-6334ca9 wd-animation-slide-from-bottom e-con-full e-flex wd-animation-normal wd_delay_100 e-con e-child\" data-id=\"6334ca9\" data-element_type=\"container\" data-e-type=\"container\" data-settings=\"{&quot;background_background&quot;:&quot;classic&quot;}\">\n\t\t<div class=\"elementor-element elementor-element-617de51 e-con-full e-flex e-con e-child\" data-id=\"617de51\" data-element_type=\"container\" data-e-type=\"container\">\n\t\t\t\t<div class=\"elementor-element elementor-element-4806ae9 elementor-widget__width-initial elementor-widget elementor-widget-wd_infobox\" data-id=\"4806ae9\" data-element_type=\"widget\" data-e-type=\"widget\" data-widget_type=\"wd_infobox.default\">\n\t\t\t\t<div class=\"elementor-widget-container\">\n\t\t\t\t\t\t\t<div class=\"info-box-wrapper\">\n\t\t\t<div class=\"wd-info-box text-center box-icon-align-top box-style-base color-scheme-\">\n\t\t\t\t\t\t\t\t\t<div class=\"box-icon-wrapper  box-with-icon box-icon-with-bg\">\n\t\t\t\t\t\t<div class=\"info-box-icon\">\n\t\t\t\t\t\t\t\t\t\t\t\t\t\t\t<img loading=\"lazy\" decoding=\"async\" width=\"50\" height=\"50\" src=\"https:\/\/lydenim.com\/wp-content\/uploads\/2024\/12\/icons8-\u5382-80-50x50.png\" class=\"attachment-50x50 size-50x50\" alt=\"\" srcset=\"\" sizes=\"auto, (max-width: 50px) 100vw, 50px\" data-srcset=\"\" \/>\t\t\t\t\t\t\t\t\t\t\t\t\t<\/div>\n\t\t\t\t\t<\/div>\n\t\t\t\t\n\t\t\t\t<div class=\"info-box-content\">\n\t\t\t\t\t\n\t\t\t\t\t\t\t\t\t\t\t<p\t\t\t\t\t\tclass=\"info-box-title title box-title-style-default wd-fontsize-m\" data-elementor-setting-key=\"title\">\n\t\t\t\t\t\t\t\t200.000\u33a1<br \/>\n\t\t\t\t\t\t<\/p>\n\t\t\t\t\t\n\t\t\t\t\t<div class=\"info-box-inner reset-last-child\"data-elementor-setting-key=\"content\"><p>Moderna zona industrial<\/p>\n<\/div>\n\n\t\t\t\t\t\t\t\t\t<\/div>\n\n\t\t\t\t\t\t\t<\/div>\n\t\t<\/div>\n\t\t\t\t\t\t<\/div>\n\t\t\t\t<\/div>\n\t\t\t\t<\/div>\n\t\t<div class=\"elementor-element elementor-element-990cbb6 e-con-full e-flex e-con e-child\" data-id=\"990cbb6\" data-element_type=\"container\" data-e-type=\"container\">\n\t\t\t\t<div class=\"elementor-element elementor-element-1f1b5b9 elementor-widget__width-initial elementor-widget elementor-widget-wd_infobox\" data-id=\"1f1b5b9\" data-element_type=\"widget\" data-e-type=\"widget\" data-widget_type=\"wd_infobox.default\">\n\t\t\t\t<div class=\"elementor-widget-container\">\n\t\t\t\t\t\t\t<div class=\"info-box-wrapper\">\n\t\t\t<div class=\"wd-info-box text-center box-icon-align-top box-style-base color-scheme-\">\n\t\t\t\t\t\t\t\t\t<div class=\"box-icon-wrapper  box-with-icon box-icon-with-bg\">\n\t\t\t\t\t\t<div class=\"info-box-icon\">\n\t\t\t\t\t\t\t\t\t\t\t\t\t\t\t<div class=\"info-svg-wrapper\" style=\"width:50px; height:50px;\"><img decoding=\"async\"  alt=\"Textura\" src=\"https:\/\/lydenim.com\/wp-content\/uploads\/2024\/12\/3.svg\" title=\"Textura\" loading=\"lazy\" width=\"50\" height=\"50\"><\/div>\t\t\t\t\t\t\t\t\t\t\t\t\t<\/div>\n\t\t\t\t\t<\/div>\n\t\t\t\t\n\t\t\t\t<div class=\"info-box-content\">\n\t\t\t\t\t\n\t\t\t\t\t\t\t\t\t\t\t<p\t\t\t\t\t\tclass=\"info-box-title title box-title-style-default wd-fontsize-m\" data-elementor-setting-key=\"title\">\n\t\t\t\t\t\t\t\t 30 millones de metros\t\t\t\t\t\t<\/p>\n\t\t\t\t\t\n\t\t\t\t\t<div class=\"info-box-inner reset-last-child\"data-elementor-setting-key=\"content\"><p>Capacidad de producci\u00f3n<\/p>\n<\/div>\n\n\t\t\t\t\t\t\t\t\t<\/div>\n\n\t\t\t\t\t\t\t<\/div>\n\t\t<\/div>\n\t\t\t\t\t\t<\/div>\n\t\t\t\t<\/div>\n\t\t\t\t<\/div>\n\t\t<div class=\"elementor-element elementor-element-9fe4f63 e-con-full e-flex e-con e-child\" data-id=\"9fe4f63\" data-element_type=\"container\" data-e-type=\"container\">\n\t\t\t\t<div class=\"elementor-element elementor-element-6549bdc elementor-widget__width-initial elementor-widget elementor-widget-wd_infobox\" data-id=\"6549bdc\" data-element_type=\"widget\" data-e-type=\"widget\" data-widget_type=\"wd_infobox.default\">\n\t\t\t\t<div class=\"elementor-widget-container\">\n\t\t\t\t\t\t\t<div class=\"info-box-wrapper\">\n\t\t\t<div class=\"wd-info-box text-center box-icon-align-top box-style-base color-scheme-\">\n\t\t\t\t\t\t\t\t\t<div class=\"box-icon-wrapper  box-with-icon box-icon-with-bg\">\n\t\t\t\t\t\t<div class=\"info-box-icon\">\n\t\t\t\t\t\t\t\t\t\t\t\t\t\t\t<img loading=\"lazy\" decoding=\"async\" width=\"50\" height=\"50\" src=\"https:\/\/lydenim.com\/wp-content\/uploads\/2025\/03\/icons8-\u8bbe\u8ba1-64-50x50.png\" class=\"attachment-50x50 size-50x50\" alt=\"\" srcset=\"\" sizes=\"auto, (max-width: 50px) 100vw, 50px\" data-srcset=\"\" \/>\t\t\t\t\t\t\t\t\t\t\t\t\t<\/div>\n\t\t\t\t\t<\/div>\n\t\t\t\t\n\t\t\t\t<div class=\"info-box-content\">\n\t\t\t\t\t\n\t\t\t\t\t\t\t\t\t\t\t<p\t\t\t\t\t\tclass=\"info-box-title title box-title-style-default wd-fontsize-m\" data-elementor-setting-key=\"title\">\n\t\t\t\t\t\t\t\tPersonalizaci\u00f3n\t\t\t\t\t\t<\/p>\n\t\t\t\t\t\n\t\t\t\t\t<div class=\"info-box-inner reset-last-child\"data-elementor-setting-key=\"content\"><p>Dise\u00f1o y producci\u00f3n profesional<\/p>\n<\/div>\n\n\t\t\t\t\t\t\t\t\t<\/div>\n\n\t\t\t\t\t\t\t<\/div>\n\t\t<\/div>\n\t\t\t\t\t\t<\/div>\n\t\t\t\t<\/div>\n\t\t\t\t<\/div>\n\t\t<div class=\"elementor-element elementor-element-6a10692 e-con-full e-flex e-con e-child\" data-id=\"6a10692\" data-element_type=\"container\" data-e-type=\"container\">\n\t\t\t\t<div class=\"elementor-element elementor-element-6949c6c elementor-widget__width-initial elementor-widget elementor-widget-wd_infobox\" data-id=\"6949c6c\" data-element_type=\"widget\" data-e-type=\"widget\" data-widget_type=\"wd_infobox.default\">\n\t\t\t\t<div class=\"elementor-widget-container\">\n\t\t\t\t\t\t\t<div class=\"info-box-wrapper\">\n\t\t\t<div class=\"wd-info-box text-center box-icon-align-top box-style-base color-scheme-\">\n\t\t\t\t\t\t\t\t\t<div class=\"box-icon-wrapper  box-with-icon box-icon-with-bg\">\n\t\t\t\t\t\t<div class=\"info-box-icon\">\n\t\t\t\t\t\t\t\t\t\t\t\t\t\t\t<img loading=\"lazy\" decoding=\"async\" width=\"50\" height=\"50\" src=\"https:\/\/lydenim.com\/wp-content\/uploads\/2025\/03\/icons8-\u8863\u670d-50.png\" class=\"attachment-50x50 size-50x50\" alt=\"\" srcset=\"https:\/\/lydenim.com\/wp-content\/uploads\/2025\/03\/icons8-\u8863\u670d-50.png 50w, https:\/\/lydenim.com\/wp-content\/uploads\/2025\/03\/icons8-\u8863\u670d-50-12x12.png 12w\" sizes=\"auto, (max-width: 50px) 100vw, 50px\" \/>\t\t\t\t\t\t\t\t\t\t\t\t\t<\/div>\n\t\t\t\t\t<\/div>\n\t\t\t\t\n\t\t\t\t<div class=\"info-box-content\">\n\t\t\t\t\t\n\t\t\t\t\t\t\t\t\t\t\t<p\t\t\t\t\t\tclass=\"info-box-title title box-title-style-default wd-fontsize-m\" data-elementor-setting-key=\"title\">\n\t\t\t\t\t\t\t\tPrenda\t\t\t\t\t\t<\/p>\n\t\t\t\t\t\n\t\t\t\t\t<div class=\"info-box-inner reset-last-child\"data-elementor-setting-key=\"content\"><p>Entregue con tranquilidad<\/p>\n<\/div>\n\n\t\t\t\t\t\t\t\t\t<\/div>\n\n\t\t\t\t\t\t\t<\/div>\n\t\t<\/div>\n\t\t\t\t\t\t<\/div>\n\t\t\t\t<\/div>\n\t\t\t\t<\/div>\n\t\t\t\t<\/div>\n\t\t\t\t\t<\/div>\n\t\t\t\t<\/div>\n\t\t<div class=\"wd-negative-gap elementor-element elementor-element-d63d933 e-flex e-con-boxed e-con e-parent\" data-id=\"d63d933\" data-element_type=\"container\" data-e-type=\"container\">\n\t\t\t\t\t<div class=\"e-con-inner\">\n\t\t<div class=\"elementor-element elementor-element-8b54737 e-con-full e-flex e-con e-child\" data-id=\"8b54737\" data-element_type=\"container\" data-e-type=\"container\">\n\t\t\t\t<div class=\"elementor-element elementor-element-09f4926 wd-width-100 elementor-widget elementor-widget-wd_title\" data-id=\"09f4926\" data-element_type=\"widget\" data-e-type=\"widget\" data-widget_type=\"wd_title.default\">\n\t\t\t\t<div class=\"elementor-widget-container\">\n\t\t\t\t\t\t\t<div class=\"title-wrapper wd-set-mb reset-last-child wd-title-color-primary wd-title-style-simple wd-title-size-default text-center\">\n\n\t\t\t\n\t\t\t<div class=\"liner-continer\">\n\t\t\t\t<h2 class=\"woodmart-title-container title wd-fontsize-l\">5 puntos clave sobre nosotros: soluci\u00f3n de personalizaci\u00f3n integral.<\/h2> \n\t\t\t\t\t\t\t<\/div>\n\n\t\t\t\t\t<\/div>\n\t\t\t\t\t\t<\/div>\n\t\t\t\t<\/div>\n\t\t\t\t<div class=\"elementor-element elementor-element-49eba30 elementor-widget elementor-widget-n-accordion\" data-id=\"49eba30\" data-element_type=\"widget\" data-e-type=\"widget\" data-settings=\"{&quot;default_state&quot;:&quot;expanded&quot;,&quot;max_items_expended&quot;:&quot;one&quot;,&quot;n_accordion_animation_duration&quot;:{&quot;unit&quot;:&quot;ms&quot;,&quot;size&quot;:400,&quot;sizes&quot;:[]}}\" data-widget_type=\"nested-accordion.default\">\n\t\t\t\t<div class=\"elementor-widget-container\">\n\t\t\t\t\t\t\t<div class=\"e-n-accordion\" aria-label=\"Acorde\u00f3n. Abra los enlaces con Enter o Espacio, ci\u00e9rrelos con Escape y navegue con las teclas de flecha\">\n\t\t\t\t\t\t<details id=\"e-n-accordion-item-7750\" class=\"e-n-accordion-item\" open>\n\t\t\t\t<summary class=\"e-n-accordion-item-title\" data-accordion-index=\"1\" tabindex=\"0\" aria-expanded=\"true\" aria-controls=\"e-n-accordion-item-7750\" >\n\t\t\t\t\t<span class='e-n-accordion-item-title-header'><div class=\"e-n-accordion-item-title-text\"> 30 millones de metros anuales de producci\u00f3n <\/div><\/span>\n\t\t\t\t\t\t\t<span class='e-n-accordion-item-title-icon'>\n\t\t\t<span class='e-opened' ><svg aria-hidden=\"true\" class=\"e-font-icon-svg e-fas-minus\" viewbox=\"0 0 448 512\" xmlns=\"http:\/\/www.w3.org\/2000\/svg\"><path d=\"M416 208H32c-17.67 0-32 14.33-32 32v32c0 17.67 14.33 32 32 32h384c17.67 0 32-14.33 32-32v-32c0-17.67-14.33-32-32-32z\"><\/path><\/svg><\/span>\n\t\t\t<span class='e-closed'><svg aria-hidden=\"true\" class=\"e-font-icon-svg e-fas-plus\" viewbox=\"0 0 448 512\" xmlns=\"http:\/\/www.w3.org\/2000\/svg\"><path d=\"M416 208H272V64c0-17.67-14.33-32-32-32h-32c-17.67 0-32 14.33-32 32v144H32c-17.67 0-32 14.33-32 32v32c0 17.67 14.33 32 32 32h144v144c0 17.67 14.33 32 32 32h32c17.67 0 32-14.33 32-32V304h144c17.67 0 32-14.33 32-32v-32c0-17.67-14.33-32-32-32z\"><\/path><\/svg><\/span>\n\t\t<\/span>\n\n\t\t\t\t\t\t<\/summary>\n\t\t\t\t<div role=\"region\" aria-labelledby=\"e-n-accordion-item-7750\" class=\"elementor-element elementor-element-a20f357 e-con-full e-flex e-con e-child\" data-id=\"a20f357\" data-element_type=\"container\" data-e-type=\"container\">\n\t\t\t\t<div class=\"elementor-element elementor-element-9a1d3f5 elementor-widget elementor-widget-wd_text_block\" data-id=\"9a1d3f5\" data-element_type=\"widget\" data-e-type=\"widget\" data-widget_type=\"wd_text_block.default\">\n\t\t\t\t<div class=\"elementor-widget-container\">\n\t\t\t\t\t\t\t<div class=\"wd-text-block reset-last-child text-left\">\n\t\t\t\n\t\t\t<ol><li>30 millones de metros anuales de producci\u00f3n<\/li><li>80% de tejidos en stock.<\/li><\/ol>\n\t\t\t\t\t<\/div>\n\t\t\t\t\t\t<\/div>\n\t\t\t\t<\/div>\n\t\t\t\t<\/div>\n\t\t\t\t\t<\/details>\n\t\t\t\t\t<\/div>\n\t\t\t\t\t<script type=\"application\/ld+json\">{\n    \"@context\": \"https:\\\/\\\/schema.org\",\n    \"@type\": \"FAQPage\",\n    \"mainEntity\": [\n        {\n            \"@type\": \"Question\",\n            \"name\": \"30 million meters annually output\",\n            \"acceptedAnswer\": {\n                \"@type\": \"Answer\",\n                \"text\": \"30 million meters annually output.80% in-stock fabrics.\"\n            }\n        }\n    ]\n}<\/script>\n\t\t\t\t\t\t\t<\/div>\n\t\t\t\t<\/div>\n\t\t\t\t<div class=\"elementor-element elementor-element-1bfb5ca elementor-widget elementor-widget-n-accordion\" data-id=\"1bfb5ca\" data-element_type=\"widget\" data-e-type=\"widget\" data-settings=\"{&quot;default_state&quot;:&quot;expanded&quot;,&quot;max_items_expended&quot;:&quot;one&quot;,&quot;n_accordion_animation_duration&quot;:{&quot;unit&quot;:&quot;ms&quot;,&quot;size&quot;:400,&quot;sizes&quot;:[]}}\" data-widget_type=\"nested-accordion.default\">\n\t\t\t\t<div class=\"elementor-widget-container\">\n\t\t\t\t\t\t\t<div class=\"e-n-accordion\" aria-label=\"Acorde\u00f3n. Abra los enlaces con Enter o Espacio, ci\u00e9rrelos con Escape y navegue con las teclas de flecha\">\n\t\t\t\t\t\t<details id=\"e-n-accordion-item-2930\" class=\"e-n-accordion-item\" open>\n\t\t\t\t<summary class=\"e-n-accordion-item-title\" data-accordion-index=\"1\" tabindex=\"0\" aria-expanded=\"true\" aria-controls=\"e-n-accordion-item-2930\" >\n\t\t\t\t\t<span class='e-n-accordion-item-title-header'><div class=\"e-n-accordion-item-title-text\"> 80% de tejidos en stock. <\/div><\/span>\n\t\t\t\t\t\t\t<span class='e-n-accordion-item-title-icon'>\n\t\t\t<span class='e-opened' ><svg aria-hidden=\"true\" class=\"e-font-icon-svg e-fas-minus\" viewbox=\"0 0 448 512\" xmlns=\"http:\/\/www.w3.org\/2000\/svg\"><path d=\"M416 208H32c-17.67 0-32 14.33-32 32v32c0 17.67 14.33 32 32 32h384c17.67 0 32-14.33 32-32v-32c0-17.67-14.33-32-32-32z\"><\/path><\/svg><\/span>\n\t\t\t<span class='e-closed'><svg aria-hidden=\"true\" class=\"e-font-icon-svg e-fas-plus\" viewbox=\"0 0 448 512\" xmlns=\"http:\/\/www.w3.org\/2000\/svg\"><path d=\"M416 208H272V64c0-17.67-14.33-32-32-32h-32c-17.67 0-32 14.33-32 32v144H32c-17.67 0-32 14.33-32 32v32c0 17.67 14.33 32 32 32h144v144c0 17.67 14.33 32 32 32h32c17.67 0 32-14.33 32-32V304h144c17.67 0 32-14.33 32-32v-32c0-17.67-14.33-32-32-32z\"><\/path><\/svg><\/span>\n\t\t<\/span>\n\n\t\t\t\t\t\t<\/summary>\n\t\t\t\t<div role=\"region\" aria-labelledby=\"e-n-accordion-item-2930\" class=\"elementor-element elementor-element-52b3812 e-con-full e-flex e-con e-child\" data-id=\"52b3812\" data-element_type=\"container\" data-e-type=\"container\">\n\t\t\t\t<div class=\"elementor-element elementor-element-7f94a86 elementor-widget elementor-widget-wd_text_block\" data-id=\"7f94a86\" data-element_type=\"widget\" data-e-type=\"widget\" data-widget_type=\"wd_text_block.default\">\n\t\t\t\t<div class=\"elementor-widget-container\">\n\t\t\t\t\t\t\t<div class=\"wd-text-block reset-last-child text-left\">\n\t\t\t\n\t\t\t<p>MOQ peque\u00f1o, plazo de entrega corto.<br \/>De 4 oz a 14 oz, de lo b\u00e1sico a lo exuberante.<\/p>\n\t\t\t\t\t<\/div>\n\t\t\t\t\t\t<\/div>\n\t\t\t\t<\/div>\n\t\t\t\t<\/div>\n\t\t\t\t\t<\/details>\n\t\t\t\t\t<\/div>\n\t\t\t\t\t<script type=\"application\/ld+json\">{\n    \"@context\": \"https:\\\/\\\/schema.org\",\n    \"@type\": \"FAQPage\",\n    \"mainEntity\": [\n        {\n            \"@type\": \"Question\",\n            \"name\": \"80% in-stock fabrics\",\n            \"acceptedAnswer\": {\n                \"@type\": \"Answer\",\n                \"text\": \"Small MOQ, short lead time.4oz to 14oz,from basic to lush.\"\n            }\n        }\n    ]\n}<\/script>\n\t\t\t\t\t\t\t<\/div>\n\t\t\t\t<\/div>\n\t\t\t\t<div class=\"elementor-element elementor-element-775a931 elementor-widget elementor-widget-n-accordion\" data-id=\"775a931\" data-element_type=\"widget\" data-e-type=\"widget\" data-settings=\"{&quot;default_state&quot;:&quot;expanded&quot;,&quot;max_items_expended&quot;:&quot;one&quot;,&quot;n_accordion_animation_duration&quot;:{&quot;unit&quot;:&quot;ms&quot;,&quot;size&quot;:400,&quot;sizes&quot;:[]}}\" data-widget_type=\"nested-accordion.default\">\n\t\t\t\t<div class=\"elementor-widget-container\">\n\t\t\t\t\t\t\t<div class=\"e-n-accordion\" aria-label=\"Acorde\u00f3n. Abra los enlaces con Enter o Espacio, ci\u00e9rrelos con Escape y navegue con las teclas de flecha\">\n\t\t\t\t\t\t<details id=\"e-n-accordion-item-1250\" class=\"e-n-accordion-item\" open>\n\t\t\t\t<summary class=\"e-n-accordion-item-title\" data-accordion-index=\"1\" tabindex=\"0\" aria-expanded=\"true\" aria-controls=\"e-n-accordion-item-1250\" >\n\t\t\t\t\t<span class='e-n-accordion-item-title-header'><div class=\"e-n-accordion-item-title-text\"> Telas y prendas personalizadas <\/div><\/span>\n\t\t\t\t\t\t\t<span class='e-n-accordion-item-title-icon'>\n\t\t\t<span class='e-opened' ><svg aria-hidden=\"true\" class=\"e-font-icon-svg e-fas-minus\" viewbox=\"0 0 448 512\" xmlns=\"http:\/\/www.w3.org\/2000\/svg\"><path d=\"M416 208H32c-17.67 0-32 14.33-32 32v32c0 17.67 14.33 32 32 32h384c17.67 0 32-14.33 32-32v-32c0-17.67-14.33-32-32-32z\"><\/path><\/svg><\/span>\n\t\t\t<span class='e-closed'><svg aria-hidden=\"true\" class=\"e-font-icon-svg e-fas-plus\" viewbox=\"0 0 448 512\" xmlns=\"http:\/\/www.w3.org\/2000\/svg\"><path d=\"M416 208H272V64c0-17.67-14.33-32-32-32h-32c-17.67 0-32 14.33-32 32v144H32c-17.67 0-32 14.33-32 32v32c0 17.67 14.33 32 32 32h144v144c0 17.67 14.33 32 32 32h32c17.67 0 32-14.33 32-32V304h144c17.67 0 32-14.33 32-32v-32c0-17.67-14.33-32-32-32z\"><\/path><\/svg><\/span>\n\t\t<\/span>\n\n\t\t\t\t\t\t<\/summary>\n\t\t\t\t<div role=\"region\" aria-labelledby=\"e-n-accordion-item-1250\" class=\"elementor-element elementor-element-b516083 e-con-full e-flex e-con e-child\" data-id=\"b516083\" data-element_type=\"container\" data-e-type=\"container\">\n\t\t\t\t<div class=\"elementor-element elementor-element-3ba267f elementor-widget elementor-widget-wd_text_block\" data-id=\"3ba267f\" data-element_type=\"widget\" data-e-type=\"widget\" data-widget_type=\"wd_text_block.default\">\n\t\t\t\t<div class=\"elementor-widget-container\">\n\t\t\t\t\t\t\t<div class=\"wd-text-block reset-last-child text-left\">\n\t\t\t\n\t\t\t<p>Personalizado desde la idea hasta el tejido y la prenda, \u00fanico y competitivo.<\/p>\n\t\t\t\t\t<\/div>\n\t\t\t\t\t\t<\/div>\n\t\t\t\t<\/div>\n\t\t\t\t<\/div>\n\t\t\t\t\t<\/details>\n\t\t\t\t\t<\/div>\n\t\t\t\t\t<script type=\"application\/ld+json\">{\n    \"@context\": \"https:\\\/\\\/schema.org\",\n    \"@type\": \"FAQPage\",\n    \"mainEntity\": [\n        {\n            \"@type\": \"Question\",\n            \"name\": \"Custom Fabric & Garment\",\n            \"acceptedAnswer\": {\n                \"@type\": \"Answer\",\n                \"text\": \"Custom from idea to fabric &amp; Garment ,unique and competitive.\"\n            }\n        }\n    ]\n}<\/script>\n\t\t\t\t\t\t\t<\/div>\n\t\t\t\t<\/div>\n\t\t\t\t<div class=\"elementor-element elementor-element-3cf627c elementor-widget elementor-widget-n-accordion\" data-id=\"3cf627c\" data-element_type=\"widget\" data-e-type=\"widget\" data-settings=\"{&quot;default_state&quot;:&quot;expanded&quot;,&quot;max_items_expended&quot;:&quot;one&quot;,&quot;n_accordion_animation_duration&quot;:{&quot;unit&quot;:&quot;ms&quot;,&quot;size&quot;:400,&quot;sizes&quot;:[]}}\" data-widget_type=\"nested-accordion.default\">\n\t\t\t\t<div class=\"elementor-widget-container\">\n\t\t\t\t\t\t\t<div class=\"e-n-accordion\" aria-label=\"Acorde\u00f3n. Abra los enlaces con Enter o Espacio, ci\u00e9rrelos con Escape y navegue con las teclas de flecha\">\n\t\t\t\t\t\t<details id=\"e-n-accordion-item-6390\" class=\"e-n-accordion-item\" open>\n\t\t\t\t<summary class=\"e-n-accordion-item-title\" data-accordion-index=\"1\" tabindex=\"0\" aria-expanded=\"true\" aria-controls=\"e-n-accordion-item-6390\" >\n\t\t\t\t\t<span class='e-n-accordion-item-title-header'><div class=\"e-n-accordion-item-title-text\"> Innovaci\u00f3n <\/div><\/span>\n\t\t\t\t\t\t\t<span class='e-n-accordion-item-title-icon'>\n\t\t\t<span class='e-opened' ><svg aria-hidden=\"true\" class=\"e-font-icon-svg e-fas-minus\" viewbox=\"0 0 448 512\" xmlns=\"http:\/\/www.w3.org\/2000\/svg\"><path d=\"M416 208H32c-17.67 0-32 14.33-32 32v32c0 17.67 14.33 32 32 32h384c17.67 0 32-14.33 32-32v-32c0-17.67-14.33-32-32-32z\"><\/path><\/svg><\/span>\n\t\t\t<span class='e-closed'><svg aria-hidden=\"true\" class=\"e-font-icon-svg e-fas-plus\" viewbox=\"0 0 448 512\" xmlns=\"http:\/\/www.w3.org\/2000\/svg\"><path d=\"M416 208H272V64c0-17.67-14.33-32-32-32h-32c-17.67 0-32 14.33-32 32v144H32c-17.67 0-32 14.33-32 32v32c0 17.67 14.33 32 32 32h144v144c0 17.67 14.33 32 32 32h32c17.67 0 32-14.33 32-32V304h144c17.67 0 32-14.33 32-32v-32c0-17.67-14.33-32-32-32z\"><\/path><\/svg><\/span>\n\t\t<\/span>\n\n\t\t\t\t\t\t<\/summary>\n\t\t\t\t<div role=\"region\" aria-labelledby=\"e-n-accordion-item-6390\" class=\"elementor-element elementor-element-034e1dd e-con-full e-flex e-con e-child\" data-id=\"034e1dd\" data-element_type=\"container\" data-e-type=\"container\">\n\t\t\t\t<div class=\"elementor-element elementor-element-d80143c elementor-widget elementor-widget-wd_text_block\" data-id=\"d80143c\" data-element_type=\"widget\" data-e-type=\"widget\" data-widget_type=\"wd_text_block.default\">\n\t\t\t\t<div class=\"elementor-widget-container\">\n\t\t\t\t\t\t\t<div class=\"wd-text-block reset-last-child text-left\">\n\t\t\t\n\t\t\t<p>1. Fuerte equipo de I+D, tejido innovador lanzado estacionalmente.<\/p><p>2. Un equipo de dise\u00f1o de ropa profesional, que salvaguarda el \u00e9xito de sus productos.<\/p>\n\t\t\t\t\t<\/div>\n\t\t\t\t\t\t<\/div>\n\t\t\t\t<\/div>\n\t\t\t\t<\/div>\n\t\t\t\t\t<\/details>\n\t\t\t\t\t<\/div>\n\t\t\t\t\t<script type=\"application\/ld+json\">{\n    \"@context\": \"https:\\\/\\\/schema.org\",\n    \"@type\": \"FAQPage\",\n    \"mainEntity\": [\n        {\n            \"@type\": \"Question\",\n            \"name\": \"Innovation\",\n            \"acceptedAnswer\": {\n                \"@type\": \"Answer\",\n                \"text\": \"1.Strong R&amp;D team,innovative fabric launched seasonally.2.A professional apparel design team, safeguarding the success of your products.\"\n            }\n        }\n    ]\n}<\/script>\n\t\t\t\t\t\t\t<\/div>\n\t\t\t\t<\/div>\n\t\t\t\t<div class=\"elementor-element elementor-element-b5d7647 elementor-widget elementor-widget-n-accordion\" data-id=\"b5d7647\" data-element_type=\"widget\" data-e-type=\"widget\" data-settings=\"{&quot;default_state&quot;:&quot;expanded&quot;,&quot;max_items_expended&quot;:&quot;one&quot;,&quot;n_accordion_animation_duration&quot;:{&quot;unit&quot;:&quot;ms&quot;,&quot;size&quot;:400,&quot;sizes&quot;:[]}}\" data-widget_type=\"nested-accordion.default\">\n\t\t\t\t<div class=\"elementor-widget-container\">\n\t\t\t\t\t\t\t<div class=\"e-n-accordion\" aria-label=\"Acorde\u00f3n. Abra los enlaces con Enter o Espacio, ci\u00e9rrelos con Escape y navegue con las teclas de flecha\">\n\t\t\t\t\t\t<details id=\"e-n-accordion-item-1900\" class=\"e-n-accordion-item\" open>\n\t\t\t\t<summary class=\"e-n-accordion-item-title\" data-accordion-index=\"1\" tabindex=\"0\" aria-expanded=\"true\" aria-controls=\"e-n-accordion-item-1900\" >\n\t\t\t\t\t<span class='e-n-accordion-item-title-header'><div class=\"e-n-accordion-item-title-text\"> La calidad es prioritaria <\/div><\/span>\n\t\t\t\t\t\t\t<span class='e-n-accordion-item-title-icon'>\n\t\t\t<span class='e-opened' ><svg aria-hidden=\"true\" class=\"e-font-icon-svg e-fas-minus\" viewbox=\"0 0 448 512\" xmlns=\"http:\/\/www.w3.org\/2000\/svg\"><path d=\"M416 208H32c-17.67 0-32 14.33-32 32v32c0 17.67 14.33 32 32 32h384c17.67 0 32-14.33 32-32v-32c0-17.67-14.33-32-32-32z\"><\/path><\/svg><\/span>\n\t\t\t<span class='e-closed'><svg aria-hidden=\"true\" class=\"e-font-icon-svg e-fas-plus\" viewbox=\"0 0 448 512\" xmlns=\"http:\/\/www.w3.org\/2000\/svg\"><path d=\"M416 208H272V64c0-17.67-14.33-32-32-32h-32c-17.67 0-32 14.33-32 32v144H32c-17.67 0-32 14.33-32 32v32c0 17.67 14.33 32 32 32h144v144c0 17.67 14.33 32 32 32h32c17.67 0 32-14.33 32-32V304h144c17.67 0 32-14.33 32-32v-32c0-17.67-14.33-32-32-32z\"><\/path><\/svg><\/span>\n\t\t<\/span>\n\n\t\t\t\t\t\t<\/summary>\n\t\t\t\t<div role=\"region\" aria-labelledby=\"e-n-accordion-item-1900\" class=\"elementor-element elementor-element-f18f84a e-con-full e-flex e-con e-child\" data-id=\"f18f84a\" data-element_type=\"container\" data-e-type=\"container\">\n\t\t\t\t<div class=\"elementor-element elementor-element-c5db150 elementor-widget elementor-widget-wd_text_block\" data-id=\"c5db150\" data-element_type=\"widget\" data-e-type=\"widget\" data-widget_type=\"wd_text_block.default\">\n\t\t\t\t<div class=\"elementor-widget-container\">\n\t\t\t\t\t\t\t<div class=\"wd-text-block reset-last-child text-left\">\n\t\t\t\n\t\t\t<p>Calidad totalmente comprobada de principio a fin.<\/p>\n\t\t\t\t\t<\/div>\n\t\t\t\t\t\t<\/div>\n\t\t\t\t<\/div>\n\t\t\t\t<\/div>\n\t\t\t\t\t<\/details>\n\t\t\t\t\t<\/div>\n\t\t\t\t\t<script type=\"application\/ld+json\">{\n    \"@context\": \"https:\\\/\\\/schema.org\",\n    \"@type\": \"FAQPage\",\n    \"mainEntity\": [\n        {\n            \"@type\": \"Question\",\n            \"name\": \"Quality is Priority\",\n            \"acceptedAnswer\": {\n                \"@type\": \"Answer\",\n                \"text\": \"Quality fully checked from beginning to end.\"\n            }\n        }\n    ]\n}<\/script>\n\t\t\t\t\t\t\t<\/div>\n\t\t\t\t<\/div>\n\t\t\t\t<\/div>\n\t\t<div class=\"elementor-element elementor-element-a9ef67e e-con-full e-flex e-con e-child\" data-id=\"a9ef67e\" data-element_type=\"container\" data-e-type=\"container\">\n\t\t\t\t<div class=\"elementor-element elementor-element-fc8d03f elementor-widget elementor-widget-video\" data-id=\"fc8d03f\" data-element_type=\"widget\" data-e-type=\"widget\" data-settings=\"{&quot;video_type&quot;:&quot;hosted&quot;,&quot;autoplay&quot;:&quot;yes&quot;,&quot;controls&quot;:&quot;yes&quot;}\" data-widget_type=\"video.default\">\n\t\t\t\t<div class=\"elementor-widget-container\">\n\t\t\t\t\t\t\t<div class=\"e-hosted-video elementor-wrapper elementor-open-inline\">\n\t\t\t\t\t<video class=\"elementor-video\" src=\"https:\/\/lydenim.com\/wp-content\/uploads\/2024\/12\/b38a919e9d7fbc2a197f8eaffba92b98.mp4\" autoplay=\"\" controls=\"\" controlslist=\"nodownload\"><\/video>\n\t\t\t\t<\/div>\n\t\t\t\t\t\t<\/div>\n\t\t\t\t<\/div>\n\t\t<div class=\"elementor-element elementor-element-a1c85cb e-con-full e-flex e-con e-child\" data-id=\"a1c85cb\" data-element_type=\"container\" data-e-type=\"container\">\n\t\t\t\t<div class=\"elementor-element elementor-element-31f8893 elementor-widget elementor-widget-button\" data-id=\"31f8893\" data-element_type=\"widget\" data-e-type=\"widget\" data-widget_type=\"button.default\">\n\t\t\t\t<div class=\"elementor-widget-container\">\n\t\t\t\t\t\t\t\t\t<div class=\"elementor-button-wrapper\">\n\t\t\t\t\t<a class=\"elementor-button elementor-button-link elementor-size-sm\" href=\"https:\/\/lydenim.com\/es\/sobre-nosotros\/\">\n\t\t\t\t\t\t<span class=\"elementor-button-content-wrapper\">\n\t\t\t\t\t\t\t\t\t<span class=\"elementor-button-text\">M\u00e1s informaci\u00f3n<\/span>\n\t\t\t\t\t<\/span>\n\t\t\t\t\t<\/a>\n\t\t\t\t<\/div>\n\t\t\t\t\t\t\t\t<\/div>\n\t\t\t\t<\/div>\n\t\t\t\t<div class=\"elementor-element elementor-element-c21ad8b elementor-widget elementor-widget-wd_popup\" data-id=\"c21ad8b\" data-element_type=\"widget\" data-e-type=\"widget\" data-widget_type=\"wd_popup.default\">\n\t\t\t\t<div class=\"elementor-widget-container\">\n\t\t\t\t\t\t\t\t\t<div class=\"wd-button-wrapper text-center\" >\n\t\t\t<a class=\"btn btn-style-bordered btn-shape-semi-round btn-size-default wd-open-popup btn-icon-pos-right\"  href=\"#popup-6750f86e74f2f\">\n\t\t\t\t<span class=\"wd-btn-text\" data-elementor-setting-key=\"text\">\n\t\t\t\t\tComience su proyecto\t\t\t\t<\/span>\n\n\t\t\t\t\t\t\t<\/a>\n\t\t<\/div>\n\t\t\t\t\t\t\t<div id=\"popup-6750f86e74f2f\" class=\"wd-popup wd-popup-element wd-entry-content mfp-hide\" style=\"--wd-popup-width:800px;\">\n\t\t\t\t\t\t\t<link rel=\"stylesheet\" id=\"elementor-post-1868-css\" href=\"https:\/\/lydenim.com\/wp-content\/uploads\/elementor\/css\/post-1868.css?ver=1777451237\" type=\"text\/css\" media=\"all\">\n\t\t\t\t\t<div data-elementor-type=\"wp-post\" data-elementor-id=\"1868\" class=\"elementor elementor-1868\" data-elementor-post-type=\"cms_block\">\n\t\t\t\t<div class=\"wd-negative-gap elementor-element elementor-element-a68c3f6 e-flex e-con-boxed e-con e-parent\" data-id=\"a68c3f6\" data-element_type=\"container\" data-e-type=\"container\">\n\t\t\t\t\t<div class=\"e-con-inner\">\n\t\t\t\t<div class=\"elementor-element elementor-element-c42d775 wd-width-100 elementor-widget elementor-widget-wd_title\" data-id=\"c42d775\" data-element_type=\"widget\" data-e-type=\"widget\" data-widget_type=\"wd_title.default\">\n\t\t\t\t<div class=\"elementor-widget-container\">\n\t\t\t\t\t\t\t<div class=\"title-wrapper wd-set-mb reset-last-child wd-title-color-default wd-title-style-default wd-title-size-default text-left\">\n\n\t\t\t\n\t\t\t<div class=\"liner-continer\">\n\t\t\t\t<h2 class=\"woodmart-title-container title wd-fontsize-l\">Cont\u00e1ctenos<\/h2> \n\t\t\t\t\t\t\t<\/div>\n\n\t\t\t\t\t<\/div>\n\t\t\t\t\t\t<\/div>\n\t\t\t\t<\/div>\n\t\t\t\t<div class=\"elementor-element elementor-element-d5d763c elementor-widget elementor-widget-wd_text_block\" data-id=\"d5d763c\" data-element_type=\"widget\" data-e-type=\"widget\" data-widget_type=\"wd_text_block.default\">\n\t\t\t\t<div class=\"elementor-widget-container\">\n\t\t\t\t\t\t\t<div class=\"wd-text-block reset-last-child text-left\">\n\t\t\t\n\t\t\t<script type=\"text\/javascript\">\n\/* <![CDATA[ *\/\nvar gform;gform||(document.addEventListener(\"gform_main_scripts_loaded\",function(){gform.scriptsLoaded=!0}),document.addEventListener(\"gform\/theme\/scripts_loaded\",function(){gform.themeScriptsLoaded=!0}),window.addEventListener(\"DOMContentLoaded\",function(){gform.domLoaded=!0}),gform={domLoaded:!1,scriptsLoaded:!1,themeScriptsLoaded:!1,isFormEditor:()=>\"function\"==typeof InitializeEditor,callIfLoaded:function(o){return!(!gform.domLoaded||!gform.scriptsLoaded||!gform.themeScriptsLoaded&&!gform.isFormEditor()||(gform.isFormEditor()&&console.warn(\"The use of gform.initializeOnLoaded() is deprecated in the form editor context and will be removed in Gravity Forms 3.1.\"),o(),0))},initializeOnLoaded:function(o){gform.callIfLoaded(o)||(document.addEventListener(\"gform_main_scripts_loaded\",()=>{gform.scriptsLoaded=!0,gform.callIfLoaded(o)}),document.addEventListener(\"gform\/theme\/scripts_loaded\",()=>{gform.themeScriptsLoaded=!0,gform.callIfLoaded(o)}),window.addEventListener(\"DOMContentLoaded\",()=>{gform.domLoaded=!0,gform.callIfLoaded(o)}))},hooks:{action:{},filter:{}},addAction:function(o,r,e,t){gform.addHook(\"action\",o,r,e,t)},addFilter:function(o,r,e,t){gform.addHook(\"filter\",o,r,e,t)},doAction:function(o){gform.doHook(\"action\",o,arguments)},applyFilters:function(o){return gform.doHook(\"filter\",o,arguments)},removeAction:function(o,r){gform.removeHook(\"action\",o,r)},removeFilter:function(o,r,e){gform.removeHook(\"filter\",o,r,e)},addHook:function(o,r,e,t,n){null==gform.hooks[o][r]&&(gform.hooks[o][r]=[]);var d=gform.hooks[o][r];null==n&&(n=r+\"_\"+d.length),gform.hooks[o][r].push({tag:n,callable:e,priority:t=null==t?10:t})},doHook:function(r,o,e){var t;if(e=Array.prototype.slice.call(e,1),null!=gform.hooks[r][o]&&((o=gform.hooks[r][o]).sort(function(o,r){return o.priority-r.priority}),o.forEach(function(o){\"function\"!=typeof(t=o.callable)&&(t=window[t]),\"action\"==r?t.apply(null,e):e[0]=t.apply(null,e)})),\"filter\"==r)return e[0]},removeHook:function(o,r,t,n){var e;null!=gform.hooks[o][r]&&(e=(e=gform.hooks[o][r]).filter(function(o,r,e){return!!(null!=n&&n!=o.tag||null!=t&&t!=o.priority)}),gform.hooks[o][r]=e)}});\n\/* ]]> *\/\n<\/script>\n\n                <div class='gf_browser_gecko gform_wrapper gform-theme gform-theme--foundation gform-theme--framework gform-theme--orbital' data-form-theme='orbital' data-form-index='0' id='gform_wrapper_1' ><style>#gform_wrapper_1[data-form-index=\"0\"].gform-theme,[data-parent-form=\"1_0\"]{--gf-color-primary: #204ce5;--gf-color-primary-rgb: 32, 76, 229;--gf-color-primary-contrast: #fff;--gf-color-primary-contrast-rgb: 255, 255, 255;--gf-color-primary-darker: #001AB3;--gf-color-primary-lighter: #527EFF;--gf-color-secondary: #fff;--gf-color-secondary-rgb: 255, 255, 255;--gf-color-secondary-contrast: #112337;--gf-color-secondary-contrast-rgb: 17, 35, 55;--gf-color-secondary-darker: #F5F5F5;--gf-color-secondary-lighter: #FFFFFF;--gf-color-out-ctrl-light: rgba(17, 35, 55, 0.1);--gf-color-out-ctrl-light-rgb: 17, 35, 55;--gf-color-out-ctrl-light-darker: rgba(104, 110, 119, 0.35);--gf-color-out-ctrl-light-lighter: #F5F5F5;--gf-color-out-ctrl-dark: #585e6a;--gf-color-out-ctrl-dark-rgb: 88, 94, 106;--gf-color-out-ctrl-dark-darker: #112337;--gf-color-out-ctrl-dark-lighter: rgba(17, 35, 55, 0.65);--gf-color-in-ctrl: #fff;--gf-color-in-ctrl-rgb: 255, 255, 255;--gf-color-in-ctrl-contrast: #112337;--gf-color-in-ctrl-contrast-rgb: 17, 35, 55;--gf-color-in-ctrl-darker: #F5F5F5;--gf-color-in-ctrl-lighter: #FFFFFF;--gf-color-in-ctrl-primary: #204ce5;--gf-color-in-ctrl-primary-rgb: 32, 76, 229;--gf-color-in-ctrl-primary-contrast: #fff;--gf-color-in-ctrl-primary-contrast-rgb: 255, 255, 255;--gf-color-in-ctrl-primary-darker: #001AB3;--gf-color-in-ctrl-primary-lighter: #527EFF;--gf-color-in-ctrl-light: rgba(17, 35, 55, 0.1);--gf-color-in-ctrl-light-rgb: 17, 35, 55;--gf-color-in-ctrl-light-darker: rgba(104, 110, 119, 0.35);--gf-color-in-ctrl-light-lighter: #F5F5F5;--gf-color-in-ctrl-dark: #585e6a;--gf-color-in-ctrl-dark-rgb: 88, 94, 106;--gf-color-in-ctrl-dark-darker: #112337;--gf-color-in-ctrl-dark-lighter: rgba(17, 35, 55, 0.65);--gf-radius: 3px;--gf-font-size-secondary: 14px;--gf-font-size-tertiary: 13px;--gf-icon-ctrl-number: url(\"data:image\/svg+xml,%3Csvg width='8' height='14' viewBox='0 0 8 14' fill='none' xmlns='http:\/\/www.w3.org\/2000\/svg'%3E%3Cpath fill-rule='evenodd' clip-rule='evenodd' d='M4 0C4.26522 5.96046e-08 4.51957 0.105357 4.70711 0.292893L7.70711 3.29289C8.09763 3.68342 8.09763 4.31658 7.70711 4.70711C7.31658 5.09763 6.68342 5.09763 6.29289 4.70711L4 2.41421L1.70711 4.70711C1.31658 5.09763 0.683417 5.09763 0.292893 4.70711C-0.0976311 4.31658 -0.097631 3.68342 0.292893 3.29289L3.29289 0.292893C3.48043 0.105357 3.73478 0 4 0ZM0.292893 9.29289C0.683417 8.90237 1.31658 8.90237 1.70711 9.29289L4 11.5858L6.29289 9.29289C6.68342 8.90237 7.31658 8.90237 7.70711 9.29289C8.09763 9.68342 8.09763 10.3166 7.70711 10.7071L4.70711 13.7071C4.31658 14.0976 3.68342 14.0976 3.29289 13.7071L0.292893 10.7071C-0.0976311 10.3166 -0.0976311 9.68342 0.292893 9.29289Z' fill='rgba(17, 35, 55, 0.65)'\/%3E%3C\/svg%3E\");--gf-icon-ctrl-select: url(\"data:image\/svg+xml,%3Csvg width='10' height='6' viewBox='0 0 10 6' fill='none' xmlns='http:\/\/www.w3.org\/2000\/svg'%3E%3Cpath fill-rule='evenodd' clip-rule='evenodd' d='M0.292893 0.292893C0.683417 -0.097631 1.31658 -0.097631 1.70711 0.292893L5 3.58579L8.29289 0.292893C8.68342 -0.0976311 9.31658 -0.0976311 9.70711 0.292893C10.0976 0.683417 10.0976 1.31658 9.70711 1.70711L5.70711 5.70711C5.31658 6.09763 4.68342 6.09763 4.29289 5.70711L0.292893 1.70711C-0.0976311 1.31658 -0.0976311 0.683418 0.292893 0.292893Z' fill='rgba(17, 35, 55, 0.65)'\/%3E%3C\/svg%3E\");--gf-icon-ctrl-search: url(\"data:image\/svg+xml,%3Csvg version='1.1' xmlns='http:\/\/www.w3.org\/2000\/svg' width='640' height='640'%3E%3Cpath d='M256 128c-70.692 0-128 57.308-128 128 0 70.691 57.308 128 128 128 70.691 0 128-57.309 128-128 0-70.692-57.309-128-128-128zM64 256c0-106.039 85.961-192 192-192s192 85.961 192 192c0 41.466-13.146 79.863-35.498 111.248l154.125 154.125c12.496 12.496 12.496 32.758 0 45.254s-32.758 12.496-45.254 0L367.248 412.502C335.862 434.854 297.467 448 256 448c-106.039 0-192-85.962-192-192z' fill='rgba(17, 35, 55, 0.65)'\/%3E%3C\/svg%3E\");--gf-label-space-y-secondary: var(--gf-label-space-y-md-secondary);--gf-ctrl-border-color: #686e77;--gf-ctrl-size: var(--gf-ctrl-size-md);--gf-ctrl-label-color-primary: #112337;--gf-ctrl-label-color-secondary: #112337;--gf-ctrl-choice-size: var(--gf-ctrl-choice-size-md);--gf-ctrl-checkbox-check-size: var(--gf-ctrl-checkbox-check-size-md);--gf-ctrl-radio-check-size: var(--gf-ctrl-radio-check-size-md);--gf-ctrl-btn-font-size: var(--gf-ctrl-btn-font-size-md);--gf-ctrl-btn-padding-x: var(--gf-ctrl-btn-padding-x-md);--gf-ctrl-btn-size: var(--gf-ctrl-btn-size-md);--gf-ctrl-btn-border-color-secondary: #686e77;--gf-ctrl-file-btn-bg-color-hover: #EBEBEB;--gf-field-img-choice-size: var(--gf-field-img-choice-size-md);--gf-field-img-choice-card-space: var(--gf-field-img-choice-card-space-md);--gf-field-img-choice-check-ind-size: var(--gf-field-img-choice-check-ind-size-md);--gf-field-img-choice-check-ind-icon-size: var(--gf-field-img-choice-check-ind-icon-size-md);--gf-field-pg-steps-number-color: rgba(17, 35, 55, 0.8);}<\/style>\n                        <div class='gform_heading'>\n                            <p class='gform_description'><\/p>\n                        <\/div><form method='post' enctype='multipart\/form-data'  id='gform_1'  action='\/es\/wp-json\/wp\/v2\/pages\/366' data-formid='1' novalidate data-trp-original-action=\"\/es\/wp-json\/wp\/v2\/pages\/366\">\n                        <div class='gform-body gform_body'><div id='gform_fields_1' class='gform_fields top_label form_sublabel_below description_below validation_below'><div id=\"field_1_1\" class=\"gfield gfield--type-text gfield--input-type-text gfield_contains_required field_sublabel_below gfield--no-description field_description_below field_validation_below gfield_visibility_visible\"  data-js-reload=\"field_1_1\" ><label class='gfield_label gform-field-label' for='input_1_1'>Su nombre<span class=\"gfield_required\"><span class=\"gfield_required gfield_required_text\">(Obligatorio)<\/span><\/span><\/label><div class='ginput_container ginput_container_text'><input name='input_1' id='input_1_1' type='text' value='' class='large'    placeholder='Su nombre o nombre de la empresa' aria-required=\"true\" aria-invalid=\"false\"   \/><\/div><\/div><div id=\"field_1_3\" class=\"gfield gfield--type-text gfield--input-type-text gfield_contains_required field_sublabel_below gfield--no-description field_description_below field_validation_below gfield_visibility_visible\"  data-js-reload=\"field_1_3\" ><label class='gfield_label gform-field-label' for='input_1_3'>Tu Tel\u00e9fono* Contactos de WhatsApp m\u00e1s r\u00e1pidos Por favor agrega el c\u00f3digo del pa\u00eds, gracias.<span class=\"gfield_required\"><span class=\"gfield_required gfield_required_text\">(Obligatorio)<\/span><\/span><\/label><div class='ginput_container ginput_container_text'><input name='input_3' id='input_1_3' type='text' value='' class='large'     aria-required=\"true\" aria-invalid=\"false\"   \/><\/div><\/div><div id=\"field_1_4\" class=\"gfield gfield--type-text gfield--input-type-text gfield_contains_required field_sublabel_below gfield--no-description field_description_below field_validation_below gfield_visibility_visible\"  data-js-reload=\"field_1_4\" ><label class='gfield_label gform-field-label' for='input_1_4'>Tu correo electr\u00f3nico<span class=\"gfield_required\"><span class=\"gfield_required gfield_required_text\">(Obligatorio)<\/span><\/span><\/label><div class='ginput_container ginput_container_text'><input name='input_4' id='input_1_4' type='text' value='' class='large'     aria-required=\"true\" aria-invalid=\"false\"   \/><\/div><\/div><div id=\"field_1_5\" class=\"gfield gfield--type-textarea gfield--input-type-textarea gfield_contains_required field_sublabel_below gfield--no-description field_description_below field_validation_below gfield_visibility_visible\"  data-js-reload=\"field_1_5\" ><label class='gfield_label gform-field-label' for='input_1_5'>Mensaje<span class=\"gfield_required\"><span class=\"gfield_required gfield_required_text\">(Obligatorio)<\/span><\/span><\/label><div class='ginput_container ginput_container_textarea'><textarea name='input_5' id='input_1_5' class='textarea small'     aria-required=\"true\" aria-invalid=\"false\"   rows='10' cols='50'><\/textarea><\/div><\/div><div id=\"field_1_6\" class=\"gfield gfield--type-fileupload gfield--input-type-fileupload field_sublabel_below gfield--no-description field_description_below hidden_label field_validation_below gfield_visibility_visible\"  data-js-reload=\"field_1_6\" ><label class='gfield_label gform-field-label' for='input_1_6'>M\u00e1s<\/label><div class='ginput_container ginput_container_fileupload'><input name='input_6' id='input_1_6' type='file' class='large' aria-describedby=\"gfield_upload_rules_1_6\" onchange='javascript:gformValidateFileSize( this, 6442450944 );'  \/><span class='gfield_description gform_fileupload_rules' id='gfield_upload_rules_1_6'>Tama\u00f1o m\u00e1ximo de archivo: 6 GB.<\/span><div class='gfield_description validation_message gfield_validation_message validation_message--hidden-on-empty' id='live_validation_message_1_6'><\/div><\/div><\/div><\/div><\/div>\n        <div class='gform-footer gform_footer top_label'> <div class=\"gf-turnstile-container\"> <div id=\"cf-turnstile-gf-1\" class=\"cf-turnstile\" data-sitekey=\"0x4AAAAAACObLoqtngh_-ady\" data-theme=\"light\" data-language=\"auto\" data-size=\"normal\" data-retry=\"auto\" data-retry-interval=\"1000\" data-refresh-expired=\"auto\" data-action=\"gravity-form-1\" data-appearance=\"always\"><\/div> <script>document.addEventListener(\"DOMContentLoaded\", function() { setTimeout(function(){ var e=document.getElementById(\"cf-turnstile-gf-1\"); e&&!e.innerHTML.trim()&&(turnstile.remove(\"#cf-turnstile-gf-1\"), turnstile.render(\"#cf-turnstile-gf-1\", {sitekey:\"0x4AAAAAACObLoqtngh_-ady\"})); }, 100); });<\/script> <br class=\"cf-turnstile-br cf-turnstile-br-gf-1\"> <style>#cf-turnstile-gf-1 { margin-left: -15px; }<\/style> <\/div> <style> .gf-turnstile-container { width: 100%; } .gform_footer.top_label { display: flex; flex-wrap: wrap; } <\/style> <script>document.addEventListener(\"DOMContentLoaded\", function() {document.addEventListener('gform\/post_render', function handlePostRender(event) {if (event.detail.formId !== 1) {return;}gform.utils.addAsyncFilter('gform\/submission\/pre_submission', async function handlePreSubmission(data) {document.addEventListener('gform\/post_render', function rerenderTurnstile(event) {if (event.detail.formId !== 1) {return;}const turnstileElement = document.getElementById('cf-turnstile-gf-1');if (turnstileElement) {turnstile.remove('#cf-turnstile-gf-1');turnstile.render('#cf-turnstile-gf-1');}document.removeEventListener('gform\/post_render', rerenderTurnstile);});gform.utils.removeFilter('gform\/submission\/pre_submission', handlePreSubmission);return data;});document.removeEventListener('gform\/post_render', handlePostRender);});});<\/script><input type='submit' id='gform_submit_button_1' class='gform_button button' onclick='gform.submission.handleButtonClick(this);' data-submission-type='submit' value='Env\u00ede su solicitud'  \/> \n            <input type='hidden' class='gform_hidden' name='gform_submission_method' data-js='gform_submission_method_1' value='postback' \/>\n            <input type='hidden' class='gform_hidden' name='gform_theme' data-js='gform_theme_1' id='gform_theme_1' value='orbital' \/>\n            <input type='hidden' class='gform_hidden' name='gform_style_settings' data-js='gform_style_settings_1' id='gform_style_settings_1' value='[]' \/>\n            <input type='hidden' class='gform_hidden' name='is_submit_1' value='1' \/>\n            <input type='hidden' class='gform_hidden' name='gform_submit' value='1' \/>\n            \n            <input type='hidden' class='gform_hidden' name='gform_unique_id' value='' \/>\n            <input type='hidden' class='gform_hidden' name='state_1' value='WyJbXSIsImI3NmNiM2U4OTBkNWI3ZDhlYjZhY2YwZjE4ODIzMWJhIl0=' \/>\n            <input type='hidden' autocomplete='off' class='gform_hidden' name='gform_target_page_number_1' id='gform_target_page_number_1' value='0' \/>\n            <input type='hidden' autocomplete='off' class='gform_hidden' name='gform_source_page_number_1' id='gform_source_page_number_1' value='1' \/>\n            <input type='hidden' name='gform_field_values' value='' \/>\n            \n        <\/div>\n                        <input type=\"hidden\" name=\"trp-form-language\" value=\"es\"\/><\/form>\n                        <\/div><script type=\"text\/javascript\">\n\/* <![CDATA[ *\/\n gform.initializeOnLoaded( function() {gformInitSpinner( 1, 'https:\/\/lydenim.com\/wp-content\/plugins\/gravityforms\/images\/spinner.svg', false );jQuery('#gform_ajax_frame_1').on('load',function(){var contents = jQuery(this).contents().find('*').html();var is_postback = contents.indexOf('GF_AJAX_POSTBACK') >= 0;if(!is_postback){return;}var form_content = jQuery(this).contents().find('#gform_wrapper_1');var is_confirmation = jQuery(this).contents().find('#gform_confirmation_wrapper_1').length > 0;var is_redirect = contents.indexOf('gformRedirect(){') >= 0;var is_form = form_content.length > 0 && ! is_redirect && ! is_confirmation;var mt = parseInt(jQuery('html').css('margin-top'), 10) + parseInt(jQuery('body').css('margin-top'), 10) + 100;if(is_form){jQuery('#gform_wrapper_1').html(form_content.html());if(form_content.hasClass('gform_validation_error')){jQuery('#gform_wrapper_1').addClass('gform_validation_error');} else {jQuery('#gform_wrapper_1').removeClass('gform_validation_error');}setTimeout( function() { \/* delay the scroll by 50 milliseconds to fix a bug in chrome *\/  }, 50 );if(window['gformInitDatepicker']) {gformInitDatepicker();}if(window['gformInitPriceFields']) {gformInitPriceFields();}var current_page = jQuery('#gform_source_page_number_1').val();gformInitSpinner( 1, 'https:\/\/lydenim.com\/wp-content\/plugins\/gravityforms\/images\/spinner.svg', false );jQuery(document).trigger('gform_page_loaded', [1, current_page]);window['gf_submitting_1'] = false;}else if(!is_redirect){var confirmation_content = jQuery(this).contents().find('.GF_AJAX_POSTBACK').html();if(!confirmation_content){confirmation_content = contents;}jQuery('#gform_wrapper_1').replaceWith(confirmation_content);jQuery(document).trigger('gform_confirmation_loaded', [1]);window['gf_submitting_1'] = false;wp.a11y.speak(jQuery('#gform_confirmation_message_1').text());}else{jQuery('#gform_1').append(contents);if(window['gformRedirect']) {gformRedirect();}}jQuery(document).trigger(\"gform_pre_post_render\", [{ formId: \"1\", currentPage: \"current_page\", abort: function() { this.preventDefault(); } }]);                if (event && event.defaultPrevented) {                return;         }        const gformWrapperDiv = document.getElementById( \"gform_wrapper_1\" );        if ( gformWrapperDiv ) {            const visibilitySpan = document.createElement( \"span\" );            visibilitySpan.id = \"gform_visibility_test_1\";            gformWrapperDiv.insertAdjacentElement( \"afterend\", visibilitySpan );        }        const visibilityTestDiv = document.getElementById( \"gform_visibility_test_1\" );        let postRenderFired = false;                function triggerPostRender() {            if ( postRenderFired ) {                return;            }            postRenderFired = true;            gform.core.triggerPostRenderEvents( 1, current_page );            if ( visibilityTestDiv ) {                visibilityTestDiv.parentNode.removeChild( visibilityTestDiv );            }        }        function debounce( func, wait, immediate ) {            var timeout;            return function() {                var context = this, args = arguments;                var later = function() {                    timeout = null;                    if ( !immediate ) func.apply( context, args );                };                var callNow = immediate && !timeout;                clearTimeout( timeout );                timeout = setTimeout( later, wait );                if ( callNow ) func.apply( context, args );            };        }        const debouncedTriggerPostRender = debounce( function() {            triggerPostRender();        }, 200 );        if ( visibilityTestDiv && visibilityTestDiv.offsetParent === null ) {            const observer = new MutationObserver( ( mutations ) => {                mutations.forEach( ( mutation ) => {                    if ( mutation.type === 'attributes' && visibilityTestDiv.offsetParent !== null ) {                        debouncedTriggerPostRender();                        observer.disconnect();                    }                });            });            observer.observe( document.body, {                attributes: true,                childList: false,                subtree: true,                attributeFilter: [ 'style', 'class' ],            });        } else {            triggerPostRender();        }    } );} ); \n\/* ]]> *\/\n<\/script>\n\n\t\t\t\t\t<\/div>\n\t\t\t\t\t\t<\/div>\n\t\t\t\t<\/div>\n\t\t\t\t\t<\/div>\n\t\t\t\t<\/div>\n\t\t\t\t<\/div>\n\t\t\t\t\t<\/div>\n\t\t\t\t\t\t\t\t<\/div>\n\t\t\t\t<\/div>\n\t\t\t\t<\/div>\n\t\t\t\t<\/div>\n\t\t\t\t\t<\/div>\n\t\t\t\t<\/div>\n\t\t<div class=\"wd-negative-gap elementor-element elementor-element-88ef831 e-flex e-con-boxed e-con e-parent\" data-id=\"88ef831\" data-element_type=\"container\" data-e-type=\"container\">\n\t\t\t\t\t<div class=\"e-con-inner\">\n\t\t\t\t<div class=\"elementor-element elementor-element-47141f5 wd-width-100 elementor-widget elementor-widget-wd_title\" data-id=\"47141f5\" data-element_type=\"widget\" data-e-type=\"widget\" data-widget_type=\"wd_title.default\">\n\t\t\t\t<div class=\"elementor-widget-container\">\n\t\t\t\t\t\t\t<div class=\"title-wrapper wd-set-mb reset-last-child wd-title-color-primary wd-title-style-simple wd-title-size-default text-center\">\n\n\t\t\t\n\t\t\t<div class=\"liner-continer\">\n\t\t\t\t<h2 class=\"woodmart-title-container title wd-fontsize-l\">Explore nuestras opciones de tejidos en stock<\/h2> \n\t\t\t\t\t\t\t<\/div>\n\n\t\t\t\t\t<\/div>\n\t\t\t\t\t\t<\/div>\n\t\t\t\t<\/div>\n\t\t<div class=\"elementor-element elementor-element-0e850e1 e-con-full e-flex e-con e-child\" data-id=\"0e850e1\" data-element_type=\"container\" data-e-type=\"container\">\n\t\t<div class=\"elementor-element elementor-element-0b04998 e-con-full e-flex e-con e-child\" data-id=\"0b04998\" data-element_type=\"container\" data-e-type=\"container\">\n\t\t\t\t<div class=\"elementor-element elementor-element-b54978f elementor-widget elementor-widget-wd_infobox\" data-id=\"b54978f\" data-element_type=\"widget\" data-e-type=\"widget\" data-widget_type=\"wd_infobox.default\">\n\t\t\t\t<div class=\"elementor-widget-container\">\n\t\t\t\t\t\t\t<div class=\"info-box-wrapper\">\n\t\t\t<div class=\"wd-info-box text-center box-icon-align-top box-style-base color-scheme-\">\n\t\t\t\t\n\t\t\t\t<div class=\"info-box-content\">\n\t\t\t\t\t\n\t\t\t\t\t\t\t\t\t\t\t<h3\t\t\t\t\t\tclass=\"info-box-title title box-title-style-default wd-fontsize-m\" data-elementor-setting-key=\"title\">\n\t\t\t\t\t\t\t\t80% de tejidos en stock.\t\t\t\t\t\t<\/h3>\n\t\t\t\t\t\n\t\t\t\t\t<div class=\"info-box-inner reset-last-child\"data-elementor-setting-key=\"content\"><p>MOQ peque\u00f1o Plazo de entrega corto<\/p>\n<\/div>\n\n\t\t\t\t\t\t\t\t\t<\/div>\n\n\t\t\t\t\t\t\t\t\t<a href=\"https:\/\/lydenim.com\/es\/servicio-para-mayoristas-de-telas\/\" class=\"wd-info-box-link wd-fill\" aria-label=\"Enlace del cuadro de informaci\u00f3n\"><\/a>\n\t\t\t\t\t\t\t<\/div>\n\t\t<\/div>\n\t\t\t\t\t\t<\/div>\n\t\t\t\t<\/div>\n\t\t\t\t<\/div>\n\t\t<div class=\"elementor-element elementor-element-634e9cc e-con-full e-flex e-con e-child\" data-id=\"634e9cc\" data-element_type=\"container\" data-e-type=\"container\">\n\t\t\t\t<div class=\"elementor-element elementor-element-79aa271 elementor-widget elementor-widget-wd_infobox\" data-id=\"79aa271\" data-element_type=\"widget\" data-e-type=\"widget\" data-widget_type=\"wd_infobox.default\">\n\t\t\t\t<div class=\"elementor-widget-container\">\n\t\t\t\t\t\t\t<div class=\"info-box-wrapper\">\n\t\t\t<div class=\"wd-info-box text-center box-icon-align-top box-style-base color-scheme-\">\n\t\t\t\t\n\t\t\t\t<div class=\"info-box-content\">\n\t\t\t\t\t\n\t\t\t\t\t\t\t\t\t\t\t<h3\t\t\t\t\t\tclass=\"info-box-title title box-title-style-default wd-fontsize-m\" data-elementor-setting-key=\"title\">\n\t\t\t\t\t\t\t\tAmplias categor\u00edas de productos\t\t\t\t\t\t<\/h3>\n\t\t\t\t\t\n\t\t\t\t\t<div class=\"info-box-inner reset-last-child\"data-elementor-setting-key=\"content\"><p>4-14oz De lo b\u00e1sico a lo exuberante Innovador<\/p>\n<\/div>\n\n\t\t\t\t\t\t\t\t\t<\/div>\n\n\t\t\t\t\t\t\t\t\t<a href=\"https:\/\/lydenim.com\/es\/shop\/\" class=\"wd-info-box-link wd-fill\" aria-label=\"Enlace del cuadro de informaci\u00f3n\"><\/a>\n\t\t\t\t\t\t\t<\/div>\n\t\t<\/div>\n\t\t\t\t\t\t<\/div>\n\t\t\t\t<\/div>\n\t\t\t\t<\/div>\n\t\t<div class=\"elementor-element elementor-element-922ed5f e-con-full e-flex e-con e-child\" data-id=\"922ed5f\" data-element_type=\"container\" data-e-type=\"container\">\n\t\t\t\t<div class=\"elementor-element elementor-element-af9dabe elementor-widget elementor-widget-wd_infobox\" data-id=\"af9dabe\" data-element_type=\"widget\" data-e-type=\"widget\" data-widget_type=\"wd_infobox.default\">\n\t\t\t\t<div class=\"elementor-widget-container\">\n\t\t\t\t\t\t\t<div class=\"info-box-wrapper\">\n\t\t\t<div class=\"wd-info-box text-center box-icon-align-top box-style-base color-scheme-\">\n\t\t\t\t\n\t\t\t\t<div class=\"info-box-content\">\n\t\t\t\t\t\n\t\t\t\t\t\t\t\t\t\t\t<h3\t\t\t\t\t\tclass=\"info-box-title title box-title-style-default wd-fontsize-m\" data-elementor-setting-key=\"title\">\n\t\t\t\t\t\t\t\tCalidad prioritaria\t\t\t\t\t\t<\/h3>\n\t\t\t\t\t\n\t\t\t\t\t<div class=\"info-box-inner reset-last-child\"data-elementor-setting-key=\"content\"><p>5 etapas de control de calidad garantizan una calidad superior constante<\/p>\n<\/div>\n\n\t\t\t\t\t\t\t\t\t<\/div>\n\n\t\t\t\t\t\t\t\t\t<a href=\"https:\/\/lydenim.com\/es\/calidad\/\" class=\"wd-info-box-link wd-fill\" aria-label=\"Enlace del cuadro de informaci\u00f3n\"><\/a>\n\t\t\t\t\t\t\t<\/div>\n\t\t<\/div>\n\t\t\t\t\t\t<\/div>\n\t\t\t\t<\/div>\n\t\t\t\t<\/div>\n\t\t\t\t<\/div>\n\t\t\t\t\t<\/div>\n\t\t\t\t<\/div>\n\t\t<div class=\"wd-negative-gap elementor-element elementor-element-8d7d6c9 wd-section-stretch-content e-flex e-con-boxed e-con e-parent\" data-id=\"8d7d6c9\" data-element_type=\"container\" data-e-type=\"container\">\n\t\t\t\t\t<div class=\"e-con-inner\">\n\t\t<div class=\"elementor-element elementor-element-1b1ce55 wd-section-stretch-content e-con-full e-flex e-con e-child\" data-id=\"1b1ce55\" data-element_type=\"container\" data-e-type=\"container\">\n\t\t<div class=\"elementor-element elementor-element-e446db8 e-con-full e-flex e-con e-child\" data-id=\"e446db8\" data-element_type=\"container\" data-e-type=\"container\">\n\t\t\t\t<div class=\"elementor-element elementor-element-3df4b78 elementor-flip-box--effect-zoom-in elementor-widget elementor-widget-flip-box\" data-id=\"3df4b78\" data-element_type=\"widget\" data-e-type=\"widget\" data-widget_type=\"flip-box.default\">\n\t\t\t\t<div class=\"elementor-widget-container\">\n\t\t\t\t\t\t\t<div class=\"elementor-flip-box\" tabindex=\"0\">\n\t\t\t<div class=\"elementor-flip-box__layer elementor-flip-box__front\">\n\t\t\t\t<div class=\"elementor-flip-box__layer__overlay\">\n\t\t\t\t\t<div class=\"elementor-flip-box__layer__inner\">\n\t\t\t\t\t\t\n\t\t\t\t\t\t\n\t\t\t\t\t\t\t\t\t\t\t<\/div>\n\t\t\t\t<\/div>\n\t\t\t<\/div>\n\t\t\t<div class=\"elementor-flip-box__layer elementor-flip-box__back\">\n\t\t\t<div class=\"elementor-flip-box__layer__overlay\">\n\t\t\t\t<div class=\"elementor-flip-box__layer__inner\">\n\t\t\t\t\t\t\t\t\t\t\t<h3 class=\"elementor-flip-box__layer__title\">\n\t\t\t\t\t\t\tVaqueros para mujer\t\t\t\t\t\t<\/h3>\n\t\t\t\t\t\n\t\t\t\t\t\t\t\t\t\t\t<div class=\"elementor-flip-box__layer__description\">\n\t\t\t\t\t\t\tAlta elasticidad \/ Acogedor El\u00e1stico medio \/ Sat\u00e9n\t\t\t\t\t\t<\/div>\n\t\t\t\t\t\n\t\t\t\t\t\t\t\t\t\t\t<a class=\"elementor-flip-box__button elementor-button elementor-size-sm\" href=\"https:\/\/lydenim.com\/es\/product-category\/high-stretch-denim-fabric\/\">\n\t\t\t\t\t\t\tVer todo \t\t\t\t\t\t<\/a>\n\t\t\t\t\t\t\t\t<\/div>\n\t\t<\/div>\n\t\t<\/div>\n\t\t<\/div>\n\t\t\t\t\t\t<\/div>\n\t\t\t\t<\/div>\n\t\t\t\t<\/div>\n\t\t<div class=\"elementor-element elementor-element-9edfd88 e-con-full e-flex e-con e-child\" data-id=\"9edfd88\" data-element_type=\"container\" data-e-type=\"container\">\n\t\t\t\t<div class=\"elementor-element elementor-element-0e43c55 elementor-flip-box--effect-zoom-in elementor-widget elementor-widget-flip-box\" data-id=\"0e43c55\" data-element_type=\"widget\" data-e-type=\"widget\" data-widget_type=\"flip-box.default\">\n\t\t\t\t<div class=\"elementor-widget-container\">\n\t\t\t\t\t\t\t<div class=\"elementor-flip-box\" tabindex=\"0\">\n\t\t\t<div class=\"elementor-flip-box__layer elementor-flip-box__front\">\n\t\t\t\t<div class=\"elementor-flip-box__layer__overlay\">\n\t\t\t\t\t<div class=\"elementor-flip-box__layer__inner\">\n\t\t\t\t\t\t\n\t\t\t\t\t\t\n\t\t\t\t\t\t\t\t\t\t\t<\/div>\n\t\t\t\t<\/div>\n\t\t\t<\/div>\n\t\t\t<div class=\"elementor-flip-box__layer elementor-flip-box__back\">\n\t\t\t<div class=\"elementor-flip-box__layer__overlay\">\n\t\t\t\t<div class=\"elementor-flip-box__layer__inner\">\n\t\t\t\t\t\t\t\t\t\t\t<h3 class=\"elementor-flip-box__layer__title\">\n\t\t\t\t\t\t\tVaqueros de caballero\t\t\t\t\t\t<\/h3>\n\t\t\t\t\t\n\t\t\t\t\t\t\t\t\t\t\t<div class=\"elementor-flip-box__layer__description\">\n\t\t\t\t\t\t\tDenim de punto falso \/ Dobby y doble capa \/ Sarga cl\u00e1sica \/ Slub cl\u00e1sico y Slub con trama cruzada\t\t\t\t\t\t<\/div>\n\t\t\t\t\t\n\t\t\t\t\t\t\t\t\t\t\t<a class=\"elementor-flip-box__button elementor-button elementor-size-sm\" href=\"https:\/\/lydenim.com\/es\/product-category\/non-elastic\/\">\n\t\t\t\t\t\t\tVer todo \t\t\t\t\t\t<\/a>\n\t\t\t\t\t\t\t\t<\/div>\n\t\t<\/div>\n\t\t<\/div>\n\t\t<\/div>\n\t\t\t\t\t\t<\/div>\n\t\t\t\t<\/div>\n\t\t\t\t<\/div>\n\t\t<div class=\"elementor-element elementor-element-e358e8e e-con-full e-flex e-con e-child\" data-id=\"e358e8e\" data-element_type=\"container\" data-e-type=\"container\">\n\t\t\t\t<div class=\"elementor-element elementor-element-adb7028 elementor-flip-box--effect-zoom-in elementor-widget elementor-widget-flip-box\" data-id=\"adb7028\" data-element_type=\"widget\" data-e-type=\"widget\" data-widget_type=\"flip-box.default\">\n\t\t\t\t<div class=\"elementor-widget-container\">\n\t\t\t\t\t\t\t<div class=\"elementor-flip-box\" tabindex=\"0\">\n\t\t\t<div class=\"elementor-flip-box__layer elementor-flip-box__front\">\n\t\t\t\t<div class=\"elementor-flip-box__layer__overlay\">\n\t\t\t\t\t<div class=\"elementor-flip-box__layer__inner\">\n\t\t\t\t\t\t\n\t\t\t\t\t\t\n\t\t\t\t\t\t\t\t\t\t\t<\/div>\n\t\t\t\t<\/div>\n\t\t\t<\/div>\n\t\t\t<div class=\"elementor-flip-box__layer elementor-flip-box__back\">\n\t\t\t<div class=\"elementor-flip-box__layer__overlay\">\n\t\t\t\t<div class=\"elementor-flip-box__layer__inner\">\n\t\t\t\t\t\t\t\t\t\t\t<h3 class=\"elementor-flip-box__layer__title\">\n\t\t\t\t\t\t\tTejidos no el\u00e1sticos\t\t\t\t\t\t<\/h3>\n\t\t\t\t\t\n\t\t\t\t\t\t\t\t\t\t\t<div class=\"elementor-flip-box__layer__description\">\n\t\t\t\t\t\t\tTela vaquera ligera \/ Tela vaquera pesada\t\t\t\t\t\t<\/div>\n\t\t\t\t\t\n\t\t\t\t\t\t\t\t\t\t\t<a class=\"elementor-flip-box__button elementor-button elementor-size-sm\" href=\"https:\/\/lydenim.com\/es\/product-category\/non-elastic\/\">\n\t\t\t\t\t\t\tVer todo \t\t\t\t\t\t<\/a>\n\t\t\t\t\t\t\t\t<\/div>\n\t\t<\/div>\n\t\t<\/div>\n\t\t<\/div>\n\t\t\t\t\t\t<\/div>\n\t\t\t\t<\/div>\n\t\t\t\t<\/div>\n\t\t\t\t<\/div>\n\t\t<div class=\"elementor-element elementor-element-f09b40e wd-section-stretch-content e-con-full e-flex e-con e-child\" data-id=\"f09b40e\" data-element_type=\"container\" data-e-type=\"container\">\n\t\t<div class=\"elementor-element elementor-element-66480d4 e-con-full e-flex e-con e-child\" data-id=\"66480d4\" data-element_type=\"container\" data-e-type=\"container\">\n\t\t\t\t<div class=\"elementor-element elementor-element-e558b80 elementor-flip-box--effect-zoom-in elementor-widget elementor-widget-flip-box\" data-id=\"e558b80\" data-element_type=\"widget\" data-e-type=\"widget\" data-widget_type=\"flip-box.default\">\n\t\t\t\t<div class=\"elementor-widget-container\">\n\t\t\t\t\t\t\t<div class=\"elementor-flip-box\" tabindex=\"0\">\n\t\t\t<div class=\"elementor-flip-box__layer elementor-flip-box__front\">\n\t\t\t\t<div class=\"elementor-flip-box__layer__overlay\">\n\t\t\t\t\t<div class=\"elementor-flip-box__layer__inner\">\n\t\t\t\t\t\t\n\t\t\t\t\t\t\n\t\t\t\t\t\t\t\t\t\t\t<\/div>\n\t\t\t\t<\/div>\n\t\t\t<\/div>\n\t\t\t<div class=\"elementor-flip-box__layer elementor-flip-box__back\">\n\t\t\t<div class=\"elementor-flip-box__layer__overlay\">\n\t\t\t\t<div class=\"elementor-flip-box__layer__inner\">\n\t\t\t\t\t\t\t\t\t\t\t<h3 class=\"elementor-flip-box__layer__title\">\n\t\t\t\t\t\t\tSostenibilidad e innovaci\u00f3n\t\t\t\t\t\t<\/h3>\n\t\t\t\t\t\n\t\t\t\t\t\t\t\t\t\t\t<div class=\"elementor-flip-box__layer__description\">\n\t\t\t\t\t\t\tLujoso y funcional \/ Sustentable y ecol\u00f3gico\t\t\t\t\t\t<\/div>\n\t\t\t\t\t\n\t\t\t\t\t\t\t\t\t\t\t<a class=\"elementor-flip-box__button elementor-button elementor-size-sm\" href=\"https:\/\/lydenim.com\/es\/product-category\/spuer-siro\/\">\n\t\t\t\t\t\t\tVer todo \t\t\t\t\t\t<\/a>\n\t\t\t\t\t\t\t\t<\/div>\n\t\t<\/div>\n\t\t<\/div>\n\t\t<\/div>\n\t\t\t\t\t\t<\/div>\n\t\t\t\t<\/div>\n\t\t\t\t<\/div>\n\t\t<div class=\"elementor-element elementor-element-9e51f0b e-con-full e-flex e-con e-child\" data-id=\"9e51f0b\" data-element_type=\"container\" data-e-type=\"container\">\n\t\t\t\t<div class=\"elementor-element elementor-element-fc3db38 elementor-flip-box--effect-zoom-in elementor-widget elementor-widget-flip-box\" data-id=\"fc3db38\" data-element_type=\"widget\" data-e-type=\"widget\" data-widget_type=\"flip-box.default\">\n\t\t\t\t<div class=\"elementor-widget-container\">\n\t\t\t\t\t\t\t<div class=\"elementor-flip-box\" tabindex=\"0\">\n\t\t\t<div class=\"elementor-flip-box__layer elementor-flip-box__front\">\n\t\t\t\t<div class=\"elementor-flip-box__layer__overlay\">\n\t\t\t\t\t<div class=\"elementor-flip-box__layer__inner\">\n\t\t\t\t\t\t\n\t\t\t\t\t\t\n\t\t\t\t\t\t\t\t\t\t\t<\/div>\n\t\t\t\t<\/div>\n\t\t\t<\/div>\n\t\t\t<div class=\"elementor-flip-box__layer elementor-flip-box__back\">\n\t\t\t<div class=\"elementor-flip-box__layer__overlay\">\n\t\t\t\t<div class=\"elementor-flip-box__layer__inner\">\n\t\t\t\t\t\t\t\t\t\t\t<h3 class=\"elementor-flip-box__layer__title\">\n\t\t\t\t\t\t\tColecci\u00f3n Est\u00e9tica\t\t\t\t\t\t<\/h3>\n\t\t\t\t\t\n\t\t\t\t\t\t\t\t\t\t\t<div class=\"elementor-flip-box__layer__description\">\n\t\t\t\t\t\t\tDenim estampado \/ Estampados exuberantes (que aparecen despu\u00e9s del lavado) \/ Jacquard\t\t\t\t\t\t<\/div>\n\t\t\t\t\t\n\t\t\t\t\t\t\t\t\t\t\t<a class=\"elementor-flip-box__button elementor-button elementor-size-sm\" href=\"https:\/\/lydenim.com\/es\/product-category\/aesthetic-collection\/\">\n\t\t\t\t\t\t\tVer todo \t\t\t\t\t\t<\/a>\n\t\t\t\t\t\t\t\t<\/div>\n\t\t<\/div>\n\t\t<\/div>\n\t\t<\/div>\n\t\t\t\t\t\t<\/div>\n\t\t\t\t<\/div>\n\t\t\t\t<\/div>\n\t\t<div class=\"elementor-element elementor-element-9d0dc9f e-con-full e-flex e-con e-child\" data-id=\"9d0dc9f\" data-element_type=\"container\" data-e-type=\"container\">\n\t\t\t\t<div class=\"elementor-element elementor-element-f941173 elementor-flip-box--effect-zoom-in elementor-widget elementor-widget-flip-box\" data-id=\"f941173\" data-element_type=\"widget\" data-e-type=\"widget\" data-widget_type=\"flip-box.default\">\n\t\t\t\t<div class=\"elementor-widget-container\">\n\t\t\t\t\t\t\t<div class=\"elementor-flip-box\" tabindex=\"0\">\n\t\t\t<div class=\"elementor-flip-box__layer elementor-flip-box__front\">\n\t\t\t\t<div class=\"elementor-flip-box__layer__overlay\">\n\t\t\t\t\t<div class=\"elementor-flip-box__layer__inner\">\n\t\t\t\t\t\t\n\t\t\t\t\t\t\n\t\t\t\t\t\t\t\t\t\t\t<\/div>\n\t\t\t\t<\/div>\n\t\t\t<\/div>\n\t\t\t<div class=\"elementor-flip-box__layer elementor-flip-box__back\">\n\t\t\t<div class=\"elementor-flip-box__layer__overlay\">\n\t\t\t\t<div class=\"elementor-flip-box__layer__inner\">\n\t\t\t\t\t\t\t\t\t\t\t<h3 class=\"elementor-flip-box__layer__title\">\n\t\t\t\t\t\t\tTejido de algod\u00f3n\t\t\t\t\t\t<\/h3>\n\t\t\t\t\t\n\t\t\t\t\t\n\t\t\t\t\t\t\t\t\t\t\t<a class=\"elementor-flip-box__button elementor-button elementor-size-sm\" href=\"https:\/\/lydenim.com\/es\/productos\/\">\n\t\t\t\t\t\t\tVer todo \t\t\t\t\t\t<\/a>\n\t\t\t\t\t\t\t\t<\/div>\n\t\t<\/div>\n\t\t<\/div>\n\t\t<\/div>\n\t\t\t\t\t\t<\/div>\n\t\t\t\t<\/div>\n\t\t\t\t<\/div>\n\t\t\t\t<\/div>\n\t\t\t\t\t<\/div>\n\t\t\t\t<\/div>\n\t\t<div class=\"wd-negative-gap elementor-element elementor-element-0ce44c9 wd-section-stretch e-flex e-con-boxed e-con e-parent\" data-id=\"0ce44c9\" data-element_type=\"container\" data-e-type=\"container\" data-settings=\"{&quot;background_background&quot;:&quot;classic&quot;}\">\n\t\t\t\t\t<div class=\"e-con-inner\">\n\t\t\t\t<div class=\"elementor-element elementor-element-75b2239 wd-width-100 elementor-widget elementor-widget-wd_title\" data-id=\"75b2239\" data-element_type=\"widget\" data-e-type=\"widget\" data-widget_type=\"wd_title.default\">\n\t\t\t\t<div class=\"elementor-widget-container\">\n\t\t\t\t\t\t\t<div class=\"title-wrapper wd-set-mb reset-last-child wd-title-color-primary wd-title-style-simple wd-title-size-default text-center\">\n\n\t\t\t\n\t\t\t<div class=\"liner-continer\">\n\t\t\t\t<h2 class=\"woodmart-title-container title wd-fontsize-l\">A medida De la idea a la tela, \u00fanicos y competitivos<\/h2> \n\t\t\t\t\t\t\t<\/div>\n\n\t\t\t\t\t\t\t<div class=\"title-after_title reset-last-child wd-fontsize-xs\">\n\t\t\t\t\t<p>Con nuestra completa gama de opciones de personalizaci\u00f3n a su disposici\u00f3n, le ayudamos a fabricar un tejido vaquero \u00fanico que satisfaga las sofisticadas demandas de su mercado.<\/p>\t\t\t\t<\/div>\n\t\t\t\t\t<\/div>\n\t\t\t\t\t\t<\/div>\n\t\t\t\t<\/div>\n\t\t<div class=\"elementor-element elementor-element-c607471 e-grid e-con-full e-con e-child\" data-id=\"c607471\" data-element_type=\"container\" data-e-type=\"container\">\n\t\t<div class=\"elementor-element elementor-element-4c49d20 e-con-full e-flex e-con e-child\" data-id=\"4c49d20\" data-element_type=\"container\" data-e-type=\"container\">\n\t\t\t\t<div class=\"elementor-element elementor-element-000a92f elementor-widget elementor-widget-wd_infobox\" data-id=\"000a92f\" data-element_type=\"widget\" data-e-type=\"widget\" data-widget_type=\"wd_infobox.default\">\n\t\t\t\t<div class=\"elementor-widget-container\">\n\t\t\t\t\t\t\t<div class=\"info-box-wrapper\">\n\t\t\t<div class=\"wd-info-box text-center box-icon-align-top box-style-base color-scheme-\">\n\t\t\t\t\t\t\t\t\t<div class=\"box-icon-wrapper  box-with-icon box-icon-simple\">\n\t\t\t\t\t\t<div class=\"info-box-icon\">\n\t\t\t\t\t\t\t\t\t\t\t\t\t\t\t<div class=\"info-svg-wrapper\" style=\"width:60px; height:60px;\"><img decoding=\"async\"  src=\"https:\/\/lydenim.com\/wp-content\/uploads\/2024\/12\/1.svg\" title=\"1\" loading=\"lazy\" width=\"60\" height=\"60\"><\/div>\t\t\t\t\t\t\t\t\t\t\t\t\t<\/div>\n\t\t\t\t\t<\/div>\n\t\t\t\t\n\t\t\t\t<div class=\"info-box-content\">\n\t\t\t\t\t\n\t\t\t\t\t\t\t\t\t\t\t<h4\t\t\t\t\t\tclass=\"info-box-title title box-title-style-default wd-fontsize-m\" data-elementor-setting-key=\"title\">\n\t\t\t\t\t\t\t\tColor\t\t\t\t\t\t<\/h4>\n\t\t\t\t\t\n\t\t\t\t\t<div class=\"info-box-inner reset-last-child\"data-elementor-setting-key=\"content\"><\/div>\n\n\t\t\t\t\t\t\t\t\t<\/div>\n\n\t\t\t\t\t\t\t<\/div>\n\t\t<\/div>\n\t\t\t\t\t\t<\/div>\n\t\t\t\t<\/div>\n\t\t\t\t<\/div>\n\t\t<div class=\"elementor-element elementor-element-de33f84 e-con-full e-flex e-con e-child\" data-id=\"de33f84\" data-element_type=\"container\" data-e-type=\"container\">\n\t\t\t\t<div class=\"elementor-element elementor-element-256b64c elementor-widget elementor-widget-wd_infobox\" data-id=\"256b64c\" data-element_type=\"widget\" data-e-type=\"widget\" data-widget_type=\"wd_infobox.default\">\n\t\t\t\t<div class=\"elementor-widget-container\">\n\t\t\t\t\t\t\t<div class=\"info-box-wrapper\">\n\t\t\t<div class=\"wd-info-box text-center box-icon-align-top box-style-base color-scheme-\">\n\t\t\t\t\t\t\t\t\t<div class=\"box-icon-wrapper  box-with-icon box-icon-simple\">\n\t\t\t\t\t\t<div class=\"info-box-icon\">\n\t\t\t\t\t\t\t\t\t\t\t\t\t\t\t<div class=\"info-svg-wrapper\" style=\"width:60px; height:60px;\"><img decoding=\"async\"  alt=\"Estilo Slub\" src=\"https:\/\/lydenim.com\/wp-content\/uploads\/2024\/12\/2.svg\" title=\"Estilo Slub\" loading=\"lazy\" width=\"60\" height=\"60\"><\/div>\t\t\t\t\t\t\t\t\t\t\t\t\t<\/div>\n\t\t\t\t\t<\/div>\n\t\t\t\t\n\t\t\t\t<div class=\"info-box-content\">\n\t\t\t\t\t\n\t\t\t\t\t\t\t\t\t\t\t<h4\t\t\t\t\t\tclass=\"info-box-title title box-title-style-default wd-fontsize-m\" data-elementor-setting-key=\"title\">\n\t\t\t\t\t\t\t\tEstilo Slub\t\t\t\t\t\t<\/h4>\n\t\t\t\t\t\n\t\t\t\t\t<div class=\"info-box-inner reset-last-child\"data-elementor-setting-key=\"content\"><\/div>\n\n\t\t\t\t\t\t\t\t\t<\/div>\n\n\t\t\t\t\t\t\t<\/div>\n\t\t<\/div>\n\t\t\t\t\t\t<\/div>\n\t\t\t\t<\/div>\n\t\t\t\t<\/div>\n\t\t<div class=\"elementor-element elementor-element-3275857 e-con-full e-flex e-con e-child\" data-id=\"3275857\" data-element_type=\"container\" data-e-type=\"container\">\n\t\t\t\t<div class=\"elementor-element elementor-element-acd2323 elementor-widget elementor-widget-wd_infobox\" data-id=\"acd2323\" data-element_type=\"widget\" data-e-type=\"widget\" data-widget_type=\"wd_infobox.default\">\n\t\t\t\t<div class=\"elementor-widget-container\">\n\t\t\t\t\t\t\t<div class=\"info-box-wrapper\">\n\t\t\t<div class=\"wd-info-box text-center box-icon-align-top box-style-base color-scheme-\">\n\t\t\t\t\t\t\t\t\t<div class=\"box-icon-wrapper  box-with-icon box-icon-simple\">\n\t\t\t\t\t\t<div class=\"info-box-icon\">\n\t\t\t\t\t\t\t\t\t\t\t\t\t\t\t<div class=\"info-svg-wrapper\" style=\"width:60px; height:60px;\"><img decoding=\"async\"  alt=\"Textura\" src=\"https:\/\/lydenim.com\/wp-content\/uploads\/2024\/12\/3.svg\" title=\"Textura\" loading=\"lazy\" width=\"60\" height=\"60\"><\/div>\t\t\t\t\t\t\t\t\t\t\t\t\t<\/div>\n\t\t\t\t\t<\/div>\n\t\t\t\t\n\t\t\t\t<div class=\"info-box-content\">\n\t\t\t\t\t\n\t\t\t\t\t\t\t\t\t\t\t<h4\t\t\t\t\t\tclass=\"info-box-title title box-title-style-default wd-fontsize-m\" data-elementor-setting-key=\"title\">\n\t\t\t\t\t\t\t\tTextura\t\t\t\t\t\t<\/h4>\n\t\t\t\t\t\n\t\t\t\t\t<div class=\"info-box-inner reset-last-child\"data-elementor-setting-key=\"content\"><\/div>\n\n\t\t\t\t\t\t\t\t\t<\/div>\n\n\t\t\t\t\t\t\t<\/div>\n\t\t<\/div>\n\t\t\t\t\t\t<\/div>\n\t\t\t\t<\/div>\n\t\t\t\t<\/div>\n\t\t<div class=\"elementor-element elementor-element-48fb9f2 e-con-full e-flex e-con e-child\" data-id=\"48fb9f2\" data-element_type=\"container\" data-e-type=\"container\">\n\t\t\t\t<div class=\"elementor-element elementor-element-b6e46a2 elementor-widget elementor-widget-wd_infobox\" data-id=\"b6e46a2\" data-element_type=\"widget\" data-e-type=\"widget\" data-widget_type=\"wd_infobox.default\">\n\t\t\t\t<div class=\"elementor-widget-container\">\n\t\t\t\t\t\t\t<div class=\"info-box-wrapper\">\n\t\t\t<div class=\"wd-info-box text-center box-icon-align-top box-style-base color-scheme-\">\n\t\t\t\t\t\t\t\t\t<div class=\"box-icon-wrapper  box-with-icon box-icon-simple\">\n\t\t\t\t\t\t<div class=\"info-box-icon\">\n\t\t\t\t\t\t\t\t\t\t\t\t\t\t\t<div class=\"info-svg-wrapper\" style=\"width:60px; height:60px;\"><img decoding=\"async\"  alt=\"Tocar Sentir\" src=\"https:\/\/lydenim.com\/wp-content\/uploads\/2024\/12\/4.svg\" title=\"Tocar Sentir\" loading=\"lazy\" width=\"60\" height=\"60\"><\/div>\t\t\t\t\t\t\t\t\t\t\t\t\t<\/div>\n\t\t\t\t\t<\/div>\n\t\t\t\t\n\t\t\t\t<div class=\"info-box-content\">\n\t\t\t\t\t\n\t\t\t\t\t\t\t\t\t\t\t<h4\t\t\t\t\t\tclass=\"info-box-title title box-title-style-default wd-fontsize-m\" data-elementor-setting-key=\"title\">\n\t\t\t\t\t\t\t\tTocar Sentir\t\t\t\t\t\t<\/h4>\n\t\t\t\t\t\n\t\t\t\t\t<div class=\"info-box-inner reset-last-child\"data-elementor-setting-key=\"content\"><\/div>\n\n\t\t\t\t\t\t\t\t\t<\/div>\n\n\t\t\t\t\t\t\t<\/div>\n\t\t<\/div>\n\t\t\t\t\t\t<\/div>\n\t\t\t\t<\/div>\n\t\t\t\t<\/div>\n\t\t<div class=\"elementor-element elementor-element-61186bd e-con-full e-flex e-con e-child\" data-id=\"61186bd\" data-element_type=\"container\" data-e-type=\"container\">\n\t\t\t\t<div class=\"elementor-element elementor-element-940c31d elementor-widget elementor-widget-wd_infobox\" data-id=\"940c31d\" data-element_type=\"widget\" data-e-type=\"widget\" data-widget_type=\"wd_infobox.default\">\n\t\t\t\t<div class=\"elementor-widget-container\">\n\t\t\t\t\t\t\t<div class=\"info-box-wrapper\">\n\t\t\t<div class=\"wd-info-box text-center box-icon-align-top box-style-base color-scheme-\">\n\t\t\t\t\t\t\t\t\t<div class=\"box-icon-wrapper  box-with-icon box-icon-simple\">\n\t\t\t\t\t\t<div class=\"info-box-icon\">\n\t\t\t\t\t\t\t\t\t\t\t\t\t\t\t<div class=\"info-svg-wrapper\" style=\"width:60px; height:60px;\"><img decoding=\"async\"  alt=\"Anchura\" src=\"https:\/\/lydenim.com\/wp-content\/uploads\/2024\/12\/5.svg\" title=\"Anchura\" loading=\"lazy\" width=\"60\" height=\"60\"><\/div>\t\t\t\t\t\t\t\t\t\t\t\t\t<\/div>\n\t\t\t\t\t<\/div>\n\t\t\t\t\n\t\t\t\t<div class=\"info-box-content\">\n\t\t\t\t\t\n\t\t\t\t\t\t\t\t\t\t\t<h4\t\t\t\t\t\tclass=\"info-box-title title box-title-style-default wd-fontsize-m\" data-elementor-setting-key=\"title\">\n\t\t\t\t\t\t\t\tAnchura\t\t\t\t\t\t<\/h4>\n\t\t\t\t\t\n\t\t\t\t\t<div class=\"info-box-inner reset-last-child\"data-elementor-setting-key=\"content\"><\/div>\n\n\t\t\t\t\t\t\t\t\t<\/div>\n\n\t\t\t\t\t\t\t<\/div>\n\t\t<\/div>\n\t\t\t\t\t\t<\/div>\n\t\t\t\t<\/div>\n\t\t\t\t<\/div>\n\t\t<div class=\"elementor-element elementor-element-eff4e30 e-con-full e-flex e-con e-child\" data-id=\"eff4e30\" data-element_type=\"container\" data-e-type=\"container\">\n\t\t\t\t<div class=\"elementor-element elementor-element-10bc9b1 elementor-widget elementor-widget-wd_infobox\" data-id=\"10bc9b1\" data-element_type=\"widget\" data-e-type=\"widget\" data-widget_type=\"wd_infobox.default\">\n\t\t\t\t<div class=\"elementor-widget-container\">\n\t\t\t\t\t\t\t<div class=\"info-box-wrapper\">\n\t\t\t<div class=\"wd-info-box text-center box-icon-align-top box-style-base color-scheme-\">\n\t\t\t\t\t\t\t\t\t<div class=\"box-icon-wrapper  box-with-icon box-icon-simple\">\n\t\t\t\t\t\t<div class=\"info-box-icon\">\n\t\t\t\t\t\t\t\t\t\t\t\t\t\t\t<div class=\"info-svg-wrapper\" style=\"width:60px; height:60px;\"><img decoding=\"async\"  alt=\"Peso\" src=\"https:\/\/lydenim.com\/wp-content\/uploads\/2024\/12\/6.svg\" title=\"Peso\" loading=\"lazy\" width=\"60\" height=\"60\"><\/div>\t\t\t\t\t\t\t\t\t\t\t\t\t<\/div>\n\t\t\t\t\t<\/div>\n\t\t\t\t\n\t\t\t\t<div class=\"info-box-content\">\n\t\t\t\t\t\n\t\t\t\t\t\t\t\t\t\t\t<h4\t\t\t\t\t\tclass=\"info-box-title title box-title-style-default wd-fontsize-m\" data-elementor-setting-key=\"title\">\n\t\t\t\t\t\t\t\tPeso\t\t\t\t\t\t<\/h4>\n\t\t\t\t\t\n\t\t\t\t\t<div class=\"info-box-inner reset-last-child\"data-elementor-setting-key=\"content\"><\/div>\n\n\t\t\t\t\t\t\t\t\t<\/div>\n\n\t\t\t\t\t\t\t<\/div>\n\t\t<\/div>\n\t\t\t\t\t\t<\/div>\n\t\t\t\t<\/div>\n\t\t\t\t<\/div>\n\t\t<div class=\"elementor-element elementor-element-ef8ecea e-con-full e-flex e-con e-child\" data-id=\"ef8ecea\" data-element_type=\"container\" data-e-type=\"container\">\n\t\t\t\t<div class=\"elementor-element elementor-element-68ba019 elementor-widget elementor-widget-wd_infobox\" data-id=\"68ba019\" data-element_type=\"widget\" data-e-type=\"widget\" data-widget_type=\"wd_infobox.default\">\n\t\t\t\t<div class=\"elementor-widget-container\">\n\t\t\t\t\t\t\t<div class=\"info-box-wrapper\">\n\t\t\t<div class=\"wd-info-box text-center box-icon-align-top box-style-base color-scheme-\">\n\t\t\t\t\t\t\t\t\t<div class=\"box-icon-wrapper  box-with-icon box-icon-simple\">\n\t\t\t\t\t\t<div class=\"info-box-icon\">\n\t\t\t\t\t\t\t\t\t\t\t\t\t\t\t<div class=\"info-svg-wrapper\" style=\"width:60px; height:60px;\"><img decoding=\"async\"  alt=\"Elasticidad\" src=\"https:\/\/lydenim.com\/wp-content\/uploads\/2024\/12\/7.svg\" title=\"Elasticidad\" loading=\"lazy\" width=\"60\" height=\"60\"><\/div>\t\t\t\t\t\t\t\t\t\t\t\t\t<\/div>\n\t\t\t\t\t<\/div>\n\t\t\t\t\n\t\t\t\t<div class=\"info-box-content\">\n\t\t\t\t\t\n\t\t\t\t\t\t\t\t\t\t\t<h4\t\t\t\t\t\tclass=\"info-box-title title box-title-style-default wd-fontsize-m\" data-elementor-setting-key=\"title\">\n\t\t\t\t\t\t\t\tElasticidad\t\t\t\t\t\t<\/h4>\n\t\t\t\t\t\n\t\t\t\t\t<div class=\"info-box-inner reset-last-child\"data-elementor-setting-key=\"content\"><\/div>\n\n\t\t\t\t\t\t\t\t\t<\/div>\n\n\t\t\t\t\t\t\t<\/div>\n\t\t<\/div>\n\t\t\t\t\t\t<\/div>\n\t\t\t\t<\/div>\n\t\t\t\t<\/div>\n\t\t<div class=\"elementor-element elementor-element-614f93d e-con-full e-flex e-con e-child\" data-id=\"614f93d\" data-element_type=\"container\" data-e-type=\"container\">\n\t\t\t\t<div class=\"elementor-element elementor-element-4c372b6 elementor-widget elementor-widget-wd_infobox\" data-id=\"4c372b6\" data-element_type=\"widget\" data-e-type=\"widget\" data-widget_type=\"wd_infobox.default\">\n\t\t\t\t<div class=\"elementor-widget-container\">\n\t\t\t\t\t\t\t<div class=\"info-box-wrapper\">\n\t\t\t<div class=\"wd-info-box text-center box-icon-align-top box-style-base color-scheme-\">\n\t\t\t\t\t\t\t\t\t<div class=\"box-icon-wrapper  box-with-icon box-icon-simple\">\n\t\t\t\t\t\t<div class=\"info-box-icon\">\n\t\t\t\t\t\t\t\t\t\t\t\t\t\t\t<div class=\"info-svg-wrapper\" style=\"width:60px; height:60px;\"><img decoding=\"async\"  alt=\"Contracci\u00f3n\" src=\"https:\/\/lydenim.com\/wp-content\/uploads\/2024\/12\/8.svg\" title=\"Contracci\u00f3n\" loading=\"lazy\" width=\"60\" height=\"60\"><\/div>\t\t\t\t\t\t\t\t\t\t\t\t\t<\/div>\n\t\t\t\t\t<\/div>\n\t\t\t\t\n\t\t\t\t<div class=\"info-box-content\">\n\t\t\t\t\t\n\t\t\t\t\t\t\t\t\t\t\t<h4\t\t\t\t\t\tclass=\"info-box-title title box-title-style-default wd-fontsize-m\" data-elementor-setting-key=\"title\">\n\t\t\t\t\t\t\t\tContracci\u00f3n\t\t\t\t\t\t<\/h4>\n\t\t\t\t\t\n\t\t\t\t\t<div class=\"info-box-inner reset-last-child\"data-elementor-setting-key=\"content\"><\/div>\n\n\t\t\t\t\t\t\t\t\t<\/div>\n\n\t\t\t\t\t\t\t<\/div>\n\t\t<\/div>\n\t\t\t\t\t\t<\/div>\n\t\t\t\t<\/div>\n\t\t\t\t<\/div>\n\t\t\t\t<\/div>\n\t\t\t\t\t<\/div>\n\t\t\t\t<\/div>\n\t\t<div class=\"wd-negative-gap elementor-element elementor-element-f2bda88 wd-section-stretch-content e-flex e-con-boxed e-con e-parent\" data-id=\"f2bda88\" data-element_type=\"container\" data-e-type=\"container\" data-settings=\"{&quot;background_background&quot;:&quot;classic&quot;}\">\n\t\t\t\t\t<div class=\"e-con-inner\">\n\t\t<div class=\"elementor-element elementor-element-a0bc5a0 e-con-full e-flex e-con e-child\" data-id=\"a0bc5a0\" data-element_type=\"container\" data-e-type=\"container\" data-settings=\"{&quot;background_background&quot;:&quot;classic&quot;}\">\n\t\t<div class=\"elementor-element elementor-element-1487bb7 e-con-full e-flex e-con e-child\" data-id=\"1487bb7\" data-element_type=\"container\" data-e-type=\"container\">\n\t\t\t\t<div class=\"elementor-element elementor-element-6d5eb1b elementor-widget elementor-widget-wd_text_block\" data-id=\"6d5eb1b\" data-element_type=\"widget\" data-e-type=\"widget\" data-widget_type=\"wd_text_block.default\">\n\t\t\t\t<div class=\"elementor-widget-container\">\n\t\t\t\t\t\t\t<div class=\"wd-text-block reset-last-child text-center\">\n\t\t\t\n\t\t\t<p><a href=\"https:\/\/lydenim.com\/es\/servicio-para-mayoristas-de-telas\/\">Mayorista de tejidos<\/a><\/p>\n\t\t\t\t\t<\/div>\n\t\t\t\t\t\t<\/div>\n\t\t\t\t<\/div>\n\t\t\t\t<\/div>\n\t\t<div class=\"elementor-element elementor-element-f9fe410 e-con-full e-flex e-con e-child\" data-id=\"f9fe410\" data-element_type=\"container\" data-e-type=\"container\">\n\t\t\t\t<div class=\"elementor-element elementor-element-8a41783 elementor-widget elementor-widget-wd_text_block\" data-id=\"8a41783\" data-element_type=\"widget\" data-e-type=\"widget\" data-widget_type=\"wd_text_block.default\">\n\t\t\t\t<div class=\"elementor-widget-container\">\n\t\t\t\t\t\t\t<div class=\"wd-text-block reset-last-child text-left\">\n\t\t\t\n\t\t\t<div class=\"flex-shrink-0 flex flex-col relative items-end\"><div><div class=\"pt-0\"><div class=\"gizmo-bot-avatar flex h-8 w-8 items-center justify-center overflow-hidden rounded-full\"><div class=\"relative p-1 rounded-sm flex items-center justify-center bg-token-main-surface-primary text-token-text-primary h-8 w-8\">Con un acceso r\u00e1pido y sin fisuras a los tejidos vaqueros, los mayoristas pueden ampliar su base de clientes y reforzar su identidad de marca.<\/div><\/div><\/div><\/div><\/div>\n\t\t\t\t\t<\/div>\n\t\t\t\t\t\t<\/div>\n\t\t\t\t<\/div>\n\t\t\t\t<div class=\"elementor-element elementor-element-6b9f6a3 elementor-icon-list--layout-traditional elementor-list-item-link-full_width elementor-widget elementor-widget-icon-list\" data-id=\"6b9f6a3\" data-element_type=\"widget\" data-e-type=\"widget\" data-widget_type=\"icon-list.default\">\n\t\t\t\t<div class=\"elementor-widget-container\">\n\t\t\t\t\t\t\t<ul class=\"elementor-icon-list-items\">\n\t\t\t\t\t\t\t<li class=\"elementor-icon-list-item\">\n\t\t\t\t\t\t\t\t\t\t\t<span class=\"elementor-icon-list-icon\">\n\t\t\t\t\t\t\t<svg aria-hidden=\"true\" class=\"e-font-icon-svg e-fas-dot-circle\" viewbox=\"0 0 512 512\" xmlns=\"http:\/\/www.w3.org\/2000\/svg\"><path d=\"M256 8C119.033 8 8 119.033 8 256s111.033 248 248 248 248-111.033 248-248S392.967 8 256 8zm80 248c0 44.112-35.888 80-80 80s-80-35.888-80-80 35.888-80 80-80 80 35.888 80 80z\"><\/path><\/svg>\t\t\t\t\t\t<\/span>\n\t\t\t\t\t\t\t\t\t\t<span class=\"elementor-icon-list-text\">80% en stock, MOQ peque\u00f1o<\/span>\n\t\t\t\t\t\t\t\t\t<\/li>\n\t\t\t\t\t\t\t\t<li class=\"elementor-icon-list-item\">\n\t\t\t\t\t\t\t\t\t\t\t<span class=\"elementor-icon-list-icon\">\n\t\t\t\t\t\t\t<svg aria-hidden=\"true\" class=\"e-font-icon-svg e-fas-dot-circle\" viewbox=\"0 0 512 512\" xmlns=\"http:\/\/www.w3.org\/2000\/svg\"><path d=\"M256 8C119.033 8 8 119.033 8 256s111.033 248 248 248 248-111.033 248-248S392.967 8 256 8zm80 248c0 44.112-35.888 80-80 80s-80-35.888-80-80 35.888-80 80-80 80 35.888 80 80z\"><\/path><\/svg>\t\t\t\t\t\t<\/span>\n\t\t\t\t\t\t\t\t\t\t<span class=\"elementor-icon-list-text\"> Precios competitivos<\/span>\n\t\t\t\t\t\t\t\t\t<\/li>\n\t\t\t\t\t\t\t\t<li class=\"elementor-icon-list-item\">\n\t\t\t\t\t\t\t\t\t\t\t<span class=\"elementor-icon-list-icon\">\n\t\t\t\t\t\t\t<svg aria-hidden=\"true\" class=\"e-font-icon-svg e-fas-dot-circle\" viewbox=\"0 0 512 512\" xmlns=\"http:\/\/www.w3.org\/2000\/svg\"><path d=\"M256 8C119.033 8 8 119.033 8 256s111.033 248 248 248 248-111.033 248-248S392.967 8 256 8zm80 248c0 44.112-35.888 80-80 80s-80-35.888-80-80 35.888-80 80-80 80 35.888 80 80z\"><\/path><\/svg>\t\t\t\t\t\t<\/span>\n\t\t\t\t\t\t\t\t\t\t<span class=\"elementor-icon-list-text\">Muestras gratuitas de perchas y medidores<\/span>\n\t\t\t\t\t\t\t\t\t<\/li>\n\t\t\t\t\t\t<\/ul>\n\t\t\t\t\t\t<\/div>\n\t\t\t\t<\/div>\n\t\t\t\t<div class=\"elementor-element elementor-element-ed80269 elementor-widget elementor-widget-button\" data-id=\"ed80269\" data-element_type=\"widget\" data-e-type=\"widget\" data-widget_type=\"button.default\">\n\t\t\t\t<div class=\"elementor-widget-container\">\n\t\t\t\t\t\t\t\t\t<div class=\"elementor-button-wrapper\">\n\t\t\t\t\t<a class=\"elementor-button elementor-button-link elementor-size-sm\" href=\"https:\/\/lydenim.com\/es\/servicio-para-mayoristas-de-telas\/\">\n\t\t\t\t\t\t<span class=\"elementor-button-content-wrapper\">\n\t\t\t\t\t\t\t\t\t<span class=\"elementor-button-text\">M\u00e1s informaci\u00f3n<\/span>\n\t\t\t\t\t<\/span>\n\t\t\t\t\t<\/a>\n\t\t\t\t<\/div>\n\t\t\t\t\t\t\t\t<\/div>\n\t\t\t\t<\/div>\n\t\t\t\t<\/div>\n\t\t\t\t<\/div>\n\t\t<div class=\"elementor-element elementor-element-4c20796 e-con-full e-flex e-con e-child\" data-id=\"4c20796\" data-element_type=\"container\" data-e-type=\"container\" data-settings=\"{&quot;background_background&quot;:&quot;classic&quot;}\">\n\t\t<div class=\"elementor-element elementor-element-3b12a44 e-con-full e-flex e-con e-child\" data-id=\"3b12a44\" data-element_type=\"container\" data-e-type=\"container\">\n\t\t\t\t<div class=\"elementor-element elementor-element-8ad939f elementor-widget elementor-widget-wd_text_block\" data-id=\"8ad939f\" data-element_type=\"widget\" data-e-type=\"widget\" data-widget_type=\"wd_text_block.default\">\n\t\t\t\t<div class=\"elementor-widget-container\">\n\t\t\t\t\t\t\t<div class=\"wd-text-block reset-last-child text-center\">\n\t\t\t\n\t\t\t<h4 class=\"elementor-icon-box-title\"><a href=\"https:\/\/lydenim.com\/es\/servicio-para-fabricas-de-ropa\/\">F\u00e1brica de prendas de vestir (marca propia\/OEM\/ODM)<\/a><\/h4>\n\t\t\t\t\t<\/div>\n\t\t\t\t\t\t<\/div>\n\t\t\t\t<\/div>\n\t\t\t\t<\/div>\n\t\t<div class=\"elementor-element elementor-element-588d79d e-con-full e-flex e-con e-child\" data-id=\"588d79d\" data-element_type=\"container\" data-e-type=\"container\">\n\t\t\t\t<div class=\"elementor-element elementor-element-99a3209 elementor-widget elementor-widget-wd_text_block\" data-id=\"99a3209\" data-element_type=\"widget\" data-e-type=\"widget\" data-widget_type=\"wd_text_block.default\">\n\t\t\t\t<div class=\"elementor-widget-container\">\n\t\t\t\t\t\t\t<div class=\"wd-text-block reset-last-child text-left\">\n\t\t\t\n\t\t\t<div class=\"flex-shrink-0 flex flex-col relative items-end\"><div class=\"pt-0\"><div class=\"gizmo-bot-avatar flex h-8 w-8 items-center justify-center overflow-hidden rounded-full\"><div class=\"relative p-1 rounded-sm flex items-center justify-center bg-token-main-surface-primary text-token-text-primary h-8 w-8\"><div class=\"flex-shrink-0 flex flex-col relative items-end\"><div><div class=\"pt-0\"><div class=\"gizmo-bot-avatar flex h-8 w-8 items-center justify-center overflow-hidden rounded-full\"><div class=\"relative p-1 rounded-sm flex items-center justify-center bg-token-main-surface-primary text-token-text-primary h-8 w-8\">Ofrecemos una amplia gama de opciones de tejidos, desde los b\u00e1sicos cl\u00e1sicos hasta dise\u00f1os lujosos y elegantes, todos ellos respaldados por nuestro riguroso sistema de control de calidad para garantizar una calidad superior constante desde el hilo hasta el tejido acabado.<\/div><\/div><\/div><\/div><\/div><\/div><\/div><\/div><\/div>\n\t\t\t\t\t<\/div>\n\t\t\t\t\t\t<\/div>\n\t\t\t\t<\/div>\n\t\t\t\t<div class=\"elementor-element elementor-element-213e15c elementor-icon-list--layout-traditional elementor-list-item-link-full_width elementor-widget elementor-widget-icon-list\" data-id=\"213e15c\" data-element_type=\"widget\" data-e-type=\"widget\" data-widget_type=\"icon-list.default\">\n\t\t\t\t<div class=\"elementor-widget-container\">\n\t\t\t\t\t\t\t<ul class=\"elementor-icon-list-items\">\n\t\t\t\t\t\t\t<li class=\"elementor-icon-list-item\">\n\t\t\t\t\t\t\t\t\t\t\t<span class=\"elementor-icon-list-icon\">\n\t\t\t\t\t\t\t<svg aria-hidden=\"true\" class=\"e-font-icon-svg e-fas-dot-circle\" viewbox=\"0 0 512 512\" xmlns=\"http:\/\/www.w3.org\/2000\/svg\"><path d=\"M256 8C119.033 8 8 119.033 8 256s111.033 248 248 248 248-111.033 248-248S392.967 8 256 8zm80 248c0 44.112-35.888 80-80 80s-80-35.888-80-80 35.888-80 80-80 80 35.888 80 80z\"><\/path><\/svg>\t\t\t\t\t\t<\/span>\n\t\t\t\t\t\t\t\t\t\t<span class=\"elementor-icon-list-text\"> Estricto control de calidad<\/span>\n\t\t\t\t\t\t\t\t\t<\/li>\n\t\t\t\t\t\t\t\t<li class=\"elementor-icon-list-item\">\n\t\t\t\t\t\t\t\t\t\t\t<span class=\"elementor-icon-list-icon\">\n\t\t\t\t\t\t\t<svg aria-hidden=\"true\" class=\"e-font-icon-svg e-fas-dot-circle\" viewbox=\"0 0 512 512\" xmlns=\"http:\/\/www.w3.org\/2000\/svg\"><path d=\"M256 8C119.033 8 8 119.033 8 256s111.033 248 248 248 248-111.033 248-248S392.967 8 256 8zm80 248c0 44.112-35.888 80-80 80s-80-35.888-80-80 35.888-80 80-80 80 35.888 80 80z\"><\/path><\/svg>\t\t\t\t\t\t<\/span>\n\t\t\t\t\t\t\t\t\t\t<span class=\"elementor-icon-list-text\">Amplios tipos de tejido<\/span>\n\t\t\t\t\t\t\t\t\t<\/li>\n\t\t\t\t\t\t\t\t<li class=\"elementor-icon-list-item\">\n\t\t\t\t\t\t\t\t\t\t\t<span class=\"elementor-icon-list-icon\">\n\t\t\t\t\t\t\t<svg aria-hidden=\"true\" class=\"e-font-icon-svg e-fas-dot-circle\" viewbox=\"0 0 512 512\" xmlns=\"http:\/\/www.w3.org\/2000\/svg\"><path d=\"M256 8C119.033 8 8 119.033 8 256s111.033 248 248 248 248-111.033 248-248S392.967 8 256 8zm80 248c0 44.112-35.888 80-80 80s-80-35.888-80-80 35.888-80 80-80 80 35.888 80 80z\"><\/path><\/svg>\t\t\t\t\t\t<\/span>\n\t\t\t\t\t\t\t\t\t\t<span class=\"elementor-icon-list-text\"> Dise\u00f1os actualizados<\/span>\n\t\t\t\t\t\t\t\t\t<\/li>\n\t\t\t\t\t\t<\/ul>\n\t\t\t\t\t\t<\/div>\n\t\t\t\t<\/div>\n\t\t\t\t<div class=\"elementor-element elementor-element-91f70a5 elementor-widget elementor-widget-button\" data-id=\"91f70a5\" data-element_type=\"widget\" data-e-type=\"widget\" data-widget_type=\"button.default\">\n\t\t\t\t<div class=\"elementor-widget-container\">\n\t\t\t\t\t\t\t\t\t<div class=\"elementor-button-wrapper\">\n\t\t\t\t\t<a class=\"elementor-button elementor-button-link elementor-size-sm\" href=\"https:\/\/lydenim.com\/es\/servicio-para-fabricas-de-ropa\/\">\n\t\t\t\t\t\t<span class=\"elementor-button-content-wrapper\">\n\t\t\t\t\t\t\t\t\t<span class=\"elementor-button-text\">M\u00e1s informaci\u00f3n<\/span>\n\t\t\t\t\t<\/span>\n\t\t\t\t\t<\/a>\n\t\t\t\t<\/div>\n\t\t\t\t\t\t\t\t<\/div>\n\t\t\t\t<\/div>\n\t\t\t\t<\/div>\n\t\t\t\t<\/div>\n\t\t\t\t\t<\/div>\n\t\t\t\t<\/div>\n\t\t<div class=\"wd-negative-gap elementor-element elementor-element-e5a8992 wd-section-stretch-content e-flex e-con-boxed e-con e-parent\" data-id=\"e5a8992\" data-element_type=\"container\" data-e-type=\"container\">\n\t\t\t\t\t<div class=\"e-con-inner\">\n\t\t\t\t<div class=\"elementor-element elementor-element-691d779 elementor-widget elementor-widget-wd_text_block\" data-id=\"691d779\" data-element_type=\"widget\" data-e-type=\"widget\" data-widget_type=\"wd_text_block.default\">\n\t\t\t\t<div class=\"elementor-widget-container\">\n\t\t\t\t\t\t\t<div class=\"wd-text-block reset-last-child text-center\">\n\t\t\t\n\t\t\t<h1>Personalizaci\u00f3n de prendas del cliente<\/h1><h3>Dise\u00f1o de LYDENIM<\/h3>\n\t\t\t\t\t<\/div>\n\t\t\t\t\t\t<\/div>\n\t\t\t\t<\/div>\n\t\t\t\t\t<\/div>\n\t\t\t\t<\/div>\n\t\t<div class=\"elementor-element elementor-element-bf3c457 e-grid e-con-full wd-section-stretch-content e-con e-parent\" data-id=\"bf3c457\" data-element_type=\"container\" data-e-type=\"container\">\n\t\t\t\t<div class=\"elementor-element elementor-element-457959f elementor-widget elementor-widget-wd_image_or_svg\" data-id=\"457959f\" data-element_type=\"widget\" data-e-type=\"widget\" data-widget_type=\"wd_image_or_svg.default\">\n\t\t\t\t<div class=\"elementor-widget-container\">\n\t\t\t\t\t\n\t\t<div class=\"wd-image text-center\">\n\t\t\t\t\t\t\t\t<img loading=\"lazy\" decoding=\"async\" width=\"300\" height=\"300\" src=\"https:\/\/lydenim.com\/wp-content\/uploads\/2025\/04\/\u672a\u6807\u9898-0-2-300x300.jpg\" class=\"attachment-300x300 size-300x300\" alt=\"\" srcset=\"\" sizes=\"auto, (max-width: 300px) 100vw, 300px\" data-srcset=\"\" \/>\t\t\t\t\t<\/div>\n\n\t\t\t\t\t\t<\/div>\n\t\t\t\t<\/div>\n\t\t\t\t<div class=\"elementor-element elementor-element-a287bce elementor-widget elementor-widget-wd_image_or_svg\" data-id=\"a287bce\" data-element_type=\"widget\" data-e-type=\"widget\" data-widget_type=\"wd_image_or_svg.default\">\n\t\t\t\t<div class=\"elementor-widget-container\">\n\t\t\t\t\t\n\t\t<div class=\"wd-image text-center\">\n\t\t\t\t\t\t\t\t<img loading=\"lazy\" decoding=\"async\" width=\"300\" height=\"300\" src=\"https:\/\/lydenim.com\/wp-content\/uploads\/2025\/04\/\u672a\u6807\u9898-1-10-300x300.jpg\" class=\"attachment-300x300 size-300x300\" alt=\"\" srcset=\"\" sizes=\"auto, (max-width: 300px) 100vw, 300px\" data-srcset=\"\" \/>\t\t\t\t\t<\/div>\n\n\t\t\t\t\t\t<\/div>\n\t\t\t\t<\/div>\n\t\t\t\t<div class=\"elementor-element elementor-element-c404284 elementor-widget elementor-widget-wd_image_or_svg\" data-id=\"c404284\" data-element_type=\"widget\" data-e-type=\"widget\" data-widget_type=\"wd_image_or_svg.default\">\n\t\t\t\t<div class=\"elementor-widget-container\">\n\t\t\t\t\t\n\t\t<div class=\"wd-image text-center\">\n\t\t\t\t\t\t\t\t<img loading=\"lazy\" decoding=\"async\" width=\"300\" height=\"300\" src=\"https:\/\/lydenim.com\/wp-content\/uploads\/2025\/04\/IMG_5928-300x300.jpg\" class=\"attachment-300x300 size-300x300\" alt=\"\" srcset=\"https:\/\/lydenim.com\/wp-content\/uploads\/2025\/04\/IMG_5928-300x300.jpg 300w, https:\/\/lydenim.com\/wp-content\/uploads\/2025\/04\/IMG_5928-1024x1024.jpg 1024w, https:\/\/lydenim.com\/wp-content\/uploads\/2025\/04\/IMG_5928-150x150.jpg 150w, https:\/\/lydenim.com\/wp-content\/uploads\/2025\/04\/IMG_5928-768x768.jpg 768w, https:\/\/lydenim.com\/wp-content\/uploads\/2025\/04\/IMG_5928-1536x1536.jpg 1536w, https:\/\/lydenim.com\/wp-content\/uploads\/2025\/04\/IMG_5928-2048x2048.jpg 2048w, https:\/\/lydenim.com\/wp-content\/uploads\/2025\/04\/IMG_5928-12x12.jpg 12w, https:\/\/lydenim.com\/wp-content\/uploads\/2025\/04\/IMG_5928-600x600.jpg 600w\" sizes=\"auto, (max-width: 300px) 100vw, 300px\" \/>\t\t\t\t\t<\/div>\n\n\t\t\t\t\t\t<\/div>\n\t\t\t\t<\/div>\n\t\t\t\t<div class=\"elementor-element elementor-element-0d5780d elementor-widget elementor-widget-wd_image_or_svg\" data-id=\"0d5780d\" data-element_type=\"widget\" data-e-type=\"widget\" data-widget_type=\"wd_image_or_svg.default\">\n\t\t\t\t<div class=\"elementor-widget-container\">\n\t\t\t\t\t\n\t\t<div class=\"wd-image text-center\">\n\t\t\t\t\t\t\t\t<img loading=\"lazy\" decoding=\"async\" width=\"300\" height=\"300\" src=\"https:\/\/lydenim.com\/wp-content\/uploads\/2025\/04\/\u672a\u6807\u9898-1-5-300x300.jpg\" class=\"attachment-300x300 size-300x300\" alt=\"\" srcset=\"\" sizes=\"auto, (max-width: 300px) 100vw, 300px\" data-srcset=\"\" \/>\t\t\t\t\t<\/div>\n\n\t\t\t\t\t\t<\/div>\n\t\t\t\t<\/div>\n\t\t\t\t<div class=\"elementor-element elementor-element-42ec2b1 elementor-widget elementor-widget-wd_image_or_svg\" data-id=\"42ec2b1\" data-element_type=\"widget\" data-e-type=\"widget\" data-widget_type=\"wd_image_or_svg.default\">\n\t\t\t\t<div class=\"elementor-widget-container\">\n\t\t\t\t\t\n\t\t<div class=\"wd-image text-center\">\n\t\t\t\t\t\t\t\t<img loading=\"lazy\" decoding=\"async\" width=\"300\" height=\"300\" src=\"https:\/\/lydenim.com\/wp-content\/uploads\/2025\/04\/KG7A8882_\u526f\u672c-300x300.jpg\" class=\"attachment-300x300 size-300x300\" alt=\"\" srcset=\"\" sizes=\"auto, (max-width: 300px) 100vw, 300px\" data-srcset=\"\" \/>\t\t\t\t\t<\/div>\n\n\t\t\t\t\t\t<\/div>\n\t\t\t\t<\/div>\n\t\t\t\t<div class=\"elementor-element elementor-element-5a32ca2 elementor-widget elementor-widget-wd_image_or_svg\" data-id=\"5a32ca2\" data-element_type=\"widget\" data-e-type=\"widget\" data-widget_type=\"wd_image_or_svg.default\">\n\t\t\t\t<div class=\"elementor-widget-container\">\n\t\t\t\t\t\n\t\t<div class=\"wd-image text-center\">\n\t\t\t\t\t\t\t\t<img loading=\"lazy\" decoding=\"async\" width=\"300\" height=\"300\" src=\"https:\/\/lydenim.com\/wp-content\/uploads\/2025\/04\/\u672a\u6807\u9898-1-7-300x300.jpg\" class=\"attachment-300x300 size-300x300\" alt=\"\" srcset=\"\" sizes=\"auto, (max-width: 300px) 100vw, 300px\" data-srcset=\"\" \/>\t\t\t\t\t<\/div>\n\n\t\t\t\t\t\t<\/div>\n\t\t\t\t<\/div>\n\t\t\t\t<div class=\"elementor-element elementor-element-2fda846 elementor-widget elementor-widget-wd_image_or_svg\" data-id=\"2fda846\" data-element_type=\"widget\" data-e-type=\"widget\" data-widget_type=\"wd_image_or_svg.default\">\n\t\t\t\t<div class=\"elementor-widget-container\">\n\t\t\t\t\t\n\t\t<div class=\"wd-image text-center\">\n\t\t\t\t\t\t\t\t<img loading=\"lazy\" decoding=\"async\" width=\"300\" height=\"300\" src=\"https:\/\/lydenim.com\/wp-content\/uploads\/2025\/04\/IMG_6006-300x300.jpg\" class=\"attachment-300x300 size-300x300\" alt=\"\" srcset=\"https:\/\/lydenim.com\/wp-content\/uploads\/2025\/04\/IMG_6006-300x300.jpg 300w, https:\/\/lydenim.com\/wp-content\/uploads\/2025\/04\/IMG_6006-1024x1024.jpg 1024w, https:\/\/lydenim.com\/wp-content\/uploads\/2025\/04\/IMG_6006-150x150.jpg 150w, https:\/\/lydenim.com\/wp-content\/uploads\/2025\/04\/IMG_6006-768x768.jpg 768w, https:\/\/lydenim.com\/wp-content\/uploads\/2025\/04\/IMG_6006-1536x1536.jpg 1536w, https:\/\/lydenim.com\/wp-content\/uploads\/2025\/04\/IMG_6006-2048x2048.jpg 2048w, https:\/\/lydenim.com\/wp-content\/uploads\/2025\/04\/IMG_6006-12x12.jpg 12w, https:\/\/lydenim.com\/wp-content\/uploads\/2025\/04\/IMG_6006-600x600.jpg 600w\" sizes=\"auto, (max-width: 300px) 100vw, 300px\" \/>\t\t\t\t\t<\/div>\n\n\t\t\t\t\t\t<\/div>\n\t\t\t\t<\/div>\n\t\t\t\t<div class=\"elementor-element elementor-element-b224258 elementor-widget elementor-widget-wd_image_or_svg\" data-id=\"b224258\" data-element_type=\"widget\" data-e-type=\"widget\" data-widget_type=\"wd_image_or_svg.default\">\n\t\t\t\t<div class=\"elementor-widget-container\">\n\t\t\t\t\t\n\t\t<div class=\"wd-image text-center\">\n\t\t\t\t\t\t\t\t<img loading=\"lazy\" decoding=\"async\" width=\"300\" height=\"300\" src=\"https:\/\/lydenim.com\/wp-content\/uploads\/2025\/04\/\u672a\u6807\u9898-1-3-300x300.jpg\" class=\"attachment-300x300 size-300x300\" alt=\"\" srcset=\"\" sizes=\"auto, (max-width: 300px) 100vw, 300px\" data-srcset=\"\" \/>\t\t\t\t\t<\/div>\n\n\t\t\t\t\t\t<\/div>\n\t\t\t\t<\/div>\n\t\t\t\t<div class=\"elementor-element elementor-element-1e84df0 elementor-widget elementor-widget-wd_image_or_svg\" data-id=\"1e84df0\" data-element_type=\"widget\" data-e-type=\"widget\" data-widget_type=\"wd_image_or_svg.default\">\n\t\t\t\t<div class=\"elementor-widget-container\">\n\t\t\t\t\t\n\t\t<div class=\"wd-image text-center\">\n\t\t\t\t\t\t\t\t<img loading=\"lazy\" decoding=\"async\" width=\"300\" height=\"300\" src=\"https:\/\/lydenim.com\/wp-content\/uploads\/2025\/04\/\u672a\u6807\u9898-1-9-300x300.jpg\" class=\"attachment-300x300 size-300x300\" alt=\"\" srcset=\"\" sizes=\"auto, (max-width: 300px) 100vw, 300px\" data-srcset=\"\" \/>\t\t\t\t\t<\/div>\n\n\t\t\t\t\t\t<\/div>\n\t\t\t\t<\/div>\n\t\t\t\t<div class=\"elementor-element elementor-element-601b219 elementor-widget elementor-widget-wd_image_or_svg\" data-id=\"601b219\" data-element_type=\"widget\" data-e-type=\"widget\" data-widget_type=\"wd_image_or_svg.default\">\n\t\t\t\t<div class=\"elementor-widget-container\">\n\t\t\t\t\t\n\t\t<div class=\"wd-image text-center\">\n\t\t\t\t\t\t\t\t<img loading=\"lazy\" decoding=\"async\" width=\"300\" height=\"300\" src=\"https:\/\/lydenim.com\/wp-content\/uploads\/2025\/04\/\u672a\u6807\u9898-1-17-300x300.jpg\" class=\"attachment-300x300 size-300x300\" alt=\"\" srcset=\"\" sizes=\"auto, (max-width: 300px) 100vw, 300px\" data-srcset=\"\" \/>\t\t\t\t\t<\/div>\n\n\t\t\t\t\t\t<\/div>\n\t\t\t\t<\/div>\n\t\t\t\t<div class=\"elementor-element elementor-element-362bea9 elementor-widget elementor-widget-wd_image_or_svg\" data-id=\"362bea9\" data-element_type=\"widget\" data-e-type=\"widget\" data-widget_type=\"wd_image_or_svg.default\">\n\t\t\t\t<div class=\"elementor-widget-container\">\n\t\t\t\t\t\n\t\t<div class=\"wd-image text-center\">\n\t\t\t\t\t\t\t\t<img loading=\"lazy\" decoding=\"async\" width=\"300\" height=\"300\" src=\"https:\/\/lydenim.com\/wp-content\/uploads\/2025\/04\/5c85975435c9e8b2a2136049a0e4181-300x300.jpg\" class=\"attachment-300x300 size-300x300\" alt=\"\" srcset=\"https:\/\/lydenim.com\/wp-content\/uploads\/2025\/04\/5c85975435c9e8b2a2136049a0e4181-300x300.jpg 300w, https:\/\/lydenim.com\/wp-content\/uploads\/2025\/04\/5c85975435c9e8b2a2136049a0e4181-150x150.jpg 150w, https:\/\/lydenim.com\/wp-content\/uploads\/2025\/04\/5c85975435c9e8b2a2136049a0e4181-12x12.jpg 12w, https:\/\/lydenim.com\/wp-content\/uploads\/2025\/04\/5c85975435c9e8b2a2136049a0e4181-600x600.jpg 600w, https:\/\/lydenim.com\/wp-content\/uploads\/2025\/04\/5c85975435c9e8b2a2136049a0e4181.jpg 742w\" sizes=\"auto, (max-width: 300px) 100vw, 300px\" \/>\t\t\t\t\t<\/div>\n\n\t\t\t\t\t\t<\/div>\n\t\t\t\t<\/div>\n\t\t\t\t<div class=\"elementor-element elementor-element-42137c2 elementor-widget elementor-widget-wd_image_or_svg\" data-id=\"42137c2\" data-element_type=\"widget\" data-e-type=\"widget\" data-widget_type=\"wd_image_or_svg.default\">\n\t\t\t\t<div class=\"elementor-widget-container\">\n\t\t\t\t\t\n\t\t<div class=\"wd-image text-center\">\n\t\t\t\t\t\t\t\t<img loading=\"lazy\" decoding=\"async\" width=\"300\" height=\"300\" src=\"https:\/\/lydenim.com\/wp-content\/uploads\/2025\/04\/\u672a\u6807\u9898-1-16-300x300.jpg\" class=\"attachment-300x300 size-300x300\" alt=\"\" srcset=\"\" sizes=\"auto, (max-width: 300px) 100vw, 300px\" data-srcset=\"\" \/>\t\t\t\t\t<\/div>\n\n\t\t\t\t\t\t<\/div>\n\t\t\t\t<\/div>\n\t\t\t\t<div class=\"elementor-element elementor-element-204f325 elementor-widget elementor-widget-wd_image_or_svg\" data-id=\"204f325\" data-element_type=\"widget\" data-e-type=\"widget\" data-widget_type=\"wd_image_or_svg.default\">\n\t\t\t\t<div class=\"elementor-widget-container\">\n\t\t\t\t\t\n\t\t<div class=\"wd-image text-center\">\n\t\t\t\t\t\t\t\t<img loading=\"lazy\" decoding=\"async\" width=\"475\" height=\"475\" src=\"https:\/\/lydenim.com\/wp-content\/uploads\/2025\/04\/\u672a\u6807\u9898-1-13.jpg\" class=\"attachment-full size-full\" alt=\"\" srcset=\"https:\/\/lydenim.com\/wp-content\/uploads\/2025\/04\/\u672a\u6807\u9898-1-13.jpg 475w, https:\/\/lydenim.com\/wp-content\/uploads\/2025\/04\/\u672a\u6807\u9898-1-13-300x300.jpg 300w, https:\/\/lydenim.com\/wp-content\/uploads\/2025\/04\/\u672a\u6807\u9898-1-13-150x150.jpg 150w, https:\/\/lydenim.com\/wp-content\/uploads\/2025\/04\/\u672a\u6807\u9898-1-13-12x12.jpg 12w\" sizes=\"auto, (max-width: 475px) 100vw, 475px\" \/>\t\t\t\t\t<\/div>\n\n\t\t\t\t\t\t<\/div>\n\t\t\t\t<\/div>\n\t\t\t\t<div class=\"elementor-element elementor-element-b3b0ae9 elementor-widget elementor-widget-wd_image_or_svg\" data-id=\"b3b0ae9\" data-element_type=\"widget\" data-e-type=\"widget\" data-widget_type=\"wd_image_or_svg.default\">\n\t\t\t\t<div class=\"elementor-widget-container\">\n\t\t\t\t\t\n\t\t<div class=\"wd-image text-center\">\n\t\t\t\t\t\t\t\t<img loading=\"lazy\" decoding=\"async\" width=\"300\" height=\"300\" src=\"https:\/\/lydenim.com\/wp-content\/uploads\/2025\/04\/60545064.jpg-300x300.webp\" class=\"attachment-300x300 size-300x300\" alt=\"\" srcset=\"https:\/\/lydenim.com\/wp-content\/uploads\/2025\/04\/60545064.jpg-300x300.webp 300w, https:\/\/lydenim.com\/wp-content\/uploads\/2025\/04\/60545064.jpg-150x150.webp 150w\" sizes=\"auto, (max-width: 300px) 100vw, 300px\" \/>\t\t\t\t\t<\/div>\n\n\t\t\t\t\t\t<\/div>\n\t\t\t\t<\/div>\n\t\t\t\t<div class=\"elementor-element elementor-element-fdbfbad elementor-widget elementor-widget-wd_image_or_svg\" data-id=\"fdbfbad\" data-element_type=\"widget\" data-e-type=\"widget\" data-widget_type=\"wd_image_or_svg.default\">\n\t\t\t\t<div class=\"elementor-widget-container\">\n\t\t\t\t\t\n\t\t<div class=\"wd-image text-center\">\n\t\t\t\t\t\t\t\t<img loading=\"lazy\" decoding=\"async\" width=\"300\" height=\"300\" src=\"https:\/\/lydenim.com\/wp-content\/uploads\/2025\/04\/1111333321-300x300.jpg\" class=\"attachment-300x300 size-300x300\" alt=\"\" srcset=\"https:\/\/lydenim.com\/wp-content\/uploads\/2025\/04\/1111333321-300x300.jpg 300w, https:\/\/lydenim.com\/wp-content\/uploads\/2025\/04\/1111333321-150x150.jpg 150w\" sizes=\"auto, (max-width: 300px) 100vw, 300px\" \/>\t\t\t\t\t<\/div>\n\n\t\t\t\t\t\t<\/div>\n\t\t\t\t<\/div>\n\t\t\t\t<div class=\"elementor-element elementor-element-397618e elementor-widget elementor-widget-wd_image_or_svg\" data-id=\"397618e\" data-element_type=\"widget\" data-e-type=\"widget\" data-widget_type=\"wd_image_or_svg.default\">\n\t\t\t\t<div class=\"elementor-widget-container\">\n\t\t\t\t\t\n\t\t<div class=\"wd-image text-center\">\n\t\t\t\t\t\t\t\t<img loading=\"lazy\" decoding=\"async\" width=\"300\" height=\"300\" src=\"https:\/\/lydenim.com\/wp-content\/uploads\/2025\/04\/IMG_5135-300x300.jpg\" class=\"attachment-300x300 size-300x300\" alt=\"\" srcset=\"https:\/\/lydenim.com\/wp-content\/uploads\/2025\/04\/IMG_5135-300x300.jpg 300w, https:\/\/lydenim.com\/wp-content\/uploads\/2025\/04\/IMG_5135-150x150.jpg 150w\" sizes=\"auto, (max-width: 300px) 100vw, 300px\" \/>\t\t\t\t\t<\/div>\n\n\t\t\t\t\t\t<\/div>\n\t\t\t\t<\/div>\n\t\t\t\t<div class=\"elementor-element elementor-element-5556512 elementor-widget elementor-widget-wd_image_or_svg\" data-id=\"5556512\" data-element_type=\"widget\" data-e-type=\"widget\" data-widget_type=\"wd_image_or_svg.default\">\n\t\t\t\t<div class=\"elementor-widget-container\">\n\t\t\t\t\t\n\t\t<div class=\"wd-image text-center\">\n\t\t\t\t\t\t\t\t<img loading=\"lazy\" decoding=\"async\" width=\"300\" height=\"300\" src=\"https:\/\/lydenim.com\/wp-content\/uploads\/2025\/04\/IMG_5136-300x300.jpg\" class=\"attachment-300x300 size-300x300\" alt=\"\" srcset=\"https:\/\/lydenim.com\/wp-content\/uploads\/2025\/04\/IMG_5136-300x300.jpg 300w, https:\/\/lydenim.com\/wp-content\/uploads\/2025\/04\/IMG_5136-150x150.jpg 150w\" sizes=\"auto, (max-width: 300px) 100vw, 300px\" \/>\t\t\t\t\t<\/div>\n\n\t\t\t\t\t\t<\/div>\n\t\t\t\t<\/div>\n\t\t\t\t<div class=\"elementor-element elementor-element-fcddbd2 elementor-widget elementor-widget-wd_image_or_svg\" data-id=\"fcddbd2\" data-element_type=\"widget\" data-e-type=\"widget\" data-widget_type=\"wd_image_or_svg.default\">\n\t\t\t\t<div class=\"elementor-widget-container\">\n\t\t\t\t\t\n\t\t<div class=\"wd-image text-center\">\n\t\t\t\t\t\t\t\t<img loading=\"lazy\" decoding=\"async\" width=\"300\" height=\"300\" src=\"https:\/\/lydenim.com\/wp-content\/uploads\/2025\/04\/\u672a\u6807\u9898-1-6-300x300.jpg\" class=\"attachment-300x300 size-300x300\" alt=\"\" srcset=\"\" sizes=\"auto, (max-width: 300px) 100vw, 300px\" data-srcset=\"\" \/>\t\t\t\t\t<\/div>\n\n\t\t\t\t\t\t<\/div>\n\t\t\t\t<\/div>\n\t\t\t\t<\/div>\n\t\t<div class=\"wd-negative-gap elementor-element elementor-element-bdc5f6e e-flex e-con-boxed e-con e-parent\" data-id=\"bdc5f6e\" data-element_type=\"container\" data-e-type=\"container\">\n\t\t\t\t\t<div class=\"e-con-inner\">\n\t\t<div class=\"elementor-element elementor-element-9847afc e-con-full e-flex e-con e-child\" data-id=\"9847afc\" data-element_type=\"container\" data-e-type=\"container\">\n\t\t\t\t<div class=\"elementor-element elementor-element-7aebe6b wd-width-100 elementor-widget elementor-widget-wd_title\" data-id=\"7aebe6b\" data-element_type=\"widget\" data-e-type=\"widget\" data-widget_type=\"wd_title.default\">\n\t\t\t\t<div class=\"elementor-widget-container\">\n\t\t\t\t\t\t\t<div class=\"title-wrapper wd-set-mb reset-last-child wd-title-color-primary wd-title-style-simple wd-title-size-default text-left\">\n\n\t\t\t\n\t\t\t<div class=\"liner-continer\">\n\t\t\t\t<h2 class=\"woodmart-title-container title wd-fontsize-l\">Control de calidad inigualable en todo momento<\/h2> \n\t\t\t\t\t\t\t<\/div>\n\n\t\t\t\t\t\t\t<div class=\"title-after_title reset-last-child wd-fontsize-xs\">\n\t\t\t\t\tRealizamos exhaustivas inspecciones de calidad para garantizar el rendimiento superior de nuestros tejidos vaqueros.\t\t\t\t<\/div>\n\t\t\t\t\t<\/div>\n\t\t\t\t\t\t<\/div>\n\t\t\t\t<\/div>\n\t\t<div class=\"elementor-element elementor-element-327e7e1 e-con-full e-flex e-con e-child\" data-id=\"327e7e1\" data-element_type=\"container\" data-e-type=\"container\">\n\t\t<div class=\"elementor-element elementor-element-de2cf51 e-con-full e-flex e-con e-child\" data-id=\"de2cf51\" data-element_type=\"container\" data-e-type=\"container\">\n\t\t\t\t<div class=\"elementor-element elementor-element-3790a9a elementor-icon-list--layout-traditional elementor-list-item-link-full_width elementor-widget elementor-widget-icon-list\" data-id=\"3790a9a\" data-element_type=\"widget\" data-e-type=\"widget\" data-widget_type=\"icon-list.default\">\n\t\t\t\t<div class=\"elementor-widget-container\">\n\t\t\t\t\t\t\t<ul class=\"elementor-icon-list-items\">\n\t\t\t\t\t\t\t<li class=\"elementor-icon-list-item\">\n\t\t\t\t\t\t\t\t\t\t\t<span class=\"elementor-icon-list-icon\">\n\t\t\t\t\t\t\t<svg aria-hidden=\"true\" class=\"e-font-icon-svg e-fas-dot-circle\" viewbox=\"0 0 512 512\" xmlns=\"http:\/\/www.w3.org\/2000\/svg\"><path d=\"M256 8C119.033 8 8 119.033 8 256s111.033 248 248 248 248-111.033 248-248S392.967 8 256 8zm80 248c0 44.112-35.888 80-80 80s-80-35.888-80-80 35.888-80 80-80 80 35.888 80 80z\"><\/path><\/svg>\t\t\t\t\t\t<\/span>\n\t\t\t\t\t\t\t\t\t\t<span class=\"elementor-icon-list-text\">Prueba del hilo<\/span>\n\t\t\t\t\t\t\t\t\t<\/li>\n\t\t\t\t\t\t\t\t<li class=\"elementor-icon-list-item\">\n\t\t\t\t\t\t\t\t\t\t\t<span class=\"elementor-icon-list-icon\">\n\t\t\t\t\t\t\t<svg aria-hidden=\"true\" class=\"e-font-icon-svg e-fas-dot-circle\" viewbox=\"0 0 512 512\" xmlns=\"http:\/\/www.w3.org\/2000\/svg\"><path d=\"M256 8C119.033 8 8 119.033 8 256s111.033 248 248 248 248-111.033 248-248S392.967 8 256 8zm80 248c0 44.112-35.888 80-80 80s-80-35.888-80-80 35.888-80 80-80 80 35.888 80 80z\"><\/path><\/svg>\t\t\t\t\t\t<\/span>\n\t\t\t\t\t\t\t\t\t\t<span class=\"elementor-icon-list-text\"> Inspecci\u00f3n de tejidos<\/span>\n\t\t\t\t\t\t\t\t\t<\/li>\n\t\t\t\t\t\t<\/ul>\n\t\t\t\t\t\t<\/div>\n\t\t\t\t<\/div>\n\t\t\t\t<\/div>\n\t\t<div class=\"elementor-element elementor-element-6b1dd70 e-con-full e-flex e-con e-child\" data-id=\"6b1dd70\" data-element_type=\"container\" data-e-type=\"container\">\n\t\t\t\t<div class=\"elementor-element elementor-element-ec88903 elementor-icon-list--layout-traditional elementor-list-item-link-full_width elementor-widget elementor-widget-icon-list\" data-id=\"ec88903\" data-element_type=\"widget\" data-e-type=\"widget\" data-widget_type=\"icon-list.default\">\n\t\t\t\t<div class=\"elementor-widget-container\">\n\t\t\t\t\t\t\t<ul class=\"elementor-icon-list-items\">\n\t\t\t\t\t\t\t<li class=\"elementor-icon-list-item\">\n\t\t\t\t\t\t\t\t\t\t\t<span class=\"elementor-icon-list-icon\">\n\t\t\t\t\t\t\t<svg aria-hidden=\"true\" class=\"e-font-icon-svg e-fas-dot-circle\" viewbox=\"0 0 512 512\" xmlns=\"http:\/\/www.w3.org\/2000\/svg\"><path d=\"M256 8C119.033 8 8 119.033 8 256s111.033 248 248 248 248-111.033 248-248S392.967 8 256 8zm80 248c0 44.112-35.888 80-80 80s-80-35.888-80-80 35.888-80 80-80 80 35.888 80 80z\"><\/path><\/svg>\t\t\t\t\t\t<\/span>\n\t\t\t\t\t\t\t\t\t\t<span class=\"elementor-icon-list-text\"> Prueba de color<\/span>\n\t\t\t\t\t\t\t\t\t<\/li>\n\t\t\t\t\t\t\t\t<li class=\"elementor-icon-list-item\">\n\t\t\t\t\t\t\t\t\t\t\t<span class=\"elementor-icon-list-icon\">\n\t\t\t\t\t\t\t<svg aria-hidden=\"true\" class=\"e-font-icon-svg e-fas-dot-circle\" viewbox=\"0 0 512 512\" xmlns=\"http:\/\/www.w3.org\/2000\/svg\"><path d=\"M256 8C119.033 8 8 119.033 8 256s111.033 248 248 248 248-111.033 248-248S392.967 8 256 8zm80 248c0 44.112-35.888 80-80 80s-80-35.888-80-80 35.888-80 80-80 80 35.888 80 80z\"><\/path><\/svg>\t\t\t\t\t\t<\/span>\n\t\t\t\t\t\t\t\t\t\t<span class=\"elementor-icon-list-text\">Prueba de acabado<\/span>\n\t\t\t\t\t\t\t\t\t<\/li>\n\t\t\t\t\t\t<\/ul>\n\t\t\t\t\t\t<\/div>\n\t\t\t\t<\/div>\n\t\t\t\t<\/div>\n\t\t\t\t<\/div>\n\t\t\t\t<\/div>\n\t\t<div class=\"elementor-element elementor-element-fef6e8e e-con-full e-flex e-con e-child\" data-id=\"fef6e8e\" data-element_type=\"container\" data-e-type=\"container\">\n\t\t\t\t<div class=\"elementor-element elementor-element-0a40340 elementor-widget elementor-widget-wd_image_or_svg\" data-id=\"0a40340\" data-element_type=\"widget\" data-e-type=\"widget\" data-widget_type=\"wd_image_or_svg.default\">\n\t\t\t\t<div class=\"elementor-widget-container\">\n\t\t\t\t\t\n\t\t<div class=\"wd-image text-left\">\n\t\t\t\t\t\t\t\t<img loading=\"lazy\" decoding=\"async\" width=\"2556\" height=\"1212\" src=\"https:\/\/lydenim.com\/wp-content\/uploads\/2024\/12\/\u5e8f\u5217-Sequence-01.00_05_01_21.Still026-scaled-e1734622662986.jpg\" class=\"attachment-full size-full\" alt=\"telar\" srcset=\"https:\/\/lydenim.com\/wp-content\/uploads\/2024\/12\/\u5e8f\u5217-Sequence-01.00_05_01_21.Still026-scaled-e1734622662986.jpg 2556w, https:\/\/lydenim.com\/wp-content\/uploads\/2024\/12\/\u5e8f\u5217-Sequence-01.00_05_01_21.Still026-scaled-e1734622662986-150x71.jpg 150w, https:\/\/lydenim.com\/wp-content\/uploads\/2024\/12\/\u5e8f\u5217-Sequence-01.00_05_01_21.Still026-scaled-e1734622662986-600x285.jpg 600w, https:\/\/lydenim.com\/wp-content\/uploads\/2024\/12\/\u5e8f\u5217-Sequence-01.00_05_01_21.Still026-scaled-e1734622662986-300x142.jpg 300w, https:\/\/lydenim.com\/wp-content\/uploads\/2024\/12\/\u5e8f\u5217-Sequence-01.00_05_01_21.Still026-scaled-e1734622662986-1024x486.jpg 1024w, https:\/\/lydenim.com\/wp-content\/uploads\/2024\/12\/\u5e8f\u5217-Sequence-01.00_05_01_21.Still026-scaled-e1734622662986-768x364.jpg 768w, https:\/\/lydenim.com\/wp-content\/uploads\/2024\/12\/\u5e8f\u5217-Sequence-01.00_05_01_21.Still026-scaled-e1734622662986-1536x728.jpg 1536w, https:\/\/lydenim.com\/wp-content\/uploads\/2024\/12\/\u5e8f\u5217-Sequence-01.00_05_01_21.Still026-scaled-e1734622662986-2048x971.jpg 2048w, https:\/\/lydenim.com\/wp-content\/uploads\/2024\/12\/\u5e8f\u5217-Sequence-01.00_05_01_21.Still026-scaled-e1734622662986-18x9.jpg 18w\" sizes=\"auto, (max-width: 2556px) 100vw, 2556px\" \/>\t\t\t\t\t<\/div>\n\n\t\t\t\t\t\t<\/div>\n\t\t\t\t<\/div>\n\t\t\t\t<\/div>\n\t\t\t\t\t<\/div>\n\t\t\t\t<\/div>\n\t\t<div class=\"wd-negative-gap elementor-element elementor-element-77fa322 e-flex e-con-boxed e-con e-parent\" data-id=\"77fa322\" data-element_type=\"container\" data-e-type=\"container\">\n\t\t\t\t\t<div class=\"e-con-inner\">\n\t\t\t\t<div class=\"elementor-element elementor-element-a64b3d3 wd-width-100 elementor-widget elementor-widget-wd_title\" data-id=\"a64b3d3\" data-element_type=\"widget\" data-e-type=\"widget\" data-widget_type=\"wd_title.default\">\n\t\t\t\t<div class=\"elementor-widget-container\">\n\t\t\t\t\t\t\t<div class=\"title-wrapper wd-set-mb reset-last-child wd-title-color-primary wd-title-style-simple wd-title-size-default text-center\">\n\n\t\t\t\n\t\t\t<div class=\"liner-continer\">\n\t\t\t\t<h2 class=\"woodmart-title-container title wd-fontsize-l\">Centro de blogs<\/h2> \n\t\t\t\t\t\t\t<\/div>\n\n\t\t\t\t\t<\/div>\n\t\t\t\t\t\t<\/div>\n\t\t\t\t<\/div>\n\t\t\t\t<div class=\"elementor-element elementor-element-31b4d5d wd-width-100 elementor-widget elementor-widget-wd_blog\" data-id=\"31b4d5d\" data-element_type=\"widget\" data-e-type=\"widget\" data-widget_type=\"wd_blog.default\">\n\t\t\t\t<div class=\"elementor-widget-container\">\n\t\t\t\t\t\t\t\t\n\t\t\t<div id=\"carousel-923\" class=\"wd-carousel-container  wd-posts wd-blog-element\">\n\t\t\t\t\n\t\t\t\t\t\t\t\n\t\t\t\t<div class=\"wd-carousel-inner\">\n\t\t\t\t\t<div class=\"wd-carousel wd-grid\" data-autoheight=\"yes\" data-scroll_per_page=\"yes\" style=\"--wd-col-lg:4;--wd-col-md:4;--wd-col-sm:1;--wd-gap-lg:20px;--wd-gap-sm:10px;\">\n\t\t\t\t\t\t<div class=\"wd-carousel-wrap\">\n\t\t\t\t\t\t\t\t\t<div class=\"wd-carousel-item\">\n\t\t\t\t\t\t\t\n<article id=\"post-7269\" class=\"wd-post blog-design-masonry blog-post-loop blog-style-bg wd-add-shadow post-7269 post type-post status-publish format-standard has-post-thumbnail hentry category-garment\">\n\t<div class=\"wd-post-inner article-inner\">\n\t\t\t\t\t<div class=\"wd-post-thumb entry-header\">\n\t\t\t\t\t\t\t\t\t<div class=\"wd-post-img post-img-wrapp\">\n\t\t\t\t\t\t<img loading=\"lazy\" decoding=\"async\" width=\"150\" height=\"150\" src=\"https:\/\/lydenim.com\/wp-content\/uploads\/2026\/04\/High-Quality-Custom-Hoodies-150x150.jpg\" class=\"attachment-thumbnail size-thumbnail\" alt=\"\" srcset=\"https:\/\/lydenim.com\/wp-content\/uploads\/2026\/04\/High-Quality-Custom-Hoodies-150x150.jpg 150w, https:\/\/lydenim.com\/wp-content\/uploads\/2026\/04\/High-Quality-Custom-Hoodies-300x300.jpg 300w, https:\/\/lydenim.com\/wp-content\/uploads\/2026\/04\/High-Quality-Custom-Hoodies-45x45.jpg 45w\" sizes=\"auto, (max-width: 150px) 100vw, 150px\" \/>\t\t\t\t\t<\/div>\n\t\t\t\t\t<a class=\"wd-fill\" href=\"https:\/\/lydenim.com\/es\/guia-para-principiantes-sobre-sudaderas-con-capucha-personalizadas-de-alta-calidad\/\"><\/a>\n\t\t\t\t\n\t\t\t\t\t\t\t\t\t\t\t\t<div class=\"wd-post-date wd-style-with-bg\">\n\t\t\t\t<span class=\"post-date-day\">\n\t\t\t\t\t27\t\t\t\t<\/span>\n\t\t\t\t<span class=\"post-date-month\">\n\t\t\t\t\tAbr\t\t\t\t<\/span>\n\t\t\t<\/div>\n\t\t\t\t\t\t\t\t\t<\/div>\n\t\t\n\t\t<div class=\"wd-post-content article-body-container\">\n\t\t\t\t\t\t\t<div class=\"wd-post-cat wd-style-with-bg meta-post-categories\">\n\t\t\t\t\t<a href=\"https:\/\/lydenim.com\/es\/category\/prenda\/\" rel=\"category tag\">PRENDA<\/a>\t\t\t\t<\/div>\n\t\t\t\n\t\t\t\t\t\t\t<h3 class=\"wd-post-title wd-entities-title title post-title\">\n\t\t\t\t\t<a href=\"https:\/\/lydenim.com\/es\/guia-para-principiantes-sobre-sudaderas-con-capucha-personalizadas-de-alta-calidad\/\" rel=\"bookmark\">\n\t\t\t\t\t\tSudaderas personalizadas de alta calidad: 7 consejos pr\u00e1cticos para quienes compran por primera vez\t\t\t\t\t<\/a>\n\t\t\t\t<\/h3>\n\t\t\t\n\t\t\t\t\t\t\t<div class=\"wd-post-meta\">\n\t\t\t\t\t\t\t\t\t\t\t\t\t\t\t<div class=\"wd-post-author\">\n\t\t\t\t\t\t\t\t\t\t\t<span>Publicado por<\/span>\n\t\t\n\t\t\t\t\t\t\t\n\t\t\t\t\t<a href=\"https:\/\/lydenim.com\/es\/author\/malonematthewmmgmail-com\/\" class=\"author\" rel=\"author\">malonematthewmm@gmail.com<\/a>\n\t\t\t\t\t\t\t\t\t<\/div>\n\t\t\t\t\t<div class=\"wd-modified-date\">\n\t\t\t\t\t\t\t\t<time class=\"updated\" datetime=\"2026-04-27T15:13:55+08:00\">\n\t\t\t27\/04\/2026\t\t<\/time>\n\t\t\t\t\t\t\t<\/div>\n\n\t\t\t\t\t\t\t\t\t\t\t<div class=\"wd-post-share wd-tltp\">\n\t\t\t\t\t\t\t<div class=\"tooltip top\">\n\t\t\t\t\t\t\t\t<div class=\"tooltip-inner\">\n\t\t\t\t\t\t\t\t\t\t\t\t<div\n\t\t\t\t\t\tclass=\"wd-social-icons wd-style-default wd-size-small social-share wd-shape-circle color-scheme-light text-center\">\n\t\t\t\t\n\t\t\t\t\n\t\t\t\t\t\t\t\t\t<a rel=\"noopener noreferrer nofollow\" href=\"https:\/\/www.facebook.com\/sharer\/sharer.php?u=https:\/\/lydenim.com\/es\/guia-para-principiantes-sobre-sudaderas-con-capucha-personalizadas-de-alta-calidad\/\" target=\"_blank\" class=\"wd-social-icon social-facebook\" aria-label=\"Enlace social de Facebook\">\n\t\t\t\t\t\t<span class=\"wd-icon\"><\/span>\n\t\t\t\t\t\t\t\t\t\t\t<\/a>\n\t\t\t\t\n\t\t\t\t\t\t\t\t\t<a rel=\"noopener noreferrer nofollow\" href=\"https:\/\/x.com\/share?url=https:\/\/lydenim.com\/es\/guia-para-principiantes-sobre-sudaderas-con-capucha-personalizadas-de-alta-calidad\/\" target=\"_blank\" class=\"wd-social-icon social-twitter\" aria-label=\"X enlace social\">\n\t\t\t\t\t\t<span class=\"wd-icon\"><\/span>\n\t\t\t\t\t\t\t\t\t\t\t<\/a>\n\t\t\t\t\n\t\t\t\t\n\t\t\t\t\n\t\t\t\t\n\t\t\t\t\n\t\t\t\t\n\t\t\t\t\t\t\t\t\t<a rel=\"noopener noreferrer nofollow\" href=\"https:\/\/pinterest.com\/pin\/create\/button\/?url=https:\/\/lydenim.com\/es\/guia-para-principiantes-sobre-sudaderas-con-capucha-personalizadas-de-alta-calidad\/&media=https:\/\/lydenim.com\/wp-content\/uploads\/2026\/04\/High-Quality-Custom-Hoodies.jpg&description=High-Quality+Custom+Hoodies%3A+7+Practical+Tips+for+First-Time+Buyers\" target=\"_blank\" class=\"wd-social-icon social-pinterest\" aria-label=\"Enlace social de Pinterest\">\n\t\t\t\t\t\t<span class=\"wd-icon\"><\/span>\n\t\t\t\t\t\t\t\t\t\t\t<\/a>\n\t\t\t\t\n\t\t\t\t\n\t\t\t\t\t\t\t\t\t<a rel=\"noopener noreferrer nofollow\" href=\"https:\/\/www.linkedin.com\/shareArticle?mini=true&url=https:\/\/lydenim.com\/es\/guia-para-principiantes-sobre-sudaderas-con-capucha-personalizadas-de-alta-calidad\/\" target=\"_blank\" class=\"wd-social-icon social-linkedin\" aria-label=\"Enlace social de Linkedin\">\n\t\t\t\t\t\t<span class=\"wd-icon\"><\/span>\n\t\t\t\t\t\t\t\t\t\t\t<\/a>\n\t\t\t\t\n\t\t\t\t\n\t\t\t\t\n\t\t\t\t\n\t\t\t\t\n\t\t\t\t\n\t\t\t\t\n\t\t\t\t\n\t\t\t\t\n\t\t\t\t\n\t\t\t\t\n\t\t\t\t\n\t\t\t\t\n\t\t\t\t\n\t\t\t\t\n\t\t\t\t\t\t\t\t\t<a rel=\"noopener noreferrer nofollow\" href=\"https:\/\/telegram.me\/share\/url?url=https:\/\/lydenim.com\/es\/guia-para-principiantes-sobre-sudaderas-con-capucha-personalizadas-de-alta-calidad\/\" target=\"_blank\" class=\"wd-social-icon social-tg\" aria-label=\"Enlace social de Telegram\">\n\t\t\t\t\t\t<span class=\"wd-icon\"><\/span>\n\t\t\t\t\t\t\t\t\t\t\t<\/a>\n\t\t\t\t\n\t\t\t\t\n\t\t\t<\/div>\n\n\t\t\t\t\t\t\t\t\t\t<\/div>\n\t\t\t\t\t\t\t\t<div class=\"tooltip-arrow\"><\/div>\n\t\t\t\t\t\t\t<\/div>\n\t\t\t\t\t\t<\/div>\n\t\t\t\t\t\n\t\t\t\t\t\t\t\t\t\t\t\t\t\t\t\t\t<div class=\"wd-post-reply wd-style-1\">\n\t\t\t\t\t\t\t<a href=\"https:\/\/lydenim.com\/es\/guia-para-principiantes-sobre-sudaderas-con-capucha-personalizadas-de-alta-calidad\/#respond\"><span class=\"wd-replies-count\">0<\/span><\/a>\t\t\t\t\t\t<\/div>\n\t\t\t\t\t\t\t\t\t<\/div>\n\t\t\t\n\t\t\t\t\t\t\t<div class=\"wd-post-excerpt entry-content\">\n\t\t\t\t\tEstimated reading time: \uff5e 5 minutes\r\nOrdering high-quality custom hoodies for the first time can feel overwhelming \u2014 not because the pr...\t\t\t\t<\/div>\n\t\t\t\n\t\t\t\t\t\t\t\t\t\t\t\t<div class=\"wd-post-read-more wd-style-link read-more-section\">\n\t\t\t\t\t\t<a class=\"\" href=\"https:\/\/lydenim.com\/es\/guia-para-principiantes-sobre-sudaderas-con-capucha-personalizadas-de-alta-calidad\/\">Seguir leyendo<\/a>\t\t\t\t\t<\/div>\n\t\t\t\t\t\t\t\t\t<\/div>\n\t<\/div>\n<\/article>\n\n\t\t\t\t\t<\/div>\n\t\t\t\t<div class=\"wd-carousel-item\">\n\t\t\t\t\t\t\t\n<article id=\"post-7254\" class=\"wd-post blog-design-masonry blog-post-loop blog-style-bg wd-add-shadow post-7254 post type-post status-publish format-standard has-post-thumbnail hentry category-garment\">\n\t<div class=\"wd-post-inner article-inner\">\n\t\t\t\t\t<div class=\"wd-post-thumb entry-header\">\n\t\t\t\t\t\t\t\t\t<div class=\"wd-post-img post-img-wrapp\">\n\t\t\t\t\t\t<img loading=\"lazy\" decoding=\"async\" width=\"150\" height=\"150\" src=\"https:\/\/lydenim.com\/wp-content\/uploads\/2026\/04\/Custom-Zip-Up-Hoodies-150x150.jpg\" class=\"attachment-thumbnail size-thumbnail\" alt=\"\" srcset=\"https:\/\/lydenim.com\/wp-content\/uploads\/2026\/04\/Custom-Zip-Up-Hoodies-150x150.jpg 150w, https:\/\/lydenim.com\/wp-content\/uploads\/2026\/04\/Custom-Zip-Up-Hoodies-300x300.jpg 300w, https:\/\/lydenim.com\/wp-content\/uploads\/2026\/04\/Custom-Zip-Up-Hoodies-45x45.jpg 45w\" sizes=\"auto, (max-width: 150px) 100vw, 150px\" \/>\t\t\t\t\t<\/div>\n\t\t\t\t\t<a class=\"wd-fill\" href=\"https:\/\/lydenim.com\/es\/sudaderas-con-cremallera-personalizadas-7-consejos-clave-para-evitar-costosos-errores\/\"><\/a>\n\t\t\t\t\n\t\t\t\t\t\t\t\t\t\t\t\t<div class=\"wd-post-date wd-style-with-bg\">\n\t\t\t\t<span class=\"post-date-day\">\n\t\t\t\t\t24\t\t\t\t<\/span>\n\t\t\t\t<span class=\"post-date-month\">\n\t\t\t\t\tAbr\t\t\t\t<\/span>\n\t\t\t<\/div>\n\t\t\t\t\t\t\t\t\t<\/div>\n\t\t\n\t\t<div class=\"wd-post-content article-body-container\">\n\t\t\t\t\t\t\t<div class=\"wd-post-cat wd-style-with-bg meta-post-categories\">\n\t\t\t\t\t<a href=\"https:\/\/lydenim.com\/es\/category\/prenda\/\" rel=\"category tag\">PRENDA<\/a>\t\t\t\t<\/div>\n\t\t\t\n\t\t\t\t\t\t\t<h3 class=\"wd-post-title wd-entities-title title post-title\">\n\t\t\t\t\t<a href=\"https:\/\/lydenim.com\/es\/sudaderas-con-cremallera-personalizadas-7-consejos-clave-para-evitar-costosos-errores\/\" rel=\"bookmark\">\n\t\t\t\t\t\tSudaderas con cremallera personalizadas: 7 consejos clave para evitar errores costosos\t\t\t\t\t<\/a>\n\t\t\t\t<\/h3>\n\t\t\t\n\t\t\t\t\t\t\t<div class=\"wd-post-meta\">\n\t\t\t\t\t\t\t\t\t\t\t\t\t\t\t<div class=\"wd-post-author\">\n\t\t\t\t\t\t\t\t\t\t\t<span>Publicado por<\/span>\n\t\t\n\t\t\t\t\t\t\t\n\t\t\t\t\t<a href=\"https:\/\/lydenim.com\/es\/author\/malonematthewmmgmail-com\/\" class=\"author\" rel=\"author\">malonematthewmm@gmail.com<\/a>\n\t\t\t\t\t\t\t\t\t<\/div>\n\t\t\t\t\t<div class=\"wd-modified-date\">\n\t\t\t\t\t\t\t\t<time class=\"updated\" datetime=\"2026-04-24T14:16:02+08:00\">\n\t\t\t24\/04\/2026\t\t<\/time>\n\t\t\t\t\t\t\t<\/div>\n\n\t\t\t\t\t\t\t\t\t\t\t<div class=\"wd-post-share wd-tltp\">\n\t\t\t\t\t\t\t<div class=\"tooltip top\">\n\t\t\t\t\t\t\t\t<div class=\"tooltip-inner\">\n\t\t\t\t\t\t\t\t\t\t\t\t<div\n\t\t\t\t\t\tclass=\"wd-social-icons wd-style-default wd-size-small social-share wd-shape-circle color-scheme-light text-center\">\n\t\t\t\t\n\t\t\t\t\n\t\t\t\t\t\t\t\t\t<a rel=\"noopener noreferrer nofollow\" href=\"https:\/\/www.facebook.com\/sharer\/sharer.php?u=https:\/\/lydenim.com\/es\/sudaderas-con-cremallera-personalizadas-7-consejos-clave-para-evitar-costosos-errores\/\" target=\"_blank\" class=\"wd-social-icon social-facebook\" aria-label=\"Enlace social de Facebook\">\n\t\t\t\t\t\t<span class=\"wd-icon\"><\/span>\n\t\t\t\t\t\t\t\t\t\t\t<\/a>\n\t\t\t\t\n\t\t\t\t\t\t\t\t\t<a rel=\"noopener noreferrer nofollow\" href=\"https:\/\/x.com\/share?url=https:\/\/lydenim.com\/es\/sudaderas-con-cremallera-personalizadas-7-consejos-clave-para-evitar-costosos-errores\/\" target=\"_blank\" class=\"wd-social-icon social-twitter\" aria-label=\"X enlace social\">\n\t\t\t\t\t\t<span class=\"wd-icon\"><\/span>\n\t\t\t\t\t\t\t\t\t\t\t<\/a>\n\t\t\t\t\n\t\t\t\t\n\t\t\t\t\n\t\t\t\t\n\t\t\t\t\n\t\t\t\t\n\t\t\t\t\t\t\t\t\t<a rel=\"noopener noreferrer nofollow\" href=\"https:\/\/pinterest.com\/pin\/create\/button\/?url=https:\/\/lydenim.com\/es\/sudaderas-con-cremallera-personalizadas-7-consejos-clave-para-evitar-costosos-errores\/&media=https:\/\/lydenim.com\/wp-content\/uploads\/2026\/04\/Custom-Zip-Up-Hoodies.jpg&description=Custom+Zip+Up+Hoodies%3A+7+Powerful+Tips+to+Avoid+Costly+Mistakes\" target=\"_blank\" class=\"wd-social-icon social-pinterest\" aria-label=\"Enlace social de Pinterest\">\n\t\t\t\t\t\t<span class=\"wd-icon\"><\/span>\n\t\t\t\t\t\t\t\t\t\t\t<\/a>\n\t\t\t\t\n\t\t\t\t\n\t\t\t\t\t\t\t\t\t<a rel=\"noopener noreferrer nofollow\" href=\"https:\/\/www.linkedin.com\/shareArticle?mini=true&url=https:\/\/lydenim.com\/es\/sudaderas-con-cremallera-personalizadas-7-consejos-clave-para-evitar-costosos-errores\/\" target=\"_blank\" class=\"wd-social-icon social-linkedin\" aria-label=\"Enlace social de Linkedin\">\n\t\t\t\t\t\t<span class=\"wd-icon\"><\/span>\n\t\t\t\t\t\t\t\t\t\t\t<\/a>\n\t\t\t\t\n\t\t\t\t\n\t\t\t\t\n\t\t\t\t\n\t\t\t\t\n\t\t\t\t\n\t\t\t\t\n\t\t\t\t\n\t\t\t\t\n\t\t\t\t\n\t\t\t\t\n\t\t\t\t\n\t\t\t\t\n\t\t\t\t\n\t\t\t\t\n\t\t\t\t\t\t\t\t\t<a rel=\"noopener noreferrer nofollow\" href=\"https:\/\/telegram.me\/share\/url?url=https:\/\/lydenim.com\/es\/sudaderas-con-cremallera-personalizadas-7-consejos-clave-para-evitar-costosos-errores\/\" target=\"_blank\" class=\"wd-social-icon social-tg\" aria-label=\"Enlace social de Telegram\">\n\t\t\t\t\t\t<span class=\"wd-icon\"><\/span>\n\t\t\t\t\t\t\t\t\t\t\t<\/a>\n\t\t\t\t\n\t\t\t\t\n\t\t\t<\/div>\n\n\t\t\t\t\t\t\t\t\t\t<\/div>\n\t\t\t\t\t\t\t\t<div class=\"tooltip-arrow\"><\/div>\n\t\t\t\t\t\t\t<\/div>\n\t\t\t\t\t\t<\/div>\n\t\t\t\t\t\n\t\t\t\t\t\t\t\t\t\t\t\t\t\t\t\t\t<div class=\"wd-post-reply wd-style-1\">\n\t\t\t\t\t\t\t<a href=\"https:\/\/lydenim.com\/es\/sudaderas-con-cremallera-personalizadas-7-consejos-clave-para-evitar-costosos-errores\/#respond\"><span class=\"wd-replies-count\">0<\/span><\/a>\t\t\t\t\t\t<\/div>\n\t\t\t\t\t\t\t\t\t<\/div>\n\t\t\t\n\t\t\t\t\t\t\t<div class=\"wd-post-excerpt entry-content\">\n\t\t\t\t\tEstimated reading time: ~4 minutes\r\nIf you're serious about building a clothing brand, custom zip up hoodies are not just a basic produ...\t\t\t\t<\/div>\n\t\t\t\n\t\t\t\t\t\t\t\t\t\t\t\t<div class=\"wd-post-read-more wd-style-link read-more-section\">\n\t\t\t\t\t\t<a class=\"\" href=\"https:\/\/lydenim.com\/es\/sudaderas-con-cremallera-personalizadas-7-consejos-clave-para-evitar-costosos-errores\/\">Seguir leyendo<\/a>\t\t\t\t\t<\/div>\n\t\t\t\t\t\t\t\t\t<\/div>\n\t<\/div>\n<\/article>\n\n\t\t\t\t\t<\/div>\n\t\t\t\t<div class=\"wd-carousel-item\">\n\t\t\t\t\t\t\t\n<article id=\"post-7239\" class=\"wd-post blog-design-masonry blog-post-loop blog-style-bg wd-add-shadow post-7239 post type-post status-publish format-standard has-post-thumbnail hentry category-denim-knowledge\">\n\t<div class=\"wd-post-inner article-inner\">\n\t\t\t\t\t<div class=\"wd-post-thumb entry-header\">\n\t\t\t\t\t\t\t\t\t<div class=\"wd-post-img post-img-wrapp\">\n\t\t\t\t\t\t<img loading=\"lazy\" decoding=\"async\" width=\"150\" height=\"150\" src=\"https:\/\/lydenim.com\/wp-content\/uploads\/2026\/04\/Selvedge-Denim-Material-150x150.jpg\" class=\"attachment-thumbnail size-thumbnail\" alt=\"\" srcset=\"https:\/\/lydenim.com\/wp-content\/uploads\/2026\/04\/Selvedge-Denim-Material-150x150.jpg 150w, https:\/\/lydenim.com\/wp-content\/uploads\/2026\/04\/Selvedge-Denim-Material-300x300.jpg 300w, https:\/\/lydenim.com\/wp-content\/uploads\/2026\/04\/Selvedge-Denim-Material-45x45.jpg 45w\" sizes=\"auto, (max-width: 150px) 100vw, 150px\" \/>\t\t\t\t\t<\/div>\n\t\t\t\t\t<a class=\"wd-fill\" href=\"https:\/\/lydenim.com\/es\/tejido-vaquero-selvedge-frente-a-tejido-vaquero-normal-una-guia-sencilla-para-nuevos-fabricantes-de-prendas\/\"><\/a>\n\t\t\t\t\n\t\t\t\t\t\t\t\t\t\t\t\t<div class=\"wd-post-date wd-style-with-bg\">\n\t\t\t\t<span class=\"post-date-day\">\n\t\t\t\t\t18\t\t\t\t<\/span>\n\t\t\t\t<span class=\"post-date-month\">\n\t\t\t\t\tAbr\t\t\t\t<\/span>\n\t\t\t<\/div>\n\t\t\t\t\t\t\t\t\t<\/div>\n\t\t\n\t\t<div class=\"wd-post-content article-body-container\">\n\t\t\t\t\t\t\t<div class=\"wd-post-cat wd-style-with-bg meta-post-categories\">\n\t\t\t\t\t<a href=\"https:\/\/lydenim.com\/es\/category\/conocimiento-de-mezclilla\/\" rel=\"category tag\">Conocimiento del denim<\/a>\t\t\t\t<\/div>\n\t\t\t\n\t\t\t\t\t\t\t<h3 class=\"wd-post-title wd-entities-title title post-title\">\n\t\t\t\t\t<a href=\"https:\/\/lydenim.com\/es\/tejido-vaquero-selvedge-frente-a-tejido-vaquero-normal-una-guia-sencilla-para-nuevos-fabricantes-de-prendas\/\" rel=\"bookmark\">\n\t\t\t\t\t\tTela vaquera con orillo frente a tela vaquera normal: una gu\u00eda sencilla para quienes se inician en la confecci\u00f3n de prendas.\t\t\t\t\t<\/a>\n\t\t\t\t<\/h3>\n\t\t\t\n\t\t\t\t\t\t\t<div class=\"wd-post-meta\">\n\t\t\t\t\t\t\t\t\t\t\t\t\t\t\t<div class=\"wd-post-author\">\n\t\t\t\t\t\t\t\t\t\t\t<span>Publicado por<\/span>\n\t\t\n\t\t\t\t\t\t\t\n\t\t\t\t\t<a href=\"https:\/\/lydenim.com\/es\/author\/malonematthewmmgmail-com\/\" class=\"author\" rel=\"author\">malonematthewmm@gmail.com<\/a>\n\t\t\t\t\t\t\t\t\t<\/div>\n\t\t\t\t\t<div class=\"wd-modified-date\">\n\t\t\t\t\t\t\t\t<time class=\"updated\" datetime=\"2026-04-18T17:24:42+08:00\">\n\t\t\t18\/04\/2026\t\t<\/time>\n\t\t\t\t\t\t\t<\/div>\n\n\t\t\t\t\t\t\t\t\t\t\t<div class=\"wd-post-share wd-tltp\">\n\t\t\t\t\t\t\t<div class=\"tooltip top\">\n\t\t\t\t\t\t\t\t<div class=\"tooltip-inner\">\n\t\t\t\t\t\t\t\t\t\t\t\t<div\n\t\t\t\t\t\tclass=\"wd-social-icons wd-style-default wd-size-small social-share wd-shape-circle color-scheme-light text-center\">\n\t\t\t\t\n\t\t\t\t\n\t\t\t\t\t\t\t\t\t<a rel=\"noopener noreferrer nofollow\" href=\"https:\/\/www.facebook.com\/sharer\/sharer.php?u=https:\/\/lydenim.com\/es\/tejido-vaquero-selvedge-frente-a-tejido-vaquero-normal-una-guia-sencilla-para-nuevos-fabricantes-de-prendas\/\" target=\"_blank\" class=\"wd-social-icon social-facebook\" aria-label=\"Enlace social de Facebook\">\n\t\t\t\t\t\t<span class=\"wd-icon\"><\/span>\n\t\t\t\t\t\t\t\t\t\t\t<\/a>\n\t\t\t\t\n\t\t\t\t\t\t\t\t\t<a rel=\"noopener noreferrer nofollow\" href=\"https:\/\/x.com\/share?url=https:\/\/lydenim.com\/es\/tejido-vaquero-selvedge-frente-a-tejido-vaquero-normal-una-guia-sencilla-para-nuevos-fabricantes-de-prendas\/\" target=\"_blank\" class=\"wd-social-icon social-twitter\" aria-label=\"X enlace social\">\n\t\t\t\t\t\t<span class=\"wd-icon\"><\/span>\n\t\t\t\t\t\t\t\t\t\t\t<\/a>\n\t\t\t\t\n\t\t\t\t\n\t\t\t\t\n\t\t\t\t\n\t\t\t\t\n\t\t\t\t\n\t\t\t\t\t\t\t\t\t<a rel=\"noopener noreferrer nofollow\" href=\"https:\/\/pinterest.com\/pin\/create\/button\/?url=https:\/\/lydenim.com\/es\/tejido-vaquero-selvedge-frente-a-tejido-vaquero-normal-una-guia-sencilla-para-nuevos-fabricantes-de-prendas\/&media=https:\/\/lydenim.com\/wp-content\/uploads\/2026\/04\/Selvedge-Denim-Material.jpg&description=Selvedge+Denim+Material+vs+Regular+Denim%3A+A+Simple+Guide+for+New+Garment+Makers\" target=\"_blank\" class=\"wd-social-icon social-pinterest\" aria-label=\"Enlace social de Pinterest\">\n\t\t\t\t\t\t<span class=\"wd-icon\"><\/span>\n\t\t\t\t\t\t\t\t\t\t\t<\/a>\n\t\t\t\t\n\t\t\t\t\n\t\t\t\t\t\t\t\t\t<a rel=\"noopener noreferrer nofollow\" href=\"https:\/\/www.linkedin.com\/shareArticle?mini=true&url=https:\/\/lydenim.com\/es\/tejido-vaquero-selvedge-frente-a-tejido-vaquero-normal-una-guia-sencilla-para-nuevos-fabricantes-de-prendas\/\" target=\"_blank\" class=\"wd-social-icon social-linkedin\" aria-label=\"Enlace social de Linkedin\">\n\t\t\t\t\t\t<span class=\"wd-icon\"><\/span>\n\t\t\t\t\t\t\t\t\t\t\t<\/a>\n\t\t\t\t\n\t\t\t\t\n\t\t\t\t\n\t\t\t\t\n\t\t\t\t\n\t\t\t\t\n\t\t\t\t\n\t\t\t\t\n\t\t\t\t\n\t\t\t\t\n\t\t\t\t\n\t\t\t\t\n\t\t\t\t\n\t\t\t\t\n\t\t\t\t\n\t\t\t\t\t\t\t\t\t<a rel=\"noopener noreferrer nofollow\" href=\"https:\/\/telegram.me\/share\/url?url=https:\/\/lydenim.com\/es\/tejido-vaquero-selvedge-frente-a-tejido-vaquero-normal-una-guia-sencilla-para-nuevos-fabricantes-de-prendas\/\" target=\"_blank\" class=\"wd-social-icon social-tg\" aria-label=\"Enlace social de Telegram\">\n\t\t\t\t\t\t<span class=\"wd-icon\"><\/span>\n\t\t\t\t\t\t\t\t\t\t\t<\/a>\n\t\t\t\t\n\t\t\t\t\n\t\t\t<\/div>\n\n\t\t\t\t\t\t\t\t\t\t<\/div>\n\t\t\t\t\t\t\t\t<div class=\"tooltip-arrow\"><\/div>\n\t\t\t\t\t\t\t<\/div>\n\t\t\t\t\t\t<\/div>\n\t\t\t\t\t\n\t\t\t\t\t\t\t\t\t\t\t\t\t\t\t\t\t<div class=\"wd-post-reply wd-style-1\">\n\t\t\t\t\t\t\t<a href=\"https:\/\/lydenim.com\/es\/tejido-vaquero-selvedge-frente-a-tejido-vaquero-normal-una-guia-sencilla-para-nuevos-fabricantes-de-prendas\/#respond\"><span class=\"wd-replies-count\">0<\/span><\/a>\t\t\t\t\t\t<\/div>\n\t\t\t\t\t\t\t\t\t<\/div>\n\t\t\t\n\t\t\t\t\t\t\t<div class=\"wd-post-excerpt entry-content\">\n\t\t\t\t\tEstimated reading time: ~5 minutes\r\nMaking your own custom denim can be a bit scary, especially when you hear terms like selvedge denim...\t\t\t\t<\/div>\n\t\t\t\n\t\t\t\t\t\t\t\t\t\t\t\t<div class=\"wd-post-read-more wd-style-link read-more-section\">\n\t\t\t\t\t\t<a class=\"\" href=\"https:\/\/lydenim.com\/es\/tejido-vaquero-selvedge-frente-a-tejido-vaquero-normal-una-guia-sencilla-para-nuevos-fabricantes-de-prendas\/\">Seguir leyendo<\/a>\t\t\t\t\t<\/div>\n\t\t\t\t\t\t\t\t\t<\/div>\n\t<\/div>\n<\/article>\n\n\t\t\t\t\t<\/div>\n\t\t\t\t<div class=\"wd-carousel-item\">\n\t\t\t\t\t\t\t\n<article id=\"post-7227\" class=\"wd-post blog-design-masonry blog-post-loop blog-style-bg wd-add-shadow post-7227 post type-post status-publish format-standard has-post-thumbnail hentry category-garment\">\n\t<div class=\"wd-post-inner article-inner\">\n\t\t\t\t\t<div class=\"wd-post-thumb entry-header\">\n\t\t\t\t\t\t\t\t\t<div class=\"wd-post-img post-img-wrapp\">\n\t\t\t\t\t\t<img loading=\"lazy\" decoding=\"async\" width=\"150\" height=\"150\" src=\"https:\/\/lydenim.com\/wp-content\/uploads\/2026\/04\/Custom-Embroidered-Hoodies-for-Small-Brands-150x150.jpg\" class=\"attachment-thumbnail size-thumbnail\" alt=\"\" srcset=\"https:\/\/lydenim.com\/wp-content\/uploads\/2026\/04\/Custom-Embroidered-Hoodies-for-Small-Brands-150x150.jpg 150w, https:\/\/lydenim.com\/wp-content\/uploads\/2026\/04\/Custom-Embroidered-Hoodies-for-Small-Brands-300x300.jpg 300w, https:\/\/lydenim.com\/wp-content\/uploads\/2026\/04\/Custom-Embroidered-Hoodies-for-Small-Brands-45x45.jpg 45w\" sizes=\"auto, (max-width: 150px) 100vw, 150px\" \/>\t\t\t\t\t<\/div>\n\t\t\t\t\t<a class=\"wd-fill\" href=\"https:\/\/lydenim.com\/es\/sudaderas-con-capucha-bordadas-a-medida-de-pequenas-marcas-2\/\"><\/a>\n\t\t\t\t\n\t\t\t\t\t\t\t\t\t\t\t\t<div class=\"wd-post-date wd-style-with-bg\">\n\t\t\t\t<span class=\"post-date-day\">\n\t\t\t\t\t15\t\t\t\t<\/span>\n\t\t\t\t<span class=\"post-date-month\">\n\t\t\t\t\tAbr\t\t\t\t<\/span>\n\t\t\t<\/div>\n\t\t\t\t\t\t\t\t\t<\/div>\n\t\t\n\t\t<div class=\"wd-post-content article-body-container\">\n\t\t\t\t\t\t\t<div class=\"wd-post-cat wd-style-with-bg meta-post-categories\">\n\t\t\t\t\t<a href=\"https:\/\/lydenim.com\/es\/category\/prenda\/\" rel=\"category tag\">PRENDA<\/a>\t\t\t\t<\/div>\n\t\t\t\n\t\t\t\t\t\t\t<h3 class=\"wd-post-title wd-entities-title title post-title\">\n\t\t\t\t\t<a href=\"https:\/\/lydenim.com\/es\/sudaderas-con-capucha-bordadas-a-medida-de-pequenas-marcas-2\/\" rel=\"bookmark\">\n\t\t\t\t\t\tSudaderas con capucha bordadas personalizadas para peque\u00f1as marcas\t\t\t\t\t<\/a>\n\t\t\t\t<\/h3>\n\t\t\t\n\t\t\t\t\t\t\t<div class=\"wd-post-meta\">\n\t\t\t\t\t\t\t\t\t\t\t\t\t\t\t<div class=\"wd-post-author\">\n\t\t\t\t\t\t\t\t\t\t\t<span>Publicado por<\/span>\n\t\t\n\t\t\t\t\t\t\t\n\t\t\t\t\t<a href=\"https:\/\/lydenim.com\/es\/author\/malonematthewmmgmail-com\/\" class=\"author\" rel=\"author\">malonematthewmm@gmail.com<\/a>\n\t\t\t\t\t\t\t\t\t<\/div>\n\t\t\t\t\t<div class=\"wd-modified-date\">\n\t\t\t\t\t\t\t\t<time class=\"updated\" datetime=\"2026-04-15T12:41:50+08:00\">\n\t\t\t15\/04\/2026\t\t<\/time>\n\t\t\t\t\t\t\t<\/div>\n\n\t\t\t\t\t\t\t\t\t\t\t<div class=\"wd-post-share wd-tltp\">\n\t\t\t\t\t\t\t<div class=\"tooltip top\">\n\t\t\t\t\t\t\t\t<div class=\"tooltip-inner\">\n\t\t\t\t\t\t\t\t\t\t\t\t<div\n\t\t\t\t\t\tclass=\"wd-social-icons wd-style-default wd-size-small social-share wd-shape-circle color-scheme-light text-center\">\n\t\t\t\t\n\t\t\t\t\n\t\t\t\t\t\t\t\t\t<a rel=\"noopener noreferrer nofollow\" href=\"https:\/\/www.facebook.com\/sharer\/sharer.php?u=https:\/\/lydenim.com\/es\/sudaderas-con-capucha-bordadas-a-medida-de-pequenas-marcas-2\/\" target=\"_blank\" class=\"wd-social-icon social-facebook\" aria-label=\"Enlace social de Facebook\">\n\t\t\t\t\t\t<span class=\"wd-icon\"><\/span>\n\t\t\t\t\t\t\t\t\t\t\t<\/a>\n\t\t\t\t\n\t\t\t\t\t\t\t\t\t<a rel=\"noopener noreferrer nofollow\" href=\"https:\/\/x.com\/share?url=https:\/\/lydenim.com\/es\/sudaderas-con-capucha-bordadas-a-medida-de-pequenas-marcas-2\/\" target=\"_blank\" class=\"wd-social-icon social-twitter\" aria-label=\"X enlace social\">\n\t\t\t\t\t\t<span class=\"wd-icon\"><\/span>\n\t\t\t\t\t\t\t\t\t\t\t<\/a>\n\t\t\t\t\n\t\t\t\t\n\t\t\t\t\n\t\t\t\t\n\t\t\t\t\n\t\t\t\t\n\t\t\t\t\t\t\t\t\t<a rel=\"noopener noreferrer nofollow\" href=\"https:\/\/pinterest.com\/pin\/create\/button\/?url=https:\/\/lydenim.com\/es\/sudaderas-con-capucha-bordadas-a-medida-de-pequenas-marcas-2\/&media=https:\/\/lydenim.com\/wp-content\/uploads\/2026\/04\/Custom-Embroidered-Hoodies-for-Small-Brands.jpg&description=Custom+Embroidered+Hoodies+for+Small+Brands\" target=\"_blank\" class=\"wd-social-icon social-pinterest\" aria-label=\"Enlace social de Pinterest\">\n\t\t\t\t\t\t<span class=\"wd-icon\"><\/span>\n\t\t\t\t\t\t\t\t\t\t\t<\/a>\n\t\t\t\t\n\t\t\t\t\n\t\t\t\t\t\t\t\t\t<a rel=\"noopener noreferrer nofollow\" href=\"https:\/\/www.linkedin.com\/shareArticle?mini=true&url=https:\/\/lydenim.com\/es\/sudaderas-con-capucha-bordadas-a-medida-de-pequenas-marcas-2\/\" target=\"_blank\" class=\"wd-social-icon social-linkedin\" aria-label=\"Enlace social de Linkedin\">\n\t\t\t\t\t\t<span class=\"wd-icon\"><\/span>\n\t\t\t\t\t\t\t\t\t\t\t<\/a>\n\t\t\t\t\n\t\t\t\t\n\t\t\t\t\n\t\t\t\t\n\t\t\t\t\n\t\t\t\t\n\t\t\t\t\n\t\t\t\t\n\t\t\t\t\n\t\t\t\t\n\t\t\t\t\n\t\t\t\t\n\t\t\t\t\n\t\t\t\t\n\t\t\t\t\n\t\t\t\t\t\t\t\t\t<a rel=\"noopener noreferrer nofollow\" href=\"https:\/\/telegram.me\/share\/url?url=https:\/\/lydenim.com\/es\/sudaderas-con-capucha-bordadas-a-medida-de-pequenas-marcas-2\/\" target=\"_blank\" class=\"wd-social-icon social-tg\" aria-label=\"Enlace social de Telegram\">\n\t\t\t\t\t\t<span class=\"wd-icon\"><\/span>\n\t\t\t\t\t\t\t\t\t\t\t<\/a>\n\t\t\t\t\n\t\t\t\t\n\t\t\t<\/div>\n\n\t\t\t\t\t\t\t\t\t\t<\/div>\n\t\t\t\t\t\t\t\t<div class=\"tooltip-arrow\"><\/div>\n\t\t\t\t\t\t\t<\/div>\n\t\t\t\t\t\t<\/div>\n\t\t\t\t\t\n\t\t\t\t\t\t\t\t\t<\/div>\n\t\t\t\n\t\t\t\t\t\t\t<div class=\"wd-post-excerpt entry-content\">\n\t\t\t\t\tEstimated reading time: ~4 minutes\r\nAs a new brand owner or small team you\u2019re looking to test the waters with just 50-100 embroidered h...\t\t\t\t<\/div>\n\t\t\t\n\t\t\t\t\t\t\t\t\t\t\t\t<div class=\"wd-post-read-more wd-style-link read-more-section\">\n\t\t\t\t\t\t<a class=\"\" href=\"https:\/\/lydenim.com\/es\/sudaderas-con-capucha-bordadas-a-medida-de-pequenas-marcas-2\/\">Seguir leyendo<\/a>\t\t\t\t\t<\/div>\n\t\t\t\t\t\t\t\t\t<\/div>\n\t<\/div>\n<\/article>\n\n\t\t\t\t\t<\/div>\n\t\t\t\t<div class=\"wd-carousel-item\">\n\t\t\t\t\t\t\t\n<article id=\"post-7217\" class=\"wd-post blog-design-masonry blog-post-loop blog-style-bg wd-add-shadow post-7217 post type-post status-publish format-standard has-post-thumbnail hentry category-garment\">\n\t<div class=\"wd-post-inner article-inner\">\n\t\t\t\t\t<div class=\"wd-post-thumb entry-header\">\n\t\t\t\t\t\t\t\t\t<div class=\"wd-post-img post-img-wrapp\">\n\t\t\t\t\t\t<img loading=\"lazy\" decoding=\"async\" width=\"150\" height=\"150\" src=\"https:\/\/lydenim.com\/wp-content\/uploads\/2026\/04\/One-stop-low-MOQ-150x150.jpg\" class=\"attachment-thumbnail size-thumbnail\" alt=\"\" srcset=\"https:\/\/lydenim.com\/wp-content\/uploads\/2026\/04\/One-stop-low-MOQ-150x150.jpg 150w, https:\/\/lydenim.com\/wp-content\/uploads\/2026\/04\/One-stop-low-MOQ-300x300.jpg 300w, https:\/\/lydenim.com\/wp-content\/uploads\/2026\/04\/One-stop-low-MOQ-45x45.jpg 45w\" sizes=\"auto, (max-width: 150px) 100vw, 150px\" \/>\t\t\t\t\t<\/div>\n\t\t\t\t\t<a class=\"wd-fill\" href=\"https:\/\/lydenim.com\/es\/camisetas-personalizadas-sin-pedido-minimo-como-lanzar-y-expandir-tu-linea-de-ropa-con-personalizacion-flexible\/\"><\/a>\n\t\t\t\t\n\t\t\t\t\t\t\t\t\t\t\t\t<div class=\"wd-post-date wd-style-with-bg\">\n\t\t\t\t<span class=\"post-date-day\">\n\t\t\t\t\t09\t\t\t\t<\/span>\n\t\t\t\t<span class=\"post-date-month\">\n\t\t\t\t\tAbr\t\t\t\t<\/span>\n\t\t\t<\/div>\n\t\t\t\t\t\t\t\t\t<\/div>\n\t\t\n\t\t<div class=\"wd-post-content article-body-container\">\n\t\t\t\t\t\t\t<div class=\"wd-post-cat wd-style-with-bg meta-post-categories\">\n\t\t\t\t\t<a href=\"https:\/\/lydenim.com\/es\/category\/prenda\/\" rel=\"category tag\">PRENDA<\/a>\t\t\t\t<\/div>\n\t\t\t\n\t\t\t\t\t\t\t<h3 class=\"wd-post-title wd-entities-title title post-title\">\n\t\t\t\t\t<a href=\"https:\/\/lydenim.com\/es\/camisetas-personalizadas-sin-pedido-minimo-como-lanzar-y-expandir-tu-linea-de-ropa-con-personalizacion-flexible\/\" rel=\"bookmark\">\n\t\t\t\t\t\tCamisetas personalizadas sin pedido m\u00ednimo: C\u00f3mo lanzar y expandir tu l\u00ednea de ropa con personalizaci\u00f3n flexible.\t\t\t\t\t<\/a>\n\t\t\t\t<\/h3>\n\t\t\t\n\t\t\t\t\t\t\t<div class=\"wd-post-meta\">\n\t\t\t\t\t\t\t\t\t\t\t\t\t\t\t<div class=\"wd-post-author\">\n\t\t\t\t\t\t\t\t\t\t\t<span>Publicado por<\/span>\n\t\t\n\t\t\t\t\t\t\t\n\t\t\t\t\t<a href=\"https:\/\/lydenim.com\/es\/author\/malonematthewmmgmail-com\/\" class=\"author\" rel=\"author\">malonematthewmm@gmail.com<\/a>\n\t\t\t\t\t\t\t\t\t<\/div>\n\t\t\t\t\t<div class=\"wd-modified-date\">\n\t\t\t\t\t\t\t\t<time class=\"updated\" datetime=\"2026-04-09T13:20:36+08:00\">\n\t\t\t09\/04\/2026\t\t<\/time>\n\t\t\t\t\t\t\t<\/div>\n\n\t\t\t\t\t\t\t\t\t\t\t<div class=\"wd-post-share wd-tltp\">\n\t\t\t\t\t\t\t<div class=\"tooltip top\">\n\t\t\t\t\t\t\t\t<div class=\"tooltip-inner\">\n\t\t\t\t\t\t\t\t\t\t\t\t<div\n\t\t\t\t\t\tclass=\"wd-social-icons wd-style-default wd-size-small social-share wd-shape-circle color-scheme-light text-center\">\n\t\t\t\t\n\t\t\t\t\n\t\t\t\t\t\t\t\t\t<a rel=\"noopener noreferrer nofollow\" href=\"https:\/\/www.facebook.com\/sharer\/sharer.php?u=https:\/\/lydenim.com\/es\/camisetas-personalizadas-sin-pedido-minimo-como-lanzar-y-expandir-tu-linea-de-ropa-con-personalizacion-flexible\/\" target=\"_blank\" class=\"wd-social-icon social-facebook\" aria-label=\"Enlace social de Facebook\">\n\t\t\t\t\t\t<span class=\"wd-icon\"><\/span>\n\t\t\t\t\t\t\t\t\t\t\t<\/a>\n\t\t\t\t\n\t\t\t\t\t\t\t\t\t<a rel=\"noopener noreferrer nofollow\" href=\"https:\/\/x.com\/share?url=https:\/\/lydenim.com\/es\/camisetas-personalizadas-sin-pedido-minimo-como-lanzar-y-expandir-tu-linea-de-ropa-con-personalizacion-flexible\/\" target=\"_blank\" class=\"wd-social-icon social-twitter\" aria-label=\"X enlace social\">\n\t\t\t\t\t\t<span class=\"wd-icon\"><\/span>\n\t\t\t\t\t\t\t\t\t\t\t<\/a>\n\t\t\t\t\n\t\t\t\t\n\t\t\t\t\n\t\t\t\t\n\t\t\t\t\n\t\t\t\t\n\t\t\t\t\t\t\t\t\t<a rel=\"noopener noreferrer nofollow\" href=\"https:\/\/pinterest.com\/pin\/create\/button\/?url=https:\/\/lydenim.com\/es\/camisetas-personalizadas-sin-pedido-minimo-como-lanzar-y-expandir-tu-linea-de-ropa-con-personalizacion-flexible\/&media=https:\/\/lydenim.com\/wp-content\/uploads\/2026\/04\/One-stop-low-MOQ.jpg&description=Custom+T-Shirts+No+Minimum%3A+How+to+Launch+and+Scale+Your+Apparel+Line+with+Flexible+Customization\" target=\"_blank\" class=\"wd-social-icon social-pinterest\" aria-label=\"Enlace social de Pinterest\">\n\t\t\t\t\t\t<span class=\"wd-icon\"><\/span>\n\t\t\t\t\t\t\t\t\t\t\t<\/a>\n\t\t\t\t\n\t\t\t\t\n\t\t\t\t\t\t\t\t\t<a rel=\"noopener noreferrer nofollow\" href=\"https:\/\/www.linkedin.com\/shareArticle?mini=true&url=https:\/\/lydenim.com\/es\/camisetas-personalizadas-sin-pedido-minimo-como-lanzar-y-expandir-tu-linea-de-ropa-con-personalizacion-flexible\/\" target=\"_blank\" class=\"wd-social-icon social-linkedin\" aria-label=\"Enlace social de Linkedin\">\n\t\t\t\t\t\t<span class=\"wd-icon\"><\/span>\n\t\t\t\t\t\t\t\t\t\t\t<\/a>\n\t\t\t\t\n\t\t\t\t\n\t\t\t\t\n\t\t\t\t\n\t\t\t\t\n\t\t\t\t\n\t\t\t\t\n\t\t\t\t\n\t\t\t\t\n\t\t\t\t\n\t\t\t\t\n\t\t\t\t\n\t\t\t\t\n\t\t\t\t\n\t\t\t\t\n\t\t\t\t\t\t\t\t\t<a rel=\"noopener noreferrer nofollow\" href=\"https:\/\/telegram.me\/share\/url?url=https:\/\/lydenim.com\/es\/camisetas-personalizadas-sin-pedido-minimo-como-lanzar-y-expandir-tu-linea-de-ropa-con-personalizacion-flexible\/\" target=\"_blank\" class=\"wd-social-icon social-tg\" aria-label=\"Enlace social de Telegram\">\n\t\t\t\t\t\t<span class=\"wd-icon\"><\/span>\n\t\t\t\t\t\t\t\t\t\t\t<\/a>\n\t\t\t\t\n\t\t\t\t\n\t\t\t<\/div>\n\n\t\t\t\t\t\t\t\t\t\t<\/div>\n\t\t\t\t\t\t\t\t<div class=\"tooltip-arrow\"><\/div>\n\t\t\t\t\t\t\t<\/div>\n\t\t\t\t\t\t<\/div>\n\t\t\t\t\t\n\t\t\t\t\t\t\t\t\t<\/div>\n\t\t\t\n\t\t\t\t\t\t\t<div class=\"wd-post-excerpt entry-content\">\n\t\t\t\t\tEstimated reading time: ~3 minutes\r\nIn today\u2019s fast-paced fashion landscape, custom T-shirts with no minimum order have become a game-c...\t\t\t\t<\/div>\n\t\t\t\n\t\t\t\t\t\t\t\t\t\t\t\t<div class=\"wd-post-read-more wd-style-link read-more-section\">\n\t\t\t\t\t\t<a class=\"\" href=\"https:\/\/lydenim.com\/es\/camisetas-personalizadas-sin-pedido-minimo-como-lanzar-y-expandir-tu-linea-de-ropa-con-personalizacion-flexible\/\">Seguir leyendo<\/a>\t\t\t\t\t<\/div>\n\t\t\t\t\t\t\t\t\t<\/div>\n\t<\/div>\n<\/article>\n\n\t\t\t\t\t<\/div>\n\t\t\t\t<div class=\"wd-carousel-item\">\n\t\t\t\t\t\t\t\n<article id=\"post-7204\" class=\"wd-post blog-design-masonry blog-post-loop blog-style-bg wd-add-shadow post-7204 post type-post status-publish format-standard has-post-thumbnail hentry category-garment\">\n\t<div class=\"wd-post-inner article-inner\">\n\t\t\t\t\t<div class=\"wd-post-thumb entry-header\">\n\t\t\t\t\t\t\t\t\t<div class=\"wd-post-img post-img-wrapp\">\n\t\t\t\t\t\t<img loading=\"lazy\" decoding=\"async\" width=\"150\" height=\"150\" src=\"https:\/\/lydenim.com\/wp-content\/uploads\/2026\/04\/Custom-Embroidered-Hoodies-150x150.jpg\" class=\"attachment-thumbnail size-thumbnail\" alt=\"\" srcset=\"https:\/\/lydenim.com\/wp-content\/uploads\/2026\/04\/Custom-Embroidered-Hoodies-150x150.jpg 150w, https:\/\/lydenim.com\/wp-content\/uploads\/2026\/04\/Custom-Embroidered-Hoodies-300x300.jpg 300w, https:\/\/lydenim.com\/wp-content\/uploads\/2026\/04\/Custom-Embroidered-Hoodies-45x45.jpg 45w\" sizes=\"auto, (max-width: 150px) 100vw, 150px\" \/>\t\t\t\t\t<\/div>\n\t\t\t\t\t<a class=\"wd-fill\" href=\"https:\/\/lydenim.com\/es\/realza-tu-marca-con-sudaderas-con-capucha-bordadas-a-medida\/\"><\/a>\n\t\t\t\t\n\t\t\t\t\t\t\t\t\t\t\t\t<div class=\"wd-post-date wd-style-with-bg\">\n\t\t\t\t<span class=\"post-date-day\">\n\t\t\t\t\t06\t\t\t\t<\/span>\n\t\t\t\t<span class=\"post-date-month\">\n\t\t\t\t\tAbr\t\t\t\t<\/span>\n\t\t\t<\/div>\n\t\t\t\t\t\t\t\t\t<\/div>\n\t\t\n\t\t<div class=\"wd-post-content article-body-container\">\n\t\t\t\t\t\t\t<div class=\"wd-post-cat wd-style-with-bg meta-post-categories\">\n\t\t\t\t\t<a href=\"https:\/\/lydenim.com\/es\/category\/prenda\/\" rel=\"category tag\">PRENDA<\/a>\t\t\t\t<\/div>\n\t\t\t\n\t\t\t\t\t\t\t<h3 class=\"wd-post-title wd-entities-title title post-title\">\n\t\t\t\t\t<a href=\"https:\/\/lydenim.com\/es\/realza-tu-marca-con-sudaderas-con-capucha-bordadas-a-medida\/\" rel=\"bookmark\">\n\t\t\t\t\t\tRealza tu marca con sudaderas con capucha bordadas personalizadas.\t\t\t\t\t<\/a>\n\t\t\t\t<\/h3>\n\t\t\t\n\t\t\t\t\t\t\t<div class=\"wd-post-meta\">\n\t\t\t\t\t\t\t\t\t\t\t\t\t\t\t<div class=\"wd-post-author\">\n\t\t\t\t\t\t\t\t\t\t\t<span>Publicado por<\/span>\n\t\t\n\t\t\t\t\t\t\t\n\t\t\t\t\t<a href=\"https:\/\/lydenim.com\/es\/author\/malonematthewmmgmail-com\/\" class=\"author\" rel=\"author\">malonematthewmm@gmail.com<\/a>\n\t\t\t\t\t\t\t\t\t<\/div>\n\t\t\t\t\t<div class=\"wd-modified-date\">\n\t\t\t\t\t\t\t\t<time class=\"updated\" datetime=\"2026-04-06T11:14:54+08:00\">\n\t\t\t06\/04\/2026\t\t<\/time>\n\t\t\t\t\t\t\t<\/div>\n\n\t\t\t\t\t\t\t\t\t\t\t<div class=\"wd-post-share wd-tltp\">\n\t\t\t\t\t\t\t<div class=\"tooltip top\">\n\t\t\t\t\t\t\t\t<div class=\"tooltip-inner\">\n\t\t\t\t\t\t\t\t\t\t\t\t<div\n\t\t\t\t\t\tclass=\"wd-social-icons wd-style-default wd-size-small social-share wd-shape-circle color-scheme-light text-center\">\n\t\t\t\t\n\t\t\t\t\n\t\t\t\t\t\t\t\t\t<a rel=\"noopener noreferrer nofollow\" href=\"https:\/\/www.facebook.com\/sharer\/sharer.php?u=https:\/\/lydenim.com\/es\/realza-tu-marca-con-sudaderas-con-capucha-bordadas-a-medida\/\" target=\"_blank\" class=\"wd-social-icon social-facebook\" aria-label=\"Enlace social de Facebook\">\n\t\t\t\t\t\t<span class=\"wd-icon\"><\/span>\n\t\t\t\t\t\t\t\t\t\t\t<\/a>\n\t\t\t\t\n\t\t\t\t\t\t\t\t\t<a rel=\"noopener noreferrer nofollow\" href=\"https:\/\/x.com\/share?url=https:\/\/lydenim.com\/es\/realza-tu-marca-con-sudaderas-con-capucha-bordadas-a-medida\/\" target=\"_blank\" class=\"wd-social-icon social-twitter\" aria-label=\"X enlace social\">\n\t\t\t\t\t\t<span class=\"wd-icon\"><\/span>\n\t\t\t\t\t\t\t\t\t\t\t<\/a>\n\t\t\t\t\n\t\t\t\t\n\t\t\t\t\n\t\t\t\t\n\t\t\t\t\n\t\t\t\t\n\t\t\t\t\t\t\t\t\t<a rel=\"noopener noreferrer nofollow\" href=\"https:\/\/pinterest.com\/pin\/create\/button\/?url=https:\/\/lydenim.com\/es\/realza-tu-marca-con-sudaderas-con-capucha-bordadas-a-medida\/&media=https:\/\/lydenim.com\/wp-content\/uploads\/2026\/04\/Custom-Embroidered-Hoodies.jpg&description=Elevate+Your+Brand+with+Custom+Embroidered+Hoodies\" target=\"_blank\" class=\"wd-social-icon social-pinterest\" aria-label=\"Enlace social de Pinterest\">\n\t\t\t\t\t\t<span class=\"wd-icon\"><\/span>\n\t\t\t\t\t\t\t\t\t\t\t<\/a>\n\t\t\t\t\n\t\t\t\t\n\t\t\t\t\t\t\t\t\t<a rel=\"noopener noreferrer nofollow\" href=\"https:\/\/www.linkedin.com\/shareArticle?mini=true&url=https:\/\/lydenim.com\/es\/realza-tu-marca-con-sudaderas-con-capucha-bordadas-a-medida\/\" target=\"_blank\" class=\"wd-social-icon social-linkedin\" aria-label=\"Enlace social de Linkedin\">\n\t\t\t\t\t\t<span class=\"wd-icon\"><\/span>\n\t\t\t\t\t\t\t\t\t\t\t<\/a>\n\t\t\t\t\n\t\t\t\t\n\t\t\t\t\n\t\t\t\t\n\t\t\t\t\n\t\t\t\t\n\t\t\t\t\n\t\t\t\t\n\t\t\t\t\n\t\t\t\t\n\t\t\t\t\n\t\t\t\t\n\t\t\t\t\n\t\t\t\t\n\t\t\t\t\n\t\t\t\t\t\t\t\t\t<a rel=\"noopener noreferrer nofollow\" href=\"https:\/\/telegram.me\/share\/url?url=https:\/\/lydenim.com\/es\/realza-tu-marca-con-sudaderas-con-capucha-bordadas-a-medida\/\" target=\"_blank\" class=\"wd-social-icon social-tg\" aria-label=\"Enlace social de Telegram\">\n\t\t\t\t\t\t<span class=\"wd-icon\"><\/span>\n\t\t\t\t\t\t\t\t\t\t\t<\/a>\n\t\t\t\t\n\t\t\t\t\n\t\t\t<\/div>\n\n\t\t\t\t\t\t\t\t\t\t<\/div>\n\t\t\t\t\t\t\t\t<div class=\"tooltip-arrow\"><\/div>\n\t\t\t\t\t\t\t<\/div>\n\t\t\t\t\t\t<\/div>\n\t\t\t\t\t\n\t\t\t\t\t\t\t\t\t<\/div>\n\t\t\t\n\t\t\t\t\t\t\t<div class=\"wd-post-excerpt entry-content\">\n\t\t\t\t\tEstimated reading time: ~5 minutes\r\nIn today\u2019s competitive apparel market, custom embroidered hoodies stand out as a premium choice for...\t\t\t\t<\/div>\n\t\t\t\n\t\t\t\t\t\t\t\t\t\t\t\t<div class=\"wd-post-read-more wd-style-link read-more-section\">\n\t\t\t\t\t\t<a class=\"\" href=\"https:\/\/lydenim.com\/es\/realza-tu-marca-con-sudaderas-con-capucha-bordadas-a-medida\/\">Seguir leyendo<\/a>\t\t\t\t\t<\/div>\n\t\t\t\t\t\t\t\t\t<\/div>\n\t<\/div>\n<\/article>\n\n\t\t\t\t\t<\/div>\n\t\t\t\t<div class=\"wd-carousel-item\">\n\t\t\t\t\t\t\t\n<article id=\"post-7195\" class=\"wd-post blog-design-masonry blog-post-loop blog-style-bg wd-add-shadow post-7195 post type-post status-publish format-standard has-post-thumbnail hentry category-garment\">\n\t<div class=\"wd-post-inner article-inner\">\n\t\t\t\t\t<div class=\"wd-post-thumb entry-header\">\n\t\t\t\t\t\t\t\t\t<div class=\"wd-post-img post-img-wrapp\">\n\t\t\t\t\t\t<img loading=\"lazy\" decoding=\"async\" width=\"150\" height=\"150\" src=\"https:\/\/lydenim.com\/wp-content\/uploads\/2026\/03\/Customization-for-Print-on-Demand-Shirts-150x150.jpg\" class=\"attachment-thumbnail size-thumbnail\" alt=\"\" srcset=\"https:\/\/lydenim.com\/wp-content\/uploads\/2026\/03\/Customization-for-Print-on-Demand-Shirts-150x150.jpg 150w, https:\/\/lydenim.com\/wp-content\/uploads\/2026\/03\/Customization-for-Print-on-Demand-Shirts-300x300.jpg 300w, https:\/\/lydenim.com\/wp-content\/uploads\/2026\/03\/Customization-for-Print-on-Demand-Shirts-45x45.jpg 45w\" sizes=\"auto, (max-width: 150px) 100vw, 150px\" \/>\t\t\t\t\t<\/div>\n\t\t\t\t\t<a class=\"wd-fill\" href=\"https:\/\/lydenim.com\/es\/personalizacion-de-camisetas-impresas-bajo-demanda-elegir-el-proveedor-adecuado\/\"><\/a>\n\t\t\t\t\n\t\t\t\t\t\t\t\t\t\t\t\t<div class=\"wd-post-date wd-style-with-bg\">\n\t\t\t\t<span class=\"post-date-day\">\n\t\t\t\t\t04\t\t\t\t<\/span>\n\t\t\t\t<span class=\"post-date-month\">\n\t\t\t\t\tAbr\t\t\t\t<\/span>\n\t\t\t<\/div>\n\t\t\t\t\t\t\t\t\t<\/div>\n\t\t\n\t\t<div class=\"wd-post-content article-body-container\">\n\t\t\t\t\t\t\t<div class=\"wd-post-cat wd-style-with-bg meta-post-categories\">\n\t\t\t\t\t<a href=\"https:\/\/lydenim.com\/es\/category\/prenda\/\" rel=\"category tag\">PRENDA<\/a>\t\t\t\t<\/div>\n\t\t\t\n\t\t\t\t\t\t\t<h3 class=\"wd-post-title wd-entities-title title post-title\">\n\t\t\t\t\t<a href=\"https:\/\/lydenim.com\/es\/personalizacion-de-camisetas-impresas-bajo-demanda-elegir-el-proveedor-adecuado\/\" rel=\"bookmark\">\n\t\t\t\t\t\tPersonalizaci\u00f3n de camisetas impresas bajo demanda: C\u00f3mo elegir al proveedor adecuado\t\t\t\t\t<\/a>\n\t\t\t\t<\/h3>\n\t\t\t\n\t\t\t\t\t\t\t<div class=\"wd-post-meta\">\n\t\t\t\t\t\t\t\t\t\t\t\t\t\t\t<div class=\"wd-post-author\">\n\t\t\t\t\t\t\t\t\t\t\t<span>Publicado por<\/span>\n\t\t\n\t\t\t\t\t\t\t\n\t\t\t\t\t<a href=\"https:\/\/lydenim.com\/es\/author\/malonematthewmmgmail-com\/\" class=\"author\" rel=\"author\">malonematthewmm@gmail.com<\/a>\n\t\t\t\t\t\t\t\t\t<\/div>\n\t\t\t\t\t<div class=\"wd-modified-date\">\n\t\t\t\t\t\t\t\t<time class=\"updated\" datetime=\"2026-04-04T10:48:19+08:00\">\n\t\t\t04\/04\/2026\t\t<\/time>\n\t\t\t\t\t\t\t<\/div>\n\n\t\t\t\t\t\t\t\t\t\t\t<div class=\"wd-post-share wd-tltp\">\n\t\t\t\t\t\t\t<div class=\"tooltip top\">\n\t\t\t\t\t\t\t\t<div class=\"tooltip-inner\">\n\t\t\t\t\t\t\t\t\t\t\t\t<div\n\t\t\t\t\t\tclass=\"wd-social-icons wd-style-default wd-size-small social-share wd-shape-circle color-scheme-light text-center\">\n\t\t\t\t\n\t\t\t\t\n\t\t\t\t\t\t\t\t\t<a rel=\"noopener noreferrer nofollow\" href=\"https:\/\/www.facebook.com\/sharer\/sharer.php?u=https:\/\/lydenim.com\/es\/personalizacion-de-camisetas-impresas-bajo-demanda-elegir-el-proveedor-adecuado\/\" target=\"_blank\" class=\"wd-social-icon social-facebook\" aria-label=\"Enlace social de Facebook\">\n\t\t\t\t\t\t<span class=\"wd-icon\"><\/span>\n\t\t\t\t\t\t\t\t\t\t\t<\/a>\n\t\t\t\t\n\t\t\t\t\t\t\t\t\t<a rel=\"noopener noreferrer nofollow\" href=\"https:\/\/x.com\/share?url=https:\/\/lydenim.com\/es\/personalizacion-de-camisetas-impresas-bajo-demanda-elegir-el-proveedor-adecuado\/\" target=\"_blank\" class=\"wd-social-icon social-twitter\" aria-label=\"X enlace social\">\n\t\t\t\t\t\t<span class=\"wd-icon\"><\/span>\n\t\t\t\t\t\t\t\t\t\t\t<\/a>\n\t\t\t\t\n\t\t\t\t\n\t\t\t\t\n\t\t\t\t\n\t\t\t\t\n\t\t\t\t\n\t\t\t\t\t\t\t\t\t<a rel=\"noopener noreferrer nofollow\" href=\"https:\/\/pinterest.com\/pin\/create\/button\/?url=https:\/\/lydenim.com\/es\/personalizacion-de-camisetas-impresas-bajo-demanda-elegir-el-proveedor-adecuado\/&media=https:\/\/lydenim.com\/wp-content\/uploads\/2026\/03\/Customization-for-Print-on-Demand-Shirts.jpg&description=Customization+for+Print+on+Demand+Shirts%3A+Choosing+the+Right+Supplier\" target=\"_blank\" class=\"wd-social-icon social-pinterest\" aria-label=\"Enlace social de Pinterest\">\n\t\t\t\t\t\t<span class=\"wd-icon\"><\/span>\n\t\t\t\t\t\t\t\t\t\t\t<\/a>\n\t\t\t\t\n\t\t\t\t\n\t\t\t\t\t\t\t\t\t<a rel=\"noopener noreferrer nofollow\" href=\"https:\/\/www.linkedin.com\/shareArticle?mini=true&url=https:\/\/lydenim.com\/es\/personalizacion-de-camisetas-impresas-bajo-demanda-elegir-el-proveedor-adecuado\/\" target=\"_blank\" class=\"wd-social-icon social-linkedin\" aria-label=\"Enlace social de Linkedin\">\n\t\t\t\t\t\t<span class=\"wd-icon\"><\/span>\n\t\t\t\t\t\t\t\t\t\t\t<\/a>\n\t\t\t\t\n\t\t\t\t\n\t\t\t\t\n\t\t\t\t\n\t\t\t\t\n\t\t\t\t\n\t\t\t\t\n\t\t\t\t\n\t\t\t\t\n\t\t\t\t\n\t\t\t\t\n\t\t\t\t\n\t\t\t\t\n\t\t\t\t\n\t\t\t\t\n\t\t\t\t\t\t\t\t\t<a rel=\"noopener noreferrer nofollow\" href=\"https:\/\/telegram.me\/share\/url?url=https:\/\/lydenim.com\/es\/personalizacion-de-camisetas-impresas-bajo-demanda-elegir-el-proveedor-adecuado\/\" target=\"_blank\" class=\"wd-social-icon social-tg\" aria-label=\"Enlace social de Telegram\">\n\t\t\t\t\t\t<span class=\"wd-icon\"><\/span>\n\t\t\t\t\t\t\t\t\t\t\t<\/a>\n\t\t\t\t\n\t\t\t\t\n\t\t\t<\/div>\n\n\t\t\t\t\t\t\t\t\t\t<\/div>\n\t\t\t\t\t\t\t\t<div class=\"tooltip-arrow\"><\/div>\n\t\t\t\t\t\t\t<\/div>\n\t\t\t\t\t\t<\/div>\n\t\t\t\t\t\n\t\t\t\t\t\t\t\t\t<\/div>\n\t\t\t\n\t\t\t\t\t\t\t<div class=\"wd-post-excerpt entry-content\">\n\t\t\t\t\tEstimated reading time: ~5 minutes\r\nIn the fast-evolving world of fashion, Print on Demand (POD) shirts have become a game-changer for ...\t\t\t\t<\/div>\n\t\t\t\n\t\t\t\t\t\t\t\t\t\t\t\t<div class=\"wd-post-read-more wd-style-link read-more-section\">\n\t\t\t\t\t\t<a class=\"\" href=\"https:\/\/lydenim.com\/es\/personalizacion-de-camisetas-impresas-bajo-demanda-elegir-el-proveedor-adecuado\/\">Seguir leyendo<\/a>\t\t\t\t\t<\/div>\n\t\t\t\t\t\t\t\t\t<\/div>\n\t<\/div>\n<\/article>\n\n\t\t\t\t\t<\/div>\n\t\t\t\t<div class=\"wd-carousel-item\">\n\t\t\t\t\t\t\t\n<article id=\"post-7186\" class=\"wd-post blog-design-masonry blog-post-loop blog-style-bg wd-add-shadow post-7186 post type-post status-publish format-standard has-post-thumbnail hentry category-garment\">\n\t<div class=\"wd-post-inner article-inner\">\n\t\t\t\t\t<div class=\"wd-post-thumb entry-header\">\n\t\t\t\t\t\t\t\t\t<div class=\"wd-post-img post-img-wrapp\">\n\t\t\t\t\t\t<img loading=\"lazy\" decoding=\"async\" width=\"150\" height=\"150\" src=\"https:\/\/lydenim.com\/wp-content\/uploads\/2026\/03\/Custom-Hoodie-Maker-Guide-Custom-Your-Hoodies-150x150.jpg\" class=\"attachment-thumbnail size-thumbnail\" alt=\"\" srcset=\"https:\/\/lydenim.com\/wp-content\/uploads\/2026\/03\/Custom-Hoodie-Maker-Guide-Custom-Your-Hoodies-150x150.jpg 150w, https:\/\/lydenim.com\/wp-content\/uploads\/2026\/03\/Custom-Hoodie-Maker-Guide-Custom-Your-Hoodies-300x300.jpg 300w, https:\/\/lydenim.com\/wp-content\/uploads\/2026\/03\/Custom-Hoodie-Maker-Guide-Custom-Your-Hoodies-45x45.jpg 45w\" sizes=\"auto, (max-width: 150px) 100vw, 150px\" \/>\t\t\t\t\t<\/div>\n\t\t\t\t\t<a class=\"wd-fill\" href=\"https:\/\/lydenim.com\/es\/guia-para-crear-sudaderas-personalizadas-personaliza-tus-sudaderas\/\"><\/a>\n\t\t\t\t\n\t\t\t\t\t\t\t\t\t\t\t\t<div class=\"wd-post-date wd-style-with-bg\">\n\t\t\t\t<span class=\"post-date-day\">\n\t\t\t\t\t01\t\t\t\t<\/span>\n\t\t\t\t<span class=\"post-date-month\">\n\t\t\t\t\tAbr\t\t\t\t<\/span>\n\t\t\t<\/div>\n\t\t\t\t\t\t\t\t\t<\/div>\n\t\t\n\t\t<div class=\"wd-post-content article-body-container\">\n\t\t\t\t\t\t\t<div class=\"wd-post-cat wd-style-with-bg meta-post-categories\">\n\t\t\t\t\t<a href=\"https:\/\/lydenim.com\/es\/category\/prenda\/\" rel=\"category tag\">PRENDA<\/a>\t\t\t\t<\/div>\n\t\t\t\n\t\t\t\t\t\t\t<h3 class=\"wd-post-title wd-entities-title title post-title\">\n\t\t\t\t\t<a href=\"https:\/\/lydenim.com\/es\/guia-para-crear-sudaderas-personalizadas-personaliza-tus-sudaderas\/\" rel=\"bookmark\">\n\t\t\t\t\t\tGu\u00eda para crear sudaderas personalizadas: personaliza tus sudaderas\t\t\t\t\t<\/a>\n\t\t\t\t<\/h3>\n\t\t\t\n\t\t\t\t\t\t\t<div class=\"wd-post-meta\">\n\t\t\t\t\t\t\t\t\t\t\t\t\t\t\t<div class=\"wd-post-author\">\n\t\t\t\t\t\t\t\t\t\t\t<span>Publicado por<\/span>\n\t\t\n\t\t\t\t\t\t\t\n\t\t\t\t\t<a href=\"https:\/\/lydenim.com\/es\/author\/malonematthewmmgmail-com\/\" class=\"author\" rel=\"author\">malonematthewmm@gmail.com<\/a>\n\t\t\t\t\t\t\t\t\t<\/div>\n\t\t\t\t\t<div class=\"wd-modified-date\">\n\t\t\t\t\t\t\t\t<time class=\"updated\" datetime=\"2026-04-01T10:28:46+08:00\">\n\t\t\t01\/04\/2026\t\t<\/time>\n\t\t\t\t\t\t\t<\/div>\n\n\t\t\t\t\t\t\t\t\t\t\t<div class=\"wd-post-share wd-tltp\">\n\t\t\t\t\t\t\t<div class=\"tooltip top\">\n\t\t\t\t\t\t\t\t<div class=\"tooltip-inner\">\n\t\t\t\t\t\t\t\t\t\t\t\t<div\n\t\t\t\t\t\tclass=\"wd-social-icons wd-style-default wd-size-small social-share wd-shape-circle color-scheme-light text-center\">\n\t\t\t\t\n\t\t\t\t\n\t\t\t\t\t\t\t\t\t<a rel=\"noopener noreferrer nofollow\" href=\"https:\/\/www.facebook.com\/sharer\/sharer.php?u=https:\/\/lydenim.com\/es\/guia-para-crear-sudaderas-personalizadas-personaliza-tus-sudaderas\/\" target=\"_blank\" class=\"wd-social-icon social-facebook\" aria-label=\"Enlace social de Facebook\">\n\t\t\t\t\t\t<span class=\"wd-icon\"><\/span>\n\t\t\t\t\t\t\t\t\t\t\t<\/a>\n\t\t\t\t\n\t\t\t\t\t\t\t\t\t<a rel=\"noopener noreferrer nofollow\" href=\"https:\/\/x.com\/share?url=https:\/\/lydenim.com\/es\/guia-para-crear-sudaderas-personalizadas-personaliza-tus-sudaderas\/\" target=\"_blank\" class=\"wd-social-icon social-twitter\" aria-label=\"X enlace social\">\n\t\t\t\t\t\t<span class=\"wd-icon\"><\/span>\n\t\t\t\t\t\t\t\t\t\t\t<\/a>\n\t\t\t\t\n\t\t\t\t\n\t\t\t\t\n\t\t\t\t\n\t\t\t\t\n\t\t\t\t\n\t\t\t\t\t\t\t\t\t<a rel=\"noopener noreferrer nofollow\" href=\"https:\/\/pinterest.com\/pin\/create\/button\/?url=https:\/\/lydenim.com\/es\/guia-para-crear-sudaderas-personalizadas-personaliza-tus-sudaderas\/&media=https:\/\/lydenim.com\/wp-content\/uploads\/2026\/03\/Custom-Hoodie-Maker-Guide-Custom-Your-Hoodies.jpg&description=Custom+Hoodie+Maker+Guide-Custom+Your+Hoodies\" target=\"_blank\" class=\"wd-social-icon social-pinterest\" aria-label=\"Enlace social de Pinterest\">\n\t\t\t\t\t\t<span class=\"wd-icon\"><\/span>\n\t\t\t\t\t\t\t\t\t\t\t<\/a>\n\t\t\t\t\n\t\t\t\t\n\t\t\t\t\t\t\t\t\t<a rel=\"noopener noreferrer nofollow\" href=\"https:\/\/www.linkedin.com\/shareArticle?mini=true&url=https:\/\/lydenim.com\/es\/guia-para-crear-sudaderas-personalizadas-personaliza-tus-sudaderas\/\" target=\"_blank\" class=\"wd-social-icon social-linkedin\" aria-label=\"Enlace social de Linkedin\">\n\t\t\t\t\t\t<span class=\"wd-icon\"><\/span>\n\t\t\t\t\t\t\t\t\t\t\t<\/a>\n\t\t\t\t\n\t\t\t\t\n\t\t\t\t\n\t\t\t\t\n\t\t\t\t\n\t\t\t\t\n\t\t\t\t\n\t\t\t\t\n\t\t\t\t\n\t\t\t\t\n\t\t\t\t\n\t\t\t\t\n\t\t\t\t\n\t\t\t\t\n\t\t\t\t\n\t\t\t\t\t\t\t\t\t<a rel=\"noopener noreferrer nofollow\" href=\"https:\/\/telegram.me\/share\/url?url=https:\/\/lydenim.com\/es\/guia-para-crear-sudaderas-personalizadas-personaliza-tus-sudaderas\/\" target=\"_blank\" class=\"wd-social-icon social-tg\" aria-label=\"Enlace social de Telegram\">\n\t\t\t\t\t\t<span class=\"wd-icon\"><\/span>\n\t\t\t\t\t\t\t\t\t\t\t<\/a>\n\t\t\t\t\n\t\t\t\t\n\t\t\t<\/div>\n\n\t\t\t\t\t\t\t\t\t\t<\/div>\n\t\t\t\t\t\t\t\t<div class=\"tooltip-arrow\"><\/div>\n\t\t\t\t\t\t\t<\/div>\n\t\t\t\t\t\t<\/div>\n\t\t\t\t\t\n\t\t\t\t\t\t\t\t\t<\/div>\n\t\t\t\n\t\t\t\t\t\t\t<div class=\"wd-post-excerpt entry-content\">\n\t\t\t\t\tEstimated reading time: ~4 minutes\r\nIn today\u2019s competitive streetwear and casual apparel market, finding the right custom hoodie maker ...\t\t\t\t<\/div>\n\t\t\t\n\t\t\t\t\t\t\t\t\t\t\t\t<div class=\"wd-post-read-more wd-style-link read-more-section\">\n\t\t\t\t\t\t<a class=\"\" href=\"https:\/\/lydenim.com\/es\/guia-para-crear-sudaderas-personalizadas-personaliza-tus-sudaderas\/\">Seguir leyendo<\/a>\t\t\t\t\t<\/div>\n\t\t\t\t\t\t\t\t\t<\/div>\n\t<\/div>\n<\/article>\n\n\t\t\t\t\t<\/div>\n\t\t\t\t<div class=\"wd-carousel-item\">\n\t\t\t\t\t\t\t\n<article id=\"post-7175\" class=\"wd-post blog-design-masonry blog-post-loop blog-style-bg wd-add-shadow post-7175 post type-post status-publish format-standard has-post-thumbnail hentry category-garment\">\n\t<div class=\"wd-post-inner article-inner\">\n\t\t\t\t\t<div class=\"wd-post-thumb entry-header\">\n\t\t\t\t\t\t\t\t\t<div class=\"wd-post-img post-img-wrapp\">\n\t\t\t\t\t\t<img loading=\"lazy\" decoding=\"async\" width=\"150\" height=\"150\" src=\"https:\/\/lydenim.com\/wp-content\/uploads\/2026\/03\/Clothing-Manufacturers-for-Startups-150x150.jpg\" class=\"attachment-thumbnail size-thumbnail\" alt=\"\" srcset=\"https:\/\/lydenim.com\/wp-content\/uploads\/2026\/03\/Clothing-Manufacturers-for-Startups-150x150.jpg 150w, https:\/\/lydenim.com\/wp-content\/uploads\/2026\/03\/Clothing-Manufacturers-for-Startups-300x300.jpg 300w, https:\/\/lydenim.com\/wp-content\/uploads\/2026\/03\/Clothing-Manufacturers-for-Startups-45x45.jpg 45w\" sizes=\"auto, (max-width: 150px) 100vw, 150px\" \/>\t\t\t\t\t<\/div>\n\t\t\t\t\t<a class=\"wd-fill\" href=\"https:\/\/lydenim.com\/es\/fabricantes-de-ropa-para-empresas-emergentes\/\"><\/a>\n\t\t\t\t\n\t\t\t\t\t\t\t\t\t\t\t\t<div class=\"wd-post-date wd-style-with-bg\">\n\t\t\t\t<span class=\"post-date-day\">\n\t\t\t\t\t30\t\t\t\t<\/span>\n\t\t\t\t<span class=\"post-date-month\">\n\t\t\t\t\tMar\t\t\t\t<\/span>\n\t\t\t<\/div>\n\t\t\t\t\t\t\t\t\t<\/div>\n\t\t\n\t\t<div class=\"wd-post-content article-body-container\">\n\t\t\t\t\t\t\t<div class=\"wd-post-cat wd-style-with-bg meta-post-categories\">\n\t\t\t\t\t<a href=\"https:\/\/lydenim.com\/es\/category\/prenda\/\" rel=\"category tag\">PRENDA<\/a>\t\t\t\t<\/div>\n\t\t\t\n\t\t\t\t\t\t\t<h3 class=\"wd-post-title wd-entities-title title post-title\">\n\t\t\t\t\t<a href=\"https:\/\/lydenim.com\/es\/fabricantes-de-ropa-para-empresas-emergentes\/\" rel=\"bookmark\">\n\t\t\t\t\t\tFabricantes de ropa para empresas emergentes: Su gu\u00eda completa para la producci\u00f3n de prendas personalizadas.\t\t\t\t\t<\/a>\n\t\t\t\t<\/h3>\n\t\t\t\n\t\t\t\t\t\t\t<div class=\"wd-post-meta\">\n\t\t\t\t\t\t\t\t\t\t\t\t\t\t\t<div class=\"wd-post-author\">\n\t\t\t\t\t\t\t\t\t\t\t<span>Publicado por<\/span>\n\t\t\n\t\t\t\t\t\t\t\n\t\t\t\t\t<a href=\"https:\/\/lydenim.com\/es\/author\/malonematthewmmgmail-com\/\" class=\"author\" rel=\"author\">malonematthewmm@gmail.com<\/a>\n\t\t\t\t\t\t\t\t\t<\/div>\n\t\t\t\t\t<div class=\"wd-modified-date\">\n\t\t\t\t\t\t\t\t<time class=\"updated\" datetime=\"2026-03-30T15:05:42+08:00\">\n\t\t\t30\/03\/2026\t\t<\/time>\n\t\t\t\t\t\t\t<\/div>\n\n\t\t\t\t\t\t\t\t\t\t\t<div class=\"wd-post-share wd-tltp\">\n\t\t\t\t\t\t\t<div class=\"tooltip top\">\n\t\t\t\t\t\t\t\t<div class=\"tooltip-inner\">\n\t\t\t\t\t\t\t\t\t\t\t\t<div\n\t\t\t\t\t\tclass=\"wd-social-icons wd-style-default wd-size-small social-share wd-shape-circle color-scheme-light text-center\">\n\t\t\t\t\n\t\t\t\t\n\t\t\t\t\t\t\t\t\t<a rel=\"noopener noreferrer nofollow\" href=\"https:\/\/www.facebook.com\/sharer\/sharer.php?u=https:\/\/lydenim.com\/es\/fabricantes-de-ropa-para-empresas-emergentes\/\" target=\"_blank\" class=\"wd-social-icon social-facebook\" aria-label=\"Enlace social de Facebook\">\n\t\t\t\t\t\t<span class=\"wd-icon\"><\/span>\n\t\t\t\t\t\t\t\t\t\t\t<\/a>\n\t\t\t\t\n\t\t\t\t\t\t\t\t\t<a rel=\"noopener noreferrer nofollow\" href=\"https:\/\/x.com\/share?url=https:\/\/lydenim.com\/es\/fabricantes-de-ropa-para-empresas-emergentes\/\" target=\"_blank\" class=\"wd-social-icon social-twitter\" aria-label=\"X enlace social\">\n\t\t\t\t\t\t<span class=\"wd-icon\"><\/span>\n\t\t\t\t\t\t\t\t\t\t\t<\/a>\n\t\t\t\t\n\t\t\t\t\n\t\t\t\t\n\t\t\t\t\n\t\t\t\t\n\t\t\t\t\n\t\t\t\t\t\t\t\t\t<a rel=\"noopener noreferrer nofollow\" href=\"https:\/\/pinterest.com\/pin\/create\/button\/?url=https:\/\/lydenim.com\/es\/fabricantes-de-ropa-para-empresas-emergentes\/&media=https:\/\/lydenim.com\/wp-content\/uploads\/2026\/03\/Clothing-Manufacturers-for-Startups.jpg&description=Clothing+Manufacturers+for+Startups%3A+Your+Complete+Guide+to+Custom+Apparel+Production\" target=\"_blank\" class=\"wd-social-icon social-pinterest\" aria-label=\"Enlace social de Pinterest\">\n\t\t\t\t\t\t<span class=\"wd-icon\"><\/span>\n\t\t\t\t\t\t\t\t\t\t\t<\/a>\n\t\t\t\t\n\t\t\t\t\n\t\t\t\t\t\t\t\t\t<a rel=\"noopener noreferrer nofollow\" href=\"https:\/\/www.linkedin.com\/shareArticle?mini=true&url=https:\/\/lydenim.com\/es\/fabricantes-de-ropa-para-empresas-emergentes\/\" target=\"_blank\" class=\"wd-social-icon social-linkedin\" aria-label=\"Enlace social de Linkedin\">\n\t\t\t\t\t\t<span class=\"wd-icon\"><\/span>\n\t\t\t\t\t\t\t\t\t\t\t<\/a>\n\t\t\t\t\n\t\t\t\t\n\t\t\t\t\n\t\t\t\t\n\t\t\t\t\n\t\t\t\t\n\t\t\t\t\n\t\t\t\t\n\t\t\t\t\n\t\t\t\t\n\t\t\t\t\n\t\t\t\t\n\t\t\t\t\n\t\t\t\t\n\t\t\t\t\n\t\t\t\t\t\t\t\t\t<a rel=\"noopener noreferrer nofollow\" href=\"https:\/\/telegram.me\/share\/url?url=https:\/\/lydenim.com\/es\/fabricantes-de-ropa-para-empresas-emergentes\/\" target=\"_blank\" class=\"wd-social-icon social-tg\" aria-label=\"Enlace social de Telegram\">\n\t\t\t\t\t\t<span class=\"wd-icon\"><\/span>\n\t\t\t\t\t\t\t\t\t\t\t<\/a>\n\t\t\t\t\n\t\t\t\t\n\t\t\t<\/div>\n\n\t\t\t\t\t\t\t\t\t\t<\/div>\n\t\t\t\t\t\t\t\t<div class=\"tooltip-arrow\"><\/div>\n\t\t\t\t\t\t\t<\/div>\n\t\t\t\t\t\t<\/div>\n\t\t\t\t\t\n\t\t\t\t\t\t\t\t\t<\/div>\n\t\t\t\n\t\t\t\t\t\t\t<div class=\"wd-post-excerpt entry-content\">\n\t\t\t\t\tEstimated reading time: ~5 minutes\r\n\r\nIn the fast-growing custom apparel market, clothing manufacturers for startups are the key to tur...\t\t\t\t<\/div>\n\t\t\t\n\t\t\t\t\t\t\t\t\t\t\t\t<div class=\"wd-post-read-more wd-style-link read-more-section\">\n\t\t\t\t\t\t<a class=\"\" href=\"https:\/\/lydenim.com\/es\/fabricantes-de-ropa-para-empresas-emergentes\/\">Seguir leyendo<\/a>\t\t\t\t\t<\/div>\n\t\t\t\t\t\t\t\t\t<\/div>\n\t<\/div>\n<\/article>\n\n\t\t\t\t\t<\/div>\n\t\t\t\t<div class=\"wd-carousel-item\">\n\t\t\t\t\t\t\t\n<article id=\"post-7101\" class=\"wd-post blog-design-masonry blog-post-loop blog-style-bg wd-add-shadow post-7101 post type-post status-publish format-standard has-post-thumbnail hentry category-denim-knowledge\">\n\t<div class=\"wd-post-inner article-inner\">\n\t\t\t\t\t<div class=\"wd-post-thumb entry-header\">\n\t\t\t\t\t\t\t\t\t<div class=\"wd-post-img post-img-wrapp\">\n\t\t\t\t\t\t<img loading=\"lazy\" decoding=\"async\" width=\"150\" height=\"150\" src=\"https:\/\/lydenim.com\/wp-content\/uploads\/2026\/02\/Comprehensive-Guide-to-Textile-Weaving-Defects-150x150.jpg\" class=\"attachment-thumbnail size-thumbnail\" alt=\"\" srcset=\"https:\/\/lydenim.com\/wp-content\/uploads\/2026\/02\/Comprehensive-Guide-to-Textile-Weaving-Defects-150x150.jpg 150w, https:\/\/lydenim.com\/wp-content\/uploads\/2026\/02\/Comprehensive-Guide-to-Textile-Weaving-Defects-300x300.jpg 300w, https:\/\/lydenim.com\/wp-content\/uploads\/2026\/02\/Comprehensive-Guide-to-Textile-Weaving-Defects-45x45.jpg 45w\" sizes=\"auto, (max-width: 150px) 100vw, 150px\" \/>\t\t\t\t\t<\/div>\n\t\t\t\t\t<a class=\"wd-fill\" href=\"https:\/\/lydenim.com\/es\/guia-completa-sobre-defectos-en-el-tejido-textil\/\"><\/a>\n\t\t\t\t\n\t\t\t\t\t\t\t\t\t\t\t\t<div class=\"wd-post-date wd-style-with-bg\">\n\t\t\t\t<span class=\"post-date-day\">\n\t\t\t\t\t26\t\t\t\t<\/span>\n\t\t\t\t<span class=\"post-date-month\">\n\t\t\t\t\tFeb\t\t\t\t<\/span>\n\t\t\t<\/div>\n\t\t\t\t\t\t\t\t\t<\/div>\n\t\t\n\t\t<div class=\"wd-post-content article-body-container\">\n\t\t\t\t\t\t\t<div class=\"wd-post-cat wd-style-with-bg meta-post-categories\">\n\t\t\t\t\t<a href=\"https:\/\/lydenim.com\/es\/category\/conocimiento-de-mezclilla\/\" rel=\"category tag\">Conocimiento del denim<\/a>\t\t\t\t<\/div>\n\t\t\t\n\t\t\t\t\t\t\t<h3 class=\"wd-post-title wd-entities-title title post-title\">\n\t\t\t\t\t<a href=\"https:\/\/lydenim.com\/es\/guia-completa-sobre-defectos-en-el-tejido-textil\/\" rel=\"bookmark\">\n\t\t\t\t\t\tGu\u00eda completa sobre defectos en el tejido textil\t\t\t\t\t<\/a>\n\t\t\t\t<\/h3>\n\t\t\t\n\t\t\t\t\t\t\t<div class=\"wd-post-meta\">\n\t\t\t\t\t\t\t\t\t\t\t\t\t\t\t<div class=\"wd-post-author\">\n\t\t\t\t\t\t\t\t\t\t\t<span>Publicado por<\/span>\n\t\t\n\t\t\t\t\t\t\t\n\t\t\t\t\t<a href=\"https:\/\/lydenim.com\/es\/author\/malonematthewmmgmail-com\/\" class=\"author\" rel=\"author\">malonematthewmm@gmail.com<\/a>\n\t\t\t\t\t\t\t\t\t<\/div>\n\t\t\t\t\t<div class=\"wd-modified-date\">\n\t\t\t\t\t\t\t\t<time class=\"updated\" datetime=\"2026-02-26T14:40:32+08:00\">\n\t\t\t26\/02\/2026\t\t<\/time>\n\t\t\t\t\t\t\t<\/div>\n\n\t\t\t\t\t\t\t\t\t\t\t<div class=\"wd-post-share wd-tltp\">\n\t\t\t\t\t\t\t<div class=\"tooltip top\">\n\t\t\t\t\t\t\t\t<div class=\"tooltip-inner\">\n\t\t\t\t\t\t\t\t\t\t\t\t<div\n\t\t\t\t\t\tclass=\"wd-social-icons wd-style-default wd-size-small social-share wd-shape-circle color-scheme-light text-center\">\n\t\t\t\t\n\t\t\t\t\n\t\t\t\t\t\t\t\t\t<a rel=\"noopener noreferrer nofollow\" href=\"https:\/\/www.facebook.com\/sharer\/sharer.php?u=https:\/\/lydenim.com\/es\/guia-completa-sobre-defectos-en-el-tejido-textil\/\" target=\"_blank\" class=\"wd-social-icon social-facebook\" aria-label=\"Enlace social de Facebook\">\n\t\t\t\t\t\t<span class=\"wd-icon\"><\/span>\n\t\t\t\t\t\t\t\t\t\t\t<\/a>\n\t\t\t\t\n\t\t\t\t\t\t\t\t\t<a rel=\"noopener noreferrer nofollow\" href=\"https:\/\/x.com\/share?url=https:\/\/lydenim.com\/es\/guia-completa-sobre-defectos-en-el-tejido-textil\/\" target=\"_blank\" class=\"wd-social-icon social-twitter\" aria-label=\"X enlace social\">\n\t\t\t\t\t\t<span class=\"wd-icon\"><\/span>\n\t\t\t\t\t\t\t\t\t\t\t<\/a>\n\t\t\t\t\n\t\t\t\t\n\t\t\t\t\n\t\t\t\t\n\t\t\t\t\n\t\t\t\t\n\t\t\t\t\t\t\t\t\t<a rel=\"noopener noreferrer nofollow\" href=\"https:\/\/pinterest.com\/pin\/create\/button\/?url=https:\/\/lydenim.com\/es\/guia-completa-sobre-defectos-en-el-tejido-textil\/&media=https:\/\/lydenim.com\/wp-content\/uploads\/2026\/02\/Comprehensive-Guide-to-Textile-Weaving-Defects.jpg&description=Comprehensive+Guide+to+Textile+Weaving+Defects\" target=\"_blank\" class=\"wd-social-icon social-pinterest\" aria-label=\"Enlace social de Pinterest\">\n\t\t\t\t\t\t<span class=\"wd-icon\"><\/span>\n\t\t\t\t\t\t\t\t\t\t\t<\/a>\n\t\t\t\t\n\t\t\t\t\n\t\t\t\t\t\t\t\t\t<a rel=\"noopener noreferrer nofollow\" href=\"https:\/\/www.linkedin.com\/shareArticle?mini=true&url=https:\/\/lydenim.com\/es\/guia-completa-sobre-defectos-en-el-tejido-textil\/\" target=\"_blank\" class=\"wd-social-icon social-linkedin\" aria-label=\"Enlace social de Linkedin\">\n\t\t\t\t\t\t<span class=\"wd-icon\"><\/span>\n\t\t\t\t\t\t\t\t\t\t\t<\/a>\n\t\t\t\t\n\t\t\t\t\n\t\t\t\t\n\t\t\t\t\n\t\t\t\t\n\t\t\t\t\n\t\t\t\t\n\t\t\t\t\n\t\t\t\t\n\t\t\t\t\n\t\t\t\t\n\t\t\t\t\n\t\t\t\t\n\t\t\t\t\n\t\t\t\t\n\t\t\t\t\t\t\t\t\t<a rel=\"noopener noreferrer nofollow\" href=\"https:\/\/telegram.me\/share\/url?url=https:\/\/lydenim.com\/es\/guia-completa-sobre-defectos-en-el-tejido-textil\/\" target=\"_blank\" class=\"wd-social-icon social-tg\" aria-label=\"Enlace social de Telegram\">\n\t\t\t\t\t\t<span class=\"wd-icon\"><\/span>\n\t\t\t\t\t\t\t\t\t\t\t<\/a>\n\t\t\t\t\n\t\t\t\t\n\t\t\t<\/div>\n\n\t\t\t\t\t\t\t\t\t\t<\/div>\n\t\t\t\t\t\t\t\t<div class=\"tooltip-arrow\"><\/div>\n\t\t\t\t\t\t\t<\/div>\n\t\t\t\t\t\t<\/div>\n\t\t\t\t\t\n\t\t\t\t\t\t\t\t\t<\/div>\n\t\t\t\n\t\t\t\t\t\t\t<div class=\"wd-post-excerpt entry-content\">\n\t\t\t\t\tEstimated reading time: \uff5e5 minutes\r\nWeaving interlaces lengthwise warp yarns and crosswise weft yarns to form fabric\u00a0However, even smal...\t\t\t\t<\/div>\n\t\t\t\n\t\t\t\t\t\t\t\t\t\t\t\t<div class=\"wd-post-read-more wd-style-link read-more-section\">\n\t\t\t\t\t\t<a class=\"\" href=\"https:\/\/lydenim.com\/es\/guia-completa-sobre-defectos-en-el-tejido-textil\/\">Seguir leyendo<\/a>\t\t\t\t\t<\/div>\n\t\t\t\t\t\t\t\t\t<\/div>\n\t<\/div>\n<\/article>\n\n\t\t\t\t\t<\/div>\n\t\t\t\t<div class=\"wd-carousel-item\">\n\t\t\t\t\t\t\t\n<article id=\"post-7145\" class=\"wd-post blog-design-masonry blog-post-loop blog-style-bg wd-add-shadow post-7145 post type-post status-publish format-standard has-post-thumbnail hentry category-denim-knowledge\">\n\t<div class=\"wd-post-inner article-inner\">\n\t\t\t\t\t<div class=\"wd-post-thumb entry-header\">\n\t\t\t\t\t\t\t\t\t<div class=\"wd-post-img post-img-wrapp\">\n\t\t\t\t\t\t<img loading=\"lazy\" decoding=\"async\" width=\"150\" height=\"150\" src=\"https:\/\/lydenim.com\/wp-content\/uploads\/2026\/02\/Flocked-Denim-Fabric-Style-Multiple-choices-150x150.jpg\" class=\"attachment-thumbnail size-thumbnail\" alt=\"\" srcset=\"https:\/\/lydenim.com\/wp-content\/uploads\/2026\/02\/Flocked-Denim-Fabric-Style-Multiple-choices-150x150.jpg 150w, https:\/\/lydenim.com\/wp-content\/uploads\/2026\/02\/Flocked-Denim-Fabric-Style-Multiple-choices-300x300.jpg 300w, https:\/\/lydenim.com\/wp-content\/uploads\/2026\/02\/Flocked-Denim-Fabric-Style-Multiple-choices-45x45.jpg 45w\" sizes=\"auto, (max-width: 150px) 100vw, 150px\" \/>\t\t\t\t\t<\/div>\n\t\t\t\t\t<a class=\"wd-fill\" href=\"https:\/\/lydenim.com\/es\/multiples-opciones-de-estilo-de-tela-vaquera-flocada\/\"><\/a>\n\t\t\t\t\n\t\t\t\t\t\t\t\t\t\t\t\t<div class=\"wd-post-date wd-style-with-bg\">\n\t\t\t\t<span class=\"post-date-day\">\n\t\t\t\t\t18\t\t\t\t<\/span>\n\t\t\t\t<span class=\"post-date-month\">\n\t\t\t\t\tFeb\t\t\t\t<\/span>\n\t\t\t<\/div>\n\t\t\t\t\t\t\t\t\t<\/div>\n\t\t\n\t\t<div class=\"wd-post-content article-body-container\">\n\t\t\t\t\t\t\t<div class=\"wd-post-cat wd-style-with-bg meta-post-categories\">\n\t\t\t\t\t<a href=\"https:\/\/lydenim.com\/es\/category\/conocimiento-de-mezclilla\/\" rel=\"category tag\">Conocimiento del denim<\/a>\t\t\t\t<\/div>\n\t\t\t\n\t\t\t\t\t\t\t<h3 class=\"wd-post-title wd-entities-title title post-title\">\n\t\t\t\t\t<a href=\"https:\/\/lydenim.com\/es\/multiples-opciones-de-estilo-de-tela-vaquera-flocada\/\" rel=\"bookmark\">\n\t\t\t\t\t\tEstilo de tela vaquera flocada M\u00faltiples opciones\t\t\t\t\t<\/a>\n\t\t\t\t<\/h3>\n\t\t\t\n\t\t\t\t\t\t\t<div class=\"wd-post-meta\">\n\t\t\t\t\t\t\t\t\t\t\t\t\t\t\t<div class=\"wd-post-author\">\n\t\t\t\t\t\t\t\t\t\t\t<span>Publicado por<\/span>\n\t\t\n\t\t\t\t\t\t\t\n\t\t\t\t\t<a href=\"https:\/\/lydenim.com\/es\/author\/malonematthewmmgmail-com\/\" class=\"author\" rel=\"author\">malonematthewmm@gmail.com<\/a>\n\t\t\t\t\t\t\t\t\t<\/div>\n\t\t\t\t\t<div class=\"wd-modified-date\">\n\t\t\t\t\t\t\t\t<time class=\"updated\" datetime=\"2026-02-18T22:17:25+08:00\">\n\t\t\t18\/02\/2026\t\t<\/time>\n\t\t\t\t\t\t\t<\/div>\n\n\t\t\t\t\t\t\t\t\t\t\t<div class=\"wd-post-share wd-tltp\">\n\t\t\t\t\t\t\t<div class=\"tooltip top\">\n\t\t\t\t\t\t\t\t<div class=\"tooltip-inner\">\n\t\t\t\t\t\t\t\t\t\t\t\t<div\n\t\t\t\t\t\tclass=\"wd-social-icons wd-style-default wd-size-small social-share wd-shape-circle color-scheme-light text-center\">\n\t\t\t\t\n\t\t\t\t\n\t\t\t\t\t\t\t\t\t<a rel=\"noopener noreferrer nofollow\" href=\"https:\/\/www.facebook.com\/sharer\/sharer.php?u=https:\/\/lydenim.com\/es\/multiples-opciones-de-estilo-de-tela-vaquera-flocada\/\" target=\"_blank\" class=\"wd-social-icon social-facebook\" aria-label=\"Enlace social de Facebook\">\n\t\t\t\t\t\t<span class=\"wd-icon\"><\/span>\n\t\t\t\t\t\t\t\t\t\t\t<\/a>\n\t\t\t\t\n\t\t\t\t\t\t\t\t\t<a rel=\"noopener noreferrer nofollow\" href=\"https:\/\/x.com\/share?url=https:\/\/lydenim.com\/es\/multiples-opciones-de-estilo-de-tela-vaquera-flocada\/\" target=\"_blank\" class=\"wd-social-icon social-twitter\" aria-label=\"X enlace social\">\n\t\t\t\t\t\t<span class=\"wd-icon\"><\/span>\n\t\t\t\t\t\t\t\t\t\t\t<\/a>\n\t\t\t\t\n\t\t\t\t\n\t\t\t\t\n\t\t\t\t\n\t\t\t\t\n\t\t\t\t\n\t\t\t\t\t\t\t\t\t<a rel=\"noopener noreferrer nofollow\" href=\"https:\/\/pinterest.com\/pin\/create\/button\/?url=https:\/\/lydenim.com\/es\/multiples-opciones-de-estilo-de-tela-vaquera-flocada\/&media=https:\/\/lydenim.com\/wp-content\/uploads\/2026\/02\/Flocked-Denim-Fabric-Style-Multiple-choices.jpg&description=Flocked+Denim+Fabric+Style+Multiple+choices\" target=\"_blank\" class=\"wd-social-icon social-pinterest\" aria-label=\"Enlace social de Pinterest\">\n\t\t\t\t\t\t<span class=\"wd-icon\"><\/span>\n\t\t\t\t\t\t\t\t\t\t\t<\/a>\n\t\t\t\t\n\t\t\t\t\n\t\t\t\t\t\t\t\t\t<a rel=\"noopener noreferrer nofollow\" href=\"https:\/\/www.linkedin.com\/shareArticle?mini=true&url=https:\/\/lydenim.com\/es\/multiples-opciones-de-estilo-de-tela-vaquera-flocada\/\" target=\"_blank\" class=\"wd-social-icon social-linkedin\" aria-label=\"Enlace social de Linkedin\">\n\t\t\t\t\t\t<span class=\"wd-icon\"><\/span>\n\t\t\t\t\t\t\t\t\t\t\t<\/a>\n\t\t\t\t\n\t\t\t\t\n\t\t\t\t\n\t\t\t\t\n\t\t\t\t\n\t\t\t\t\n\t\t\t\t\n\t\t\t\t\n\t\t\t\t\n\t\t\t\t\n\t\t\t\t\n\t\t\t\t\n\t\t\t\t\n\t\t\t\t\n\t\t\t\t\n\t\t\t\t\t\t\t\t\t<a rel=\"noopener noreferrer nofollow\" href=\"https:\/\/telegram.me\/share\/url?url=https:\/\/lydenim.com\/es\/multiples-opciones-de-estilo-de-tela-vaquera-flocada\/\" target=\"_blank\" class=\"wd-social-icon social-tg\" aria-label=\"Enlace social de Telegram\">\n\t\t\t\t\t\t<span class=\"wd-icon\"><\/span>\n\t\t\t\t\t\t\t\t\t\t\t<\/a>\n\t\t\t\t\n\t\t\t\t\n\t\t\t<\/div>\n\n\t\t\t\t\t\t\t\t\t\t<\/div>\n\t\t\t\t\t\t\t\t<div class=\"tooltip-arrow\"><\/div>\n\t\t\t\t\t\t\t<\/div>\n\t\t\t\t\t\t<\/div>\n\t\t\t\t\t\n\t\t\t\t\t\t\t\t\t<\/div>\n\t\t\t\n\t\t\t\t\t\t\t<div class=\"wd-post-excerpt entry-content\">\n\t\t\t\t\tEstimated reading time: ~6 minutes\r\nFlocked denim has evolved far beyond basic solid colors\u2014today's versions bring dramatic texture, bo...\t\t\t\t<\/div>\n\t\t\t\n\t\t\t\t\t\t\t\t\t\t\t\t<div class=\"wd-post-read-more wd-style-link read-more-section\">\n\t\t\t\t\t\t<a class=\"\" href=\"https:\/\/lydenim.com\/es\/multiples-opciones-de-estilo-de-tela-vaquera-flocada\/\">Seguir leyendo<\/a>\t\t\t\t\t<\/div>\n\t\t\t\t\t\t\t\t\t<\/div>\n\t<\/div>\n<\/article>\n\n\t\t\t\t\t<\/div>\n\t\t\t\t<div class=\"wd-carousel-item\">\n\t\t\t\t\t\t\t\n<article id=\"post-7111\" class=\"wd-post blog-design-masonry blog-post-loop blog-style-bg wd-add-shadow post-7111 post type-post status-publish format-standard has-post-thumbnail hentry category-denim-knowledge\">\n\t<div class=\"wd-post-inner article-inner\">\n\t\t\t\t\t<div class=\"wd-post-thumb entry-header\">\n\t\t\t\t\t\t\t\t\t<div class=\"wd-post-img post-img-wrapp\">\n\t\t\t\t\t\t<img loading=\"lazy\" decoding=\"async\" width=\"150\" height=\"150\" src=\"https:\/\/lydenim.com\/wp-content\/uploads\/2026\/02\/Selvedge-Denim-Secrets-150x150.jpg\" class=\"attachment-thumbnail size-thumbnail\" alt=\"\" srcset=\"https:\/\/lydenim.com\/wp-content\/uploads\/2026\/02\/Selvedge-Denim-Secrets-150x150.jpg 150w, https:\/\/lydenim.com\/wp-content\/uploads\/2026\/02\/Selvedge-Denim-Secrets-300x300.jpg 300w, https:\/\/lydenim.com\/wp-content\/uploads\/2026\/02\/Selvedge-Denim-Secrets-45x45.jpg 45w\" sizes=\"auto, (max-width: 150px) 100vw, 150px\" \/>\t\t\t\t\t<\/div>\n\t\t\t\t\t<a class=\"wd-fill\" href=\"https:\/\/lydenim.com\/es\/secretos-del-denim-con-orillo-7-mitos-desmentidos-en-2026\/\"><\/a>\n\t\t\t\t\n\t\t\t\t\t\t\t\t\t\t\t\t<div class=\"wd-post-date wd-style-with-bg\">\n\t\t\t\t<span class=\"post-date-day\">\n\t\t\t\t\t11\t\t\t\t<\/span>\n\t\t\t\t<span class=\"post-date-month\">\n\t\t\t\t\tFeb\t\t\t\t<\/span>\n\t\t\t<\/div>\n\t\t\t\t\t\t\t\t\t<\/div>\n\t\t\n\t\t<div class=\"wd-post-content article-body-container\">\n\t\t\t\t\t\t\t<div class=\"wd-post-cat wd-style-with-bg meta-post-categories\">\n\t\t\t\t\t<a href=\"https:\/\/lydenim.com\/es\/category\/conocimiento-de-mezclilla\/\" rel=\"category tag\">Conocimiento del denim<\/a>\t\t\t\t<\/div>\n\t\t\t\n\t\t\t\t\t\t\t<h3 class=\"wd-post-title wd-entities-title title post-title\">\n\t\t\t\t\t<a href=\"https:\/\/lydenim.com\/es\/secretos-del-denim-con-orillo-7-mitos-desmentidos-en-2026\/\" rel=\"bookmark\">\n\t\t\t\t\t\tSecretos del Denim con Orillo: 7 Mitos Desmentidos en 2026\t\t\t\t\t<\/a>\n\t\t\t\t<\/h3>\n\t\t\t\n\t\t\t\t\t\t\t<div class=\"wd-post-meta\">\n\t\t\t\t\t\t\t\t\t\t\t\t\t\t\t<div class=\"wd-post-author\">\n\t\t\t\t\t\t\t\t\t\t\t<span>Publicado por<\/span>\n\t\t\n\t\t\t\t\t\t\t\n\t\t\t\t\t<a href=\"https:\/\/lydenim.com\/es\/author\/malonematthewmmgmail-com\/\" class=\"author\" rel=\"author\">malonematthewmm@gmail.com<\/a>\n\t\t\t\t\t\t\t\t\t<\/div>\n\t\t\t\t\t<div class=\"wd-modified-date\">\n\t\t\t\t\t\t\t\t<time class=\"updated\" datetime=\"2026-02-11T13:59:24+08:00\">\n\t\t\t11\/02\/2026\t\t<\/time>\n\t\t\t\t\t\t\t<\/div>\n\n\t\t\t\t\t\t\t\t\t\t\t<div class=\"wd-post-share wd-tltp\">\n\t\t\t\t\t\t\t<div class=\"tooltip top\">\n\t\t\t\t\t\t\t\t<div class=\"tooltip-inner\">\n\t\t\t\t\t\t\t\t\t\t\t\t<div\n\t\t\t\t\t\tclass=\"wd-social-icons wd-style-default wd-size-small social-share wd-shape-circle color-scheme-light text-center\">\n\t\t\t\t\n\t\t\t\t\n\t\t\t\t\t\t\t\t\t<a rel=\"noopener noreferrer nofollow\" href=\"https:\/\/www.facebook.com\/sharer\/sharer.php?u=https:\/\/lydenim.com\/es\/secretos-del-denim-con-orillo-7-mitos-desmentidos-en-2026\/\" target=\"_blank\" class=\"wd-social-icon social-facebook\" aria-label=\"Enlace social de Facebook\">\n\t\t\t\t\t\t<span class=\"wd-icon\"><\/span>\n\t\t\t\t\t\t\t\t\t\t\t<\/a>\n\t\t\t\t\n\t\t\t\t\t\t\t\t\t<a rel=\"noopener noreferrer nofollow\" href=\"https:\/\/x.com\/share?url=https:\/\/lydenim.com\/es\/secretos-del-denim-con-orillo-7-mitos-desmentidos-en-2026\/\" target=\"_blank\" class=\"wd-social-icon social-twitter\" aria-label=\"X enlace social\">\n\t\t\t\t\t\t<span class=\"wd-icon\"><\/span>\n\t\t\t\t\t\t\t\t\t\t\t<\/a>\n\t\t\t\t\n\t\t\t\t\n\t\t\t\t\n\t\t\t\t\n\t\t\t\t\n\t\t\t\t\n\t\t\t\t\t\t\t\t\t<a rel=\"noopener noreferrer nofollow\" href=\"https:\/\/pinterest.com\/pin\/create\/button\/?url=https:\/\/lydenim.com\/es\/secretos-del-denim-con-orillo-7-mitos-desmentidos-en-2026\/&media=https:\/\/lydenim.com\/wp-content\/uploads\/2026\/02\/Selvedge-Denim-Secrets.jpg&description=Selvedge+Denim+Secrets%3A+7+Myths+Busted+in+2026\" target=\"_blank\" class=\"wd-social-icon social-pinterest\" aria-label=\"Enlace social de Pinterest\">\n\t\t\t\t\t\t<span class=\"wd-icon\"><\/span>\n\t\t\t\t\t\t\t\t\t\t\t<\/a>\n\t\t\t\t\n\t\t\t\t\n\t\t\t\t\t\t\t\t\t<a rel=\"noopener noreferrer nofollow\" href=\"https:\/\/www.linkedin.com\/shareArticle?mini=true&url=https:\/\/lydenim.com\/es\/secretos-del-denim-con-orillo-7-mitos-desmentidos-en-2026\/\" target=\"_blank\" class=\"wd-social-icon social-linkedin\" aria-label=\"Enlace social de Linkedin\">\n\t\t\t\t\t\t<span class=\"wd-icon\"><\/span>\n\t\t\t\t\t\t\t\t\t\t\t<\/a>\n\t\t\t\t\n\t\t\t\t\n\t\t\t\t\n\t\t\t\t\n\t\t\t\t\n\t\t\t\t\n\t\t\t\t\n\t\t\t\t\n\t\t\t\t\n\t\t\t\t\n\t\t\t\t\n\t\t\t\t\n\t\t\t\t\n\t\t\t\t\n\t\t\t\t\n\t\t\t\t\t\t\t\t\t<a rel=\"noopener noreferrer nofollow\" href=\"https:\/\/telegram.me\/share\/url?url=https:\/\/lydenim.com\/es\/secretos-del-denim-con-orillo-7-mitos-desmentidos-en-2026\/\" target=\"_blank\" class=\"wd-social-icon social-tg\" aria-label=\"Enlace social de Telegram\">\n\t\t\t\t\t\t<span class=\"wd-icon\"><\/span>\n\t\t\t\t\t\t\t\t\t\t\t<\/a>\n\t\t\t\t\n\t\t\t\t\n\t\t\t<\/div>\n\n\t\t\t\t\t\t\t\t\t\t<\/div>\n\t\t\t\t\t\t\t\t<div class=\"tooltip-arrow\"><\/div>\n\t\t\t\t\t\t\t<\/div>\n\t\t\t\t\t\t<\/div>\n\t\t\t\t\t\n\t\t\t\t\t\t\t\t\t<\/div>\n\t\t\t\n\t\t\t\t\t\t\t<div class=\"wd-post-excerpt entry-content\">\n\t\t\t\t\tEstimated reading time: ~5 minutes\r\nHey, fellow denim heads! If you've ever stared at a pair of stiff, dark jeans wondering if they're ...\t\t\t\t<\/div>\n\t\t\t\n\t\t\t\t\t\t\t\t\t\t\t\t<div class=\"wd-post-read-more wd-style-link read-more-section\">\n\t\t\t\t\t\t<a class=\"\" href=\"https:\/\/lydenim.com\/es\/secretos-del-denim-con-orillo-7-mitos-desmentidos-en-2026\/\">Seguir leyendo<\/a>\t\t\t\t\t<\/div>\n\t\t\t\t\t\t\t\t\t<\/div>\n\t<\/div>\n<\/article>\n\n\t\t\t\t\t<\/div>\n\t\t\t\t<div class=\"wd-carousel-item\">\n\t\t\t\t\t\t\t\n<article id=\"post-7118\" class=\"wd-post blog-design-masonry blog-post-loop blog-style-bg wd-add-shadow post-7118 post type-post status-publish format-standard has-post-thumbnail hentry category-denim-knowledge\">\n\t<div class=\"wd-post-inner article-inner\">\n\t\t\t\t\t<div class=\"wd-post-thumb entry-header\">\n\t\t\t\t\t\t\t\t\t<div class=\"wd-post-img post-img-wrapp\">\n\t\t\t\t\t\t<img loading=\"lazy\" decoding=\"async\" width=\"150\" height=\"150\" src=\"https:\/\/lydenim.com\/wp-content\/uploads\/2026\/02\/Organic-Denim-Fabric-Wholesale-150x150.jpg\" class=\"attachment-thumbnail size-thumbnail\" alt=\"\" srcset=\"https:\/\/lydenim.com\/wp-content\/uploads\/2026\/02\/Organic-Denim-Fabric-Wholesale-150x150.jpg 150w, https:\/\/lydenim.com\/wp-content\/uploads\/2026\/02\/Organic-Denim-Fabric-Wholesale-300x300.jpg 300w, https:\/\/lydenim.com\/wp-content\/uploads\/2026\/02\/Organic-Denim-Fabric-Wholesale-45x45.jpg 45w\" sizes=\"auto, (max-width: 150px) 100vw, 150px\" \/>\t\t\t\t\t<\/div>\n\t\t\t\t\t<a class=\"wd-fill\" href=\"https:\/\/lydenim.com\/es\/venta-al-por-mayor-de-tela-vaquera-organica-5-ofertas-para-ahorrar-dinero\/\"><\/a>\n\t\t\t\t\n\t\t\t\t\t\t\t\t\t\t\t\t<div class=\"wd-post-date wd-style-with-bg\">\n\t\t\t\t<span class=\"post-date-day\">\n\t\t\t\t\t06\t\t\t\t<\/span>\n\t\t\t\t<span class=\"post-date-month\">\n\t\t\t\t\tFeb\t\t\t\t<\/span>\n\t\t\t<\/div>\n\t\t\t\t\t\t\t\t\t<\/div>\n\t\t\n\t\t<div class=\"wd-post-content article-body-container\">\n\t\t\t\t\t\t\t<div class=\"wd-post-cat wd-style-with-bg meta-post-categories\">\n\t\t\t\t\t<a href=\"https:\/\/lydenim.com\/es\/category\/conocimiento-de-mezclilla\/\" rel=\"category tag\">Conocimiento del denim<\/a>\t\t\t\t<\/div>\n\t\t\t\n\t\t\t\t\t\t\t<h3 class=\"wd-post-title wd-entities-title title post-title\">\n\t\t\t\t\t<a href=\"https:\/\/lydenim.com\/es\/venta-al-por-mayor-de-tela-vaquera-organica-5-ofertas-para-ahorrar-dinero\/\" rel=\"bookmark\">\n\t\t\t\t\t\tVenta al por mayor de tela vaquera org\u00e1nica: 5 ofertas para ahorrar dinero\t\t\t\t\t<\/a>\n\t\t\t\t<\/h3>\n\t\t\t\n\t\t\t\t\t\t\t<div class=\"wd-post-meta\">\n\t\t\t\t\t\t\t\t\t\t\t\t\t\t\t<div class=\"wd-post-author\">\n\t\t\t\t\t\t\t\t\t\t\t<span>Publicado por<\/span>\n\t\t\n\t\t\t\t\t\t\t\n\t\t\t\t\t<a href=\"https:\/\/lydenim.com\/es\/author\/malonematthewmmgmail-com\/\" class=\"author\" rel=\"author\">malonematthewmm@gmail.com<\/a>\n\t\t\t\t\t\t\t\t\t<\/div>\n\t\t\t\t\t<div class=\"wd-modified-date\">\n\t\t\t\t\t\t\t\t<time class=\"updated\" datetime=\"2026-02-06T17:30:01+08:00\">\n\t\t\t06\/02\/2026\t\t<\/time>\n\t\t\t\t\t\t\t<\/div>\n\n\t\t\t\t\t\t\t\t\t\t\t<div class=\"wd-post-share wd-tltp\">\n\t\t\t\t\t\t\t<div class=\"tooltip top\">\n\t\t\t\t\t\t\t\t<div class=\"tooltip-inner\">\n\t\t\t\t\t\t\t\t\t\t\t\t<div\n\t\t\t\t\t\tclass=\"wd-social-icons wd-style-default wd-size-small social-share wd-shape-circle color-scheme-light text-center\">\n\t\t\t\t\n\t\t\t\t\n\t\t\t\t\t\t\t\t\t<a rel=\"noopener noreferrer nofollow\" href=\"https:\/\/www.facebook.com\/sharer\/sharer.php?u=https:\/\/lydenim.com\/es\/venta-al-por-mayor-de-tela-vaquera-organica-5-ofertas-para-ahorrar-dinero\/\" target=\"_blank\" class=\"wd-social-icon social-facebook\" aria-label=\"Enlace social de Facebook\">\n\t\t\t\t\t\t<span class=\"wd-icon\"><\/span>\n\t\t\t\t\t\t\t\t\t\t\t<\/a>\n\t\t\t\t\n\t\t\t\t\t\t\t\t\t<a rel=\"noopener noreferrer nofollow\" href=\"https:\/\/x.com\/share?url=https:\/\/lydenim.com\/es\/venta-al-por-mayor-de-tela-vaquera-organica-5-ofertas-para-ahorrar-dinero\/\" target=\"_blank\" class=\"wd-social-icon social-twitter\" aria-label=\"X enlace social\">\n\t\t\t\t\t\t<span class=\"wd-icon\"><\/span>\n\t\t\t\t\t\t\t\t\t\t\t<\/a>\n\t\t\t\t\n\t\t\t\t\n\t\t\t\t\n\t\t\t\t\n\t\t\t\t\n\t\t\t\t\n\t\t\t\t\t\t\t\t\t<a rel=\"noopener noreferrer nofollow\" href=\"https:\/\/pinterest.com\/pin\/create\/button\/?url=https:\/\/lydenim.com\/es\/venta-al-por-mayor-de-tela-vaquera-organica-5-ofertas-para-ahorrar-dinero\/&media=https:\/\/lydenim.com\/wp-content\/uploads\/2026\/02\/Organic-Denim-Fabric-Wholesale.jpg&description=Organic+Denim+Fabric+Wholesale%3A+5+Money-Saving+Deals\" target=\"_blank\" class=\"wd-social-icon social-pinterest\" aria-label=\"Enlace social de Pinterest\">\n\t\t\t\t\t\t<span class=\"wd-icon\"><\/span>\n\t\t\t\t\t\t\t\t\t\t\t<\/a>\n\t\t\t\t\n\t\t\t\t\n\t\t\t\t\t\t\t\t\t<a rel=\"noopener noreferrer nofollow\" href=\"https:\/\/www.linkedin.com\/shareArticle?mini=true&url=https:\/\/lydenim.com\/es\/venta-al-por-mayor-de-tela-vaquera-organica-5-ofertas-para-ahorrar-dinero\/\" target=\"_blank\" class=\"wd-social-icon social-linkedin\" aria-label=\"Enlace social de Linkedin\">\n\t\t\t\t\t\t<span class=\"wd-icon\"><\/span>\n\t\t\t\t\t\t\t\t\t\t\t<\/a>\n\t\t\t\t\n\t\t\t\t\n\t\t\t\t\n\t\t\t\t\n\t\t\t\t\n\t\t\t\t\n\t\t\t\t\n\t\t\t\t\n\t\t\t\t\n\t\t\t\t\n\t\t\t\t\n\t\t\t\t\n\t\t\t\t\n\t\t\t\t\n\t\t\t\t\n\t\t\t\t\t\t\t\t\t<a rel=\"noopener noreferrer nofollow\" href=\"https:\/\/telegram.me\/share\/url?url=https:\/\/lydenim.com\/es\/venta-al-por-mayor-de-tela-vaquera-organica-5-ofertas-para-ahorrar-dinero\/\" target=\"_blank\" class=\"wd-social-icon social-tg\" aria-label=\"Enlace social de Telegram\">\n\t\t\t\t\t\t<span class=\"wd-icon\"><\/span>\n\t\t\t\t\t\t\t\t\t\t\t<\/a>\n\t\t\t\t\n\t\t\t\t\n\t\t\t<\/div>\n\n\t\t\t\t\t\t\t\t\t\t<\/div>\n\t\t\t\t\t\t\t\t<div class=\"tooltip-arrow\"><\/div>\n\t\t\t\t\t\t\t<\/div>\n\t\t\t\t\t\t<\/div>\n\t\t\t\t\t\n\t\t\t\t\t\t\t\t\t<\/div>\n\t\t\t\n\t\t\t\t\t\t\t<div class=\"wd-post-excerpt entry-content\">\n\t\t\t\t\tEstimated reading time: ~5 minutes\r\nThe term organic denim fabric wholesale refers to buying eco-friendly denim in large bulk lots \u2013 a ...\t\t\t\t<\/div>\n\t\t\t\n\t\t\t\t\t\t\t\t\t\t\t\t<div class=\"wd-post-read-more wd-style-link read-more-section\">\n\t\t\t\t\t\t<a class=\"\" href=\"https:\/\/lydenim.com\/es\/venta-al-por-mayor-de-tela-vaquera-organica-5-ofertas-para-ahorrar-dinero\/\">Seguir leyendo<\/a>\t\t\t\t\t<\/div>\n\t\t\t\t\t\t\t\t\t<\/div>\n\t<\/div>\n<\/article>\n\n\t\t\t\t\t<\/div>\n\t\t\t\t<div class=\"wd-carousel-item\">\n\t\t\t\t\t\t\t\n<article id=\"post-7116\" class=\"wd-post blog-design-masonry blog-post-loop blog-style-bg wd-add-shadow post-7116 post type-post status-publish format-standard has-post-thumbnail hentry category-denim-knowledge\">\n\t<div class=\"wd-post-inner article-inner\">\n\t\t\t\t\t<div class=\"wd-post-thumb entry-header\">\n\t\t\t\t\t\t\t\t\t<div class=\"wd-post-img post-img-wrapp\">\n\t\t\t\t\t\t<img loading=\"lazy\" decoding=\"async\" width=\"150\" height=\"150\" src=\"https:\/\/lydenim.com\/wp-content\/uploads\/2026\/02\/Stretch-Denim-Fabric-5-Key-Variants-in-2026-150x150.jpg\" class=\"attachment-thumbnail size-thumbnail\" alt=\"\" srcset=\"https:\/\/lydenim.com\/wp-content\/uploads\/2026\/02\/Stretch-Denim-Fabric-5-Key-Variants-in-2026-150x150.jpg 150w, https:\/\/lydenim.com\/wp-content\/uploads\/2026\/02\/Stretch-Denim-Fabric-5-Key-Variants-in-2026-300x300.jpg 300w, https:\/\/lydenim.com\/wp-content\/uploads\/2026\/02\/Stretch-Denim-Fabric-5-Key-Variants-in-2026-45x45.jpg 45w\" sizes=\"auto, (max-width: 150px) 100vw, 150px\" \/>\t\t\t\t\t<\/div>\n\t\t\t\t\t<a class=\"wd-fill\" href=\"https:\/\/lydenim.com\/es\/tejido-denim-elastico-5-variantes-clave-en-2026\/\"><\/a>\n\t\t\t\t\n\t\t\t\t\t\t\t\t\t\t\t\t<div class=\"wd-post-date wd-style-with-bg\">\n\t\t\t\t<span class=\"post-date-day\">\n\t\t\t\t\t03\t\t\t\t<\/span>\n\t\t\t\t<span class=\"post-date-month\">\n\t\t\t\t\tFeb\t\t\t\t<\/span>\n\t\t\t<\/div>\n\t\t\t\t\t\t\t\t\t<\/div>\n\t\t\n\t\t<div class=\"wd-post-content article-body-container\">\n\t\t\t\t\t\t\t<div class=\"wd-post-cat wd-style-with-bg meta-post-categories\">\n\t\t\t\t\t<a href=\"https:\/\/lydenim.com\/es\/category\/conocimiento-de-mezclilla\/\" rel=\"category tag\">Conocimiento del denim<\/a>\t\t\t\t<\/div>\n\t\t\t\n\t\t\t\t\t\t\t<h3 class=\"wd-post-title wd-entities-title title post-title\">\n\t\t\t\t\t<a href=\"https:\/\/lydenim.com\/es\/tejido-denim-elastico-5-variantes-clave-en-2026\/\" rel=\"bookmark\">\n\t\t\t\t\t\tTejido de mezclilla el\u00e1stico: 5 variantes clave en 2026\t\t\t\t\t<\/a>\n\t\t\t\t<\/h3>\n\t\t\t\n\t\t\t\t\t\t\t<div class=\"wd-post-meta\">\n\t\t\t\t\t\t\t\t\t\t\t\t\t\t\t<div class=\"wd-post-author\">\n\t\t\t\t\t\t\t\t\t\t\t<span>Publicado por<\/span>\n\t\t\n\t\t\t\t\t\t\t\n\t\t\t\t\t<a href=\"https:\/\/lydenim.com\/es\/author\/malonematthewmmgmail-com\/\" class=\"author\" rel=\"author\">malonematthewmm@gmail.com<\/a>\n\t\t\t\t\t\t\t\t\t<\/div>\n\t\t\t\t\t<div class=\"wd-modified-date\">\n\t\t\t\t\t\t\t\t<time class=\"updated\" datetime=\"2026-02-03T12:32:55+08:00\">\n\t\t\t03\/02\/2026\t\t<\/time>\n\t\t\t\t\t\t\t<\/div>\n\n\t\t\t\t\t\t\t\t\t\t\t<div class=\"wd-post-share wd-tltp\">\n\t\t\t\t\t\t\t<div class=\"tooltip top\">\n\t\t\t\t\t\t\t\t<div class=\"tooltip-inner\">\n\t\t\t\t\t\t\t\t\t\t\t\t<div\n\t\t\t\t\t\tclass=\"wd-social-icons wd-style-default wd-size-small social-share wd-shape-circle color-scheme-light text-center\">\n\t\t\t\t\n\t\t\t\t\n\t\t\t\t\t\t\t\t\t<a rel=\"noopener noreferrer nofollow\" href=\"https:\/\/www.facebook.com\/sharer\/sharer.php?u=https:\/\/lydenim.com\/es\/tejido-denim-elastico-5-variantes-clave-en-2026\/\" target=\"_blank\" class=\"wd-social-icon social-facebook\" aria-label=\"Enlace social de Facebook\">\n\t\t\t\t\t\t<span class=\"wd-icon\"><\/span>\n\t\t\t\t\t\t\t\t\t\t\t<\/a>\n\t\t\t\t\n\t\t\t\t\t\t\t\t\t<a rel=\"noopener noreferrer nofollow\" href=\"https:\/\/x.com\/share?url=https:\/\/lydenim.com\/es\/tejido-denim-elastico-5-variantes-clave-en-2026\/\" target=\"_blank\" class=\"wd-social-icon social-twitter\" aria-label=\"X enlace social\">\n\t\t\t\t\t\t<span class=\"wd-icon\"><\/span>\n\t\t\t\t\t\t\t\t\t\t\t<\/a>\n\t\t\t\t\n\t\t\t\t\n\t\t\t\t\n\t\t\t\t\n\t\t\t\t\n\t\t\t\t\n\t\t\t\t\t\t\t\t\t<a rel=\"noopener noreferrer nofollow\" href=\"https:\/\/pinterest.com\/pin\/create\/button\/?url=https:\/\/lydenim.com\/es\/tejido-denim-elastico-5-variantes-clave-en-2026\/&media=https:\/\/lydenim.com\/wp-content\/uploads\/2026\/02\/Stretch-Denim-Fabric-5-Key-Variants-in-2026.jpg&description=Stretch+Denim+Fabric%3A+5+Key+Variants+in+2026\" target=\"_blank\" class=\"wd-social-icon social-pinterest\" aria-label=\"Enlace social de Pinterest\">\n\t\t\t\t\t\t<span class=\"wd-icon\"><\/span>\n\t\t\t\t\t\t\t\t\t\t\t<\/a>\n\t\t\t\t\n\t\t\t\t\n\t\t\t\t\t\t\t\t\t<a rel=\"noopener noreferrer nofollow\" href=\"https:\/\/www.linkedin.com\/shareArticle?mini=true&url=https:\/\/lydenim.com\/es\/tejido-denim-elastico-5-variantes-clave-en-2026\/\" target=\"_blank\" class=\"wd-social-icon social-linkedin\" aria-label=\"Enlace social de Linkedin\">\n\t\t\t\t\t\t<span class=\"wd-icon\"><\/span>\n\t\t\t\t\t\t\t\t\t\t\t<\/a>\n\t\t\t\t\n\t\t\t\t\n\t\t\t\t\n\t\t\t\t\n\t\t\t\t\n\t\t\t\t\n\t\t\t\t\n\t\t\t\t\n\t\t\t\t\n\t\t\t\t\n\t\t\t\t\n\t\t\t\t\n\t\t\t\t\n\t\t\t\t\n\t\t\t\t\n\t\t\t\t\t\t\t\t\t<a rel=\"noopener noreferrer nofollow\" href=\"https:\/\/telegram.me\/share\/url?url=https:\/\/lydenim.com\/es\/tejido-denim-elastico-5-variantes-clave-en-2026\/\" target=\"_blank\" class=\"wd-social-icon social-tg\" aria-label=\"Enlace social de Telegram\">\n\t\t\t\t\t\t<span class=\"wd-icon\"><\/span>\n\t\t\t\t\t\t\t\t\t\t\t<\/a>\n\t\t\t\t\n\t\t\t\t\n\t\t\t<\/div>\n\n\t\t\t\t\t\t\t\t\t\t<\/div>\n\t\t\t\t\t\t\t\t<div class=\"tooltip-arrow\"><\/div>\n\t\t\t\t\t\t\t<\/div>\n\t\t\t\t\t\t<\/div>\n\t\t\t\t\t\n\t\t\t\t\t\t\t\t\t<\/div>\n\t\t\t\n\t\t\t\t\t\t\t<div class=\"wd-post-excerpt entry-content\">\n\t\t\t\t\tEstimated reading time: ~5 minutes\r\nHey folks, if you've ever squeezed into a pair of jeans that move with you instead of fighting back...\t\t\t\t<\/div>\n\t\t\t\n\t\t\t\t\t\t\t\t\t\t\t\t<div class=\"wd-post-read-more wd-style-link read-more-section\">\n\t\t\t\t\t\t<a class=\"\" href=\"https:\/\/lydenim.com\/es\/tejido-denim-elastico-5-variantes-clave-en-2026\/\">Seguir leyendo<\/a>\t\t\t\t\t<\/div>\n\t\t\t\t\t\t\t\t\t<\/div>\n\t<\/div>\n<\/article>\n\n\t\t\t\t\t<\/div>\n\t\t\t\t<div class=\"wd-carousel-item\">\n\t\t\t\t\t\t\t\n<article id=\"post-7103\" class=\"wd-post blog-design-masonry blog-post-loop blog-style-bg wd-add-shadow post-7103 post type-post status-publish format-standard has-post-thumbnail hentry category-denim-knowledge\">\n\t<div class=\"wd-post-inner article-inner\">\n\t\t\t\t\t<div class=\"wd-post-thumb entry-header\">\n\t\t\t\t\t\t\t\t\t<div class=\"wd-post-img post-img-wrapp\">\n\t\t\t\t\t\t<img loading=\"lazy\" decoding=\"async\" width=\"150\" height=\"150\" src=\"https:\/\/lydenim.com\/wp-content\/uploads\/2026\/01\/Master-Denim-Fabric-5-Essentials-for-2026-150x150.jpg\" class=\"attachment-thumbnail size-thumbnail\" alt=\"\" srcset=\"https:\/\/lydenim.com\/wp-content\/uploads\/2026\/01\/Master-Denim-Fabric-5-Essentials-for-2026-150x150.jpg 150w, https:\/\/lydenim.com\/wp-content\/uploads\/2026\/01\/Master-Denim-Fabric-5-Essentials-for-2026-300x300.jpg 300w, https:\/\/lydenim.com\/wp-content\/uploads\/2026\/01\/Master-Denim-Fabric-5-Essentials-for-2026-45x45.jpg 45w\" sizes=\"auto, (max-width: 150px) 100vw, 150px\" \/>\t\t\t\t\t<\/div>\n\t\t\t\t\t<a class=\"wd-fill\" href=\"https:\/\/lydenim.com\/es\/tejido-vaquero-master-5-imprescindibles-para-2026\/\"><\/a>\n\t\t\t\t\n\t\t\t\t\t\t\t\t\t\t\t\t<div class=\"wd-post-date wd-style-with-bg\">\n\t\t\t\t<span class=\"post-date-day\">\n\t\t\t\t\t31\t\t\t\t<\/span>\n\t\t\t\t<span class=\"post-date-month\">\n\t\t\t\t\tEne\t\t\t\t<\/span>\n\t\t\t<\/div>\n\t\t\t\t\t\t\t\t\t<\/div>\n\t\t\n\t\t<div class=\"wd-post-content article-body-container\">\n\t\t\t\t\t\t\t<div class=\"wd-post-cat wd-style-with-bg meta-post-categories\">\n\t\t\t\t\t<a href=\"https:\/\/lydenim.com\/es\/category\/conocimiento-de-mezclilla\/\" rel=\"category tag\">Conocimiento del denim<\/a>\t\t\t\t<\/div>\n\t\t\t\n\t\t\t\t\t\t\t<h3 class=\"wd-post-title wd-entities-title title post-title\">\n\t\t\t\t\t<a href=\"https:\/\/lydenim.com\/es\/tejido-vaquero-master-5-imprescindibles-para-2026\/\" rel=\"bookmark\">\n\t\t\t\t\t\tTejidos de mezclilla de alta calidad: 5 imprescindibles para 2026\t\t\t\t\t<\/a>\n\t\t\t\t<\/h3>\n\t\t\t\n\t\t\t\t\t\t\t<div class=\"wd-post-meta\">\n\t\t\t\t\t\t\t\t\t\t\t\t\t\t\t<div class=\"wd-post-author\">\n\t\t\t\t\t\t\t\t\t\t\t<span>Publicado por<\/span>\n\t\t\n\t\t\t\t\t\t\t\n\t\t\t\t\t<a href=\"https:\/\/lydenim.com\/es\/author\/malonematthewmmgmail-com\/\" class=\"author\" rel=\"author\">malonematthewmm@gmail.com<\/a>\n\t\t\t\t\t\t\t\t\t<\/div>\n\t\t\t\t\t<div class=\"wd-modified-date\">\n\t\t\t\t\t\t\t\t<time class=\"updated\" datetime=\"2026-01-31T13:04:52+08:00\">\n\t\t\t31\/01\/2026\t\t<\/time>\n\t\t\t\t\t\t\t<\/div>\n\n\t\t\t\t\t\t\t\t\t\t\t<div class=\"wd-post-share wd-tltp\">\n\t\t\t\t\t\t\t<div class=\"tooltip top\">\n\t\t\t\t\t\t\t\t<div class=\"tooltip-inner\">\n\t\t\t\t\t\t\t\t\t\t\t\t<div\n\t\t\t\t\t\tclass=\"wd-social-icons wd-style-default wd-size-small social-share wd-shape-circle color-scheme-light text-center\">\n\t\t\t\t\n\t\t\t\t\n\t\t\t\t\t\t\t\t\t<a rel=\"noopener noreferrer nofollow\" href=\"https:\/\/www.facebook.com\/sharer\/sharer.php?u=https:\/\/lydenim.com\/es\/tejido-vaquero-master-5-imprescindibles-para-2026\/\" target=\"_blank\" class=\"wd-social-icon social-facebook\" aria-label=\"Enlace social de Facebook\">\n\t\t\t\t\t\t<span class=\"wd-icon\"><\/span>\n\t\t\t\t\t\t\t\t\t\t\t<\/a>\n\t\t\t\t\n\t\t\t\t\t\t\t\t\t<a rel=\"noopener noreferrer nofollow\" href=\"https:\/\/x.com\/share?url=https:\/\/lydenim.com\/es\/tejido-vaquero-master-5-imprescindibles-para-2026\/\" target=\"_blank\" class=\"wd-social-icon social-twitter\" aria-label=\"X enlace social\">\n\t\t\t\t\t\t<span class=\"wd-icon\"><\/span>\n\t\t\t\t\t\t\t\t\t\t\t<\/a>\n\t\t\t\t\n\t\t\t\t\n\t\t\t\t\n\t\t\t\t\n\t\t\t\t\n\t\t\t\t\n\t\t\t\t\t\t\t\t\t<a rel=\"noopener noreferrer nofollow\" href=\"https:\/\/pinterest.com\/pin\/create\/button\/?url=https:\/\/lydenim.com\/es\/tejido-vaquero-master-5-imprescindibles-para-2026\/&media=https:\/\/lydenim.com\/wp-content\/uploads\/2026\/01\/Master-Denim-Fabric-5-Essentials-for-2026.jpg&description=Master+Denim+Fabric%3A+5+Essentials+for+2026\" target=\"_blank\" class=\"wd-social-icon social-pinterest\" aria-label=\"Enlace social de Pinterest\">\n\t\t\t\t\t\t<span class=\"wd-icon\"><\/span>\n\t\t\t\t\t\t\t\t\t\t\t<\/a>\n\t\t\t\t\n\t\t\t\t\n\t\t\t\t\t\t\t\t\t<a rel=\"noopener noreferrer nofollow\" href=\"https:\/\/www.linkedin.com\/shareArticle?mini=true&url=https:\/\/lydenim.com\/es\/tejido-vaquero-master-5-imprescindibles-para-2026\/\" target=\"_blank\" class=\"wd-social-icon social-linkedin\" aria-label=\"Enlace social de Linkedin\">\n\t\t\t\t\t\t<span class=\"wd-icon\"><\/span>\n\t\t\t\t\t\t\t\t\t\t\t<\/a>\n\t\t\t\t\n\t\t\t\t\n\t\t\t\t\n\t\t\t\t\n\t\t\t\t\n\t\t\t\t\n\t\t\t\t\n\t\t\t\t\n\t\t\t\t\n\t\t\t\t\n\t\t\t\t\n\t\t\t\t\n\t\t\t\t\n\t\t\t\t\n\t\t\t\t\n\t\t\t\t\t\t\t\t\t<a rel=\"noopener noreferrer nofollow\" href=\"https:\/\/telegram.me\/share\/url?url=https:\/\/lydenim.com\/es\/tejido-vaquero-master-5-imprescindibles-para-2026\/\" target=\"_blank\" class=\"wd-social-icon social-tg\" aria-label=\"Enlace social de Telegram\">\n\t\t\t\t\t\t<span class=\"wd-icon\"><\/span>\n\t\t\t\t\t\t\t\t\t\t\t<\/a>\n\t\t\t\t\n\t\t\t\t\n\t\t\t<\/div>\n\n\t\t\t\t\t\t\t\t\t\t<\/div>\n\t\t\t\t\t\t\t\t<div class=\"tooltip-arrow\"><\/div>\n\t\t\t\t\t\t\t<\/div>\n\t\t\t\t\t\t<\/div>\n\t\t\t\t\t\n\t\t\t\t\t\t\t\t\t<\/div>\n\t\t\t\n\t\t\t\t\t\t\t<div class=\"wd-post-excerpt entry-content\">\n\t\t\t\t\tEstimated reading time: ~3 minutes\r\nHello there, denim lovers. Ever slipped jeans on, then asked yourself why they fit so well - or why...\t\t\t\t<\/div>\n\t\t\t\n\t\t\t\t\t\t\t\t\t\t\t\t<div class=\"wd-post-read-more wd-style-link read-more-section\">\n\t\t\t\t\t\t<a class=\"\" href=\"https:\/\/lydenim.com\/es\/tejido-vaquero-master-5-imprescindibles-para-2026\/\">Seguir leyendo<\/a>\t\t\t\t\t<\/div>\n\t\t\t\t\t\t\t\t\t<\/div>\n\t<\/div>\n<\/article>\n\n\t\t\t\t\t<\/div>\n\t\t\t\t<div class=\"wd-carousel-item\">\n\t\t\t\t\t\t\t\n<article id=\"post-7093\" class=\"wd-post blog-design-masonry blog-post-loop blog-style-bg wd-add-shadow post-7093 post type-post status-publish format-standard has-post-thumbnail hentry category-denim-knowledge\">\n\t<div class=\"wd-post-inner article-inner\">\n\t\t\t\t\t<div class=\"wd-post-thumb entry-header\">\n\t\t\t\t\t\t\t\t\t<div class=\"wd-post-img post-img-wrapp\">\n\t\t\t\t\t\t<img loading=\"lazy\" decoding=\"async\" width=\"150\" height=\"150\" src=\"https:\/\/lydenim.com\/wp-content\/uploads\/2026\/01\/Tips-for-Prevent-Stretch-Denim-Fabric-Failures-150x150.jpg\" class=\"attachment-thumbnail size-thumbnail\" alt=\"\" srcset=\"https:\/\/lydenim.com\/wp-content\/uploads\/2026\/01\/Tips-for-Prevent-Stretch-Denim-Fabric-Failures-150x150.jpg 150w, https:\/\/lydenim.com\/wp-content\/uploads\/2026\/01\/Tips-for-Prevent-Stretch-Denim-Fabric-Failures-300x300.jpg 300w, https:\/\/lydenim.com\/wp-content\/uploads\/2026\/01\/Tips-for-Prevent-Stretch-Denim-Fabric-Failures-45x45.jpg 45w\" sizes=\"auto, (max-width: 150px) 100vw, 150px\" \/>\t\t\t\t\t<\/div>\n\t\t\t\t\t<a class=\"wd-fill\" href=\"https:\/\/lydenim.com\/es\/consejos-para-evitar-fallas-en-la-tela-de-mezclilla-elastica\/\"><\/a>\n\t\t\t\t\n\t\t\t\t\t\t\t\t\t\t\t\t<div class=\"wd-post-date wd-style-with-bg\">\n\t\t\t\t<span class=\"post-date-day\">\n\t\t\t\t\t12\t\t\t\t<\/span>\n\t\t\t\t<span class=\"post-date-month\">\n\t\t\t\t\tEne\t\t\t\t<\/span>\n\t\t\t<\/div>\n\t\t\t\t\t\t\t\t\t<\/div>\n\t\t\n\t\t<div class=\"wd-post-content article-body-container\">\n\t\t\t\t\t\t\t<div class=\"wd-post-cat wd-style-with-bg meta-post-categories\">\n\t\t\t\t\t<a href=\"https:\/\/lydenim.com\/es\/category\/conocimiento-de-mezclilla\/\" rel=\"category tag\">Conocimiento del denim<\/a>\t\t\t\t<\/div>\n\t\t\t\n\t\t\t\t\t\t\t<h3 class=\"wd-post-title wd-entities-title title post-title\">\n\t\t\t\t\t<a href=\"https:\/\/lydenim.com\/es\/consejos-para-evitar-fallas-en-la-tela-de-mezclilla-elastica\/\" rel=\"bookmark\">\n\t\t\t\t\t\tConsejos para prevenir fallas en la tela de mezclilla el\u00e1stica\t\t\t\t\t<\/a>\n\t\t\t\t<\/h3>\n\t\t\t\n\t\t\t\t\t\t\t<div class=\"wd-post-meta\">\n\t\t\t\t\t\t\t\t\t\t\t\t\t\t\t<div class=\"wd-post-author\">\n\t\t\t\t\t\t\t\t\t\t\t<span>Publicado por<\/span>\n\t\t\n\t\t\t\t\t\t\t\n\t\t\t\t\t<a href=\"https:\/\/lydenim.com\/es\/author\/malonematthewmmgmail-com\/\" class=\"author\" rel=\"author\">malonematthewmm@gmail.com<\/a>\n\t\t\t\t\t\t\t\t\t<\/div>\n\t\t\t\t\t<div class=\"wd-modified-date\">\n\t\t\t\t\t\t\t\t<time class=\"updated\" datetime=\"2026-01-12T17:12:08+08:00\">\n\t\t\t12\/01\/2026\t\t<\/time>\n\t\t\t\t\t\t\t<\/div>\n\n\t\t\t\t\t\t\t\t\t\t\t<div class=\"wd-post-share wd-tltp\">\n\t\t\t\t\t\t\t<div class=\"tooltip top\">\n\t\t\t\t\t\t\t\t<div class=\"tooltip-inner\">\n\t\t\t\t\t\t\t\t\t\t\t\t<div\n\t\t\t\t\t\tclass=\"wd-social-icons wd-style-default wd-size-small social-share wd-shape-circle color-scheme-light text-center\">\n\t\t\t\t\n\t\t\t\t\n\t\t\t\t\t\t\t\t\t<a rel=\"noopener noreferrer nofollow\" href=\"https:\/\/www.facebook.com\/sharer\/sharer.php?u=https:\/\/lydenim.com\/es\/consejos-para-evitar-fallas-en-la-tela-de-mezclilla-elastica\/\" target=\"_blank\" class=\"wd-social-icon social-facebook\" aria-label=\"Enlace social de Facebook\">\n\t\t\t\t\t\t<span class=\"wd-icon\"><\/span>\n\t\t\t\t\t\t\t\t\t\t\t<\/a>\n\t\t\t\t\n\t\t\t\t\t\t\t\t\t<a rel=\"noopener noreferrer nofollow\" href=\"https:\/\/x.com\/share?url=https:\/\/lydenim.com\/es\/consejos-para-evitar-fallas-en-la-tela-de-mezclilla-elastica\/\" target=\"_blank\" class=\"wd-social-icon social-twitter\" aria-label=\"X enlace social\">\n\t\t\t\t\t\t<span class=\"wd-icon\"><\/span>\n\t\t\t\t\t\t\t\t\t\t\t<\/a>\n\t\t\t\t\n\t\t\t\t\n\t\t\t\t\n\t\t\t\t\n\t\t\t\t\n\t\t\t\t\n\t\t\t\t\t\t\t\t\t<a rel=\"noopener noreferrer nofollow\" href=\"https:\/\/pinterest.com\/pin\/create\/button\/?url=https:\/\/lydenim.com\/es\/consejos-para-evitar-fallas-en-la-tela-de-mezclilla-elastica\/&media=https:\/\/lydenim.com\/wp-content\/uploads\/2026\/01\/Tips-for-Prevent-Stretch-Denim-Fabric-Failures.jpg&description=Tips+for+Prevent+Stretch+Denim+Fabric+Failures\" target=\"_blank\" class=\"wd-social-icon social-pinterest\" aria-label=\"Enlace social de Pinterest\">\n\t\t\t\t\t\t<span class=\"wd-icon\"><\/span>\n\t\t\t\t\t\t\t\t\t\t\t<\/a>\n\t\t\t\t\n\t\t\t\t\n\t\t\t\t\t\t\t\t\t<a rel=\"noopener noreferrer nofollow\" href=\"https:\/\/www.linkedin.com\/shareArticle?mini=true&url=https:\/\/lydenim.com\/es\/consejos-para-evitar-fallas-en-la-tela-de-mezclilla-elastica\/\" target=\"_blank\" class=\"wd-social-icon social-linkedin\" aria-label=\"Enlace social de Linkedin\">\n\t\t\t\t\t\t<span class=\"wd-icon\"><\/span>\n\t\t\t\t\t\t\t\t\t\t\t<\/a>\n\t\t\t\t\n\t\t\t\t\n\t\t\t\t\n\t\t\t\t\n\t\t\t\t\n\t\t\t\t\n\t\t\t\t\n\t\t\t\t\n\t\t\t\t\n\t\t\t\t\n\t\t\t\t\n\t\t\t\t\n\t\t\t\t\n\t\t\t\t\n\t\t\t\t\n\t\t\t\t\t\t\t\t\t<a rel=\"noopener noreferrer nofollow\" href=\"https:\/\/telegram.me\/share\/url?url=https:\/\/lydenim.com\/es\/consejos-para-evitar-fallas-en-la-tela-de-mezclilla-elastica\/\" target=\"_blank\" class=\"wd-social-icon social-tg\" aria-label=\"Enlace social de Telegram\">\n\t\t\t\t\t\t<span class=\"wd-icon\"><\/span>\n\t\t\t\t\t\t\t\t\t\t\t<\/a>\n\t\t\t\t\n\t\t\t\t\n\t\t\t<\/div>\n\n\t\t\t\t\t\t\t\t\t\t<\/div>\n\t\t\t\t\t\t\t\t<div class=\"tooltip-arrow\"><\/div>\n\t\t\t\t\t\t\t<\/div>\n\t\t\t\t\t\t<\/div>\n\t\t\t\t\t\n\t\t\t\t\t\t\t\t\t<\/div>\n\t\t\t\n\t\t\t\t\t\t\t<div class=\"wd-post-excerpt entry-content\">\n\t\t\t\t\tTiempo estimado de lectura: ~3 minutos Si alguna vez te pusiste unos jeans suaves y el\u00e1sticos que te quedaban perfectos, pero que pronto se ca\u00edan con cada enjuague...\t\t\t\t<\/div>\n\t\t\t\n\t\t\t\t\t\t\t\t\t\t\t\t<div class=\"wd-post-read-more wd-style-link read-more-section\">\n\t\t\t\t\t\t<a class=\"\" href=\"https:\/\/lydenim.com\/es\/consejos-para-evitar-fallas-en-la-tela-de-mezclilla-elastica\/\">Seguir leyendo<\/a>\t\t\t\t\t<\/div>\n\t\t\t\t\t\t\t\t\t<\/div>\n\t<\/div>\n<\/article>\n\n\t\t\t\t\t<\/div>\n\t\t\t\t<div class=\"wd-carousel-item\">\n\t\t\t\t\t\t\t\n<article id=\"post-7084\" class=\"wd-post blog-design-masonry blog-post-loop blog-style-bg wd-add-shadow post-7084 post type-post status-publish format-standard has-post-thumbnail hentry category-denim-knowledge\">\n\t<div class=\"wd-post-inner article-inner\">\n\t\t\t\t\t<div class=\"wd-post-thumb entry-header\">\n\t\t\t\t\t\t\t\t\t<div class=\"wd-post-img post-img-wrapp\">\n\t\t\t\t\t\t<img loading=\"lazy\" decoding=\"async\" width=\"150\" height=\"150\" src=\"https:\/\/lydenim.com\/wp-content\/uploads\/2026\/01\/Lyocell-Cotton-Linen-Jacquard-Fabric-150x150.jpg\" class=\"attachment-thumbnail size-thumbnail\" alt=\"\" srcset=\"https:\/\/lydenim.com\/wp-content\/uploads\/2026\/01\/Lyocell-Cotton-Linen-Jacquard-Fabric-150x150.jpg 150w, https:\/\/lydenim.com\/wp-content\/uploads\/2026\/01\/Lyocell-Cotton-Linen-Jacquard-Fabric-300x300.jpg 300w, https:\/\/lydenim.com\/wp-content\/uploads\/2026\/01\/Lyocell-Cotton-Linen-Jacquard-Fabric-45x45.jpg 45w\" sizes=\"auto, (max-width: 150px) 100vw, 150px\" \/>\t\t\t\t\t<\/div>\n\t\t\t\t\t<a class=\"wd-fill\" href=\"https:\/\/lydenim.com\/es\/tejido-jacquard-de-lino-y-algodon-lyocell\/\"><\/a>\n\t\t\t\t\n\t\t\t\t\t\t\t\t\t\t\t\t<div class=\"wd-post-date wd-style-with-bg\">\n\t\t\t\t<span class=\"post-date-day\">\n\t\t\t\t\t05\t\t\t\t<\/span>\n\t\t\t\t<span class=\"post-date-month\">\n\t\t\t\t\tEne\t\t\t\t<\/span>\n\t\t\t<\/div>\n\t\t\t\t\t\t\t\t\t<\/div>\n\t\t\n\t\t<div class=\"wd-post-content article-body-container\">\n\t\t\t\t\t\t\t<div class=\"wd-post-cat wd-style-with-bg meta-post-categories\">\n\t\t\t\t\t<a href=\"https:\/\/lydenim.com\/es\/category\/conocimiento-de-mezclilla\/\" rel=\"category tag\">Conocimiento del denim<\/a>\t\t\t\t<\/div>\n\t\t\t\n\t\t\t\t\t\t\t<h3 class=\"wd-post-title wd-entities-title title post-title\">\n\t\t\t\t\t<a href=\"https:\/\/lydenim.com\/es\/tejido-jacquard-de-lino-y-algodon-lyocell\/\" rel=\"bookmark\">\n\t\t\t\t\t\tTejido jacquard de lino y algod\u00f3n lyocell\t\t\t\t\t<\/a>\n\t\t\t\t<\/h3>\n\t\t\t\n\t\t\t\t\t\t\t<div class=\"wd-post-meta\">\n\t\t\t\t\t\t\t\t\t\t\t\t\t\t\t<div class=\"wd-post-author\">\n\t\t\t\t\t\t\t\t\t\t\t<span>Publicado por<\/span>\n\t\t\n\t\t\t\t\t\t\t\n\t\t\t\t\t<a href=\"https:\/\/lydenim.com\/es\/author\/malonematthewmmgmail-com\/\" class=\"author\" rel=\"author\">malonematthewmm@gmail.com<\/a>\n\t\t\t\t\t\t\t\t\t<\/div>\n\t\t\t\t\t<div class=\"wd-modified-date\">\n\t\t\t\t\t\t\t\t<time class=\"updated\" datetime=\"2026-01-05T13:25:56+08:00\">\n\t\t\t05\/01\/2026\t\t<\/time>\n\t\t\t\t\t\t\t<\/div>\n\n\t\t\t\t\t\t\t\t\t\t\t<div class=\"wd-post-share wd-tltp\">\n\t\t\t\t\t\t\t<div class=\"tooltip top\">\n\t\t\t\t\t\t\t\t<div class=\"tooltip-inner\">\n\t\t\t\t\t\t\t\t\t\t\t\t<div\n\t\t\t\t\t\tclass=\"wd-social-icons wd-style-default wd-size-small social-share wd-shape-circle color-scheme-light text-center\">\n\t\t\t\t\n\t\t\t\t\n\t\t\t\t\t\t\t\t\t<a rel=\"noopener noreferrer nofollow\" href=\"https:\/\/www.facebook.com\/sharer\/sharer.php?u=https:\/\/lydenim.com\/es\/tejido-jacquard-de-lino-y-algodon-lyocell\/\" target=\"_blank\" class=\"wd-social-icon social-facebook\" aria-label=\"Enlace social de Facebook\">\n\t\t\t\t\t\t<span class=\"wd-icon\"><\/span>\n\t\t\t\t\t\t\t\t\t\t\t<\/a>\n\t\t\t\t\n\t\t\t\t\t\t\t\t\t<a rel=\"noopener noreferrer nofollow\" href=\"https:\/\/x.com\/share?url=https:\/\/lydenim.com\/es\/tejido-jacquard-de-lino-y-algodon-lyocell\/\" target=\"_blank\" class=\"wd-social-icon social-twitter\" aria-label=\"X enlace social\">\n\t\t\t\t\t\t<span class=\"wd-icon\"><\/span>\n\t\t\t\t\t\t\t\t\t\t\t<\/a>\n\t\t\t\t\n\t\t\t\t\n\t\t\t\t\n\t\t\t\t\n\t\t\t\t\n\t\t\t\t\n\t\t\t\t\t\t\t\t\t<a rel=\"noopener noreferrer nofollow\" href=\"https:\/\/pinterest.com\/pin\/create\/button\/?url=https:\/\/lydenim.com\/es\/tejido-jacquard-de-lino-y-algodon-lyocell\/&media=https:\/\/lydenim.com\/wp-content\/uploads\/2026\/01\/Lyocell-Cotton-Linen-Jacquard-Fabric.jpg&description=Lyocell+Cotton+Linen+Jacquard+Fabric\" target=\"_blank\" class=\"wd-social-icon social-pinterest\" aria-label=\"Enlace social de Pinterest\">\n\t\t\t\t\t\t<span class=\"wd-icon\"><\/span>\n\t\t\t\t\t\t\t\t\t\t\t<\/a>\n\t\t\t\t\n\t\t\t\t\n\t\t\t\t\t\t\t\t\t<a rel=\"noopener noreferrer nofollow\" href=\"https:\/\/www.linkedin.com\/shareArticle?mini=true&url=https:\/\/lydenim.com\/es\/tejido-jacquard-de-lino-y-algodon-lyocell\/\" target=\"_blank\" class=\"wd-social-icon social-linkedin\" aria-label=\"Enlace social de Linkedin\">\n\t\t\t\t\t\t<span class=\"wd-icon\"><\/span>\n\t\t\t\t\t\t\t\t\t\t\t<\/a>\n\t\t\t\t\n\t\t\t\t\n\t\t\t\t\n\t\t\t\t\n\t\t\t\t\n\t\t\t\t\n\t\t\t\t\n\t\t\t\t\n\t\t\t\t\n\t\t\t\t\n\t\t\t\t\n\t\t\t\t\n\t\t\t\t\n\t\t\t\t\n\t\t\t\t\n\t\t\t\t\t\t\t\t\t<a rel=\"noopener noreferrer nofollow\" href=\"https:\/\/telegram.me\/share\/url?url=https:\/\/lydenim.com\/es\/tejido-jacquard-de-lino-y-algodon-lyocell\/\" target=\"_blank\" class=\"wd-social-icon social-tg\" aria-label=\"Enlace social de Telegram\">\n\t\t\t\t\t\t<span class=\"wd-icon\"><\/span>\n\t\t\t\t\t\t\t\t\t\t\t<\/a>\n\t\t\t\t\n\t\t\t\t\n\t\t\t<\/div>\n\n\t\t\t\t\t\t\t\t\t\t<\/div>\n\t\t\t\t\t\t\t\t<div class=\"tooltip-arrow\"><\/div>\n\t\t\t\t\t\t\t<\/div>\n\t\t\t\t\t\t<\/div>\n\t\t\t\t\t\n\t\t\t\t\t\t\t\t\t<\/div>\n\t\t\t\n\t\t\t\t\t\t\t<div class=\"wd-post-excerpt entry-content\">\n\t\t\t\t\tTiempo estimado de lectura: ~4 minutos He estado en el mundo de la moda el tiempo suficiente como para detectar telas que realmente cambian el juego, y Lyocell Cotto...\t\t\t\t<\/div>\n\t\t\t\n\t\t\t\t\t\t\t\t\t\t\t\t<div class=\"wd-post-read-more wd-style-link read-more-section\">\n\t\t\t\t\t\t<a class=\"\" href=\"https:\/\/lydenim.com\/es\/tejido-jacquard-de-lino-y-algodon-lyocell\/\">Seguir leyendo<\/a>\t\t\t\t\t<\/div>\n\t\t\t\t\t\t\t\t\t<\/div>\n\t<\/div>\n<\/article>\n\n\t\t\t\t\t<\/div>\n\t\t\t\t<div class=\"wd-carousel-item\">\n\t\t\t\t\t\t\t\n<article id=\"post-7075\" class=\"wd-post blog-design-masonry blog-post-loop blog-style-bg wd-add-shadow post-7075 post type-post status-publish format-standard has-post-thumbnail hentry category-denim-knowledge\">\n\t<div class=\"wd-post-inner article-inner\">\n\t\t\t\t\t<div class=\"wd-post-thumb entry-header\">\n\t\t\t\t\t\t\t\t\t<div class=\"wd-post-img post-img-wrapp\">\n\t\t\t\t\t\t<img loading=\"lazy\" decoding=\"async\" width=\"150\" height=\"150\" src=\"https:\/\/lydenim.com\/wp-content\/uploads\/2025\/12\/Horse-Year-Jacquard-fabric-150x150.jpg\" class=\"attachment-thumbnail size-thumbnail\" alt=\"\" srcset=\"https:\/\/lydenim.com\/wp-content\/uploads\/2025\/12\/Horse-Year-Jacquard-fabric-150x150.jpg 150w, https:\/\/lydenim.com\/wp-content\/uploads\/2025\/12\/Horse-Year-Jacquard-fabric-300x300.jpg 300w, https:\/\/lydenim.com\/wp-content\/uploads\/2025\/12\/Horse-Year-Jacquard-fabric-45x45.jpg 45w\" sizes=\"auto, (max-width: 150px) 100vw, 150px\" \/>\t\t\t\t\t<\/div>\n\t\t\t\t\t<a class=\"wd-fill\" href=\"https:\/\/lydenim.com\/es\/tejido-jacquard-con-motivos-de-caballos-para-la-produccion-de-prendas-de-vestir\/\"><\/a>\n\t\t\t\t\n\t\t\t\t\t\t\t\t\t\t\t\t<div class=\"wd-post-date wd-style-with-bg\">\n\t\t\t\t<span class=\"post-date-day\">\n\t\t\t\t\t01\t\t\t\t<\/span>\n\t\t\t\t<span class=\"post-date-month\">\n\t\t\t\t\tEne\t\t\t\t<\/span>\n\t\t\t<\/div>\n\t\t\t\t\t\t\t\t\t<\/div>\n\t\t\n\t\t<div class=\"wd-post-content article-body-container\">\n\t\t\t\t\t\t\t<div class=\"wd-post-cat wd-style-with-bg meta-post-categories\">\n\t\t\t\t\t<a href=\"https:\/\/lydenim.com\/es\/category\/conocimiento-de-mezclilla\/\" rel=\"category tag\">Conocimiento del denim<\/a>\t\t\t\t<\/div>\n\t\t\t\n\t\t\t\t\t\t\t<h3 class=\"wd-post-title wd-entities-title title post-title\">\n\t\t\t\t\t<a href=\"https:\/\/lydenim.com\/es\/tejido-jacquard-con-motivos-de-caballos-para-la-produccion-de-prendas-de-vestir\/\" rel=\"bookmark\">\n\t\t\t\t\t\tTejido Jacquard Horse Year para la producci\u00f3n de prendas de vestir\t\t\t\t\t<\/a>\n\t\t\t\t<\/h3>\n\t\t\t\n\t\t\t\t\t\t\t<div class=\"wd-post-meta\">\n\t\t\t\t\t\t\t\t\t\t\t\t\t\t\t<div class=\"wd-post-author\">\n\t\t\t\t\t\t\t\t\t\t\t<span>Publicado por<\/span>\n\t\t\n\t\t\t\t\t\t\t\n\t\t\t\t\t<a href=\"https:\/\/lydenim.com\/es\/author\/malonematthewmmgmail-com\/\" class=\"author\" rel=\"author\">malonematthewmm@gmail.com<\/a>\n\t\t\t\t\t\t\t\t\t<\/div>\n\t\t\t\t\t<div class=\"wd-modified-date\">\n\t\t\t\t\t\t\t\t<time class=\"updated\" datetime=\"2026-01-01T17:59:29+08:00\">\n\t\t\t01\/01\/2026\t\t<\/time>\n\t\t\t\t\t\t\t<\/div>\n\n\t\t\t\t\t\t\t\t\t\t\t<div class=\"wd-post-share wd-tltp\">\n\t\t\t\t\t\t\t<div class=\"tooltip top\">\n\t\t\t\t\t\t\t\t<div class=\"tooltip-inner\">\n\t\t\t\t\t\t\t\t\t\t\t\t<div\n\t\t\t\t\t\tclass=\"wd-social-icons wd-style-default wd-size-small social-share wd-shape-circle color-scheme-light text-center\">\n\t\t\t\t\n\t\t\t\t\n\t\t\t\t\t\t\t\t\t<a rel=\"noopener noreferrer nofollow\" href=\"https:\/\/www.facebook.com\/sharer\/sharer.php?u=https:\/\/lydenim.com\/es\/tejido-jacquard-con-motivos-de-caballos-para-la-produccion-de-prendas-de-vestir\/\" target=\"_blank\" class=\"wd-social-icon social-facebook\" aria-label=\"Enlace social de Facebook\">\n\t\t\t\t\t\t<span class=\"wd-icon\"><\/span>\n\t\t\t\t\t\t\t\t\t\t\t<\/a>\n\t\t\t\t\n\t\t\t\t\t\t\t\t\t<a rel=\"noopener noreferrer nofollow\" href=\"https:\/\/x.com\/share?url=https:\/\/lydenim.com\/es\/tejido-jacquard-con-motivos-de-caballos-para-la-produccion-de-prendas-de-vestir\/\" target=\"_blank\" class=\"wd-social-icon social-twitter\" aria-label=\"X enlace social\">\n\t\t\t\t\t\t<span class=\"wd-icon\"><\/span>\n\t\t\t\t\t\t\t\t\t\t\t<\/a>\n\t\t\t\t\n\t\t\t\t\n\t\t\t\t\n\t\t\t\t\n\t\t\t\t\n\t\t\t\t\n\t\t\t\t\t\t\t\t\t<a rel=\"noopener noreferrer nofollow\" href=\"https:\/\/pinterest.com\/pin\/create\/button\/?url=https:\/\/lydenim.com\/es\/tejido-jacquard-con-motivos-de-caballos-para-la-produccion-de-prendas-de-vestir\/&media=https:\/\/lydenim.com\/wp-content\/uploads\/2025\/12\/Horse-Year-Jacquard-fabric.jpg&description=Horse+Year+Jacquard+fabric+for+clothing+production\" target=\"_blank\" class=\"wd-social-icon social-pinterest\" aria-label=\"Enlace social de Pinterest\">\n\t\t\t\t\t\t<span class=\"wd-icon\"><\/span>\n\t\t\t\t\t\t\t\t\t\t\t<\/a>\n\t\t\t\t\n\t\t\t\t\n\t\t\t\t\t\t\t\t\t<a rel=\"noopener noreferrer nofollow\" href=\"https:\/\/www.linkedin.com\/shareArticle?mini=true&url=https:\/\/lydenim.com\/es\/tejido-jacquard-con-motivos-de-caballos-para-la-produccion-de-prendas-de-vestir\/\" target=\"_blank\" class=\"wd-social-icon social-linkedin\" aria-label=\"Enlace social de Linkedin\">\n\t\t\t\t\t\t<span class=\"wd-icon\"><\/span>\n\t\t\t\t\t\t\t\t\t\t\t<\/a>\n\t\t\t\t\n\t\t\t\t\n\t\t\t\t\n\t\t\t\t\n\t\t\t\t\n\t\t\t\t\n\t\t\t\t\n\t\t\t\t\n\t\t\t\t\n\t\t\t\t\n\t\t\t\t\n\t\t\t\t\n\t\t\t\t\n\t\t\t\t\n\t\t\t\t\n\t\t\t\t\t\t\t\t\t<a rel=\"noopener noreferrer nofollow\" href=\"https:\/\/telegram.me\/share\/url?url=https:\/\/lydenim.com\/es\/tejido-jacquard-con-motivos-de-caballos-para-la-produccion-de-prendas-de-vestir\/\" target=\"_blank\" class=\"wd-social-icon social-tg\" aria-label=\"Enlace social de Telegram\">\n\t\t\t\t\t\t<span class=\"wd-icon\"><\/span>\n\t\t\t\t\t\t\t\t\t\t\t<\/a>\n\t\t\t\t\n\t\t\t\t\n\t\t\t<\/div>\n\n\t\t\t\t\t\t\t\t\t\t<\/div>\n\t\t\t\t\t\t\t\t<div class=\"tooltip-arrow\"><\/div>\n\t\t\t\t\t\t\t<\/div>\n\t\t\t\t\t\t<\/div>\n\t\t\t\t\t\n\t\t\t\t\t\t\t\t\t<\/div>\n\t\t\t\n\t\t\t\t\t\t\t<div class=\"wd-post-excerpt entry-content\">\n\t\t\t\t\tTiempo estimado de lectura: ~5 minutos Siempre me han fascinado las telas que cuentan una historia, y la tela Horse Year Jacquard es una de...\t\t\t\t<\/div>\n\t\t\t\n\t\t\t\t\t\t\t\t\t\t\t\t<div class=\"wd-post-read-more wd-style-link read-more-section\">\n\t\t\t\t\t\t<a class=\"\" href=\"https:\/\/lydenim.com\/es\/tejido-jacquard-con-motivos-de-caballos-para-la-produccion-de-prendas-de-vestir\/\">Seguir leyendo<\/a>\t\t\t\t\t<\/div>\n\t\t\t\t\t\t\t\t\t<\/div>\n\t<\/div>\n<\/article>\n\n\t\t\t\t\t<\/div>\n\t\t\t\t<div class=\"wd-carousel-item\">\n\t\t\t\t\t\t\t\n<article id=\"post-7061\" class=\"wd-post blog-design-masonry blog-post-loop blog-style-bg wd-add-shadow post-7061 post type-post status-publish format-standard has-post-thumbnail hentry category-denim-knowledge\">\n\t<div class=\"wd-post-inner article-inner\">\n\t\t\t\t\t<div class=\"wd-post-thumb entry-header\">\n\t\t\t\t\t\t\t\t\t<div class=\"wd-post-img post-img-wrapp\">\n\t\t\t\t\t\t<img loading=\"lazy\" decoding=\"async\" width=\"150\" height=\"150\" src=\"https:\/\/lydenim.com\/wp-content\/uploads\/2025\/12\/What-is-Cotton-Linen-Blend-Denim-Fabric-150x150.jpg\" class=\"attachment-thumbnail size-thumbnail\" alt=\"\" srcset=\"https:\/\/lydenim.com\/wp-content\/uploads\/2025\/12\/What-is-Cotton-Linen-Blend-Denim-Fabric-150x150.jpg 150w, https:\/\/lydenim.com\/wp-content\/uploads\/2025\/12\/What-is-Cotton-Linen-Blend-Denim-Fabric-300x300.jpg 300w, https:\/\/lydenim.com\/wp-content\/uploads\/2025\/12\/What-is-Cotton-Linen-Blend-Denim-Fabric-45x45.jpg 45w\" sizes=\"auto, (max-width: 150px) 100vw, 150px\" \/>\t\t\t\t\t<\/div>\n\t\t\t\t\t<a class=\"wd-fill\" href=\"https:\/\/lydenim.com\/es\/que-es-la-tela-vaquera-de-mezcla-de-algodon-y-lino\/\"><\/a>\n\t\t\t\t\n\t\t\t\t\t\t\t\t\t\t\t\t<div class=\"wd-post-date wd-style-with-bg\">\n\t\t\t\t<span class=\"post-date-day\">\n\t\t\t\t\t26\t\t\t\t<\/span>\n\t\t\t\t<span class=\"post-date-month\">\n\t\t\t\t\tDic\t\t\t\t<\/span>\n\t\t\t<\/div>\n\t\t\t\t\t\t\t\t\t<\/div>\n\t\t\n\t\t<div class=\"wd-post-content article-body-container\">\n\t\t\t\t\t\t\t<div class=\"wd-post-cat wd-style-with-bg meta-post-categories\">\n\t\t\t\t\t<a href=\"https:\/\/lydenim.com\/es\/category\/conocimiento-de-mezclilla\/\" rel=\"category tag\">Conocimiento del denim<\/a>\t\t\t\t<\/div>\n\t\t\t\n\t\t\t\t\t\t\t<h3 class=\"wd-post-title wd-entities-title title post-title\">\n\t\t\t\t\t<a href=\"https:\/\/lydenim.com\/es\/que-es-la-tela-vaquera-de-mezcla-de-algodon-y-lino\/\" rel=\"bookmark\">\n\t\t\t\t\t\t\u00bfQu\u00e9 es la tela vaquera de mezcla de algod\u00f3n y lino?\t\t\t\t\t<\/a>\n\t\t\t\t<\/h3>\n\t\t\t\n\t\t\t\t\t\t\t<div class=\"wd-post-meta\">\n\t\t\t\t\t\t\t\t\t\t\t\t\t\t\t<div class=\"wd-post-author\">\n\t\t\t\t\t\t\t\t\t\t\t<span>Publicado por<\/span>\n\t\t\n\t\t\t\t\t\t\t\n\t\t\t\t\t<a href=\"https:\/\/lydenim.com\/es\/author\/malonematthewmmgmail-com\/\" class=\"author\" rel=\"author\">malonematthewmm@gmail.com<\/a>\n\t\t\t\t\t\t\t\t\t<\/div>\n\t\t\t\t\t<div class=\"wd-modified-date\">\n\t\t\t\t\t\t\t\t<time class=\"updated\" datetime=\"2025-12-26T13:03:11+08:00\">\n\t\t\t26\/12\/2025\t\t<\/time>\n\t\t\t\t\t\t\t<\/div>\n\n\t\t\t\t\t\t\t\t\t\t\t<div class=\"wd-post-share wd-tltp\">\n\t\t\t\t\t\t\t<div class=\"tooltip top\">\n\t\t\t\t\t\t\t\t<div class=\"tooltip-inner\">\n\t\t\t\t\t\t\t\t\t\t\t\t<div\n\t\t\t\t\t\tclass=\"wd-social-icons wd-style-default wd-size-small social-share wd-shape-circle color-scheme-light text-center\">\n\t\t\t\t\n\t\t\t\t\n\t\t\t\t\t\t\t\t\t<a rel=\"noopener noreferrer nofollow\" href=\"https:\/\/www.facebook.com\/sharer\/sharer.php?u=https:\/\/lydenim.com\/es\/que-es-la-tela-vaquera-de-mezcla-de-algodon-y-lino\/\" target=\"_blank\" class=\"wd-social-icon social-facebook\" aria-label=\"Enlace social de Facebook\">\n\t\t\t\t\t\t<span class=\"wd-icon\"><\/span>\n\t\t\t\t\t\t\t\t\t\t\t<\/a>\n\t\t\t\t\n\t\t\t\t\t\t\t\t\t<a rel=\"noopener noreferrer nofollow\" href=\"https:\/\/x.com\/share?url=https:\/\/lydenim.com\/es\/que-es-la-tela-vaquera-de-mezcla-de-algodon-y-lino\/\" target=\"_blank\" class=\"wd-social-icon social-twitter\" aria-label=\"X enlace social\">\n\t\t\t\t\t\t<span class=\"wd-icon\"><\/span>\n\t\t\t\t\t\t\t\t\t\t\t<\/a>\n\t\t\t\t\n\t\t\t\t\n\t\t\t\t\n\t\t\t\t\n\t\t\t\t\n\t\t\t\t\n\t\t\t\t\t\t\t\t\t<a rel=\"noopener noreferrer nofollow\" href=\"https:\/\/pinterest.com\/pin\/create\/button\/?url=https:\/\/lydenim.com\/es\/que-es-la-tela-vaquera-de-mezcla-de-algodon-y-lino\/&media=https:\/\/lydenim.com\/wp-content\/uploads\/2025\/12\/What-is-Cotton-Linen-Blend-Denim-Fabric.jpg&description=What+is+Cotton+Linen+Blend+Denim+Fabric\" target=\"_blank\" class=\"wd-social-icon social-pinterest\" aria-label=\"Enlace social de Pinterest\">\n\t\t\t\t\t\t<span class=\"wd-icon\"><\/span>\n\t\t\t\t\t\t\t\t\t\t\t<\/a>\n\t\t\t\t\n\t\t\t\t\n\t\t\t\t\t\t\t\t\t<a rel=\"noopener noreferrer nofollow\" href=\"https:\/\/www.linkedin.com\/shareArticle?mini=true&url=https:\/\/lydenim.com\/es\/que-es-la-tela-vaquera-de-mezcla-de-algodon-y-lino\/\" target=\"_blank\" class=\"wd-social-icon social-linkedin\" aria-label=\"Enlace social de Linkedin\">\n\t\t\t\t\t\t<span class=\"wd-icon\"><\/span>\n\t\t\t\t\t\t\t\t\t\t\t<\/a>\n\t\t\t\t\n\t\t\t\t\n\t\t\t\t\n\t\t\t\t\n\t\t\t\t\n\t\t\t\t\n\t\t\t\t\n\t\t\t\t\n\t\t\t\t\n\t\t\t\t\n\t\t\t\t\n\t\t\t\t\n\t\t\t\t\n\t\t\t\t\n\t\t\t\t\n\t\t\t\t\t\t\t\t\t<a rel=\"noopener noreferrer nofollow\" href=\"https:\/\/telegram.me\/share\/url?url=https:\/\/lydenim.com\/es\/que-es-la-tela-vaquera-de-mezcla-de-algodon-y-lino\/\" target=\"_blank\" class=\"wd-social-icon social-tg\" aria-label=\"Enlace social de Telegram\">\n\t\t\t\t\t\t<span class=\"wd-icon\"><\/span>\n\t\t\t\t\t\t\t\t\t\t\t<\/a>\n\t\t\t\t\n\t\t\t\t\n\t\t\t<\/div>\n\n\t\t\t\t\t\t\t\t\t\t<\/div>\n\t\t\t\t\t\t\t\t<div class=\"tooltip-arrow\"><\/div>\n\t\t\t\t\t\t\t<\/div>\n\t\t\t\t\t\t<\/div>\n\t\t\t\t\t\n\t\t\t\t\t\t\t\t\t<\/div>\n\t\t\t\n\t\t\t\t\t\t\t<div class=\"wd-post-excerpt entry-content\">\n\t\t\t\t\tEl denim sigue siendo mi opci\u00f3n favorita porque ofrece una apariencia fuerte y un uso pr\u00e1ctico...\t\t\t\t<\/div>\n\t\t\t\n\t\t\t\t\t\t\t\t\t\t\t\t<div class=\"wd-post-read-more wd-style-link read-more-section\">\n\t\t\t\t\t\t<a class=\"\" href=\"https:\/\/lydenim.com\/es\/que-es-la-tela-vaquera-de-mezcla-de-algodon-y-lino\/\">Seguir leyendo<\/a>\t\t\t\t\t<\/div>\n\t\t\t\t\t\t\t\t\t<\/div>\n\t<\/div>\n<\/article>\n\n\t\t\t\t\t<\/div>\n\t\t\t\t<div class=\"wd-carousel-item\">\n\t\t\t\t\t\t\t\n<article id=\"post-7050\" class=\"wd-post blog-design-masonry blog-post-loop blog-style-bg wd-add-shadow post-7050 post type-post status-publish format-standard has-post-thumbnail hentry category-denim-knowledge\">\n\t<div class=\"wd-post-inner article-inner\">\n\t\t\t\t\t<div class=\"wd-post-thumb entry-header\">\n\t\t\t\t\t\t\t\t\t<div class=\"wd-post-img post-img-wrapp\">\n\t\t\t\t\t\t<img loading=\"lazy\" decoding=\"async\" width=\"150\" height=\"150\" src=\"https:\/\/lydenim.com\/wp-content\/uploads\/2025\/12\/What-is-Wool-Blend-Denim-Fabric-150x150.jpg\" class=\"attachment-thumbnail size-thumbnail\" alt=\"\" srcset=\"https:\/\/lydenim.com\/wp-content\/uploads\/2025\/12\/What-is-Wool-Blend-Denim-Fabric-150x150.jpg 150w, https:\/\/lydenim.com\/wp-content\/uploads\/2025\/12\/What-is-Wool-Blend-Denim-Fabric-300x300.jpg 300w, https:\/\/lydenim.com\/wp-content\/uploads\/2025\/12\/What-is-Wool-Blend-Denim-Fabric-45x45.jpg 45w\" sizes=\"auto, (max-width: 150px) 100vw, 150px\" \/>\t\t\t\t\t<\/div>\n\t\t\t\t\t<a class=\"wd-fill\" href=\"https:\/\/lydenim.com\/es\/que-es-la-tela-vaquera-de-mezcla-de-lana\/\"><\/a>\n\t\t\t\t\n\t\t\t\t\t\t\t\t\t\t\t\t<div class=\"wd-post-date wd-style-with-bg\">\n\t\t\t\t<span class=\"post-date-day\">\n\t\t\t\t\t23\t\t\t\t<\/span>\n\t\t\t\t<span class=\"post-date-month\">\n\t\t\t\t\tDic\t\t\t\t<\/span>\n\t\t\t<\/div>\n\t\t\t\t\t\t\t\t\t<\/div>\n\t\t\n\t\t<div class=\"wd-post-content article-body-container\">\n\t\t\t\t\t\t\t<div class=\"wd-post-cat wd-style-with-bg meta-post-categories\">\n\t\t\t\t\t<a href=\"https:\/\/lydenim.com\/es\/category\/conocimiento-de-mezclilla\/\" rel=\"category tag\">Conocimiento del denim<\/a>\t\t\t\t<\/div>\n\t\t\t\n\t\t\t\t\t\t\t<h3 class=\"wd-post-title wd-entities-title title post-title\">\n\t\t\t\t\t<a href=\"https:\/\/lydenim.com\/es\/que-es-la-tela-vaquera-de-mezcla-de-lana\/\" rel=\"bookmark\">\n\t\t\t\t\t\t\u00bfQu\u00e9 es la tela vaquera de mezcla de lana?\t\t\t\t\t<\/a>\n\t\t\t\t<\/h3>\n\t\t\t\n\t\t\t\t\t\t\t<div class=\"wd-post-meta\">\n\t\t\t\t\t\t\t\t\t\t\t\t\t\t\t<div class=\"wd-post-author\">\n\t\t\t\t\t\t\t\t\t\t\t<span>Publicado por<\/span>\n\t\t\n\t\t\t\t\t\t\t\n\t\t\t\t\t<a href=\"https:\/\/lydenim.com\/es\/author\/malonematthewmmgmail-com\/\" class=\"author\" rel=\"author\">malonematthewmm@gmail.com<\/a>\n\t\t\t\t\t\t\t\t\t<\/div>\n\t\t\t\t\t<div class=\"wd-modified-date\">\n\t\t\t\t\t\t\t\t<time class=\"updated\" datetime=\"2025-12-23T12:21:37+08:00\">\n\t\t\t23\/12\/2025\t\t<\/time>\n\t\t\t\t\t\t\t<\/div>\n\n\t\t\t\t\t\t\t\t\t\t\t<div class=\"wd-post-share wd-tltp\">\n\t\t\t\t\t\t\t<div class=\"tooltip top\">\n\t\t\t\t\t\t\t\t<div class=\"tooltip-inner\">\n\t\t\t\t\t\t\t\t\t\t\t\t<div\n\t\t\t\t\t\tclass=\"wd-social-icons wd-style-default wd-size-small social-share wd-shape-circle color-scheme-light text-center\">\n\t\t\t\t\n\t\t\t\t\n\t\t\t\t\t\t\t\t\t<a rel=\"noopener noreferrer nofollow\" href=\"https:\/\/www.facebook.com\/sharer\/sharer.php?u=https:\/\/lydenim.com\/es\/que-es-la-tela-vaquera-de-mezcla-de-lana\/\" target=\"_blank\" class=\"wd-social-icon social-facebook\" aria-label=\"Enlace social de Facebook\">\n\t\t\t\t\t\t<span class=\"wd-icon\"><\/span>\n\t\t\t\t\t\t\t\t\t\t\t<\/a>\n\t\t\t\t\n\t\t\t\t\t\t\t\t\t<a rel=\"noopener noreferrer nofollow\" href=\"https:\/\/x.com\/share?url=https:\/\/lydenim.com\/es\/que-es-la-tela-vaquera-de-mezcla-de-lana\/\" target=\"_blank\" class=\"wd-social-icon social-twitter\" aria-label=\"X enlace social\">\n\t\t\t\t\t\t<span class=\"wd-icon\"><\/span>\n\t\t\t\t\t\t\t\t\t\t\t<\/a>\n\t\t\t\t\n\t\t\t\t\n\t\t\t\t\n\t\t\t\t\n\t\t\t\t\n\t\t\t\t\n\t\t\t\t\t\t\t\t\t<a rel=\"noopener noreferrer nofollow\" href=\"https:\/\/pinterest.com\/pin\/create\/button\/?url=https:\/\/lydenim.com\/es\/que-es-la-tela-vaquera-de-mezcla-de-lana\/&media=https:\/\/lydenim.com\/wp-content\/uploads\/2025\/12\/What-is-Wool-Blend-Denim-Fabric.jpg&description=What+is+Wool+Blend+Denim+Fabric\" target=\"_blank\" class=\"wd-social-icon social-pinterest\" aria-label=\"Enlace social de Pinterest\">\n\t\t\t\t\t\t<span class=\"wd-icon\"><\/span>\n\t\t\t\t\t\t\t\t\t\t\t<\/a>\n\t\t\t\t\n\t\t\t\t\n\t\t\t\t\t\t\t\t\t<a rel=\"noopener noreferrer nofollow\" href=\"https:\/\/www.linkedin.com\/shareArticle?mini=true&url=https:\/\/lydenim.com\/es\/que-es-la-tela-vaquera-de-mezcla-de-lana\/\" target=\"_blank\" class=\"wd-social-icon social-linkedin\" aria-label=\"Enlace social de Linkedin\">\n\t\t\t\t\t\t<span class=\"wd-icon\"><\/span>\n\t\t\t\t\t\t\t\t\t\t\t<\/a>\n\t\t\t\t\n\t\t\t\t\n\t\t\t\t\n\t\t\t\t\n\t\t\t\t\n\t\t\t\t\n\t\t\t\t\n\t\t\t\t\n\t\t\t\t\n\t\t\t\t\n\t\t\t\t\n\t\t\t\t\n\t\t\t\t\n\t\t\t\t\n\t\t\t\t\n\t\t\t\t\t\t\t\t\t<a rel=\"noopener noreferrer nofollow\" href=\"https:\/\/telegram.me\/share\/url?url=https:\/\/lydenim.com\/es\/que-es-la-tela-vaquera-de-mezcla-de-lana\/\" target=\"_blank\" class=\"wd-social-icon social-tg\" aria-label=\"Enlace social de Telegram\">\n\t\t\t\t\t\t<span class=\"wd-icon\"><\/span>\n\t\t\t\t\t\t\t\t\t\t\t<\/a>\n\t\t\t\t\n\t\t\t\t\n\t\t\t<\/div>\n\n\t\t\t\t\t\t\t\t\t\t<\/div>\n\t\t\t\t\t\t\t\t<div class=\"tooltip-arrow\"><\/div>\n\t\t\t\t\t\t\t<\/div>\n\t\t\t\t\t\t<\/div>\n\t\t\t\t\t\n\t\t\t\t\t\t\t\t\t<\/div>\n\t\t\t\n\t\t\t\t\t\t\t<div class=\"wd-post-excerpt entry-content\">\n\t\t\t\t\tTiempo estimado de lectura: ~5 minutos El denim ha sido una prenda esencial de mi guardarropa desde siempre porque me proporciona fuerza y muj...\t\t\t\t<\/div>\n\t\t\t\n\t\t\t\t\t\t\t\t\t\t\t\t<div class=\"wd-post-read-more wd-style-link read-more-section\">\n\t\t\t\t\t\t<a class=\"\" href=\"https:\/\/lydenim.com\/es\/que-es-la-tela-vaquera-de-mezcla-de-lana\/\">Seguir leyendo<\/a>\t\t\t\t\t<\/div>\n\t\t\t\t\t\t\t\t\t<\/div>\n\t<\/div>\n<\/article>\n\n\t\t\t\t\t<\/div>\n\t\t\t\t<div class=\"wd-carousel-item\">\n\t\t\t\t\t\t\t\n<article id=\"post-7010\" class=\"wd-post blog-design-masonry blog-post-loop blog-style-bg wd-add-shadow post-7010 post type-post status-publish format-standard has-post-thumbnail hentry category-denim-knowledge\">\n\t<div class=\"wd-post-inner article-inner\">\n\t\t\t\t\t<div class=\"wd-post-thumb entry-header\">\n\t\t\t\t\t\t\t\t\t<div class=\"wd-post-img post-img-wrapp\">\n\t\t\t\t\t\t<img loading=\"lazy\" decoding=\"async\" width=\"150\" height=\"150\" src=\"https:\/\/lydenim.com\/wp-content\/uploads\/2025\/12\/Non-Fading-Denim-with-Vertical-Stripe-Bottom-150x150.jpg\" class=\"attachment-thumbnail size-thumbnail\" alt=\"\" srcset=\"https:\/\/lydenim.com\/wp-content\/uploads\/2025\/12\/Non-Fading-Denim-with-Vertical-Stripe-Bottom-150x150.jpg 150w, https:\/\/lydenim.com\/wp-content\/uploads\/2025\/12\/Non-Fading-Denim-with-Vertical-Stripe-Bottom-300x300.jpg 300w, https:\/\/lydenim.com\/wp-content\/uploads\/2025\/12\/Non-Fading-Denim-with-Vertical-Stripe-Bottom-45x45.jpg 45w\" sizes=\"auto, (max-width: 150px) 100vw, 150px\" \/>\t\t\t\t\t<\/div>\n\t\t\t\t\t<a class=\"wd-fill\" href=\"https:\/\/lydenim.com\/es\/denim-resistente-a-la-decoloracion-con-parte-inferior-de-rayas-verticales\/\"><\/a>\n\t\t\t\t\n\t\t\t\t\t\t\t\t\t\t\t\t<div class=\"wd-post-date wd-style-with-bg\">\n\t\t\t\t<span class=\"post-date-day\">\n\t\t\t\t\t21\t\t\t\t<\/span>\n\t\t\t\t<span class=\"post-date-month\">\n\t\t\t\t\tDic\t\t\t\t<\/span>\n\t\t\t<\/div>\n\t\t\t\t\t\t\t\t\t<\/div>\n\t\t\n\t\t<div class=\"wd-post-content article-body-container\">\n\t\t\t\t\t\t\t<div class=\"wd-post-cat wd-style-with-bg meta-post-categories\">\n\t\t\t\t\t<a href=\"https:\/\/lydenim.com\/es\/category\/conocimiento-de-mezclilla\/\" rel=\"category tag\">Conocimiento del denim<\/a>\t\t\t\t<\/div>\n\t\t\t\n\t\t\t\t\t\t\t<h3 class=\"wd-post-title wd-entities-title title post-title\">\n\t\t\t\t\t<a href=\"https:\/\/lydenim.com\/es\/denim-resistente-a-la-decoloracion-con-parte-inferior-de-rayas-verticales\/\" rel=\"bookmark\">\n\t\t\t\t\t\tDenim resistente a la decoloraci\u00f3n con parte inferior de rayas verticales\t\t\t\t\t<\/a>\n\t\t\t\t<\/h3>\n\t\t\t\n\t\t\t\t\t\t\t<div class=\"wd-post-meta\">\n\t\t\t\t\t\t\t\t\t\t\t\t\t\t\t<div class=\"wd-post-author\">\n\t\t\t\t\t\t\t\t\t\t\t<span>Publicado por<\/span>\n\t\t\n\t\t\t\t\t\t\t\n\t\t\t\t\t<a href=\"https:\/\/lydenim.com\/es\/author\/malonematthewmmgmail-com\/\" class=\"author\" rel=\"author\">malonematthewmm@gmail.com<\/a>\n\t\t\t\t\t\t\t\t\t<\/div>\n\t\t\t\t\t<div class=\"wd-modified-date\">\n\t\t\t\t\t\t\t\t<time class=\"updated\" datetime=\"2025-12-21T12:35:16+08:00\">\n\t\t\t21\/12\/2025\t\t<\/time>\n\t\t\t\t\t\t\t<\/div>\n\n\t\t\t\t\t\t\t\t\t\t\t<div class=\"wd-post-share wd-tltp\">\n\t\t\t\t\t\t\t<div class=\"tooltip top\">\n\t\t\t\t\t\t\t\t<div class=\"tooltip-inner\">\n\t\t\t\t\t\t\t\t\t\t\t\t<div\n\t\t\t\t\t\tclass=\"wd-social-icons wd-style-default wd-size-small social-share wd-shape-circle color-scheme-light text-center\">\n\t\t\t\t\n\t\t\t\t\n\t\t\t\t\t\t\t\t\t<a rel=\"noopener noreferrer nofollow\" href=\"https:\/\/www.facebook.com\/sharer\/sharer.php?u=https:\/\/lydenim.com\/es\/denim-resistente-a-la-decoloracion-con-parte-inferior-de-rayas-verticales\/\" target=\"_blank\" class=\"wd-social-icon social-facebook\" aria-label=\"Enlace social de Facebook\">\n\t\t\t\t\t\t<span class=\"wd-icon\"><\/span>\n\t\t\t\t\t\t\t\t\t\t\t<\/a>\n\t\t\t\t\n\t\t\t\t\t\t\t\t\t<a rel=\"noopener noreferrer nofollow\" href=\"https:\/\/x.com\/share?url=https:\/\/lydenim.com\/es\/denim-resistente-a-la-decoloracion-con-parte-inferior-de-rayas-verticales\/\" target=\"_blank\" class=\"wd-social-icon social-twitter\" aria-label=\"X enlace social\">\n\t\t\t\t\t\t<span class=\"wd-icon\"><\/span>\n\t\t\t\t\t\t\t\t\t\t\t<\/a>\n\t\t\t\t\n\t\t\t\t\n\t\t\t\t\n\t\t\t\t\n\t\t\t\t\n\t\t\t\t\n\t\t\t\t\t\t\t\t\t<a rel=\"noopener noreferrer nofollow\" href=\"https:\/\/pinterest.com\/pin\/create\/button\/?url=https:\/\/lydenim.com\/es\/denim-resistente-a-la-decoloracion-con-parte-inferior-de-rayas-verticales\/&media=https:\/\/lydenim.com\/wp-content\/uploads\/2025\/12\/Non-Fading-Denim-with-Vertical-Stripe-Bottom.jpg&description=Non-Fading+Denim+with+Vertical+Stripe+Bottom\" target=\"_blank\" class=\"wd-social-icon social-pinterest\" aria-label=\"Enlace social de Pinterest\">\n\t\t\t\t\t\t<span class=\"wd-icon\"><\/span>\n\t\t\t\t\t\t\t\t\t\t\t<\/a>\n\t\t\t\t\n\t\t\t\t\n\t\t\t\t\t\t\t\t\t<a rel=\"noopener noreferrer nofollow\" href=\"https:\/\/www.linkedin.com\/shareArticle?mini=true&url=https:\/\/lydenim.com\/es\/denim-resistente-a-la-decoloracion-con-parte-inferior-de-rayas-verticales\/\" target=\"_blank\" class=\"wd-social-icon social-linkedin\" aria-label=\"Enlace social de Linkedin\">\n\t\t\t\t\t\t<span class=\"wd-icon\"><\/span>\n\t\t\t\t\t\t\t\t\t\t\t<\/a>\n\t\t\t\t\n\t\t\t\t\n\t\t\t\t\n\t\t\t\t\n\t\t\t\t\n\t\t\t\t\n\t\t\t\t\n\t\t\t\t\n\t\t\t\t\n\t\t\t\t\n\t\t\t\t\n\t\t\t\t\n\t\t\t\t\n\t\t\t\t\n\t\t\t\t\n\t\t\t\t\t\t\t\t\t<a rel=\"noopener noreferrer nofollow\" href=\"https:\/\/telegram.me\/share\/url?url=https:\/\/lydenim.com\/es\/denim-resistente-a-la-decoloracion-con-parte-inferior-de-rayas-verticales\/\" target=\"_blank\" class=\"wd-social-icon social-tg\" aria-label=\"Enlace social de Telegram\">\n\t\t\t\t\t\t<span class=\"wd-icon\"><\/span>\n\t\t\t\t\t\t\t\t\t\t\t<\/a>\n\t\t\t\t\n\t\t\t\t\n\t\t\t<\/div>\n\n\t\t\t\t\t\t\t\t\t\t<\/div>\n\t\t\t\t\t\t\t\t<div class=\"tooltip-arrow\"><\/div>\n\t\t\t\t\t\t\t<\/div>\n\t\t\t\t\t\t<\/div>\n\t\t\t\t\t\n\t\t\t\t\t\t\t\t\t<\/div>\n\t\t\t\n\t\t\t\t\t\t\t<div class=\"wd-post-excerpt entry-content\">\n\t\t\t\t\tTiempo estimado de lectura: ~3 minutos He estado trabajando con denim durante a\u00f1os, y una cosa que siempre surge con los clientes es la frus...\t\t\t\t<\/div>\n\t\t\t\n\t\t\t\t\t\t\t\t\t\t\t\t<div class=\"wd-post-read-more wd-style-link read-more-section\">\n\t\t\t\t\t\t<a class=\"\" href=\"https:\/\/lydenim.com\/es\/denim-resistente-a-la-decoloracion-con-parte-inferior-de-rayas-verticales\/\">Seguir leyendo<\/a>\t\t\t\t\t<\/div>\n\t\t\t\t\t\t\t\t\t<\/div>\n\t<\/div>\n<\/article>\n\n\t\t\t\t\t<\/div>\n\t\t\t\t<div class=\"wd-carousel-item\">\n\t\t\t\t\t\t\t\n<article id=\"post-7020\" class=\"wd-post blog-design-masonry blog-post-loop blog-style-bg wd-add-shadow post-7020 post type-post status-publish format-standard has-post-thumbnail hentry category-denim-knowledge\">\n\t<div class=\"wd-post-inner article-inner\">\n\t\t\t\t\t<div class=\"wd-post-thumb entry-header\">\n\t\t\t\t\t\t\t\t\t<div class=\"wd-post-img post-img-wrapp\">\n\t\t\t\t\t\t<img loading=\"lazy\" decoding=\"async\" width=\"150\" height=\"150\" src=\"https:\/\/lydenim.com\/wp-content\/uploads\/2025\/12\/Colored-Flocked-Denim-Fabric-150x150.jpg\" class=\"attachment-thumbnail size-thumbnail\" alt=\"\" srcset=\"https:\/\/lydenim.com\/wp-content\/uploads\/2025\/12\/Colored-Flocked-Denim-Fabric-150x150.jpg 150w, https:\/\/lydenim.com\/wp-content\/uploads\/2025\/12\/Colored-Flocked-Denim-Fabric-300x300.jpg 300w, https:\/\/lydenim.com\/wp-content\/uploads\/2025\/12\/Colored-Flocked-Denim-Fabric-45x45.jpg 45w\" sizes=\"auto, (max-width: 150px) 100vw, 150px\" \/>\t\t\t\t\t<\/div>\n\t\t\t\t\t<a class=\"wd-fill\" href=\"https:\/\/lydenim.com\/es\/tela-vaquera-flocada-de-colores-2\/\"><\/a>\n\t\t\t\t\n\t\t\t\t\t\t\t\t\t\t\t\t<div class=\"wd-post-date wd-style-with-bg\">\n\t\t\t\t<span class=\"post-date-day\">\n\t\t\t\t\t19\t\t\t\t<\/span>\n\t\t\t\t<span class=\"post-date-month\">\n\t\t\t\t\tDic\t\t\t\t<\/span>\n\t\t\t<\/div>\n\t\t\t\t\t\t\t\t\t<\/div>\n\t\t\n\t\t<div class=\"wd-post-content article-body-container\">\n\t\t\t\t\t\t\t<div class=\"wd-post-cat wd-style-with-bg meta-post-categories\">\n\t\t\t\t\t<a href=\"https:\/\/lydenim.com\/es\/category\/conocimiento-de-mezclilla\/\" rel=\"category tag\">Conocimiento del denim<\/a>\t\t\t\t<\/div>\n\t\t\t\n\t\t\t\t\t\t\t<h3 class=\"wd-post-title wd-entities-title title post-title\">\n\t\t\t\t\t<a href=\"https:\/\/lydenim.com\/es\/tela-vaquera-flocada-de-colores-2\/\" rel=\"bookmark\">\n\t\t\t\t\t\tTela vaquera flocada de colores\t\t\t\t\t<\/a>\n\t\t\t\t<\/h3>\n\t\t\t\n\t\t\t\t\t\t\t<div class=\"wd-post-meta\">\n\t\t\t\t\t\t\t\t\t\t\t\t\t\t\t<div class=\"wd-post-author\">\n\t\t\t\t\t\t\t\t\t\t\t<span>Publicado por<\/span>\n\t\t\n\t\t\t\t\t\t\t\n\t\t\t\t\t<a href=\"https:\/\/lydenim.com\/es\/author\/malonematthewmmgmail-com\/\" class=\"author\" rel=\"author\">malonematthewmm@gmail.com<\/a>\n\t\t\t\t\t\t\t\t\t<\/div>\n\t\t\t\t\t<div class=\"wd-modified-date\">\n\t\t\t\t\t\t\t\t<time class=\"updated\" datetime=\"2025-12-19T10:42:10+08:00\">\n\t\t\t19\/12\/2025\t\t<\/time>\n\t\t\t\t\t\t\t<\/div>\n\n\t\t\t\t\t\t\t\t\t\t\t<div class=\"wd-post-share wd-tltp\">\n\t\t\t\t\t\t\t<div class=\"tooltip top\">\n\t\t\t\t\t\t\t\t<div class=\"tooltip-inner\">\n\t\t\t\t\t\t\t\t\t\t\t\t<div\n\t\t\t\t\t\tclass=\"wd-social-icons wd-style-default wd-size-small social-share wd-shape-circle color-scheme-light text-center\">\n\t\t\t\t\n\t\t\t\t\n\t\t\t\t\t\t\t\t\t<a rel=\"noopener noreferrer nofollow\" href=\"https:\/\/www.facebook.com\/sharer\/sharer.php?u=https:\/\/lydenim.com\/es\/tela-vaquera-flocada-de-colores-2\/\" target=\"_blank\" class=\"wd-social-icon social-facebook\" aria-label=\"Enlace social de Facebook\">\n\t\t\t\t\t\t<span class=\"wd-icon\"><\/span>\n\t\t\t\t\t\t\t\t\t\t\t<\/a>\n\t\t\t\t\n\t\t\t\t\t\t\t\t\t<a rel=\"noopener noreferrer nofollow\" href=\"https:\/\/x.com\/share?url=https:\/\/lydenim.com\/es\/tela-vaquera-flocada-de-colores-2\/\" target=\"_blank\" class=\"wd-social-icon social-twitter\" aria-label=\"X enlace social\">\n\t\t\t\t\t\t<span class=\"wd-icon\"><\/span>\n\t\t\t\t\t\t\t\t\t\t\t<\/a>\n\t\t\t\t\n\t\t\t\t\n\t\t\t\t\n\t\t\t\t\n\t\t\t\t\n\t\t\t\t\n\t\t\t\t\t\t\t\t\t<a rel=\"noopener noreferrer nofollow\" href=\"https:\/\/pinterest.com\/pin\/create\/button\/?url=https:\/\/lydenim.com\/es\/tela-vaquera-flocada-de-colores-2\/&media=https:\/\/lydenim.com\/wp-content\/uploads\/2025\/12\/Colored-Flocked-Denim-Fabric.jpg&description=Colored+Flocked+Denim+Fabric\" target=\"_blank\" class=\"wd-social-icon social-pinterest\" aria-label=\"Enlace social de Pinterest\">\n\t\t\t\t\t\t<span class=\"wd-icon\"><\/span>\n\t\t\t\t\t\t\t\t\t\t\t<\/a>\n\t\t\t\t\n\t\t\t\t\n\t\t\t\t\t\t\t\t\t<a rel=\"noopener noreferrer nofollow\" href=\"https:\/\/www.linkedin.com\/shareArticle?mini=true&url=https:\/\/lydenim.com\/es\/tela-vaquera-flocada-de-colores-2\/\" target=\"_blank\" class=\"wd-social-icon social-linkedin\" aria-label=\"Enlace social de Linkedin\">\n\t\t\t\t\t\t<span class=\"wd-icon\"><\/span>\n\t\t\t\t\t\t\t\t\t\t\t<\/a>\n\t\t\t\t\n\t\t\t\t\n\t\t\t\t\n\t\t\t\t\n\t\t\t\t\n\t\t\t\t\n\t\t\t\t\n\t\t\t\t\n\t\t\t\t\n\t\t\t\t\n\t\t\t\t\n\t\t\t\t\n\t\t\t\t\n\t\t\t\t\n\t\t\t\t\n\t\t\t\t\t\t\t\t\t<a rel=\"noopener noreferrer nofollow\" href=\"https:\/\/telegram.me\/share\/url?url=https:\/\/lydenim.com\/es\/tela-vaquera-flocada-de-colores-2\/\" target=\"_blank\" class=\"wd-social-icon social-tg\" aria-label=\"Enlace social de Telegram\">\n\t\t\t\t\t\t<span class=\"wd-icon\"><\/span>\n\t\t\t\t\t\t\t\t\t\t\t<\/a>\n\t\t\t\t\n\t\t\t\t\n\t\t\t<\/div>\n\n\t\t\t\t\t\t\t\t\t\t<\/div>\n\t\t\t\t\t\t\t\t<div class=\"tooltip-arrow\"><\/div>\n\t\t\t\t\t\t\t<\/div>\n\t\t\t\t\t\t<\/div>\n\t\t\t\t\t\n\t\t\t\t\t\t\t\t\t<\/div>\n\t\t\t\n\t\t\t\t\t\t\t<div class=\"wd-post-excerpt entry-content\">\n\t\t\t\t\tTiempo estimado de lectura: ~5 minutos El denim siempre ha sido mi opci\u00f3n preferida por su resistencia y versatilidad, pero cuando toqu\u00e9 por primera vez el color...\t\t\t\t<\/div>\n\t\t\t\n\t\t\t\t\t\t\t\t\t\t\t\t<div class=\"wd-post-read-more wd-style-link read-more-section\">\n\t\t\t\t\t\t<a class=\"\" href=\"https:\/\/lydenim.com\/es\/tela-vaquera-flocada-de-colores-2\/\">Seguir leyendo<\/a>\t\t\t\t\t<\/div>\n\t\t\t\t\t\t\t\t\t<\/div>\n\t<\/div>\n<\/article>\n\n\t\t\t\t\t<\/div>\n\t\t\t\t<div class=\"wd-carousel-item\">\n\t\t\t\t\t\t\t\n<article id=\"post-6984\" class=\"wd-post blog-design-masonry blog-post-loop blog-style-bg wd-add-shadow post-6984 post type-post status-publish format-standard has-post-thumbnail hentry category-denim-knowledge\">\n\t<div class=\"wd-post-inner article-inner\">\n\t\t\t\t\t<div class=\"wd-post-thumb entry-header\">\n\t\t\t\t\t\t\t\t\t<div class=\"wd-post-img post-img-wrapp\">\n\t\t\t\t\t\t<img loading=\"lazy\" decoding=\"async\" width=\"150\" height=\"150\" src=\"https:\/\/lydenim.com\/wp-content\/uploads\/2025\/12\/Color-Striped-Vertical-Jacquard-Denim-Fabric-150x150.jpg\" class=\"attachment-thumbnail size-thumbnail\" alt=\"\" srcset=\"https:\/\/lydenim.com\/wp-content\/uploads\/2025\/12\/Color-Striped-Vertical-Jacquard-Denim-Fabric-150x150.jpg 150w, https:\/\/lydenim.com\/wp-content\/uploads\/2025\/12\/Color-Striped-Vertical-Jacquard-Denim-Fabric-300x300.jpg 300w, https:\/\/lydenim.com\/wp-content\/uploads\/2025\/12\/Color-Striped-Vertical-Jacquard-Denim-Fabric-45x45.jpg 45w\" sizes=\"auto, (max-width: 150px) 100vw, 150px\" \/>\t\t\t\t\t<\/div>\n\t\t\t\t\t<a class=\"wd-fill\" href=\"https:\/\/lydenim.com\/es\/tela-vaquera-jacquard-vertical-con-rayas-de-color\/\"><\/a>\n\t\t\t\t\n\t\t\t\t\t\t\t\t\t\t\t\t<div class=\"wd-post-date wd-style-with-bg\">\n\t\t\t\t<span class=\"post-date-day\">\n\t\t\t\t\t17\t\t\t\t<\/span>\n\t\t\t\t<span class=\"post-date-month\">\n\t\t\t\t\tDic\t\t\t\t<\/span>\n\t\t\t<\/div>\n\t\t\t\t\t\t\t\t\t<\/div>\n\t\t\n\t\t<div class=\"wd-post-content article-body-container\">\n\t\t\t\t\t\t\t<div class=\"wd-post-cat wd-style-with-bg meta-post-categories\">\n\t\t\t\t\t<a href=\"https:\/\/lydenim.com\/es\/category\/conocimiento-de-mezclilla\/\" rel=\"category tag\">Conocimiento del denim<\/a>\t\t\t\t<\/div>\n\t\t\t\n\t\t\t\t\t\t\t<h3 class=\"wd-post-title wd-entities-title title post-title\">\n\t\t\t\t\t<a href=\"https:\/\/lydenim.com\/es\/tela-vaquera-jacquard-vertical-con-rayas-de-color\/\" rel=\"bookmark\">\n\t\t\t\t\t\tTela vaquera jacquard vertical de rayas de colores\t\t\t\t\t<\/a>\n\t\t\t\t<\/h3>\n\t\t\t\n\t\t\t\t\t\t\t<div class=\"wd-post-meta\">\n\t\t\t\t\t\t\t\t\t\t\t\t\t\t\t<div class=\"wd-post-author\">\n\t\t\t\t\t\t\t\t\t\t\t<span>Publicado por<\/span>\n\t\t\n\t\t\t\t\t\t\t\n\t\t\t\t\t<a href=\"https:\/\/lydenim.com\/es\/author\/malonematthewmmgmail-com\/\" class=\"author\" rel=\"author\">malonematthewmm@gmail.com<\/a>\n\t\t\t\t\t\t\t\t\t<\/div>\n\t\t\t\t\t<div class=\"wd-modified-date\">\n\t\t\t\t\t\t\t\t<time class=\"updated\" datetime=\"2025-12-17T12:43:49+08:00\">\n\t\t\t17\/12\/2025\t\t<\/time>\n\t\t\t\t\t\t\t<\/div>\n\n\t\t\t\t\t\t\t\t\t\t\t<div class=\"wd-post-share wd-tltp\">\n\t\t\t\t\t\t\t<div class=\"tooltip top\">\n\t\t\t\t\t\t\t\t<div class=\"tooltip-inner\">\n\t\t\t\t\t\t\t\t\t\t\t\t<div\n\t\t\t\t\t\tclass=\"wd-social-icons wd-style-default wd-size-small social-share wd-shape-circle color-scheme-light text-center\">\n\t\t\t\t\n\t\t\t\t\n\t\t\t\t\t\t\t\t\t<a rel=\"noopener noreferrer nofollow\" href=\"https:\/\/www.facebook.com\/sharer\/sharer.php?u=https:\/\/lydenim.com\/es\/tela-vaquera-jacquard-vertical-con-rayas-de-color\/\" target=\"_blank\" class=\"wd-social-icon social-facebook\" aria-label=\"Enlace social de Facebook\">\n\t\t\t\t\t\t<span class=\"wd-icon\"><\/span>\n\t\t\t\t\t\t\t\t\t\t\t<\/a>\n\t\t\t\t\n\t\t\t\t\t\t\t\t\t<a rel=\"noopener noreferrer nofollow\" href=\"https:\/\/x.com\/share?url=https:\/\/lydenim.com\/es\/tela-vaquera-jacquard-vertical-con-rayas-de-color\/\" target=\"_blank\" class=\"wd-social-icon social-twitter\" aria-label=\"X enlace social\">\n\t\t\t\t\t\t<span class=\"wd-icon\"><\/span>\n\t\t\t\t\t\t\t\t\t\t\t<\/a>\n\t\t\t\t\n\t\t\t\t\n\t\t\t\t\n\t\t\t\t\n\t\t\t\t\n\t\t\t\t\n\t\t\t\t\t\t\t\t\t<a rel=\"noopener noreferrer nofollow\" href=\"https:\/\/pinterest.com\/pin\/create\/button\/?url=https:\/\/lydenim.com\/es\/tela-vaquera-jacquard-vertical-con-rayas-de-color\/&media=https:\/\/lydenim.com\/wp-content\/uploads\/2025\/12\/Color-Striped-Vertical-Jacquard-Denim-Fabric.jpg&description=Color+Striped+Vertical+Jacquard+Denim+Fabric\" target=\"_blank\" class=\"wd-social-icon social-pinterest\" aria-label=\"Enlace social de Pinterest\">\n\t\t\t\t\t\t<span class=\"wd-icon\"><\/span>\n\t\t\t\t\t\t\t\t\t\t\t<\/a>\n\t\t\t\t\n\t\t\t\t\n\t\t\t\t\t\t\t\t\t<a rel=\"noopener noreferrer nofollow\" href=\"https:\/\/www.linkedin.com\/shareArticle?mini=true&url=https:\/\/lydenim.com\/es\/tela-vaquera-jacquard-vertical-con-rayas-de-color\/\" target=\"_blank\" class=\"wd-social-icon social-linkedin\" aria-label=\"Enlace social de Linkedin\">\n\t\t\t\t\t\t<span class=\"wd-icon\"><\/span>\n\t\t\t\t\t\t\t\t\t\t\t<\/a>\n\t\t\t\t\n\t\t\t\t\n\t\t\t\t\n\t\t\t\t\n\t\t\t\t\n\t\t\t\t\n\t\t\t\t\n\t\t\t\t\n\t\t\t\t\n\t\t\t\t\n\t\t\t\t\n\t\t\t\t\n\t\t\t\t\n\t\t\t\t\n\t\t\t\t\n\t\t\t\t\t\t\t\t\t<a rel=\"noopener noreferrer nofollow\" href=\"https:\/\/telegram.me\/share\/url?url=https:\/\/lydenim.com\/es\/tela-vaquera-jacquard-vertical-con-rayas-de-color\/\" target=\"_blank\" class=\"wd-social-icon social-tg\" aria-label=\"Enlace social de Telegram\">\n\t\t\t\t\t\t<span class=\"wd-icon\"><\/span>\n\t\t\t\t\t\t\t\t\t\t\t<\/a>\n\t\t\t\t\n\t\t\t\t\n\t\t\t<\/div>\n\n\t\t\t\t\t\t\t\t\t\t<\/div>\n\t\t\t\t\t\t\t\t<div class=\"tooltip-arrow\"><\/div>\n\t\t\t\t\t\t\t<\/div>\n\t\t\t\t\t\t<\/div>\n\t\t\t\t\t\n\t\t\t\t\t\t\t\t\t<\/div>\n\t\t\t\n\t\t\t\t\t\t\t<div class=\"wd-post-excerpt entry-content\">\n\t\t\t\t\tTiempo estimado de lectura: ~3 minutos En el acelerado mundo de la moda, la tela de mezclilla jacquard vertical con rayas de colores se destaca...\t\t\t\t<\/div>\n\t\t\t\n\t\t\t\t\t\t\t\t\t\t\t\t<div class=\"wd-post-read-more wd-style-link read-more-section\">\n\t\t\t\t\t\t<a class=\"\" href=\"https:\/\/lydenim.com\/es\/tela-vaquera-jacquard-vertical-con-rayas-de-color\/\">Seguir leyendo<\/a>\t\t\t\t\t<\/div>\n\t\t\t\t\t\t\t\t\t<\/div>\n\t<\/div>\n<\/article>\n\n\t\t\t\t\t<\/div>\n\t\t\t\t<div class=\"wd-carousel-item\">\n\t\t\t\t\t\t\t\n<article id=\"post-6988\" class=\"wd-post blog-design-masonry blog-post-loop blog-style-bg wd-add-shadow post-6988 post type-post status-publish format-standard has-post-thumbnail hentry category-denim-knowledge\">\n\t<div class=\"wd-post-inner article-inner\">\n\t\t\t\t\t<div class=\"wd-post-thumb entry-header\">\n\t\t\t\t\t\t\t\t\t<div class=\"wd-post-img post-img-wrapp\">\n\t\t\t\t\t\t<img loading=\"lazy\" decoding=\"async\" width=\"150\" height=\"150\" src=\"https:\/\/lydenim.com\/wp-content\/uploads\/2025\/12\/What-is-Tree-Bark-Crepe-Denim-150x150.jpg\" class=\"attachment-thumbnail size-thumbnail\" alt=\"\" srcset=\"https:\/\/lydenim.com\/wp-content\/uploads\/2025\/12\/What-is-Tree-Bark-Crepe-Denim-150x150.jpg 150w, https:\/\/lydenim.com\/wp-content\/uploads\/2025\/12\/What-is-Tree-Bark-Crepe-Denim-300x300.jpg 300w, https:\/\/lydenim.com\/wp-content\/uploads\/2025\/12\/What-is-Tree-Bark-Crepe-Denim-45x45.jpg 45w\" sizes=\"auto, (max-width: 150px) 100vw, 150px\" \/>\t\t\t\t\t<\/div>\n\t\t\t\t\t<a class=\"wd-fill\" href=\"https:\/\/lydenim.com\/es\/que-es-el-denim-crepe-de-corteza-de-arbol\/\"><\/a>\n\t\t\t\t\n\t\t\t\t\t\t\t\t\t\t\t\t<div class=\"wd-post-date wd-style-with-bg\">\n\t\t\t\t<span class=\"post-date-day\">\n\t\t\t\t\t15\t\t\t\t<\/span>\n\t\t\t\t<span class=\"post-date-month\">\n\t\t\t\t\tDic\t\t\t\t<\/span>\n\t\t\t<\/div>\n\t\t\t\t\t\t\t\t\t<\/div>\n\t\t\n\t\t<div class=\"wd-post-content article-body-container\">\n\t\t\t\t\t\t\t<div class=\"wd-post-cat wd-style-with-bg meta-post-categories\">\n\t\t\t\t\t<a href=\"https:\/\/lydenim.com\/es\/category\/conocimiento-de-mezclilla\/\" rel=\"category tag\">Conocimiento del denim<\/a>\t\t\t\t<\/div>\n\t\t\t\n\t\t\t\t\t\t\t<h3 class=\"wd-post-title wd-entities-title title post-title\">\n\t\t\t\t\t<a href=\"https:\/\/lydenim.com\/es\/que-es-el-denim-crepe-de-corteza-de-arbol\/\" rel=\"bookmark\">\n\t\t\t\t\t\t\u00bfQu\u00e9 es el denim crep\u00e9 de corteza de \u00e1rbol?\t\t\t\t\t<\/a>\n\t\t\t\t<\/h3>\n\t\t\t\n\t\t\t\t\t\t\t<div class=\"wd-post-meta\">\n\t\t\t\t\t\t\t\t\t\t\t\t\t\t\t<div class=\"wd-post-author\">\n\t\t\t\t\t\t\t\t\t\t\t<span>Publicado por<\/span>\n\t\t\n\t\t\t\t\t\t\t\n\t\t\t\t\t<a href=\"https:\/\/lydenim.com\/es\/author\/malonematthewmmgmail-com\/\" class=\"author\" rel=\"author\">malonematthewmm@gmail.com<\/a>\n\t\t\t\t\t\t\t\t\t<\/div>\n\t\t\t\t\t<div class=\"wd-modified-date\">\n\t\t\t\t\t\t\t\t<time class=\"updated\" datetime=\"2025-12-15T13:32:26+08:00\">\n\t\t\t15\/12\/2025\t\t<\/time>\n\t\t\t\t\t\t\t<\/div>\n\n\t\t\t\t\t\t\t\t\t\t\t<div class=\"wd-post-share wd-tltp\">\n\t\t\t\t\t\t\t<div class=\"tooltip top\">\n\t\t\t\t\t\t\t\t<div class=\"tooltip-inner\">\n\t\t\t\t\t\t\t\t\t\t\t\t<div\n\t\t\t\t\t\tclass=\"wd-social-icons wd-style-default wd-size-small social-share wd-shape-circle color-scheme-light text-center\">\n\t\t\t\t\n\t\t\t\t\n\t\t\t\t\t\t\t\t\t<a rel=\"noopener noreferrer nofollow\" href=\"https:\/\/www.facebook.com\/sharer\/sharer.php?u=https:\/\/lydenim.com\/es\/que-es-el-denim-crepe-de-corteza-de-arbol\/\" target=\"_blank\" class=\"wd-social-icon social-facebook\" aria-label=\"Enlace social de Facebook\">\n\t\t\t\t\t\t<span class=\"wd-icon\"><\/span>\n\t\t\t\t\t\t\t\t\t\t\t<\/a>\n\t\t\t\t\n\t\t\t\t\t\t\t\t\t<a rel=\"noopener noreferrer nofollow\" href=\"https:\/\/x.com\/share?url=https:\/\/lydenim.com\/es\/que-es-el-denim-crepe-de-corteza-de-arbol\/\" target=\"_blank\" class=\"wd-social-icon social-twitter\" aria-label=\"X enlace social\">\n\t\t\t\t\t\t<span class=\"wd-icon\"><\/span>\n\t\t\t\t\t\t\t\t\t\t\t<\/a>\n\t\t\t\t\n\t\t\t\t\n\t\t\t\t\n\t\t\t\t\n\t\t\t\t\n\t\t\t\t\n\t\t\t\t\t\t\t\t\t<a rel=\"noopener noreferrer nofollow\" href=\"https:\/\/pinterest.com\/pin\/create\/button\/?url=https:\/\/lydenim.com\/es\/que-es-el-denim-crepe-de-corteza-de-arbol\/&media=https:\/\/lydenim.com\/wp-content\/uploads\/2025\/12\/What-is-Tree-Bark-Crepe-Denim.jpg&description=What+is+Tree+Bark+Crepe+Denim\" target=\"_blank\" class=\"wd-social-icon social-pinterest\" aria-label=\"Enlace social de Pinterest\">\n\t\t\t\t\t\t<span class=\"wd-icon\"><\/span>\n\t\t\t\t\t\t\t\t\t\t\t<\/a>\n\t\t\t\t\n\t\t\t\t\n\t\t\t\t\t\t\t\t\t<a rel=\"noopener noreferrer nofollow\" href=\"https:\/\/www.linkedin.com\/shareArticle?mini=true&url=https:\/\/lydenim.com\/es\/que-es-el-denim-crepe-de-corteza-de-arbol\/\" target=\"_blank\" class=\"wd-social-icon social-linkedin\" aria-label=\"Enlace social de Linkedin\">\n\t\t\t\t\t\t<span class=\"wd-icon\"><\/span>\n\t\t\t\t\t\t\t\t\t\t\t<\/a>\n\t\t\t\t\n\t\t\t\t\n\t\t\t\t\n\t\t\t\t\n\t\t\t\t\n\t\t\t\t\n\t\t\t\t\n\t\t\t\t\n\t\t\t\t\n\t\t\t\t\n\t\t\t\t\n\t\t\t\t\n\t\t\t\t\n\t\t\t\t\n\t\t\t\t\n\t\t\t\t\t\t\t\t\t<a rel=\"noopener noreferrer nofollow\" href=\"https:\/\/telegram.me\/share\/url?url=https:\/\/lydenim.com\/es\/que-es-el-denim-crepe-de-corteza-de-arbol\/\" target=\"_blank\" class=\"wd-social-icon social-tg\" aria-label=\"Enlace social de Telegram\">\n\t\t\t\t\t\t<span class=\"wd-icon\"><\/span>\n\t\t\t\t\t\t\t\t\t\t\t<\/a>\n\t\t\t\t\n\t\t\t\t\n\t\t\t<\/div>\n\n\t\t\t\t\t\t\t\t\t\t<\/div>\n\t\t\t\t\t\t\t\t<div class=\"tooltip-arrow\"><\/div>\n\t\t\t\t\t\t\t<\/div>\n\t\t\t\t\t\t<\/div>\n\t\t\t\t\t\n\t\t\t\t\t\t\t\t\t<\/div>\n\t\t\t\n\t\t\t\t\t\t\t<div class=\"wd-post-excerpt entry-content\">\n\t\t\t\t\tTiempo estimado de lectura: ~4 minutos En el cambiante panorama de la moda sostenible, el denim crep\u00e9 de corteza de \u00e1rbol emerge como un tejido...\t\t\t\t<\/div>\n\t\t\t\n\t\t\t\t\t\t\t\t\t\t\t\t<div class=\"wd-post-read-more wd-style-link read-more-section\">\n\t\t\t\t\t\t<a class=\"\" href=\"https:\/\/lydenim.com\/es\/que-es-el-denim-crepe-de-corteza-de-arbol\/\">Seguir leyendo<\/a>\t\t\t\t\t<\/div>\n\t\t\t\t\t\t\t\t\t<\/div>\n\t<\/div>\n<\/article>\n\n\t\t\t\t\t<\/div>\n\t\t\t\t<div class=\"wd-carousel-item\">\n\t\t\t\t\t\t\t\n<article id=\"post-6972\" class=\"wd-post blog-design-masonry blog-post-loop blog-style-bg wd-add-shadow post-6972 post type-post status-publish format-standard has-post-thumbnail hentry category-denim-knowledge\">\n\t<div class=\"wd-post-inner article-inner\">\n\t\t\t\t\t<div class=\"wd-post-thumb entry-header\">\n\t\t\t\t\t\t\t\t\t<div class=\"wd-post-img post-img-wrapp\">\n\t\t\t\t\t\t<img loading=\"lazy\" decoding=\"async\" width=\"150\" height=\"150\" src=\"https:\/\/lydenim.com\/wp-content\/uploads\/2025\/12\/\u041a\u0443\u043f\u0438\u0442\u044c-\u0434\u0435\u043d\u0438\u043c-\u043e\u043f\u0442\u043e\u043c-150x150.jpg\" class=\"attachment-thumbnail size-thumbnail\" alt=\"\" srcset=\"https:\/\/lydenim.com\/wp-content\/uploads\/2025\/12\/\u041a\u0443\u043f\u0438\u0442\u044c-\u0434\u0435\u043d\u0438\u043c-\u043e\u043f\u0442\u043e\u043c-150x150.jpg 150w, https:\/\/lydenim.com\/wp-content\/uploads\/2025\/12\/\u041a\u0443\u043f\u0438\u0442\u044c-\u0434\u0435\u043d\u0438\u043c-\u043e\u043f\u0442\u043e\u043c-300x300.jpg 300w, https:\/\/lydenim.com\/wp-content\/uploads\/2025\/12\/\u041a\u0443\u043f\u0438\u0442\u044c-\u0434\u0435\u043d\u0438\u043c-\u043e\u043f\u0442\u043e\u043c-45x45.jpg 45w\" sizes=\"auto, (max-width: 150px) 100vw, 150px\" \/>\t\t\t\t\t<\/div>\n\t\t\t\t\t<a class=\"wd-fill\" href=\"https:\/\/lydenim.com\/es\/\u043a\u0443\u043f\u0438\u0442\u044c-\u0434\u0435\u043d\u0438\u043c-\u043e\u043f\u0442\u043e\u043c-5-definitivo-\u0441\u043f\u043e\u0441\u043e\u0431\u043e\u0432-revolucionar-\u0448\u0432\u0435\u0439\/\"><\/a>\n\t\t\t\t\n\t\t\t\t\t\t\t\t\t\t\t\t<div class=\"wd-post-date wd-style-with-bg\">\n\t\t\t\t<span class=\"post-date-day\">\n\t\t\t\t\t08\t\t\t\t<\/span>\n\t\t\t\t<span class=\"post-date-month\">\n\t\t\t\t\tDic\t\t\t\t<\/span>\n\t\t\t<\/div>\n\t\t\t\t\t\t\t\t\t<\/div>\n\t\t\n\t\t<div class=\"wd-post-content article-body-container\">\n\t\t\t\t\t\t\t<div class=\"wd-post-cat wd-style-with-bg meta-post-categories\">\n\t\t\t\t\t<a href=\"https:\/\/lydenim.com\/es\/category\/conocimiento-de-mezclilla\/\" rel=\"category tag\">Conocimiento del denim<\/a>\t\t\t\t<\/div>\n\t\t\t\n\t\t\t\t\t\t\t<h3 class=\"wd-post-title wd-entities-title title post-title\">\n\t\t\t\t\t<a href=\"https:\/\/lydenim.com\/es\/\u043a\u0443\u043f\u0438\u0442\u044c-\u0434\u0435\u043d\u0438\u043c-\u043e\u043f\u0442\u043e\u043c-5-definitivo-\u0441\u043f\u043e\u0441\u043e\u0431\u043e\u0432-revolucionar-\u0448\u0432\u0435\u0439\/\" rel=\"bookmark\">\n\t\t\t\t\t\t\u041a\u0443\u043f\u0438\u0442\u044c \u0434\u0435\u043d\u0438\u043c \u043e\u043f\u0442\u043e\u043c: 5 Ultimate \u0421\u043f\u043e\u0441\u043e\u0431\u043e\u0432 Revolutionize \u0428\u0432\u0435\u0439\u043d\u043e\u0435 \u041f\u0440\u043e\u0438\u0437\u0432\u043e\u0434\u0441\u0442\u0432\u043e \u0432 \u0420\u043e\u0441\u0441\u0438\u0438\t\t\t\t\t<\/a>\n\t\t\t\t<\/h3>\n\t\t\t\n\t\t\t\t\t\t\t<div class=\"wd-post-meta\">\n\t\t\t\t\t\t\t\t\t\t\t\t\t\t\t<div class=\"wd-post-author\">\n\t\t\t\t\t\t\t\t\t\t\t<span>Publicado por<\/span>\n\t\t\n\t\t\t\t\t\t\t\n\t\t\t\t\t<a href=\"https:\/\/lydenim.com\/es\/author\/malonematthewmmgmail-com\/\" class=\"author\" rel=\"author\">malonematthewmm@gmail.com<\/a>\n\t\t\t\t\t\t\t\t\t<\/div>\n\t\t\t\t\t<div class=\"wd-modified-date\">\n\t\t\t\t\t\t\t\t<time class=\"updated\" datetime=\"2025-12-08T16:06:45+08:00\">\n\t\t\t08\/12\/2025\t\t<\/time>\n\t\t\t\t\t\t\t<\/div>\n\n\t\t\t\t\t\t\t\t\t\t\t<div class=\"wd-post-share wd-tltp\">\n\t\t\t\t\t\t\t<div class=\"tooltip top\">\n\t\t\t\t\t\t\t\t<div class=\"tooltip-inner\">\n\t\t\t\t\t\t\t\t\t\t\t\t<div\n\t\t\t\t\t\tclass=\"wd-social-icons wd-style-default wd-size-small social-share wd-shape-circle color-scheme-light text-center\">\n\t\t\t\t\n\t\t\t\t\n\t\t\t\t\t\t\t\t\t<a rel=\"noopener noreferrer nofollow\" href=\"https:\/\/www.facebook.com\/sharer\/sharer.php?u=https:\/\/lydenim.com\/es\/\u043a\u0443\u043f\u0438\u0442\u044c-\u0434\u0435\u043d\u0438\u043c-\u043e\u043f\u0442\u043e\u043c-5-definitivo-\u0441\u043f\u043e\u0441\u043e\u0431\u043e\u0432-revolucionar-\u0448\u0432\u0435\u0439\/\" target=\"_blank\" class=\"wd-social-icon social-facebook\" aria-label=\"Enlace social de Facebook\">\n\t\t\t\t\t\t<span class=\"wd-icon\"><\/span>\n\t\t\t\t\t\t\t\t\t\t\t<\/a>\n\t\t\t\t\n\t\t\t\t\t\t\t\t\t<a rel=\"noopener noreferrer nofollow\" href=\"https:\/\/x.com\/share?url=https:\/\/lydenim.com\/es\/\u043a\u0443\u043f\u0438\u0442\u044c-\u0434\u0435\u043d\u0438\u043c-\u043e\u043f\u0442\u043e\u043c-5-definitivo-\u0441\u043f\u043e\u0441\u043e\u0431\u043e\u0432-revolucionar-\u0448\u0432\u0435\u0439\/\" target=\"_blank\" class=\"wd-social-icon social-twitter\" aria-label=\"X enlace social\">\n\t\t\t\t\t\t<span class=\"wd-icon\"><\/span>\n\t\t\t\t\t\t\t\t\t\t\t<\/a>\n\t\t\t\t\n\t\t\t\t\n\t\t\t\t\n\t\t\t\t\n\t\t\t\t\n\t\t\t\t\n\t\t\t\t\t\t\t\t\t<a rel=\"noopener noreferrer nofollow\" href=\"https:\/\/pinterest.com\/pin\/create\/button\/?url=https:\/\/lydenim.com\/es\/\u043a\u0443\u043f\u0438\u0442\u044c-\u0434\u0435\u043d\u0438\u043c-\u043e\u043f\u0442\u043e\u043c-5-definitivo-\u0441\u043f\u043e\u0441\u043e\u0431\u043e\u0432-revolucionar-\u0448\u0432\u0435\u0439\/&media=https:\/\/lydenim.com\/wp-content\/uploads\/2025\/12\/\u041a\u0443\u043f\u0438\u0442\u044c-\u0434\u0435\u043d\u0438\u043c-\u043e\u043f\u0442\u043e\u043c.jpg&description=%D0%9A%D1%83%D0%BF%D0%B8%D1%82%D1%8C+%D0%B4%D0%B5%D0%BD%D0%B8%D0%BC+%D0%BE%D0%BF%D1%82%D0%BE%D0%BC%3A+5+Ultimate+%D0%A1%D0%BF%D0%BE%D1%81%D0%BE%D0%B1%D0%BE%D0%B2+Revolutionize+%D0%A8%D0%B2%D0%B5%D0%B9%D0%BD%D0%BE%D0%B5+%D0%9F%D1%80%D0%BE%D0%B8%D0%B7%D0%B2%D0%BE%D0%B4%D1%81%D1%82%D0%B2%D0%BE+%D0%B2+%D0%A0%D0%BE%D1%81%D1%81%D0%B8%D0%B8\" target=\"_blank\" class=\"wd-social-icon social-pinterest\" aria-label=\"Enlace social de Pinterest\">\n\t\t\t\t\t\t<span class=\"wd-icon\"><\/span>\n\t\t\t\t\t\t\t\t\t\t\t<\/a>\n\t\t\t\t\n\t\t\t\t\n\t\t\t\t\t\t\t\t\t<a rel=\"noopener noreferrer nofollow\" href=\"https:\/\/www.linkedin.com\/shareArticle?mini=true&url=https:\/\/lydenim.com\/es\/\u043a\u0443\u043f\u0438\u0442\u044c-\u0434\u0435\u043d\u0438\u043c-\u043e\u043f\u0442\u043e\u043c-5-definitivo-\u0441\u043f\u043e\u0441\u043e\u0431\u043e\u0432-revolucionar-\u0448\u0432\u0435\u0439\/\" target=\"_blank\" class=\"wd-social-icon social-linkedin\" aria-label=\"Enlace social de Linkedin\">\n\t\t\t\t\t\t<span class=\"wd-icon\"><\/span>\n\t\t\t\t\t\t\t\t\t\t\t<\/a>\n\t\t\t\t\n\t\t\t\t\n\t\t\t\t\n\t\t\t\t\n\t\t\t\t\n\t\t\t\t\n\t\t\t\t\n\t\t\t\t\n\t\t\t\t\n\t\t\t\t\n\t\t\t\t\n\t\t\t\t\n\t\t\t\t\n\t\t\t\t\n\t\t\t\t\n\t\t\t\t\t\t\t\t\t<a rel=\"noopener noreferrer nofollow\" href=\"https:\/\/telegram.me\/share\/url?url=https:\/\/lydenim.com\/es\/\u043a\u0443\u043f\u0438\u0442\u044c-\u0434\u0435\u043d\u0438\u043c-\u043e\u043f\u0442\u043e\u043c-5-definitivo-\u0441\u043f\u043e\u0441\u043e\u0431\u043e\u0432-revolucionar-\u0448\u0432\u0435\u0439\/\" target=\"_blank\" class=\"wd-social-icon social-tg\" aria-label=\"Enlace social de Telegram\">\n\t\t\t\t\t\t<span class=\"wd-icon\"><\/span>\n\t\t\t\t\t\t\t\t\t\t\t<\/a>\n\t\t\t\t\n\t\t\t\t\n\t\t\t<\/div>\n\n\t\t\t\t\t\t\t\t\t\t<\/div>\n\t\t\t\t\t\t\t\t<div class=\"tooltip-arrow\"><\/div>\n\t\t\t\t\t\t\t<\/div>\n\t\t\t\t\t\t<\/div>\n\t\t\t\t\t\n\t\t\t\t\t\t\t\t\t<\/div>\n\t\t\t\n\t\t\t\t\t\t\t<div class=\"wd-post-excerpt entry-content\">\n\t\t\t\t\tPrimera vez: ~4 minutos En una industria din\u00e1mica y moderna. Rusia puede comprar ropa de moda \u2013 este clic para usar \u0448\u0432\u0435\u0439\u043d\u044b\u0445 \u0444\u0430\u0431\u0440\u0438\u043a ...\t\t\t\t<\/div>\n\t\t\t\n\t\t\t\t\t\t\t\t\t\t\t\t<div class=\"wd-post-read-more wd-style-link read-more-section\">\n\t\t\t\t\t\t<a class=\"\" href=\"https:\/\/lydenim.com\/es\/\u043a\u0443\u043f\u0438\u0442\u044c-\u0434\u0435\u043d\u0438\u043c-\u043e\u043f\u0442\u043e\u043c-5-definitivo-\u0441\u043f\u043e\u0441\u043e\u0431\u043e\u0432-revolucionar-\u0448\u0432\u0435\u0439\/\">Seguir leyendo<\/a>\t\t\t\t\t<\/div>\n\t\t\t\t\t\t\t\t\t<\/div>\n\t<\/div>\n<\/article>\n\n\t\t\t\t\t<\/div>\n\t\t\t\t<div class=\"wd-carousel-item\">\n\t\t\t\t\t\t\t\n<article id=\"post-6962\" class=\"wd-post blog-design-masonry blog-post-loop blog-style-bg wd-add-shadow post-6962 post type-post status-publish format-standard has-post-thumbnail hentry category-denim-knowledge\">\n\t<div class=\"wd-post-inner article-inner\">\n\t\t\t\t\t<div class=\"wd-post-thumb entry-header\">\n\t\t\t\t\t\t\t\t\t<div class=\"wd-post-img post-img-wrapp\">\n\t\t\t\t\t\t<img loading=\"lazy\" decoding=\"async\" width=\"150\" height=\"150\" src=\"https:\/\/lydenim.com\/wp-content\/uploads\/2025\/11\/5-Key-Denim-Fabric-Widths-for-Jeans-150x150.jpg\" class=\"attachment-thumbnail size-thumbnail\" alt=\"\" srcset=\"https:\/\/lydenim.com\/wp-content\/uploads\/2025\/11\/5-Key-Denim-Fabric-Widths-for-Jeans-150x150.jpg 150w, https:\/\/lydenim.com\/wp-content\/uploads\/2025\/11\/5-Key-Denim-Fabric-Widths-for-Jeans-300x300.jpg 300w, https:\/\/lydenim.com\/wp-content\/uploads\/2025\/11\/5-Key-Denim-Fabric-Widths-for-Jeans-45x45.jpg 45w\" sizes=\"auto, (max-width: 150px) 100vw, 150px\" \/>\t\t\t\t\t<\/div>\n\t\t\t\t\t<a class=\"wd-fill\" href=\"https:\/\/lydenim.com\/es\/5-anchos-clave-de-tela-vaquera-para-jeans\/\"><\/a>\n\t\t\t\t\n\t\t\t\t\t\t\t\t\t\t\t\t<div class=\"wd-post-date wd-style-with-bg\">\n\t\t\t\t<span class=\"post-date-day\">\n\t\t\t\t\t01\t\t\t\t<\/span>\n\t\t\t\t<span class=\"post-date-month\">\n\t\t\t\t\tDic\t\t\t\t<\/span>\n\t\t\t<\/div>\n\t\t\t\t\t\t\t\t\t<\/div>\n\t\t\n\t\t<div class=\"wd-post-content article-body-container\">\n\t\t\t\t\t\t\t<div class=\"wd-post-cat wd-style-with-bg meta-post-categories\">\n\t\t\t\t\t<a href=\"https:\/\/lydenim.com\/es\/category\/conocimiento-de-mezclilla\/\" rel=\"category tag\">Conocimiento del denim<\/a>\t\t\t\t<\/div>\n\t\t\t\n\t\t\t\t\t\t\t<h3 class=\"wd-post-title wd-entities-title title post-title\">\n\t\t\t\t\t<a href=\"https:\/\/lydenim.com\/es\/5-anchos-clave-de-tela-vaquera-para-jeans\/\" rel=\"bookmark\">\n\t\t\t\t\t\t5 anchos clave de tela vaquera para jeans\t\t\t\t\t<\/a>\n\t\t\t\t<\/h3>\n\t\t\t\n\t\t\t\t\t\t\t<div class=\"wd-post-meta\">\n\t\t\t\t\t\t\t\t\t\t\t\t\t\t\t<div class=\"wd-post-author\">\n\t\t\t\t\t\t\t\t\t\t\t<span>Publicado por<\/span>\n\t\t\n\t\t\t\t\t\t\t\n\t\t\t\t\t<a href=\"https:\/\/lydenim.com\/es\/author\/malonematthewmmgmail-com\/\" class=\"author\" rel=\"author\">malonematthewmm@gmail.com<\/a>\n\t\t\t\t\t\t\t\t\t<\/div>\n\t\t\t\t\t<div class=\"wd-modified-date\">\n\t\t\t\t\t\t\t\t<time class=\"updated\" datetime=\"2025-12-01T10:54:26+08:00\">\n\t\t\t01\/12\/2025\t\t<\/time>\n\t\t\t\t\t\t\t<\/div>\n\n\t\t\t\t\t\t\t\t\t\t\t<div class=\"wd-post-share wd-tltp\">\n\t\t\t\t\t\t\t<div class=\"tooltip top\">\n\t\t\t\t\t\t\t\t<div class=\"tooltip-inner\">\n\t\t\t\t\t\t\t\t\t\t\t\t<div\n\t\t\t\t\t\tclass=\"wd-social-icons wd-style-default wd-size-small social-share wd-shape-circle color-scheme-light text-center\">\n\t\t\t\t\n\t\t\t\t\n\t\t\t\t\t\t\t\t\t<a rel=\"noopener noreferrer nofollow\" href=\"https:\/\/www.facebook.com\/sharer\/sharer.php?u=https:\/\/lydenim.com\/es\/5-anchos-clave-de-tela-vaquera-para-jeans\/\" target=\"_blank\" class=\"wd-social-icon social-facebook\" aria-label=\"Enlace social de Facebook\">\n\t\t\t\t\t\t<span class=\"wd-icon\"><\/span>\n\t\t\t\t\t\t\t\t\t\t\t<\/a>\n\t\t\t\t\n\t\t\t\t\t\t\t\t\t<a rel=\"noopener noreferrer nofollow\" href=\"https:\/\/x.com\/share?url=https:\/\/lydenim.com\/es\/5-anchos-clave-de-tela-vaquera-para-jeans\/\" target=\"_blank\" class=\"wd-social-icon social-twitter\" aria-label=\"X enlace social\">\n\t\t\t\t\t\t<span class=\"wd-icon\"><\/span>\n\t\t\t\t\t\t\t\t\t\t\t<\/a>\n\t\t\t\t\n\t\t\t\t\n\t\t\t\t\n\t\t\t\t\n\t\t\t\t\n\t\t\t\t\n\t\t\t\t\t\t\t\t\t<a rel=\"noopener noreferrer nofollow\" href=\"https:\/\/pinterest.com\/pin\/create\/button\/?url=https:\/\/lydenim.com\/es\/5-anchos-clave-de-tela-vaquera-para-jeans\/&media=https:\/\/lydenim.com\/wp-content\/uploads\/2025\/11\/5-Key-Denim-Fabric-Widths-for-Jeans.jpg&description=5+Key+Denim+Fabric+Widths+for+Jeans\" target=\"_blank\" class=\"wd-social-icon social-pinterest\" aria-label=\"Enlace social de Pinterest\">\n\t\t\t\t\t\t<span class=\"wd-icon\"><\/span>\n\t\t\t\t\t\t\t\t\t\t\t<\/a>\n\t\t\t\t\n\t\t\t\t\n\t\t\t\t\t\t\t\t\t<a rel=\"noopener noreferrer nofollow\" href=\"https:\/\/www.linkedin.com\/shareArticle?mini=true&url=https:\/\/lydenim.com\/es\/5-anchos-clave-de-tela-vaquera-para-jeans\/\" target=\"_blank\" class=\"wd-social-icon social-linkedin\" aria-label=\"Enlace social de Linkedin\">\n\t\t\t\t\t\t<span class=\"wd-icon\"><\/span>\n\t\t\t\t\t\t\t\t\t\t\t<\/a>\n\t\t\t\t\n\t\t\t\t\n\t\t\t\t\n\t\t\t\t\n\t\t\t\t\n\t\t\t\t\n\t\t\t\t\n\t\t\t\t\n\t\t\t\t\n\t\t\t\t\n\t\t\t\t\n\t\t\t\t\n\t\t\t\t\n\t\t\t\t\n\t\t\t\t\n\t\t\t\t\t\t\t\t\t<a rel=\"noopener noreferrer nofollow\" href=\"https:\/\/telegram.me\/share\/url?url=https:\/\/lydenim.com\/es\/5-anchos-clave-de-tela-vaquera-para-jeans\/\" target=\"_blank\" class=\"wd-social-icon social-tg\" aria-label=\"Enlace social de Telegram\">\n\t\t\t\t\t\t<span class=\"wd-icon\"><\/span>\n\t\t\t\t\t\t\t\t\t\t\t<\/a>\n\t\t\t\t\n\t\t\t\t\n\t\t\t<\/div>\n\n\t\t\t\t\t\t\t\t\t\t<\/div>\n\t\t\t\t\t\t\t\t<div class=\"tooltip-arrow\"><\/div>\n\t\t\t\t\t\t\t<\/div>\n\t\t\t\t\t\t<\/div>\n\t\t\t\t\t\n\t\t\t\t\t\t\t\t\t<\/div>\n\t\t\t\n\t\t\t\t\t\t\t<div class=\"wd-post-excerpt entry-content\">\n\t\t\t\t\tTiempo estimado de lectura: ~5 minutos En el acelerado mundo de la fabricaci\u00f3n de jeans personalizados, seleccionar el ancho correcto de la tela de mezclilla es...\t\t\t\t<\/div>\n\t\t\t\n\t\t\t\t\t\t\t\t\t\t\t\t<div class=\"wd-post-read-more wd-style-link read-more-section\">\n\t\t\t\t\t\t<a class=\"\" href=\"https:\/\/lydenim.com\/es\/5-anchos-clave-de-tela-vaquera-para-jeans\/\">Seguir leyendo<\/a>\t\t\t\t\t<\/div>\n\t\t\t\t\t\t\t\t\t<\/div>\n\t<\/div>\n<\/article>\n\n\t\t\t\t\t<\/div>\n\t\t\t\t<div class=\"wd-carousel-item\">\n\t\t\t\t\t\t\t\n<article id=\"post-6952\" class=\"wd-post blog-design-masonry blog-post-loop blog-style-bg wd-add-shadow post-6952 post type-post status-publish format-standard has-post-thumbnail hentry category-garment\">\n\t<div class=\"wd-post-inner article-inner\">\n\t\t\t\t\t<div class=\"wd-post-thumb entry-header\">\n\t\t\t\t\t\t\t\t\t<div class=\"wd-post-img post-img-wrapp\">\n\t\t\t\t\t\t<img loading=\"lazy\" decoding=\"async\" width=\"150\" height=\"150\" src=\"https:\/\/lydenim.com\/wp-content\/uploads\/2025\/11\/2026-Slimming-Jeans-Trends-150x150.jpg\" class=\"attachment-thumbnail size-thumbnail\" alt=\"\" srcset=\"https:\/\/lydenim.com\/wp-content\/uploads\/2025\/11\/2026-Slimming-Jeans-Trends-150x150.jpg 150w, https:\/\/lydenim.com\/wp-content\/uploads\/2025\/11\/2026-Slimming-Jeans-Trends-300x300.jpg 300w, https:\/\/lydenim.com\/wp-content\/uploads\/2025\/11\/2026-Slimming-Jeans-Trends-45x45.jpg 45w\" sizes=\"auto, (max-width: 150px) 100vw, 150px\" \/>\t\t\t\t\t<\/div>\n\t\t\t\t\t<a class=\"wd-fill\" href=\"https:\/\/lydenim.com\/es\/8-secretos-de-jeans-adelgazantes-para-revolucionar-tu-armario\/\"><\/a>\n\t\t\t\t\n\t\t\t\t\t\t\t\t\t\t\t\t<div class=\"wd-post-date wd-style-with-bg\">\n\t\t\t\t<span class=\"post-date-day\">\n\t\t\t\t\t27\t\t\t\t<\/span>\n\t\t\t\t<span class=\"post-date-month\">\n\t\t\t\t\tNov\t\t\t\t<\/span>\n\t\t\t<\/div>\n\t\t\t\t\t\t\t\t\t<\/div>\n\t\t\n\t\t<div class=\"wd-post-content article-body-container\">\n\t\t\t\t\t\t\t<div class=\"wd-post-cat wd-style-with-bg meta-post-categories\">\n\t\t\t\t\t<a href=\"https:\/\/lydenim.com\/es\/category\/prenda\/\" rel=\"category tag\">PRENDA<\/a>\t\t\t\t<\/div>\n\t\t\t\n\t\t\t\t\t\t\t<h3 class=\"wd-post-title wd-entities-title title post-title\">\n\t\t\t\t\t<a href=\"https:\/\/lydenim.com\/es\/8-secretos-de-jeans-adelgazantes-para-revolucionar-tu-armario\/\" rel=\"bookmark\">\n\t\t\t\t\t\t8 secretos para adelgazar tus jeans y transformar tu armario\t\t\t\t\t<\/a>\n\t\t\t\t<\/h3>\n\t\t\t\n\t\t\t\t\t\t\t<div class=\"wd-post-meta\">\n\t\t\t\t\t\t\t\t\t\t\t\t\t\t\t<div class=\"wd-post-author\">\n\t\t\t\t\t\t\t\t\t\t\t<span>Publicado por<\/span>\n\t\t\n\t\t\t\t\t\t\t\n\t\t\t\t\t<a href=\"https:\/\/lydenim.com\/es\/author\/malonematthewmmgmail-com\/\" class=\"author\" rel=\"author\">malonematthewmm@gmail.com<\/a>\n\t\t\t\t\t\t\t\t\t<\/div>\n\t\t\t\t\t<div class=\"wd-modified-date\">\n\t\t\t\t\t\t\t\t<time class=\"updated\" datetime=\"2025-11-27T11:46:00+08:00\">\n\t\t\t27\/11\/2025\t\t<\/time>\n\t\t\t\t\t\t\t<\/div>\n\n\t\t\t\t\t\t\t\t\t\t\t<div class=\"wd-post-share wd-tltp\">\n\t\t\t\t\t\t\t<div class=\"tooltip top\">\n\t\t\t\t\t\t\t\t<div class=\"tooltip-inner\">\n\t\t\t\t\t\t\t\t\t\t\t\t<div\n\t\t\t\t\t\tclass=\"wd-social-icons wd-style-default wd-size-small social-share wd-shape-circle color-scheme-light text-center\">\n\t\t\t\t\n\t\t\t\t\n\t\t\t\t\t\t\t\t\t<a rel=\"noopener noreferrer nofollow\" href=\"https:\/\/www.facebook.com\/sharer\/sharer.php?u=https:\/\/lydenim.com\/es\/8-secretos-de-jeans-adelgazantes-para-revolucionar-tu-armario\/\" target=\"_blank\" class=\"wd-social-icon social-facebook\" aria-label=\"Enlace social de Facebook\">\n\t\t\t\t\t\t<span class=\"wd-icon\"><\/span>\n\t\t\t\t\t\t\t\t\t\t\t<\/a>\n\t\t\t\t\n\t\t\t\t\t\t\t\t\t<a rel=\"noopener noreferrer nofollow\" href=\"https:\/\/x.com\/share?url=https:\/\/lydenim.com\/es\/8-secretos-de-jeans-adelgazantes-para-revolucionar-tu-armario\/\" target=\"_blank\" class=\"wd-social-icon social-twitter\" aria-label=\"X enlace social\">\n\t\t\t\t\t\t<span class=\"wd-icon\"><\/span>\n\t\t\t\t\t\t\t\t\t\t\t<\/a>\n\t\t\t\t\n\t\t\t\t\n\t\t\t\t\n\t\t\t\t\n\t\t\t\t\n\t\t\t\t\n\t\t\t\t\t\t\t\t\t<a rel=\"noopener noreferrer nofollow\" href=\"https:\/\/pinterest.com\/pin\/create\/button\/?url=https:\/\/lydenim.com\/es\/8-secretos-de-jeans-adelgazantes-para-revolucionar-tu-armario\/&media=https:\/\/lydenim.com\/wp-content\/uploads\/2025\/11\/2026-Slimming-Jeans-Trends.jpg&description=8+Slimming+Jeans+Secrets+to+Revolutionize+Your+Wardrobe\" target=\"_blank\" class=\"wd-social-icon social-pinterest\" aria-label=\"Enlace social de Pinterest\">\n\t\t\t\t\t\t<span class=\"wd-icon\"><\/span>\n\t\t\t\t\t\t\t\t\t\t\t<\/a>\n\t\t\t\t\n\t\t\t\t\n\t\t\t\t\t\t\t\t\t<a rel=\"noopener noreferrer nofollow\" href=\"https:\/\/www.linkedin.com\/shareArticle?mini=true&url=https:\/\/lydenim.com\/es\/8-secretos-de-jeans-adelgazantes-para-revolucionar-tu-armario\/\" target=\"_blank\" class=\"wd-social-icon social-linkedin\" aria-label=\"Enlace social de Linkedin\">\n\t\t\t\t\t\t<span class=\"wd-icon\"><\/span>\n\t\t\t\t\t\t\t\t\t\t\t<\/a>\n\t\t\t\t\n\t\t\t\t\n\t\t\t\t\n\t\t\t\t\n\t\t\t\t\n\t\t\t\t\n\t\t\t\t\n\t\t\t\t\n\t\t\t\t\n\t\t\t\t\n\t\t\t\t\n\t\t\t\t\n\t\t\t\t\n\t\t\t\t\n\t\t\t\t\n\t\t\t\t\t\t\t\t\t<a rel=\"noopener noreferrer nofollow\" href=\"https:\/\/telegram.me\/share\/url?url=https:\/\/lydenim.com\/es\/8-secretos-de-jeans-adelgazantes-para-revolucionar-tu-armario\/\" target=\"_blank\" class=\"wd-social-icon social-tg\" aria-label=\"Enlace social de Telegram\">\n\t\t\t\t\t\t<span class=\"wd-icon\"><\/span>\n\t\t\t\t\t\t\t\t\t\t\t<\/a>\n\t\t\t\t\n\t\t\t\t\n\t\t\t<\/div>\n\n\t\t\t\t\t\t\t\t\t\t<\/div>\n\t\t\t\t\t\t\t\t<div class=\"tooltip-arrow\"><\/div>\n\t\t\t\t\t\t\t<\/div>\n\t\t\t\t\t\t<\/div>\n\t\t\t\t\t\n\t\t\t\t\t\t\t\t\t<\/div>\n\t\t\t\n\t\t\t\t\t\t\t<div class=\"wd-post-excerpt entry-content\">\n\t\t\t\t\tTiempo estimado de lectura: ~5 minutos. \u00bfAlguna vez te preguntaste por qu\u00e9 algunos jeans hacen que tus piernas se vean interminablemente largas mientras que otros se arrugan de forma inc\u00f3moda?\t\t\t\t<\/div>\n\t\t\t\n\t\t\t\t\t\t\t\t\t\t\t\t<div class=\"wd-post-read-more wd-style-link read-more-section\">\n\t\t\t\t\t\t<a class=\"\" href=\"https:\/\/lydenim.com\/es\/8-secretos-de-jeans-adelgazantes-para-revolucionar-tu-armario\/\">Seguir leyendo<\/a>\t\t\t\t\t<\/div>\n\t\t\t\t\t\t\t\t\t<\/div>\n\t<\/div>\n<\/article>\n\n\t\t\t\t\t<\/div>\n\t\t\t\t<div class=\"wd-carousel-item\">\n\t\t\t\t\t\t\t\n<article id=\"post-6941\" class=\"wd-post blog-design-masonry blog-post-loop blog-style-bg wd-add-shadow post-6941 post type-post status-publish format-standard has-post-thumbnail hentry category-denim-knowledge\">\n\t<div class=\"wd-post-inner article-inner\">\n\t\t\t\t\t<div class=\"wd-post-thumb entry-header\">\n\t\t\t\t\t\t\t\t\t<div class=\"wd-post-img post-img-wrapp\">\n\t\t\t\t\t\t<img loading=\"lazy\" decoding=\"async\" width=\"150\" height=\"150\" src=\"https:\/\/lydenim.com\/wp-content\/uploads\/2025\/11\/Jacquard-Denim-Fabric-Suppliers-150x150.jpg\" class=\"attachment-thumbnail size-thumbnail\" alt=\"\" srcset=\"https:\/\/lydenim.com\/wp-content\/uploads\/2025\/11\/Jacquard-Denim-Fabric-Suppliers-150x150.jpg 150w, https:\/\/lydenim.com\/wp-content\/uploads\/2025\/11\/Jacquard-Denim-Fabric-Suppliers-300x300.jpg 300w, https:\/\/lydenim.com\/wp-content\/uploads\/2025\/11\/Jacquard-Denim-Fabric-Suppliers-45x45.jpg 45w\" sizes=\"auto, (max-width: 150px) 100vw, 150px\" \/>\t\t\t\t\t<\/div>\n\t\t\t\t\t<a class=\"wd-fill\" href=\"https:\/\/lydenim.com\/es\/los-10-principales-proveedores-de-tejido-de-mezclilla-jacquard-que-revolucionaran-la-moda-en-2026\/\"><\/a>\n\t\t\t\t\n\t\t\t\t\t\t\t\t\t\t\t\t<div class=\"wd-post-date wd-style-with-bg\">\n\t\t\t\t<span class=\"post-date-day\">\n\t\t\t\t\t25\t\t\t\t<\/span>\n\t\t\t\t<span class=\"post-date-month\">\n\t\t\t\t\tNov\t\t\t\t<\/span>\n\t\t\t<\/div>\n\t\t\t\t\t\t\t\t\t<\/div>\n\t\t\n\t\t<div class=\"wd-post-content article-body-container\">\n\t\t\t\t\t\t\t<div class=\"wd-post-cat wd-style-with-bg meta-post-categories\">\n\t\t\t\t\t<a href=\"https:\/\/lydenim.com\/es\/category\/conocimiento-de-mezclilla\/\" rel=\"category tag\">Conocimiento del denim<\/a>\t\t\t\t<\/div>\n\t\t\t\n\t\t\t\t\t\t\t<h3 class=\"wd-post-title wd-entities-title title post-title\">\n\t\t\t\t\t<a href=\"https:\/\/lydenim.com\/es\/los-10-principales-proveedores-de-tejido-de-mezclilla-jacquard-que-revolucionaran-la-moda-en-2026\/\" rel=\"bookmark\">\n\t\t\t\t\t\tLos 10 principales proveedores de tejido vaquero jacquard que revolucionar\u00e1n la moda en 2026\t\t\t\t\t<\/a>\n\t\t\t\t<\/h3>\n\t\t\t\n\t\t\t\t\t\t\t<div class=\"wd-post-meta\">\n\t\t\t\t\t\t\t\t\t\t\t\t\t\t\t<div class=\"wd-post-author\">\n\t\t\t\t\t\t\t\t\t\t\t<span>Publicado por<\/span>\n\t\t\n\t\t\t\t\t\t\t\n\t\t\t\t\t<a href=\"https:\/\/lydenim.com\/es\/author\/malonematthewmmgmail-com\/\" class=\"author\" rel=\"author\">malonematthewmm@gmail.com<\/a>\n\t\t\t\t\t\t\t\t\t<\/div>\n\t\t\t\t\t<div class=\"wd-modified-date\">\n\t\t\t\t\t\t\t\t<time class=\"updated\" datetime=\"2025-11-25T11:08:07+08:00\">\n\t\t\t25\/11\/2025\t\t<\/time>\n\t\t\t\t\t\t\t<\/div>\n\n\t\t\t\t\t\t\t\t\t\t\t<div class=\"wd-post-share wd-tltp\">\n\t\t\t\t\t\t\t<div class=\"tooltip top\">\n\t\t\t\t\t\t\t\t<div class=\"tooltip-inner\">\n\t\t\t\t\t\t\t\t\t\t\t\t<div\n\t\t\t\t\t\tclass=\"wd-social-icons wd-style-default wd-size-small social-share wd-shape-circle color-scheme-light text-center\">\n\t\t\t\t\n\t\t\t\t\n\t\t\t\t\t\t\t\t\t<a rel=\"noopener noreferrer nofollow\" href=\"https:\/\/www.facebook.com\/sharer\/sharer.php?u=https:\/\/lydenim.com\/es\/los-10-principales-proveedores-de-tejido-de-mezclilla-jacquard-que-revolucionaran-la-moda-en-2026\/\" target=\"_blank\" class=\"wd-social-icon social-facebook\" aria-label=\"Enlace social de Facebook\">\n\t\t\t\t\t\t<span class=\"wd-icon\"><\/span>\n\t\t\t\t\t\t\t\t\t\t\t<\/a>\n\t\t\t\t\n\t\t\t\t\t\t\t\t\t<a rel=\"noopener noreferrer nofollow\" href=\"https:\/\/x.com\/share?url=https:\/\/lydenim.com\/es\/los-10-principales-proveedores-de-tejido-de-mezclilla-jacquard-que-revolucionaran-la-moda-en-2026\/\" target=\"_blank\" class=\"wd-social-icon social-twitter\" aria-label=\"X enlace social\">\n\t\t\t\t\t\t<span class=\"wd-icon\"><\/span>\n\t\t\t\t\t\t\t\t\t\t\t<\/a>\n\t\t\t\t\n\t\t\t\t\n\t\t\t\t\n\t\t\t\t\n\t\t\t\t\n\t\t\t\t\n\t\t\t\t\t\t\t\t\t<a rel=\"noopener noreferrer nofollow\" href=\"https:\/\/pinterest.com\/pin\/create\/button\/?url=https:\/\/lydenim.com\/es\/los-10-principales-proveedores-de-tejido-de-mezclilla-jacquard-que-revolucionaran-la-moda-en-2026\/&media=https:\/\/lydenim.com\/wp-content\/uploads\/2025\/11\/Jacquard-Denim-Fabric-Suppliers.jpg&description=Top+10+Jacquard+Denim+Fabric+Suppliers+Revolutionizing+2026+Fashion\" target=\"_blank\" class=\"wd-social-icon social-pinterest\" aria-label=\"Enlace social de Pinterest\">\n\t\t\t\t\t\t<span class=\"wd-icon\"><\/span>\n\t\t\t\t\t\t\t\t\t\t\t<\/a>\n\t\t\t\t\n\t\t\t\t\n\t\t\t\t\t\t\t\t\t<a rel=\"noopener noreferrer nofollow\" href=\"https:\/\/www.linkedin.com\/shareArticle?mini=true&url=https:\/\/lydenim.com\/es\/los-10-principales-proveedores-de-tejido-de-mezclilla-jacquard-que-revolucionaran-la-moda-en-2026\/\" target=\"_blank\" class=\"wd-social-icon social-linkedin\" aria-label=\"Enlace social de Linkedin\">\n\t\t\t\t\t\t<span class=\"wd-icon\"><\/span>\n\t\t\t\t\t\t\t\t\t\t\t<\/a>\n\t\t\t\t\n\t\t\t\t\n\t\t\t\t\n\t\t\t\t\n\t\t\t\t\n\t\t\t\t\n\t\t\t\t\n\t\t\t\t\n\t\t\t\t\n\t\t\t\t\n\t\t\t\t\n\t\t\t\t\n\t\t\t\t\n\t\t\t\t\n\t\t\t\t\n\t\t\t\t\t\t\t\t\t<a rel=\"noopener noreferrer nofollow\" href=\"https:\/\/telegram.me\/share\/url?url=https:\/\/lydenim.com\/es\/los-10-principales-proveedores-de-tejido-de-mezclilla-jacquard-que-revolucionaran-la-moda-en-2026\/\" target=\"_blank\" class=\"wd-social-icon social-tg\" aria-label=\"Enlace social de Telegram\">\n\t\t\t\t\t\t<span class=\"wd-icon\"><\/span>\n\t\t\t\t\t\t\t\t\t\t\t<\/a>\n\t\t\t\t\n\t\t\t\t\n\t\t\t<\/div>\n\n\t\t\t\t\t\t\t\t\t\t<\/div>\n\t\t\t\t\t\t\t\t<div class=\"tooltip-arrow\"><\/div>\n\t\t\t\t\t\t\t<\/div>\n\t\t\t\t\t\t<\/div>\n\t\t\t\t\t\n\t\t\t\t\t\t\t\t\t<\/div>\n\t\t\t\n\t\t\t\t\t\t\t<div class=\"wd-post-excerpt entry-content\">\n\t\t\t\t\tTiempo estimado de lectura: ~5 minutos En el mundo de la fabricaci\u00f3n de prendas de vestir, en r\u00e1pida evoluci\u00f3n, los proveedores de tejidos de mezclilla jacquard son los an\u00f3nimos...\t\t\t\t<\/div>\n\t\t\t\n\t\t\t\t\t\t\t\t\t\t\t\t<div class=\"wd-post-read-more wd-style-link read-more-section\">\n\t\t\t\t\t\t<a class=\"\" href=\"https:\/\/lydenim.com\/es\/los-10-principales-proveedores-de-tejido-de-mezclilla-jacquard-que-revolucionaran-la-moda-en-2026\/\">Seguir leyendo<\/a>\t\t\t\t\t<\/div>\n\t\t\t\t\t\t\t\t\t<\/div>\n\t<\/div>\n<\/article>\n\n\t\t\t\t\t<\/div>\n\t\t\t\t<div class=\"wd-carousel-item\">\n\t\t\t\t\t\t\t\n<article id=\"post-6900\" class=\"wd-post blog-design-masonry blog-post-loop blog-style-bg wd-add-shadow post-6900 post type-post status-publish format-standard has-post-thumbnail hentry category-garment\">\n\t<div class=\"wd-post-inner article-inner\">\n\t\t\t\t\t<div class=\"wd-post-thumb entry-header\">\n\t\t\t\t\t\t\t\t\t<div class=\"wd-post-img post-img-wrapp\">\n\t\t\t\t\t\t<img loading=\"lazy\" decoding=\"async\" width=\"150\" height=\"150\" src=\"https:\/\/lydenim.com\/wp-content\/uploads\/2025\/11\/jeans-style-150x150.jpg\" class=\"attachment-thumbnail size-thumbnail\" alt=\"\" srcset=\"https:\/\/lydenim.com\/wp-content\/uploads\/2025\/11\/jeans-style-150x150.jpg 150w, https:\/\/lydenim.com\/wp-content\/uploads\/2025\/11\/jeans-style-300x300.jpg 300w, https:\/\/lydenim.com\/wp-content\/uploads\/2025\/11\/jeans-style-e1763278815924-45x45.jpg 45w\" sizes=\"auto, (max-width: 150px) 100vw, 150px\" \/>\t\t\t\t\t<\/div>\n\t\t\t\t\t<a class=\"wd-fill\" href=\"https:\/\/lydenim.com\/es\/los-mejores-jeans-segun-el-tipo-de-cuerpo-en-2026\/\"><\/a>\n\t\t\t\t\n\t\t\t\t\t\t\t\t\t\t\t\t<div class=\"wd-post-date wd-style-with-bg\">\n\t\t\t\t<span class=\"post-date-day\">\n\t\t\t\t\t23\t\t\t\t<\/span>\n\t\t\t\t<span class=\"post-date-month\">\n\t\t\t\t\tNov\t\t\t\t<\/span>\n\t\t\t<\/div>\n\t\t\t\t\t\t\t\t\t<\/div>\n\t\t\n\t\t<div class=\"wd-post-content article-body-container\">\n\t\t\t\t\t\t\t<div class=\"wd-post-cat wd-style-with-bg meta-post-categories\">\n\t\t\t\t\t<a href=\"https:\/\/lydenim.com\/es\/category\/prenda\/\" rel=\"category tag\">PRENDA<\/a>\t\t\t\t<\/div>\n\t\t\t\n\t\t\t\t\t\t\t<h3 class=\"wd-post-title wd-entities-title title post-title\">\n\t\t\t\t\t<a href=\"https:\/\/lydenim.com\/es\/los-mejores-jeans-segun-el-tipo-de-cuerpo-en-2026\/\" rel=\"bookmark\">\n\t\t\t\t\t\t9 estilos de jeans en 2026: la gu\u00eda definitiva para lograr cortes favorecedores que te hagan lucir 5 cm m\u00e1s alta y 4,5 kg m\u00e1s delgada.\t\t\t\t\t<\/a>\n\t\t\t\t<\/h3>\n\t\t\t\n\t\t\t\t\t\t\t<div class=\"wd-post-meta\">\n\t\t\t\t\t\t\t\t\t\t\t\t\t\t\t<div class=\"wd-post-author\">\n\t\t\t\t\t\t\t\t\t\t\t<span>Publicado por<\/span>\n\t\t\n\t\t\t\t\t\t\t\n\t\t\t\t\t<a href=\"https:\/\/lydenim.com\/es\/author\/malonematthewmmgmail-com\/\" class=\"author\" rel=\"author\">malonematthewmm@gmail.com<\/a>\n\t\t\t\t\t\t\t\t\t<\/div>\n\t\t\t\t\t<div class=\"wd-modified-date\">\n\t\t\t\t\t\t\t\t<time class=\"updated\" datetime=\"2025-11-23T12:47:36+08:00\">\n\t\t\t23\/11\/2025\t\t<\/time>\n\t\t\t\t\t\t\t<\/div>\n\n\t\t\t\t\t\t\t\t\t\t\t<div class=\"wd-post-share wd-tltp\">\n\t\t\t\t\t\t\t<div class=\"tooltip top\">\n\t\t\t\t\t\t\t\t<div class=\"tooltip-inner\">\n\t\t\t\t\t\t\t\t\t\t\t\t<div\n\t\t\t\t\t\tclass=\"wd-social-icons wd-style-default wd-size-small social-share wd-shape-circle color-scheme-light text-center\">\n\t\t\t\t\n\t\t\t\t\n\t\t\t\t\t\t\t\t\t<a rel=\"noopener noreferrer nofollow\" href=\"https:\/\/www.facebook.com\/sharer\/sharer.php?u=https:\/\/lydenim.com\/es\/los-mejores-jeans-segun-el-tipo-de-cuerpo-en-2026\/\" target=\"_blank\" class=\"wd-social-icon social-facebook\" aria-label=\"Enlace social de Facebook\">\n\t\t\t\t\t\t<span class=\"wd-icon\"><\/span>\n\t\t\t\t\t\t\t\t\t\t\t<\/a>\n\t\t\t\t\n\t\t\t\t\t\t\t\t\t<a rel=\"noopener noreferrer nofollow\" href=\"https:\/\/x.com\/share?url=https:\/\/lydenim.com\/es\/los-mejores-jeans-segun-el-tipo-de-cuerpo-en-2026\/\" target=\"_blank\" class=\"wd-social-icon social-twitter\" aria-label=\"X enlace social\">\n\t\t\t\t\t\t<span class=\"wd-icon\"><\/span>\n\t\t\t\t\t\t\t\t\t\t\t<\/a>\n\t\t\t\t\n\t\t\t\t\n\t\t\t\t\n\t\t\t\t\n\t\t\t\t\n\t\t\t\t\n\t\t\t\t\t\t\t\t\t<a rel=\"noopener noreferrer nofollow\" href=\"https:\/\/pinterest.com\/pin\/create\/button\/?url=https:\/\/lydenim.com\/es\/los-mejores-jeans-segun-el-tipo-de-cuerpo-en-2026\/&media=https:\/\/lydenim.com\/wp-content\/uploads\/2025\/11\/jeans-style-e1763278815924.jpg&description=9+Types+of+Jeans+Styles+in+2026%3A+The+Ultimate+Guide+to+Flattering+Fits+That+Make+You+Look+5cm+Taller+%26%23038%3B+10lbs+Slimmer\" target=\"_blank\" class=\"wd-social-icon social-pinterest\" aria-label=\"Enlace social de Pinterest\">\n\t\t\t\t\t\t<span class=\"wd-icon\"><\/span>\n\t\t\t\t\t\t\t\t\t\t\t<\/a>\n\t\t\t\t\n\t\t\t\t\n\t\t\t\t\t\t\t\t\t<a rel=\"noopener noreferrer nofollow\" href=\"https:\/\/www.linkedin.com\/shareArticle?mini=true&url=https:\/\/lydenim.com\/es\/los-mejores-jeans-segun-el-tipo-de-cuerpo-en-2026\/\" target=\"_blank\" class=\"wd-social-icon social-linkedin\" aria-label=\"Enlace social de Linkedin\">\n\t\t\t\t\t\t<span class=\"wd-icon\"><\/span>\n\t\t\t\t\t\t\t\t\t\t\t<\/a>\n\t\t\t\t\n\t\t\t\t\n\t\t\t\t\n\t\t\t\t\n\t\t\t\t\n\t\t\t\t\n\t\t\t\t\n\t\t\t\t\n\t\t\t\t\n\t\t\t\t\n\t\t\t\t\n\t\t\t\t\n\t\t\t\t\n\t\t\t\t\n\t\t\t\t\n\t\t\t\t\t\t\t\t\t<a rel=\"noopener noreferrer nofollow\" href=\"https:\/\/telegram.me\/share\/url?url=https:\/\/lydenim.com\/es\/los-mejores-jeans-segun-el-tipo-de-cuerpo-en-2026\/\" target=\"_blank\" class=\"wd-social-icon social-tg\" aria-label=\"Enlace social de Telegram\">\n\t\t\t\t\t\t<span class=\"wd-icon\"><\/span>\n\t\t\t\t\t\t\t\t\t\t\t<\/a>\n\t\t\t\t\n\t\t\t\t\n\t\t\t<\/div>\n\n\t\t\t\t\t\t\t\t\t\t<\/div>\n\t\t\t\t\t\t\t\t<div class=\"tooltip-arrow\"><\/div>\n\t\t\t\t\t\t\t<\/div>\n\t\t\t\t\t\t<\/div>\n\t\t\t\t\t\n\t\t\t\t\t\t\t\t\t<\/div>\n\t\t\t\n\t\t\t\t\t\t\t<div class=\"wd-post-excerpt entry-content\">\n\t\t\t\t\tTiempo estimado de lectura: ~6 minutos Un art\u00edculo para dominar cada silueta de jeans en 2026: luce m\u00e1s delgada, m\u00e1s alta y m\u00e1s cara en...\t\t\t\t<\/div>\n\t\t\t\n\t\t\t\t\t\t\t\t\t\t\t\t<div class=\"wd-post-read-more wd-style-link read-more-section\">\n\t\t\t\t\t\t<a class=\"\" href=\"https:\/\/lydenim.com\/es\/los-mejores-jeans-segun-el-tipo-de-cuerpo-en-2026\/\">Seguir leyendo<\/a>\t\t\t\t\t<\/div>\n\t\t\t\t\t\t\t\t\t<\/div>\n\t<\/div>\n<\/article>\n\n\t\t\t\t\t<\/div>\n\t\t\t\t<div class=\"wd-carousel-item\">\n\t\t\t\t\t\t\t\n<article id=\"post-6903\" class=\"wd-post blog-design-masonry blog-post-loop blog-style-bg wd-add-shadow post-6903 post type-post status-publish format-standard has-post-thumbnail hentry category-denim-knowledge\">\n\t<div class=\"wd-post-inner article-inner\">\n\t\t\t\t\t<div class=\"wd-post-thumb entry-header\">\n\t\t\t\t\t\t\t\t\t<div class=\"wd-post-img post-img-wrapp\">\n\t\t\t\t\t\t<img loading=\"lazy\" decoding=\"async\" width=\"150\" height=\"150\" src=\"https:\/\/lydenim.com\/wp-content\/uploads\/2025\/11\/Top-Flocking-Denim-Fabric-Suppliers-150x150.jpg\" class=\"attachment-thumbnail size-thumbnail\" alt=\"\" srcset=\"https:\/\/lydenim.com\/wp-content\/uploads\/2025\/11\/Top-Flocking-Denim-Fabric-Suppliers-150x150.jpg 150w, https:\/\/lydenim.com\/wp-content\/uploads\/2025\/11\/Top-Flocking-Denim-Fabric-Suppliers-300x300.jpg 300w, https:\/\/lydenim.com\/wp-content\/uploads\/2025\/11\/Top-Flocking-Denim-Fabric-Suppliers-45x45.jpg 45w\" sizes=\"auto, (max-width: 150px) 100vw, 150px\" \/>\t\t\t\t\t<\/div>\n\t\t\t\t\t<a class=\"wd-fill\" href=\"https:\/\/lydenim.com\/es\/principales-proveedores-de-tela-vaquera-flocada\/\"><\/a>\n\t\t\t\t\n\t\t\t\t\t\t\t\t\t\t\t\t<div class=\"wd-post-date wd-style-with-bg\">\n\t\t\t\t<span class=\"post-date-day\">\n\t\t\t\t\t20\t\t\t\t<\/span>\n\t\t\t\t<span class=\"post-date-month\">\n\t\t\t\t\tNov\t\t\t\t<\/span>\n\t\t\t<\/div>\n\t\t\t\t\t\t\t\t\t<\/div>\n\t\t\n\t\t<div class=\"wd-post-content article-body-container\">\n\t\t\t\t\t\t\t<div class=\"wd-post-cat wd-style-with-bg meta-post-categories\">\n\t\t\t\t\t<a href=\"https:\/\/lydenim.com\/es\/category\/conocimiento-de-mezclilla\/\" rel=\"category tag\">Conocimiento del denim<\/a>\t\t\t\t<\/div>\n\t\t\t\n\t\t\t\t\t\t\t<h3 class=\"wd-post-title wd-entities-title title post-title\">\n\t\t\t\t\t<a href=\"https:\/\/lydenim.com\/es\/principales-proveedores-de-tela-vaquera-flocada\/\" rel=\"bookmark\">\n\t\t\t\t\t\tPrincipales proveedores de tela vaquera flocada\t\t\t\t\t<\/a>\n\t\t\t\t<\/h3>\n\t\t\t\n\t\t\t\t\t\t\t<div class=\"wd-post-meta\">\n\t\t\t\t\t\t\t\t\t\t\t\t\t\t\t<div class=\"wd-post-author\">\n\t\t\t\t\t\t\t\t\t\t\t<span>Publicado por<\/span>\n\t\t\n\t\t\t\t\t\t\t\n\t\t\t\t\t<a href=\"https:\/\/lydenim.com\/es\/author\/malonematthewmmgmail-com\/\" class=\"author\" rel=\"author\">malonematthewmm@gmail.com<\/a>\n\t\t\t\t\t\t\t\t\t<\/div>\n\t\t\t\t\t<div class=\"wd-modified-date\">\n\t\t\t\t\t\t\t\t<time class=\"updated\" datetime=\"2025-11-20T12:47:20+08:00\">\n\t\t\t20\/11\/2025\t\t<\/time>\n\t\t\t\t\t\t\t<\/div>\n\n\t\t\t\t\t\t\t\t\t\t\t<div class=\"wd-post-share wd-tltp\">\n\t\t\t\t\t\t\t<div class=\"tooltip top\">\n\t\t\t\t\t\t\t\t<div class=\"tooltip-inner\">\n\t\t\t\t\t\t\t\t\t\t\t\t<div\n\t\t\t\t\t\tclass=\"wd-social-icons wd-style-default wd-size-small social-share wd-shape-circle color-scheme-light text-center\">\n\t\t\t\t\n\t\t\t\t\n\t\t\t\t\t\t\t\t\t<a rel=\"noopener noreferrer nofollow\" href=\"https:\/\/www.facebook.com\/sharer\/sharer.php?u=https:\/\/lydenim.com\/es\/principales-proveedores-de-tela-vaquera-flocada\/\" target=\"_blank\" class=\"wd-social-icon social-facebook\" aria-label=\"Enlace social de Facebook\">\n\t\t\t\t\t\t<span class=\"wd-icon\"><\/span>\n\t\t\t\t\t\t\t\t\t\t\t<\/a>\n\t\t\t\t\n\t\t\t\t\t\t\t\t\t<a rel=\"noopener noreferrer nofollow\" href=\"https:\/\/x.com\/share?url=https:\/\/lydenim.com\/es\/principales-proveedores-de-tela-vaquera-flocada\/\" target=\"_blank\" class=\"wd-social-icon social-twitter\" aria-label=\"X enlace social\">\n\t\t\t\t\t\t<span class=\"wd-icon\"><\/span>\n\t\t\t\t\t\t\t\t\t\t\t<\/a>\n\t\t\t\t\n\t\t\t\t\n\t\t\t\t\n\t\t\t\t\n\t\t\t\t\n\t\t\t\t\n\t\t\t\t\t\t\t\t\t<a rel=\"noopener noreferrer nofollow\" href=\"https:\/\/pinterest.com\/pin\/create\/button\/?url=https:\/\/lydenim.com\/es\/principales-proveedores-de-tela-vaquera-flocada\/&media=https:\/\/lydenim.com\/wp-content\/uploads\/2025\/11\/Top-Flocking-Denim-Fabric-Suppliers.jpg&description=Top+Flocking+Denim+Fabric+Suppliers\" target=\"_blank\" class=\"wd-social-icon social-pinterest\" aria-label=\"Enlace social de Pinterest\">\n\t\t\t\t\t\t<span class=\"wd-icon\"><\/span>\n\t\t\t\t\t\t\t\t\t\t\t<\/a>\n\t\t\t\t\n\t\t\t\t\n\t\t\t\t\t\t\t\t\t<a rel=\"noopener noreferrer nofollow\" href=\"https:\/\/www.linkedin.com\/shareArticle?mini=true&url=https:\/\/lydenim.com\/es\/principales-proveedores-de-tela-vaquera-flocada\/\" target=\"_blank\" class=\"wd-social-icon social-linkedin\" aria-label=\"Enlace social de Linkedin\">\n\t\t\t\t\t\t<span class=\"wd-icon\"><\/span>\n\t\t\t\t\t\t\t\t\t\t\t<\/a>\n\t\t\t\t\n\t\t\t\t\n\t\t\t\t\n\t\t\t\t\n\t\t\t\t\n\t\t\t\t\n\t\t\t\t\n\t\t\t\t\n\t\t\t\t\n\t\t\t\t\n\t\t\t\t\n\t\t\t\t\n\t\t\t\t\n\t\t\t\t\n\t\t\t\t\n\t\t\t\t\t\t\t\t\t<a rel=\"noopener noreferrer nofollow\" href=\"https:\/\/telegram.me\/share\/url?url=https:\/\/lydenim.com\/es\/principales-proveedores-de-tela-vaquera-flocada\/\" target=\"_blank\" class=\"wd-social-icon social-tg\" aria-label=\"Enlace social de Telegram\">\n\t\t\t\t\t\t<span class=\"wd-icon\"><\/span>\n\t\t\t\t\t\t\t\t\t\t\t<\/a>\n\t\t\t\t\n\t\t\t\t\n\t\t\t<\/div>\n\n\t\t\t\t\t\t\t\t\t\t<\/div>\n\t\t\t\t\t\t\t\t<div class=\"tooltip-arrow\"><\/div>\n\t\t\t\t\t\t\t<\/div>\n\t\t\t\t\t\t<\/div>\n\t\t\t\t\t\n\t\t\t\t\t\t\t\t\t<\/div>\n\t\t\t\n\t\t\t\t\t\t\t<div class=\"wd-post-excerpt entry-content\">\n\t\t\t\t\tTiempo estimado de lectura: ~4 minutos. \u00bfEres fabricante de ropa y te est\u00e1s preparando para las explosivas tendencias del denim en 2026? Denim flocado...\t\t\t\t<\/div>\n\t\t\t\n\t\t\t\t\t\t\t\t\t\t\t\t<div class=\"wd-post-read-more wd-style-link read-more-section\">\n\t\t\t\t\t\t<a class=\"\" href=\"https:\/\/lydenim.com\/es\/principales-proveedores-de-tela-vaquera-flocada\/\">Seguir leyendo<\/a>\t\t\t\t\t<\/div>\n\t\t\t\t\t\t\t\t\t<\/div>\n\t<\/div>\n<\/article>\n\n\t\t\t\t\t<\/div>\n\t\t\t\t<div class=\"wd-carousel-item\">\n\t\t\t\t\t\t\t\n<article id=\"post-6809\" class=\"wd-post blog-design-masonry blog-post-loop blog-style-bg wd-add-shadow post-6809 post type-post status-publish format-standard has-post-thumbnail hentry category-garment\">\n\t<div class=\"wd-post-inner article-inner\">\n\t\t\t\t\t<div class=\"wd-post-thumb entry-header\">\n\t\t\t\t\t\t\t\t\t<div class=\"wd-post-img post-img-wrapp\">\n\t\t\t\t\t\t<img loading=\"lazy\" decoding=\"async\" width=\"150\" height=\"150\" src=\"https:\/\/lydenim.com\/wp-content\/uploads\/2025\/11\/Best-High-Waist-Stretch-Denim-for-Plus-Size-150x150.jpg\" class=\"attachment-thumbnail size-thumbnail\" alt=\"\" srcset=\"https:\/\/lydenim.com\/wp-content\/uploads\/2025\/11\/Best-High-Waist-Stretch-Denim-for-Plus-Size-150x150.jpg 150w, https:\/\/lydenim.com\/wp-content\/uploads\/2025\/11\/Best-High-Waist-Stretch-Denim-for-Plus-Size-300x300.jpg 300w, https:\/\/lydenim.com\/wp-content\/uploads\/2025\/11\/Best-High-Waist-Stretch-Denim-for-Plus-Size-45x45.jpg 45w\" sizes=\"auto, (max-width: 150px) 100vw, 150px\" \/>\t\t\t\t\t<\/div>\n\t\t\t\t\t<a class=\"wd-fill\" href=\"https:\/\/lydenim.com\/es\/los-mejores-vaqueros-elasticos-de-talle-alto-para-tallas-grandes-opciones-comodas-y-sostenibles\/\"><\/a>\n\t\t\t\t\n\t\t\t\t\t\t\t\t\t\t\t\t<div class=\"wd-post-date wd-style-with-bg\">\n\t\t\t\t<span class=\"post-date-day\">\n\t\t\t\t\t18\t\t\t\t<\/span>\n\t\t\t\t<span class=\"post-date-month\">\n\t\t\t\t\tNov\t\t\t\t<\/span>\n\t\t\t<\/div>\n\t\t\t\t\t\t\t\t\t<\/div>\n\t\t\n\t\t<div class=\"wd-post-content article-body-container\">\n\t\t\t\t\t\t\t<div class=\"wd-post-cat wd-style-with-bg meta-post-categories\">\n\t\t\t\t\t<a href=\"https:\/\/lydenim.com\/es\/category\/prenda\/\" rel=\"category tag\">PRENDA<\/a>\t\t\t\t<\/div>\n\t\t\t\n\t\t\t\t\t\t\t<h3 class=\"wd-post-title wd-entities-title title post-title\">\n\t\t\t\t\t<a href=\"https:\/\/lydenim.com\/es\/los-mejores-vaqueros-elasticos-de-talle-alto-para-tallas-grandes-opciones-comodas-y-sostenibles\/\" rel=\"bookmark\">\n\t\t\t\t\t\tLos mejores vaqueros el\u00e1sticos de talle alto para tallas grandes | Opciones c\u00f3modas y sostenibles\t\t\t\t\t<\/a>\n\t\t\t\t<\/h3>\n\t\t\t\n\t\t\t\t\t\t\t<div class=\"wd-post-meta\">\n\t\t\t\t\t\t\t\t\t\t\t\t\t\t\t<div class=\"wd-post-author\">\n\t\t\t\t\t\t\t\t\t\t\t<span>Publicado por<\/span>\n\t\t\n\t\t\t\t\t\t\t\n\t\t\t\t\t<a href=\"https:\/\/lydenim.com\/es\/author\/malonematthewmmgmail-com\/\" class=\"author\" rel=\"author\">malonematthewmm@gmail.com<\/a>\n\t\t\t\t\t\t\t\t\t<\/div>\n\t\t\t\t\t<div class=\"wd-modified-date\">\n\t\t\t\t\t\t\t\t<time class=\"updated\" datetime=\"2025-11-18T11:16:47+08:00\">\n\t\t\t18\/11\/2025\t\t<\/time>\n\t\t\t\t\t\t\t<\/div>\n\n\t\t\t\t\t\t\t\t\t\t\t<div class=\"wd-post-share wd-tltp\">\n\t\t\t\t\t\t\t<div class=\"tooltip top\">\n\t\t\t\t\t\t\t\t<div class=\"tooltip-inner\">\n\t\t\t\t\t\t\t\t\t\t\t\t<div\n\t\t\t\t\t\tclass=\"wd-social-icons wd-style-default wd-size-small social-share wd-shape-circle color-scheme-light text-center\">\n\t\t\t\t\n\t\t\t\t\n\t\t\t\t\t\t\t\t\t<a rel=\"noopener noreferrer nofollow\" href=\"https:\/\/www.facebook.com\/sharer\/sharer.php?u=https:\/\/lydenim.com\/es\/los-mejores-vaqueros-elasticos-de-talle-alto-para-tallas-grandes-opciones-comodas-y-sostenibles\/\" target=\"_blank\" class=\"wd-social-icon social-facebook\" aria-label=\"Enlace social de Facebook\">\n\t\t\t\t\t\t<span class=\"wd-icon\"><\/span>\n\t\t\t\t\t\t\t\t\t\t\t<\/a>\n\t\t\t\t\n\t\t\t\t\t\t\t\t\t<a rel=\"noopener noreferrer nofollow\" href=\"https:\/\/x.com\/share?url=https:\/\/lydenim.com\/es\/los-mejores-vaqueros-elasticos-de-talle-alto-para-tallas-grandes-opciones-comodas-y-sostenibles\/\" target=\"_blank\" class=\"wd-social-icon social-twitter\" aria-label=\"X enlace social\">\n\t\t\t\t\t\t<span class=\"wd-icon\"><\/span>\n\t\t\t\t\t\t\t\t\t\t\t<\/a>\n\t\t\t\t\n\t\t\t\t\n\t\t\t\t\n\t\t\t\t\n\t\t\t\t\n\t\t\t\t\n\t\t\t\t\t\t\t\t\t<a rel=\"noopener noreferrer nofollow\" href=\"https:\/\/pinterest.com\/pin\/create\/button\/?url=https:\/\/lydenim.com\/es\/los-mejores-vaqueros-elasticos-de-talle-alto-para-tallas-grandes-opciones-comodas-y-sostenibles\/&media=https:\/\/lydenim.com\/wp-content\/uploads\/2025\/11\/Best-High-Waist-Stretch-Denim-for-Plus-Size.jpg&description=Best+High-Waist+Stretch+Denim+for+Plus-Size+%7C+Comfortable%2C+Sustainable+Options\" target=\"_blank\" class=\"wd-social-icon social-pinterest\" aria-label=\"Enlace social de Pinterest\">\n\t\t\t\t\t\t<span class=\"wd-icon\"><\/span>\n\t\t\t\t\t\t\t\t\t\t\t<\/a>\n\t\t\t\t\n\t\t\t\t\n\t\t\t\t\t\t\t\t\t<a rel=\"noopener noreferrer nofollow\" href=\"https:\/\/www.linkedin.com\/shareArticle?mini=true&url=https:\/\/lydenim.com\/es\/los-mejores-vaqueros-elasticos-de-talle-alto-para-tallas-grandes-opciones-comodas-y-sostenibles\/\" target=\"_blank\" class=\"wd-social-icon social-linkedin\" aria-label=\"Enlace social de Linkedin\">\n\t\t\t\t\t\t<span class=\"wd-icon\"><\/span>\n\t\t\t\t\t\t\t\t\t\t\t<\/a>\n\t\t\t\t\n\t\t\t\t\n\t\t\t\t\n\t\t\t\t\n\t\t\t\t\n\t\t\t\t\n\t\t\t\t\n\t\t\t\t\n\t\t\t\t\n\t\t\t\t\n\t\t\t\t\n\t\t\t\t\n\t\t\t\t\n\t\t\t\t\n\t\t\t\t\n\t\t\t\t\t\t\t\t\t<a rel=\"noopener noreferrer nofollow\" href=\"https:\/\/telegram.me\/share\/url?url=https:\/\/lydenim.com\/es\/los-mejores-vaqueros-elasticos-de-talle-alto-para-tallas-grandes-opciones-comodas-y-sostenibles\/\" target=\"_blank\" class=\"wd-social-icon social-tg\" aria-label=\"Enlace social de Telegram\">\n\t\t\t\t\t\t<span class=\"wd-icon\"><\/span>\n\t\t\t\t\t\t\t\t\t\t\t<\/a>\n\t\t\t\t\n\t\t\t\t\n\t\t\t<\/div>\n\n\t\t\t\t\t\t\t\t\t\t<\/div>\n\t\t\t\t\t\t\t\t<div class=\"tooltip-arrow\"><\/div>\n\t\t\t\t\t\t\t<\/div>\n\t\t\t\t\t\t<\/div>\n\t\t\t\t\t\n\t\t\t\t\t\t\t\t\t<\/div>\n\t\t\t\n\t\t\t\t\t\t\t<div class=\"wd-post-excerpt entry-content\">\n\t\t\t\t\tTiempo estimado de lectura: ~4 minutos. Lo que las compradoras de tallas grandes necesitan de los vaqueros: Los vaqueros de tallas grandes deben ser c\u00f3modos, mantener su forma...\t\t\t\t<\/div>\n\t\t\t\n\t\t\t\t\t\t\t\t\t\t\t\t<div class=\"wd-post-read-more wd-style-link read-more-section\">\n\t\t\t\t\t\t<a class=\"\" href=\"https:\/\/lydenim.com\/es\/los-mejores-vaqueros-elasticos-de-talle-alto-para-tallas-grandes-opciones-comodas-y-sostenibles\/\">Seguir leyendo<\/a>\t\t\t\t\t<\/div>\n\t\t\t\t\t\t\t\t\t<\/div>\n\t<\/div>\n<\/article>\n\n\t\t\t\t\t<\/div>\n\t\t\t\t<div class=\"wd-carousel-item\">\n\t\t\t\t\t\t\t\n<article id=\"post-6873\" class=\"wd-post blog-design-masonry blog-post-loop blog-style-bg wd-add-shadow post-6873 post type-post status-publish format-standard has-post-thumbnail hentry category-denim-knowledge\">\n\t<div class=\"wd-post-inner article-inner\">\n\t\t\t\t\t<div class=\"wd-post-thumb entry-header\">\n\t\t\t\t\t\t\t\t\t<div class=\"wd-post-img post-img-wrapp\">\n\t\t\t\t\t\t<img loading=\"lazy\" decoding=\"async\" width=\"150\" height=\"150\" src=\"https:\/\/lydenim.com\/wp-content\/uploads\/2025\/11\/Best-Selvedge-Denim-Brands-150x150.jpg\" class=\"attachment-thumbnail size-thumbnail\" alt=\"\" srcset=\"https:\/\/lydenim.com\/wp-content\/uploads\/2025\/11\/Best-Selvedge-Denim-Brands-150x150.jpg 150w, https:\/\/lydenim.com\/wp-content\/uploads\/2025\/11\/Best-Selvedge-Denim-Brands-300x300.jpg 300w, https:\/\/lydenim.com\/wp-content\/uploads\/2025\/11\/Best-Selvedge-Denim-Brands-45x45.jpg 45w\" sizes=\"auto, (max-width: 150px) 100vw, 150px\" \/>\t\t\t\t\t<\/div>\n\t\t\t\t\t<a class=\"wd-fill\" href=\"https:\/\/lydenim.com\/es\/las-mejores-marcas-de-mezclilla-selvedge-para-una-confeccion-de-primera-calidad-2026\/\"><\/a>\n\t\t\t\t\n\t\t\t\t\t\t\t\t\t\t\t\t<div class=\"wd-post-date wd-style-with-bg\">\n\t\t\t\t<span class=\"post-date-day\">\n\t\t\t\t\t16\t\t\t\t<\/span>\n\t\t\t\t<span class=\"post-date-month\">\n\t\t\t\t\tNov\t\t\t\t<\/span>\n\t\t\t<\/div>\n\t\t\t\t\t\t\t\t\t<\/div>\n\t\t\n\t\t<div class=\"wd-post-content article-body-container\">\n\t\t\t\t\t\t\t<div class=\"wd-post-cat wd-style-with-bg meta-post-categories\">\n\t\t\t\t\t<a href=\"https:\/\/lydenim.com\/es\/category\/conocimiento-de-mezclilla\/\" rel=\"category tag\">Conocimiento del denim<\/a>\t\t\t\t<\/div>\n\t\t\t\n\t\t\t\t\t\t\t<h3 class=\"wd-post-title wd-entities-title title post-title\">\n\t\t\t\t\t<a href=\"https:\/\/lydenim.com\/es\/las-mejores-marcas-de-mezclilla-selvedge-para-una-confeccion-de-primera-calidad-2026\/\" rel=\"bookmark\">\n\t\t\t\t\t\tLas mejores marcas de mezclilla con orillo por su artesan\u00eda premium (2026)\t\t\t\t\t<\/a>\n\t\t\t\t<\/h3>\n\t\t\t\n\t\t\t\t\t\t\t<div class=\"wd-post-meta\">\n\t\t\t\t\t\t\t\t\t\t\t\t\t\t\t<div class=\"wd-post-author\">\n\t\t\t\t\t\t\t\t\t\t\t<span>Publicado por<\/span>\n\t\t\n\t\t\t\t\t\t\t\n\t\t\t\t\t<a href=\"https:\/\/lydenim.com\/es\/author\/malonematthewmmgmail-com\/\" class=\"author\" rel=\"author\">malonematthewmm@gmail.com<\/a>\n\t\t\t\t\t\t\t\t\t<\/div>\n\t\t\t\t\t<div class=\"wd-modified-date\">\n\t\t\t\t\t\t\t\t<time class=\"updated\" datetime=\"2025-11-16T10:58:32+08:00\">\n\t\t\t16\/11\/2025\t\t<\/time>\n\t\t\t\t\t\t\t<\/div>\n\n\t\t\t\t\t\t\t\t\t\t\t<div class=\"wd-post-share wd-tltp\">\n\t\t\t\t\t\t\t<div class=\"tooltip top\">\n\t\t\t\t\t\t\t\t<div class=\"tooltip-inner\">\n\t\t\t\t\t\t\t\t\t\t\t\t<div\n\t\t\t\t\t\tclass=\"wd-social-icons wd-style-default wd-size-small social-share wd-shape-circle color-scheme-light text-center\">\n\t\t\t\t\n\t\t\t\t\n\t\t\t\t\t\t\t\t\t<a rel=\"noopener noreferrer nofollow\" href=\"https:\/\/www.facebook.com\/sharer\/sharer.php?u=https:\/\/lydenim.com\/es\/las-mejores-marcas-de-mezclilla-selvedge-para-una-confeccion-de-primera-calidad-2026\/\" target=\"_blank\" class=\"wd-social-icon social-facebook\" aria-label=\"Enlace social de Facebook\">\n\t\t\t\t\t\t<span class=\"wd-icon\"><\/span>\n\t\t\t\t\t\t\t\t\t\t\t<\/a>\n\t\t\t\t\n\t\t\t\t\t\t\t\t\t<a rel=\"noopener noreferrer nofollow\" href=\"https:\/\/x.com\/share?url=https:\/\/lydenim.com\/es\/las-mejores-marcas-de-mezclilla-selvedge-para-una-confeccion-de-primera-calidad-2026\/\" target=\"_blank\" class=\"wd-social-icon social-twitter\" aria-label=\"X enlace social\">\n\t\t\t\t\t\t<span class=\"wd-icon\"><\/span>\n\t\t\t\t\t\t\t\t\t\t\t<\/a>\n\t\t\t\t\n\t\t\t\t\n\t\t\t\t\n\t\t\t\t\n\t\t\t\t\n\t\t\t\t\n\t\t\t\t\t\t\t\t\t<a rel=\"noopener noreferrer nofollow\" href=\"https:\/\/pinterest.com\/pin\/create\/button\/?url=https:\/\/lydenim.com\/es\/las-mejores-marcas-de-mezclilla-selvedge-para-una-confeccion-de-primera-calidad-2026\/&media=https:\/\/lydenim.com\/wp-content\/uploads\/2025\/11\/Best-Selvedge-Denim-Brands.jpg&description=Best+Selvedge+Denim+Brands+for+Premium+Craftsmanship+%282026%29\" target=\"_blank\" class=\"wd-social-icon social-pinterest\" aria-label=\"Enlace social de Pinterest\">\n\t\t\t\t\t\t<span class=\"wd-icon\"><\/span>\n\t\t\t\t\t\t\t\t\t\t\t<\/a>\n\t\t\t\t\n\t\t\t\t\n\t\t\t\t\t\t\t\t\t<a rel=\"noopener noreferrer nofollow\" href=\"https:\/\/www.linkedin.com\/shareArticle?mini=true&url=https:\/\/lydenim.com\/es\/las-mejores-marcas-de-mezclilla-selvedge-para-una-confeccion-de-primera-calidad-2026\/\" target=\"_blank\" class=\"wd-social-icon social-linkedin\" aria-label=\"Enlace social de Linkedin\">\n\t\t\t\t\t\t<span class=\"wd-icon\"><\/span>\n\t\t\t\t\t\t\t\t\t\t\t<\/a>\n\t\t\t\t\n\t\t\t\t\n\t\t\t\t\n\t\t\t\t\n\t\t\t\t\n\t\t\t\t\n\t\t\t\t\n\t\t\t\t\n\t\t\t\t\n\t\t\t\t\n\t\t\t\t\n\t\t\t\t\n\t\t\t\t\n\t\t\t\t\n\t\t\t\t\n\t\t\t\t\t\t\t\t\t<a rel=\"noopener noreferrer nofollow\" href=\"https:\/\/telegram.me\/share\/url?url=https:\/\/lydenim.com\/es\/las-mejores-marcas-de-mezclilla-selvedge-para-una-confeccion-de-primera-calidad-2026\/\" target=\"_blank\" class=\"wd-social-icon social-tg\" aria-label=\"Enlace social de Telegram\">\n\t\t\t\t\t\t<span class=\"wd-icon\"><\/span>\n\t\t\t\t\t\t\t\t\t\t\t<\/a>\n\t\t\t\t\n\t\t\t\t\n\t\t\t<\/div>\n\n\t\t\t\t\t\t\t\t\t\t<\/div>\n\t\t\t\t\t\t\t\t<div class=\"tooltip-arrow\"><\/div>\n\t\t\t\t\t\t\t<\/div>\n\t\t\t\t\t\t<\/div>\n\t\t\t\t\t\n\t\t\t\t\t\t\t\t\t<\/div>\n\t\t\t\n\t\t\t\t\t\t\t<div class=\"wd-post-excerpt entry-content\">\n\t\t\t\t\tTiempo estimado de lectura: ~5 minutos. \u00bfBuscas vaqueros de calidad excepcional con un desgaste perfecto y un proceso de compra sencillo? Utiliza el mapa de la marca...\t\t\t\t<\/div>\n\t\t\t\n\t\t\t\t\t\t\t\t\t\t\t\t<div class=\"wd-post-read-more wd-style-link read-more-section\">\n\t\t\t\t\t\t<a class=\"\" href=\"https:\/\/lydenim.com\/es\/las-mejores-marcas-de-mezclilla-selvedge-para-una-confeccion-de-primera-calidad-2026\/\">Seguir leyendo<\/a>\t\t\t\t\t<\/div>\n\t\t\t\t\t\t\t\t\t<\/div>\n\t<\/div>\n<\/article>\n\n\t\t\t\t\t<\/div>\n\t\t\t\t<div class=\"wd-carousel-item\">\n\t\t\t\t\t\t\t\n<article id=\"post-6857\" class=\"wd-post blog-design-masonry blog-post-loop blog-style-bg wd-add-shadow post-6857 post type-post status-publish format-standard has-post-thumbnail hentry category-denim-knowledge\">\n\t<div class=\"wd-post-inner article-inner\">\n\t\t\t\t\t<div class=\"wd-post-thumb entry-header\">\n\t\t\t\t\t\t\t\t\t<div class=\"wd-post-img post-img-wrapp\">\n\t\t\t\t\t\t<img loading=\"lazy\" decoding=\"async\" width=\"150\" height=\"150\" src=\"https:\/\/lydenim.com\/wp-content\/uploads\/2025\/11\/Denim-Shrinkage-Testing-150x150.jpg\" class=\"attachment-thumbnail size-thumbnail\" alt=\"\" srcset=\"https:\/\/lydenim.com\/wp-content\/uploads\/2025\/11\/Denim-Shrinkage-Testing-150x150.jpg 150w, https:\/\/lydenim.com\/wp-content\/uploads\/2025\/11\/Denim-Shrinkage-Testing-300x300.jpg 300w, https:\/\/lydenim.com\/wp-content\/uploads\/2025\/11\/Denim-Shrinkage-Testing-45x45.jpg 45w\" sizes=\"auto, (max-width: 150px) 100vw, 150px\" \/>\t\t\t\t\t<\/div>\n\t\t\t\t\t<a class=\"wd-fill\" href=\"https:\/\/lydenim.com\/es\/prueba-de-encogimiento-del-denim-7-pasos-de-control-de-calidad-infalibles\/\"><\/a>\n\t\t\t\t\n\t\t\t\t\t\t\t\t\t\t\t\t<div class=\"wd-post-date wd-style-with-bg\">\n\t\t\t\t<span class=\"post-date-day\">\n\t\t\t\t\t13\t\t\t\t<\/span>\n\t\t\t\t<span class=\"post-date-month\">\n\t\t\t\t\tNov\t\t\t\t<\/span>\n\t\t\t<\/div>\n\t\t\t\t\t\t\t\t\t<\/div>\n\t\t\n\t\t<div class=\"wd-post-content article-body-container\">\n\t\t\t\t\t\t\t<div class=\"wd-post-cat wd-style-with-bg meta-post-categories\">\n\t\t\t\t\t<a href=\"https:\/\/lydenim.com\/es\/category\/conocimiento-de-mezclilla\/\" rel=\"category tag\">Conocimiento del denim<\/a>\t\t\t\t<\/div>\n\t\t\t\n\t\t\t\t\t\t\t<h3 class=\"wd-post-title wd-entities-title title post-title\">\n\t\t\t\t\t<a href=\"https:\/\/lydenim.com\/es\/prueba-de-encogimiento-del-denim-7-pasos-de-control-de-calidad-infalibles\/\" rel=\"bookmark\">\n\t\t\t\t\t\tPrueba de encogimiento del denim: 7 pasos de control de calidad probados e infalibles\t\t\t\t\t<\/a>\n\t\t\t\t<\/h3>\n\t\t\t\n\t\t\t\t\t\t\t<div class=\"wd-post-meta\">\n\t\t\t\t\t\t\t\t\t\t\t\t\t\t\t<div class=\"wd-post-author\">\n\t\t\t\t\t\t\t\t\t\t\t<span>Publicado por<\/span>\n\t\t\n\t\t\t\t\t\t\t\n\t\t\t\t\t<a href=\"https:\/\/lydenim.com\/es\/author\/malonematthewmmgmail-com\/\" class=\"author\" rel=\"author\">malonematthewmm@gmail.com<\/a>\n\t\t\t\t\t\t\t\t\t<\/div>\n\t\t\t\t\t<div class=\"wd-modified-date\">\n\t\t\t\t\t\t\t\t<time class=\"updated\" datetime=\"2025-11-13T12:17:12+08:00\">\n\t\t\t13\/11\/2025\t\t<\/time>\n\t\t\t\t\t\t\t<\/div>\n\n\t\t\t\t\t\t\t\t\t\t\t<div class=\"wd-post-share wd-tltp\">\n\t\t\t\t\t\t\t<div class=\"tooltip top\">\n\t\t\t\t\t\t\t\t<div class=\"tooltip-inner\">\n\t\t\t\t\t\t\t\t\t\t\t\t<div\n\t\t\t\t\t\tclass=\"wd-social-icons wd-style-default wd-size-small social-share wd-shape-circle color-scheme-light text-center\">\n\t\t\t\t\n\t\t\t\t\n\t\t\t\t\t\t\t\t\t<a rel=\"noopener noreferrer nofollow\" href=\"https:\/\/www.facebook.com\/sharer\/sharer.php?u=https:\/\/lydenim.com\/es\/prueba-de-encogimiento-del-denim-7-pasos-de-control-de-calidad-infalibles\/\" target=\"_blank\" class=\"wd-social-icon social-facebook\" aria-label=\"Enlace social de Facebook\">\n\t\t\t\t\t\t<span class=\"wd-icon\"><\/span>\n\t\t\t\t\t\t\t\t\t\t\t<\/a>\n\t\t\t\t\n\t\t\t\t\t\t\t\t\t<a rel=\"noopener noreferrer nofollow\" href=\"https:\/\/x.com\/share?url=https:\/\/lydenim.com\/es\/prueba-de-encogimiento-del-denim-7-pasos-de-control-de-calidad-infalibles\/\" target=\"_blank\" class=\"wd-social-icon social-twitter\" aria-label=\"X enlace social\">\n\t\t\t\t\t\t<span class=\"wd-icon\"><\/span>\n\t\t\t\t\t\t\t\t\t\t\t<\/a>\n\t\t\t\t\n\t\t\t\t\n\t\t\t\t\n\t\t\t\t\n\t\t\t\t\n\t\t\t\t\n\t\t\t\t\t\t\t\t\t<a rel=\"noopener noreferrer nofollow\" href=\"https:\/\/pinterest.com\/pin\/create\/button\/?url=https:\/\/lydenim.com\/es\/prueba-de-encogimiento-del-denim-7-pasos-de-control-de-calidad-infalibles\/&media=https:\/\/lydenim.com\/wp-content\/uploads\/2025\/11\/Denim-Shrinkage-Testing.jpg&description=Denim+Shrinkage+Testing%3A+7+Proven%2CFail-Safe+QC+Steps\" target=\"_blank\" class=\"wd-social-icon social-pinterest\" aria-label=\"Enlace social de Pinterest\">\n\t\t\t\t\t\t<span class=\"wd-icon\"><\/span>\n\t\t\t\t\t\t\t\t\t\t\t<\/a>\n\t\t\t\t\n\t\t\t\t\n\t\t\t\t\t\t\t\t\t<a rel=\"noopener noreferrer nofollow\" href=\"https:\/\/www.linkedin.com\/shareArticle?mini=true&url=https:\/\/lydenim.com\/es\/prueba-de-encogimiento-del-denim-7-pasos-de-control-de-calidad-infalibles\/\" target=\"_blank\" class=\"wd-social-icon social-linkedin\" aria-label=\"Enlace social de Linkedin\">\n\t\t\t\t\t\t<span class=\"wd-icon\"><\/span>\n\t\t\t\t\t\t\t\t\t\t\t<\/a>\n\t\t\t\t\n\t\t\t\t\n\t\t\t\t\n\t\t\t\t\n\t\t\t\t\n\t\t\t\t\n\t\t\t\t\n\t\t\t\t\n\t\t\t\t\n\t\t\t\t\n\t\t\t\t\n\t\t\t\t\n\t\t\t\t\n\t\t\t\t\n\t\t\t\t\n\t\t\t\t\t\t\t\t\t<a rel=\"noopener noreferrer nofollow\" href=\"https:\/\/telegram.me\/share\/url?url=https:\/\/lydenim.com\/es\/prueba-de-encogimiento-del-denim-7-pasos-de-control-de-calidad-infalibles\/\" target=\"_blank\" class=\"wd-social-icon social-tg\" aria-label=\"Enlace social de Telegram\">\n\t\t\t\t\t\t<span class=\"wd-icon\"><\/span>\n\t\t\t\t\t\t\t\t\t\t\t<\/a>\n\t\t\t\t\n\t\t\t\t\n\t\t\t<\/div>\n\n\t\t\t\t\t\t\t\t\t\t<\/div>\n\t\t\t\t\t\t\t\t<div class=\"tooltip-arrow\"><\/div>\n\t\t\t\t\t\t\t<\/div>\n\t\t\t\t\t\t<\/div>\n\t\t\t\t\t\n\t\t\t\t\t\t\t\t\t<\/div>\n\t\t\t\n\t\t\t\t\t\t\t<div class=\"wd-post-excerpt entry-content\">\n\t\t\t\t\tTiempo estimado de lectura: ~5 minutos. Si confeccionas vaqueros o chaquetas, las pruebas de encogimiento del denim son imprescindibles. Si se realizan correctamente, el encogimiento del denim...\t\t\t\t<\/div>\n\t\t\t\n\t\t\t\t\t\t\t\t\t\t\t\t<div class=\"wd-post-read-more wd-style-link read-more-section\">\n\t\t\t\t\t\t<a class=\"\" href=\"https:\/\/lydenim.com\/es\/prueba-de-encogimiento-del-denim-7-pasos-de-control-de-calidad-infalibles\/\">Seguir leyendo<\/a>\t\t\t\t\t<\/div>\n\t\t\t\t\t\t\t\t\t<\/div>\n\t<\/div>\n<\/article>\n\n\t\t\t\t\t<\/div>\n\t\t\t\t<div class=\"wd-carousel-item\">\n\t\t\t\t\t\t\t\n<article id=\"post-6859\" class=\"wd-post blog-design-masonry blog-post-loop blog-style-bg wd-add-shadow post-6859 post type-post status-publish format-standard has-post-thumbnail hentry category-denim-knowledge\">\n\t<div class=\"wd-post-inner article-inner\">\n\t\t\t\t\t<div class=\"wd-post-thumb entry-header\">\n\t\t\t\t\t\t\t\t\t<div class=\"wd-post-img post-img-wrapp\">\n\t\t\t\t\t\t<img loading=\"lazy\" decoding=\"async\" width=\"150\" height=\"150\" src=\"https:\/\/lydenim.com\/wp-content\/uploads\/2025\/11\/Best-Denim-Fabrics-for-Emerging-Market-Apparel-Brands-150x150.jpg\" class=\"attachment-thumbnail size-thumbnail\" alt=\"\" srcset=\"https:\/\/lydenim.com\/wp-content\/uploads\/2025\/11\/Best-Denim-Fabrics-for-Emerging-Market-Apparel-Brands-150x150.jpg 150w, https:\/\/lydenim.com\/wp-content\/uploads\/2025\/11\/Best-Denim-Fabrics-for-Emerging-Market-Apparel-Brands-300x300.jpg 300w, https:\/\/lydenim.com\/wp-content\/uploads\/2025\/11\/Best-Denim-Fabrics-for-Emerging-Market-Apparel-Brands-45x45.jpg 45w\" sizes=\"auto, (max-width: 150px) 100vw, 150px\" \/>\t\t\t\t\t<\/div>\n\t\t\t\t\t<a class=\"wd-fill\" href=\"https:\/\/lydenim.com\/es\/las-mejores-telas-de-mezclilla-para-marcas-de-ropa-en-mercados-emergentes\/\"><\/a>\n\t\t\t\t\n\t\t\t\t\t\t\t\t\t\t\t\t<div class=\"wd-post-date wd-style-with-bg\">\n\t\t\t\t<span class=\"post-date-day\">\n\t\t\t\t\t11\t\t\t\t<\/span>\n\t\t\t\t<span class=\"post-date-month\">\n\t\t\t\t\tNov\t\t\t\t<\/span>\n\t\t\t<\/div>\n\t\t\t\t\t\t\t\t\t<\/div>\n\t\t\n\t\t<div class=\"wd-post-content article-body-container\">\n\t\t\t\t\t\t\t<div class=\"wd-post-cat wd-style-with-bg meta-post-categories\">\n\t\t\t\t\t<a href=\"https:\/\/lydenim.com\/es\/category\/conocimiento-de-mezclilla\/\" rel=\"category tag\">Conocimiento del denim<\/a>\t\t\t\t<\/div>\n\t\t\t\n\t\t\t\t\t\t\t<h3 class=\"wd-post-title wd-entities-title title post-title\">\n\t\t\t\t\t<a href=\"https:\/\/lydenim.com\/es\/las-mejores-telas-de-mezclilla-para-marcas-de-ropa-en-mercados-emergentes\/\" rel=\"bookmark\">\n\t\t\t\t\t\tLas mejores telas de mezclilla para marcas de ropa en mercados emergentes\t\t\t\t\t<\/a>\n\t\t\t\t<\/h3>\n\t\t\t\n\t\t\t\t\t\t\t<div class=\"wd-post-meta\">\n\t\t\t\t\t\t\t\t\t\t\t\t\t\t\t<div class=\"wd-post-author\">\n\t\t\t\t\t\t\t\t\t\t\t<span>Publicado por<\/span>\n\t\t\n\t\t\t\t\t\t\t\n\t\t\t\t\t<a href=\"https:\/\/lydenim.com\/es\/author\/malonematthewmmgmail-com\/\" class=\"author\" rel=\"author\">malonematthewmm@gmail.com<\/a>\n\t\t\t\t\t\t\t\t\t<\/div>\n\t\t\t\t\t<div class=\"wd-modified-date\">\n\t\t\t\t\t\t\t\t<time class=\"updated\" datetime=\"2025-11-11T11:41:56+08:00\">\n\t\t\t11\/11\/2025\t\t<\/time>\n\t\t\t\t\t\t\t<\/div>\n\n\t\t\t\t\t\t\t\t\t\t\t<div class=\"wd-post-share wd-tltp\">\n\t\t\t\t\t\t\t<div class=\"tooltip top\">\n\t\t\t\t\t\t\t\t<div class=\"tooltip-inner\">\n\t\t\t\t\t\t\t\t\t\t\t\t<div\n\t\t\t\t\t\tclass=\"wd-social-icons wd-style-default wd-size-small social-share wd-shape-circle color-scheme-light text-center\">\n\t\t\t\t\n\t\t\t\t\n\t\t\t\t\t\t\t\t\t<a rel=\"noopener noreferrer nofollow\" href=\"https:\/\/www.facebook.com\/sharer\/sharer.php?u=https:\/\/lydenim.com\/es\/las-mejores-telas-de-mezclilla-para-marcas-de-ropa-en-mercados-emergentes\/\" target=\"_blank\" class=\"wd-social-icon social-facebook\" aria-label=\"Enlace social de Facebook\">\n\t\t\t\t\t\t<span class=\"wd-icon\"><\/span>\n\t\t\t\t\t\t\t\t\t\t\t<\/a>\n\t\t\t\t\n\t\t\t\t\t\t\t\t\t<a rel=\"noopener noreferrer nofollow\" href=\"https:\/\/x.com\/share?url=https:\/\/lydenim.com\/es\/las-mejores-telas-de-mezclilla-para-marcas-de-ropa-en-mercados-emergentes\/\" target=\"_blank\" class=\"wd-social-icon social-twitter\" aria-label=\"X enlace social\">\n\t\t\t\t\t\t<span class=\"wd-icon\"><\/span>\n\t\t\t\t\t\t\t\t\t\t\t<\/a>\n\t\t\t\t\n\t\t\t\t\n\t\t\t\t\n\t\t\t\t\n\t\t\t\t\n\t\t\t\t\n\t\t\t\t\t\t\t\t\t<a rel=\"noopener noreferrer nofollow\" href=\"https:\/\/pinterest.com\/pin\/create\/button\/?url=https:\/\/lydenim.com\/es\/las-mejores-telas-de-mezclilla-para-marcas-de-ropa-en-mercados-emergentes\/&media=https:\/\/lydenim.com\/wp-content\/uploads\/2025\/11\/Best-Denim-Fabrics-for-Emerging-Market-Apparel-Brands.jpg&description=Best+Denim+Fabrics+for+Emerging-Market+Apparel+Brands\" target=\"_blank\" class=\"wd-social-icon social-pinterest\" aria-label=\"Enlace social de Pinterest\">\n\t\t\t\t\t\t<span class=\"wd-icon\"><\/span>\n\t\t\t\t\t\t\t\t\t\t\t<\/a>\n\t\t\t\t\n\t\t\t\t\n\t\t\t\t\t\t\t\t\t<a rel=\"noopener noreferrer nofollow\" href=\"https:\/\/www.linkedin.com\/shareArticle?mini=true&url=https:\/\/lydenim.com\/es\/las-mejores-telas-de-mezclilla-para-marcas-de-ropa-en-mercados-emergentes\/\" target=\"_blank\" class=\"wd-social-icon social-linkedin\" aria-label=\"Enlace social de Linkedin\">\n\t\t\t\t\t\t<span class=\"wd-icon\"><\/span>\n\t\t\t\t\t\t\t\t\t\t\t<\/a>\n\t\t\t\t\n\t\t\t\t\n\t\t\t\t\n\t\t\t\t\n\t\t\t\t\n\t\t\t\t\n\t\t\t\t\n\t\t\t\t\n\t\t\t\t\n\t\t\t\t\n\t\t\t\t\n\t\t\t\t\n\t\t\t\t\n\t\t\t\t\n\t\t\t\t\n\t\t\t\t\t\t\t\t\t<a rel=\"noopener noreferrer nofollow\" href=\"https:\/\/telegram.me\/share\/url?url=https:\/\/lydenim.com\/es\/las-mejores-telas-de-mezclilla-para-marcas-de-ropa-en-mercados-emergentes\/\" target=\"_blank\" class=\"wd-social-icon social-tg\" aria-label=\"Enlace social de Telegram\">\n\t\t\t\t\t\t<span class=\"wd-icon\"><\/span>\n\t\t\t\t\t\t\t\t\t\t\t<\/a>\n\t\t\t\t\n\t\t\t\t\n\t\t\t<\/div>\n\n\t\t\t\t\t\t\t\t\t\t<\/div>\n\t\t\t\t\t\t\t\t<div class=\"tooltip-arrow\"><\/div>\n\t\t\t\t\t\t\t<\/div>\n\t\t\t\t\t\t<\/div>\n\t\t\t\t\t\n\t\t\t\t\t\t\t\t\t<\/div>\n\t\t\t\n\t\t\t\t\t\t\t<div class=\"wd-post-excerpt entry-content\">\n\t\t\t\t\tTiempo estimado de lectura: ~4 minutos. Las mejores telas de mezclilla para fabricantes de ropa en mercados emergentes. Para marcas y f\u00e1bricas en desarrollo...\t\t\t\t<\/div>\n\t\t\t\n\t\t\t\t\t\t\t\t\t\t\t\t<div class=\"wd-post-read-more wd-style-link read-more-section\">\n\t\t\t\t\t\t<a class=\"\" href=\"https:\/\/lydenim.com\/es\/las-mejores-telas-de-mezclilla-para-marcas-de-ropa-en-mercados-emergentes\/\">Seguir leyendo<\/a>\t\t\t\t\t<\/div>\n\t\t\t\t\t\t\t\t\t<\/div>\n\t<\/div>\n<\/article>\n\n\t\t\t\t\t<\/div>\n\t\t\t\t<div class=\"wd-carousel-item\">\n\t\t\t\t\t\t\t\n<article id=\"post-6861\" class=\"wd-post blog-design-masonry blog-post-loop blog-style-bg wd-add-shadow post-6861 post type-post status-publish format-standard has-post-thumbnail hentry category-denim-knowledge\">\n\t<div class=\"wd-post-inner article-inner\">\n\t\t\t\t\t<div class=\"wd-post-thumb entry-header\">\n\t\t\t\t\t\t\t\t\t<div class=\"wd-post-img post-img-wrapp\">\n\t\t\t\t\t\t<img loading=\"lazy\" decoding=\"async\" width=\"150\" height=\"150\" src=\"https:\/\/lydenim.com\/wp-content\/uploads\/2025\/11\/DENIM-FABRIC-WEIGHT-GUIDE-2026-150x150.jpg\" class=\"attachment-thumbnail size-thumbnail\" alt=\"\" srcset=\"https:\/\/lydenim.com\/wp-content\/uploads\/2025\/11\/DENIM-FABRIC-WEIGHT-GUIDE-2026-150x150.jpg 150w, https:\/\/lydenim.com\/wp-content\/uploads\/2025\/11\/DENIM-FABRIC-WEIGHT-GUIDE-2026-300x300.jpg 300w, https:\/\/lydenim.com\/wp-content\/uploads\/2025\/11\/DENIM-FABRIC-WEIGHT-GUIDE-2026-45x45.jpg 45w\" sizes=\"auto, (max-width: 150px) 100vw, 150px\" \/>\t\t\t\t\t<\/div>\n\t\t\t\t\t<a class=\"wd-fill\" href=\"https:\/\/lydenim.com\/es\/guia-de-pesos-de-tela-vaquera-2026-elige-el-gramaje-g-m\u00b2-adecuado-para-cada-temporada\/\"><\/a>\n\t\t\t\t\n\t\t\t\t\t\t\t\t\t\t\t\t<div class=\"wd-post-date wd-style-with-bg\">\n\t\t\t\t<span class=\"post-date-day\">\n\t\t\t\t\t08\t\t\t\t<\/span>\n\t\t\t\t<span class=\"post-date-month\">\n\t\t\t\t\tNov\t\t\t\t<\/span>\n\t\t\t<\/div>\n\t\t\t\t\t\t\t\t\t<\/div>\n\t\t\n\t\t<div class=\"wd-post-content article-body-container\">\n\t\t\t\t\t\t\t<div class=\"wd-post-cat wd-style-with-bg meta-post-categories\">\n\t\t\t\t\t<a href=\"https:\/\/lydenim.com\/es\/category\/conocimiento-de-mezclilla\/\" rel=\"category tag\">Conocimiento del denim<\/a>\t\t\t\t<\/div>\n\t\t\t\n\t\t\t\t\t\t\t<h3 class=\"wd-post-title wd-entities-title title post-title\">\n\t\t\t\t\t<a href=\"https:\/\/lydenim.com\/es\/guia-de-pesos-de-tela-vaquera-2026-elige-el-gramaje-g-m\u00b2-adecuado-para-cada-temporada\/\" rel=\"bookmark\">\n\t\t\t\t\t\tGu\u00eda de pesos de tela vaquera 2026: Elige el peso en onzas y el gramaje adecuados para cada temporada\t\t\t\t\t<\/a>\n\t\t\t\t<\/h3>\n\t\t\t\n\t\t\t\t\t\t\t<div class=\"wd-post-meta\">\n\t\t\t\t\t\t\t\t\t\t\t\t\t\t\t<div class=\"wd-post-author\">\n\t\t\t\t\t\t\t\t\t\t\t<span>Publicado por<\/span>\n\t\t\n\t\t\t\t\t\t\t\n\t\t\t\t\t<a href=\"https:\/\/lydenim.com\/es\/author\/malonematthewmmgmail-com\/\" class=\"author\" rel=\"author\">malonematthewmm@gmail.com<\/a>\n\t\t\t\t\t\t\t\t\t<\/div>\n\t\t\t\t\t<div class=\"wd-modified-date\">\n\t\t\t\t\t\t\t\t<time class=\"updated\" datetime=\"2025-11-08T22:33:13+08:00\">\n\t\t\t08\/11\/2025\t\t<\/time>\n\t\t\t\t\t\t\t<\/div>\n\n\t\t\t\t\t\t\t\t\t\t\t<div class=\"wd-post-share wd-tltp\">\n\t\t\t\t\t\t\t<div class=\"tooltip top\">\n\t\t\t\t\t\t\t\t<div class=\"tooltip-inner\">\n\t\t\t\t\t\t\t\t\t\t\t\t<div\n\t\t\t\t\t\tclass=\"wd-social-icons wd-style-default wd-size-small social-share wd-shape-circle color-scheme-light text-center\">\n\t\t\t\t\n\t\t\t\t\n\t\t\t\t\t\t\t\t\t<a rel=\"noopener noreferrer nofollow\" href=\"https:\/\/www.facebook.com\/sharer\/sharer.php?u=https:\/\/lydenim.com\/es\/guia-de-pesos-de-tela-vaquera-2026-elige-el-gramaje-g-m\u00b2-adecuado-para-cada-temporada\/\" target=\"_blank\" class=\"wd-social-icon social-facebook\" aria-label=\"Enlace social de Facebook\">\n\t\t\t\t\t\t<span class=\"wd-icon\"><\/span>\n\t\t\t\t\t\t\t\t\t\t\t<\/a>\n\t\t\t\t\n\t\t\t\t\t\t\t\t\t<a rel=\"noopener noreferrer nofollow\" href=\"https:\/\/x.com\/share?url=https:\/\/lydenim.com\/es\/guia-de-pesos-de-tela-vaquera-2026-elige-el-gramaje-g-m\u00b2-adecuado-para-cada-temporada\/\" target=\"_blank\" class=\"wd-social-icon social-twitter\" aria-label=\"X enlace social\">\n\t\t\t\t\t\t<span class=\"wd-icon\"><\/span>\n\t\t\t\t\t\t\t\t\t\t\t<\/a>\n\t\t\t\t\n\t\t\t\t\n\t\t\t\t\n\t\t\t\t\n\t\t\t\t\n\t\t\t\t\n\t\t\t\t\t\t\t\t\t<a rel=\"noopener noreferrer nofollow\" href=\"https:\/\/pinterest.com\/pin\/create\/button\/?url=https:\/\/lydenim.com\/es\/guia-de-pesos-de-tela-vaquera-2026-elige-el-gramaje-g-m\u00b2-adecuado-para-cada-temporada\/&media=https:\/\/lydenim.com\/wp-content\/uploads\/2025\/11\/DENIM-FABRIC-WEIGHT-GUIDE-2026.jpg&description=Denim+Fabric+Weight+Guide+2026%3A+Choose+the+Right+OZ+%26%23038%3B+GSM+for+Every+Season\" target=\"_blank\" class=\"wd-social-icon social-pinterest\" aria-label=\"Enlace social de Pinterest\">\n\t\t\t\t\t\t<span class=\"wd-icon\"><\/span>\n\t\t\t\t\t\t\t\t\t\t\t<\/a>\n\t\t\t\t\n\t\t\t\t\n\t\t\t\t\t\t\t\t\t<a rel=\"noopener noreferrer nofollow\" href=\"https:\/\/www.linkedin.com\/shareArticle?mini=true&url=https:\/\/lydenim.com\/es\/guia-de-pesos-de-tela-vaquera-2026-elige-el-gramaje-g-m\u00b2-adecuado-para-cada-temporada\/\" target=\"_blank\" class=\"wd-social-icon social-linkedin\" aria-label=\"Enlace social de Linkedin\">\n\t\t\t\t\t\t<span class=\"wd-icon\"><\/span>\n\t\t\t\t\t\t\t\t\t\t\t<\/a>\n\t\t\t\t\n\t\t\t\t\n\t\t\t\t\n\t\t\t\t\n\t\t\t\t\n\t\t\t\t\n\t\t\t\t\n\t\t\t\t\n\t\t\t\t\n\t\t\t\t\n\t\t\t\t\n\t\t\t\t\n\t\t\t\t\n\t\t\t\t\n\t\t\t\t\n\t\t\t\t\t\t\t\t\t<a rel=\"noopener noreferrer nofollow\" href=\"https:\/\/telegram.me\/share\/url?url=https:\/\/lydenim.com\/es\/guia-de-pesos-de-tela-vaquera-2026-elige-el-gramaje-g-m\u00b2-adecuado-para-cada-temporada\/\" target=\"_blank\" class=\"wd-social-icon social-tg\" aria-label=\"Enlace social de Telegram\">\n\t\t\t\t\t\t<span class=\"wd-icon\"><\/span>\n\t\t\t\t\t\t\t\t\t\t\t<\/a>\n\t\t\t\t\n\t\t\t\t\n\t\t\t<\/div>\n\n\t\t\t\t\t\t\t\t\t\t<\/div>\n\t\t\t\t\t\t\t\t<div class=\"tooltip-arrow\"><\/div>\n\t\t\t\t\t\t\t<\/div>\n\t\t\t\t\t\t<\/div>\n\t\t\t\t\t\n\t\t\t\t\t\t\t\t\t<\/div>\n\t\t\t\n\t\t\t\t\t\t\t<div class=\"wd-post-excerpt entry-content\">\n\t\t\t\t\tTiempo estimado de lectura: ~3 minutos. Elegir el gramaje adecuado de la tela vaquera es un paso sencillo pero importante para los fabricantes de prendas de vestir que...\t\t\t\t<\/div>\n\t\t\t\n\t\t\t\t\t\t\t\t\t\t\t\t<div class=\"wd-post-read-more wd-style-link read-more-section\">\n\t\t\t\t\t\t<a class=\"\" href=\"https:\/\/lydenim.com\/es\/guia-de-pesos-de-tela-vaquera-2026-elige-el-gramaje-g-m\u00b2-adecuado-para-cada-temporada\/\">Seguir leyendo<\/a>\t\t\t\t\t<\/div>\n\t\t\t\t\t\t\t\t\t<\/div>\n\t<\/div>\n<\/article>\n\n\t\t\t\t\t<\/div>\n\t\t\t\t<div class=\"wd-carousel-item\">\n\t\t\t\t\t\t\t\n<article id=\"post-6806\" class=\"wd-post blog-design-masonry blog-post-loop blog-style-bg wd-add-shadow post-6806 post type-post status-publish format-standard has-post-thumbnail hentry category-denim-knowledge\">\n\t<div class=\"wd-post-inner article-inner\">\n\t\t\t\t\t<div class=\"wd-post-thumb entry-header\">\n\t\t\t\t\t\t\t\t\t<div class=\"wd-post-img post-img-wrapp\">\n\t\t\t\t\t\t<img loading=\"lazy\" decoding=\"async\" width=\"150\" height=\"150\" src=\"https:\/\/lydenim.com\/wp-content\/uploads\/2025\/11\/Flocked-Denim-Fabric-Wholesale-150x150.jpg\" class=\"attachment-thumbnail size-thumbnail\" alt=\"\" srcset=\"https:\/\/lydenim.com\/wp-content\/uploads\/2025\/11\/Flocked-Denim-Fabric-Wholesale-150x150.jpg 150w, https:\/\/lydenim.com\/wp-content\/uploads\/2025\/11\/Flocked-Denim-Fabric-Wholesale-300x300.jpg 300w, https:\/\/lydenim.com\/wp-content\/uploads\/2025\/11\/Flocked-Denim-Fabric-Wholesale-45x45.jpg 45w\" sizes=\"auto, (max-width: 150px) 100vw, 150px\" \/>\t\t\t\t\t<\/div>\n\t\t\t\t\t<a class=\"wd-fill\" href=\"https:\/\/lydenim.com\/es\/venta-al-por-mayor-de-tela-vaquera-flocada-ideal-para-creadores-de-proyectos-diy-y-confeccion-de-pequenas-series\/\"><\/a>\n\t\t\t\t\n\t\t\t\t\t\t\t\t\t\t\t\t<div class=\"wd-post-date wd-style-with-bg\">\n\t\t\t\t<span class=\"post-date-day\">\n\t\t\t\t\t06\t\t\t\t<\/span>\n\t\t\t\t<span class=\"post-date-month\">\n\t\t\t\t\tNov\t\t\t\t<\/span>\n\t\t\t<\/div>\n\t\t\t\t\t\t\t\t\t<\/div>\n\t\t\n\t\t<div class=\"wd-post-content article-body-container\">\n\t\t\t\t\t\t\t<div class=\"wd-post-cat wd-style-with-bg meta-post-categories\">\n\t\t\t\t\t<a href=\"https:\/\/lydenim.com\/es\/category\/conocimiento-de-mezclilla\/\" rel=\"category tag\">Conocimiento del denim<\/a>\t\t\t\t<\/div>\n\t\t\t\n\t\t\t\t\t\t\t<h3 class=\"wd-post-title wd-entities-title title post-title\">\n\t\t\t\t\t<a href=\"https:\/\/lydenim.com\/es\/venta-al-por-mayor-de-tela-vaquera-flocada-ideal-para-creadores-de-proyectos-diy-y-confeccion-de-pequenas-series\/\" rel=\"bookmark\">\n\t\t\t\t\t\tTela vaquera flocada al por mayor: Ideal para creadores de bricolaje y prendas de vestir de producci\u00f3n limitada.\t\t\t\t\t<\/a>\n\t\t\t\t<\/h3>\n\t\t\t\n\t\t\t\t\t\t\t<div class=\"wd-post-meta\">\n\t\t\t\t\t\t\t\t\t\t\t\t\t\t\t<div class=\"wd-post-author\">\n\t\t\t\t\t\t\t\t\t\t\t<span>Publicado por<\/span>\n\t\t\n\t\t\t\t\t\t\t\n\t\t\t\t\t<a href=\"https:\/\/lydenim.com\/es\/author\/malonematthewmmgmail-com\/\" class=\"author\" rel=\"author\">malonematthewmm@gmail.com<\/a>\n\t\t\t\t\t\t\t\t\t<\/div>\n\t\t\t\t\t<div class=\"wd-modified-date\">\n\t\t\t\t\t\t\t\t<time class=\"updated\" datetime=\"2025-11-06T12:23:23+08:00\">\n\t\t\t06\/11\/2025\t\t<\/time>\n\t\t\t\t\t\t\t<\/div>\n\n\t\t\t\t\t\t\t\t\t\t\t<div class=\"wd-post-share wd-tltp\">\n\t\t\t\t\t\t\t<div class=\"tooltip top\">\n\t\t\t\t\t\t\t\t<div class=\"tooltip-inner\">\n\t\t\t\t\t\t\t\t\t\t\t\t<div\n\t\t\t\t\t\tclass=\"wd-social-icons wd-style-default wd-size-small social-share wd-shape-circle color-scheme-light text-center\">\n\t\t\t\t\n\t\t\t\t\n\t\t\t\t\t\t\t\t\t<a rel=\"noopener noreferrer nofollow\" href=\"https:\/\/www.facebook.com\/sharer\/sharer.php?u=https:\/\/lydenim.com\/es\/venta-al-por-mayor-de-tela-vaquera-flocada-ideal-para-creadores-de-proyectos-diy-y-confeccion-de-pequenas-series\/\" target=\"_blank\" class=\"wd-social-icon social-facebook\" aria-label=\"Enlace social de Facebook\">\n\t\t\t\t\t\t<span class=\"wd-icon\"><\/span>\n\t\t\t\t\t\t\t\t\t\t\t<\/a>\n\t\t\t\t\n\t\t\t\t\t\t\t\t\t<a rel=\"noopener noreferrer nofollow\" href=\"https:\/\/x.com\/share?url=https:\/\/lydenim.com\/es\/venta-al-por-mayor-de-tela-vaquera-flocada-ideal-para-creadores-de-proyectos-diy-y-confeccion-de-pequenas-series\/\" target=\"_blank\" class=\"wd-social-icon social-twitter\" aria-label=\"X enlace social\">\n\t\t\t\t\t\t<span class=\"wd-icon\"><\/span>\n\t\t\t\t\t\t\t\t\t\t\t<\/a>\n\t\t\t\t\n\t\t\t\t\n\t\t\t\t\n\t\t\t\t\n\t\t\t\t\n\t\t\t\t\n\t\t\t\t\t\t\t\t\t<a rel=\"noopener noreferrer nofollow\" href=\"https:\/\/pinterest.com\/pin\/create\/button\/?url=https:\/\/lydenim.com\/es\/venta-al-por-mayor-de-tela-vaquera-flocada-ideal-para-creadores-de-proyectos-diy-y-confeccion-de-pequenas-series\/&media=https:\/\/lydenim.com\/wp-content\/uploads\/2025\/11\/Flocked-Denim-Fabric-Wholesale.jpg&description=Flocked+Denim+Fabric+Wholesale%3A+Built+for+DIY+Creators+and+Small-Batch+Apparel\" target=\"_blank\" class=\"wd-social-icon social-pinterest\" aria-label=\"Enlace social de Pinterest\">\n\t\t\t\t\t\t<span class=\"wd-icon\"><\/span>\n\t\t\t\t\t\t\t\t\t\t\t<\/a>\n\t\t\t\t\n\t\t\t\t\n\t\t\t\t\t\t\t\t\t<a rel=\"noopener noreferrer nofollow\" href=\"https:\/\/www.linkedin.com\/shareArticle?mini=true&url=https:\/\/lydenim.com\/es\/venta-al-por-mayor-de-tela-vaquera-flocada-ideal-para-creadores-de-proyectos-diy-y-confeccion-de-pequenas-series\/\" target=\"_blank\" class=\"wd-social-icon social-linkedin\" aria-label=\"Enlace social de Linkedin\">\n\t\t\t\t\t\t<span class=\"wd-icon\"><\/span>\n\t\t\t\t\t\t\t\t\t\t\t<\/a>\n\t\t\t\t\n\t\t\t\t\n\t\t\t\t\n\t\t\t\t\n\t\t\t\t\n\t\t\t\t\n\t\t\t\t\n\t\t\t\t\n\t\t\t\t\n\t\t\t\t\n\t\t\t\t\n\t\t\t\t\n\t\t\t\t\n\t\t\t\t\n\t\t\t\t\n\t\t\t\t\t\t\t\t\t<a rel=\"noopener noreferrer nofollow\" href=\"https:\/\/telegram.me\/share\/url?url=https:\/\/lydenim.com\/es\/venta-al-por-mayor-de-tela-vaquera-flocada-ideal-para-creadores-de-proyectos-diy-y-confeccion-de-pequenas-series\/\" target=\"_blank\" class=\"wd-social-icon social-tg\" aria-label=\"Enlace social de Telegram\">\n\t\t\t\t\t\t<span class=\"wd-icon\"><\/span>\n\t\t\t\t\t\t\t\t\t\t\t<\/a>\n\t\t\t\t\n\t\t\t\t\n\t\t\t<\/div>\n\n\t\t\t\t\t\t\t\t\t\t<\/div>\n\t\t\t\t\t\t\t\t<div class=\"tooltip-arrow\"><\/div>\n\t\t\t\t\t\t\t<\/div>\n\t\t\t\t\t\t<\/div>\n\t\t\t\t\t\n\t\t\t\t\t\t\t\t\t<\/div>\n\t\t\t\n\t\t\t\t\t\t\t<div class=\"wd-post-excerpt entry-content\">\n\t\t\t\t\tTiempo estimado de lectura: ~4 minutos. El mercado mundial de pantalones vaqueros se estima en unos 1.140.000 millones de euros en 2024 y se prev\u00e9 que alcance los ~1.140.000 millones de euros en 2030 (\u22485....\t\t\t\t<\/div>\n\t\t\t\n\t\t\t\t\t\t\t\t\t\t\t\t<div class=\"wd-post-read-more wd-style-link read-more-section\">\n\t\t\t\t\t\t<a class=\"\" href=\"https:\/\/lydenim.com\/es\/venta-al-por-mayor-de-tela-vaquera-flocada-ideal-para-creadores-de-proyectos-diy-y-confeccion-de-pequenas-series\/\">Seguir leyendo<\/a>\t\t\t\t\t<\/div>\n\t\t\t\t\t\t\t\t\t<\/div>\n\t<\/div>\n<\/article>\n\n\t\t\t\t\t<\/div>\n\t\t\t\t<div class=\"wd-carousel-item\">\n\t\t\t\t\t\t\t\n<article id=\"post-6866\" class=\"wd-post blog-design-masonry blog-post-loop blog-style-bg wd-add-shadow post-6866 post type-post status-publish format-standard has-post-thumbnail hentry category-denim-knowledge\">\n\t<div class=\"wd-post-inner article-inner\">\n\t\t\t\t\t<div class=\"wd-post-thumb entry-header\">\n\t\t\t\t\t\t\t\t\t<div class=\"wd-post-img post-img-wrapp\">\n\t\t\t\t\t\t<img loading=\"lazy\" decoding=\"async\" width=\"150\" height=\"150\" src=\"https:\/\/lydenim.com\/wp-content\/uploads\/2025\/11\/How-to-Choose-the-Right-Selvedge-Denim-for-Durability-and-Comfort-2026-150x150.jpg\" class=\"attachment-thumbnail size-thumbnail\" alt=\"\" srcset=\"https:\/\/lydenim.com\/wp-content\/uploads\/2025\/11\/How-to-Choose-the-Right-Selvedge-Denim-for-Durability-and-Comfort-2026-150x150.jpg 150w, https:\/\/lydenim.com\/wp-content\/uploads\/2025\/11\/How-to-Choose-the-Right-Selvedge-Denim-for-Durability-and-Comfort-2026-300x300.jpg 300w, https:\/\/lydenim.com\/wp-content\/uploads\/2025\/11\/How-to-Choose-the-Right-Selvedge-Denim-for-Durability-and-Comfort-2026-45x45.jpg 45w\" sizes=\"auto, (max-width: 150px) 100vw, 150px\" \/>\t\t\t\t\t<\/div>\n\t\t\t\t\t<a class=\"wd-fill\" href=\"https:\/\/lydenim.com\/es\/como-elegir-el-denim-selvedge-adecuado-para-mayor-durabilidad-y-comodidad-2026\/\"><\/a>\n\t\t\t\t\n\t\t\t\t\t\t\t\t\t\t\t\t<div class=\"wd-post-date wd-style-with-bg\">\n\t\t\t\t<span class=\"post-date-day\">\n\t\t\t\t\t04\t\t\t\t<\/span>\n\t\t\t\t<span class=\"post-date-month\">\n\t\t\t\t\tNov\t\t\t\t<\/span>\n\t\t\t<\/div>\n\t\t\t\t\t\t\t\t\t<\/div>\n\t\t\n\t\t<div class=\"wd-post-content article-body-container\">\n\t\t\t\t\t\t\t<div class=\"wd-post-cat wd-style-with-bg meta-post-categories\">\n\t\t\t\t\t<a href=\"https:\/\/lydenim.com\/es\/category\/conocimiento-de-mezclilla\/\" rel=\"category tag\">Conocimiento del denim<\/a>\t\t\t\t<\/div>\n\t\t\t\n\t\t\t\t\t\t\t<h3 class=\"wd-post-title wd-entities-title title post-title\">\n\t\t\t\t\t<a href=\"https:\/\/lydenim.com\/es\/como-elegir-el-denim-selvedge-adecuado-para-mayor-durabilidad-y-comodidad-2026\/\" rel=\"bookmark\">\n\t\t\t\t\t\tC\u00f3mo elegir el denim selvedge adecuado para mayor durabilidad y comodidad (2026)\t\t\t\t\t<\/a>\n\t\t\t\t<\/h3>\n\t\t\t\n\t\t\t\t\t\t\t<div class=\"wd-post-meta\">\n\t\t\t\t\t\t\t\t\t\t\t\t\t\t\t<div class=\"wd-post-author\">\n\t\t\t\t\t\t\t\t\t\t\t<span>Publicado por<\/span>\n\t\t\n\t\t\t\t\t\t\t\n\t\t\t\t\t<a href=\"https:\/\/lydenim.com\/es\/author\/malonematthewmmgmail-com\/\" class=\"author\" rel=\"author\">malonematthewmm@gmail.com<\/a>\n\t\t\t\t\t\t\t\t\t<\/div>\n\t\t\t\t\t<div class=\"wd-modified-date\">\n\t\t\t\t\t\t\t\t<time class=\"updated\" datetime=\"2025-11-04T13:25:46+08:00\">\n\t\t\t04\/11\/2025\t\t<\/time>\n\t\t\t\t\t\t\t<\/div>\n\n\t\t\t\t\t\t\t\t\t\t\t<div class=\"wd-post-share wd-tltp\">\n\t\t\t\t\t\t\t<div class=\"tooltip top\">\n\t\t\t\t\t\t\t\t<div class=\"tooltip-inner\">\n\t\t\t\t\t\t\t\t\t\t\t\t<div\n\t\t\t\t\t\tclass=\"wd-social-icons wd-style-default wd-size-small social-share wd-shape-circle color-scheme-light text-center\">\n\t\t\t\t\n\t\t\t\t\n\t\t\t\t\t\t\t\t\t<a rel=\"noopener noreferrer nofollow\" href=\"https:\/\/www.facebook.com\/sharer\/sharer.php?u=https:\/\/lydenim.com\/es\/como-elegir-el-denim-selvedge-adecuado-para-mayor-durabilidad-y-comodidad-2026\/\" target=\"_blank\" class=\"wd-social-icon social-facebook\" aria-label=\"Enlace social de Facebook\">\n\t\t\t\t\t\t<span class=\"wd-icon\"><\/span>\n\t\t\t\t\t\t\t\t\t\t\t<\/a>\n\t\t\t\t\n\t\t\t\t\t\t\t\t\t<a rel=\"noopener noreferrer nofollow\" href=\"https:\/\/x.com\/share?url=https:\/\/lydenim.com\/es\/como-elegir-el-denim-selvedge-adecuado-para-mayor-durabilidad-y-comodidad-2026\/\" target=\"_blank\" class=\"wd-social-icon social-twitter\" aria-label=\"X enlace social\">\n\t\t\t\t\t\t<span class=\"wd-icon\"><\/span>\n\t\t\t\t\t\t\t\t\t\t\t<\/a>\n\t\t\t\t\n\t\t\t\t\n\t\t\t\t\n\t\t\t\t\n\t\t\t\t\n\t\t\t\t\n\t\t\t\t\t\t\t\t\t<a rel=\"noopener noreferrer nofollow\" href=\"https:\/\/pinterest.com\/pin\/create\/button\/?url=https:\/\/lydenim.com\/es\/como-elegir-el-denim-selvedge-adecuado-para-mayor-durabilidad-y-comodidad-2026\/&media=https:\/\/lydenim.com\/wp-content\/uploads\/2025\/11\/How-to-Choose-the-Right-Selvedge-Denim-for-Durability-and-Comfort-2026.jpg&description=How+to+Choose+the+Right+Selvedge+Denim+for+Durability+and+Comfort+%282026%29\" target=\"_blank\" class=\"wd-social-icon social-pinterest\" aria-label=\"Enlace social de Pinterest\">\n\t\t\t\t\t\t<span class=\"wd-icon\"><\/span>\n\t\t\t\t\t\t\t\t\t\t\t<\/a>\n\t\t\t\t\n\t\t\t\t\n\t\t\t\t\t\t\t\t\t<a rel=\"noopener noreferrer nofollow\" href=\"https:\/\/www.linkedin.com\/shareArticle?mini=true&url=https:\/\/lydenim.com\/es\/como-elegir-el-denim-selvedge-adecuado-para-mayor-durabilidad-y-comodidad-2026\/\" target=\"_blank\" class=\"wd-social-icon social-linkedin\" aria-label=\"Enlace social de Linkedin\">\n\t\t\t\t\t\t<span class=\"wd-icon\"><\/span>\n\t\t\t\t\t\t\t\t\t\t\t<\/a>\n\t\t\t\t\n\t\t\t\t\n\t\t\t\t\n\t\t\t\t\n\t\t\t\t\n\t\t\t\t\n\t\t\t\t\n\t\t\t\t\n\t\t\t\t\n\t\t\t\t\n\t\t\t\t\n\t\t\t\t\n\t\t\t\t\n\t\t\t\t\n\t\t\t\t\n\t\t\t\t\t\t\t\t\t<a rel=\"noopener noreferrer nofollow\" href=\"https:\/\/telegram.me\/share\/url?url=https:\/\/lydenim.com\/es\/como-elegir-el-denim-selvedge-adecuado-para-mayor-durabilidad-y-comodidad-2026\/\" target=\"_blank\" class=\"wd-social-icon social-tg\" aria-label=\"Enlace social de Telegram\">\n\t\t\t\t\t\t<span class=\"wd-icon\"><\/span>\n\t\t\t\t\t\t\t\t\t\t\t<\/a>\n\t\t\t\t\n\t\t\t\t\n\t\t\t<\/div>\n\n\t\t\t\t\t\t\t\t\t\t<\/div>\n\t\t\t\t\t\t\t\t<div class=\"tooltip-arrow\"><\/div>\n\t\t\t\t\t\t\t<\/div>\n\t\t\t\t\t\t<\/div>\n\t\t\t\t\t\n\t\t\t\t\t\t\t\t\t<\/div>\n\t\t\t\n\t\t\t\t\t\t\t<div class=\"wd-post-excerpt entry-content\">\n\t\t\t\t\tTiempo estimado de lectura: ~4 minutos. \u00bfBuscas vaqueros resistentes y c\u00f3modos para todo el d\u00eda? Peso equilibrado, prelavado...\t\t\t\t<\/div>\n\t\t\t\n\t\t\t\t\t\t\t\t\t\t\t\t<div class=\"wd-post-read-more wd-style-link read-more-section\">\n\t\t\t\t\t\t<a class=\"\" href=\"https:\/\/lydenim.com\/es\/como-elegir-el-denim-selvedge-adecuado-para-mayor-durabilidad-y-comodidad-2026\/\">Seguir leyendo<\/a>\t\t\t\t\t<\/div>\n\t\t\t\t\t\t\t\t\t<\/div>\n\t<\/div>\n<\/article>\n\n\t\t\t\t\t<\/div>\n\t\t\t\t<div class=\"wd-carousel-item\">\n\t\t\t\t\t\t\t\n<article id=\"post-6839\" class=\"wd-post blog-design-masonry blog-post-loop blog-style-bg wd-add-shadow post-6839 post type-post status-publish format-standard has-post-thumbnail hentry category-denim-knowledge\">\n\t<div class=\"wd-post-inner article-inner\">\n\t\t\t\t\t<div class=\"wd-post-thumb entry-header\">\n\t\t\t\t\t\t\t\t\t<div class=\"wd-post-img post-img-wrapp\">\n\t\t\t\t\t\t<img loading=\"lazy\" decoding=\"async\" width=\"150\" height=\"150\" src=\"https:\/\/lydenim.com\/wp-content\/uploads\/2025\/10\/Best-Plus-Size-High-Waisted-Jeans-Fabric-150x150.jpg\" class=\"attachment-thumbnail size-thumbnail\" alt=\"\" srcset=\"https:\/\/lydenim.com\/wp-content\/uploads\/2025\/10\/Best-Plus-Size-High-Waisted-Jeans-Fabric-150x150.jpg 150w, https:\/\/lydenim.com\/wp-content\/uploads\/2025\/10\/Best-Plus-Size-High-Waisted-Jeans-Fabric-300x300.jpg 300w, https:\/\/lydenim.com\/wp-content\/uploads\/2025\/10\/Best-Plus-Size-High-Waisted-Jeans-Fabric-45x45.jpg 45w\" sizes=\"auto, (max-width: 150px) 100vw, 150px\" \/>\t\t\t\t\t<\/div>\n\t\t\t\t\t<a class=\"wd-fill\" href=\"https:\/\/lydenim.com\/es\/tela-de-los-mejores-vaqueros-de-talle-alto-para-tallas-grandes\/\"><\/a>\n\t\t\t\t\n\t\t\t\t\t\t\t\t\t\t\t\t<div class=\"wd-post-date wd-style-with-bg\">\n\t\t\t\t<span class=\"post-date-day\">\n\t\t\t\t\t30\t\t\t\t<\/span>\n\t\t\t\t<span class=\"post-date-month\">\n\t\t\t\t\tOct\t\t\t\t<\/span>\n\t\t\t<\/div>\n\t\t\t\t\t\t\t\t\t<\/div>\n\t\t\n\t\t<div class=\"wd-post-content article-body-container\">\n\t\t\t\t\t\t\t<div class=\"wd-post-cat wd-style-with-bg meta-post-categories\">\n\t\t\t\t\t<a href=\"https:\/\/lydenim.com\/es\/category\/conocimiento-de-mezclilla\/\" rel=\"category tag\">Conocimiento del denim<\/a>\t\t\t\t<\/div>\n\t\t\t\n\t\t\t\t\t\t\t<h3 class=\"wd-post-title wd-entities-title title post-title\">\n\t\t\t\t\t<a href=\"https:\/\/lydenim.com\/es\/tela-de-los-mejores-vaqueros-de-talle-alto-para-tallas-grandes\/\" rel=\"bookmark\">\n\t\t\t\t\t\tEl mejor tejido para vaqueros de talle alto de tallas grandes: Dise\u00f1o el\u00e1stico para una comodidad que dura todo el d\u00eda.\t\t\t\t\t<\/a>\n\t\t\t\t<\/h3>\n\t\t\t\n\t\t\t\t\t\t\t<div class=\"wd-post-meta\">\n\t\t\t\t\t\t\t\t\t\t\t\t\t\t\t<div class=\"wd-post-author\">\n\t\t\t\t\t\t\t\t\t\t\t<span>Publicado por<\/span>\n\t\t\n\t\t\t\t\t\t\t\n\t\t\t\t\t<a href=\"https:\/\/lydenim.com\/es\/author\/malonematthewmmgmail-com\/\" class=\"author\" rel=\"author\">malonematthewmm@gmail.com<\/a>\n\t\t\t\t\t\t\t\t\t<\/div>\n\t\t\t\t\t<div class=\"wd-modified-date\">\n\t\t\t\t\t\t\t\t<time class=\"updated\" datetime=\"2025-10-30T09:50:48+08:00\">\n\t\t\t30\/10\/2025\t\t<\/time>\n\t\t\t\t\t\t\t<\/div>\n\n\t\t\t\t\t\t\t\t\t\t\t<div class=\"wd-post-share wd-tltp\">\n\t\t\t\t\t\t\t<div class=\"tooltip top\">\n\t\t\t\t\t\t\t\t<div class=\"tooltip-inner\">\n\t\t\t\t\t\t\t\t\t\t\t\t<div\n\t\t\t\t\t\tclass=\"wd-social-icons wd-style-default wd-size-small social-share wd-shape-circle color-scheme-light text-center\">\n\t\t\t\t\n\t\t\t\t\n\t\t\t\t\t\t\t\t\t<a rel=\"noopener noreferrer nofollow\" href=\"https:\/\/www.facebook.com\/sharer\/sharer.php?u=https:\/\/lydenim.com\/es\/tela-de-los-mejores-vaqueros-de-talle-alto-para-tallas-grandes\/\" target=\"_blank\" class=\"wd-social-icon social-facebook\" aria-label=\"Enlace social de Facebook\">\n\t\t\t\t\t\t<span class=\"wd-icon\"><\/span>\n\t\t\t\t\t\t\t\t\t\t\t<\/a>\n\t\t\t\t\n\t\t\t\t\t\t\t\t\t<a rel=\"noopener noreferrer nofollow\" href=\"https:\/\/x.com\/share?url=https:\/\/lydenim.com\/es\/tela-de-los-mejores-vaqueros-de-talle-alto-para-tallas-grandes\/\" target=\"_blank\" class=\"wd-social-icon social-twitter\" aria-label=\"X enlace social\">\n\t\t\t\t\t\t<span class=\"wd-icon\"><\/span>\n\t\t\t\t\t\t\t\t\t\t\t<\/a>\n\t\t\t\t\n\t\t\t\t\n\t\t\t\t\n\t\t\t\t\n\t\t\t\t\n\t\t\t\t\n\t\t\t\t\t\t\t\t\t<a rel=\"noopener noreferrer nofollow\" href=\"https:\/\/pinterest.com\/pin\/create\/button\/?url=https:\/\/lydenim.com\/es\/tela-de-los-mejores-vaqueros-de-talle-alto-para-tallas-grandes\/&media=https:\/\/lydenim.com\/wp-content\/uploads\/2025\/10\/Best-Plus-Size-High-Waisted-Jeans-Fabric.jpg&description=Best+Plus-Size+High-Waisted+Jeans+Fabric%3A+Stretch+Design+for+All-Day+Comfort\" target=\"_blank\" class=\"wd-social-icon social-pinterest\" aria-label=\"Enlace social de Pinterest\">\n\t\t\t\t\t\t<span class=\"wd-icon\"><\/span>\n\t\t\t\t\t\t\t\t\t\t\t<\/a>\n\t\t\t\t\n\t\t\t\t\n\t\t\t\t\t\t\t\t\t<a rel=\"noopener noreferrer nofollow\" href=\"https:\/\/www.linkedin.com\/shareArticle?mini=true&url=https:\/\/lydenim.com\/es\/tela-de-los-mejores-vaqueros-de-talle-alto-para-tallas-grandes\/\" target=\"_blank\" class=\"wd-social-icon social-linkedin\" aria-label=\"Enlace social de Linkedin\">\n\t\t\t\t\t\t<span class=\"wd-icon\"><\/span>\n\t\t\t\t\t\t\t\t\t\t\t<\/a>\n\t\t\t\t\n\t\t\t\t\n\t\t\t\t\n\t\t\t\t\n\t\t\t\t\n\t\t\t\t\n\t\t\t\t\n\t\t\t\t\n\t\t\t\t\n\t\t\t\t\n\t\t\t\t\n\t\t\t\t\n\t\t\t\t\n\t\t\t\t\n\t\t\t\t\n\t\t\t\t\t\t\t\t\t<a rel=\"noopener noreferrer nofollow\" href=\"https:\/\/telegram.me\/share\/url?url=https:\/\/lydenim.com\/es\/tela-de-los-mejores-vaqueros-de-talle-alto-para-tallas-grandes\/\" target=\"_blank\" class=\"wd-social-icon social-tg\" aria-label=\"Enlace social de Telegram\">\n\t\t\t\t\t\t<span class=\"wd-icon\"><\/span>\n\t\t\t\t\t\t\t\t\t\t\t<\/a>\n\t\t\t\t\n\t\t\t\t\n\t\t\t<\/div>\n\n\t\t\t\t\t\t\t\t\t\t<\/div>\n\t\t\t\t\t\t\t\t<div class=\"tooltip-arrow\"><\/div>\n\t\t\t\t\t\t\t<\/div>\n\t\t\t\t\t\t<\/div>\n\t\t\t\t\t\n\t\t\t\t\t\t\t\t\t<\/div>\n\t\t\t\n\t\t\t\t\t\t\t<div class=\"wd-post-excerpt entry-content\">\n\t\t\t\t\tTiempo estimado de lectura: ~5 minutos Introducci\u00f3n Encontrar vaqueros de talle alto c\u00f3modos para usar todo el d\u00eda en tallas grandes es posible con...\t\t\t\t<\/div>\n\t\t\t\n\t\t\t\t\t\t\t\t\t\t\t\t<div class=\"wd-post-read-more wd-style-link read-more-section\">\n\t\t\t\t\t\t<a class=\"\" href=\"https:\/\/lydenim.com\/es\/tela-de-los-mejores-vaqueros-de-talle-alto-para-tallas-grandes\/\">Seguir leyendo<\/a>\t\t\t\t\t<\/div>\n\t\t\t\t\t\t\t\t\t<\/div>\n\t<\/div>\n<\/article>\n\n\t\t\t\t\t<\/div>\n\t\t\t\t<div class=\"wd-carousel-item\">\n\t\t\t\t\t\t\t\n<article id=\"post-6819\" class=\"wd-post blog-design-masonry blog-post-loop blog-style-bg wd-add-shadow post-6819 post type-post status-publish format-standard has-post-thumbnail hentry category-garment\">\n\t<div class=\"wd-post-inner article-inner\">\n\t\t\t\t\t<div class=\"wd-post-thumb entry-header\">\n\t\t\t\t\t\t\t\t\t<div class=\"wd-post-img post-img-wrapp\">\n\t\t\t\t\t\t<img loading=\"lazy\" decoding=\"async\" width=\"150\" height=\"150\" src=\"https:\/\/lydenim.com\/wp-content\/uploads\/2025\/10\/Custom-Denim-Jeans-Online-150x150.jpg\" class=\"attachment-thumbnail size-thumbnail\" alt=\"\" srcset=\"https:\/\/lydenim.com\/wp-content\/uploads\/2025\/10\/Custom-Denim-Jeans-Online-150x150.jpg 150w, https:\/\/lydenim.com\/wp-content\/uploads\/2025\/10\/Custom-Denim-Jeans-Online-300x300.jpg 300w, https:\/\/lydenim.com\/wp-content\/uploads\/2025\/10\/Custom-Denim-Jeans-Online-45x45.jpg 45w\" sizes=\"auto, (max-width: 150px) 100vw, 150px\" \/>\t\t\t\t\t<\/div>\n\t\t\t\t\t<a class=\"wd-fill\" href=\"https:\/\/lydenim.com\/es\/guia-para-pedir-jeans-personalizados-online-con-envio-rapido-2026\/\"><\/a>\n\t\t\t\t\n\t\t\t\t\t\t\t\t\t\t\t\t<div class=\"wd-post-date wd-style-with-bg\">\n\t\t\t\t<span class=\"post-date-day\">\n\t\t\t\t\t28\t\t\t\t<\/span>\n\t\t\t\t<span class=\"post-date-month\">\n\t\t\t\t\tOct\t\t\t\t<\/span>\n\t\t\t<\/div>\n\t\t\t\t\t\t\t\t\t<\/div>\n\t\t\n\t\t<div class=\"wd-post-content article-body-container\">\n\t\t\t\t\t\t\t<div class=\"wd-post-cat wd-style-with-bg meta-post-categories\">\n\t\t\t\t\t<a href=\"https:\/\/lydenim.com\/es\/category\/prenda\/\" rel=\"category tag\">PRENDA<\/a>\t\t\t\t<\/div>\n\t\t\t\n\t\t\t\t\t\t\t<h3 class=\"wd-post-title wd-entities-title title post-title\">\n\t\t\t\t\t<a href=\"https:\/\/lydenim.com\/es\/guia-para-pedir-jeans-personalizados-online-con-envio-rapido-2026\/\" rel=\"bookmark\">\n\t\t\t\t\t\tPide jeans personalizados online con env\u00edo r\u00e1pido \u2014 Gu\u00eda 2026\t\t\t\t\t<\/a>\n\t\t\t\t<\/h3>\n\t\t\t\n\t\t\t\t\t\t\t<div class=\"wd-post-meta\">\n\t\t\t\t\t\t\t\t\t\t\t\t\t\t\t<div class=\"wd-post-author\">\n\t\t\t\t\t\t\t\t\t\t\t<span>Publicado por<\/span>\n\t\t\n\t\t\t\t\t\t\t\n\t\t\t\t\t<a href=\"https:\/\/lydenim.com\/es\/author\/malonematthewmmgmail-com\/\" class=\"author\" rel=\"author\">malonematthewmm@gmail.com<\/a>\n\t\t\t\t\t\t\t\t\t<\/div>\n\t\t\t\t\t<div class=\"wd-modified-date\">\n\t\t\t\t\t\t\t\t<time class=\"updated\" datetime=\"2025-10-28T11:29:20+08:00\">\n\t\t\t28\/10\/2025\t\t<\/time>\n\t\t\t\t\t\t\t<\/div>\n\n\t\t\t\t\t\t\t\t\t\t\t<div class=\"wd-post-share wd-tltp\">\n\t\t\t\t\t\t\t<div class=\"tooltip top\">\n\t\t\t\t\t\t\t\t<div class=\"tooltip-inner\">\n\t\t\t\t\t\t\t\t\t\t\t\t<div\n\t\t\t\t\t\tclass=\"wd-social-icons wd-style-default wd-size-small social-share wd-shape-circle color-scheme-light text-center\">\n\t\t\t\t\n\t\t\t\t\n\t\t\t\t\t\t\t\t\t<a rel=\"noopener noreferrer nofollow\" href=\"https:\/\/www.facebook.com\/sharer\/sharer.php?u=https:\/\/lydenim.com\/es\/guia-para-pedir-jeans-personalizados-online-con-envio-rapido-2026\/\" target=\"_blank\" class=\"wd-social-icon social-facebook\" aria-label=\"Enlace social de Facebook\">\n\t\t\t\t\t\t<span class=\"wd-icon\"><\/span>\n\t\t\t\t\t\t\t\t\t\t\t<\/a>\n\t\t\t\t\n\t\t\t\t\t\t\t\t\t<a rel=\"noopener noreferrer nofollow\" href=\"https:\/\/x.com\/share?url=https:\/\/lydenim.com\/es\/guia-para-pedir-jeans-personalizados-online-con-envio-rapido-2026\/\" target=\"_blank\" class=\"wd-social-icon social-twitter\" aria-label=\"X enlace social\">\n\t\t\t\t\t\t<span class=\"wd-icon\"><\/span>\n\t\t\t\t\t\t\t\t\t\t\t<\/a>\n\t\t\t\t\n\t\t\t\t\n\t\t\t\t\n\t\t\t\t\n\t\t\t\t\n\t\t\t\t\n\t\t\t\t\t\t\t\t\t<a rel=\"noopener noreferrer nofollow\" href=\"https:\/\/pinterest.com\/pin\/create\/button\/?url=https:\/\/lydenim.com\/es\/guia-para-pedir-jeans-personalizados-online-con-envio-rapido-2026\/&media=https:\/\/lydenim.com\/wp-content\/uploads\/2025\/10\/Custom-Denim-Jeans-Online.jpg&description=Order+Custom+Denim+Jeans+Online+with+Fast+Shipping+%E2%80%94+2026+Guide\" target=\"_blank\" class=\"wd-social-icon social-pinterest\" aria-label=\"Enlace social de Pinterest\">\n\t\t\t\t\t\t<span class=\"wd-icon\"><\/span>\n\t\t\t\t\t\t\t\t\t\t\t<\/a>\n\t\t\t\t\n\t\t\t\t\n\t\t\t\t\t\t\t\t\t<a rel=\"noopener noreferrer nofollow\" href=\"https:\/\/www.linkedin.com\/shareArticle?mini=true&url=https:\/\/lydenim.com\/es\/guia-para-pedir-jeans-personalizados-online-con-envio-rapido-2026\/\" target=\"_blank\" class=\"wd-social-icon social-linkedin\" aria-label=\"Enlace social de Linkedin\">\n\t\t\t\t\t\t<span class=\"wd-icon\"><\/span>\n\t\t\t\t\t\t\t\t\t\t\t<\/a>\n\t\t\t\t\n\t\t\t\t\n\t\t\t\t\n\t\t\t\t\n\t\t\t\t\n\t\t\t\t\n\t\t\t\t\n\t\t\t\t\n\t\t\t\t\n\t\t\t\t\n\t\t\t\t\n\t\t\t\t\n\t\t\t\t\n\t\t\t\t\n\t\t\t\t\n\t\t\t\t\t\t\t\t\t<a rel=\"noopener noreferrer nofollow\" href=\"https:\/\/telegram.me\/share\/url?url=https:\/\/lydenim.com\/es\/guia-para-pedir-jeans-personalizados-online-con-envio-rapido-2026\/\" target=\"_blank\" class=\"wd-social-icon social-tg\" aria-label=\"Enlace social de Telegram\">\n\t\t\t\t\t\t<span class=\"wd-icon\"><\/span>\n\t\t\t\t\t\t\t\t\t\t\t<\/a>\n\t\t\t\t\n\t\t\t\t\n\t\t\t<\/div>\n\n\t\t\t\t\t\t\t\t\t\t<\/div>\n\t\t\t\t\t\t\t\t<div class=\"tooltip-arrow\"><\/div>\n\t\t\t\t\t\t\t<\/div>\n\t\t\t\t\t\t<\/div>\n\t\t\t\t\t\n\t\t\t\t\t\t\t\t\t<\/div>\n\t\t\t\n\t\t\t\t\t\t\t<div class=\"wd-post-excerpt entry-content\">\n\t\t\t\t\tTiempo estimado de lectura: ~3 minutos. Introducci\u00f3n \u00bfBuscas jeans premium a medida sin esperas? Esta gu\u00eda r\u00e1pida te muestra por qu\u00e9...\t\t\t\t<\/div>\n\t\t\t\n\t\t\t\t\t\t\t\t\t\t\t\t<div class=\"wd-post-read-more wd-style-link read-more-section\">\n\t\t\t\t\t\t<a class=\"\" href=\"https:\/\/lydenim.com\/es\/guia-para-pedir-jeans-personalizados-online-con-envio-rapido-2026\/\">Seguir leyendo<\/a>\t\t\t\t\t<\/div>\n\t\t\t\t\t\t\t\t\t<\/div>\n\t<\/div>\n<\/article>\n\n\t\t\t\t\t<\/div>\n\t\t\t\t<div class=\"wd-carousel-item\">\n\t\t\t\t\t\t\t\n<article id=\"post-6811\" class=\"wd-post blog-design-masonry blog-post-loop blog-style-bg wd-add-shadow post-6811 post type-post status-publish format-standard has-post-thumbnail hentry category-garment\">\n\t<div class=\"wd-post-inner article-inner\">\n\t\t\t\t\t<div class=\"wd-post-thumb entry-header\">\n\t\t\t\t\t\t\t\t\t<div class=\"wd-post-img post-img-wrapp\">\n\t\t\t\t\t\t<img loading=\"lazy\" decoding=\"async\" width=\"150\" height=\"150\" src=\"https:\/\/lydenim.com\/wp-content\/uploads\/2025\/10\/Custom-Garment-Factory-150x150.jpg\" class=\"attachment-thumbnail size-thumbnail\" alt=\"\" srcset=\"https:\/\/lydenim.com\/wp-content\/uploads\/2025\/10\/Custom-Garment-Factory-150x150.jpg 150w, https:\/\/lydenim.com\/wp-content\/uploads\/2025\/10\/Custom-Garment-Factory-300x300.jpg 300w, https:\/\/lydenim.com\/wp-content\/uploads\/2025\/10\/Custom-Garment-Factory-45x45.jpg 45w\" sizes=\"auto, (max-width: 150px) 100vw, 150px\" \/>\t\t\t\t\t<\/div>\n\t\t\t\t\t<a class=\"wd-fill\" href=\"https:\/\/lydenim.com\/es\/los-5-indicadores-principales-para-elegir-una-fabrica-de-ropa-personalizada\/\"><\/a>\n\t\t\t\t\n\t\t\t\t\t\t\t\t\t\t\t\t<div class=\"wd-post-date wd-style-with-bg\">\n\t\t\t\t<span class=\"post-date-day\">\n\t\t\t\t\t26\t\t\t\t<\/span>\n\t\t\t\t<span class=\"post-date-month\">\n\t\t\t\t\tOct\t\t\t\t<\/span>\n\t\t\t<\/div>\n\t\t\t\t\t\t\t\t\t<\/div>\n\t\t\n\t\t<div class=\"wd-post-content article-body-container\">\n\t\t\t\t\t\t\t<div class=\"wd-post-cat wd-style-with-bg meta-post-categories\">\n\t\t\t\t\t<a href=\"https:\/\/lydenim.com\/es\/category\/prenda\/\" rel=\"category tag\">PRENDA<\/a>\t\t\t\t<\/div>\n\t\t\t\n\t\t\t\t\t\t\t<h3 class=\"wd-post-title wd-entities-title title post-title\">\n\t\t\t\t\t<a href=\"https:\/\/lydenim.com\/es\/los-5-indicadores-principales-para-elegir-una-fabrica-de-ropa-personalizada\/\" rel=\"bookmark\">\n\t\t\t\t\t\tLos 5 indicadores principales para elegir una f\u00e1brica de ropa personalizada\t\t\t\t\t<\/a>\n\t\t\t\t<\/h3>\n\t\t\t\n\t\t\t\t\t\t\t<div class=\"wd-post-meta\">\n\t\t\t\t\t\t\t\t\t\t\t\t\t\t\t<div class=\"wd-post-author\">\n\t\t\t\t\t\t\t\t\t\t\t<span>Publicado por<\/span>\n\t\t\n\t\t\t\t\t\t\t\n\t\t\t\t\t<a href=\"https:\/\/lydenim.com\/es\/author\/malonematthewmmgmail-com\/\" class=\"author\" rel=\"author\">malonematthewmm@gmail.com<\/a>\n\t\t\t\t\t\t\t\t\t<\/div>\n\t\t\t\t\t<div class=\"wd-modified-date\">\n\t\t\t\t\t\t\t\t<time class=\"updated\" datetime=\"2025-10-26T12:59:11+08:00\">\n\t\t\t26\/10\/2025\t\t<\/time>\n\t\t\t\t\t\t\t<\/div>\n\n\t\t\t\t\t\t\t\t\t\t\t<div class=\"wd-post-share wd-tltp\">\n\t\t\t\t\t\t\t<div class=\"tooltip top\">\n\t\t\t\t\t\t\t\t<div class=\"tooltip-inner\">\n\t\t\t\t\t\t\t\t\t\t\t\t<div\n\t\t\t\t\t\tclass=\"wd-social-icons wd-style-default wd-size-small social-share wd-shape-circle color-scheme-light text-center\">\n\t\t\t\t\n\t\t\t\t\n\t\t\t\t\t\t\t\t\t<a rel=\"noopener noreferrer nofollow\" href=\"https:\/\/www.facebook.com\/sharer\/sharer.php?u=https:\/\/lydenim.com\/es\/los-5-indicadores-principales-para-elegir-una-fabrica-de-ropa-personalizada\/\" target=\"_blank\" class=\"wd-social-icon social-facebook\" aria-label=\"Enlace social de Facebook\">\n\t\t\t\t\t\t<span class=\"wd-icon\"><\/span>\n\t\t\t\t\t\t\t\t\t\t\t<\/a>\n\t\t\t\t\n\t\t\t\t\t\t\t\t\t<a rel=\"noopener noreferrer nofollow\" href=\"https:\/\/x.com\/share?url=https:\/\/lydenim.com\/es\/los-5-indicadores-principales-para-elegir-una-fabrica-de-ropa-personalizada\/\" target=\"_blank\" class=\"wd-social-icon social-twitter\" aria-label=\"X enlace social\">\n\t\t\t\t\t\t<span class=\"wd-icon\"><\/span>\n\t\t\t\t\t\t\t\t\t\t\t<\/a>\n\t\t\t\t\n\t\t\t\t\n\t\t\t\t\n\t\t\t\t\n\t\t\t\t\n\t\t\t\t\n\t\t\t\t\t\t\t\t\t<a rel=\"noopener noreferrer nofollow\" href=\"https:\/\/pinterest.com\/pin\/create\/button\/?url=https:\/\/lydenim.com\/es\/los-5-indicadores-principales-para-elegir-una-fabrica-de-ropa-personalizada\/&media=https:\/\/lydenim.com\/wp-content\/uploads\/2025\/10\/Custom-Garment-Factory.jpg&description=Top+5+Indicators+for+Choosing+Custom+Garment+Factory\" target=\"_blank\" class=\"wd-social-icon social-pinterest\" aria-label=\"Enlace social de Pinterest\">\n\t\t\t\t\t\t<span class=\"wd-icon\"><\/span>\n\t\t\t\t\t\t\t\t\t\t\t<\/a>\n\t\t\t\t\n\t\t\t\t\n\t\t\t\t\t\t\t\t\t<a rel=\"noopener noreferrer nofollow\" href=\"https:\/\/www.linkedin.com\/shareArticle?mini=true&url=https:\/\/lydenim.com\/es\/los-5-indicadores-principales-para-elegir-una-fabrica-de-ropa-personalizada\/\" target=\"_blank\" class=\"wd-social-icon social-linkedin\" aria-label=\"Enlace social de Linkedin\">\n\t\t\t\t\t\t<span class=\"wd-icon\"><\/span>\n\t\t\t\t\t\t\t\t\t\t\t<\/a>\n\t\t\t\t\n\t\t\t\t\n\t\t\t\t\n\t\t\t\t\n\t\t\t\t\n\t\t\t\t\n\t\t\t\t\n\t\t\t\t\n\t\t\t\t\n\t\t\t\t\n\t\t\t\t\n\t\t\t\t\n\t\t\t\t\n\t\t\t\t\n\t\t\t\t\n\t\t\t\t\t\t\t\t\t<a rel=\"noopener noreferrer nofollow\" href=\"https:\/\/telegram.me\/share\/url?url=https:\/\/lydenim.com\/es\/los-5-indicadores-principales-para-elegir-una-fabrica-de-ropa-personalizada\/\" target=\"_blank\" class=\"wd-social-icon social-tg\" aria-label=\"Enlace social de Telegram\">\n\t\t\t\t\t\t<span class=\"wd-icon\"><\/span>\n\t\t\t\t\t\t\t\t\t\t\t<\/a>\n\t\t\t\t\n\t\t\t\t\n\t\t\t<\/div>\n\n\t\t\t\t\t\t\t\t\t\t<\/div>\n\t\t\t\t\t\t\t\t<div class=\"tooltip-arrow\"><\/div>\n\t\t\t\t\t\t\t<\/div>\n\t\t\t\t\t\t<\/div>\n\t\t\t\t\t\n\t\t\t\t\t\t\t\t\t<\/div>\n\t\t\t\n\t\t\t\t\t\t\t<div class=\"wd-post-excerpt entry-content\">\n\t\t\t\t\tTiempo estimado de lectura: ~3 minutos Introducci\u00f3n Elegir la f\u00e1brica de ropa personalizada adecuada es fundamental para las marcas de moda y las empresas emergentes...\t\t\t\t<\/div>\n\t\t\t\n\t\t\t\t\t\t\t\t\t\t\t\t<div class=\"wd-post-read-more wd-style-link read-more-section\">\n\t\t\t\t\t\t<a class=\"\" href=\"https:\/\/lydenim.com\/es\/los-5-indicadores-principales-para-elegir-una-fabrica-de-ropa-personalizada\/\">Seguir leyendo<\/a>\t\t\t\t\t<\/div>\n\t\t\t\t\t\t\t\t\t<\/div>\n\t<\/div>\n<\/article>\n\n\t\t\t\t\t<\/div>\n\t\t\t\t<div class=\"wd-carousel-item\">\n\t\t\t\t\t\t\t\n<article id=\"post-6700\" class=\"wd-post blog-design-masonry blog-post-loop blog-style-bg wd-add-shadow post-6700 post type-post status-publish format-standard has-post-thumbnail hentry category-denim-knowledge\">\n\t<div class=\"wd-post-inner article-inner\">\n\t\t\t\t\t<div class=\"wd-post-thumb entry-header\">\n\t\t\t\t\t\t\t\t\t<div class=\"wd-post-img post-img-wrapp\">\n\t\t\t\t\t\t<img loading=\"lazy\" decoding=\"async\" width=\"150\" height=\"150\" src=\"https:\/\/lydenim.com\/wp-content\/uploads\/2025\/10\/Denim-Drape-Engineering-150x150.jpg\" class=\"attachment-thumbnail size-thumbnail\" alt=\"\" srcset=\"https:\/\/lydenim.com\/wp-content\/uploads\/2025\/10\/Denim-Drape-Engineering-150x150.jpg 150w, https:\/\/lydenim.com\/wp-content\/uploads\/2025\/10\/Denim-Drape-Engineering-300x300.jpg 300w, https:\/\/lydenim.com\/wp-content\/uploads\/2025\/10\/Denim-Drape-Engineering-45x45.jpg 45w\" sizes=\"auto, (max-width: 150px) 100vw, 150px\" \/>\t\t\t\t\t<\/div>\n\t\t\t\t\t<a class=\"wd-fill\" href=\"https:\/\/lydenim.com\/es\/ingenieria-de-drapeado-de-mezclilla-como-el-peso-de-la-tela-de-mezclilla-moldea-las-siluetas-de-las-prendas\/\"><\/a>\n\t\t\t\t\n\t\t\t\t\t\t\t\t\t\t\t\t<div class=\"wd-post-date wd-style-with-bg\">\n\t\t\t\t<span class=\"post-date-day\">\n\t\t\t\t\t17\t\t\t\t<\/span>\n\t\t\t\t<span class=\"post-date-month\">\n\t\t\t\t\tOct\t\t\t\t<\/span>\n\t\t\t<\/div>\n\t\t\t\t\t\t\t\t\t<\/div>\n\t\t\n\t\t<div class=\"wd-post-content article-body-container\">\n\t\t\t\t\t\t\t<div class=\"wd-post-cat wd-style-with-bg meta-post-categories\">\n\t\t\t\t\t<a href=\"https:\/\/lydenim.com\/es\/category\/conocimiento-de-mezclilla\/\" rel=\"category tag\">Conocimiento del denim<\/a>\t\t\t\t<\/div>\n\t\t\t\n\t\t\t\t\t\t\t<h3 class=\"wd-post-title wd-entities-title title post-title\">\n\t\t\t\t\t<a href=\"https:\/\/lydenim.com\/es\/ingenieria-de-drapeado-de-mezclilla-como-el-peso-de-la-tela-de-mezclilla-moldea-las-siluetas-de-las-prendas\/\" rel=\"bookmark\">\n\t\t\t\t\t\tIngenier\u00eda de drapeado de mezclilla: c\u00f3mo el peso de la tela de mezclilla moldea las siluetas de las prendas\t\t\t\t\t<\/a>\n\t\t\t\t<\/h3>\n\t\t\t\n\t\t\t\t\t\t\t<div class=\"wd-post-meta\">\n\t\t\t\t\t\t\t\t\t\t\t\t\t\t\t<div class=\"wd-post-author\">\n\t\t\t\t\t\t\t\t\t\t\t<span>Publicado por<\/span>\n\t\t\n\t\t\t\t\t\t\t\n\t\t\t\t\t<a href=\"https:\/\/lydenim.com\/es\/author\/malonematthewmmgmail-com\/\" class=\"author\" rel=\"author\">malonematthewmm@gmail.com<\/a>\n\t\t\t\t\t\t\t\t\t<\/div>\n\t\t\t\t\t<div class=\"wd-modified-date\">\n\t\t\t\t\t\t\t\t<time class=\"updated\" datetime=\"2025-10-17T11:56:09+08:00\">\n\t\t\t17\/10\/2025\t\t<\/time>\n\t\t\t\t\t\t\t<\/div>\n\n\t\t\t\t\t\t\t\t\t\t\t<div class=\"wd-post-share wd-tltp\">\n\t\t\t\t\t\t\t<div class=\"tooltip top\">\n\t\t\t\t\t\t\t\t<div class=\"tooltip-inner\">\n\t\t\t\t\t\t\t\t\t\t\t\t<div\n\t\t\t\t\t\tclass=\"wd-social-icons wd-style-default wd-size-small social-share wd-shape-circle color-scheme-light text-center\">\n\t\t\t\t\n\t\t\t\t\n\t\t\t\t\t\t\t\t\t<a rel=\"noopener noreferrer nofollow\" href=\"https:\/\/www.facebook.com\/sharer\/sharer.php?u=https:\/\/lydenim.com\/es\/ingenieria-de-drapeado-de-mezclilla-como-el-peso-de-la-tela-de-mezclilla-moldea-las-siluetas-de-las-prendas\/\" target=\"_blank\" class=\"wd-social-icon social-facebook\" aria-label=\"Enlace social de Facebook\">\n\t\t\t\t\t\t<span class=\"wd-icon\"><\/span>\n\t\t\t\t\t\t\t\t\t\t\t<\/a>\n\t\t\t\t\n\t\t\t\t\t\t\t\t\t<a rel=\"noopener noreferrer nofollow\" href=\"https:\/\/x.com\/share?url=https:\/\/lydenim.com\/es\/ingenieria-de-drapeado-de-mezclilla-como-el-peso-de-la-tela-de-mezclilla-moldea-las-siluetas-de-las-prendas\/\" target=\"_blank\" class=\"wd-social-icon social-twitter\" aria-label=\"X enlace social\">\n\t\t\t\t\t\t<span class=\"wd-icon\"><\/span>\n\t\t\t\t\t\t\t\t\t\t\t<\/a>\n\t\t\t\t\n\t\t\t\t\n\t\t\t\t\n\t\t\t\t\n\t\t\t\t\n\t\t\t\t\n\t\t\t\t\t\t\t\t\t<a rel=\"noopener noreferrer nofollow\" href=\"https:\/\/pinterest.com\/pin\/create\/button\/?url=https:\/\/lydenim.com\/es\/ingenieria-de-drapeado-de-mezclilla-como-el-peso-de-la-tela-de-mezclilla-moldea-las-siluetas-de-las-prendas\/&media=https:\/\/lydenim.com\/wp-content\/uploads\/2025\/10\/Denim-Drape-Engineering.jpg&description=Denim+Drape+Engineering%3A+How+Denim+Fabric+Weight+Shapes+Garment+Silhouettes\" target=\"_blank\" class=\"wd-social-icon social-pinterest\" aria-label=\"Enlace social de Pinterest\">\n\t\t\t\t\t\t<span class=\"wd-icon\"><\/span>\n\t\t\t\t\t\t\t\t\t\t\t<\/a>\n\t\t\t\t\n\t\t\t\t\n\t\t\t\t\t\t\t\t\t<a rel=\"noopener noreferrer nofollow\" href=\"https:\/\/www.linkedin.com\/shareArticle?mini=true&url=https:\/\/lydenim.com\/es\/ingenieria-de-drapeado-de-mezclilla-como-el-peso-de-la-tela-de-mezclilla-moldea-las-siluetas-de-las-prendas\/\" target=\"_blank\" class=\"wd-social-icon social-linkedin\" aria-label=\"Enlace social de Linkedin\">\n\t\t\t\t\t\t<span class=\"wd-icon\"><\/span>\n\t\t\t\t\t\t\t\t\t\t\t<\/a>\n\t\t\t\t\n\t\t\t\t\n\t\t\t\t\n\t\t\t\t\n\t\t\t\t\n\t\t\t\t\n\t\t\t\t\n\t\t\t\t\n\t\t\t\t\n\t\t\t\t\n\t\t\t\t\n\t\t\t\t\n\t\t\t\t\n\t\t\t\t\n\t\t\t\t\n\t\t\t\t\t\t\t\t\t<a rel=\"noopener noreferrer nofollow\" href=\"https:\/\/telegram.me\/share\/url?url=https:\/\/lydenim.com\/es\/ingenieria-de-drapeado-de-mezclilla-como-el-peso-de-la-tela-de-mezclilla-moldea-las-siluetas-de-las-prendas\/\" target=\"_blank\" class=\"wd-social-icon social-tg\" aria-label=\"Enlace social de Telegram\">\n\t\t\t\t\t\t<span class=\"wd-icon\"><\/span>\n\t\t\t\t\t\t\t\t\t\t\t<\/a>\n\t\t\t\t\n\t\t\t\t\n\t\t\t<\/div>\n\n\t\t\t\t\t\t\t\t\t\t<\/div>\n\t\t\t\t\t\t\t\t<div class=\"tooltip-arrow\"><\/div>\n\t\t\t\t\t\t\t<\/div>\n\t\t\t\t\t\t<\/div>\n\t\t\t\t\t\n\t\t\t\t\t\t\t\t\t<\/div>\n\t\t\t\n\t\t\t\t\t\t\t<div class=\"wd-post-excerpt entry-content\">\n\t\t\t\t\tTiempo estimado de lectura: ~3 minutos Introducci\u00f3n En el dise\u00f1o de mezclilla, la ca\u00edda y el peso de la tela de mezclilla son fundamentales para definir una prenda...\t\t\t\t<\/div>\n\t\t\t\n\t\t\t\t\t\t\t\t\t\t\t\t<div class=\"wd-post-read-more wd-style-link read-more-section\">\n\t\t\t\t\t\t<a class=\"\" href=\"https:\/\/lydenim.com\/es\/ingenieria-de-drapeado-de-mezclilla-como-el-peso-de-la-tela-de-mezclilla-moldea-las-siluetas-de-las-prendas\/\">Seguir leyendo<\/a>\t\t\t\t\t<\/div>\n\t\t\t\t\t\t\t\t\t<\/div>\n\t<\/div>\n<\/article>\n\n\t\t\t\t\t<\/div>\n\t\t\t\t<div class=\"wd-carousel-item\">\n\t\t\t\t\t\t\t\n<article id=\"post-6778\" class=\"wd-post blog-design-masonry blog-post-loop blog-style-bg wd-add-shadow post-6778 post type-post status-publish format-standard has-post-thumbnail hentry category-denim-knowledge\">\n\t<div class=\"wd-post-inner article-inner\">\n\t\t\t\t\t<div class=\"wd-post-thumb entry-header\">\n\t\t\t\t\t\t\t\t\t<div class=\"wd-post-img post-img-wrapp\">\n\t\t\t\t\t\t<img loading=\"lazy\" decoding=\"async\" width=\"150\" height=\"150\" src=\"https:\/\/lydenim.com\/wp-content\/uploads\/2025\/10\/Denim-Fabric-Quality-Control-150x150.jpg\" class=\"attachment-thumbnail size-thumbnail\" alt=\"\" srcset=\"https:\/\/lydenim.com\/wp-content\/uploads\/2025\/10\/Denim-Fabric-Quality-Control-150x150.jpg 150w, https:\/\/lydenim.com\/wp-content\/uploads\/2025\/10\/Denim-Fabric-Quality-Control-300x300.jpg 300w, https:\/\/lydenim.com\/wp-content\/uploads\/2025\/10\/Denim-Fabric-Quality-Control-45x45.jpg 45w\" sizes=\"auto, (max-width: 150px) 100vw, 150px\" \/>\t\t\t\t\t<\/div>\n\t\t\t\t\t<a class=\"wd-fill\" href=\"https:\/\/lydenim.com\/es\/lista-de-verificacion-definitiva-para-el-control-de-calidad-de-la-tela-vaquera-10-consejos\/\"><\/a>\n\t\t\t\t\n\t\t\t\t\t\t\t\t\t\t\t\t<div class=\"wd-post-date wd-style-with-bg\">\n\t\t\t\t<span class=\"post-date-day\">\n\t\t\t\t\t15\t\t\t\t<\/span>\n\t\t\t\t<span class=\"post-date-month\">\n\t\t\t\t\tOct\t\t\t\t<\/span>\n\t\t\t<\/div>\n\t\t\t\t\t\t\t\t\t<\/div>\n\t\t\n\t\t<div class=\"wd-post-content article-body-container\">\n\t\t\t\t\t\t\t<div class=\"wd-post-cat wd-style-with-bg meta-post-categories\">\n\t\t\t\t\t<a href=\"https:\/\/lydenim.com\/es\/category\/conocimiento-de-mezclilla\/\" rel=\"category tag\">Conocimiento del denim<\/a>\t\t\t\t<\/div>\n\t\t\t\n\t\t\t\t\t\t\t<h3 class=\"wd-post-title wd-entities-title title post-title\">\n\t\t\t\t\t<a href=\"https:\/\/lydenim.com\/es\/lista-de-verificacion-definitiva-para-el-control-de-calidad-de-la-tela-vaquera-10-consejos\/\" rel=\"bookmark\">\n\t\t\t\t\t\tLista de verificaci\u00f3n definitiva para el control de calidad de la tela vaquera: 10 consejos\t\t\t\t\t<\/a>\n\t\t\t\t<\/h3>\n\t\t\t\n\t\t\t\t\t\t\t<div class=\"wd-post-meta\">\n\t\t\t\t\t\t\t\t\t\t\t\t\t\t\t<div class=\"wd-post-author\">\n\t\t\t\t\t\t\t\t\t\t\t<span>Publicado por<\/span>\n\t\t\n\t\t\t\t\t\t\t\n\t\t\t\t\t<a href=\"https:\/\/lydenim.com\/es\/author\/malonematthewmmgmail-com\/\" class=\"author\" rel=\"author\">malonematthewmm@gmail.com<\/a>\n\t\t\t\t\t\t\t\t\t<\/div>\n\t\t\t\t\t<div class=\"wd-modified-date\">\n\t\t\t\t\t\t\t\t<time class=\"updated\" datetime=\"2025-10-15T17:19:50+08:00\">\n\t\t\t15\/10\/2025\t\t<\/time>\n\t\t\t\t\t\t\t<\/div>\n\n\t\t\t\t\t\t\t\t\t\t\t<div class=\"wd-post-share wd-tltp\">\n\t\t\t\t\t\t\t<div class=\"tooltip top\">\n\t\t\t\t\t\t\t\t<div class=\"tooltip-inner\">\n\t\t\t\t\t\t\t\t\t\t\t\t<div\n\t\t\t\t\t\tclass=\"wd-social-icons wd-style-default wd-size-small social-share wd-shape-circle color-scheme-light text-center\">\n\t\t\t\t\n\t\t\t\t\n\t\t\t\t\t\t\t\t\t<a rel=\"noopener noreferrer nofollow\" href=\"https:\/\/www.facebook.com\/sharer\/sharer.php?u=https:\/\/lydenim.com\/es\/lista-de-verificacion-definitiva-para-el-control-de-calidad-de-la-tela-vaquera-10-consejos\/\" target=\"_blank\" class=\"wd-social-icon social-facebook\" aria-label=\"Enlace social de Facebook\">\n\t\t\t\t\t\t<span class=\"wd-icon\"><\/span>\n\t\t\t\t\t\t\t\t\t\t\t<\/a>\n\t\t\t\t\n\t\t\t\t\t\t\t\t\t<a rel=\"noopener noreferrer nofollow\" href=\"https:\/\/x.com\/share?url=https:\/\/lydenim.com\/es\/lista-de-verificacion-definitiva-para-el-control-de-calidad-de-la-tela-vaquera-10-consejos\/\" target=\"_blank\" class=\"wd-social-icon social-twitter\" aria-label=\"X enlace social\">\n\t\t\t\t\t\t<span class=\"wd-icon\"><\/span>\n\t\t\t\t\t\t\t\t\t\t\t<\/a>\n\t\t\t\t\n\t\t\t\t\n\t\t\t\t\n\t\t\t\t\n\t\t\t\t\n\t\t\t\t\n\t\t\t\t\t\t\t\t\t<a rel=\"noopener noreferrer nofollow\" href=\"https:\/\/pinterest.com\/pin\/create\/button\/?url=https:\/\/lydenim.com\/es\/lista-de-verificacion-definitiva-para-el-control-de-calidad-de-la-tela-vaquera-10-consejos\/&media=https:\/\/lydenim.com\/wp-content\/uploads\/2025\/10\/Denim-Fabric-Quality-Control.jpg&description=Ultimate+Denim+Fabric+Quality+Control+Checklist%3A+10+Tips\" target=\"_blank\" class=\"wd-social-icon social-pinterest\" aria-label=\"Enlace social de Pinterest\">\n\t\t\t\t\t\t<span class=\"wd-icon\"><\/span>\n\t\t\t\t\t\t\t\t\t\t\t<\/a>\n\t\t\t\t\n\t\t\t\t\n\t\t\t\t\t\t\t\t\t<a rel=\"noopener noreferrer nofollow\" href=\"https:\/\/www.linkedin.com\/shareArticle?mini=true&url=https:\/\/lydenim.com\/es\/lista-de-verificacion-definitiva-para-el-control-de-calidad-de-la-tela-vaquera-10-consejos\/\" target=\"_blank\" class=\"wd-social-icon social-linkedin\" aria-label=\"Enlace social de Linkedin\">\n\t\t\t\t\t\t<span class=\"wd-icon\"><\/span>\n\t\t\t\t\t\t\t\t\t\t\t<\/a>\n\t\t\t\t\n\t\t\t\t\n\t\t\t\t\n\t\t\t\t\n\t\t\t\t\n\t\t\t\t\n\t\t\t\t\n\t\t\t\t\n\t\t\t\t\n\t\t\t\t\n\t\t\t\t\n\t\t\t\t\n\t\t\t\t\n\t\t\t\t\n\t\t\t\t\n\t\t\t\t\t\t\t\t\t<a rel=\"noopener noreferrer nofollow\" href=\"https:\/\/telegram.me\/share\/url?url=https:\/\/lydenim.com\/es\/lista-de-verificacion-definitiva-para-el-control-de-calidad-de-la-tela-vaquera-10-consejos\/\" target=\"_blank\" class=\"wd-social-icon social-tg\" aria-label=\"Enlace social de Telegram\">\n\t\t\t\t\t\t<span class=\"wd-icon\"><\/span>\n\t\t\t\t\t\t\t\t\t\t\t<\/a>\n\t\t\t\t\n\t\t\t\t\n\t\t\t<\/div>\n\n\t\t\t\t\t\t\t\t\t\t<\/div>\n\t\t\t\t\t\t\t\t<div class=\"tooltip-arrow\"><\/div>\n\t\t\t\t\t\t\t<\/div>\n\t\t\t\t\t\t<\/div>\n\t\t\t\t\t\n\t\t\t\t\t\t\t\t\t<\/div>\n\t\t\t\n\t\t\t\t\t\t\t<div class=\"wd-post-excerpt entry-content\">\n\t\t\t\t\tTiempo estimado de lectura: ~5 minutos El control de calidad de la tela de mezclilla es esencial para las f\u00e1bricas de prendas de vestir que buscan producir jeans de alta calidad...\t\t\t\t<\/div>\n\t\t\t\n\t\t\t\t\t\t\t\t\t\t\t\t<div class=\"wd-post-read-more wd-style-link read-more-section\">\n\t\t\t\t\t\t<a class=\"\" href=\"https:\/\/lydenim.com\/es\/lista-de-verificacion-definitiva-para-el-control-de-calidad-de-la-tela-vaquera-10-consejos\/\">Seguir leyendo<\/a>\t\t\t\t\t<\/div>\n\t\t\t\t\t\t\t\t\t<\/div>\n\t<\/div>\n<\/article>\n\n\t\t\t\t\t<\/div>\n\t\t\t\t<div class=\"wd-carousel-item\">\n\t\t\t\t\t\t\t\n<article id=\"post-6751\" class=\"wd-post blog-design-masonry blog-post-loop blog-style-bg wd-add-shadow post-6751 post type-post status-publish format-standard has-post-thumbnail hentry category-summer\">\n\t<div class=\"wd-post-inner article-inner\">\n\t\t\t\t\t<div class=\"wd-post-thumb entry-header\">\n\t\t\t\t\t\t\t\t\t<div class=\"wd-post-img post-img-wrapp\">\n\t\t\t\t\t\t<img loading=\"lazy\" decoding=\"async\" width=\"150\" height=\"150\" src=\"https:\/\/lydenim.com\/wp-content\/uploads\/2025\/10\/SS26-Mens-Street-Trends-150x150.jpg\" class=\"attachment-thumbnail size-thumbnail\" alt=\"\" srcset=\"https:\/\/lydenim.com\/wp-content\/uploads\/2025\/10\/SS26-Mens-Street-Trends-150x150.jpg 150w, https:\/\/lydenim.com\/wp-content\/uploads\/2025\/10\/SS26-Mens-Street-Trends-300x300.jpg 300w, https:\/\/lydenim.com\/wp-content\/uploads\/2025\/10\/SS26-Mens-Street-Trends-45x45.jpg 45w\" sizes=\"auto, (max-width: 150px) 100vw, 150px\" \/>\t\t\t\t\t<\/div>\n\t\t\t\t\t<a class=\"wd-fill\" href=\"https:\/\/lydenim.com\/es\/tendencias-urbanas-para-hombre-primavera-verano-2026-susurros-punk-y-ritmos-a-cuadros\/\"><\/a>\n\t\t\t\t\n\t\t\t\t\t\t\t\t\t\t\t\t<div class=\"wd-post-date wd-style-with-bg\">\n\t\t\t\t<span class=\"post-date-day\">\n\t\t\t\t\t12\t\t\t\t<\/span>\n\t\t\t\t<span class=\"post-date-month\">\n\t\t\t\t\tOct\t\t\t\t<\/span>\n\t\t\t<\/div>\n\t\t\t\t\t\t\t\t\t<\/div>\n\t\t\n\t\t<div class=\"wd-post-content article-body-container\">\n\t\t\t\t\t\t\t<div class=\"wd-post-cat wd-style-with-bg meta-post-categories\">\n\t\t\t\t\t<a href=\"https:\/\/lydenim.com\/es\/category\/verano\/\" rel=\"category tag\">Verano<\/a>\t\t\t\t<\/div>\n\t\t\t\n\t\t\t\t\t\t\t<h3 class=\"wd-post-title wd-entities-title title post-title\">\n\t\t\t\t\t<a href=\"https:\/\/lydenim.com\/es\/tendencias-urbanas-para-hombre-primavera-verano-2026-susurros-punk-y-ritmos-a-cuadros\/\" rel=\"bookmark\">\n\t\t\t\t\t\tTendencias urbanas masculinas SS26: Susurros punk y ritmos a cuadros\t\t\t\t\t<\/a>\n\t\t\t\t<\/h3>\n\t\t\t\n\t\t\t\t\t\t\t<div class=\"wd-post-meta\">\n\t\t\t\t\t\t\t\t\t\t\t\t\t\t\t<div class=\"wd-post-author\">\n\t\t\t\t\t\t\t\t\t\t\t<span>Publicado por<\/span>\n\t\t\n\t\t\t\t\t\t\t\n\t\t\t\t\t<a href=\"https:\/\/lydenim.com\/es\/author\/malonematthewmmgmail-com\/\" class=\"author\" rel=\"author\">malonematthewmm@gmail.com<\/a>\n\t\t\t\t\t\t\t\t\t<\/div>\n\t\t\t\t\t<div class=\"wd-modified-date\">\n\t\t\t\t\t\t\t\t<time class=\"updated\" datetime=\"2025-10-12T11:43:11+08:00\">\n\t\t\t12\/10\/2025\t\t<\/time>\n\t\t\t\t\t\t\t<\/div>\n\n\t\t\t\t\t\t\t\t\t\t\t<div class=\"wd-post-share wd-tltp\">\n\t\t\t\t\t\t\t<div class=\"tooltip top\">\n\t\t\t\t\t\t\t\t<div class=\"tooltip-inner\">\n\t\t\t\t\t\t\t\t\t\t\t\t<div\n\t\t\t\t\t\tclass=\"wd-social-icons wd-style-default wd-size-small social-share wd-shape-circle color-scheme-light text-center\">\n\t\t\t\t\n\t\t\t\t\n\t\t\t\t\t\t\t\t\t<a rel=\"noopener noreferrer nofollow\" href=\"https:\/\/www.facebook.com\/sharer\/sharer.php?u=https:\/\/lydenim.com\/es\/tendencias-urbanas-para-hombre-primavera-verano-2026-susurros-punk-y-ritmos-a-cuadros\/\" target=\"_blank\" class=\"wd-social-icon social-facebook\" aria-label=\"Enlace social de Facebook\">\n\t\t\t\t\t\t<span class=\"wd-icon\"><\/span>\n\t\t\t\t\t\t\t\t\t\t\t<\/a>\n\t\t\t\t\n\t\t\t\t\t\t\t\t\t<a rel=\"noopener noreferrer nofollow\" href=\"https:\/\/x.com\/share?url=https:\/\/lydenim.com\/es\/tendencias-urbanas-para-hombre-primavera-verano-2026-susurros-punk-y-ritmos-a-cuadros\/\" target=\"_blank\" class=\"wd-social-icon social-twitter\" aria-label=\"X enlace social\">\n\t\t\t\t\t\t<span class=\"wd-icon\"><\/span>\n\t\t\t\t\t\t\t\t\t\t\t<\/a>\n\t\t\t\t\n\t\t\t\t\n\t\t\t\t\n\t\t\t\t\n\t\t\t\t\n\t\t\t\t\n\t\t\t\t\t\t\t\t\t<a rel=\"noopener noreferrer nofollow\" href=\"https:\/\/pinterest.com\/pin\/create\/button\/?url=https:\/\/lydenim.com\/es\/tendencias-urbanas-para-hombre-primavera-verano-2026-susurros-punk-y-ritmos-a-cuadros\/&media=https:\/\/lydenim.com\/wp-content\/uploads\/2025\/10\/SS26-Mens-Street-Trends.jpg&description=SS26+Men%26%238217%3Bs+Street+Trends%3A+Punk+Whispers+and+Plaid+Rhythms\" target=\"_blank\" class=\"wd-social-icon social-pinterest\" aria-label=\"Enlace social de Pinterest\">\n\t\t\t\t\t\t<span class=\"wd-icon\"><\/span>\n\t\t\t\t\t\t\t\t\t\t\t<\/a>\n\t\t\t\t\n\t\t\t\t\n\t\t\t\t\t\t\t\t\t<a rel=\"noopener noreferrer nofollow\" href=\"https:\/\/www.linkedin.com\/shareArticle?mini=true&url=https:\/\/lydenim.com\/es\/tendencias-urbanas-para-hombre-primavera-verano-2026-susurros-punk-y-ritmos-a-cuadros\/\" target=\"_blank\" class=\"wd-social-icon social-linkedin\" aria-label=\"Enlace social de Linkedin\">\n\t\t\t\t\t\t<span class=\"wd-icon\"><\/span>\n\t\t\t\t\t\t\t\t\t\t\t<\/a>\n\t\t\t\t\n\t\t\t\t\n\t\t\t\t\n\t\t\t\t\n\t\t\t\t\n\t\t\t\t\n\t\t\t\t\n\t\t\t\t\n\t\t\t\t\n\t\t\t\t\n\t\t\t\t\n\t\t\t\t\n\t\t\t\t\n\t\t\t\t\n\t\t\t\t\n\t\t\t\t\t\t\t\t\t<a rel=\"noopener noreferrer nofollow\" href=\"https:\/\/telegram.me\/share\/url?url=https:\/\/lydenim.com\/es\/tendencias-urbanas-para-hombre-primavera-verano-2026-susurros-punk-y-ritmos-a-cuadros\/\" target=\"_blank\" class=\"wd-social-icon social-tg\" aria-label=\"Enlace social de Telegram\">\n\t\t\t\t\t\t<span class=\"wd-icon\"><\/span>\n\t\t\t\t\t\t\t\t\t\t\t<\/a>\n\t\t\t\t\n\t\t\t\t\n\t\t\t<\/div>\n\n\t\t\t\t\t\t\t\t\t\t<\/div>\n\t\t\t\t\t\t\t\t<div class=\"tooltip-arrow\"><\/div>\n\t\t\t\t\t\t\t<\/div>\n\t\t\t\t\t\t<\/div>\n\t\t\t\t\t\n\t\t\t\t\t\t\t\t\t<\/div>\n\t\t\t\n\t\t\t\t\t\t\t<div class=\"wd-post-excerpt entry-content\">\n\t\t\t\t\tTiempo estimado de lectura: ~7 minutos A medida que el mundo de la moda se prepara para los d\u00edas m\u00e1s c\u00e1lidos, las tendencias de ropa masculina primavera-verano 2026 est\u00e1n redefiniendo el estilo.\t\t\t\t<\/div>\n\t\t\t\n\t\t\t\t\t\t\t\t\t\t\t\t<div class=\"wd-post-read-more wd-style-link read-more-section\">\n\t\t\t\t\t\t<a class=\"\" href=\"https:\/\/lydenim.com\/es\/tendencias-urbanas-para-hombre-primavera-verano-2026-susurros-punk-y-ritmos-a-cuadros\/\">Seguir leyendo<\/a>\t\t\t\t\t<\/div>\n\t\t\t\t\t\t\t\t\t<\/div>\n\t<\/div>\n<\/article>\n\n\t\t\t\t\t<\/div>\n\t\t\t\t<div class=\"wd-carousel-item\">\n\t\t\t\t\t\t\t\n<article id=\"post-6703\" class=\"wd-post blog-design-masonry blog-post-loop blog-style-bg wd-add-shadow post-6703 post type-post status-publish format-standard has-post-thumbnail hentry category-garment\">\n\t<div class=\"wd-post-inner article-inner\">\n\t\t\t\t\t<div class=\"wd-post-thumb entry-header\">\n\t\t\t\t\t\t\t\t\t<div class=\"wd-post-img post-img-wrapp\">\n\t\t\t\t\t\t<img loading=\"lazy\" decoding=\"async\" width=\"150\" height=\"150\" src=\"https:\/\/lydenim.com\/wp-content\/uploads\/2025\/10\/Fall-2025-Denim-Trends-150x150.jpg\" class=\"attachment-thumbnail size-thumbnail\" alt=\"\" srcset=\"https:\/\/lydenim.com\/wp-content\/uploads\/2025\/10\/Fall-2025-Denim-Trends-150x150.jpg 150w, https:\/\/lydenim.com\/wp-content\/uploads\/2025\/10\/Fall-2025-Denim-Trends-300x300.jpg 300w, https:\/\/lydenim.com\/wp-content\/uploads\/2025\/10\/Fall-2025-Denim-Trends-45x45.jpg 45w\" sizes=\"auto, (max-width: 150px) 100vw, 150px\" \/>\t\t\t\t\t<\/div>\n\t\t\t\t\t<a class=\"wd-fill\" href=\"https:\/\/lydenim.com\/es\/tendencias-de-mezclilla-otono-2025-los-estilos-de-jeans-imprescindibles-que-se-apoderaran-de-tu-armario\/\"><\/a>\n\t\t\t\t\n\t\t\t\t\t\t\t\t\t\t\t\t<div class=\"wd-post-date wd-style-with-bg\">\n\t\t\t\t<span class=\"post-date-day\">\n\t\t\t\t\t10\t\t\t\t<\/span>\n\t\t\t\t<span class=\"post-date-month\">\n\t\t\t\t\tOct\t\t\t\t<\/span>\n\t\t\t<\/div>\n\t\t\t\t\t\t\t\t\t<\/div>\n\t\t\n\t\t<div class=\"wd-post-content article-body-container\">\n\t\t\t\t\t\t\t<div class=\"wd-post-cat wd-style-with-bg meta-post-categories\">\n\t\t\t\t\t<a href=\"https:\/\/lydenim.com\/es\/category\/prenda\/\" rel=\"category tag\">PRENDA<\/a>\t\t\t\t<\/div>\n\t\t\t\n\t\t\t\t\t\t\t<h3 class=\"wd-post-title wd-entities-title title post-title\">\n\t\t\t\t\t<a href=\"https:\/\/lydenim.com\/es\/tendencias-de-mezclilla-otono-2025-los-estilos-de-jeans-imprescindibles-que-se-apoderaran-de-tu-armario\/\" rel=\"bookmark\">\n\t\t\t\t\t\tTendencias de mezclilla oto\u00f1o 2025: \u00a1Los estilos de jeans imprescindibles que se apoderar\u00e1n de tu guardarropa!\t\t\t\t\t<\/a>\n\t\t\t\t<\/h3>\n\t\t\t\n\t\t\t\t\t\t\t<div class=\"wd-post-meta\">\n\t\t\t\t\t\t\t\t\t\t\t\t\t\t\t<div class=\"wd-post-author\">\n\t\t\t\t\t\t\t\t\t\t\t<span>Publicado por<\/span>\n\t\t\n\t\t\t\t\t\t\t\n\t\t\t\t\t<a href=\"https:\/\/lydenim.com\/es\/author\/malonematthewmmgmail-com\/\" class=\"author\" rel=\"author\">malonematthewmm@gmail.com<\/a>\n\t\t\t\t\t\t\t\t\t<\/div>\n\t\t\t\t\t<div class=\"wd-modified-date\">\n\t\t\t\t\t\t\t\t<time class=\"updated\" datetime=\"2025-10-10T12:00:01+08:00\">\n\t\t\t10\/10\/2025\t\t<\/time>\n\t\t\t\t\t\t\t<\/div>\n\n\t\t\t\t\t\t\t\t\t\t\t<div class=\"wd-post-share wd-tltp\">\n\t\t\t\t\t\t\t<div class=\"tooltip top\">\n\t\t\t\t\t\t\t\t<div class=\"tooltip-inner\">\n\t\t\t\t\t\t\t\t\t\t\t\t<div\n\t\t\t\t\t\tclass=\"wd-social-icons wd-style-default wd-size-small social-share wd-shape-circle color-scheme-light text-center\">\n\t\t\t\t\n\t\t\t\t\n\t\t\t\t\t\t\t\t\t<a rel=\"noopener noreferrer nofollow\" href=\"https:\/\/www.facebook.com\/sharer\/sharer.php?u=https:\/\/lydenim.com\/es\/tendencias-de-mezclilla-otono-2025-los-estilos-de-jeans-imprescindibles-que-se-apoderaran-de-tu-armario\/\" target=\"_blank\" class=\"wd-social-icon social-facebook\" aria-label=\"Enlace social de Facebook\">\n\t\t\t\t\t\t<span class=\"wd-icon\"><\/span>\n\t\t\t\t\t\t\t\t\t\t\t<\/a>\n\t\t\t\t\n\t\t\t\t\t\t\t\t\t<a rel=\"noopener noreferrer nofollow\" href=\"https:\/\/x.com\/share?url=https:\/\/lydenim.com\/es\/tendencias-de-mezclilla-otono-2025-los-estilos-de-jeans-imprescindibles-que-se-apoderaran-de-tu-armario\/\" target=\"_blank\" class=\"wd-social-icon social-twitter\" aria-label=\"X enlace social\">\n\t\t\t\t\t\t<span class=\"wd-icon\"><\/span>\n\t\t\t\t\t\t\t\t\t\t\t<\/a>\n\t\t\t\t\n\t\t\t\t\n\t\t\t\t\n\t\t\t\t\n\t\t\t\t\n\t\t\t\t\n\t\t\t\t\t\t\t\t\t<a rel=\"noopener noreferrer nofollow\" href=\"https:\/\/pinterest.com\/pin\/create\/button\/?url=https:\/\/lydenim.com\/es\/tendencias-de-mezclilla-otono-2025-los-estilos-de-jeans-imprescindibles-que-se-apoderaran-de-tu-armario\/&media=https:\/\/lydenim.com\/wp-content\/uploads\/2025\/10\/Fall-2025-Denim-Trends.jpg&description=Fall+2025+Denim+Trends%3A+The+Must-Have+Jeans+Styles+Taking+Over+Your+Wardrobe%21\" target=\"_blank\" class=\"wd-social-icon social-pinterest\" aria-label=\"Enlace social de Pinterest\">\n\t\t\t\t\t\t<span class=\"wd-icon\"><\/span>\n\t\t\t\t\t\t\t\t\t\t\t<\/a>\n\t\t\t\t\n\t\t\t\t\n\t\t\t\t\t\t\t\t\t<a rel=\"noopener noreferrer nofollow\" href=\"https:\/\/www.linkedin.com\/shareArticle?mini=true&url=https:\/\/lydenim.com\/es\/tendencias-de-mezclilla-otono-2025-los-estilos-de-jeans-imprescindibles-que-se-apoderaran-de-tu-armario\/\" target=\"_blank\" class=\"wd-social-icon social-linkedin\" aria-label=\"Enlace social de Linkedin\">\n\t\t\t\t\t\t<span class=\"wd-icon\"><\/span>\n\t\t\t\t\t\t\t\t\t\t\t<\/a>\n\t\t\t\t\n\t\t\t\t\n\t\t\t\t\n\t\t\t\t\n\t\t\t\t\n\t\t\t\t\n\t\t\t\t\n\t\t\t\t\n\t\t\t\t\n\t\t\t\t\n\t\t\t\t\n\t\t\t\t\n\t\t\t\t\n\t\t\t\t\n\t\t\t\t\n\t\t\t\t\t\t\t\t\t<a rel=\"noopener noreferrer nofollow\" href=\"https:\/\/telegram.me\/share\/url?url=https:\/\/lydenim.com\/es\/tendencias-de-mezclilla-otono-2025-los-estilos-de-jeans-imprescindibles-que-se-apoderaran-de-tu-armario\/\" target=\"_blank\" class=\"wd-social-icon social-tg\" aria-label=\"Enlace social de Telegram\">\n\t\t\t\t\t\t<span class=\"wd-icon\"><\/span>\n\t\t\t\t\t\t\t\t\t\t\t<\/a>\n\t\t\t\t\n\t\t\t\t\n\t\t\t<\/div>\n\n\t\t\t\t\t\t\t\t\t\t<\/div>\n\t\t\t\t\t\t\t\t<div class=\"tooltip-arrow\"><\/div>\n\t\t\t\t\t\t\t<\/div>\n\t\t\t\t\t\t<\/div>\n\t\t\t\t\t\n\t\t\t\t\t\t\t\t\t<\/div>\n\t\t\t\n\t\t\t\t\t\t\t<div class=\"wd-post-excerpt entry-content\">\n\t\t\t\t\tTiempo estimado de lectura: ~4 minutos Todos sabemos que los jeans son una prenda b\u00e1sica y atemporal que nunca pasa de moda. Pero cada temporada...\t\t\t\t<\/div>\n\t\t\t\n\t\t\t\t\t\t\t\t\t\t\t\t<div class=\"wd-post-read-more wd-style-link read-more-section\">\n\t\t\t\t\t\t<a class=\"\" href=\"https:\/\/lydenim.com\/es\/tendencias-de-mezclilla-otono-2025-los-estilos-de-jeans-imprescindibles-que-se-apoderaran-de-tu-armario\/\">Seguir leyendo<\/a>\t\t\t\t\t<\/div>\n\t\t\t\t\t\t\t\t\t<\/div>\n\t<\/div>\n<\/article>\n\n\t\t\t\t\t<\/div>\n\t\t\t\t<div class=\"wd-carousel-item\">\n\t\t\t\t\t\t\t\n<article id=\"post-6610\" class=\"wd-post blog-design-masonry blog-post-loop blog-style-bg wd-add-shadow post-6610 post type-post status-publish format-standard has-post-thumbnail hentry category-denim-knowledge\">\n\t<div class=\"wd-post-inner article-inner\">\n\t\t\t\t\t<div class=\"wd-post-thumb entry-header\">\n\t\t\t\t\t\t\t\t\t<div class=\"wd-post-img post-img-wrapp\">\n\t\t\t\t\t\t<img loading=\"lazy\" decoding=\"async\" width=\"150\" height=\"150\" src=\"https:\/\/lydenim.com\/wp-content\/uploads\/2025\/09\/Denim-Fabric-Defects-Inspection-Checklist-150x150.jpg\" class=\"attachment-thumbnail size-thumbnail\" alt=\"\" srcset=\"https:\/\/lydenim.com\/wp-content\/uploads\/2025\/09\/Denim-Fabric-Defects-Inspection-Checklist-150x150.jpg 150w, https:\/\/lydenim.com\/wp-content\/uploads\/2025\/09\/Denim-Fabric-Defects-Inspection-Checklist-300x300.jpg 300w, https:\/\/lydenim.com\/wp-content\/uploads\/2025\/09\/Denim-Fabric-Defects-Inspection-Checklist-45x45.jpg 45w\" sizes=\"auto, (max-width: 150px) 100vw, 150px\" \/>\t\t\t\t\t<\/div>\n\t\t\t\t\t<a class=\"wd-fill\" href=\"https:\/\/lydenim.com\/es\/lista-de-verificacion-para-la-inspeccion-de-defectos-de-la-tela-de-mezclilla\/\"><\/a>\n\t\t\t\t\n\t\t\t\t\t\t\t\t\t\t\t\t<div class=\"wd-post-date wd-style-with-bg\">\n\t\t\t\t<span class=\"post-date-day\">\n\t\t\t\t\t08\t\t\t\t<\/span>\n\t\t\t\t<span class=\"post-date-month\">\n\t\t\t\t\tOct\t\t\t\t<\/span>\n\t\t\t<\/div>\n\t\t\t\t\t\t\t\t\t<\/div>\n\t\t\n\t\t<div class=\"wd-post-content article-body-container\">\n\t\t\t\t\t\t\t<div class=\"wd-post-cat wd-style-with-bg meta-post-categories\">\n\t\t\t\t\t<a href=\"https:\/\/lydenim.com\/es\/category\/conocimiento-de-mezclilla\/\" rel=\"category tag\">Conocimiento del denim<\/a>\t\t\t\t<\/div>\n\t\t\t\n\t\t\t\t\t\t\t<h3 class=\"wd-post-title wd-entities-title title post-title\">\n\t\t\t\t\t<a href=\"https:\/\/lydenim.com\/es\/lista-de-verificacion-para-la-inspeccion-de-defectos-de-la-tela-de-mezclilla\/\" rel=\"bookmark\">\n\t\t\t\t\t\tLista de verificaci\u00f3n de inspecci\u00f3n y defectos de la tela vaquera\t\t\t\t\t<\/a>\n\t\t\t\t<\/h3>\n\t\t\t\n\t\t\t\t\t\t\t<div class=\"wd-post-meta\">\n\t\t\t\t\t\t\t\t\t\t\t\t\t\t\t<div class=\"wd-post-author\">\n\t\t\t\t\t\t\t\t\t\t\t<span>Publicado por<\/span>\n\t\t\n\t\t\t\t\t\t\t\n\t\t\t\t\t<a href=\"https:\/\/lydenim.com\/es\/author\/malonematthewmmgmail-com\/\" class=\"author\" rel=\"author\">malonematthewmm@gmail.com<\/a>\n\t\t\t\t\t\t\t\t\t<\/div>\n\t\t\t\t\t<div class=\"wd-modified-date\">\n\t\t\t\t\t\t\t\t<time class=\"updated\" datetime=\"2025-10-08T12:12:02+08:00\">\n\t\t\t08\/10\/2025\t\t<\/time>\n\t\t\t\t\t\t\t<\/div>\n\n\t\t\t\t\t\t\t\t\t\t\t<div class=\"wd-post-share wd-tltp\">\n\t\t\t\t\t\t\t<div class=\"tooltip top\">\n\t\t\t\t\t\t\t\t<div class=\"tooltip-inner\">\n\t\t\t\t\t\t\t\t\t\t\t\t<div\n\t\t\t\t\t\tclass=\"wd-social-icons wd-style-default wd-size-small social-share wd-shape-circle color-scheme-light text-center\">\n\t\t\t\t\n\t\t\t\t\n\t\t\t\t\t\t\t\t\t<a rel=\"noopener noreferrer nofollow\" href=\"https:\/\/www.facebook.com\/sharer\/sharer.php?u=https:\/\/lydenim.com\/es\/lista-de-verificacion-para-la-inspeccion-de-defectos-de-la-tela-de-mezclilla\/\" target=\"_blank\" class=\"wd-social-icon social-facebook\" aria-label=\"Enlace social de Facebook\">\n\t\t\t\t\t\t<span class=\"wd-icon\"><\/span>\n\t\t\t\t\t\t\t\t\t\t\t<\/a>\n\t\t\t\t\n\t\t\t\t\t\t\t\t\t<a rel=\"noopener noreferrer nofollow\" href=\"https:\/\/x.com\/share?url=https:\/\/lydenim.com\/es\/lista-de-verificacion-para-la-inspeccion-de-defectos-de-la-tela-de-mezclilla\/\" target=\"_blank\" class=\"wd-social-icon social-twitter\" aria-label=\"X enlace social\">\n\t\t\t\t\t\t<span class=\"wd-icon\"><\/span>\n\t\t\t\t\t\t\t\t\t\t\t<\/a>\n\t\t\t\t\n\t\t\t\t\n\t\t\t\t\n\t\t\t\t\n\t\t\t\t\n\t\t\t\t\n\t\t\t\t\t\t\t\t\t<a rel=\"noopener noreferrer nofollow\" href=\"https:\/\/pinterest.com\/pin\/create\/button\/?url=https:\/\/lydenim.com\/es\/lista-de-verificacion-para-la-inspeccion-de-defectos-de-la-tela-de-mezclilla\/&media=https:\/\/lydenim.com\/wp-content\/uploads\/2025\/09\/Denim-Fabric-Defects-Inspection-Checklist.jpg&description=Denim+Fabric+Defects+%26%23038%3B+Inspection+Checklist\" target=\"_blank\" class=\"wd-social-icon social-pinterest\" aria-label=\"Enlace social de Pinterest\">\n\t\t\t\t\t\t<span class=\"wd-icon\"><\/span>\n\t\t\t\t\t\t\t\t\t\t\t<\/a>\n\t\t\t\t\n\t\t\t\t\n\t\t\t\t\t\t\t\t\t<a rel=\"noopener noreferrer nofollow\" href=\"https:\/\/www.linkedin.com\/shareArticle?mini=true&url=https:\/\/lydenim.com\/es\/lista-de-verificacion-para-la-inspeccion-de-defectos-de-la-tela-de-mezclilla\/\" target=\"_blank\" class=\"wd-social-icon social-linkedin\" aria-label=\"Enlace social de Linkedin\">\n\t\t\t\t\t\t<span class=\"wd-icon\"><\/span>\n\t\t\t\t\t\t\t\t\t\t\t<\/a>\n\t\t\t\t\n\t\t\t\t\n\t\t\t\t\n\t\t\t\t\n\t\t\t\t\n\t\t\t\t\n\t\t\t\t\n\t\t\t\t\n\t\t\t\t\n\t\t\t\t\n\t\t\t\t\n\t\t\t\t\n\t\t\t\t\n\t\t\t\t\n\t\t\t\t\n\t\t\t\t\t\t\t\t\t<a rel=\"noopener noreferrer nofollow\" href=\"https:\/\/telegram.me\/share\/url?url=https:\/\/lydenim.com\/es\/lista-de-verificacion-para-la-inspeccion-de-defectos-de-la-tela-de-mezclilla\/\" target=\"_blank\" class=\"wd-social-icon social-tg\" aria-label=\"Enlace social de Telegram\">\n\t\t\t\t\t\t<span class=\"wd-icon\"><\/span>\n\t\t\t\t\t\t\t\t\t\t\t<\/a>\n\t\t\t\t\n\t\t\t\t\n\t\t\t<\/div>\n\n\t\t\t\t\t\t\t\t\t\t<\/div>\n\t\t\t\t\t\t\t\t<div class=\"tooltip-arrow\"><\/div>\n\t\t\t\t\t\t\t<\/div>\n\t\t\t\t\t\t<\/div>\n\t\t\t\t\t\n\t\t\t\t\t\t\t\t\t<\/div>\n\t\t\t\n\t\t\t\t\t\t\t<div class=\"wd-post-excerpt entry-content\">\n\t\t\t\t\tIntroducci\u00f3n En el panorama de la moda actual, el denim es m\u00e1s que un tejido ic\u00f3nico: representa calidad, sostenibilidad y experiencia del consumidor.\t\t\t\t<\/div>\n\t\t\t\n\t\t\t\t\t\t\t\t\t\t\t\t<div class=\"wd-post-read-more wd-style-link read-more-section\">\n\t\t\t\t\t\t<a class=\"\" href=\"https:\/\/lydenim.com\/es\/lista-de-verificacion-para-la-inspeccion-de-defectos-de-la-tela-de-mezclilla\/\">Seguir leyendo<\/a>\t\t\t\t\t<\/div>\n\t\t\t\t\t\t\t\t\t<\/div>\n\t<\/div>\n<\/article>\n\n\t\t\t\t\t<\/div>\n\t\t\t\t<div class=\"wd-carousel-item\">\n\t\t\t\t\t\t\t\n<article id=\"post-6604\" class=\"wd-post blog-design-masonry blog-post-loop blog-style-bg wd-add-shadow post-6604 post type-post status-publish format-standard has-post-thumbnail hentry category-market\">\n\t<div class=\"wd-post-inner article-inner\">\n\t\t\t\t\t<div class=\"wd-post-thumb entry-header\">\n\t\t\t\t\t\t\t\t\t<div class=\"wd-post-img post-img-wrapp\">\n\t\t\t\t\t\t<img loading=\"lazy\" decoding=\"async\" width=\"150\" height=\"150\" src=\"https:\/\/lydenim.com\/wp-content\/uploads\/2025\/09\/\u0434\u0435\u043d\u0438\u043c-150x150.jpg\" class=\"attachment-thumbnail size-thumbnail\" alt=\"\" srcset=\"https:\/\/lydenim.com\/wp-content\/uploads\/2025\/09\/\u0434\u0435\u043d\u0438\u043c-150x150.jpg 150w, https:\/\/lydenim.com\/wp-content\/uploads\/2025\/09\/\u0434\u0435\u043d\u0438\u043c-300x300.jpg 300w, https:\/\/lydenim.com\/wp-content\/uploads\/2025\/09\/\u0434\u0435\u043d\u0438\u043c-45x45.jpg 45w\" sizes=\"auto, (max-width: 150px) 100vw, 150px\" \/>\t\t\t\t\t<\/div>\n\t\t\t\t\t<a class=\"wd-fill\" href=\"https:\/\/lydenim.com\/es\/\u0433\u0434\u0435-\u043a\u0443\u043f\u0438\u0442\u044c-\u043a\u0430\u0447\u0435\u0441\u0442\u0432\u0435\u043d\u043d\u0443\u044e-\u0434\u0436\u0438\u043d\u0441\u043e\u0432\u0443\u044e-\u0442\u043a\/\"><\/a>\n\t\t\t\t\n\t\t\t\t\t\t\t\t\t\t\t\t<div class=\"wd-post-date wd-style-with-bg\">\n\t\t\t\t<span class=\"post-date-day\">\n\t\t\t\t\t06\t\t\t\t<\/span>\n\t\t\t\t<span class=\"post-date-month\">\n\t\t\t\t\tOct\t\t\t\t<\/span>\n\t\t\t<\/div>\n\t\t\t\t\t\t\t\t\t<\/div>\n\t\t\n\t\t<div class=\"wd-post-content article-body-container\">\n\t\t\t\t\t\t\t<div class=\"wd-post-cat wd-style-with-bg meta-post-categories\">\n\t\t\t\t\t<a href=\"https:\/\/lydenim.com\/es\/category\/mercado\/\" rel=\"category tag\">Mercado<\/a>\t\t\t\t<\/div>\n\t\t\t\n\t\t\t\t\t\t\t<h3 class=\"wd-post-title wd-entities-title title post-title\">\n\t\t\t\t\t<a href=\"https:\/\/lydenim.com\/es\/\u0433\u0434\u0435-\u043a\u0443\u043f\u0438\u0442\u044c-\u043a\u0430\u0447\u0435\u0441\u0442\u0432\u0435\u043d\u043d\u0443\u044e-\u0434\u0436\u0438\u043d\u0441\u043e\u0432\u0443\u044e-\u0442\u043a\/\" rel=\"bookmark\">\n\t\t\t\t\t\t\u00bfQu\u00e9 tipo de compra tiene alguien que pueda elegir entre otras opciones?\t\t\t\t\t<\/a>\n\t\t\t\t<\/h3>\n\t\t\t\n\t\t\t\t\t\t\t<div class=\"wd-post-meta\">\n\t\t\t\t\t\t\t\t\t\t\t\t\t\t\t<div class=\"wd-post-author\">\n\t\t\t\t\t\t\t\t\t\t\t<span>Publicado por<\/span>\n\t\t\n\t\t\t\t\t\t\t\n\t\t\t\t\t<a href=\"https:\/\/lydenim.com\/es\/author\/malonematthewmmgmail-com\/\" class=\"author\" rel=\"author\">malonematthewmm@gmail.com<\/a>\n\t\t\t\t\t\t\t\t\t<\/div>\n\t\t\t\t\t<div class=\"wd-modified-date\">\n\t\t\t\t\t\t\t\t<time class=\"updated\" datetime=\"2025-10-06T14:21:43+08:00\">\n\t\t\t06\/10\/2025\t\t<\/time>\n\t\t\t\t\t\t\t<\/div>\n\n\t\t\t\t\t\t\t\t\t\t\t<div class=\"wd-post-share wd-tltp\">\n\t\t\t\t\t\t\t<div class=\"tooltip top\">\n\t\t\t\t\t\t\t\t<div class=\"tooltip-inner\">\n\t\t\t\t\t\t\t\t\t\t\t\t<div\n\t\t\t\t\t\tclass=\"wd-social-icons wd-style-default wd-size-small social-share wd-shape-circle color-scheme-light text-center\">\n\t\t\t\t\n\t\t\t\t\n\t\t\t\t\t\t\t\t\t<a rel=\"noopener noreferrer nofollow\" href=\"https:\/\/www.facebook.com\/sharer\/sharer.php?u=https:\/\/lydenim.com\/es\/\u0433\u0434\u0435-\u043a\u0443\u043f\u0438\u0442\u044c-\u043a\u0430\u0447\u0435\u0441\u0442\u0432\u0435\u043d\u043d\u0443\u044e-\u0434\u0436\u0438\u043d\u0441\u043e\u0432\u0443\u044e-\u0442\u043a\/\" target=\"_blank\" class=\"wd-social-icon social-facebook\" aria-label=\"Enlace social de Facebook\">\n\t\t\t\t\t\t<span class=\"wd-icon\"><\/span>\n\t\t\t\t\t\t\t\t\t\t\t<\/a>\n\t\t\t\t\n\t\t\t\t\t\t\t\t\t<a rel=\"noopener noreferrer nofollow\" href=\"https:\/\/x.com\/share?url=https:\/\/lydenim.com\/es\/\u0433\u0434\u0435-\u043a\u0443\u043f\u0438\u0442\u044c-\u043a\u0430\u0447\u0435\u0441\u0442\u0432\u0435\u043d\u043d\u0443\u044e-\u0434\u0436\u0438\u043d\u0441\u043e\u0432\u0443\u044e-\u0442\u043a\/\" target=\"_blank\" class=\"wd-social-icon social-twitter\" aria-label=\"X enlace social\">\n\t\t\t\t\t\t<span class=\"wd-icon\"><\/span>\n\t\t\t\t\t\t\t\t\t\t\t<\/a>\n\t\t\t\t\n\t\t\t\t\n\t\t\t\t\n\t\t\t\t\n\t\t\t\t\n\t\t\t\t\n\t\t\t\t\t\t\t\t\t<a rel=\"noopener noreferrer nofollow\" href=\"https:\/\/pinterest.com\/pin\/create\/button\/?url=https:\/\/lydenim.com\/es\/\u0433\u0434\u0435-\u043a\u0443\u043f\u0438\u0442\u044c-\u043a\u0430\u0447\u0435\u0441\u0442\u0432\u0435\u043d\u043d\u0443\u044e-\u0434\u0436\u0438\u043d\u0441\u043e\u0432\u0443\u044e-\u0442\u043a\/&media=https:\/\/lydenim.com\/wp-content\/uploads\/2025\/09\/\u0434\u0435\u043d\u0438\u043c.jpg&description=%D0%93%D0%B4%D0%B5+%D0%BA%D1%83%D0%BF%D0%B8%D1%82%D1%8C+%D0%BA%D0%B0%D1%87%D0%B5%D1%81%D1%82%D0%B2%D0%B5%D0%BD%D0%BD%D1%83%D1%8E+%D0%B4%D0%B6%D0%B8%D0%BD%D1%81%D0%BE%D0%B2%D1%83%D1%8E+%D1%82%D0%BA%D0%B0%D0%BD%D1%8C+%D0%B4%D0%BB%D1%8F+%D0%BF%D0%BE%D1%88%D0%B8%D0%B2%D0%B0+%D0%BE%D0%B4%D0%B5%D0%B6%D0%B4%D1%8B+%D0%BE%D0%BF%D1%82%D0%BE%D0%BC+%D0%B8+%D0%B2+%D1%80%D0%BE%D0%B7%D0%BD%D0%B8%D1%86%D1%83%3F\" target=\"_blank\" class=\"wd-social-icon social-pinterest\" aria-label=\"Enlace social de Pinterest\">\n\t\t\t\t\t\t<span class=\"wd-icon\"><\/span>\n\t\t\t\t\t\t\t\t\t\t\t<\/a>\n\t\t\t\t\n\t\t\t\t\n\t\t\t\t\t\t\t\t\t<a rel=\"noopener noreferrer nofollow\" href=\"https:\/\/www.linkedin.com\/shareArticle?mini=true&url=https:\/\/lydenim.com\/es\/\u0433\u0434\u0435-\u043a\u0443\u043f\u0438\u0442\u044c-\u043a\u0430\u0447\u0435\u0441\u0442\u0432\u0435\u043d\u043d\u0443\u044e-\u0434\u0436\u0438\u043d\u0441\u043e\u0432\u0443\u044e-\u0442\u043a\/\" target=\"_blank\" class=\"wd-social-icon social-linkedin\" aria-label=\"Enlace social de Linkedin\">\n\t\t\t\t\t\t<span class=\"wd-icon\"><\/span>\n\t\t\t\t\t\t\t\t\t\t\t<\/a>\n\t\t\t\t\n\t\t\t\t\n\t\t\t\t\n\t\t\t\t\n\t\t\t\t\n\t\t\t\t\n\t\t\t\t\n\t\t\t\t\n\t\t\t\t\n\t\t\t\t\n\t\t\t\t\n\t\t\t\t\n\t\t\t\t\n\t\t\t\t\n\t\t\t\t\n\t\t\t\t\t\t\t\t\t<a rel=\"noopener noreferrer nofollow\" href=\"https:\/\/telegram.me\/share\/url?url=https:\/\/lydenim.com\/es\/\u0433\u0434\u0435-\u043a\u0443\u043f\u0438\u0442\u044c-\u043a\u0430\u0447\u0435\u0441\u0442\u0432\u0435\u043d\u043d\u0443\u044e-\u0434\u0436\u0438\u043d\u0441\u043e\u0432\u0443\u044e-\u0442\u043a\/\" target=\"_blank\" class=\"wd-social-icon social-tg\" aria-label=\"Enlace social de Telegram\">\n\t\t\t\t\t\t<span class=\"wd-icon\"><\/span>\n\t\t\t\t\t\t\t\t\t\t\t<\/a>\n\t\t\t\t\n\t\t\t\t\n\t\t\t<\/div>\n\n\t\t\t\t\t\t\t\t\t\t<\/div>\n\t\t\t\t\t\t\t\t<div class=\"tooltip-arrow\"><\/div>\n\t\t\t\t\t\t\t<\/div>\n\t\t\t\t\t\t<\/div>\n\t\t\t\t\t\n\t\t\t\t\t\t\t\t\t<\/div>\n\t\t\t\n\t\t\t\t\t\t\t<div class=\"wd-post-excerpt entry-content\">\n\t\t\t\t\tPrimera vez: ~4 minutos \u0414\u0436\u0438\u043d\u0441\u043e\u0432\u0430\u044f \u0442\u043a\u0430\u043d\u044c \u0438\u043b\u0438 \u0434\u0435\u043d\u0438\u043c \u043e\u0441\u0442\u0430\u0451\u0442\u0441\u044f \u043e\u0434\u043d\u0438\u043c \u0438\u0437 \u0441\u0430\u043c\u044b\u0445 \u043f\u043e\u043f\u0443\u043b\u044f\u0440\u043d\u044b\u0445 \u0442\u043a\u0430\u043d\u044c \u0438\u043b\u0438 \u0434\u0435\u043d\u0438\u043c \u043e\u0441\u0442\u0430\u0451\u0442\u0441\u044f \u043e\u0434\u043d\u0438\u043c \u0438\u0437 \u0441\u0430\u043c\u044b\u0445 \u043f\u043e\u043f\u0443\u043b\u044f\u0440\u043d\u044b\u0445 \u043c\u0430\u0442\u0435\u0440\u0438\u0430\u043b\u043e\u0432 \u0434\u043b\u044f \u043f\u043e\u0448\u0438\u0432\u0430 \u043e\u0434\u0435\u0436\u0434\u044b \u0432\u043e \u0432\u0441\u0451\u043c mi...\t\t\t\t<\/div>\n\t\t\t\n\t\t\t\t\t\t\t\t\t\t\t\t<div class=\"wd-post-read-more wd-style-link read-more-section\">\n\t\t\t\t\t\t<a class=\"\" href=\"https:\/\/lydenim.com\/es\/\u0433\u0434\u0435-\u043a\u0443\u043f\u0438\u0442\u044c-\u043a\u0430\u0447\u0435\u0441\u0442\u0432\u0435\u043d\u043d\u0443\u044e-\u0434\u0436\u0438\u043d\u0441\u043e\u0432\u0443\u044e-\u0442\u043a\/\">Seguir leyendo<\/a>\t\t\t\t\t<\/div>\n\t\t\t\t\t\t\t\t\t<\/div>\n\t<\/div>\n<\/article>\n\n\t\t\t\t\t<\/div>\n\t\t\t\t<div class=\"wd-carousel-item\">\n\t\t\t\t\t\t\t\n<article id=\"post-6560\" class=\"wd-post blog-design-masonry blog-post-loop blog-style-bg wd-add-shadow post-6560 post type-post status-publish format-standard has-post-thumbnail hentry category-garment\">\n\t<div class=\"wd-post-inner article-inner\">\n\t\t\t\t\t<div class=\"wd-post-thumb entry-header\">\n\t\t\t\t\t\t\t\t\t<div class=\"wd-post-img post-img-wrapp\">\n\t\t\t\t\t\t<img loading=\"lazy\" decoding=\"async\" width=\"150\" height=\"150\" src=\"https:\/\/lydenim.com\/wp-content\/uploads\/2025\/09\/Colored-Denim-Clothing-Vibrant-Trends-and-Styling-150x150.jpg\" class=\"attachment-thumbnail size-thumbnail\" alt=\"\" srcset=\"https:\/\/lydenim.com\/wp-content\/uploads\/2025\/09\/Colored-Denim-Clothing-Vibrant-Trends-and-Styling-150x150.jpg 150w, https:\/\/lydenim.com\/wp-content\/uploads\/2025\/09\/Colored-Denim-Clothing-Vibrant-Trends-and-Styling-300x300.jpg 300w, https:\/\/lydenim.com\/wp-content\/uploads\/2025\/09\/Colored-Denim-Clothing-Vibrant-Trends-and-Styling-45x45.jpg 45w\" sizes=\"auto, (max-width: 150px) 100vw, 150px\" \/>\t\t\t\t\t<\/div>\n\t\t\t\t\t<a class=\"wd-fill\" href=\"https:\/\/lydenim.com\/es\/ropa-vaquera-de-colores-tendencias-vibrantes-y-estilos\/\"><\/a>\n\t\t\t\t\n\t\t\t\t\t\t\t\t\t\t\t\t<div class=\"wd-post-date wd-style-with-bg\">\n\t\t\t\t<span class=\"post-date-day\">\n\t\t\t\t\t04\t\t\t\t<\/span>\n\t\t\t\t<span class=\"post-date-month\">\n\t\t\t\t\tOct\t\t\t\t<\/span>\n\t\t\t<\/div>\n\t\t\t\t\t\t\t\t\t<\/div>\n\t\t\n\t\t<div class=\"wd-post-content article-body-container\">\n\t\t\t\t\t\t\t<div class=\"wd-post-cat wd-style-with-bg meta-post-categories\">\n\t\t\t\t\t<a href=\"https:\/\/lydenim.com\/es\/category\/prenda\/\" rel=\"category tag\">PRENDA<\/a>\t\t\t\t<\/div>\n\t\t\t\n\t\t\t\t\t\t\t<h3 class=\"wd-post-title wd-entities-title title post-title\">\n\t\t\t\t\t<a href=\"https:\/\/lydenim.com\/es\/ropa-vaquera-de-colores-tendencias-vibrantes-y-estilos\/\" rel=\"bookmark\">\n\t\t\t\t\t\tRopa vaquera de colores: tendencias vibrantes y estilos\t\t\t\t\t<\/a>\n\t\t\t\t<\/h3>\n\t\t\t\n\t\t\t\t\t\t\t<div class=\"wd-post-meta\">\n\t\t\t\t\t\t\t\t\t\t\t\t\t\t\t<div class=\"wd-post-author\">\n\t\t\t\t\t\t\t\t\t\t\t<span>Publicado por<\/span>\n\t\t\n\t\t\t\t\t\t\t\n\t\t\t\t\t<a href=\"https:\/\/lydenim.com\/es\/author\/malonematthewmmgmail-com\/\" class=\"author\" rel=\"author\">malonematthewmm@gmail.com<\/a>\n\t\t\t\t\t\t\t\t\t<\/div>\n\t\t\t\t\t<div class=\"wd-modified-date\">\n\t\t\t\t\t\t\t\t<time class=\"updated\" datetime=\"2025-10-08T17:50:47+08:00\">\n\t\t\t08\/10\/2025\t\t<\/time>\n\t\t\t\t\t\t\t<\/div>\n\n\t\t\t\t\t\t\t\t\t\t\t<div class=\"wd-post-share wd-tltp\">\n\t\t\t\t\t\t\t<div class=\"tooltip top\">\n\t\t\t\t\t\t\t\t<div class=\"tooltip-inner\">\n\t\t\t\t\t\t\t\t\t\t\t\t<div\n\t\t\t\t\t\tclass=\"wd-social-icons wd-style-default wd-size-small social-share wd-shape-circle color-scheme-light text-center\">\n\t\t\t\t\n\t\t\t\t\n\t\t\t\t\t\t\t\t\t<a rel=\"noopener noreferrer nofollow\" href=\"https:\/\/www.facebook.com\/sharer\/sharer.php?u=https:\/\/lydenim.com\/es\/ropa-vaquera-de-colores-tendencias-vibrantes-y-estilos\/\" target=\"_blank\" class=\"wd-social-icon social-facebook\" aria-label=\"Enlace social de Facebook\">\n\t\t\t\t\t\t<span class=\"wd-icon\"><\/span>\n\t\t\t\t\t\t\t\t\t\t\t<\/a>\n\t\t\t\t\n\t\t\t\t\t\t\t\t\t<a rel=\"noopener noreferrer nofollow\" href=\"https:\/\/x.com\/share?url=https:\/\/lydenim.com\/es\/ropa-vaquera-de-colores-tendencias-vibrantes-y-estilos\/\" target=\"_blank\" class=\"wd-social-icon social-twitter\" aria-label=\"X enlace social\">\n\t\t\t\t\t\t<span class=\"wd-icon\"><\/span>\n\t\t\t\t\t\t\t\t\t\t\t<\/a>\n\t\t\t\t\n\t\t\t\t\n\t\t\t\t\n\t\t\t\t\n\t\t\t\t\n\t\t\t\t\n\t\t\t\t\t\t\t\t\t<a rel=\"noopener noreferrer nofollow\" href=\"https:\/\/pinterest.com\/pin\/create\/button\/?url=https:\/\/lydenim.com\/es\/ropa-vaquera-de-colores-tendencias-vibrantes-y-estilos\/&media=https:\/\/lydenim.com\/wp-content\/uploads\/2025\/09\/Colored-Denim-Clothing-Vibrant-Trends-and-Styling.jpg&description=Colored+Denim+Clothing%3A+Vibrant+Trends+and+Styling\" target=\"_blank\" class=\"wd-social-icon social-pinterest\" aria-label=\"Enlace social de Pinterest\">\n\t\t\t\t\t\t<span class=\"wd-icon\"><\/span>\n\t\t\t\t\t\t\t\t\t\t\t<\/a>\n\t\t\t\t\n\t\t\t\t\n\t\t\t\t\t\t\t\t\t<a rel=\"noopener noreferrer nofollow\" href=\"https:\/\/www.linkedin.com\/shareArticle?mini=true&url=https:\/\/lydenim.com\/es\/ropa-vaquera-de-colores-tendencias-vibrantes-y-estilos\/\" target=\"_blank\" class=\"wd-social-icon social-linkedin\" aria-label=\"Enlace social de Linkedin\">\n\t\t\t\t\t\t<span class=\"wd-icon\"><\/span>\n\t\t\t\t\t\t\t\t\t\t\t<\/a>\n\t\t\t\t\n\t\t\t\t\n\t\t\t\t\n\t\t\t\t\n\t\t\t\t\n\t\t\t\t\n\t\t\t\t\n\t\t\t\t\n\t\t\t\t\n\t\t\t\t\n\t\t\t\t\n\t\t\t\t\n\t\t\t\t\n\t\t\t\t\n\t\t\t\t\n\t\t\t\t\t\t\t\t\t<a rel=\"noopener noreferrer nofollow\" href=\"https:\/\/telegram.me\/share\/url?url=https:\/\/lydenim.com\/es\/ropa-vaquera-de-colores-tendencias-vibrantes-y-estilos\/\" target=\"_blank\" class=\"wd-social-icon social-tg\" aria-label=\"Enlace social de Telegram\">\n\t\t\t\t\t\t<span class=\"wd-icon\"><\/span>\n\t\t\t\t\t\t\t\t\t\t\t<\/a>\n\t\t\t\t\n\t\t\t\t\n\t\t\t<\/div>\n\n\t\t\t\t\t\t\t\t\t\t<\/div>\n\t\t\t\t\t\t\t\t<div class=\"tooltip-arrow\"><\/div>\n\t\t\t\t\t\t\t<\/div>\n\t\t\t\t\t\t<\/div>\n\t\t\t\t\t\n\t\t\t\t\t\t\t\t\t<\/div>\n\t\t\t\n\t\t\t\t\t\t\t<div class=\"wd-post-excerpt entry-content\">\n\t\t\t\t\tTiempo estimado de lectura: ~3 minutos La moda moderna ha evolucionado a trav\u00e9s de la ropa de mezclilla de colores, que presenta una amplia gama de c...\t\t\t\t<\/div>\n\t\t\t\n\t\t\t\t\t\t\t\t\t\t\t\t<div class=\"wd-post-read-more wd-style-link read-more-section\">\n\t\t\t\t\t\t<a class=\"\" href=\"https:\/\/lydenim.com\/es\/ropa-vaquera-de-colores-tendencias-vibrantes-y-estilos\/\">Seguir leyendo<\/a>\t\t\t\t\t<\/div>\n\t\t\t\t\t\t\t\t\t<\/div>\n\t<\/div>\n<\/article>\n\n\t\t\t\t\t<\/div>\n\t\t\t\t<div class=\"wd-carousel-item\">\n\t\t\t\t\t\t\t\n<article id=\"post-6566\" class=\"wd-post blog-design-masonry blog-post-loop blog-style-bg wd-add-shadow post-6566 post type-post status-publish format-standard has-post-thumbnail hentry category-garment\">\n\t<div class=\"wd-post-inner article-inner\">\n\t\t\t\t\t<div class=\"wd-post-thumb entry-header\">\n\t\t\t\t\t\t\t\t\t<div class=\"wd-post-img post-img-wrapp\">\n\t\t\t\t\t\t<img loading=\"lazy\" decoding=\"async\" width=\"150\" height=\"150\" src=\"https:\/\/lydenim.com\/wp-content\/uploads\/2025\/09\/buy-custom-denim-fabrics-directly-150x150.jpg\" class=\"attachment-thumbnail size-thumbnail\" alt=\"\" srcset=\"https:\/\/lydenim.com\/wp-content\/uploads\/2025\/09\/buy-custom-denim-fabrics-directly-150x150.jpg 150w, https:\/\/lydenim.com\/wp-content\/uploads\/2025\/09\/buy-custom-denim-fabrics-directly-300x300.jpg 300w, https:\/\/lydenim.com\/wp-content\/uploads\/2025\/09\/buy-custom-denim-fabrics-directly-45x45.jpg 45w\" sizes=\"auto, (max-width: 150px) 100vw, 150px\" \/>\t\t\t\t\t<\/div>\n\t\t\t\t\t<a class=\"wd-fill\" href=\"https:\/\/lydenim.com\/es\/donde-comprar-telas-de-mezclilla-personalizadas-directamente-de-los-fabricantes-para-facilitar-la-produccion-de-ropa\/\"><\/a>\n\t\t\t\t\n\t\t\t\t\t\t\t\t\t\t\t\t<div class=\"wd-post-date wd-style-with-bg\">\n\t\t\t\t<span class=\"post-date-day\">\n\t\t\t\t\t02\t\t\t\t<\/span>\n\t\t\t\t<span class=\"post-date-month\">\n\t\t\t\t\tOct\t\t\t\t<\/span>\n\t\t\t<\/div>\n\t\t\t\t\t\t\t\t\t<\/div>\n\t\t\n\t\t<div class=\"wd-post-content article-body-container\">\n\t\t\t\t\t\t\t<div class=\"wd-post-cat wd-style-with-bg meta-post-categories\">\n\t\t\t\t\t<a href=\"https:\/\/lydenim.com\/es\/category\/prenda\/\" rel=\"category tag\">PRENDA<\/a>\t\t\t\t<\/div>\n\t\t\t\n\t\t\t\t\t\t\t<h3 class=\"wd-post-title wd-entities-title title post-title\">\n\t\t\t\t\t<a href=\"https:\/\/lydenim.com\/es\/donde-comprar-telas-de-mezclilla-personalizadas-directamente-de-los-fabricantes-para-facilitar-la-produccion-de-ropa\/\" rel=\"bookmark\">\n\t\t\t\t\t\tD\u00f3nde comprar telas de mezclilla personalizadas directamente de los fabricantes para facilitar la producci\u00f3n de prendas\t\t\t\t\t<\/a>\n\t\t\t\t<\/h3>\n\t\t\t\n\t\t\t\t\t\t\t<div class=\"wd-post-meta\">\n\t\t\t\t\t\t\t\t\t\t\t\t\t\t\t<div class=\"wd-post-author\">\n\t\t\t\t\t\t\t\t\t\t\t<span>Publicado por<\/span>\n\t\t\n\t\t\t\t\t\t\t\n\t\t\t\t\t<a href=\"https:\/\/lydenim.com\/es\/author\/malonematthewmmgmail-com\/\" class=\"author\" rel=\"author\">malonematthewmm@gmail.com<\/a>\n\t\t\t\t\t\t\t\t\t<\/div>\n\t\t\t\t\t<div class=\"wd-modified-date\">\n\t\t\t\t\t\t\t\t<time class=\"updated\" datetime=\"2025-10-02T11:36:57+08:00\">\n\t\t\t02\/10\/2025\t\t<\/time>\n\t\t\t\t\t\t\t<\/div>\n\n\t\t\t\t\t\t\t\t\t\t\t<div class=\"wd-post-share wd-tltp\">\n\t\t\t\t\t\t\t<div class=\"tooltip top\">\n\t\t\t\t\t\t\t\t<div class=\"tooltip-inner\">\n\t\t\t\t\t\t\t\t\t\t\t\t<div\n\t\t\t\t\t\tclass=\"wd-social-icons wd-style-default wd-size-small social-share wd-shape-circle color-scheme-light text-center\">\n\t\t\t\t\n\t\t\t\t\n\t\t\t\t\t\t\t\t\t<a rel=\"noopener noreferrer nofollow\" href=\"https:\/\/www.facebook.com\/sharer\/sharer.php?u=https:\/\/lydenim.com\/es\/donde-comprar-telas-de-mezclilla-personalizadas-directamente-de-los-fabricantes-para-facilitar-la-produccion-de-ropa\/\" target=\"_blank\" class=\"wd-social-icon social-facebook\" aria-label=\"Enlace social de Facebook\">\n\t\t\t\t\t\t<span class=\"wd-icon\"><\/span>\n\t\t\t\t\t\t\t\t\t\t\t<\/a>\n\t\t\t\t\n\t\t\t\t\t\t\t\t\t<a rel=\"noopener noreferrer nofollow\" href=\"https:\/\/x.com\/share?url=https:\/\/lydenim.com\/es\/donde-comprar-telas-de-mezclilla-personalizadas-directamente-de-los-fabricantes-para-facilitar-la-produccion-de-ropa\/\" target=\"_blank\" class=\"wd-social-icon social-twitter\" aria-label=\"X enlace social\">\n\t\t\t\t\t\t<span class=\"wd-icon\"><\/span>\n\t\t\t\t\t\t\t\t\t\t\t<\/a>\n\t\t\t\t\n\t\t\t\t\n\t\t\t\t\n\t\t\t\t\n\t\t\t\t\n\t\t\t\t\n\t\t\t\t\t\t\t\t\t<a rel=\"noopener noreferrer nofollow\" href=\"https:\/\/pinterest.com\/pin\/create\/button\/?url=https:\/\/lydenim.com\/es\/donde-comprar-telas-de-mezclilla-personalizadas-directamente-de-los-fabricantes-para-facilitar-la-produccion-de-ropa\/&media=https:\/\/lydenim.com\/wp-content\/uploads\/2025\/09\/buy-custom-denim-fabrics-directly.jpg&description=Where+to+buy+custom+denim+fabrics+directly+from+manufacturers+for+clothing+production+made+easy\" target=\"_blank\" class=\"wd-social-icon social-pinterest\" aria-label=\"Enlace social de Pinterest\">\n\t\t\t\t\t\t<span class=\"wd-icon\"><\/span>\n\t\t\t\t\t\t\t\t\t\t\t<\/a>\n\t\t\t\t\n\t\t\t\t\n\t\t\t\t\t\t\t\t\t<a rel=\"noopener noreferrer nofollow\" href=\"https:\/\/www.linkedin.com\/shareArticle?mini=true&url=https:\/\/lydenim.com\/es\/donde-comprar-telas-de-mezclilla-personalizadas-directamente-de-los-fabricantes-para-facilitar-la-produccion-de-ropa\/\" target=\"_blank\" class=\"wd-social-icon social-linkedin\" aria-label=\"Enlace social de Linkedin\">\n\t\t\t\t\t\t<span class=\"wd-icon\"><\/span>\n\t\t\t\t\t\t\t\t\t\t\t<\/a>\n\t\t\t\t\n\t\t\t\t\n\t\t\t\t\n\t\t\t\t\n\t\t\t\t\n\t\t\t\t\n\t\t\t\t\n\t\t\t\t\n\t\t\t\t\n\t\t\t\t\n\t\t\t\t\n\t\t\t\t\n\t\t\t\t\n\t\t\t\t\n\t\t\t\t\n\t\t\t\t\t\t\t\t\t<a rel=\"noopener noreferrer nofollow\" href=\"https:\/\/telegram.me\/share\/url?url=https:\/\/lydenim.com\/es\/donde-comprar-telas-de-mezclilla-personalizadas-directamente-de-los-fabricantes-para-facilitar-la-produccion-de-ropa\/\" target=\"_blank\" class=\"wd-social-icon social-tg\" aria-label=\"Enlace social de Telegram\">\n\t\t\t\t\t\t<span class=\"wd-icon\"><\/span>\n\t\t\t\t\t\t\t\t\t\t\t<\/a>\n\t\t\t\t\n\t\t\t\t\n\t\t\t<\/div>\n\n\t\t\t\t\t\t\t\t\t\t<\/div>\n\t\t\t\t\t\t\t\t<div class=\"tooltip-arrow\"><\/div>\n\t\t\t\t\t\t\t<\/div>\n\t\t\t\t\t\t<\/div>\n\t\t\t\t\t\n\t\t\t\t\t\t\t\t\t<\/div>\n\t\t\t\n\t\t\t\t\t\t\t<div class=\"wd-post-excerpt entry-content\">\n\t\t\t\t\tTiempo estimado de lectura: ~5 minutos Comprar telas de mezclilla personalizadas directamente de los fabricantes aporta beneficios sustanciales a la confecci\u00f3n...\t\t\t\t<\/div>\n\t\t\t\n\t\t\t\t\t\t\t\t\t\t\t\t<div class=\"wd-post-read-more wd-style-link read-more-section\">\n\t\t\t\t\t\t<a class=\"\" href=\"https:\/\/lydenim.com\/es\/donde-comprar-telas-de-mezclilla-personalizadas-directamente-de-los-fabricantes-para-facilitar-la-produccion-de-ropa\/\">Seguir leyendo<\/a>\t\t\t\t\t<\/div>\n\t\t\t\t\t\t\t\t\t<\/div>\n\t<\/div>\n<\/article>\n\n\t\t\t\t\t<\/div>\n\t\t\t\t<div class=\"wd-carousel-item\">\n\t\t\t\t\t\t\t\n<article id=\"post-6608\" class=\"wd-post blog-design-masonry blog-post-loop blog-style-bg wd-add-shadow post-6608 post type-post status-publish format-standard has-post-thumbnail hentry category-denim-knowledge\">\n\t<div class=\"wd-post-inner article-inner\">\n\t\t\t\t\t<div class=\"wd-post-thumb entry-header\">\n\t\t\t\t\t\t\t\t\t<div class=\"wd-post-img post-img-wrapp\">\n\t\t\t\t\t\t<img loading=\"lazy\" decoding=\"async\" width=\"150\" height=\"150\" src=\"https:\/\/lydenim.com\/wp-content\/uploads\/2025\/09\/mezclilla-150x150.jpg\" class=\"attachment-thumbnail size-thumbnail\" alt=\"\" srcset=\"https:\/\/lydenim.com\/wp-content\/uploads\/2025\/09\/mezclilla-150x150.jpg 150w, https:\/\/lydenim.com\/wp-content\/uploads\/2025\/09\/mezclilla-300x300.jpg 300w, https:\/\/lydenim.com\/wp-content\/uploads\/2025\/09\/mezclilla-45x45.jpg 45w\" sizes=\"auto, (max-width: 150px) 100vw, 150px\" \/>\t\t\t\t\t<\/div>\n\t\t\t\t\t<a class=\"wd-fill\" href=\"https:\/\/lydenim.com\/es\/donde-comprar-mezclilla-de-alta-calidad-para-confeccion-de-ropa-personalizada\/\"><\/a>\n\t\t\t\t\n\t\t\t\t\t\t\t\t\t\t\t\t<div class=\"wd-post-date wd-style-with-bg\">\n\t\t\t\t<span class=\"post-date-day\">\n\t\t\t\t\t29\t\t\t\t<\/span>\n\t\t\t\t<span class=\"post-date-month\">\n\t\t\t\t\tSep\t\t\t\t<\/span>\n\t\t\t<\/div>\n\t\t\t\t\t\t\t\t\t<\/div>\n\t\t\n\t\t<div class=\"wd-post-content article-body-container\">\n\t\t\t\t\t\t\t<div class=\"wd-post-cat wd-style-with-bg meta-post-categories\">\n\t\t\t\t\t<a href=\"https:\/\/lydenim.com\/es\/category\/conocimiento-de-mezclilla\/\" rel=\"category tag\">Conocimiento del denim<\/a>\t\t\t\t<\/div>\n\t\t\t\n\t\t\t\t\t\t\t<h3 class=\"wd-post-title wd-entities-title title post-title\">\n\t\t\t\t\t<a href=\"https:\/\/lydenim.com\/es\/donde-comprar-mezclilla-de-alta-calidad-para-confeccion-de-ropa-personalizada\/\" rel=\"bookmark\">\n\t\t\t\t\t\t\u00bfD\u00f3nde comprar mezclilla de alta calidad para confecci\u00f3n de ropa personalizada?\t\t\t\t\t<\/a>\n\t\t\t\t<\/h3>\n\t\t\t\n\t\t\t\t\t\t\t<div class=\"wd-post-meta\">\n\t\t\t\t\t\t\t\t\t\t\t\t\t\t\t<div class=\"wd-post-author\">\n\t\t\t\t\t\t\t\t\t\t\t<span>Publicado por<\/span>\n\t\t\n\t\t\t\t\t\t\t\n\t\t\t\t\t<a href=\"https:\/\/lydenim.com\/es\/author\/malonematthewmmgmail-com\/\" class=\"author\" rel=\"author\">malonematthewmm@gmail.com<\/a>\n\t\t\t\t\t\t\t\t\t<\/div>\n\t\t\t\t\t<div class=\"wd-modified-date\">\n\t\t\t\t\t\t\t\t<time class=\"updated\" datetime=\"2025-09-29T13:05:02+08:00\">\n\t\t\t29\/09\/2025\t\t<\/time>\n\t\t\t\t\t\t\t<\/div>\n\n\t\t\t\t\t\t\t\t\t\t\t<div class=\"wd-post-share wd-tltp\">\n\t\t\t\t\t\t\t<div class=\"tooltip top\">\n\t\t\t\t\t\t\t\t<div class=\"tooltip-inner\">\n\t\t\t\t\t\t\t\t\t\t\t\t<div\n\t\t\t\t\t\tclass=\"wd-social-icons wd-style-default wd-size-small social-share wd-shape-circle color-scheme-light text-center\">\n\t\t\t\t\n\t\t\t\t\n\t\t\t\t\t\t\t\t\t<a rel=\"noopener noreferrer nofollow\" href=\"https:\/\/www.facebook.com\/sharer\/sharer.php?u=https:\/\/lydenim.com\/es\/donde-comprar-mezclilla-de-alta-calidad-para-confeccion-de-ropa-personalizada\/\" target=\"_blank\" class=\"wd-social-icon social-facebook\" aria-label=\"Enlace social de Facebook\">\n\t\t\t\t\t\t<span class=\"wd-icon\"><\/span>\n\t\t\t\t\t\t\t\t\t\t\t<\/a>\n\t\t\t\t\n\t\t\t\t\t\t\t\t\t<a rel=\"noopener noreferrer nofollow\" href=\"https:\/\/x.com\/share?url=https:\/\/lydenim.com\/es\/donde-comprar-mezclilla-de-alta-calidad-para-confeccion-de-ropa-personalizada\/\" target=\"_blank\" class=\"wd-social-icon social-twitter\" aria-label=\"X enlace social\">\n\t\t\t\t\t\t<span class=\"wd-icon\"><\/span>\n\t\t\t\t\t\t\t\t\t\t\t<\/a>\n\t\t\t\t\n\t\t\t\t\n\t\t\t\t\n\t\t\t\t\n\t\t\t\t\n\t\t\t\t\n\t\t\t\t\t\t\t\t\t<a rel=\"noopener noreferrer nofollow\" href=\"https:\/\/pinterest.com\/pin\/create\/button\/?url=https:\/\/lydenim.com\/es\/donde-comprar-mezclilla-de-alta-calidad-para-confeccion-de-ropa-personalizada\/&media=https:\/\/lydenim.com\/wp-content\/uploads\/2025\/09\/mezclilla.jpg&description=%C2%BFD%C3%B3nde+comprar+mezclilla+de+alta+calidad+para+confecci%C3%B3n+de+ropa+personalizada%3F\" target=\"_blank\" class=\"wd-social-icon social-pinterest\" aria-label=\"Enlace social de Pinterest\">\n\t\t\t\t\t\t<span class=\"wd-icon\"><\/span>\n\t\t\t\t\t\t\t\t\t\t\t<\/a>\n\t\t\t\t\n\t\t\t\t\n\t\t\t\t\t\t\t\t\t<a rel=\"noopener noreferrer nofollow\" href=\"https:\/\/www.linkedin.com\/shareArticle?mini=true&url=https:\/\/lydenim.com\/es\/donde-comprar-mezclilla-de-alta-calidad-para-confeccion-de-ropa-personalizada\/\" target=\"_blank\" class=\"wd-social-icon social-linkedin\" aria-label=\"Enlace social de Linkedin\">\n\t\t\t\t\t\t<span class=\"wd-icon\"><\/span>\n\t\t\t\t\t\t\t\t\t\t\t<\/a>\n\t\t\t\t\n\t\t\t\t\n\t\t\t\t\n\t\t\t\t\n\t\t\t\t\n\t\t\t\t\n\t\t\t\t\n\t\t\t\t\n\t\t\t\t\n\t\t\t\t\n\t\t\t\t\n\t\t\t\t\n\t\t\t\t\n\t\t\t\t\n\t\t\t\t\n\t\t\t\t\t\t\t\t\t<a rel=\"noopener noreferrer nofollow\" href=\"https:\/\/telegram.me\/share\/url?url=https:\/\/lydenim.com\/es\/donde-comprar-mezclilla-de-alta-calidad-para-confeccion-de-ropa-personalizada\/\" target=\"_blank\" class=\"wd-social-icon social-tg\" aria-label=\"Enlace social de Telegram\">\n\t\t\t\t\t\t<span class=\"wd-icon\"><\/span>\n\t\t\t\t\t\t\t\t\t\t\t<\/a>\n\t\t\t\t\n\t\t\t\t\n\t\t\t<\/div>\n\n\t\t\t\t\t\t\t\t\t\t<\/div>\n\t\t\t\t\t\t\t\t<div class=\"tooltip-arrow\"><\/div>\n\t\t\t\t\t\t\t<\/div>\n\t\t\t\t\t\t<\/div>\n\t\t\t\t\t\n\t\t\t\t\t\t\t\t\t<\/div>\n\t\t\t\n\t\t\t\t\t\t\t<div class=\"wd-post-excerpt entry-content\">\n\t\t\t\t\tTiempo estimado de lectura: ~5 minutos La mezclilla de alta calidad es esencial para f\u00e1bricas de ropa y dise\u00f1adores que quieren crear...\t\t\t\t<\/div>\n\t\t\t\n\t\t\t\t\t\t\t\t\t\t\t\t<div class=\"wd-post-read-more wd-style-link read-more-section\">\n\t\t\t\t\t\t<a class=\"\" href=\"https:\/\/lydenim.com\/es\/donde-comprar-mezclilla-de-alta-calidad-para-confeccion-de-ropa-personalizada\/\">Seguir leyendo<\/a>\t\t\t\t\t<\/div>\n\t\t\t\t\t\t\t\t\t<\/div>\n\t<\/div>\n<\/article>\n\n\t\t\t\t\t<\/div>\n\t\t\t\t<div class=\"wd-carousel-item\">\n\t\t\t\t\t\t\t\n<article id=\"post-6564\" class=\"wd-post blog-design-masonry blog-post-loop blog-style-bg wd-add-shadow post-6564 post type-post status-publish format-standard has-post-thumbnail hentry category-denim-knowledge\">\n\t<div class=\"wd-post-inner article-inner\">\n\t\t\t\t\t<div class=\"wd-post-thumb entry-header\">\n\t\t\t\t\t\t\t\t\t<div class=\"wd-post-img post-img-wrapp\">\n\t\t\t\t\t\t<img loading=\"lazy\" decoding=\"async\" width=\"150\" height=\"150\" src=\"https:\/\/lydenim.com\/wp-content\/uploads\/2025\/09\/Reliable-Denim-Fabric-Suppliers-For-New-Clothing-Lines-Boost-Business-150x150.jpg\" class=\"attachment-thumbnail size-thumbnail\" alt=\"\" srcset=\"https:\/\/lydenim.com\/wp-content\/uploads\/2025\/09\/Reliable-Denim-Fabric-Suppliers-For-New-Clothing-Lines-Boost-Business-150x150.jpg 150w, https:\/\/lydenim.com\/wp-content\/uploads\/2025\/09\/Reliable-Denim-Fabric-Suppliers-For-New-Clothing-Lines-Boost-Business-300x300.jpg 300w, https:\/\/lydenim.com\/wp-content\/uploads\/2025\/09\/Reliable-Denim-Fabric-Suppliers-For-New-Clothing-Lines-Boost-Business-45x45.jpg 45w\" sizes=\"auto, (max-width: 150px) 100vw, 150px\" \/>\t\t\t\t\t<\/div>\n\t\t\t\t\t<a class=\"wd-fill\" href=\"https:\/\/lydenim.com\/es\/los-proveedores-confiables-de-tela-de-mezclilla-para-nuevas-lineas-de-ropa-impulsan-el-negocio\/\"><\/a>\n\t\t\t\t\n\t\t\t\t\t\t\t\t\t\t\t\t<div class=\"wd-post-date wd-style-with-bg\">\n\t\t\t\t<span class=\"post-date-day\">\n\t\t\t\t\t27\t\t\t\t<\/span>\n\t\t\t\t<span class=\"post-date-month\">\n\t\t\t\t\tSep\t\t\t\t<\/span>\n\t\t\t<\/div>\n\t\t\t\t\t\t\t\t\t<\/div>\n\t\t\n\t\t<div class=\"wd-post-content article-body-container\">\n\t\t\t\t\t\t\t<div class=\"wd-post-cat wd-style-with-bg meta-post-categories\">\n\t\t\t\t\t<a href=\"https:\/\/lydenim.com\/es\/category\/conocimiento-de-mezclilla\/\" rel=\"category tag\">Conocimiento del denim<\/a>\t\t\t\t<\/div>\n\t\t\t\n\t\t\t\t\t\t\t<h3 class=\"wd-post-title wd-entities-title title post-title\">\n\t\t\t\t\t<a href=\"https:\/\/lydenim.com\/es\/los-proveedores-confiables-de-tela-de-mezclilla-para-nuevas-lineas-de-ropa-impulsan-el-negocio\/\" rel=\"bookmark\">\n\t\t\t\t\t\tProveedores confiables de tela vaquera para nuevas l\u00edneas de ropa impulsan el negocio\t\t\t\t\t<\/a>\n\t\t\t\t<\/h3>\n\t\t\t\n\t\t\t\t\t\t\t<div class=\"wd-post-meta\">\n\t\t\t\t\t\t\t\t\t\t\t\t\t\t\t<div class=\"wd-post-author\">\n\t\t\t\t\t\t\t\t\t\t\t<span>Publicado por<\/span>\n\t\t\n\t\t\t\t\t\t\t\n\t\t\t\t\t<a href=\"https:\/\/lydenim.com\/es\/author\/malonematthewmmgmail-com\/\" class=\"author\" rel=\"author\">malonematthewmm@gmail.com<\/a>\n\t\t\t\t\t\t\t\t\t<\/div>\n\t\t\t\t\t<div class=\"wd-modified-date\">\n\t\t\t\t\t\t\t\t<time class=\"updated\" datetime=\"2025-09-27T13:10:54+08:00\">\n\t\t\t27\/09\/2025\t\t<\/time>\n\t\t\t\t\t\t\t<\/div>\n\n\t\t\t\t\t\t\t\t\t\t\t<div class=\"wd-post-share wd-tltp\">\n\t\t\t\t\t\t\t<div class=\"tooltip top\">\n\t\t\t\t\t\t\t\t<div class=\"tooltip-inner\">\n\t\t\t\t\t\t\t\t\t\t\t\t<div\n\t\t\t\t\t\tclass=\"wd-social-icons wd-style-default wd-size-small social-share wd-shape-circle color-scheme-light text-center\">\n\t\t\t\t\n\t\t\t\t\n\t\t\t\t\t\t\t\t\t<a rel=\"noopener noreferrer nofollow\" href=\"https:\/\/www.facebook.com\/sharer\/sharer.php?u=https:\/\/lydenim.com\/es\/los-proveedores-confiables-de-tela-de-mezclilla-para-nuevas-lineas-de-ropa-impulsan-el-negocio\/\" target=\"_blank\" class=\"wd-social-icon social-facebook\" aria-label=\"Enlace social de Facebook\">\n\t\t\t\t\t\t<span class=\"wd-icon\"><\/span>\n\t\t\t\t\t\t\t\t\t\t\t<\/a>\n\t\t\t\t\n\t\t\t\t\t\t\t\t\t<a rel=\"noopener noreferrer nofollow\" href=\"https:\/\/x.com\/share?url=https:\/\/lydenim.com\/es\/los-proveedores-confiables-de-tela-de-mezclilla-para-nuevas-lineas-de-ropa-impulsan-el-negocio\/\" target=\"_blank\" class=\"wd-social-icon social-twitter\" aria-label=\"X enlace social\">\n\t\t\t\t\t\t<span class=\"wd-icon\"><\/span>\n\t\t\t\t\t\t\t\t\t\t\t<\/a>\n\t\t\t\t\n\t\t\t\t\n\t\t\t\t\n\t\t\t\t\n\t\t\t\t\n\t\t\t\t\n\t\t\t\t\t\t\t\t\t<a rel=\"noopener noreferrer nofollow\" href=\"https:\/\/pinterest.com\/pin\/create\/button\/?url=https:\/\/lydenim.com\/es\/los-proveedores-confiables-de-tela-de-mezclilla-para-nuevas-lineas-de-ropa-impulsan-el-negocio\/&media=https:\/\/lydenim.com\/wp-content\/uploads\/2025\/09\/Reliable-Denim-Fabric-Suppliers-For-New-Clothing-Lines-Boost-Business.jpg&description=Reliable+Denim+Fabric+Suppliers+For+New+Clothing+Lines+Boost+Business\" target=\"_blank\" class=\"wd-social-icon social-pinterest\" aria-label=\"Enlace social de Pinterest\">\n\t\t\t\t\t\t<span class=\"wd-icon\"><\/span>\n\t\t\t\t\t\t\t\t\t\t\t<\/a>\n\t\t\t\t\n\t\t\t\t\n\t\t\t\t\t\t\t\t\t<a rel=\"noopener noreferrer nofollow\" href=\"https:\/\/www.linkedin.com\/shareArticle?mini=true&url=https:\/\/lydenim.com\/es\/los-proveedores-confiables-de-tela-de-mezclilla-para-nuevas-lineas-de-ropa-impulsan-el-negocio\/\" target=\"_blank\" class=\"wd-social-icon social-linkedin\" aria-label=\"Enlace social de Linkedin\">\n\t\t\t\t\t\t<span class=\"wd-icon\"><\/span>\n\t\t\t\t\t\t\t\t\t\t\t<\/a>\n\t\t\t\t\n\t\t\t\t\n\t\t\t\t\n\t\t\t\t\n\t\t\t\t\n\t\t\t\t\n\t\t\t\t\n\t\t\t\t\n\t\t\t\t\n\t\t\t\t\n\t\t\t\t\n\t\t\t\t\n\t\t\t\t\n\t\t\t\t\n\t\t\t\t\n\t\t\t\t\t\t\t\t\t<a rel=\"noopener noreferrer nofollow\" href=\"https:\/\/telegram.me\/share\/url?url=https:\/\/lydenim.com\/es\/los-proveedores-confiables-de-tela-de-mezclilla-para-nuevas-lineas-de-ropa-impulsan-el-negocio\/\" target=\"_blank\" class=\"wd-social-icon social-tg\" aria-label=\"Enlace social de Telegram\">\n\t\t\t\t\t\t<span class=\"wd-icon\"><\/span>\n\t\t\t\t\t\t\t\t\t\t\t<\/a>\n\t\t\t\t\n\t\t\t\t\n\t\t\t<\/div>\n\n\t\t\t\t\t\t\t\t\t\t<\/div>\n\t\t\t\t\t\t\t\t<div class=\"tooltip-arrow\"><\/div>\n\t\t\t\t\t\t\t<\/div>\n\t\t\t\t\t\t<\/div>\n\t\t\t\t\t\n\t\t\t\t\t\t\t\t\t<\/div>\n\t\t\t\n\t\t\t\t\t\t\t<div class=\"wd-post-excerpt entry-content\">\n\t\t\t\t\tTiempo estimado de lectura: ~5 minutos El \u00e9xito del lanzamiento de una nueva l\u00ednea de ropa depende en gran medida del descubrimiento de una tela de mezclilla confiable...\t\t\t\t<\/div>\n\t\t\t\n\t\t\t\t\t\t\t\t\t\t\t\t<div class=\"wd-post-read-more wd-style-link read-more-section\">\n\t\t\t\t\t\t<a class=\"\" href=\"https:\/\/lydenim.com\/es\/los-proveedores-confiables-de-tela-de-mezclilla-para-nuevas-lineas-de-ropa-impulsan-el-negocio\/\">Seguir leyendo<\/a>\t\t\t\t\t<\/div>\n\t\t\t\t\t\t\t\t\t<\/div>\n\t<\/div>\n<\/article>\n\n\t\t\t\t\t<\/div>\n\t\t\t\t<div class=\"wd-carousel-item\">\n\t\t\t\t\t\t\t\n<article id=\"post-6562\" class=\"wd-post blog-design-masonry blog-post-loop blog-style-bg wd-add-shadow post-6562 post type-post status-publish format-standard has-post-thumbnail hentry category-denim-knowledge\">\n\t<div class=\"wd-post-inner article-inner\">\n\t\t\t\t\t<div class=\"wd-post-thumb entry-header\">\n\t\t\t\t\t\t\t\t\t<div class=\"wd-post-img post-img-wrapp\">\n\t\t\t\t\t\t<img loading=\"lazy\" decoding=\"async\" width=\"150\" height=\"150\" src=\"https:\/\/lydenim.com\/wp-content\/uploads\/2025\/09\/High-Quality-Denim-Fabric-Suppliers-150x150.jpg\" class=\"attachment-thumbnail size-thumbnail\" alt=\"\" srcset=\"https:\/\/lydenim.com\/wp-content\/uploads\/2025\/09\/High-Quality-Denim-Fabric-Suppliers-150x150.jpg 150w, https:\/\/lydenim.com\/wp-content\/uploads\/2025\/09\/High-Quality-Denim-Fabric-Suppliers-300x300.jpg 300w, https:\/\/lydenim.com\/wp-content\/uploads\/2025\/09\/High-Quality-Denim-Fabric-Suppliers-45x45.jpg 45w\" sizes=\"auto, (max-width: 150px) 100vw, 150px\" \/>\t\t\t\t\t<\/div>\n\t\t\t\t\t<a class=\"wd-fill\" href=\"https:\/\/lydenim.com\/es\/descubra-proveedores-de-telas-de-mezclilla-de-alta-calidad-para-el-exito-en-la-fabricacion-de-prendas\/\"><\/a>\n\t\t\t\t\n\t\t\t\t\t\t\t\t\t\t\t\t<div class=\"wd-post-date wd-style-with-bg\">\n\t\t\t\t<span class=\"post-date-day\">\n\t\t\t\t\t25\t\t\t\t<\/span>\n\t\t\t\t<span class=\"post-date-month\">\n\t\t\t\t\tSep\t\t\t\t<\/span>\n\t\t\t<\/div>\n\t\t\t\t\t\t\t\t\t<\/div>\n\t\t\n\t\t<div class=\"wd-post-content article-body-container\">\n\t\t\t\t\t\t\t<div class=\"wd-post-cat wd-style-with-bg meta-post-categories\">\n\t\t\t\t\t<a href=\"https:\/\/lydenim.com\/es\/category\/conocimiento-de-mezclilla\/\" rel=\"category tag\">Conocimiento del denim<\/a>\t\t\t\t<\/div>\n\t\t\t\n\t\t\t\t\t\t\t<h3 class=\"wd-post-title wd-entities-title title post-title\">\n\t\t\t\t\t<a href=\"https:\/\/lydenim.com\/es\/descubra-proveedores-de-telas-de-mezclilla-de-alta-calidad-para-el-exito-en-la-fabricacion-de-prendas\/\" rel=\"bookmark\">\n\t\t\t\t\t\tDescubra proveedores de tela vaquera de alta calidad para el \u00e9xito en la fabricaci\u00f3n de prendas\t\t\t\t\t<\/a>\n\t\t\t\t<\/h3>\n\t\t\t\n\t\t\t\t\t\t\t<div class=\"wd-post-meta\">\n\t\t\t\t\t\t\t\t\t\t\t\t\t\t\t<div class=\"wd-post-author\">\n\t\t\t\t\t\t\t\t\t\t\t<span>Publicado por<\/span>\n\t\t\n\t\t\t\t\t\t\t\n\t\t\t\t\t<a href=\"https:\/\/lydenim.com\/es\/author\/malonematthewmmgmail-com\/\" class=\"author\" rel=\"author\">malonematthewmm@gmail.com<\/a>\n\t\t\t\t\t\t\t\t\t<\/div>\n\t\t\t\t\t<div class=\"wd-modified-date\">\n\t\t\t\t\t\t\t\t<time class=\"updated\" datetime=\"2025-09-25T12:19:07+08:00\">\n\t\t\t25\/09\/2025\t\t<\/time>\n\t\t\t\t\t\t\t<\/div>\n\n\t\t\t\t\t\t\t\t\t\t\t<div class=\"wd-post-share wd-tltp\">\n\t\t\t\t\t\t\t<div class=\"tooltip top\">\n\t\t\t\t\t\t\t\t<div class=\"tooltip-inner\">\n\t\t\t\t\t\t\t\t\t\t\t\t<div\n\t\t\t\t\t\tclass=\"wd-social-icons wd-style-default wd-size-small social-share wd-shape-circle color-scheme-light text-center\">\n\t\t\t\t\n\t\t\t\t\n\t\t\t\t\t\t\t\t\t<a rel=\"noopener noreferrer nofollow\" href=\"https:\/\/www.facebook.com\/sharer\/sharer.php?u=https:\/\/lydenim.com\/es\/descubra-proveedores-de-telas-de-mezclilla-de-alta-calidad-para-el-exito-en-la-fabricacion-de-prendas\/\" target=\"_blank\" class=\"wd-social-icon social-facebook\" aria-label=\"Enlace social de Facebook\">\n\t\t\t\t\t\t<span class=\"wd-icon\"><\/span>\n\t\t\t\t\t\t\t\t\t\t\t<\/a>\n\t\t\t\t\n\t\t\t\t\t\t\t\t\t<a rel=\"noopener noreferrer nofollow\" href=\"https:\/\/x.com\/share?url=https:\/\/lydenim.com\/es\/descubra-proveedores-de-telas-de-mezclilla-de-alta-calidad-para-el-exito-en-la-fabricacion-de-prendas\/\" target=\"_blank\" class=\"wd-social-icon social-twitter\" aria-label=\"X enlace social\">\n\t\t\t\t\t\t<span class=\"wd-icon\"><\/span>\n\t\t\t\t\t\t\t\t\t\t\t<\/a>\n\t\t\t\t\n\t\t\t\t\n\t\t\t\t\n\t\t\t\t\n\t\t\t\t\n\t\t\t\t\n\t\t\t\t\t\t\t\t\t<a rel=\"noopener noreferrer nofollow\" href=\"https:\/\/pinterest.com\/pin\/create\/button\/?url=https:\/\/lydenim.com\/es\/descubra-proveedores-de-telas-de-mezclilla-de-alta-calidad-para-el-exito-en-la-fabricacion-de-prendas\/&media=https:\/\/lydenim.com\/wp-content\/uploads\/2025\/09\/High-Quality-Denim-Fabric-Suppliers.jpg&description=Discover+High+Quality+Denim+Fabric+Suppliers+for+Garment+Manufacturing+Success\" target=\"_blank\" class=\"wd-social-icon social-pinterest\" aria-label=\"Enlace social de Pinterest\">\n\t\t\t\t\t\t<span class=\"wd-icon\"><\/span>\n\t\t\t\t\t\t\t\t\t\t\t<\/a>\n\t\t\t\t\n\t\t\t\t\n\t\t\t\t\t\t\t\t\t<a rel=\"noopener noreferrer nofollow\" href=\"https:\/\/www.linkedin.com\/shareArticle?mini=true&url=https:\/\/lydenim.com\/es\/descubra-proveedores-de-telas-de-mezclilla-de-alta-calidad-para-el-exito-en-la-fabricacion-de-prendas\/\" target=\"_blank\" class=\"wd-social-icon social-linkedin\" aria-label=\"Enlace social de Linkedin\">\n\t\t\t\t\t\t<span class=\"wd-icon\"><\/span>\n\t\t\t\t\t\t\t\t\t\t\t<\/a>\n\t\t\t\t\n\t\t\t\t\n\t\t\t\t\n\t\t\t\t\n\t\t\t\t\n\t\t\t\t\n\t\t\t\t\n\t\t\t\t\n\t\t\t\t\n\t\t\t\t\n\t\t\t\t\n\t\t\t\t\n\t\t\t\t\n\t\t\t\t\n\t\t\t\t\n\t\t\t\t\t\t\t\t\t<a rel=\"noopener noreferrer nofollow\" href=\"https:\/\/telegram.me\/share\/url?url=https:\/\/lydenim.com\/es\/descubra-proveedores-de-telas-de-mezclilla-de-alta-calidad-para-el-exito-en-la-fabricacion-de-prendas\/\" target=\"_blank\" class=\"wd-social-icon social-tg\" aria-label=\"Enlace social de Telegram\">\n\t\t\t\t\t\t<span class=\"wd-icon\"><\/span>\n\t\t\t\t\t\t\t\t\t\t\t<\/a>\n\t\t\t\t\n\t\t\t\t\n\t\t\t<\/div>\n\n\t\t\t\t\t\t\t\t\t\t<\/div>\n\t\t\t\t\t\t\t\t<div class=\"tooltip-arrow\"><\/div>\n\t\t\t\t\t\t\t<\/div>\n\t\t\t\t\t\t<\/div>\n\t\t\t\t\t\n\t\t\t\t\t\t\t\t\t<\/div>\n\t\t\t\n\t\t\t\t\t\t\t<div class=\"wd-post-excerpt entry-content\">\n\t\t\t\t\tTiempo estimado de lectura: ~5 minutos La calidad del producto final depende en gran medida de la calidad de la tela de mezclilla que utilizan los fabricantes para...\t\t\t\t<\/div>\n\t\t\t\n\t\t\t\t\t\t\t\t\t\t\t\t<div class=\"wd-post-read-more wd-style-link read-more-section\">\n\t\t\t\t\t\t<a class=\"\" href=\"https:\/\/lydenim.com\/es\/descubra-proveedores-de-telas-de-mezclilla-de-alta-calidad-para-el-exito-en-la-fabricacion-de-prendas\/\">Seguir leyendo<\/a>\t\t\t\t\t<\/div>\n\t\t\t\t\t\t\t\t\t<\/div>\n\t<\/div>\n<\/article>\n\n\t\t\t\t\t<\/div>\n\t\t\t\t<div class=\"wd-carousel-item\">\n\t\t\t\t\t\t\t\n<article id=\"post-6531\" class=\"wd-post blog-design-masonry blog-post-loop blog-style-bg wd-add-shadow post-6531 post type-post status-publish format-standard has-post-thumbnail hentry category-garment\">\n\t<div class=\"wd-post-inner article-inner\">\n\t\t\t\t\t<div class=\"wd-post-thumb entry-header\">\n\t\t\t\t\t\t\t\t\t<div class=\"wd-post-img post-img-wrapp\">\n\t\t\t\t\t\t<img loading=\"lazy\" decoding=\"async\" width=\"150\" height=\"150\" src=\"https:\/\/lydenim.com\/wp-content\/uploads\/2025\/09\/Designer-Jeans-150x150.jpg\" class=\"attachment-thumbnail size-thumbnail\" alt=\"\" srcset=\"https:\/\/lydenim.com\/wp-content\/uploads\/2025\/09\/Designer-Jeans-150x150.jpg 150w, https:\/\/lydenim.com\/wp-content\/uploads\/2025\/09\/Designer-Jeans-300x300.jpg 300w, https:\/\/lydenim.com\/wp-content\/uploads\/2025\/09\/Designer-Jeans-45x45.jpg 45w\" sizes=\"auto, (max-width: 150px) 100vw, 150px\" \/>\t\t\t\t\t<\/div>\n\t\t\t\t\t<a class=\"wd-fill\" href=\"https:\/\/lydenim.com\/es\/estilos-superiores-de-jeans-de-disenador-para-un-atractivo-atemporal\/\"><\/a>\n\t\t\t\t\n\t\t\t\t\t\t\t\t\t\t\t\t<div class=\"wd-post-date wd-style-with-bg\">\n\t\t\t\t<span class=\"post-date-day\">\n\t\t\t\t\t21\t\t\t\t<\/span>\n\t\t\t\t<span class=\"post-date-month\">\n\t\t\t\t\tSep\t\t\t\t<\/span>\n\t\t\t<\/div>\n\t\t\t\t\t\t\t\t\t<\/div>\n\t\t\n\t\t<div class=\"wd-post-content article-body-container\">\n\t\t\t\t\t\t\t<div class=\"wd-post-cat wd-style-with-bg meta-post-categories\">\n\t\t\t\t\t<a href=\"https:\/\/lydenim.com\/es\/category\/prenda\/\" rel=\"category tag\">PRENDA<\/a>\t\t\t\t<\/div>\n\t\t\t\n\t\t\t\t\t\t\t<h3 class=\"wd-post-title wd-entities-title title post-title\">\n\t\t\t\t\t<a href=\"https:\/\/lydenim.com\/es\/estilos-superiores-de-jeans-de-disenador-para-un-atractivo-atemporal\/\" rel=\"bookmark\">\n\t\t\t\t\t\tJeans de dise\u00f1ador: Los mejores estilos para un estilo atemporal\t\t\t\t\t<\/a>\n\t\t\t\t<\/h3>\n\t\t\t\n\t\t\t\t\t\t\t<div class=\"wd-post-meta\">\n\t\t\t\t\t\t\t\t\t\t\t\t\t\t\t<div class=\"wd-post-author\">\n\t\t\t\t\t\t\t\t\t\t\t<span>Publicado por<\/span>\n\t\t\n\t\t\t\t\t\t\t\n\t\t\t\t\t<a href=\"https:\/\/lydenim.com\/es\/author\/malonematthewmmgmail-com\/\" class=\"author\" rel=\"author\">malonematthewmm@gmail.com<\/a>\n\t\t\t\t\t\t\t\t\t<\/div>\n\t\t\t\t\t<div class=\"wd-modified-date\">\n\t\t\t\t\t\t\t\t<time class=\"updated\" datetime=\"2025-09-21T11:35:42+08:00\">\n\t\t\t21\/09\/2025\t\t<\/time>\n\t\t\t\t\t\t\t<\/div>\n\n\t\t\t\t\t\t\t\t\t\t\t<div class=\"wd-post-share wd-tltp\">\n\t\t\t\t\t\t\t<div class=\"tooltip top\">\n\t\t\t\t\t\t\t\t<div class=\"tooltip-inner\">\n\t\t\t\t\t\t\t\t\t\t\t\t<div\n\t\t\t\t\t\tclass=\"wd-social-icons wd-style-default wd-size-small social-share wd-shape-circle color-scheme-light text-center\">\n\t\t\t\t\n\t\t\t\t\n\t\t\t\t\t\t\t\t\t<a rel=\"noopener noreferrer nofollow\" href=\"https:\/\/www.facebook.com\/sharer\/sharer.php?u=https:\/\/lydenim.com\/es\/estilos-superiores-de-jeans-de-disenador-para-un-atractivo-atemporal\/\" target=\"_blank\" class=\"wd-social-icon social-facebook\" aria-label=\"Enlace social de Facebook\">\n\t\t\t\t\t\t<span class=\"wd-icon\"><\/span>\n\t\t\t\t\t\t\t\t\t\t\t<\/a>\n\t\t\t\t\n\t\t\t\t\t\t\t\t\t<a rel=\"noopener noreferrer nofollow\" href=\"https:\/\/x.com\/share?url=https:\/\/lydenim.com\/es\/estilos-superiores-de-jeans-de-disenador-para-un-atractivo-atemporal\/\" target=\"_blank\" class=\"wd-social-icon social-twitter\" aria-label=\"X enlace social\">\n\t\t\t\t\t\t<span class=\"wd-icon\"><\/span>\n\t\t\t\t\t\t\t\t\t\t\t<\/a>\n\t\t\t\t\n\t\t\t\t\n\t\t\t\t\n\t\t\t\t\n\t\t\t\t\n\t\t\t\t\n\t\t\t\t\t\t\t\t\t<a rel=\"noopener noreferrer nofollow\" href=\"https:\/\/pinterest.com\/pin\/create\/button\/?url=https:\/\/lydenim.com\/es\/estilos-superiores-de-jeans-de-disenador-para-un-atractivo-atemporal\/&media=https:\/\/lydenim.com\/wp-content\/uploads\/2025\/09\/Designer-Jeans.jpg&description=Designer+Jeans%3A+Top+Styles+for+Timeless+Appeal\" target=\"_blank\" class=\"wd-social-icon social-pinterest\" aria-label=\"Enlace social de Pinterest\">\n\t\t\t\t\t\t<span class=\"wd-icon\"><\/span>\n\t\t\t\t\t\t\t\t\t\t\t<\/a>\n\t\t\t\t\n\t\t\t\t\n\t\t\t\t\t\t\t\t\t<a rel=\"noopener noreferrer nofollow\" href=\"https:\/\/www.linkedin.com\/shareArticle?mini=true&url=https:\/\/lydenim.com\/es\/estilos-superiores-de-jeans-de-disenador-para-un-atractivo-atemporal\/\" target=\"_blank\" class=\"wd-social-icon social-linkedin\" aria-label=\"Enlace social de Linkedin\">\n\t\t\t\t\t\t<span class=\"wd-icon\"><\/span>\n\t\t\t\t\t\t\t\t\t\t\t<\/a>\n\t\t\t\t\n\t\t\t\t\n\t\t\t\t\n\t\t\t\t\n\t\t\t\t\n\t\t\t\t\n\t\t\t\t\n\t\t\t\t\n\t\t\t\t\n\t\t\t\t\n\t\t\t\t\n\t\t\t\t\n\t\t\t\t\n\t\t\t\t\n\t\t\t\t\n\t\t\t\t\t\t\t\t\t<a rel=\"noopener noreferrer nofollow\" href=\"https:\/\/telegram.me\/share\/url?url=https:\/\/lydenim.com\/es\/estilos-superiores-de-jeans-de-disenador-para-un-atractivo-atemporal\/\" target=\"_blank\" class=\"wd-social-icon social-tg\" aria-label=\"Enlace social de Telegram\">\n\t\t\t\t\t\t<span class=\"wd-icon\"><\/span>\n\t\t\t\t\t\t\t\t\t\t\t<\/a>\n\t\t\t\t\n\t\t\t\t\n\t\t\t<\/div>\n\n\t\t\t\t\t\t\t\t\t\t<\/div>\n\t\t\t\t\t\t\t\t<div class=\"tooltip-arrow\"><\/div>\n\t\t\t\t\t\t\t<\/div>\n\t\t\t\t\t\t<\/div>\n\t\t\t\t\t\n\t\t\t\t\t\t\t\t\t<\/div>\n\t\t\t\n\t\t\t\t\t\t\t<div class=\"wd-post-excerpt entry-content\">\n\t\t\t\t\tTiempo estimado de lectura: ~4 minutos La moda moderna ha adoptado los jeans de dise\u00f1ador como su elemento fundamental porque unen moda premium...\t\t\t\t<\/div>\n\t\t\t\n\t\t\t\t\t\t\t\t\t\t\t\t<div class=\"wd-post-read-more wd-style-link read-more-section\">\n\t\t\t\t\t\t<a class=\"\" href=\"https:\/\/lydenim.com\/es\/estilos-superiores-de-jeans-de-disenador-para-un-atractivo-atemporal\/\">Seguir leyendo<\/a>\t\t\t\t\t<\/div>\n\t\t\t\t\t\t\t\t\t<\/div>\n\t<\/div>\n<\/article>\n\n\t\t\t\t\t<\/div>\n\t\t\t\t<div class=\"wd-carousel-item\">\n\t\t\t\t\t\t\t\n<article id=\"post-6529\" class=\"wd-post blog-design-masonry blog-post-loop blog-style-bg wd-add-shadow post-6529 post type-post status-publish format-standard has-post-thumbnail hentry category-garment\">\n\t<div class=\"wd-post-inner article-inner\">\n\t\t\t\t\t<div class=\"wd-post-thumb entry-header\">\n\t\t\t\t\t\t\t\t\t<div class=\"wd-post-img post-img-wrapp\">\n\t\t\t\t\t\t<img loading=\"lazy\" decoding=\"async\" width=\"150\" height=\"150\" src=\"https:\/\/lydenim.com\/wp-content\/uploads\/2025\/09\/Best-Denim-Dress-Styling-Tips-for-Women-150x150.jpg\" class=\"attachment-thumbnail size-thumbnail\" alt=\"\" srcset=\"https:\/\/lydenim.com\/wp-content\/uploads\/2025\/09\/Best-Denim-Dress-Styling-Tips-for-Women-150x150.jpg 150w, https:\/\/lydenim.com\/wp-content\/uploads\/2025\/09\/Best-Denim-Dress-Styling-Tips-for-Women-300x300.jpg 300w, https:\/\/lydenim.com\/wp-content\/uploads\/2025\/09\/Best-Denim-Dress-Styling-Tips-for-Women-45x45.jpg 45w\" sizes=\"auto, (max-width: 150px) 100vw, 150px\" \/>\t\t\t\t\t<\/div>\n\t\t\t\t\t<a class=\"wd-fill\" href=\"https:\/\/lydenim.com\/es\/los-mejores-consejos-de-estilo-para-vestidos-de-mezclilla-para-mujeres\/\"><\/a>\n\t\t\t\t\n\t\t\t\t\t\t\t\t\t\t\t\t<div class=\"wd-post-date wd-style-with-bg\">\n\t\t\t\t<span class=\"post-date-day\">\n\t\t\t\t\t19\t\t\t\t<\/span>\n\t\t\t\t<span class=\"post-date-month\">\n\t\t\t\t\tSep\t\t\t\t<\/span>\n\t\t\t<\/div>\n\t\t\t\t\t\t\t\t\t<\/div>\n\t\t\n\t\t<div class=\"wd-post-content article-body-container\">\n\t\t\t\t\t\t\t<div class=\"wd-post-cat wd-style-with-bg meta-post-categories\">\n\t\t\t\t\t<a href=\"https:\/\/lydenim.com\/es\/category\/prenda\/\" rel=\"category tag\">PRENDA<\/a>\t\t\t\t<\/div>\n\t\t\t\n\t\t\t\t\t\t\t<h3 class=\"wd-post-title wd-entities-title title post-title\">\n\t\t\t\t\t<a href=\"https:\/\/lydenim.com\/es\/los-mejores-consejos-de-estilo-para-vestidos-de-mezclilla-para-mujeres\/\" rel=\"bookmark\">\n\t\t\t\t\t\tLos mejores consejos para estilizar vestidos vaqueros para mujeres\t\t\t\t\t<\/a>\n\t\t\t\t<\/h3>\n\t\t\t\n\t\t\t\t\t\t\t<div class=\"wd-post-meta\">\n\t\t\t\t\t\t\t\t\t\t\t\t\t\t\t<div class=\"wd-post-author\">\n\t\t\t\t\t\t\t\t\t\t\t<span>Publicado por<\/span>\n\t\t\n\t\t\t\t\t\t\t\n\t\t\t\t\t<a href=\"https:\/\/lydenim.com\/es\/author\/malonematthewmmgmail-com\/\" class=\"author\" rel=\"author\">malonematthewmm@gmail.com<\/a>\n\t\t\t\t\t\t\t\t\t<\/div>\n\t\t\t\t\t<div class=\"wd-modified-date\">\n\t\t\t\t\t\t\t\t<time class=\"updated\" datetime=\"2025-09-19T12:07:05+08:00\">\n\t\t\t19\/09\/2025\t\t<\/time>\n\t\t\t\t\t\t\t<\/div>\n\n\t\t\t\t\t\t\t\t\t\t\t<div class=\"wd-post-share wd-tltp\">\n\t\t\t\t\t\t\t<div class=\"tooltip top\">\n\t\t\t\t\t\t\t\t<div class=\"tooltip-inner\">\n\t\t\t\t\t\t\t\t\t\t\t\t<div\n\t\t\t\t\t\tclass=\"wd-social-icons wd-style-default wd-size-small social-share wd-shape-circle color-scheme-light text-center\">\n\t\t\t\t\n\t\t\t\t\n\t\t\t\t\t\t\t\t\t<a rel=\"noopener noreferrer nofollow\" href=\"https:\/\/www.facebook.com\/sharer\/sharer.php?u=https:\/\/lydenim.com\/es\/los-mejores-consejos-de-estilo-para-vestidos-de-mezclilla-para-mujeres\/\" target=\"_blank\" class=\"wd-social-icon social-facebook\" aria-label=\"Enlace social de Facebook\">\n\t\t\t\t\t\t<span class=\"wd-icon\"><\/span>\n\t\t\t\t\t\t\t\t\t\t\t<\/a>\n\t\t\t\t\n\t\t\t\t\t\t\t\t\t<a rel=\"noopener noreferrer nofollow\" href=\"https:\/\/x.com\/share?url=https:\/\/lydenim.com\/es\/los-mejores-consejos-de-estilo-para-vestidos-de-mezclilla-para-mujeres\/\" target=\"_blank\" class=\"wd-social-icon social-twitter\" aria-label=\"X enlace social\">\n\t\t\t\t\t\t<span class=\"wd-icon\"><\/span>\n\t\t\t\t\t\t\t\t\t\t\t<\/a>\n\t\t\t\t\n\t\t\t\t\n\t\t\t\t\n\t\t\t\t\n\t\t\t\t\n\t\t\t\t\n\t\t\t\t\t\t\t\t\t<a rel=\"noopener noreferrer nofollow\" href=\"https:\/\/pinterest.com\/pin\/create\/button\/?url=https:\/\/lydenim.com\/es\/los-mejores-consejos-de-estilo-para-vestidos-de-mezclilla-para-mujeres\/&media=https:\/\/lydenim.com\/wp-content\/uploads\/2025\/09\/Best-Denim-Dress-Styling-Tips-for-Women.jpg&description=Best+Denim+Dress+Styling+Tips+for+Women\" target=\"_blank\" class=\"wd-social-icon social-pinterest\" aria-label=\"Enlace social de Pinterest\">\n\t\t\t\t\t\t<span class=\"wd-icon\"><\/span>\n\t\t\t\t\t\t\t\t\t\t\t<\/a>\n\t\t\t\t\n\t\t\t\t\n\t\t\t\t\t\t\t\t\t<a rel=\"noopener noreferrer nofollow\" href=\"https:\/\/www.linkedin.com\/shareArticle?mini=true&url=https:\/\/lydenim.com\/es\/los-mejores-consejos-de-estilo-para-vestidos-de-mezclilla-para-mujeres\/\" target=\"_blank\" class=\"wd-social-icon social-linkedin\" aria-label=\"Enlace social de Linkedin\">\n\t\t\t\t\t\t<span class=\"wd-icon\"><\/span>\n\t\t\t\t\t\t\t\t\t\t\t<\/a>\n\t\t\t\t\n\t\t\t\t\n\t\t\t\t\n\t\t\t\t\n\t\t\t\t\n\t\t\t\t\n\t\t\t\t\n\t\t\t\t\n\t\t\t\t\n\t\t\t\t\n\t\t\t\t\n\t\t\t\t\n\t\t\t\t\n\t\t\t\t\n\t\t\t\t\n\t\t\t\t\t\t\t\t\t<a rel=\"noopener noreferrer nofollow\" href=\"https:\/\/telegram.me\/share\/url?url=https:\/\/lydenim.com\/es\/los-mejores-consejos-de-estilo-para-vestidos-de-mezclilla-para-mujeres\/\" target=\"_blank\" class=\"wd-social-icon social-tg\" aria-label=\"Enlace social de Telegram\">\n\t\t\t\t\t\t<span class=\"wd-icon\"><\/span>\n\t\t\t\t\t\t\t\t\t\t\t<\/a>\n\t\t\t\t\n\t\t\t\t\n\t\t\t<\/div>\n\n\t\t\t\t\t\t\t\t\t\t<\/div>\n\t\t\t\t\t\t\t\t<div class=\"tooltip-arrow\"><\/div>\n\t\t\t\t\t\t\t<\/div>\n\t\t\t\t\t\t<\/div>\n\t\t\t\t\t\n\t\t\t\t\t\t\t\t\t<\/div>\n\t\t\t\n\t\t\t\t\t\t\t<div class=\"wd-post-excerpt entry-content\">\n\t\t\t\t\tTiempo estimado de lectura: ~5 minutos Introducci\u00f3n Toda mujer necesita tener un vestido de mezclilla en su armario porque representa una clas...\t\t\t\t<\/div>\n\t\t\t\n\t\t\t\t\t\t\t\t\t\t\t\t<div class=\"wd-post-read-more wd-style-link read-more-section\">\n\t\t\t\t\t\t<a class=\"\" href=\"https:\/\/lydenim.com\/es\/los-mejores-consejos-de-estilo-para-vestidos-de-mezclilla-para-mujeres\/\">Seguir leyendo<\/a>\t\t\t\t\t<\/div>\n\t\t\t\t\t\t\t\t\t<\/div>\n\t<\/div>\n<\/article>\n\n\t\t\t\t\t<\/div>\n\t\t\t\t<div class=\"wd-carousel-item\">\n\t\t\t\t\t\t\t\n<article id=\"post-6533\" class=\"wd-post blog-design-masonry blog-post-loop blog-style-bg wd-add-shadow post-6533 post type-post status-publish format-standard has-post-thumbnail hentry category-garment\">\n\t<div class=\"wd-post-inner article-inner\">\n\t\t\t\t\t<div class=\"wd-post-thumb entry-header\">\n\t\t\t\t\t\t\t\t\t<div class=\"wd-post-img post-img-wrapp\">\n\t\t\t\t\t\t<img loading=\"lazy\" decoding=\"async\" width=\"150\" height=\"150\" src=\"https:\/\/lydenim.com\/wp-content\/uploads\/2025\/09\/Mens-Jeans-150x150.jpg\" class=\"attachment-thumbnail size-thumbnail\" alt=\"\" srcset=\"https:\/\/lydenim.com\/wp-content\/uploads\/2025\/09\/Mens-Jeans-150x150.jpg 150w, https:\/\/lydenim.com\/wp-content\/uploads\/2025\/09\/Mens-Jeans-300x300.jpg 300w, https:\/\/lydenim.com\/wp-content\/uploads\/2025\/09\/Mens-Jeans-45x45.jpg 45w\" sizes=\"auto, (max-width: 150px) 100vw, 150px\" \/>\t\t\t\t\t<\/div>\n\t\t\t\t\t<a class=\"wd-fill\" href=\"https:\/\/lydenim.com\/es\/guia-de-estilos-esenciales-y-ajuste-de-jeans-para-hombre\/\"><\/a>\n\t\t\t\t\n\t\t\t\t\t\t\t\t\t\t\t\t<div class=\"wd-post-date wd-style-with-bg\">\n\t\t\t\t<span class=\"post-date-day\">\n\t\t\t\t\t17\t\t\t\t<\/span>\n\t\t\t\t<span class=\"post-date-month\">\n\t\t\t\t\tSep\t\t\t\t<\/span>\n\t\t\t<\/div>\n\t\t\t\t\t\t\t\t\t<\/div>\n\t\t\n\t\t<div class=\"wd-post-content article-body-container\">\n\t\t\t\t\t\t\t<div class=\"wd-post-cat wd-style-with-bg meta-post-categories\">\n\t\t\t\t\t<a href=\"https:\/\/lydenim.com\/es\/category\/prenda\/\" rel=\"category tag\">PRENDA<\/a>\t\t\t\t<\/div>\n\t\t\t\n\t\t\t\t\t\t\t<h3 class=\"wd-post-title wd-entities-title title post-title\">\n\t\t\t\t\t<a href=\"https:\/\/lydenim.com\/es\/guia-de-estilos-esenciales-y-ajuste-de-jeans-para-hombre\/\" rel=\"bookmark\">\n\t\t\t\t\t\tJeans para hombre: estilos esenciales y gu\u00eda de ajuste\t\t\t\t\t<\/a>\n\t\t\t\t<\/h3>\n\t\t\t\n\t\t\t\t\t\t\t<div class=\"wd-post-meta\">\n\t\t\t\t\t\t\t\t\t\t\t\t\t\t\t<div class=\"wd-post-author\">\n\t\t\t\t\t\t\t\t\t\t\t<span>Publicado por<\/span>\n\t\t\n\t\t\t\t\t\t\t\n\t\t\t\t\t<a href=\"https:\/\/lydenim.com\/es\/author\/malonematthewmmgmail-com\/\" class=\"author\" rel=\"author\">malonematthewmm@gmail.com<\/a>\n\t\t\t\t\t\t\t\t\t<\/div>\n\t\t\t\t\t<div class=\"wd-modified-date\">\n\t\t\t\t\t\t\t\t<time class=\"updated\" datetime=\"2025-09-17T10:16:18+08:00\">\n\t\t\t17\/09\/2025\t\t<\/time>\n\t\t\t\t\t\t\t<\/div>\n\n\t\t\t\t\t\t\t\t\t\t\t<div class=\"wd-post-share wd-tltp\">\n\t\t\t\t\t\t\t<div class=\"tooltip top\">\n\t\t\t\t\t\t\t\t<div class=\"tooltip-inner\">\n\t\t\t\t\t\t\t\t\t\t\t\t<div\n\t\t\t\t\t\tclass=\"wd-social-icons wd-style-default wd-size-small social-share wd-shape-circle color-scheme-light text-center\">\n\t\t\t\t\n\t\t\t\t\n\t\t\t\t\t\t\t\t\t<a rel=\"noopener noreferrer nofollow\" href=\"https:\/\/www.facebook.com\/sharer\/sharer.php?u=https:\/\/lydenim.com\/es\/guia-de-estilos-esenciales-y-ajuste-de-jeans-para-hombre\/\" target=\"_blank\" class=\"wd-social-icon social-facebook\" aria-label=\"Enlace social de Facebook\">\n\t\t\t\t\t\t<span class=\"wd-icon\"><\/span>\n\t\t\t\t\t\t\t\t\t\t\t<\/a>\n\t\t\t\t\n\t\t\t\t\t\t\t\t\t<a rel=\"noopener noreferrer nofollow\" href=\"https:\/\/x.com\/share?url=https:\/\/lydenim.com\/es\/guia-de-estilos-esenciales-y-ajuste-de-jeans-para-hombre\/\" target=\"_blank\" class=\"wd-social-icon social-twitter\" aria-label=\"X enlace social\">\n\t\t\t\t\t\t<span class=\"wd-icon\"><\/span>\n\t\t\t\t\t\t\t\t\t\t\t<\/a>\n\t\t\t\t\n\t\t\t\t\n\t\t\t\t\n\t\t\t\t\n\t\t\t\t\n\t\t\t\t\n\t\t\t\t\t\t\t\t\t<a rel=\"noopener noreferrer nofollow\" href=\"https:\/\/pinterest.com\/pin\/create\/button\/?url=https:\/\/lydenim.com\/es\/guia-de-estilos-esenciales-y-ajuste-de-jeans-para-hombre\/&media=https:\/\/lydenim.com\/wp-content\/uploads\/2025\/09\/Mens-Jeans.jpg&description=Mens+Jeans%3A+Essential+Styles+and+Fit+Guide\" target=\"_blank\" class=\"wd-social-icon social-pinterest\" aria-label=\"Enlace social de Pinterest\">\n\t\t\t\t\t\t<span class=\"wd-icon\"><\/span>\n\t\t\t\t\t\t\t\t\t\t\t<\/a>\n\t\t\t\t\n\t\t\t\t\n\t\t\t\t\t\t\t\t\t<a rel=\"noopener noreferrer nofollow\" href=\"https:\/\/www.linkedin.com\/shareArticle?mini=true&url=https:\/\/lydenim.com\/es\/guia-de-estilos-esenciales-y-ajuste-de-jeans-para-hombre\/\" target=\"_blank\" class=\"wd-social-icon social-linkedin\" aria-label=\"Enlace social de Linkedin\">\n\t\t\t\t\t\t<span class=\"wd-icon\"><\/span>\n\t\t\t\t\t\t\t\t\t\t\t<\/a>\n\t\t\t\t\n\t\t\t\t\n\t\t\t\t\n\t\t\t\t\n\t\t\t\t\n\t\t\t\t\n\t\t\t\t\n\t\t\t\t\n\t\t\t\t\n\t\t\t\t\n\t\t\t\t\n\t\t\t\t\n\t\t\t\t\n\t\t\t\t\n\t\t\t\t\n\t\t\t\t\t\t\t\t\t<a rel=\"noopener noreferrer nofollow\" href=\"https:\/\/telegram.me\/share\/url?url=https:\/\/lydenim.com\/es\/guia-de-estilos-esenciales-y-ajuste-de-jeans-para-hombre\/\" target=\"_blank\" class=\"wd-social-icon social-tg\" aria-label=\"Enlace social de Telegram\">\n\t\t\t\t\t\t<span class=\"wd-icon\"><\/span>\n\t\t\t\t\t\t\t\t\t\t\t<\/a>\n\t\t\t\t\n\t\t\t\t\n\t\t\t<\/div>\n\n\t\t\t\t\t\t\t\t\t\t<\/div>\n\t\t\t\t\t\t\t\t<div class=\"tooltip-arrow\"><\/div>\n\t\t\t\t\t\t\t<\/div>\n\t\t\t\t\t\t<\/div>\n\t\t\t\t\t\n\t\t\t\t\t\t\t\t\t<\/div>\n\t\t\t\n\t\t\t\t\t\t\t<div class=\"wd-post-excerpt entry-content\">\n\t\t\t\t\tTiempo estimado de lectura: ~5 minutos Los jeans para hombre sirven como piezas esenciales del guardarropa porque unen durabilidad con comodidad y adaptabilidad.\t\t\t\t<\/div>\n\t\t\t\n\t\t\t\t\t\t\t\t\t\t\t\t<div class=\"wd-post-read-more wd-style-link read-more-section\">\n\t\t\t\t\t\t<a class=\"\" href=\"https:\/\/lydenim.com\/es\/guia-de-estilos-esenciales-y-ajuste-de-jeans-para-hombre\/\">Seguir leyendo<\/a>\t\t\t\t\t<\/div>\n\t\t\t\t\t\t\t\t\t<\/div>\n\t<\/div>\n<\/article>\n\n\t\t\t\t\t<\/div>\n\t\t\t\t<div class=\"wd-carousel-item\">\n\t\t\t\t\t\t\t\n<article id=\"post-6535\" class=\"wd-post blog-design-masonry blog-post-loop blog-style-bg wd-add-shadow post-6535 post type-post status-publish format-standard has-post-thumbnail hentry category-garment\">\n\t<div class=\"wd-post-inner article-inner\">\n\t\t\t\t\t<div class=\"wd-post-thumb entry-header\">\n\t\t\t\t\t\t\t\t\t<div class=\"wd-post-img post-img-wrapp\">\n\t\t\t\t\t\t<img loading=\"lazy\" decoding=\"async\" width=\"150\" height=\"150\" src=\"https:\/\/lydenim.com\/wp-content\/uploads\/2025\/09\/Denim-Skirt-Stylish-Pairing-and-DIY-Guide-150x150.jpg\" class=\"attachment-thumbnail size-thumbnail\" alt=\"\" srcset=\"https:\/\/lydenim.com\/wp-content\/uploads\/2025\/09\/Denim-Skirt-Stylish-Pairing-and-DIY-Guide-150x150.jpg 150w, https:\/\/lydenim.com\/wp-content\/uploads\/2025\/09\/Denim-Skirt-Stylish-Pairing-and-DIY-Guide-300x300.jpg 300w, https:\/\/lydenim.com\/wp-content\/uploads\/2025\/09\/Denim-Skirt-Stylish-Pairing-and-DIY-Guide-45x45.jpg 45w\" sizes=\"auto, (max-width: 150px) 100vw, 150px\" \/>\t\t\t\t\t<\/div>\n\t\t\t\t\t<a class=\"wd-fill\" href=\"https:\/\/lydenim.com\/es\/falda-vaquera-guia-de-combinacion-elegante-y-bricolaje\/\"><\/a>\n\t\t\t\t\n\t\t\t\t\t\t\t\t\t\t\t\t<div class=\"wd-post-date wd-style-with-bg\">\n\t\t\t\t<span class=\"post-date-day\">\n\t\t\t\t\t16\t\t\t\t<\/span>\n\t\t\t\t<span class=\"post-date-month\">\n\t\t\t\t\tSep\t\t\t\t<\/span>\n\t\t\t<\/div>\n\t\t\t\t\t\t\t\t\t<\/div>\n\t\t\n\t\t<div class=\"wd-post-content article-body-container\">\n\t\t\t\t\t\t\t<div class=\"wd-post-cat wd-style-with-bg meta-post-categories\">\n\t\t\t\t\t<a href=\"https:\/\/lydenim.com\/es\/category\/prenda\/\" rel=\"category tag\">PRENDA<\/a>\t\t\t\t<\/div>\n\t\t\t\n\t\t\t\t\t\t\t<h3 class=\"wd-post-title wd-entities-title title post-title\">\n\t\t\t\t\t<a href=\"https:\/\/lydenim.com\/es\/falda-vaquera-guia-de-combinacion-elegante-y-bricolaje\/\" rel=\"bookmark\">\n\t\t\t\t\t\tFalda vaquera: C\u00f3mo combinarla con estilo y gu\u00eda DIY\t\t\t\t\t<\/a>\n\t\t\t\t<\/h3>\n\t\t\t\n\t\t\t\t\t\t\t<div class=\"wd-post-meta\">\n\t\t\t\t\t\t\t\t\t\t\t\t\t\t\t<div class=\"wd-post-author\">\n\t\t\t\t\t\t\t\t\t\t\t<span>Publicado por<\/span>\n\t\t\n\t\t\t\t\t\t\t\n\t\t\t\t\t<a href=\"https:\/\/lydenim.com\/es\/author\/malonematthewmmgmail-com\/\" class=\"author\" rel=\"author\">malonematthewmm@gmail.com<\/a>\n\t\t\t\t\t\t\t\t\t<\/div>\n\t\t\t\t\t<div class=\"wd-modified-date\">\n\t\t\t\t\t\t\t\t<time class=\"updated\" datetime=\"2025-09-16T11:21:43+08:00\">\n\t\t\t16\/09\/2025\t\t<\/time>\n\t\t\t\t\t\t\t<\/div>\n\n\t\t\t\t\t\t\t\t\t\t\t<div class=\"wd-post-share wd-tltp\">\n\t\t\t\t\t\t\t<div class=\"tooltip top\">\n\t\t\t\t\t\t\t\t<div class=\"tooltip-inner\">\n\t\t\t\t\t\t\t\t\t\t\t\t<div\n\t\t\t\t\t\tclass=\"wd-social-icons wd-style-default wd-size-small social-share wd-shape-circle color-scheme-light text-center\">\n\t\t\t\t\n\t\t\t\t\n\t\t\t\t\t\t\t\t\t<a rel=\"noopener noreferrer nofollow\" href=\"https:\/\/www.facebook.com\/sharer\/sharer.php?u=https:\/\/lydenim.com\/es\/falda-vaquera-guia-de-combinacion-elegante-y-bricolaje\/\" target=\"_blank\" class=\"wd-social-icon social-facebook\" aria-label=\"Enlace social de Facebook\">\n\t\t\t\t\t\t<span class=\"wd-icon\"><\/span>\n\t\t\t\t\t\t\t\t\t\t\t<\/a>\n\t\t\t\t\n\t\t\t\t\t\t\t\t\t<a rel=\"noopener noreferrer nofollow\" href=\"https:\/\/x.com\/share?url=https:\/\/lydenim.com\/es\/falda-vaquera-guia-de-combinacion-elegante-y-bricolaje\/\" target=\"_blank\" class=\"wd-social-icon social-twitter\" aria-label=\"X enlace social\">\n\t\t\t\t\t\t<span class=\"wd-icon\"><\/span>\n\t\t\t\t\t\t\t\t\t\t\t<\/a>\n\t\t\t\t\n\t\t\t\t\n\t\t\t\t\n\t\t\t\t\n\t\t\t\t\n\t\t\t\t\n\t\t\t\t\t\t\t\t\t<a rel=\"noopener noreferrer nofollow\" href=\"https:\/\/pinterest.com\/pin\/create\/button\/?url=https:\/\/lydenim.com\/es\/falda-vaquera-guia-de-combinacion-elegante-y-bricolaje\/&media=https:\/\/lydenim.com\/wp-content\/uploads\/2025\/09\/Denim-Skirt-Stylish-Pairing-and-DIY-Guide.jpg&description=Denim+Skirt%3A+Stylish+Pairing+and+DIY+Guide\" target=\"_blank\" class=\"wd-social-icon social-pinterest\" aria-label=\"Enlace social de Pinterest\">\n\t\t\t\t\t\t<span class=\"wd-icon\"><\/span>\n\t\t\t\t\t\t\t\t\t\t\t<\/a>\n\t\t\t\t\n\t\t\t\t\n\t\t\t\t\t\t\t\t\t<a rel=\"noopener noreferrer nofollow\" href=\"https:\/\/www.linkedin.com\/shareArticle?mini=true&url=https:\/\/lydenim.com\/es\/falda-vaquera-guia-de-combinacion-elegante-y-bricolaje\/\" target=\"_blank\" class=\"wd-social-icon social-linkedin\" aria-label=\"Enlace social de Linkedin\">\n\t\t\t\t\t\t<span class=\"wd-icon\"><\/span>\n\t\t\t\t\t\t\t\t\t\t\t<\/a>\n\t\t\t\t\n\t\t\t\t\n\t\t\t\t\n\t\t\t\t\n\t\t\t\t\n\t\t\t\t\n\t\t\t\t\n\t\t\t\t\n\t\t\t\t\n\t\t\t\t\n\t\t\t\t\n\t\t\t\t\n\t\t\t\t\n\t\t\t\t\n\t\t\t\t\n\t\t\t\t\t\t\t\t\t<a rel=\"noopener noreferrer nofollow\" href=\"https:\/\/telegram.me\/share\/url?url=https:\/\/lydenim.com\/es\/falda-vaquera-guia-de-combinacion-elegante-y-bricolaje\/\" target=\"_blank\" class=\"wd-social-icon social-tg\" aria-label=\"Enlace social de Telegram\">\n\t\t\t\t\t\t<span class=\"wd-icon\"><\/span>\n\t\t\t\t\t\t\t\t\t\t\t<\/a>\n\t\t\t\t\n\t\t\t\t\n\t\t\t<\/div>\n\n\t\t\t\t\t\t\t\t\t\t<\/div>\n\t\t\t\t\t\t\t\t<div class=\"tooltip-arrow\"><\/div>\n\t\t\t\t\t\t\t<\/div>\n\t\t\t\t\t\t<\/div>\n\t\t\t\t\t\n\t\t\t\t\t\t\t\t\t<\/div>\n\t\t\t\n\t\t\t\t\t\t\t<div class=\"wd-post-excerpt entry-content\">\n\t\t\t\t\tTiempo estimado de lectura: ~3 minutos Introducci\u00f3n Las faldas vaqueras se han convertido en una prenda cl\u00e1sica de moda porque unen la comodidad relajada...\t\t\t\t<\/div>\n\t\t\t\n\t\t\t\t\t\t\t\t\t\t\t\t<div class=\"wd-post-read-more wd-style-link read-more-section\">\n\t\t\t\t\t\t<a class=\"\" href=\"https:\/\/lydenim.com\/es\/falda-vaquera-guia-de-combinacion-elegante-y-bricolaje\/\">Seguir leyendo<\/a>\t\t\t\t\t<\/div>\n\t\t\t\t\t\t\t\t\t<\/div>\n\t<\/div>\n<\/article>\n\n\t\t\t\t\t<\/div>\n\t\t\t\t<div class=\"wd-carousel-item\">\n\t\t\t\t\t\t\t\n<article id=\"post-6538\" class=\"wd-post blog-design-masonry blog-post-loop blog-style-bg wd-add-shadow post-6538 post type-post status-publish format-standard has-post-thumbnail hentry category-garment\">\n\t<div class=\"wd-post-inner article-inner\">\n\t\t\t\t\t<div class=\"wd-post-thumb entry-header\">\n\t\t\t\t\t\t\t\t\t<div class=\"wd-post-img post-img-wrapp\">\n\t\t\t\t\t\t<img loading=\"lazy\" decoding=\"async\" width=\"150\" height=\"150\" src=\"https:\/\/lydenim.com\/wp-content\/uploads\/2025\/09\/Denim-Jacket-150x150.jpg\" class=\"attachment-thumbnail size-thumbnail\" alt=\"\" srcset=\"https:\/\/lydenim.com\/wp-content\/uploads\/2025\/09\/Denim-Jacket-150x150.jpg 150w, https:\/\/lydenim.com\/wp-content\/uploads\/2025\/09\/Denim-Jacket-300x300.jpg 300w, https:\/\/lydenim.com\/wp-content\/uploads\/2025\/09\/Denim-Jacket-45x45.jpg 45w\" sizes=\"auto, (max-width: 150px) 100vw, 150px\" \/>\t\t\t\t\t<\/div>\n\t\t\t\t\t<a class=\"wd-fill\" href=\"https:\/\/lydenim.com\/es\/chaqueta-vaquera-un-basico-atemporal-del-armario-de-otono\/\"><\/a>\n\t\t\t\t\n\t\t\t\t\t\t\t\t\t\t\t\t<div class=\"wd-post-date wd-style-with-bg\">\n\t\t\t\t<span class=\"post-date-day\">\n\t\t\t\t\t13\t\t\t\t<\/span>\n\t\t\t\t<span class=\"post-date-month\">\n\t\t\t\t\tSep\t\t\t\t<\/span>\n\t\t\t<\/div>\n\t\t\t\t\t\t\t\t\t<\/div>\n\t\t\n\t\t<div class=\"wd-post-content article-body-container\">\n\t\t\t\t\t\t\t<div class=\"wd-post-cat wd-style-with-bg meta-post-categories\">\n\t\t\t\t\t<a href=\"https:\/\/lydenim.com\/es\/category\/prenda\/\" rel=\"category tag\">PRENDA<\/a>\t\t\t\t<\/div>\n\t\t\t\n\t\t\t\t\t\t\t<h3 class=\"wd-post-title wd-entities-title title post-title\">\n\t\t\t\t\t<a href=\"https:\/\/lydenim.com\/es\/chaqueta-vaquera-un-basico-atemporal-del-armario-de-otono\/\" rel=\"bookmark\">\n\t\t\t\t\t\tChaqueta vaquera: un b\u00e1sico atemporal del armario de oto\u00f1o\t\t\t\t\t<\/a>\n\t\t\t\t<\/h3>\n\t\t\t\n\t\t\t\t\t\t\t<div class=\"wd-post-meta\">\n\t\t\t\t\t\t\t\t\t\t\t\t\t\t\t<div class=\"wd-post-author\">\n\t\t\t\t\t\t\t\t\t\t\t<span>Publicado por<\/span>\n\t\t\n\t\t\t\t\t\t\t\n\t\t\t\t\t<a href=\"https:\/\/lydenim.com\/es\/author\/malonematthewmmgmail-com\/\" class=\"author\" rel=\"author\">malonematthewmm@gmail.com<\/a>\n\t\t\t\t\t\t\t\t\t<\/div>\n\t\t\t\t\t<div class=\"wd-modified-date\">\n\t\t\t\t\t\t\t\t<time class=\"updated\" datetime=\"2025-09-13T11:25:30+08:00\">\n\t\t\t13\/09\/2025\t\t<\/time>\n\t\t\t\t\t\t\t<\/div>\n\n\t\t\t\t\t\t\t\t\t\t\t<div class=\"wd-post-share wd-tltp\">\n\t\t\t\t\t\t\t<div class=\"tooltip top\">\n\t\t\t\t\t\t\t\t<div class=\"tooltip-inner\">\n\t\t\t\t\t\t\t\t\t\t\t\t<div\n\t\t\t\t\t\tclass=\"wd-social-icons wd-style-default wd-size-small social-share wd-shape-circle color-scheme-light text-center\">\n\t\t\t\t\n\t\t\t\t\n\t\t\t\t\t\t\t\t\t<a rel=\"noopener noreferrer nofollow\" href=\"https:\/\/www.facebook.com\/sharer\/sharer.php?u=https:\/\/lydenim.com\/es\/chaqueta-vaquera-un-basico-atemporal-del-armario-de-otono\/\" target=\"_blank\" class=\"wd-social-icon social-facebook\" aria-label=\"Enlace social de Facebook\">\n\t\t\t\t\t\t<span class=\"wd-icon\"><\/span>\n\t\t\t\t\t\t\t\t\t\t\t<\/a>\n\t\t\t\t\n\t\t\t\t\t\t\t\t\t<a rel=\"noopener noreferrer nofollow\" href=\"https:\/\/x.com\/share?url=https:\/\/lydenim.com\/es\/chaqueta-vaquera-un-basico-atemporal-del-armario-de-otono\/\" target=\"_blank\" class=\"wd-social-icon social-twitter\" aria-label=\"X enlace social\">\n\t\t\t\t\t\t<span class=\"wd-icon\"><\/span>\n\t\t\t\t\t\t\t\t\t\t\t<\/a>\n\t\t\t\t\n\t\t\t\t\n\t\t\t\t\n\t\t\t\t\n\t\t\t\t\n\t\t\t\t\n\t\t\t\t\t\t\t\t\t<a rel=\"noopener noreferrer nofollow\" href=\"https:\/\/pinterest.com\/pin\/create\/button\/?url=https:\/\/lydenim.com\/es\/chaqueta-vaquera-un-basico-atemporal-del-armario-de-otono\/&media=https:\/\/lydenim.com\/wp-content\/uploads\/2025\/09\/Denim-Jacket.jpg&description=Denim+Jacket%3A+The+Timeless+Fall+Wardrobe+Staple\" target=\"_blank\" class=\"wd-social-icon social-pinterest\" aria-label=\"Enlace social de Pinterest\">\n\t\t\t\t\t\t<span class=\"wd-icon\"><\/span>\n\t\t\t\t\t\t\t\t\t\t\t<\/a>\n\t\t\t\t\n\t\t\t\t\n\t\t\t\t\t\t\t\t\t<a rel=\"noopener noreferrer nofollow\" href=\"https:\/\/www.linkedin.com\/shareArticle?mini=true&url=https:\/\/lydenim.com\/es\/chaqueta-vaquera-un-basico-atemporal-del-armario-de-otono\/\" target=\"_blank\" class=\"wd-social-icon social-linkedin\" aria-label=\"Enlace social de Linkedin\">\n\t\t\t\t\t\t<span class=\"wd-icon\"><\/span>\n\t\t\t\t\t\t\t\t\t\t\t<\/a>\n\t\t\t\t\n\t\t\t\t\n\t\t\t\t\n\t\t\t\t\n\t\t\t\t\n\t\t\t\t\n\t\t\t\t\n\t\t\t\t\n\t\t\t\t\n\t\t\t\t\n\t\t\t\t\n\t\t\t\t\n\t\t\t\t\n\t\t\t\t\n\t\t\t\t\n\t\t\t\t\t\t\t\t\t<a rel=\"noopener noreferrer nofollow\" href=\"https:\/\/telegram.me\/share\/url?url=https:\/\/lydenim.com\/es\/chaqueta-vaquera-un-basico-atemporal-del-armario-de-otono\/\" target=\"_blank\" class=\"wd-social-icon social-tg\" aria-label=\"Enlace social de Telegram\">\n\t\t\t\t\t\t<span class=\"wd-icon\"><\/span>\n\t\t\t\t\t\t\t\t\t\t\t<\/a>\n\t\t\t\t\n\t\t\t\t\n\t\t\t<\/div>\n\n\t\t\t\t\t\t\t\t\t\t<\/div>\n\t\t\t\t\t\t\t\t<div class=\"tooltip-arrow\"><\/div>\n\t\t\t\t\t\t\t<\/div>\n\t\t\t\t\t\t<\/div>\n\t\t\t\t\t\n\t\t\t\t\t\t\t\t\t<\/div>\n\t\t\t\n\t\t\t\t\t\t\t<div class=\"wd-post-excerpt entry-content\">\n\t\t\t\t\tTiempo estimado de lectura: ~5 minutos La chaqueta vaquera sigue siendo una pieza fundamental de la moda de oto\u00f1o porque ha conseguido perdurar...\t\t\t\t<\/div>\n\t\t\t\n\t\t\t\t\t\t\t\t\t\t\t\t<div class=\"wd-post-read-more wd-style-link read-more-section\">\n\t\t\t\t\t\t<a class=\"\" href=\"https:\/\/lydenim.com\/es\/chaqueta-vaquera-un-basico-atemporal-del-armario-de-otono\/\">Seguir leyendo<\/a>\t\t\t\t\t<\/div>\n\t\t\t\t\t\t\t\t\t<\/div>\n\t<\/div>\n<\/article>\n\n\t\t\t\t\t<\/div>\n\t\t\t\t<div class=\"wd-carousel-item\">\n\t\t\t\t\t\t\t\n<article id=\"post-6224\" class=\"wd-post blog-design-masonry blog-post-loop blog-style-bg wd-add-shadow post-6224 post type-post status-publish format-standard has-post-thumbnail hentry category-denim-knowledge\">\n\t<div class=\"wd-post-inner article-inner\">\n\t\t\t\t\t<div class=\"wd-post-thumb entry-header\">\n\t\t\t\t\t\t\t\t\t<div class=\"wd-post-img post-img-wrapp\">\n\t\t\t\t\t\t<img loading=\"lazy\" decoding=\"async\" width=\"150\" height=\"150\" src=\"https:\/\/lydenim.com\/wp-content\/uploads\/2025\/08\/What-Is-Denim-A-Complete-Guide-150x150.jpg\" class=\"attachment-thumbnail size-thumbnail\" alt=\"\" srcset=\"https:\/\/lydenim.com\/wp-content\/uploads\/2025\/08\/What-Is-Denim-A-Complete-Guide-150x150.jpg 150w, https:\/\/lydenim.com\/wp-content\/uploads\/2025\/08\/What-Is-Denim-A-Complete-Guide-300x300.jpg 300w, https:\/\/lydenim.com\/wp-content\/uploads\/2025\/08\/What-Is-Denim-A-Complete-Guide-45x45.jpg 45w\" sizes=\"auto, (max-width: 150px) 100vw, 150px\" \/>\t\t\t\t\t<\/div>\n\t\t\t\t\t<a class=\"wd-fill\" href=\"https:\/\/lydenim.com\/es\/que-es-el-denim-una-guia-completa\/\"><\/a>\n\t\t\t\t\n\t\t\t\t\t\t\t\t\t\t\t\t<div class=\"wd-post-date wd-style-with-bg\">\n\t\t\t\t<span class=\"post-date-day\">\n\t\t\t\t\t11\t\t\t\t<\/span>\n\t\t\t\t<span class=\"post-date-month\">\n\t\t\t\t\tSep\t\t\t\t<\/span>\n\t\t\t<\/div>\n\t\t\t\t\t\t\t\t\t<\/div>\n\t\t\n\t\t<div class=\"wd-post-content article-body-container\">\n\t\t\t\t\t\t\t<div class=\"wd-post-cat wd-style-with-bg meta-post-categories\">\n\t\t\t\t\t<a href=\"https:\/\/lydenim.com\/es\/category\/conocimiento-de-mezclilla\/\" rel=\"category tag\">Conocimiento del denim<\/a>\t\t\t\t<\/div>\n\t\t\t\n\t\t\t\t\t\t\t<h3 class=\"wd-post-title wd-entities-title title post-title\">\n\t\t\t\t\t<a href=\"https:\/\/lydenim.com\/es\/que-es-el-denim-una-guia-completa\/\" rel=\"bookmark\">\n\t\t\t\t\t\t\u00bfQu\u00e9 es el denim?: una gu\u00eda completa\t\t\t\t\t<\/a>\n\t\t\t\t<\/h3>\n\t\t\t\n\t\t\t\t\t\t\t<div class=\"wd-post-meta\">\n\t\t\t\t\t\t\t\t\t\t\t\t\t\t\t<div class=\"wd-post-author\">\n\t\t\t\t\t\t\t\t\t\t\t<span>Publicado por<\/span>\n\t\t\n\t\t\t\t\t\t\t\n\t\t\t\t\t<a href=\"https:\/\/lydenim.com\/es\/author\/malonematthewmmgmail-com\/\" class=\"author\" rel=\"author\">malonematthewmm@gmail.com<\/a>\n\t\t\t\t\t\t\t\t\t<\/div>\n\t\t\t\t\t<div class=\"wd-modified-date\">\n\t\t\t\t\t\t\t\t<time class=\"updated\" datetime=\"2025-09-11T11:54:27+08:00\">\n\t\t\t11\/09\/2025\t\t<\/time>\n\t\t\t\t\t\t\t<\/div>\n\n\t\t\t\t\t\t\t\t\t\t\t<div class=\"wd-post-share wd-tltp\">\n\t\t\t\t\t\t\t<div class=\"tooltip top\">\n\t\t\t\t\t\t\t\t<div class=\"tooltip-inner\">\n\t\t\t\t\t\t\t\t\t\t\t\t<div\n\t\t\t\t\t\tclass=\"wd-social-icons wd-style-default wd-size-small social-share wd-shape-circle color-scheme-light text-center\">\n\t\t\t\t\n\t\t\t\t\n\t\t\t\t\t\t\t\t\t<a rel=\"noopener noreferrer nofollow\" href=\"https:\/\/www.facebook.com\/sharer\/sharer.php?u=https:\/\/lydenim.com\/es\/que-es-el-denim-una-guia-completa\/\" target=\"_blank\" class=\"wd-social-icon social-facebook\" aria-label=\"Enlace social de Facebook\">\n\t\t\t\t\t\t<span class=\"wd-icon\"><\/span>\n\t\t\t\t\t\t\t\t\t\t\t<\/a>\n\t\t\t\t\n\t\t\t\t\t\t\t\t\t<a rel=\"noopener noreferrer nofollow\" href=\"https:\/\/x.com\/share?url=https:\/\/lydenim.com\/es\/que-es-el-denim-una-guia-completa\/\" target=\"_blank\" class=\"wd-social-icon social-twitter\" aria-label=\"X enlace social\">\n\t\t\t\t\t\t<span class=\"wd-icon\"><\/span>\n\t\t\t\t\t\t\t\t\t\t\t<\/a>\n\t\t\t\t\n\t\t\t\t\n\t\t\t\t\n\t\t\t\t\n\t\t\t\t\n\t\t\t\t\n\t\t\t\t\t\t\t\t\t<a rel=\"noopener noreferrer nofollow\" href=\"https:\/\/pinterest.com\/pin\/create\/button\/?url=https:\/\/lydenim.com\/es\/que-es-el-denim-una-guia-completa\/&media=https:\/\/lydenim.com\/wp-content\/uploads\/2025\/08\/What-Is-Denim-A-Complete-Guide.jpg&description=What+Is+Denim%3A+A+Complete+Guide\" target=\"_blank\" class=\"wd-social-icon social-pinterest\" aria-label=\"Enlace social de Pinterest\">\n\t\t\t\t\t\t<span class=\"wd-icon\"><\/span>\n\t\t\t\t\t\t\t\t\t\t\t<\/a>\n\t\t\t\t\n\t\t\t\t\n\t\t\t\t\t\t\t\t\t<a rel=\"noopener noreferrer nofollow\" href=\"https:\/\/www.linkedin.com\/shareArticle?mini=true&url=https:\/\/lydenim.com\/es\/que-es-el-denim-una-guia-completa\/\" target=\"_blank\" class=\"wd-social-icon social-linkedin\" aria-label=\"Enlace social de Linkedin\">\n\t\t\t\t\t\t<span class=\"wd-icon\"><\/span>\n\t\t\t\t\t\t\t\t\t\t\t<\/a>\n\t\t\t\t\n\t\t\t\t\n\t\t\t\t\n\t\t\t\t\n\t\t\t\t\n\t\t\t\t\n\t\t\t\t\n\t\t\t\t\n\t\t\t\t\n\t\t\t\t\n\t\t\t\t\n\t\t\t\t\n\t\t\t\t\n\t\t\t\t\n\t\t\t\t\n\t\t\t\t\t\t\t\t\t<a rel=\"noopener noreferrer nofollow\" href=\"https:\/\/telegram.me\/share\/url?url=https:\/\/lydenim.com\/es\/que-es-el-denim-una-guia-completa\/\" target=\"_blank\" class=\"wd-social-icon social-tg\" aria-label=\"Enlace social de Telegram\">\n\t\t\t\t\t\t<span class=\"wd-icon\"><\/span>\n\t\t\t\t\t\t\t\t\t\t\t<\/a>\n\t\t\t\t\n\t\t\t\t\n\t\t\t<\/div>\n\n\t\t\t\t\t\t\t\t\t\t<\/div>\n\t\t\t\t\t\t\t\t<div class=\"tooltip-arrow\"><\/div>\n\t\t\t\t\t\t\t<\/div>\n\t\t\t\t\t\t<\/div>\n\t\t\t\t\t\n\t\t\t\t\t\t\t\t\t<\/div>\n\t\t\t\n\t\t\t\t\t\t\t<div class=\"wd-post-excerpt entry-content\">\n\t\t\t\t\t\u00cdndice Introducci\u00f3n al denim Or\u00edgenes y evoluci\u00f3n del denim Materiales y t\u00e9cnicas de tejido Principales tipos de denim...\t\t\t\t<\/div>\n\t\t\t\n\t\t\t\t\t\t\t\t\t\t\t\t<div class=\"wd-post-read-more wd-style-link read-more-section\">\n\t\t\t\t\t\t<a class=\"\" href=\"https:\/\/lydenim.com\/es\/que-es-el-denim-una-guia-completa\/\">Seguir leyendo<\/a>\t\t\t\t\t<\/div>\n\t\t\t\t\t\t\t\t\t<\/div>\n\t<\/div>\n<\/article>\n\n\t\t\t\t\t<\/div>\n\t\t\t\t<div class=\"wd-carousel-item\">\n\t\t\t\t\t\t\t\n<article id=\"post-6478\" class=\"wd-post blog-design-masonry blog-post-loop blog-style-bg wd-add-shadow post-6478 post type-post status-publish format-standard has-post-thumbnail hentry category-garment\">\n\t<div class=\"wd-post-inner article-inner\">\n\t\t\t\t\t<div class=\"wd-post-thumb entry-header\">\n\t\t\t\t\t\t\t\t\t<div class=\"wd-post-img post-img-wrapp\">\n\t\t\t\t\t\t<img loading=\"lazy\" decoding=\"async\" width=\"150\" height=\"150\" src=\"https:\/\/lydenim.com\/wp-content\/uploads\/2025\/09\/Best-Selvedge-Denim-150x150.jpg\" class=\"attachment-thumbnail size-thumbnail\" alt=\"\" srcset=\"https:\/\/lydenim.com\/wp-content\/uploads\/2025\/09\/Best-Selvedge-Denim-150x150.jpg 150w, https:\/\/lydenim.com\/wp-content\/uploads\/2025\/09\/Best-Selvedge-Denim-300x300.jpg 300w, https:\/\/lydenim.com\/wp-content\/uploads\/2025\/09\/Best-Selvedge-Denim-45x45.jpg 45w\" sizes=\"auto, (max-width: 150px) 100vw, 150px\" \/>\t\t\t\t\t<\/div>\n\t\t\t\t\t<a class=\"wd-fill\" href=\"https:\/\/lydenim.com\/es\/los-10-mejores-jeans-de-mezclilla-con-orillo-la-guia-definitiva\/\"><\/a>\n\t\t\t\t\n\t\t\t\t\t\t\t\t\t\t\t\t<div class=\"wd-post-date wd-style-with-bg\">\n\t\t\t\t<span class=\"post-date-day\">\n\t\t\t\t\t09\t\t\t\t<\/span>\n\t\t\t\t<span class=\"post-date-month\">\n\t\t\t\t\tSep\t\t\t\t<\/span>\n\t\t\t<\/div>\n\t\t\t\t\t\t\t\t\t<\/div>\n\t\t\n\t\t<div class=\"wd-post-content article-body-container\">\n\t\t\t\t\t\t\t<div class=\"wd-post-cat wd-style-with-bg meta-post-categories\">\n\t\t\t\t\t<a href=\"https:\/\/lydenim.com\/es\/category\/prenda\/\" rel=\"category tag\">PRENDA<\/a>\t\t\t\t<\/div>\n\t\t\t\n\t\t\t\t\t\t\t<h3 class=\"wd-post-title wd-entities-title title post-title\">\n\t\t\t\t\t<a href=\"https:\/\/lydenim.com\/es\/los-10-mejores-jeans-de-mezclilla-con-orillo-la-guia-definitiva\/\" rel=\"bookmark\">\n\t\t\t\t\t\tLos 10 mejores jeans con orillo: la gu\u00eda definitiva\t\t\t\t\t<\/a>\n\t\t\t\t<\/h3>\n\t\t\t\n\t\t\t\t\t\t\t<div class=\"wd-post-meta\">\n\t\t\t\t\t\t\t\t\t\t\t\t\t\t\t<div class=\"wd-post-author\">\n\t\t\t\t\t\t\t\t\t\t\t<span>Publicado por<\/span>\n\t\t\n\t\t\t\t\t\t\t\n\t\t\t\t\t<a href=\"https:\/\/lydenim.com\/es\/author\/malonematthewmmgmail-com\/\" class=\"author\" rel=\"author\">malonematthewmm@gmail.com<\/a>\n\t\t\t\t\t\t\t\t\t<\/div>\n\t\t\t\t\t<div class=\"wd-modified-date\">\n\t\t\t\t\t\t\t\t<time class=\"updated\" datetime=\"2025-09-09T11:56:52+08:00\">\n\t\t\t09\/09\/2025\t\t<\/time>\n\t\t\t\t\t\t\t<\/div>\n\n\t\t\t\t\t\t\t\t\t\t\t<div class=\"wd-post-share wd-tltp\">\n\t\t\t\t\t\t\t<div class=\"tooltip top\">\n\t\t\t\t\t\t\t\t<div class=\"tooltip-inner\">\n\t\t\t\t\t\t\t\t\t\t\t\t<div\n\t\t\t\t\t\tclass=\"wd-social-icons wd-style-default wd-size-small social-share wd-shape-circle color-scheme-light text-center\">\n\t\t\t\t\n\t\t\t\t\n\t\t\t\t\t\t\t\t\t<a rel=\"noopener noreferrer nofollow\" href=\"https:\/\/www.facebook.com\/sharer\/sharer.php?u=https:\/\/lydenim.com\/es\/los-10-mejores-jeans-de-mezclilla-con-orillo-la-guia-definitiva\/\" target=\"_blank\" class=\"wd-social-icon social-facebook\" aria-label=\"Enlace social de Facebook\">\n\t\t\t\t\t\t<span class=\"wd-icon\"><\/span>\n\t\t\t\t\t\t\t\t\t\t\t<\/a>\n\t\t\t\t\n\t\t\t\t\t\t\t\t\t<a rel=\"noopener noreferrer nofollow\" href=\"https:\/\/x.com\/share?url=https:\/\/lydenim.com\/es\/los-10-mejores-jeans-de-mezclilla-con-orillo-la-guia-definitiva\/\" target=\"_blank\" class=\"wd-social-icon social-twitter\" aria-label=\"X enlace social\">\n\t\t\t\t\t\t<span class=\"wd-icon\"><\/span>\n\t\t\t\t\t\t\t\t\t\t\t<\/a>\n\t\t\t\t\n\t\t\t\t\n\t\t\t\t\n\t\t\t\t\n\t\t\t\t\n\t\t\t\t\n\t\t\t\t\t\t\t\t\t<a rel=\"noopener noreferrer nofollow\" href=\"https:\/\/pinterest.com\/pin\/create\/button\/?url=https:\/\/lydenim.com\/es\/los-10-mejores-jeans-de-mezclilla-con-orillo-la-guia-definitiva\/&media=https:\/\/lydenim.com\/wp-content\/uploads\/2025\/09\/Best-Selvedge-Denim.jpg&description=10+Best+Selvedge+Denim+Jeans%3A+Ultimate+Guide\" target=\"_blank\" class=\"wd-social-icon social-pinterest\" aria-label=\"Enlace social de Pinterest\">\n\t\t\t\t\t\t<span class=\"wd-icon\"><\/span>\n\t\t\t\t\t\t\t\t\t\t\t<\/a>\n\t\t\t\t\n\t\t\t\t\n\t\t\t\t\t\t\t\t\t<a rel=\"noopener noreferrer nofollow\" href=\"https:\/\/www.linkedin.com\/shareArticle?mini=true&url=https:\/\/lydenim.com\/es\/los-10-mejores-jeans-de-mezclilla-con-orillo-la-guia-definitiva\/\" target=\"_blank\" class=\"wd-social-icon social-linkedin\" aria-label=\"Enlace social de Linkedin\">\n\t\t\t\t\t\t<span class=\"wd-icon\"><\/span>\n\t\t\t\t\t\t\t\t\t\t\t<\/a>\n\t\t\t\t\n\t\t\t\t\n\t\t\t\t\n\t\t\t\t\n\t\t\t\t\n\t\t\t\t\n\t\t\t\t\n\t\t\t\t\n\t\t\t\t\n\t\t\t\t\n\t\t\t\t\n\t\t\t\t\n\t\t\t\t\n\t\t\t\t\n\t\t\t\t\n\t\t\t\t\t\t\t\t\t<a rel=\"noopener noreferrer nofollow\" href=\"https:\/\/telegram.me\/share\/url?url=https:\/\/lydenim.com\/es\/los-10-mejores-jeans-de-mezclilla-con-orillo-la-guia-definitiva\/\" target=\"_blank\" class=\"wd-social-icon social-tg\" aria-label=\"Enlace social de Telegram\">\n\t\t\t\t\t\t<span class=\"wd-icon\"><\/span>\n\t\t\t\t\t\t\t\t\t\t\t<\/a>\n\t\t\t\t\n\t\t\t\t\n\t\t\t<\/div>\n\n\t\t\t\t\t\t\t\t\t\t<\/div>\n\t\t\t\t\t\t\t\t<div class=\"tooltip-arrow\"><\/div>\n\t\t\t\t\t\t\t<\/div>\n\t\t\t\t\t\t<\/div>\n\t\t\t\t\t\n\t\t\t\t\t\t\t\t\t<\/div>\n\t\t\t\n\t\t\t\t\t\t\t<div class=\"wd-post-excerpt entry-content\">\n\t\t\t\t\tTiempo estimado de lectura: ~4 minutos Introducci\u00f3n Los jeans de mezclilla con orillo son una opci\u00f3n premium para minoristas y personalizadores de lotes peque\u00f1os,...\t\t\t\t<\/div>\n\t\t\t\n\t\t\t\t\t\t\t\t\t\t\t\t<div class=\"wd-post-read-more wd-style-link read-more-section\">\n\t\t\t\t\t\t<a class=\"\" href=\"https:\/\/lydenim.com\/es\/los-10-mejores-jeans-de-mezclilla-con-orillo-la-guia-definitiva\/\">Seguir leyendo<\/a>\t\t\t\t\t<\/div>\n\t\t\t\t\t\t\t\t\t<\/div>\n\t<\/div>\n<\/article>\n\n\t\t\t\t\t<\/div>\n\t\t\t\t<div class=\"wd-carousel-item\">\n\t\t\t\t\t\t\t\n<article id=\"post-6140\" class=\"wd-post blog-design-masonry blog-post-loop blog-style-bg wd-add-shadow post-6140 post type-post status-publish format-standard has-post-thumbnail hentry category-market\">\n\t<div class=\"wd-post-inner article-inner\">\n\t\t\t\t\t<div class=\"wd-post-thumb entry-header\">\n\t\t\t\t\t\t\t\t\t<div class=\"wd-post-img post-img-wrapp\">\n\t\t\t\t\t\t<img loading=\"lazy\" decoding=\"async\" width=\"150\" height=\"150\" src=\"https:\/\/lydenim.com\/wp-content\/uploads\/2025\/08\/Custom-denim-fabric-wholesale-150x150.jpg\" class=\"attachment-thumbnail size-thumbnail\" alt=\"\" srcset=\"https:\/\/lydenim.com\/wp-content\/uploads\/2025\/08\/Custom-denim-fabric-wholesale-150x150.jpg 150w, https:\/\/lydenim.com\/wp-content\/uploads\/2025\/08\/Custom-denim-fabric-wholesale-300x300.jpg 300w, https:\/\/lydenim.com\/wp-content\/uploads\/2025\/08\/Custom-denim-fabric-wholesale-45x45.jpg 45w\" sizes=\"auto, (max-width: 150px) 100vw, 150px\" \/>\t\t\t\t\t<\/div>\n\t\t\t\t\t<a class=\"wd-fill\" href=\"https:\/\/lydenim.com\/es\/precios-al-por-mayor-de-tela-vaquera-personalizada-para-propietarios-de-fabricas-de-ropa-desbloquea-ahorros\/\"><\/a>\n\t\t\t\t\n\t\t\t\t\t\t\t\t\t\t\t\t<div class=\"wd-post-date wd-style-with-bg\">\n\t\t\t\t<span class=\"post-date-day\">\n\t\t\t\t\t07\t\t\t\t<\/span>\n\t\t\t\t<span class=\"post-date-month\">\n\t\t\t\t\tSep\t\t\t\t<\/span>\n\t\t\t<\/div>\n\t\t\t\t\t\t\t\t\t<\/div>\n\t\t\n\t\t<div class=\"wd-post-content article-body-container\">\n\t\t\t\t\t\t\t<div class=\"wd-post-cat wd-style-with-bg meta-post-categories\">\n\t\t\t\t\t<a href=\"https:\/\/lydenim.com\/es\/category\/mercado\/\" rel=\"category tag\">Mercado<\/a>\t\t\t\t<\/div>\n\t\t\t\n\t\t\t\t\t\t\t<h3 class=\"wd-post-title wd-entities-title title post-title\">\n\t\t\t\t\t<a href=\"https:\/\/lydenim.com\/es\/precios-al-por-mayor-de-tela-vaquera-personalizada-para-propietarios-de-fabricas-de-ropa-desbloquea-ahorros\/\" rel=\"bookmark\">\n\t\t\t\t\t\tPrecios al por mayor de tela vaquera personalizada para propietarios de f\u00e1bricas de ropa que desbloquean ahorros\t\t\t\t\t<\/a>\n\t\t\t\t<\/h3>\n\t\t\t\n\t\t\t\t\t\t\t<div class=\"wd-post-meta\">\n\t\t\t\t\t\t\t\t\t\t\t\t\t\t\t<div class=\"wd-post-author\">\n\t\t\t\t\t\t\t\t\t\t\t<span>Publicado por<\/span>\n\t\t\n\t\t\t\t\t\t\t\n\t\t\t\t\t<a href=\"https:\/\/lydenim.com\/es\/author\/malonematthewmmgmail-com\/\" class=\"author\" rel=\"author\">malonematthewmm@gmail.com<\/a>\n\t\t\t\t\t\t\t\t\t<\/div>\n\t\t\t\t\t<div class=\"wd-modified-date\">\n\t\t\t\t\t\t\t\t<time class=\"updated\" datetime=\"2025-09-07T12:17:01+08:00\">\n\t\t\t07\/09\/2025\t\t<\/time>\n\t\t\t\t\t\t\t<\/div>\n\n\t\t\t\t\t\t\t\t\t\t\t<div class=\"wd-post-share wd-tltp\">\n\t\t\t\t\t\t\t<div class=\"tooltip top\">\n\t\t\t\t\t\t\t\t<div class=\"tooltip-inner\">\n\t\t\t\t\t\t\t\t\t\t\t\t<div\n\t\t\t\t\t\tclass=\"wd-social-icons wd-style-default wd-size-small social-share wd-shape-circle color-scheme-light text-center\">\n\t\t\t\t\n\t\t\t\t\n\t\t\t\t\t\t\t\t\t<a rel=\"noopener noreferrer nofollow\" href=\"https:\/\/www.facebook.com\/sharer\/sharer.php?u=https:\/\/lydenim.com\/es\/precios-al-por-mayor-de-tela-vaquera-personalizada-para-propietarios-de-fabricas-de-ropa-desbloquea-ahorros\/\" target=\"_blank\" class=\"wd-social-icon social-facebook\" aria-label=\"Enlace social de Facebook\">\n\t\t\t\t\t\t<span class=\"wd-icon\"><\/span>\n\t\t\t\t\t\t\t\t\t\t\t<\/a>\n\t\t\t\t\n\t\t\t\t\t\t\t\t\t<a rel=\"noopener noreferrer nofollow\" href=\"https:\/\/x.com\/share?url=https:\/\/lydenim.com\/es\/precios-al-por-mayor-de-tela-vaquera-personalizada-para-propietarios-de-fabricas-de-ropa-desbloquea-ahorros\/\" target=\"_blank\" class=\"wd-social-icon social-twitter\" aria-label=\"X enlace social\">\n\t\t\t\t\t\t<span class=\"wd-icon\"><\/span>\n\t\t\t\t\t\t\t\t\t\t\t<\/a>\n\t\t\t\t\n\t\t\t\t\n\t\t\t\t\n\t\t\t\t\n\t\t\t\t\n\t\t\t\t\n\t\t\t\t\t\t\t\t\t<a rel=\"noopener noreferrer nofollow\" href=\"https:\/\/pinterest.com\/pin\/create\/button\/?url=https:\/\/lydenim.com\/es\/precios-al-por-mayor-de-tela-vaquera-personalizada-para-propietarios-de-fabricas-de-ropa-desbloquea-ahorros\/&media=https:\/\/lydenim.com\/wp-content\/uploads\/2025\/08\/Custom-denim-fabric-wholesale.jpg&description=Custom+denim+fabric+wholesale+prices+for+garment+factory+owners+unlock+savings\" target=\"_blank\" class=\"wd-social-icon social-pinterest\" aria-label=\"Enlace social de Pinterest\">\n\t\t\t\t\t\t<span class=\"wd-icon\"><\/span>\n\t\t\t\t\t\t\t\t\t\t\t<\/a>\n\t\t\t\t\n\t\t\t\t\n\t\t\t\t\t\t\t\t\t<a rel=\"noopener noreferrer nofollow\" href=\"https:\/\/www.linkedin.com\/shareArticle?mini=true&url=https:\/\/lydenim.com\/es\/precios-al-por-mayor-de-tela-vaquera-personalizada-para-propietarios-de-fabricas-de-ropa-desbloquea-ahorros\/\" target=\"_blank\" class=\"wd-social-icon social-linkedin\" aria-label=\"Enlace social de Linkedin\">\n\t\t\t\t\t\t<span class=\"wd-icon\"><\/span>\n\t\t\t\t\t\t\t\t\t\t\t<\/a>\n\t\t\t\t\n\t\t\t\t\n\t\t\t\t\n\t\t\t\t\n\t\t\t\t\n\t\t\t\t\n\t\t\t\t\n\t\t\t\t\n\t\t\t\t\n\t\t\t\t\n\t\t\t\t\n\t\t\t\t\n\t\t\t\t\n\t\t\t\t\n\t\t\t\t\n\t\t\t\t\t\t\t\t\t<a rel=\"noopener noreferrer nofollow\" href=\"https:\/\/telegram.me\/share\/url?url=https:\/\/lydenim.com\/es\/precios-al-por-mayor-de-tela-vaquera-personalizada-para-propietarios-de-fabricas-de-ropa-desbloquea-ahorros\/\" target=\"_blank\" class=\"wd-social-icon social-tg\" aria-label=\"Enlace social de Telegram\">\n\t\t\t\t\t\t<span class=\"wd-icon\"><\/span>\n\t\t\t\t\t\t\t\t\t\t\t<\/a>\n\t\t\t\t\n\t\t\t\t\n\t\t\t<\/div>\n\n\t\t\t\t\t\t\t\t\t\t<\/div>\n\t\t\t\t\t\t\t\t<div class=\"tooltip-arrow\"><\/div>\n\t\t\t\t\t\t\t<\/div>\n\t\t\t\t\t\t<\/div>\n\t\t\t\t\t\n\t\t\t\t\t\t\t\t\t<\/div>\n\t\t\t\n\t\t\t\t\t\t\t<div class=\"wd-post-excerpt entry-content\">\n\t\t\t\t\tEncuentre precios al por mayor de mezclilla personalizados para que los propietarios de f\u00e1bricas de ropa aumenten las ganancias. La b\u00fasqueda de tela de mezclilla adecuada a un precio asequible...\t\t\t\t<\/div>\n\t\t\t\n\t\t\t\t\t\t\t\t\t\t\t\t<div class=\"wd-post-read-more wd-style-link read-more-section\">\n\t\t\t\t\t\t<a class=\"\" href=\"https:\/\/lydenim.com\/es\/precios-al-por-mayor-de-tela-vaquera-personalizada-para-propietarios-de-fabricas-de-ropa-desbloquea-ahorros\/\">Seguir leyendo<\/a>\t\t\t\t\t<\/div>\n\t\t\t\t\t\t\t\t\t<\/div>\n\t<\/div>\n<\/article>\n\n\t\t\t\t\t<\/div>\n\t\t\t\t<div class=\"wd-carousel-item\">\n\t\t\t\t\t\t\t\n<article id=\"post-6107\" class=\"wd-post blog-design-masonry blog-post-loop blog-style-bg wd-add-shadow post-6107 post type-post status-publish format-standard has-post-thumbnail hentry category-market\">\n\t<div class=\"wd-post-inner article-inner\">\n\t\t\t\t\t<div class=\"wd-post-thumb entry-header\">\n\t\t\t\t\t\t\t\t\t<div class=\"wd-post-img post-img-wrapp\">\n\t\t\t\t\t\t<img loading=\"lazy\" decoding=\"async\" width=\"150\" height=\"150\" src=\"https:\/\/lydenim.com\/wp-content\/uploads\/2025\/08\/Denim-Fabric-Suppliers-150x150.jpg\" class=\"attachment-thumbnail size-thumbnail\" alt=\"\" srcset=\"https:\/\/lydenim.com\/wp-content\/uploads\/2025\/08\/Denim-Fabric-Suppliers-150x150.jpg 150w, https:\/\/lydenim.com\/wp-content\/uploads\/2025\/08\/Denim-Fabric-Suppliers-300x300.jpg 300w, https:\/\/lydenim.com\/wp-content\/uploads\/2025\/08\/Denim-Fabric-Suppliers-45x45.jpg 45w\" sizes=\"auto, (max-width: 150px) 100vw, 150px\" \/>\t\t\t\t\t<\/div>\n\t\t\t\t\t<a class=\"wd-fill\" href=\"https:\/\/lydenim.com\/es\/los-10-principales-proveedores-mundiales-de-tela-vaquera\/\"><\/a>\n\t\t\t\t\n\t\t\t\t\t\t\t\t\t\t\t\t<div class=\"wd-post-date wd-style-with-bg\">\n\t\t\t\t<span class=\"post-date-day\">\n\t\t\t\t\t05\t\t\t\t<\/span>\n\t\t\t\t<span class=\"post-date-month\">\n\t\t\t\t\tSep\t\t\t\t<\/span>\n\t\t\t<\/div>\n\t\t\t\t\t\t\t\t\t<\/div>\n\t\t\n\t\t<div class=\"wd-post-content article-body-container\">\n\t\t\t\t\t\t\t<div class=\"wd-post-cat wd-style-with-bg meta-post-categories\">\n\t\t\t\t\t<a href=\"https:\/\/lydenim.com\/es\/category\/mercado\/\" rel=\"category tag\">Mercado<\/a>\t\t\t\t<\/div>\n\t\t\t\n\t\t\t\t\t\t\t<h3 class=\"wd-post-title wd-entities-title title post-title\">\n\t\t\t\t\t<a href=\"https:\/\/lydenim.com\/es\/los-10-principales-proveedores-mundiales-de-tela-vaquera\/\" rel=\"bookmark\">\n\t\t\t\t\t\tLos 10 principales proveedores mundiales de tela vaquera\t\t\t\t\t<\/a>\n\t\t\t\t<\/h3>\n\t\t\t\n\t\t\t\t\t\t\t<div class=\"wd-post-meta\">\n\t\t\t\t\t\t\t\t\t\t\t\t\t\t\t<div class=\"wd-post-author\">\n\t\t\t\t\t\t\t\t\t\t\t<span>Publicado por<\/span>\n\t\t\n\t\t\t\t\t\t\t\n\t\t\t\t\t<a href=\"https:\/\/lydenim.com\/es\/author\/malonematthewmmgmail-com\/\" class=\"author\" rel=\"author\">malonematthewmm@gmail.com<\/a>\n\t\t\t\t\t\t\t\t\t<\/div>\n\t\t\t\t\t<div class=\"wd-modified-date\">\n\t\t\t\t\t\t\t\t<time class=\"updated\" datetime=\"2025-09-05T09:52:37+08:00\">\n\t\t\t05\/09\/2025\t\t<\/time>\n\t\t\t\t\t\t\t<\/div>\n\n\t\t\t\t\t\t\t\t\t\t\t<div class=\"wd-post-share wd-tltp\">\n\t\t\t\t\t\t\t<div class=\"tooltip top\">\n\t\t\t\t\t\t\t\t<div class=\"tooltip-inner\">\n\t\t\t\t\t\t\t\t\t\t\t\t<div\n\t\t\t\t\t\tclass=\"wd-social-icons wd-style-default wd-size-small social-share wd-shape-circle color-scheme-light text-center\">\n\t\t\t\t\n\t\t\t\t\n\t\t\t\t\t\t\t\t\t<a rel=\"noopener noreferrer nofollow\" href=\"https:\/\/www.facebook.com\/sharer\/sharer.php?u=https:\/\/lydenim.com\/es\/los-10-principales-proveedores-mundiales-de-tela-vaquera\/\" target=\"_blank\" class=\"wd-social-icon social-facebook\" aria-label=\"Enlace social de Facebook\">\n\t\t\t\t\t\t<span class=\"wd-icon\"><\/span>\n\t\t\t\t\t\t\t\t\t\t\t<\/a>\n\t\t\t\t\n\t\t\t\t\t\t\t\t\t<a rel=\"noopener noreferrer nofollow\" href=\"https:\/\/x.com\/share?url=https:\/\/lydenim.com\/es\/los-10-principales-proveedores-mundiales-de-tela-vaquera\/\" target=\"_blank\" class=\"wd-social-icon social-twitter\" aria-label=\"X enlace social\">\n\t\t\t\t\t\t<span class=\"wd-icon\"><\/span>\n\t\t\t\t\t\t\t\t\t\t\t<\/a>\n\t\t\t\t\n\t\t\t\t\n\t\t\t\t\n\t\t\t\t\n\t\t\t\t\n\t\t\t\t\n\t\t\t\t\t\t\t\t\t<a rel=\"noopener noreferrer nofollow\" href=\"https:\/\/pinterest.com\/pin\/create\/button\/?url=https:\/\/lydenim.com\/es\/los-10-principales-proveedores-mundiales-de-tela-vaquera\/&media=https:\/\/lydenim.com\/wp-content\/uploads\/2025\/08\/Denim-Fabric-Suppliers.jpg&description=Top+10+Global+Denim+Fabric+Suppliers\" target=\"_blank\" class=\"wd-social-icon social-pinterest\" aria-label=\"Enlace social de Pinterest\">\n\t\t\t\t\t\t<span class=\"wd-icon\"><\/span>\n\t\t\t\t\t\t\t\t\t\t\t<\/a>\n\t\t\t\t\n\t\t\t\t\n\t\t\t\t\t\t\t\t\t<a rel=\"noopener noreferrer nofollow\" href=\"https:\/\/www.linkedin.com\/shareArticle?mini=true&url=https:\/\/lydenim.com\/es\/los-10-principales-proveedores-mundiales-de-tela-vaquera\/\" target=\"_blank\" class=\"wd-social-icon social-linkedin\" aria-label=\"Enlace social de Linkedin\">\n\t\t\t\t\t\t<span class=\"wd-icon\"><\/span>\n\t\t\t\t\t\t\t\t\t\t\t<\/a>\n\t\t\t\t\n\t\t\t\t\n\t\t\t\t\n\t\t\t\t\n\t\t\t\t\n\t\t\t\t\n\t\t\t\t\n\t\t\t\t\n\t\t\t\t\n\t\t\t\t\n\t\t\t\t\n\t\t\t\t\n\t\t\t\t\n\t\t\t\t\n\t\t\t\t\n\t\t\t\t\t\t\t\t\t<a rel=\"noopener noreferrer nofollow\" href=\"https:\/\/telegram.me\/share\/url?url=https:\/\/lydenim.com\/es\/los-10-principales-proveedores-mundiales-de-tela-vaquera\/\" target=\"_blank\" class=\"wd-social-icon social-tg\" aria-label=\"Enlace social de Telegram\">\n\t\t\t\t\t\t<span class=\"wd-icon\"><\/span>\n\t\t\t\t\t\t\t\t\t\t\t<\/a>\n\t\t\t\t\n\t\t\t\t\n\t\t\t<\/div>\n\n\t\t\t\t\t\t\t\t\t\t<\/div>\n\t\t\t\t\t\t\t\t<div class=\"tooltip-arrow\"><\/div>\n\t\t\t\t\t\t\t<\/div>\n\t\t\t\t\t\t<\/div>\n\t\t\t\t\t\n\t\t\t\t\t\t\t\t\t<\/div>\n\t\t\t\n\t\t\t\t\t\t\t<div class=\"wd-post-excerpt entry-content\">\n\t\t\t\t\tTiempo estimado de lectura: ~12 minutos Introducci\u00f3n El denim como elemento fundamental de la moda mundial depende de la producci\u00f3n de telas de primera calidad...\t\t\t\t<\/div>\n\t\t\t\n\t\t\t\t\t\t\t\t\t\t\t\t<div class=\"wd-post-read-more wd-style-link read-more-section\">\n\t\t\t\t\t\t<a class=\"\" href=\"https:\/\/lydenim.com\/es\/los-10-principales-proveedores-mundiales-de-tela-vaquera\/\">Seguir leyendo<\/a>\t\t\t\t\t<\/div>\n\t\t\t\t\t\t\t\t\t<\/div>\n\t<\/div>\n<\/article>\n\n\t\t\t\t\t<\/div>\n\t\t\t\t<div class=\"wd-carousel-item\">\n\t\t\t\t\t\t\t\n<article id=\"post-6407\" class=\"wd-post blog-design-masonry blog-post-loop blog-style-bg wd-add-shadow post-6407 post type-post status-publish format-standard has-post-thumbnail hentry category-garment\">\n\t<div class=\"wd-post-inner article-inner\">\n\t\t\t\t\t<div class=\"wd-post-thumb entry-header\">\n\t\t\t\t\t\t\t\t\t<div class=\"wd-post-img post-img-wrapp\">\n\t\t\t\t\t\t<img loading=\"lazy\" decoding=\"async\" width=\"150\" height=\"150\" src=\"https:\/\/lydenim.com\/wp-content\/uploads\/2025\/08\/Selvedge-Denim-vs-Regular-Denim-150x150.jpg\" class=\"attachment-thumbnail size-thumbnail\" alt=\"\" srcset=\"https:\/\/lydenim.com\/wp-content\/uploads\/2025\/08\/Selvedge-Denim-vs-Regular-Denim-150x150.jpg 150w, https:\/\/lydenim.com\/wp-content\/uploads\/2025\/08\/Selvedge-Denim-vs-Regular-Denim-300x300.jpg 300w, https:\/\/lydenim.com\/wp-content\/uploads\/2025\/08\/Selvedge-Denim-vs-Regular-Denim-45x45.jpg 45w\" sizes=\"auto, (max-width: 150px) 100vw, 150px\" \/>\t\t\t\t\t<\/div>\n\t\t\t\t\t<a class=\"wd-fill\" href=\"https:\/\/lydenim.com\/es\/mezclilla-con-orillo-vs-mezclilla-regular\/\"><\/a>\n\t\t\t\t\n\t\t\t\t\t\t\t\t\t\t\t\t<div class=\"wd-post-date wd-style-with-bg\">\n\t\t\t\t<span class=\"post-date-day\">\n\t\t\t\t\t03\t\t\t\t<\/span>\n\t\t\t\t<span class=\"post-date-month\">\n\t\t\t\t\tSep\t\t\t\t<\/span>\n\t\t\t<\/div>\n\t\t\t\t\t\t\t\t\t<\/div>\n\t\t\n\t\t<div class=\"wd-post-content article-body-container\">\n\t\t\t\t\t\t\t<div class=\"wd-post-cat wd-style-with-bg meta-post-categories\">\n\t\t\t\t\t<a href=\"https:\/\/lydenim.com\/es\/category\/prenda\/\" rel=\"category tag\">PRENDA<\/a>\t\t\t\t<\/div>\n\t\t\t\n\t\t\t\t\t\t\t<h3 class=\"wd-post-title wd-entities-title title post-title\">\n\t\t\t\t\t<a href=\"https:\/\/lydenim.com\/es\/mezclilla-con-orillo-vs-mezclilla-regular\/\" rel=\"bookmark\">\n\t\t\t\t\t\tMezclilla con orillo vs. mezclilla normal\t\t\t\t\t<\/a>\n\t\t\t\t<\/h3>\n\t\t\t\n\t\t\t\t\t\t\t<div class=\"wd-post-meta\">\n\t\t\t\t\t\t\t\t\t\t\t\t\t\t\t<div class=\"wd-post-author\">\n\t\t\t\t\t\t\t\t\t\t\t<span>Publicado por<\/span>\n\t\t\n\t\t\t\t\t\t\t\n\t\t\t\t\t<a href=\"https:\/\/lydenim.com\/es\/author\/malonematthewmmgmail-com\/\" class=\"author\" rel=\"author\">malonematthewmm@gmail.com<\/a>\n\t\t\t\t\t\t\t\t\t<\/div>\n\t\t\t\t\t<div class=\"wd-modified-date\">\n\t\t\t\t\t\t\t\t<time class=\"updated\" datetime=\"2025-09-03T12:16:27+08:00\">\n\t\t\t03\/09\/2025\t\t<\/time>\n\t\t\t\t\t\t\t<\/div>\n\n\t\t\t\t\t\t\t\t\t\t\t<div class=\"wd-post-share wd-tltp\">\n\t\t\t\t\t\t\t<div class=\"tooltip top\">\n\t\t\t\t\t\t\t\t<div class=\"tooltip-inner\">\n\t\t\t\t\t\t\t\t\t\t\t\t<div\n\t\t\t\t\t\tclass=\"wd-social-icons wd-style-default wd-size-small social-share wd-shape-circle color-scheme-light text-center\">\n\t\t\t\t\n\t\t\t\t\n\t\t\t\t\t\t\t\t\t<a rel=\"noopener noreferrer nofollow\" href=\"https:\/\/www.facebook.com\/sharer\/sharer.php?u=https:\/\/lydenim.com\/es\/mezclilla-con-orillo-vs-mezclilla-regular\/\" target=\"_blank\" class=\"wd-social-icon social-facebook\" aria-label=\"Enlace social de Facebook\">\n\t\t\t\t\t\t<span class=\"wd-icon\"><\/span>\n\t\t\t\t\t\t\t\t\t\t\t<\/a>\n\t\t\t\t\n\t\t\t\t\t\t\t\t\t<a rel=\"noopener noreferrer nofollow\" href=\"https:\/\/x.com\/share?url=https:\/\/lydenim.com\/es\/mezclilla-con-orillo-vs-mezclilla-regular\/\" target=\"_blank\" class=\"wd-social-icon social-twitter\" aria-label=\"X enlace social\">\n\t\t\t\t\t\t<span class=\"wd-icon\"><\/span>\n\t\t\t\t\t\t\t\t\t\t\t<\/a>\n\t\t\t\t\n\t\t\t\t\n\t\t\t\t\n\t\t\t\t\n\t\t\t\t\n\t\t\t\t\n\t\t\t\t\t\t\t\t\t<a rel=\"noopener noreferrer nofollow\" href=\"https:\/\/pinterest.com\/pin\/create\/button\/?url=https:\/\/lydenim.com\/es\/mezclilla-con-orillo-vs-mezclilla-regular\/&media=https:\/\/lydenim.com\/wp-content\/uploads\/2025\/08\/Selvedge-Denim-vs-Regular-Denim.jpg&description=Selvedge+Denim+vs+Regular+Denim\" target=\"_blank\" class=\"wd-social-icon social-pinterest\" aria-label=\"Enlace social de Pinterest\">\n\t\t\t\t\t\t<span class=\"wd-icon\"><\/span>\n\t\t\t\t\t\t\t\t\t\t\t<\/a>\n\t\t\t\t\n\t\t\t\t\n\t\t\t\t\t\t\t\t\t<a rel=\"noopener noreferrer nofollow\" href=\"https:\/\/www.linkedin.com\/shareArticle?mini=true&url=https:\/\/lydenim.com\/es\/mezclilla-con-orillo-vs-mezclilla-regular\/\" target=\"_blank\" class=\"wd-social-icon social-linkedin\" aria-label=\"Enlace social de Linkedin\">\n\t\t\t\t\t\t<span class=\"wd-icon\"><\/span>\n\t\t\t\t\t\t\t\t\t\t\t<\/a>\n\t\t\t\t\n\t\t\t\t\n\t\t\t\t\n\t\t\t\t\n\t\t\t\t\n\t\t\t\t\n\t\t\t\t\n\t\t\t\t\n\t\t\t\t\n\t\t\t\t\n\t\t\t\t\n\t\t\t\t\n\t\t\t\t\n\t\t\t\t\n\t\t\t\t\n\t\t\t\t\t\t\t\t\t<a rel=\"noopener noreferrer nofollow\" href=\"https:\/\/telegram.me\/share\/url?url=https:\/\/lydenim.com\/es\/mezclilla-con-orillo-vs-mezclilla-regular\/\" target=\"_blank\" class=\"wd-social-icon social-tg\" aria-label=\"Enlace social de Telegram\">\n\t\t\t\t\t\t<span class=\"wd-icon\"><\/span>\n\t\t\t\t\t\t\t\t\t\t\t<\/a>\n\t\t\t\t\n\t\t\t\t\n\t\t\t<\/div>\n\n\t\t\t\t\t\t\t\t\t\t<\/div>\n\t\t\t\t\t\t\t\t<div class=\"tooltip-arrow\"><\/div>\n\t\t\t\t\t\t\t<\/div>\n\t\t\t\t\t\t<\/div>\n\t\t\t\t\t\n\t\t\t\t\t\t\t\t\t<\/div>\n\t\t\t\n\t\t\t\t\t\t\t<div class=\"wd-post-excerpt entry-content\">\n\t\t\t\t\tTiempo estimado de lectura: ~6 minutos Introducci\u00f3n El p\u00fablico com\u00fanmente confunde el denim con orillo con el denim normal, aunque estas dos telas...\t\t\t\t<\/div>\n\t\t\t\n\t\t\t\t\t\t\t\t\t\t\t\t<div class=\"wd-post-read-more wd-style-link read-more-section\">\n\t\t\t\t\t\t<a class=\"\" href=\"https:\/\/lydenim.com\/es\/mezclilla-con-orillo-vs-mezclilla-regular\/\">Seguir leyendo<\/a>\t\t\t\t\t<\/div>\n\t\t\t\t\t\t\t\t\t<\/div>\n\t<\/div>\n<\/article>\n\n\t\t\t\t\t<\/div>\n\t\t\t\t<div class=\"wd-carousel-item\">\n\t\t\t\t\t\t\t\n<article id=\"post-6415\" class=\"wd-post blog-design-masonry blog-post-loop blog-style-bg wd-add-shadow post-6415 post type-post status-publish format-standard has-post-thumbnail hentry category-garment\">\n\t<div class=\"wd-post-inner article-inner\">\n\t\t\t\t\t<div class=\"wd-post-thumb entry-header\">\n\t\t\t\t\t\t\t\t\t<div class=\"wd-post-img post-img-wrapp\">\n\t\t\t\t\t\t<img loading=\"lazy\" decoding=\"async\" width=\"150\" height=\"150\" src=\"https:\/\/lydenim.com\/wp-content\/uploads\/2025\/08\/Pantalones-de-Mezclilla-10-Estilos-Top-para-2025-150x150.jpg\" class=\"attachment-thumbnail size-thumbnail\" alt=\"\" srcset=\"https:\/\/lydenim.com\/wp-content\/uploads\/2025\/08\/Pantalones-de-Mezclilla-10-Estilos-Top-para-2025-150x150.jpg 150w, https:\/\/lydenim.com\/wp-content\/uploads\/2025\/08\/Pantalones-de-Mezclilla-10-Estilos-Top-para-2025-300x300.jpg 300w, https:\/\/lydenim.com\/wp-content\/uploads\/2025\/08\/Pantalones-de-Mezclilla-10-Estilos-Top-para-2025-45x45.jpg 45w\" sizes=\"auto, (max-width: 150px) 100vw, 150px\" \/>\t\t\t\t\t<\/div>\n\t\t\t\t\t<a class=\"wd-fill\" href=\"https:\/\/lydenim.com\/es\/pantalones-de-mezclilla-10-estilos-top-para-2025\/\"><\/a>\n\t\t\t\t\n\t\t\t\t\t\t\t\t\t\t\t\t<div class=\"wd-post-date wd-style-with-bg\">\n\t\t\t\t<span class=\"post-date-day\">\n\t\t\t\t\t01\t\t\t\t<\/span>\n\t\t\t\t<span class=\"post-date-month\">\n\t\t\t\t\tSep\t\t\t\t<\/span>\n\t\t\t<\/div>\n\t\t\t\t\t\t\t\t\t<\/div>\n\t\t\n\t\t<div class=\"wd-post-content article-body-container\">\n\t\t\t\t\t\t\t<div class=\"wd-post-cat wd-style-with-bg meta-post-categories\">\n\t\t\t\t\t<a href=\"https:\/\/lydenim.com\/es\/category\/prenda\/\" rel=\"category tag\">PRENDA<\/a>\t\t\t\t<\/div>\n\t\t\t\n\t\t\t\t\t\t\t<h3 class=\"wd-post-title wd-entities-title title post-title\">\n\t\t\t\t\t<a href=\"https:\/\/lydenim.com\/es\/pantalones-de-mezclilla-10-estilos-top-para-2025\/\" rel=\"bookmark\">\n\t\t\t\t\t\tPantalones de Mezclilla: 10 Estilos Top para 2025\t\t\t\t\t<\/a>\n\t\t\t\t<\/h3>\n\t\t\t\n\t\t\t\t\t\t\t<div class=\"wd-post-meta\">\n\t\t\t\t\t\t\t\t\t\t\t\t\t\t\t<div class=\"wd-post-author\">\n\t\t\t\t\t\t\t\t\t\t\t<span>Publicado por<\/span>\n\t\t\n\t\t\t\t\t\t\t\n\t\t\t\t\t<a href=\"https:\/\/lydenim.com\/es\/author\/malonematthewmmgmail-com\/\" class=\"author\" rel=\"author\">malonematthewmm@gmail.com<\/a>\n\t\t\t\t\t\t\t\t\t<\/div>\n\t\t\t\t\t<div class=\"wd-modified-date\">\n\t\t\t\t\t\t\t\t<time class=\"updated\" datetime=\"2025-09-01T00:11:05+08:00\">\n\t\t\t01\/09\/2025\t\t<\/time>\n\t\t\t\t\t\t\t<\/div>\n\n\t\t\t\t\t\t\t\t\t\t\t<div class=\"wd-post-share wd-tltp\">\n\t\t\t\t\t\t\t<div class=\"tooltip top\">\n\t\t\t\t\t\t\t\t<div class=\"tooltip-inner\">\n\t\t\t\t\t\t\t\t\t\t\t\t<div\n\t\t\t\t\t\tclass=\"wd-social-icons wd-style-default wd-size-small social-share wd-shape-circle color-scheme-light text-center\">\n\t\t\t\t\n\t\t\t\t\n\t\t\t\t\t\t\t\t\t<a rel=\"noopener noreferrer nofollow\" href=\"https:\/\/www.facebook.com\/sharer\/sharer.php?u=https:\/\/lydenim.com\/es\/pantalones-de-mezclilla-10-estilos-top-para-2025\/\" target=\"_blank\" class=\"wd-social-icon social-facebook\" aria-label=\"Enlace social de Facebook\">\n\t\t\t\t\t\t<span class=\"wd-icon\"><\/span>\n\t\t\t\t\t\t\t\t\t\t\t<\/a>\n\t\t\t\t\n\t\t\t\t\t\t\t\t\t<a rel=\"noopener noreferrer nofollow\" href=\"https:\/\/x.com\/share?url=https:\/\/lydenim.com\/es\/pantalones-de-mezclilla-10-estilos-top-para-2025\/\" target=\"_blank\" class=\"wd-social-icon social-twitter\" aria-label=\"X enlace social\">\n\t\t\t\t\t\t<span class=\"wd-icon\"><\/span>\n\t\t\t\t\t\t\t\t\t\t\t<\/a>\n\t\t\t\t\n\t\t\t\t\n\t\t\t\t\n\t\t\t\t\n\t\t\t\t\n\t\t\t\t\n\t\t\t\t\t\t\t\t\t<a rel=\"noopener noreferrer nofollow\" href=\"https:\/\/pinterest.com\/pin\/create\/button\/?url=https:\/\/lydenim.com\/es\/pantalones-de-mezclilla-10-estilos-top-para-2025\/&media=https:\/\/lydenim.com\/wp-content\/uploads\/2025\/08\/Pantalones-de-Mezclilla-10-Estilos-Top-para-2025.jpg&description=Pantalones+de+Mezclilla%3A+10+Estilos+Top+para+2025\" target=\"_blank\" class=\"wd-social-icon social-pinterest\" aria-label=\"Enlace social de Pinterest\">\n\t\t\t\t\t\t<span class=\"wd-icon\"><\/span>\n\t\t\t\t\t\t\t\t\t\t\t<\/a>\n\t\t\t\t\n\t\t\t\t\n\t\t\t\t\t\t\t\t\t<a rel=\"noopener noreferrer nofollow\" href=\"https:\/\/www.linkedin.com\/shareArticle?mini=true&url=https:\/\/lydenim.com\/es\/pantalones-de-mezclilla-10-estilos-top-para-2025\/\" target=\"_blank\" class=\"wd-social-icon social-linkedin\" aria-label=\"Enlace social de Linkedin\">\n\t\t\t\t\t\t<span class=\"wd-icon\"><\/span>\n\t\t\t\t\t\t\t\t\t\t\t<\/a>\n\t\t\t\t\n\t\t\t\t\n\t\t\t\t\n\t\t\t\t\n\t\t\t\t\n\t\t\t\t\n\t\t\t\t\n\t\t\t\t\n\t\t\t\t\n\t\t\t\t\n\t\t\t\t\n\t\t\t\t\n\t\t\t\t\n\t\t\t\t\n\t\t\t\t\n\t\t\t\t\t\t\t\t\t<a rel=\"noopener noreferrer nofollow\" href=\"https:\/\/telegram.me\/share\/url?url=https:\/\/lydenim.com\/es\/pantalones-de-mezclilla-10-estilos-top-para-2025\/\" target=\"_blank\" class=\"wd-social-icon social-tg\" aria-label=\"Enlace social de Telegram\">\n\t\t\t\t\t\t<span class=\"wd-icon\"><\/span>\n\t\t\t\t\t\t\t\t\t\t\t<\/a>\n\t\t\t\t\n\t\t\t\t\n\t\t\t<\/div>\n\n\t\t\t\t\t\t\t\t\t\t<\/div>\n\t\t\t\t\t\t\t\t<div class=\"tooltip-arrow\"><\/div>\n\t\t\t\t\t\t\t<\/div>\n\t\t\t\t\t\t<\/div>\n\t\t\t\t\t\n\t\t\t\t\t\t\t\t\t<\/div>\n\t\t\t\n\t\t\t\t\t\t\t<div class=\"wd-post-excerpt entry-content\">\n\t\t\t\t\tIntroducci\u00f3n Los pantalones de mezclilla son algo que nunca pasa de moda. Esto se debe a que combinar muy bien el estilo y la pr\u00e1ctica...\t\t\t\t<\/div>\n\t\t\t\n\t\t\t\t\t\t\t\t\t\t\t\t<div class=\"wd-post-read-more wd-style-link read-more-section\">\n\t\t\t\t\t\t<a class=\"\" href=\"https:\/\/lydenim.com\/es\/pantalones-de-mezclilla-10-estilos-top-para-2025\/\">Seguir leyendo<\/a>\t\t\t\t\t<\/div>\n\t\t\t\t\t\t\t\t\t<\/div>\n\t<\/div>\n<\/article>\n\n\t\t\t\t\t<\/div>\n\t\t\t\t<div class=\"wd-carousel-item\">\n\t\t\t\t\t\t\t\n<article id=\"post-6403\" class=\"wd-post blog-design-masonry blog-post-loop blog-style-bg wd-add-shadow post-6403 post type-post status-publish format-standard has-post-thumbnail hentry category-denim-knowledge\">\n\t<div class=\"wd-post-inner article-inner\">\n\t\t\t\t\t<div class=\"wd-post-thumb entry-header\">\n\t\t\t\t\t\t\t\t\t<div class=\"wd-post-img post-img-wrapp\">\n\t\t\t\t\t\t<img loading=\"lazy\" decoding=\"async\" width=\"150\" height=\"150\" src=\"https:\/\/lydenim.com\/wp-content\/uploads\/2025\/08\/What-Is-Selvedge-Denim-150x150.jpg\" class=\"attachment-thumbnail size-thumbnail\" alt=\"\" srcset=\"https:\/\/lydenim.com\/wp-content\/uploads\/2025\/08\/What-Is-Selvedge-Denim-150x150.jpg 150w, https:\/\/lydenim.com\/wp-content\/uploads\/2025\/08\/What-Is-Selvedge-Denim-300x300.jpg 300w, https:\/\/lydenim.com\/wp-content\/uploads\/2025\/08\/What-Is-Selvedge-Denim-45x45.jpg 45w\" sizes=\"auto, (max-width: 150px) 100vw, 150px\" \/>\t\t\t\t\t<\/div>\n\t\t\t\t\t<a class=\"wd-fill\" href=\"https:\/\/lydenim.com\/es\/que-es-el-denim-con-orillo-7-datos-esenciales\/\"><\/a>\n\t\t\t\t\n\t\t\t\t\t\t\t\t\t\t\t\t<div class=\"wd-post-date wd-style-with-bg\">\n\t\t\t\t<span class=\"post-date-day\">\n\t\t\t\t\t31\t\t\t\t<\/span>\n\t\t\t\t<span class=\"post-date-month\">\n\t\t\t\t\tAtr\u00e1s\t\t\t\t<\/span>\n\t\t\t<\/div>\n\t\t\t\t\t\t\t\t\t<\/div>\n\t\t\n\t\t<div class=\"wd-post-content article-body-container\">\n\t\t\t\t\t\t\t<div class=\"wd-post-cat wd-style-with-bg meta-post-categories\">\n\t\t\t\t\t<a href=\"https:\/\/lydenim.com\/es\/category\/conocimiento-de-mezclilla\/\" rel=\"category tag\">Conocimiento del denim<\/a>\t\t\t\t<\/div>\n\t\t\t\n\t\t\t\t\t\t\t<h3 class=\"wd-post-title wd-entities-title title post-title\">\n\t\t\t\t\t<a href=\"https:\/\/lydenim.com\/es\/que-es-el-denim-con-orillo-7-datos-esenciales\/\" rel=\"bookmark\">\n\t\t\t\t\t\t\u00bfQu\u00e9 es el denim con orillo? 7 datos esenciales\t\t\t\t\t<\/a>\n\t\t\t\t<\/h3>\n\t\t\t\n\t\t\t\t\t\t\t<div class=\"wd-post-meta\">\n\t\t\t\t\t\t\t\t\t\t\t\t\t\t\t<div class=\"wd-post-author\">\n\t\t\t\t\t\t\t\t\t\t\t<span>Publicado por<\/span>\n\t\t\n\t\t\t\t\t\t\t\n\t\t\t\t\t<a href=\"https:\/\/lydenim.com\/es\/author\/malonematthewmmgmail-com\/\" class=\"author\" rel=\"author\">malonematthewmm@gmail.com<\/a>\n\t\t\t\t\t\t\t\t\t<\/div>\n\t\t\t\t\t<div class=\"wd-modified-date\">\n\t\t\t\t\t\t\t\t<time class=\"updated\" datetime=\"2025-08-31T13:03:35+08:00\">\n\t\t\t31\/08\/2025\t\t<\/time>\n\t\t\t\t\t\t\t<\/div>\n\n\t\t\t\t\t\t\t\t\t\t\t<div class=\"wd-post-share wd-tltp\">\n\t\t\t\t\t\t\t<div class=\"tooltip top\">\n\t\t\t\t\t\t\t\t<div class=\"tooltip-inner\">\n\t\t\t\t\t\t\t\t\t\t\t\t<div\n\t\t\t\t\t\tclass=\"wd-social-icons wd-style-default wd-size-small social-share wd-shape-circle color-scheme-light text-center\">\n\t\t\t\t\n\t\t\t\t\n\t\t\t\t\t\t\t\t\t<a rel=\"noopener noreferrer nofollow\" href=\"https:\/\/www.facebook.com\/sharer\/sharer.php?u=https:\/\/lydenim.com\/es\/que-es-el-denim-con-orillo-7-datos-esenciales\/\" target=\"_blank\" class=\"wd-social-icon social-facebook\" aria-label=\"Enlace social de Facebook\">\n\t\t\t\t\t\t<span class=\"wd-icon\"><\/span>\n\t\t\t\t\t\t\t\t\t\t\t<\/a>\n\t\t\t\t\n\t\t\t\t\t\t\t\t\t<a rel=\"noopener noreferrer nofollow\" href=\"https:\/\/x.com\/share?url=https:\/\/lydenim.com\/es\/que-es-el-denim-con-orillo-7-datos-esenciales\/\" target=\"_blank\" class=\"wd-social-icon social-twitter\" aria-label=\"X enlace social\">\n\t\t\t\t\t\t<span class=\"wd-icon\"><\/span>\n\t\t\t\t\t\t\t\t\t\t\t<\/a>\n\t\t\t\t\n\t\t\t\t\n\t\t\t\t\n\t\t\t\t\n\t\t\t\t\n\t\t\t\t\n\t\t\t\t\t\t\t\t\t<a rel=\"noopener noreferrer nofollow\" href=\"https:\/\/pinterest.com\/pin\/create\/button\/?url=https:\/\/lydenim.com\/es\/que-es-el-denim-con-orillo-7-datos-esenciales\/&media=https:\/\/lydenim.com\/wp-content\/uploads\/2025\/08\/What-Is-Selvedge-Denim.jpg&description=What+Is+Selvedge+Denim%3A+7+Essential+Facts\" target=\"_blank\" class=\"wd-social-icon social-pinterest\" aria-label=\"Enlace social de Pinterest\">\n\t\t\t\t\t\t<span class=\"wd-icon\"><\/span>\n\t\t\t\t\t\t\t\t\t\t\t<\/a>\n\t\t\t\t\n\t\t\t\t\n\t\t\t\t\t\t\t\t\t<a rel=\"noopener noreferrer nofollow\" href=\"https:\/\/www.linkedin.com\/shareArticle?mini=true&url=https:\/\/lydenim.com\/es\/que-es-el-denim-con-orillo-7-datos-esenciales\/\" target=\"_blank\" class=\"wd-social-icon social-linkedin\" aria-label=\"Enlace social de Linkedin\">\n\t\t\t\t\t\t<span class=\"wd-icon\"><\/span>\n\t\t\t\t\t\t\t\t\t\t\t<\/a>\n\t\t\t\t\n\t\t\t\t\n\t\t\t\t\n\t\t\t\t\n\t\t\t\t\n\t\t\t\t\n\t\t\t\t\n\t\t\t\t\n\t\t\t\t\n\t\t\t\t\n\t\t\t\t\n\t\t\t\t\n\t\t\t\t\n\t\t\t\t\n\t\t\t\t\n\t\t\t\t\t\t\t\t\t<a rel=\"noopener noreferrer nofollow\" href=\"https:\/\/telegram.me\/share\/url?url=https:\/\/lydenim.com\/es\/que-es-el-denim-con-orillo-7-datos-esenciales\/\" target=\"_blank\" class=\"wd-social-icon social-tg\" aria-label=\"Enlace social de Telegram\">\n\t\t\t\t\t\t<span class=\"wd-icon\"><\/span>\n\t\t\t\t\t\t\t\t\t\t\t<\/a>\n\t\t\t\t\n\t\t\t\t\n\t\t\t<\/div>\n\n\t\t\t\t\t\t\t\t\t\t<\/div>\n\t\t\t\t\t\t\t\t<div class=\"tooltip-arrow\"><\/div>\n\t\t\t\t\t\t\t<\/div>\n\t\t\t\t\t\t<\/div>\n\t\t\t\t\t\n\t\t\t\t\t\t\t\t\t<\/div>\n\t\t\t\n\t\t\t\t\t\t\t<div class=\"wd-post-excerpt entry-content\">\n\t\t\t\t\tTiempo estimado de lectura: ~4 minutos. Introducci\u00f3n Quienes se inician en el mundo de los jeans premium suelen preguntarse qu\u00e9 hace especial al denim con orillo.\t\t\t\t<\/div>\n\t\t\t\n\t\t\t\t\t\t\t\t\t\t\t\t<div class=\"wd-post-read-more wd-style-link read-more-section\">\n\t\t\t\t\t\t<a class=\"\" href=\"https:\/\/lydenim.com\/es\/que-es-el-denim-con-orillo-7-datos-esenciales\/\">Seguir leyendo<\/a>\t\t\t\t\t<\/div>\n\t\t\t\t\t\t\t\t\t<\/div>\n\t<\/div>\n<\/article>\n\n\t\t\t\t\t<\/div>\n\t\t\t\t<div class=\"wd-carousel-item\">\n\t\t\t\t\t\t\t\n<article id=\"post-6145\" class=\"wd-post blog-design-masonry blog-post-loop blog-style-bg wd-add-shadow post-6145 post type-post status-publish format-standard has-post-thumbnail hentry category-garment\">\n\t<div class=\"wd-post-inner article-inner\">\n\t\t\t\t\t<div class=\"wd-post-thumb entry-header\">\n\t\t\t\t\t\t\t\t\t<div class=\"wd-post-img post-img-wrapp\">\n\t\t\t\t\t\t<img loading=\"lazy\" decoding=\"async\" width=\"150\" height=\"150\" src=\"https:\/\/lydenim.com\/wp-content\/uploads\/2025\/08\/The-Challenge-of-Finding-a-Perfect-Fit-150x150.jpg\" class=\"attachment-thumbnail size-thumbnail\" alt=\"\" srcset=\"https:\/\/lydenim.com\/wp-content\/uploads\/2025\/08\/The-Challenge-of-Finding-a-Perfect-Fit-150x150.jpg 150w, https:\/\/lydenim.com\/wp-content\/uploads\/2025\/08\/The-Challenge-of-Finding-a-Perfect-Fit-300x300.jpg 300w, https:\/\/lydenim.com\/wp-content\/uploads\/2025\/08\/The-Challenge-of-Finding-a-Perfect-Fit-45x45.jpg 45w\" sizes=\"auto, (max-width: 150px) 100vw, 150px\" \/>\t\t\t\t\t<\/div>\n\t\t\t\t\t<a class=\"wd-fill\" href=\"https:\/\/lydenim.com\/es\/el-desafio-de-encontrar-el-ajuste-perfecto\/\"><\/a>\n\t\t\t\t\n\t\t\t\t\t\t\t\t\t\t\t\t<div class=\"wd-post-date wd-style-with-bg\">\n\t\t\t\t<span class=\"post-date-day\">\n\t\t\t\t\t29\t\t\t\t<\/span>\n\t\t\t\t<span class=\"post-date-month\">\n\t\t\t\t\tAtr\u00e1s\t\t\t\t<\/span>\n\t\t\t<\/div>\n\t\t\t\t\t\t\t\t\t<\/div>\n\t\t\n\t\t<div class=\"wd-post-content article-body-container\">\n\t\t\t\t\t\t\t<div class=\"wd-post-cat wd-style-with-bg meta-post-categories\">\n\t\t\t\t\t<a href=\"https:\/\/lydenim.com\/es\/category\/prenda\/\" rel=\"category tag\">PRENDA<\/a>\t\t\t\t<\/div>\n\t\t\t\n\t\t\t\t\t\t\t<h3 class=\"wd-post-title wd-entities-title title post-title\">\n\t\t\t\t\t<a href=\"https:\/\/lydenim.com\/es\/el-desafio-de-encontrar-el-ajuste-perfecto\/\" rel=\"bookmark\">\n\t\t\t\t\t\tEl desaf\u00edo de encontrar el ajuste perfecto\t\t\t\t\t<\/a>\n\t\t\t\t<\/h3>\n\t\t\t\n\t\t\t\t\t\t\t<div class=\"wd-post-meta\">\n\t\t\t\t\t\t\t\t\t\t\t\t\t\t\t<div class=\"wd-post-author\">\n\t\t\t\t\t\t\t\t\t\t\t<span>Publicado por<\/span>\n\t\t\n\t\t\t\t\t\t\t\n\t\t\t\t\t<a href=\"https:\/\/lydenim.com\/es\/author\/malonematthewmmgmail-com\/\" class=\"author\" rel=\"author\">malonematthewmm@gmail.com<\/a>\n\t\t\t\t\t\t\t\t\t<\/div>\n\t\t\t\t\t<div class=\"wd-modified-date\">\n\t\t\t\t\t\t\t\t<time class=\"updated\" datetime=\"2025-08-29T14:04:36+08:00\">\n\t\t\t29\/08\/2025\t\t<\/time>\n\t\t\t\t\t\t\t<\/div>\n\n\t\t\t\t\t\t\t\t\t\t\t<div class=\"wd-post-share wd-tltp\">\n\t\t\t\t\t\t\t<div class=\"tooltip top\">\n\t\t\t\t\t\t\t\t<div class=\"tooltip-inner\">\n\t\t\t\t\t\t\t\t\t\t\t\t<div\n\t\t\t\t\t\tclass=\"wd-social-icons wd-style-default wd-size-small social-share wd-shape-circle color-scheme-light text-center\">\n\t\t\t\t\n\t\t\t\t\n\t\t\t\t\t\t\t\t\t<a rel=\"noopener noreferrer nofollow\" href=\"https:\/\/www.facebook.com\/sharer\/sharer.php?u=https:\/\/lydenim.com\/es\/el-desafio-de-encontrar-el-ajuste-perfecto\/\" target=\"_blank\" class=\"wd-social-icon social-facebook\" aria-label=\"Enlace social de Facebook\">\n\t\t\t\t\t\t<span class=\"wd-icon\"><\/span>\n\t\t\t\t\t\t\t\t\t\t\t<\/a>\n\t\t\t\t\n\t\t\t\t\t\t\t\t\t<a rel=\"noopener noreferrer nofollow\" href=\"https:\/\/x.com\/share?url=https:\/\/lydenim.com\/es\/el-desafio-de-encontrar-el-ajuste-perfecto\/\" target=\"_blank\" class=\"wd-social-icon social-twitter\" aria-label=\"X enlace social\">\n\t\t\t\t\t\t<span class=\"wd-icon\"><\/span>\n\t\t\t\t\t\t\t\t\t\t\t<\/a>\n\t\t\t\t\n\t\t\t\t\n\t\t\t\t\n\t\t\t\t\n\t\t\t\t\n\t\t\t\t\n\t\t\t\t\t\t\t\t\t<a rel=\"noopener noreferrer nofollow\" href=\"https:\/\/pinterest.com\/pin\/create\/button\/?url=https:\/\/lydenim.com\/es\/el-desafio-de-encontrar-el-ajuste-perfecto\/&media=https:\/\/lydenim.com\/wp-content\/uploads\/2025\/08\/The-Challenge-of-Finding-a-Perfect-Fit.jpg&description=The+Challenge+of+Finding+a+Perfect+Fit\" target=\"_blank\" class=\"wd-social-icon social-pinterest\" aria-label=\"Enlace social de Pinterest\">\n\t\t\t\t\t\t<span class=\"wd-icon\"><\/span>\n\t\t\t\t\t\t\t\t\t\t\t<\/a>\n\t\t\t\t\n\t\t\t\t\n\t\t\t\t\t\t\t\t\t<a rel=\"noopener noreferrer nofollow\" href=\"https:\/\/www.linkedin.com\/shareArticle?mini=true&url=https:\/\/lydenim.com\/es\/el-desafio-de-encontrar-el-ajuste-perfecto\/\" target=\"_blank\" class=\"wd-social-icon social-linkedin\" aria-label=\"Enlace social de Linkedin\">\n\t\t\t\t\t\t<span class=\"wd-icon\"><\/span>\n\t\t\t\t\t\t\t\t\t\t\t<\/a>\n\t\t\t\t\n\t\t\t\t\n\t\t\t\t\n\t\t\t\t\n\t\t\t\t\n\t\t\t\t\n\t\t\t\t\n\t\t\t\t\n\t\t\t\t\n\t\t\t\t\n\t\t\t\t\n\t\t\t\t\n\t\t\t\t\n\t\t\t\t\n\t\t\t\t\n\t\t\t\t\t\t\t\t\t<a rel=\"noopener noreferrer nofollow\" href=\"https:\/\/telegram.me\/share\/url?url=https:\/\/lydenim.com\/es\/el-desafio-de-encontrar-el-ajuste-perfecto\/\" target=\"_blank\" class=\"wd-social-icon social-tg\" aria-label=\"Enlace social de Telegram\">\n\t\t\t\t\t\t<span class=\"wd-icon\"><\/span>\n\t\t\t\t\t\t\t\t\t\t\t<\/a>\n\t\t\t\t\n\t\t\t\t\n\t\t\t<\/div>\n\n\t\t\t\t\t\t\t\t\t\t<\/div>\n\t\t\t\t\t\t\t\t<div class=\"tooltip-arrow\"><\/div>\n\t\t\t\t\t\t\t<\/div>\n\t\t\t\t\t\t<\/div>\n\t\t\t\t\t\n\t\t\t\t\t\t\t\t\t<\/div>\n\t\t\t\n\t\t\t\t\t\t\t<div class=\"wd-post-excerpt entry-content\">\n\t\t\t\t\tTiempo estimado de lectura: ~6 minutos Introducci\u00f3n: El desaf\u00edo de encontrar el ajuste perfecto \u00bfAlguna vez te has puesto una chaqueta o unos pantalones que...\t\t\t\t<\/div>\n\t\t\t\n\t\t\t\t\t\t\t\t\t\t\t\t<div class=\"wd-post-read-more wd-style-link read-more-section\">\n\t\t\t\t\t\t<a class=\"\" href=\"https:\/\/lydenim.com\/es\/el-desafio-de-encontrar-el-ajuste-perfecto\/\">Seguir leyendo<\/a>\t\t\t\t\t<\/div>\n\t\t\t\t\t\t\t\t\t<\/div>\n\t<\/div>\n<\/article>\n\n\t\t\t\t\t<\/div>\n\t\t\t\t<div class=\"wd-carousel-item\">\n\t\t\t\t\t\t\t\n<article id=\"post-6136\" class=\"wd-post blog-design-masonry blog-post-loop blog-style-bg wd-add-shadow post-6136 post type-post status-publish format-standard has-post-thumbnail hentry category-denim-knowledge\">\n\t<div class=\"wd-post-inner article-inner\">\n\t\t\t\t\t<div class=\"wd-post-thumb entry-header\">\n\t\t\t\t\t\t\t\t\t<div class=\"wd-post-img post-img-wrapp\">\n\t\t\t\t\t\t<img loading=\"lazy\" decoding=\"async\" width=\"150\" height=\"150\" src=\"https:\/\/lydenim.com\/wp-content\/uploads\/2025\/08\/Revolutionary-Selvedge-Denim-Styles-150x150.jpg\" class=\"attachment-thumbnail size-thumbnail\" alt=\"\" srcset=\"https:\/\/lydenim.com\/wp-content\/uploads\/2025\/08\/Revolutionary-Selvedge-Denim-Styles-150x150.jpg 150w, https:\/\/lydenim.com\/wp-content\/uploads\/2025\/08\/Revolutionary-Selvedge-Denim-Styles-300x300.jpg 300w, https:\/\/lydenim.com\/wp-content\/uploads\/2025\/08\/Revolutionary-Selvedge-Denim-Styles-45x45.jpg 45w\" sizes=\"auto, (max-width: 150px) 100vw, 150px\" \/>\t\t\t\t\t<\/div>\n\t\t\t\t\t<a class=\"wd-fill\" href=\"https:\/\/lydenim.com\/es\/estilos-revolucionarios-de-mezclilla-con-orillo\/\"><\/a>\n\t\t\t\t\n\t\t\t\t\t\t\t\t\t\t\t\t<div class=\"wd-post-date wd-style-with-bg\">\n\t\t\t\t<span class=\"post-date-day\">\n\t\t\t\t\t27\t\t\t\t<\/span>\n\t\t\t\t<span class=\"post-date-month\">\n\t\t\t\t\tAtr\u00e1s\t\t\t\t<\/span>\n\t\t\t<\/div>\n\t\t\t\t\t\t\t\t\t<\/div>\n\t\t\n\t\t<div class=\"wd-post-content article-body-container\">\n\t\t\t\t\t\t\t<div class=\"wd-post-cat wd-style-with-bg meta-post-categories\">\n\t\t\t\t\t<a href=\"https:\/\/lydenim.com\/es\/category\/conocimiento-de-mezclilla\/\" rel=\"category tag\">Conocimiento del denim<\/a>\t\t\t\t<\/div>\n\t\t\t\n\t\t\t\t\t\t\t<h3 class=\"wd-post-title wd-entities-title title post-title\">\n\t\t\t\t\t<a href=\"https:\/\/lydenim.com\/es\/estilos-revolucionarios-de-mezclilla-con-orillo\/\" rel=\"bookmark\">\n\t\t\t\t\t\tEstilos revolucionarios de mezclilla con orillo\t\t\t\t\t<\/a>\n\t\t\t\t<\/h3>\n\t\t\t\n\t\t\t\t\t\t\t<div class=\"wd-post-meta\">\n\t\t\t\t\t\t\t\t\t\t\t\t\t\t\t<div class=\"wd-post-author\">\n\t\t\t\t\t\t\t\t\t\t\t<span>Publicado por<\/span>\n\t\t\n\t\t\t\t\t\t\t\n\t\t\t\t\t<a href=\"https:\/\/lydenim.com\/es\/author\/malonematthewmmgmail-com\/\" class=\"author\" rel=\"author\">malonematthewmm@gmail.com<\/a>\n\t\t\t\t\t\t\t\t\t<\/div>\n\t\t\t\t\t<div class=\"wd-modified-date\">\n\t\t\t\t\t\t\t\t<time class=\"updated\" datetime=\"2025-08-27T16:44:15+08:00\">\n\t\t\t27\/08\/2025\t\t<\/time>\n\t\t\t\t\t\t\t<\/div>\n\n\t\t\t\t\t\t\t\t\t\t\t<div class=\"wd-post-share wd-tltp\">\n\t\t\t\t\t\t\t<div class=\"tooltip top\">\n\t\t\t\t\t\t\t\t<div class=\"tooltip-inner\">\n\t\t\t\t\t\t\t\t\t\t\t\t<div\n\t\t\t\t\t\tclass=\"wd-social-icons wd-style-default wd-size-small social-share wd-shape-circle color-scheme-light text-center\">\n\t\t\t\t\n\t\t\t\t\n\t\t\t\t\t\t\t\t\t<a rel=\"noopener noreferrer nofollow\" href=\"https:\/\/www.facebook.com\/sharer\/sharer.php?u=https:\/\/lydenim.com\/es\/estilos-revolucionarios-de-mezclilla-con-orillo\/\" target=\"_blank\" class=\"wd-social-icon social-facebook\" aria-label=\"Enlace social de Facebook\">\n\t\t\t\t\t\t<span class=\"wd-icon\"><\/span>\n\t\t\t\t\t\t\t\t\t\t\t<\/a>\n\t\t\t\t\n\t\t\t\t\t\t\t\t\t<a rel=\"noopener noreferrer nofollow\" href=\"https:\/\/x.com\/share?url=https:\/\/lydenim.com\/es\/estilos-revolucionarios-de-mezclilla-con-orillo\/\" target=\"_blank\" class=\"wd-social-icon social-twitter\" aria-label=\"X enlace social\">\n\t\t\t\t\t\t<span class=\"wd-icon\"><\/span>\n\t\t\t\t\t\t\t\t\t\t\t<\/a>\n\t\t\t\t\n\t\t\t\t\n\t\t\t\t\n\t\t\t\t\n\t\t\t\t\n\t\t\t\t\n\t\t\t\t\t\t\t\t\t<a rel=\"noopener noreferrer nofollow\" href=\"https:\/\/pinterest.com\/pin\/create\/button\/?url=https:\/\/lydenim.com\/es\/estilos-revolucionarios-de-mezclilla-con-orillo\/&media=https:\/\/lydenim.com\/wp-content\/uploads\/2025\/08\/Revolutionary-Selvedge-Denim-Styles.jpg&description=Revolutionary+Selvedge+Denim+Styles\" target=\"_blank\" class=\"wd-social-icon social-pinterest\" aria-label=\"Enlace social de Pinterest\">\n\t\t\t\t\t\t<span class=\"wd-icon\"><\/span>\n\t\t\t\t\t\t\t\t\t\t\t<\/a>\n\t\t\t\t\n\t\t\t\t\n\t\t\t\t\t\t\t\t\t<a rel=\"noopener noreferrer nofollow\" href=\"https:\/\/www.linkedin.com\/shareArticle?mini=true&url=https:\/\/lydenim.com\/es\/estilos-revolucionarios-de-mezclilla-con-orillo\/\" target=\"_blank\" class=\"wd-social-icon social-linkedin\" aria-label=\"Enlace social de Linkedin\">\n\t\t\t\t\t\t<span class=\"wd-icon\"><\/span>\n\t\t\t\t\t\t\t\t\t\t\t<\/a>\n\t\t\t\t\n\t\t\t\t\n\t\t\t\t\n\t\t\t\t\n\t\t\t\t\n\t\t\t\t\n\t\t\t\t\n\t\t\t\t\n\t\t\t\t\n\t\t\t\t\n\t\t\t\t\n\t\t\t\t\n\t\t\t\t\n\t\t\t\t\n\t\t\t\t\n\t\t\t\t\t\t\t\t\t<a rel=\"noopener noreferrer nofollow\" href=\"https:\/\/telegram.me\/share\/url?url=https:\/\/lydenim.com\/es\/estilos-revolucionarios-de-mezclilla-con-orillo\/\" target=\"_blank\" class=\"wd-social-icon social-tg\" aria-label=\"Enlace social de Telegram\">\n\t\t\t\t\t\t<span class=\"wd-icon\"><\/span>\n\t\t\t\t\t\t\t\t\t\t\t<\/a>\n\t\t\t\t\n\t\t\t\t\n\t\t\t<\/div>\n\n\t\t\t\t\t\t\t\t\t\t<\/div>\n\t\t\t\t\t\t\t\t<div class=\"tooltip-arrow\"><\/div>\n\t\t\t\t\t\t\t<\/div>\n\t\t\t\t\t\t<\/div>\n\t\t\t\t\t\n\t\t\t\t\t\t\t\t\t<\/div>\n\t\t\t\n\t\t\t\t\t\t\t<div class=\"wd-post-excerpt entry-content\">\n\t\t\t\t\tTiempo estimado de lectura: ~4 minutos. \u00bfQu\u00e9 es el denim con orillo? El denim con orillo es el borde denso de los jeans premium, a menudo acabado...\t\t\t\t<\/div>\n\t\t\t\n\t\t\t\t\t\t\t\t\t\t\t\t<div class=\"wd-post-read-more wd-style-link read-more-section\">\n\t\t\t\t\t\t<a class=\"\" href=\"https:\/\/lydenim.com\/es\/estilos-revolucionarios-de-mezclilla-con-orillo\/\">Seguir leyendo<\/a>\t\t\t\t\t<\/div>\n\t\t\t\t\t\t\t\t\t<\/div>\n\t<\/div>\n<\/article>\n\n\t\t\t\t\t<\/div>\n\t\t\t\t<div class=\"wd-carousel-item\">\n\t\t\t\t\t\t\t\n<article id=\"post-6062\" class=\"wd-post blog-design-masonry blog-post-loop blog-style-bg wd-add-shadow post-6062 post type-post status-publish format-standard has-post-thumbnail hentry category-garment\">\n\t<div class=\"wd-post-inner article-inner\">\n\t\t\t\t\t<div class=\"wd-post-thumb entry-header\">\n\t\t\t\t\t\t\t\t\t<div class=\"wd-post-img post-img-wrapp\">\n\t\t\t\t\t\t<img loading=\"lazy\" decoding=\"async\" width=\"150\" height=\"150\" src=\"https:\/\/lydenim.com\/wp-content\/uploads\/2025\/08\/Mastering-How-to-lighten-denim-bleach-150x150.jpg\" class=\"attachment-thumbnail size-thumbnail\" alt=\"\" srcset=\"https:\/\/lydenim.com\/wp-content\/uploads\/2025\/08\/Mastering-How-to-lighten-denim-bleach-150x150.jpg 150w, https:\/\/lydenim.com\/wp-content\/uploads\/2025\/08\/Mastering-How-to-lighten-denim-bleach-300x300.jpg 300w, https:\/\/lydenim.com\/wp-content\/uploads\/2025\/08\/Mastering-How-to-lighten-denim-bleach-45x45.jpg 45w\" sizes=\"auto, (max-width: 150px) 100vw, 150px\" \/>\t\t\t\t\t<\/div>\n\t\t\t\t\t<a class=\"wd-fill\" href=\"https:\/\/lydenim.com\/es\/dominando-la-tecnica-de-aclarado-del-decolorante-de-mezclilla\/\"><\/a>\n\t\t\t\t\n\t\t\t\t\t\t\t\t\t\t\t\t<div class=\"wd-post-date wd-style-with-bg\">\n\t\t\t\t<span class=\"post-date-day\">\n\t\t\t\t\t25\t\t\t\t<\/span>\n\t\t\t\t<span class=\"post-date-month\">\n\t\t\t\t\tAtr\u00e1s\t\t\t\t<\/span>\n\t\t\t<\/div>\n\t\t\t\t\t\t\t\t\t<\/div>\n\t\t\n\t\t<div class=\"wd-post-content article-body-container\">\n\t\t\t\t\t\t\t<div class=\"wd-post-cat wd-style-with-bg meta-post-categories\">\n\t\t\t\t\t<a href=\"https:\/\/lydenim.com\/es\/category\/prenda\/\" rel=\"category tag\">PRENDA<\/a>\t\t\t\t<\/div>\n\t\t\t\n\t\t\t\t\t\t\t<h3 class=\"wd-post-title wd-entities-title title post-title\">\n\t\t\t\t\t<a href=\"https:\/\/lydenim.com\/es\/dominando-la-tecnica-de-aclarado-del-decolorante-de-mezclilla\/\" rel=\"bookmark\">\n\t\t\t\t\t\tDominando c\u00f3mo aclarar el denim - blanqueador\t\t\t\t\t<\/a>\n\t\t\t\t<\/h3>\n\t\t\t\n\t\t\t\t\t\t\t<div class=\"wd-post-meta\">\n\t\t\t\t\t\t\t\t\t\t\t\t\t\t\t<div class=\"wd-post-author\">\n\t\t\t\t\t\t\t\t\t\t\t<span>Publicado por<\/span>\n\t\t\n\t\t\t\t\t\t\t\n\t\t\t\t\t<a href=\"https:\/\/lydenim.com\/es\/author\/malonematthewmmgmail-com\/\" class=\"author\" rel=\"author\">malonematthewmm@gmail.com<\/a>\n\t\t\t\t\t\t\t\t\t<\/div>\n\t\t\t\t\t<div class=\"wd-modified-date\">\n\t\t\t\t\t\t\t\t<time class=\"updated\" datetime=\"2025-08-25T12:48:02+08:00\">\n\t\t\t25\/08\/2025\t\t<\/time>\n\t\t\t\t\t\t\t<\/div>\n\n\t\t\t\t\t\t\t\t\t\t\t<div class=\"wd-post-share wd-tltp\">\n\t\t\t\t\t\t\t<div class=\"tooltip top\">\n\t\t\t\t\t\t\t\t<div class=\"tooltip-inner\">\n\t\t\t\t\t\t\t\t\t\t\t\t<div\n\t\t\t\t\t\tclass=\"wd-social-icons wd-style-default wd-size-small social-share wd-shape-circle color-scheme-light text-center\">\n\t\t\t\t\n\t\t\t\t\n\t\t\t\t\t\t\t\t\t<a rel=\"noopener noreferrer nofollow\" href=\"https:\/\/www.facebook.com\/sharer\/sharer.php?u=https:\/\/lydenim.com\/es\/dominando-la-tecnica-de-aclarado-del-decolorante-de-mezclilla\/\" target=\"_blank\" class=\"wd-social-icon social-facebook\" aria-label=\"Enlace social de Facebook\">\n\t\t\t\t\t\t<span class=\"wd-icon\"><\/span>\n\t\t\t\t\t\t\t\t\t\t\t<\/a>\n\t\t\t\t\n\t\t\t\t\t\t\t\t\t<a rel=\"noopener noreferrer nofollow\" href=\"https:\/\/x.com\/share?url=https:\/\/lydenim.com\/es\/dominando-la-tecnica-de-aclarado-del-decolorante-de-mezclilla\/\" target=\"_blank\" class=\"wd-social-icon social-twitter\" aria-label=\"X enlace social\">\n\t\t\t\t\t\t<span class=\"wd-icon\"><\/span>\n\t\t\t\t\t\t\t\t\t\t\t<\/a>\n\t\t\t\t\n\t\t\t\t\n\t\t\t\t\n\t\t\t\t\n\t\t\t\t\n\t\t\t\t\n\t\t\t\t\t\t\t\t\t<a rel=\"noopener noreferrer nofollow\" href=\"https:\/\/pinterest.com\/pin\/create\/button\/?url=https:\/\/lydenim.com\/es\/dominando-la-tecnica-de-aclarado-del-decolorante-de-mezclilla\/&media=https:\/\/lydenim.com\/wp-content\/uploads\/2025\/08\/Mastering-How-to-lighten-denim-bleach.jpg&description=Mastering+How+to+lighten+denim+-bleach\" target=\"_blank\" class=\"wd-social-icon social-pinterest\" aria-label=\"Enlace social de Pinterest\">\n\t\t\t\t\t\t<span class=\"wd-icon\"><\/span>\n\t\t\t\t\t\t\t\t\t\t\t<\/a>\n\t\t\t\t\n\t\t\t\t\n\t\t\t\t\t\t\t\t\t<a rel=\"noopener noreferrer nofollow\" href=\"https:\/\/www.linkedin.com\/shareArticle?mini=true&url=https:\/\/lydenim.com\/es\/dominando-la-tecnica-de-aclarado-del-decolorante-de-mezclilla\/\" target=\"_blank\" class=\"wd-social-icon social-linkedin\" aria-label=\"Enlace social de Linkedin\">\n\t\t\t\t\t\t<span class=\"wd-icon\"><\/span>\n\t\t\t\t\t\t\t\t\t\t\t<\/a>\n\t\t\t\t\n\t\t\t\t\n\t\t\t\t\n\t\t\t\t\n\t\t\t\t\n\t\t\t\t\n\t\t\t\t\n\t\t\t\t\n\t\t\t\t\n\t\t\t\t\n\t\t\t\t\n\t\t\t\t\n\t\t\t\t\n\t\t\t\t\n\t\t\t\t\n\t\t\t\t\t\t\t\t\t<a rel=\"noopener noreferrer nofollow\" href=\"https:\/\/telegram.me\/share\/url?url=https:\/\/lydenim.com\/es\/dominando-la-tecnica-de-aclarado-del-decolorante-de-mezclilla\/\" target=\"_blank\" class=\"wd-social-icon social-tg\" aria-label=\"Enlace social de Telegram\">\n\t\t\t\t\t\t<span class=\"wd-icon\"><\/span>\n\t\t\t\t\t\t\t\t\t\t\t<\/a>\n\t\t\t\t\n\t\t\t\t\n\t\t\t<\/div>\n\n\t\t\t\t\t\t\t\t\t\t<\/div>\n\t\t\t\t\t\t\t\t<div class=\"tooltip-arrow\"><\/div>\n\t\t\t\t\t\t\t<\/div>\n\t\t\t\t\t\t<\/div>\n\t\t\t\t\t\n\t\t\t\t\t\t\t\t\t<\/div>\n\t\t\t\n\t\t\t\t\t\t\t<div class=\"wd-post-excerpt entry-content\">\n\t\t\t\t\tTiempo estimado de lectura: ~4 minutos Introducci\u00f3n Puedes refrescar f\u00e1cilmente tu guardarropa usando blanqueador para aclarar el denim, lo que permite...\t\t\t\t<\/div>\n\t\t\t\n\t\t\t\t\t\t\t\t\t\t\t\t<div class=\"wd-post-read-more wd-style-link read-more-section\">\n\t\t\t\t\t\t<a class=\"\" href=\"https:\/\/lydenim.com\/es\/dominando-la-tecnica-de-aclarado-del-decolorante-de-mezclilla\/\">Seguir leyendo<\/a>\t\t\t\t\t<\/div>\n\t\t\t\t\t\t\t\t\t<\/div>\n\t<\/div>\n<\/article>\n\n\t\t\t\t\t<\/div>\n\t\t\t\t<div class=\"wd-carousel-item\">\n\t\t\t\t\t\t\t\n<article id=\"post-6066\" class=\"wd-post blog-design-masonry blog-post-loop blog-style-bg wd-add-shadow post-6066 post type-post status-publish format-standard has-post-thumbnail hentry category-market\">\n\t<div class=\"wd-post-inner article-inner\">\n\t\t\t\t\t<div class=\"wd-post-thumb entry-header\">\n\t\t\t\t\t\t\t\t\t<div class=\"wd-post-img post-img-wrapp\">\n\t\t\t\t\t\t<img loading=\"lazy\" decoding=\"async\" width=\"150\" height=\"150\" src=\"https:\/\/lydenim.com\/wp-content\/uploads\/2025\/08\/Can-you-get-selvedge-denim-in-the-us-150x150.jpg\" class=\"attachment-thumbnail size-thumbnail\" alt=\"\" srcset=\"https:\/\/lydenim.com\/wp-content\/uploads\/2025\/08\/Can-you-get-selvedge-denim-in-the-us-150x150.jpg 150w, https:\/\/lydenim.com\/wp-content\/uploads\/2025\/08\/Can-you-get-selvedge-denim-in-the-us-300x300.jpg 300w, https:\/\/lydenim.com\/wp-content\/uploads\/2025\/08\/Can-you-get-selvedge-denim-in-the-us-45x45.jpg 45w\" sizes=\"auto, (max-width: 150px) 100vw, 150px\" \/>\t\t\t\t\t<\/div>\n\t\t\t\t\t<a class=\"wd-fill\" href=\"https:\/\/lydenim.com\/es\/se-puede-conseguir-mezclilla-con-orillo-en-estados-unidos\/\"><\/a>\n\t\t\t\t\n\t\t\t\t\t\t\t\t\t\t\t\t<div class=\"wd-post-date wd-style-with-bg\">\n\t\t\t\t<span class=\"post-date-day\">\n\t\t\t\t\t23\t\t\t\t<\/span>\n\t\t\t\t<span class=\"post-date-month\">\n\t\t\t\t\tAtr\u00e1s\t\t\t\t<\/span>\n\t\t\t<\/div>\n\t\t\t\t\t\t\t\t\t<\/div>\n\t\t\n\t\t<div class=\"wd-post-content article-body-container\">\n\t\t\t\t\t\t\t<div class=\"wd-post-cat wd-style-with-bg meta-post-categories\">\n\t\t\t\t\t<a href=\"https:\/\/lydenim.com\/es\/category\/mercado\/\" rel=\"category tag\">Mercado<\/a>\t\t\t\t<\/div>\n\t\t\t\n\t\t\t\t\t\t\t<h3 class=\"wd-post-title wd-entities-title title post-title\">\n\t\t\t\t\t<a href=\"https:\/\/lydenim.com\/es\/se-puede-conseguir-mezclilla-con-orillo-en-estados-unidos\/\" rel=\"bookmark\">\n\t\t\t\t\t\t\u00bfSe puede conseguir mezclilla con orillo en Estados Unidos?\t\t\t\t\t<\/a>\n\t\t\t\t<\/h3>\n\t\t\t\n\t\t\t\t\t\t\t<div class=\"wd-post-meta\">\n\t\t\t\t\t\t\t\t\t\t\t\t\t\t\t<div class=\"wd-post-author\">\n\t\t\t\t\t\t\t\t\t\t\t<span>Publicado por<\/span>\n\t\t\n\t\t\t\t\t\t\t\n\t\t\t\t\t<a href=\"https:\/\/lydenim.com\/es\/author\/malonematthewmmgmail-com\/\" class=\"author\" rel=\"author\">malonematthewmm@gmail.com<\/a>\n\t\t\t\t\t\t\t\t\t<\/div>\n\t\t\t\t\t<div class=\"wd-modified-date\">\n\t\t\t\t\t\t\t\t<time class=\"updated\" datetime=\"2025-08-24T13:51:23+08:00\">\n\t\t\t24\/08\/2025\t\t<\/time>\n\t\t\t\t\t\t\t<\/div>\n\n\t\t\t\t\t\t\t\t\t\t\t<div class=\"wd-post-share wd-tltp\">\n\t\t\t\t\t\t\t<div class=\"tooltip top\">\n\t\t\t\t\t\t\t\t<div class=\"tooltip-inner\">\n\t\t\t\t\t\t\t\t\t\t\t\t<div\n\t\t\t\t\t\tclass=\"wd-social-icons wd-style-default wd-size-small social-share wd-shape-circle color-scheme-light text-center\">\n\t\t\t\t\n\t\t\t\t\n\t\t\t\t\t\t\t\t\t<a rel=\"noopener noreferrer nofollow\" href=\"https:\/\/www.facebook.com\/sharer\/sharer.php?u=https:\/\/lydenim.com\/es\/se-puede-conseguir-mezclilla-con-orillo-en-estados-unidos\/\" target=\"_blank\" class=\"wd-social-icon social-facebook\" aria-label=\"Enlace social de Facebook\">\n\t\t\t\t\t\t<span class=\"wd-icon\"><\/span>\n\t\t\t\t\t\t\t\t\t\t\t<\/a>\n\t\t\t\t\n\t\t\t\t\t\t\t\t\t<a rel=\"noopener noreferrer nofollow\" href=\"https:\/\/x.com\/share?url=https:\/\/lydenim.com\/es\/se-puede-conseguir-mezclilla-con-orillo-en-estados-unidos\/\" target=\"_blank\" class=\"wd-social-icon social-twitter\" aria-label=\"X enlace social\">\n\t\t\t\t\t\t<span class=\"wd-icon\"><\/span>\n\t\t\t\t\t\t\t\t\t\t\t<\/a>\n\t\t\t\t\n\t\t\t\t\n\t\t\t\t\n\t\t\t\t\n\t\t\t\t\n\t\t\t\t\n\t\t\t\t\t\t\t\t\t<a rel=\"noopener noreferrer nofollow\" href=\"https:\/\/pinterest.com\/pin\/create\/button\/?url=https:\/\/lydenim.com\/es\/se-puede-conseguir-mezclilla-con-orillo-en-estados-unidos\/&media=https:\/\/lydenim.com\/wp-content\/uploads\/2025\/08\/Can-you-get-selvedge-denim-in-the-us.jpg&description=Can+you+get+selvedge+denim+in+the+us\" target=\"_blank\" class=\"wd-social-icon social-pinterest\" aria-label=\"Enlace social de Pinterest\">\n\t\t\t\t\t\t<span class=\"wd-icon\"><\/span>\n\t\t\t\t\t\t\t\t\t\t\t<\/a>\n\t\t\t\t\n\t\t\t\t\n\t\t\t\t\t\t\t\t\t<a rel=\"noopener noreferrer nofollow\" href=\"https:\/\/www.linkedin.com\/shareArticle?mini=true&url=https:\/\/lydenim.com\/es\/se-puede-conseguir-mezclilla-con-orillo-en-estados-unidos\/\" target=\"_blank\" class=\"wd-social-icon social-linkedin\" aria-label=\"Enlace social de Linkedin\">\n\t\t\t\t\t\t<span class=\"wd-icon\"><\/span>\n\t\t\t\t\t\t\t\t\t\t\t<\/a>\n\t\t\t\t\n\t\t\t\t\n\t\t\t\t\n\t\t\t\t\n\t\t\t\t\n\t\t\t\t\n\t\t\t\t\n\t\t\t\t\n\t\t\t\t\n\t\t\t\t\n\t\t\t\t\n\t\t\t\t\n\t\t\t\t\n\t\t\t\t\n\t\t\t\t\n\t\t\t\t\t\t\t\t\t<a rel=\"noopener noreferrer nofollow\" href=\"https:\/\/telegram.me\/share\/url?url=https:\/\/lydenim.com\/es\/se-puede-conseguir-mezclilla-con-orillo-en-estados-unidos\/\" target=\"_blank\" class=\"wd-social-icon social-tg\" aria-label=\"Enlace social de Telegram\">\n\t\t\t\t\t\t<span class=\"wd-icon\"><\/span>\n\t\t\t\t\t\t\t\t\t\t\t<\/a>\n\t\t\t\t\n\t\t\t\t\n\t\t\t<\/div>\n\n\t\t\t\t\t\t\t\t\t\t<\/div>\n\t\t\t\t\t\t\t\t<div class=\"tooltip-arrow\"><\/div>\n\t\t\t\t\t\t\t<\/div>\n\t\t\t\t\t\t<\/div>\n\t\t\t\t\t\n\t\t\t\t\t\t\t\t\t<\/div>\n\t\t\t\n\t\t\t\t\t\t\t<div class=\"wd-post-excerpt entry-content\">\n\t\t\t\t\tTiempo estimado de lectura: ~ 6 minutos Introducci\u00f3n: C\u00f3mo encontrar d\u00f3nde comprar mezclilla con orillo en EE. UU. La mezclilla con orillo, apreciada por su durabilid...\t\t\t\t<\/div>\n\t\t\t\n\t\t\t\t\t\t\t\t\t\t\t\t<div class=\"wd-post-read-more wd-style-link read-more-section\">\n\t\t\t\t\t\t<a class=\"\" href=\"https:\/\/lydenim.com\/es\/se-puede-conseguir-mezclilla-con-orillo-en-estados-unidos\/\">Seguir leyendo<\/a>\t\t\t\t\t<\/div>\n\t\t\t\t\t\t\t\t\t<\/div>\n\t<\/div>\n<\/article>\n\n\t\t\t\t\t<\/div>\n\t\t\t\t<div class=\"wd-carousel-item\">\n\t\t\t\t\t\t\t\n<article id=\"post-6051\" class=\"wd-post blog-design-masonry blog-post-loop blog-style-bg wd-add-shadow post-6051 post type-post status-publish format-standard has-post-thumbnail hentry category-denim-knowledge\">\n\t<div class=\"wd-post-inner article-inner\">\n\t\t\t\t\t<div class=\"wd-post-thumb entry-header\">\n\t\t\t\t\t\t\t\t\t<div class=\"wd-post-img post-img-wrapp\">\n\t\t\t\t\t\t<img loading=\"lazy\" decoding=\"async\" width=\"150\" height=\"150\" src=\"https:\/\/lydenim.com\/wp-content\/uploads\/2025\/08\/Factors-Affecting-Fabric-Tensile-Properties-150x150.jpg\" class=\"attachment-thumbnail size-thumbnail\" alt=\"\" srcset=\"https:\/\/lydenim.com\/wp-content\/uploads\/2025\/08\/Factors-Affecting-Fabric-Tensile-Properties-150x150.jpg 150w, https:\/\/lydenim.com\/wp-content\/uploads\/2025\/08\/Factors-Affecting-Fabric-Tensile-Properties-300x300.jpg 300w, https:\/\/lydenim.com\/wp-content\/uploads\/2025\/08\/Factors-Affecting-Fabric-Tensile-Properties-45x45.jpg 45w\" sizes=\"auto, (max-width: 150px) 100vw, 150px\" \/>\t\t\t\t\t<\/div>\n\t\t\t\t\t<a class=\"wd-fill\" href=\"https:\/\/lydenim.com\/es\/factores-que-afectan-las-propiedades-de-traccion-de-los-tejidos\/\"><\/a>\n\t\t\t\t\n\t\t\t\t\t\t\t\t\t\t\t\t<div class=\"wd-post-date wd-style-with-bg\">\n\t\t\t\t<span class=\"post-date-day\">\n\t\t\t\t\t22\t\t\t\t<\/span>\n\t\t\t\t<span class=\"post-date-month\">\n\t\t\t\t\tAtr\u00e1s\t\t\t\t<\/span>\n\t\t\t<\/div>\n\t\t\t\t\t\t\t\t\t<\/div>\n\t\t\n\t\t<div class=\"wd-post-content article-body-container\">\n\t\t\t\t\t\t\t<div class=\"wd-post-cat wd-style-with-bg meta-post-categories\">\n\t\t\t\t\t<a href=\"https:\/\/lydenim.com\/es\/category\/conocimiento-de-mezclilla\/\" rel=\"category tag\">Conocimiento del denim<\/a>\t\t\t\t<\/div>\n\t\t\t\n\t\t\t\t\t\t\t<h3 class=\"wd-post-title wd-entities-title title post-title\">\n\t\t\t\t\t<a href=\"https:\/\/lydenim.com\/es\/factores-que-afectan-las-propiedades-de-traccion-de-los-tejidos\/\" rel=\"bookmark\">\n\t\t\t\t\t\tFactores que afectan las propiedades de tracci\u00f3n de los tejidos\t\t\t\t\t<\/a>\n\t\t\t\t<\/h3>\n\t\t\t\n\t\t\t\t\t\t\t<div class=\"wd-post-meta\">\n\t\t\t\t\t\t\t\t\t\t\t\t\t\t\t<div class=\"wd-post-author\">\n\t\t\t\t\t\t\t\t\t\t\t<span>Publicado por<\/span>\n\t\t\n\t\t\t\t\t\t\t\n\t\t\t\t\t<a href=\"https:\/\/lydenim.com\/es\/author\/malonematthewmmgmail-com\/\" class=\"author\" rel=\"author\">malonematthewmm@gmail.com<\/a>\n\t\t\t\t\t\t\t\t\t<\/div>\n\t\t\t\t\t<div class=\"wd-modified-date\">\n\t\t\t\t\t\t\t\t<time class=\"updated\" datetime=\"2025-08-22T11:39:13+08:00\">\n\t\t\t22\/08\/2025\t\t<\/time>\n\t\t\t\t\t\t\t<\/div>\n\n\t\t\t\t\t\t\t\t\t\t\t<div class=\"wd-post-share wd-tltp\">\n\t\t\t\t\t\t\t<div class=\"tooltip top\">\n\t\t\t\t\t\t\t\t<div class=\"tooltip-inner\">\n\t\t\t\t\t\t\t\t\t\t\t\t<div\n\t\t\t\t\t\tclass=\"wd-social-icons wd-style-default wd-size-small social-share wd-shape-circle color-scheme-light text-center\">\n\t\t\t\t\n\t\t\t\t\n\t\t\t\t\t\t\t\t\t<a rel=\"noopener noreferrer nofollow\" href=\"https:\/\/www.facebook.com\/sharer\/sharer.php?u=https:\/\/lydenim.com\/es\/factores-que-afectan-las-propiedades-de-traccion-de-los-tejidos\/\" target=\"_blank\" class=\"wd-social-icon social-facebook\" aria-label=\"Enlace social de Facebook\">\n\t\t\t\t\t\t<span class=\"wd-icon\"><\/span>\n\t\t\t\t\t\t\t\t\t\t\t<\/a>\n\t\t\t\t\n\t\t\t\t\t\t\t\t\t<a rel=\"noopener noreferrer nofollow\" href=\"https:\/\/x.com\/share?url=https:\/\/lydenim.com\/es\/factores-que-afectan-las-propiedades-de-traccion-de-los-tejidos\/\" target=\"_blank\" class=\"wd-social-icon social-twitter\" aria-label=\"X enlace social\">\n\t\t\t\t\t\t<span class=\"wd-icon\"><\/span>\n\t\t\t\t\t\t\t\t\t\t\t<\/a>\n\t\t\t\t\n\t\t\t\t\n\t\t\t\t\n\t\t\t\t\n\t\t\t\t\n\t\t\t\t\n\t\t\t\t\t\t\t\t\t<a rel=\"noopener noreferrer nofollow\" href=\"https:\/\/pinterest.com\/pin\/create\/button\/?url=https:\/\/lydenim.com\/es\/factores-que-afectan-las-propiedades-de-traccion-de-los-tejidos\/&media=https:\/\/lydenim.com\/wp-content\/uploads\/2025\/08\/Factors-Affecting-Fabric-Tensile-Properties.jpg&description=Factors+Affecting+Fabric+Tensile+Properties\" target=\"_blank\" class=\"wd-social-icon social-pinterest\" aria-label=\"Enlace social de Pinterest\">\n\t\t\t\t\t\t<span class=\"wd-icon\"><\/span>\n\t\t\t\t\t\t\t\t\t\t\t<\/a>\n\t\t\t\t\n\t\t\t\t\n\t\t\t\t\t\t\t\t\t<a rel=\"noopener noreferrer nofollow\" href=\"https:\/\/www.linkedin.com\/shareArticle?mini=true&url=https:\/\/lydenim.com\/es\/factores-que-afectan-las-propiedades-de-traccion-de-los-tejidos\/\" target=\"_blank\" class=\"wd-social-icon social-linkedin\" aria-label=\"Enlace social de Linkedin\">\n\t\t\t\t\t\t<span class=\"wd-icon\"><\/span>\n\t\t\t\t\t\t\t\t\t\t\t<\/a>\n\t\t\t\t\n\t\t\t\t\n\t\t\t\t\n\t\t\t\t\n\t\t\t\t\n\t\t\t\t\n\t\t\t\t\n\t\t\t\t\n\t\t\t\t\n\t\t\t\t\n\t\t\t\t\n\t\t\t\t\n\t\t\t\t\n\t\t\t\t\n\t\t\t\t\n\t\t\t\t\t\t\t\t\t<a rel=\"noopener noreferrer nofollow\" href=\"https:\/\/telegram.me\/share\/url?url=https:\/\/lydenim.com\/es\/factores-que-afectan-las-propiedades-de-traccion-de-los-tejidos\/\" target=\"_blank\" class=\"wd-social-icon social-tg\" aria-label=\"Enlace social de Telegram\">\n\t\t\t\t\t\t<span class=\"wd-icon\"><\/span>\n\t\t\t\t\t\t\t\t\t\t\t<\/a>\n\t\t\t\t\n\t\t\t\t\n\t\t\t<\/div>\n\n\t\t\t\t\t\t\t\t\t\t<\/div>\n\t\t\t\t\t\t\t\t<div class=\"tooltip-arrow\"><\/div>\n\t\t\t\t\t\t\t<\/div>\n\t\t\t\t\t\t<\/div>\n\t\t\t\t\t\n\t\t\t\t\t\t\t\t\t<\/div>\n\t\t\t\n\t\t\t\t\t\t\t<div class=\"wd-post-excerpt entry-content\">\n\t\t\t\t\tTiempo estimado de lectura: ~4 minutos Introducci\u00f3n Los dise\u00f1adores, fabricantes y consumidores necesitan comprender las propiedades de tracci\u00f3n de las telas...\t\t\t\t<\/div>\n\t\t\t\n\t\t\t\t\t\t\t\t\t\t\t\t<div class=\"wd-post-read-more wd-style-link read-more-section\">\n\t\t\t\t\t\t<a class=\"\" href=\"https:\/\/lydenim.com\/es\/factores-que-afectan-las-propiedades-de-traccion-de-los-tejidos\/\">Seguir leyendo<\/a>\t\t\t\t\t<\/div>\n\t\t\t\t\t\t\t\t\t<\/div>\n\t<\/div>\n<\/article>\n\n\t\t\t\t\t<\/div>\n\t\t\t\t<div class=\"wd-carousel-item\">\n\t\t\t\t\t\t\t\n<article id=\"post-6082\" class=\"wd-post blog-design-masonry blog-post-loop blog-style-bg wd-add-shadow post-6082 post type-post status-publish format-standard has-post-thumbnail hentry category-market\">\n\t<div class=\"wd-post-inner article-inner\">\n\t\t\t\t\t<div class=\"wd-post-thumb entry-header\">\n\t\t\t\t\t\t\t\t\t<div class=\"wd-post-img post-img-wrapp\">\n\t\t\t\t\t\t<img loading=\"lazy\" decoding=\"async\" width=\"150\" height=\"150\" src=\"https:\/\/lydenim.com\/wp-content\/uploads\/2025\/08\/2025Fall-Winter-Pantone-Colors-8Vibrant-Shades-150x150.jpg\" class=\"attachment-thumbnail size-thumbnail\" alt=\"Colores Pantone Oto\u00f1o-Invierno 2025: 8 tonos vibrantes\" srcset=\"https:\/\/lydenim.com\/wp-content\/uploads\/2025\/08\/2025Fall-Winter-Pantone-Colors-8Vibrant-Shades-150x150.jpg 150w, https:\/\/lydenim.com\/wp-content\/uploads\/2025\/08\/2025Fall-Winter-Pantone-Colors-8Vibrant-Shades-300x300.jpg 300w, https:\/\/lydenim.com\/wp-content\/uploads\/2025\/08\/2025Fall-Winter-Pantone-Colors-8Vibrant-Shades-45x45.jpg 45w\" sizes=\"auto, (max-width: 150px) 100vw, 150px\" \/>\t\t\t\t\t<\/div>\n\t\t\t\t\t<a class=\"wd-fill\" href=\"https:\/\/lydenim.com\/es\/colores-pantone-otono-invierno-2025-8-tonos-vibrantes\/\"><\/a>\n\t\t\t\t\n\t\t\t\t\t\t\t\t\t\t\t\t<div class=\"wd-post-date wd-style-with-bg\">\n\t\t\t\t<span class=\"post-date-day\">\n\t\t\t\t\t21\t\t\t\t<\/span>\n\t\t\t\t<span class=\"post-date-month\">\n\t\t\t\t\tAtr\u00e1s\t\t\t\t<\/span>\n\t\t\t<\/div>\n\t\t\t\t\t\t\t\t\t<\/div>\n\t\t\n\t\t<div class=\"wd-post-content article-body-container\">\n\t\t\t\t\t\t\t<div class=\"wd-post-cat wd-style-with-bg meta-post-categories\">\n\t\t\t\t\t<a href=\"https:\/\/lydenim.com\/es\/category\/mercado\/\" rel=\"category tag\">Mercado<\/a>\t\t\t\t<\/div>\n\t\t\t\n\t\t\t\t\t\t\t<h3 class=\"wd-post-title wd-entities-title title post-title\">\n\t\t\t\t\t<a href=\"https:\/\/lydenim.com\/es\/colores-pantone-otono-invierno-2025-8-tonos-vibrantes\/\" rel=\"bookmark\">\n\t\t\t\t\t\tColores Pantone Oto\u00f1o-Invierno 2025: 8 tonos vibrantes\t\t\t\t\t<\/a>\n\t\t\t\t<\/h3>\n\t\t\t\n\t\t\t\t\t\t\t<div class=\"wd-post-meta\">\n\t\t\t\t\t\t\t\t\t\t\t\t\t\t\t<div class=\"wd-post-author\">\n\t\t\t\t\t\t\t\t\t\t\t<span>Publicado por<\/span>\n\t\t\n\t\t\t\t\t\t\t\n\t\t\t\t\t<a href=\"https:\/\/lydenim.com\/es\/author\/malonematthewmmgmail-com\/\" class=\"author\" rel=\"author\">malonematthewmm@gmail.com<\/a>\n\t\t\t\t\t\t\t\t\t<\/div>\n\t\t\t\t\t<div class=\"wd-modified-date\">\n\t\t\t\t\t\t\t\t<time class=\"updated\" datetime=\"2025-08-24T13:50:59+08:00\">\n\t\t\t24\/08\/2025\t\t<\/time>\n\t\t\t\t\t\t\t<\/div>\n\n\t\t\t\t\t\t\t\t\t\t\t<div class=\"wd-post-share wd-tltp\">\n\t\t\t\t\t\t\t<div class=\"tooltip top\">\n\t\t\t\t\t\t\t\t<div class=\"tooltip-inner\">\n\t\t\t\t\t\t\t\t\t\t\t\t<div\n\t\t\t\t\t\tclass=\"wd-social-icons wd-style-default wd-size-small social-share wd-shape-circle color-scheme-light text-center\">\n\t\t\t\t\n\t\t\t\t\n\t\t\t\t\t\t\t\t\t<a rel=\"noopener noreferrer nofollow\" href=\"https:\/\/www.facebook.com\/sharer\/sharer.php?u=https:\/\/lydenim.com\/es\/colores-pantone-otono-invierno-2025-8-tonos-vibrantes\/\" target=\"_blank\" class=\"wd-social-icon social-facebook\" aria-label=\"Enlace social de Facebook\">\n\t\t\t\t\t\t<span class=\"wd-icon\"><\/span>\n\t\t\t\t\t\t\t\t\t\t\t<\/a>\n\t\t\t\t\n\t\t\t\t\t\t\t\t\t<a rel=\"noopener noreferrer nofollow\" href=\"https:\/\/x.com\/share?url=https:\/\/lydenim.com\/es\/colores-pantone-otono-invierno-2025-8-tonos-vibrantes\/\" target=\"_blank\" class=\"wd-social-icon social-twitter\" aria-label=\"X enlace social\">\n\t\t\t\t\t\t<span class=\"wd-icon\"><\/span>\n\t\t\t\t\t\t\t\t\t\t\t<\/a>\n\t\t\t\t\n\t\t\t\t\n\t\t\t\t\n\t\t\t\t\n\t\t\t\t\n\t\t\t\t\n\t\t\t\t\t\t\t\t\t<a rel=\"noopener noreferrer nofollow\" href=\"https:\/\/pinterest.com\/pin\/create\/button\/?url=https:\/\/lydenim.com\/es\/colores-pantone-otono-invierno-2025-8-tonos-vibrantes\/&media=https:\/\/lydenim.com\/wp-content\/uploads\/2025\/08\/2025Fall-Winter-Pantone-Colors-8Vibrant-Shades.jpg&description=2025Fall+Winter+Pantone+Colors%3A8Vibrant+Shades\" target=\"_blank\" class=\"wd-social-icon social-pinterest\" aria-label=\"Enlace social de Pinterest\">\n\t\t\t\t\t\t<span class=\"wd-icon\"><\/span>\n\t\t\t\t\t\t\t\t\t\t\t<\/a>\n\t\t\t\t\n\t\t\t\t\n\t\t\t\t\t\t\t\t\t<a rel=\"noopener noreferrer nofollow\" href=\"https:\/\/www.linkedin.com\/shareArticle?mini=true&url=https:\/\/lydenim.com\/es\/colores-pantone-otono-invierno-2025-8-tonos-vibrantes\/\" target=\"_blank\" class=\"wd-social-icon social-linkedin\" aria-label=\"Enlace social de Linkedin\">\n\t\t\t\t\t\t<span class=\"wd-icon\"><\/span>\n\t\t\t\t\t\t\t\t\t\t\t<\/a>\n\t\t\t\t\n\t\t\t\t\n\t\t\t\t\n\t\t\t\t\n\t\t\t\t\n\t\t\t\t\n\t\t\t\t\n\t\t\t\t\n\t\t\t\t\n\t\t\t\t\n\t\t\t\t\n\t\t\t\t\n\t\t\t\t\n\t\t\t\t\n\t\t\t\t\n\t\t\t\t\t\t\t\t\t<a rel=\"noopener noreferrer nofollow\" href=\"https:\/\/telegram.me\/share\/url?url=https:\/\/lydenim.com\/es\/colores-pantone-otono-invierno-2025-8-tonos-vibrantes\/\" target=\"_blank\" class=\"wd-social-icon social-tg\" aria-label=\"Enlace social de Telegram\">\n\t\t\t\t\t\t<span class=\"wd-icon\"><\/span>\n\t\t\t\t\t\t\t\t\t\t\t<\/a>\n\t\t\t\t\n\t\t\t\t\n\t\t\t<\/div>\n\n\t\t\t\t\t\t\t\t\t\t<\/div>\n\t\t\t\t\t\t\t\t<div class=\"tooltip-arrow\"><\/div>\n\t\t\t\t\t\t\t<\/div>\n\t\t\t\t\t\t<\/div>\n\t\t\t\t\t\n\t\t\t\t\t\t\t\t\t<\/div>\n\t\t\t\n\t\t\t\t\t\t\t<div class=\"wd-post-excerpt entry-content\">\n\t\t\t\t\tTiempo estimado de lectura: ~5 minutos Introducci\u00f3n: Adoptando los colores Pantone oto\u00f1o-invierno 2025 Los colores Pantone oto\u00f1o-invierno 2025 crean...\t\t\t\t<\/div>\n\t\t\t\n\t\t\t\t\t\t\t\t\t\t\t\t<div class=\"wd-post-read-more wd-style-link read-more-section\">\n\t\t\t\t\t\t<a class=\"\" href=\"https:\/\/lydenim.com\/es\/colores-pantone-otono-invierno-2025-8-tonos-vibrantes\/\">Seguir leyendo<\/a>\t\t\t\t\t<\/div>\n\t\t\t\t\t\t\t\t\t<\/div>\n\t<\/div>\n<\/article>\n\n\t\t\t\t\t<\/div>\n\t\t\t\t<div class=\"wd-carousel-item\">\n\t\t\t\t\t\t\t\n<article id=\"post-6059\" class=\"wd-post blog-design-masonry blog-post-loop blog-style-bg wd-add-shadow post-6059 post type-post status-publish format-standard has-post-thumbnail hentry category-garment\">\n\t<div class=\"wd-post-inner article-inner\">\n\t\t\t\t\t<div class=\"wd-post-thumb entry-header\">\n\t\t\t\t\t\t\t\t\t<div class=\"wd-post-img post-img-wrapp\">\n\t\t\t\t\t\t<img loading=\"lazy\" decoding=\"async\" width=\"150\" height=\"150\" src=\"https:\/\/lydenim.com\/wp-content\/uploads\/2025\/08\/Mastering-How-to-Design-a-Denim-Dress-150x150.jpg\" class=\"attachment-thumbnail size-thumbnail\" alt=\"\" srcset=\"https:\/\/lydenim.com\/wp-content\/uploads\/2025\/08\/Mastering-How-to-Design-a-Denim-Dress-150x150.jpg 150w, https:\/\/lydenim.com\/wp-content\/uploads\/2025\/08\/Mastering-How-to-Design-a-Denim-Dress-300x300.jpg 300w, https:\/\/lydenim.com\/wp-content\/uploads\/2025\/08\/Mastering-How-to-Design-a-Denim-Dress-45x45.jpg 45w\" sizes=\"auto, (max-width: 150px) 100vw, 150px\" \/>\t\t\t\t\t<\/div>\n\t\t\t\t\t<a class=\"wd-fill\" href=\"https:\/\/lydenim.com\/es\/dominando-el-diseno-de-un-vestido-de-mezclilla\/\"><\/a>\n\t\t\t\t\n\t\t\t\t\t\t\t\t\t\t\t\t<div class=\"wd-post-date wd-style-with-bg\">\n\t\t\t\t<span class=\"post-date-day\">\n\t\t\t\t\t19\t\t\t\t<\/span>\n\t\t\t\t<span class=\"post-date-month\">\n\t\t\t\t\tAtr\u00e1s\t\t\t\t<\/span>\n\t\t\t<\/div>\n\t\t\t\t\t\t\t\t\t<\/div>\n\t\t\n\t\t<div class=\"wd-post-content article-body-container\">\n\t\t\t\t\t\t\t<div class=\"wd-post-cat wd-style-with-bg meta-post-categories\">\n\t\t\t\t\t<a href=\"https:\/\/lydenim.com\/es\/category\/prenda\/\" rel=\"category tag\">PRENDA<\/a>\t\t\t\t<\/div>\n\t\t\t\n\t\t\t\t\t\t\t<h3 class=\"wd-post-title wd-entities-title title post-title\">\n\t\t\t\t\t<a href=\"https:\/\/lydenim.com\/es\/dominando-el-diseno-de-un-vestido-de-mezclilla\/\" rel=\"bookmark\">\n\t\t\t\t\t\tDominando el dise\u00f1o de un vestido de mezclilla\t\t\t\t\t<\/a>\n\t\t\t\t<\/h3>\n\t\t\t\n\t\t\t\t\t\t\t<div class=\"wd-post-meta\">\n\t\t\t\t\t\t\t\t\t\t\t\t\t\t\t<div class=\"wd-post-author\">\n\t\t\t\t\t\t\t\t\t\t\t<span>Publicado por<\/span>\n\t\t\n\t\t\t\t\t\t\t\n\t\t\t\t\t<a href=\"https:\/\/lydenim.com\/es\/author\/malonematthewmmgmail-com\/\" class=\"author\" rel=\"author\">malonematthewmm@gmail.com<\/a>\n\t\t\t\t\t\t\t\t\t<\/div>\n\t\t\t\t\t<div class=\"wd-modified-date\">\n\t\t\t\t\t\t\t\t<time class=\"updated\" datetime=\"2025-08-19T12:07:34+08:00\">\n\t\t\t19\/08\/2025\t\t<\/time>\n\t\t\t\t\t\t\t<\/div>\n\n\t\t\t\t\t\t\t\t\t\t\t<div class=\"wd-post-share wd-tltp\">\n\t\t\t\t\t\t\t<div class=\"tooltip top\">\n\t\t\t\t\t\t\t\t<div class=\"tooltip-inner\">\n\t\t\t\t\t\t\t\t\t\t\t\t<div\n\t\t\t\t\t\tclass=\"wd-social-icons wd-style-default wd-size-small social-share wd-shape-circle color-scheme-light text-center\">\n\t\t\t\t\n\t\t\t\t\n\t\t\t\t\t\t\t\t\t<a rel=\"noopener noreferrer nofollow\" href=\"https:\/\/www.facebook.com\/sharer\/sharer.php?u=https:\/\/lydenim.com\/es\/dominando-el-diseno-de-un-vestido-de-mezclilla\/\" target=\"_blank\" class=\"wd-social-icon social-facebook\" aria-label=\"Enlace social de Facebook\">\n\t\t\t\t\t\t<span class=\"wd-icon\"><\/span>\n\t\t\t\t\t\t\t\t\t\t\t<\/a>\n\t\t\t\t\n\t\t\t\t\t\t\t\t\t<a rel=\"noopener noreferrer nofollow\" href=\"https:\/\/x.com\/share?url=https:\/\/lydenim.com\/es\/dominando-el-diseno-de-un-vestido-de-mezclilla\/\" target=\"_blank\" class=\"wd-social-icon social-twitter\" aria-label=\"X enlace social\">\n\t\t\t\t\t\t<span class=\"wd-icon\"><\/span>\n\t\t\t\t\t\t\t\t\t\t\t<\/a>\n\t\t\t\t\n\t\t\t\t\n\t\t\t\t\n\t\t\t\t\n\t\t\t\t\n\t\t\t\t\n\t\t\t\t\t\t\t\t\t<a rel=\"noopener noreferrer nofollow\" href=\"https:\/\/pinterest.com\/pin\/create\/button\/?url=https:\/\/lydenim.com\/es\/dominando-el-diseno-de-un-vestido-de-mezclilla\/&media=https:\/\/lydenim.com\/wp-content\/uploads\/2025\/08\/Mastering-How-to-Design-a-Denim-Dress.jpg&description=Mastering+How+to+Design+a+Denim+Dress\" target=\"_blank\" class=\"wd-social-icon social-pinterest\" aria-label=\"Enlace social de Pinterest\">\n\t\t\t\t\t\t<span class=\"wd-icon\"><\/span>\n\t\t\t\t\t\t\t\t\t\t\t<\/a>\n\t\t\t\t\n\t\t\t\t\n\t\t\t\t\t\t\t\t\t<a rel=\"noopener noreferrer nofollow\" href=\"https:\/\/www.linkedin.com\/shareArticle?mini=true&url=https:\/\/lydenim.com\/es\/dominando-el-diseno-de-un-vestido-de-mezclilla\/\" target=\"_blank\" class=\"wd-social-icon social-linkedin\" aria-label=\"Enlace social de Linkedin\">\n\t\t\t\t\t\t<span class=\"wd-icon\"><\/span>\n\t\t\t\t\t\t\t\t\t\t\t<\/a>\n\t\t\t\t\n\t\t\t\t\n\t\t\t\t\n\t\t\t\t\n\t\t\t\t\n\t\t\t\t\n\t\t\t\t\n\t\t\t\t\n\t\t\t\t\n\t\t\t\t\n\t\t\t\t\n\t\t\t\t\n\t\t\t\t\n\t\t\t\t\n\t\t\t\t\n\t\t\t\t\t\t\t\t\t<a rel=\"noopener noreferrer nofollow\" href=\"https:\/\/telegram.me\/share\/url?url=https:\/\/lydenim.com\/es\/dominando-el-diseno-de-un-vestido-de-mezclilla\/\" target=\"_blank\" class=\"wd-social-icon social-tg\" aria-label=\"Enlace social de Telegram\">\n\t\t\t\t\t\t<span class=\"wd-icon\"><\/span>\n\t\t\t\t\t\t\t\t\t\t\t<\/a>\n\t\t\t\t\n\t\t\t\t\n\t\t\t<\/div>\n\n\t\t\t\t\t\t\t\t\t\t<\/div>\n\t\t\t\t\t\t\t\t<div class=\"tooltip-arrow\"><\/div>\n\t\t\t\t\t\t\t<\/div>\n\t\t\t\t\t\t<\/div>\n\t\t\t\t\t\n\t\t\t\t\t\t\t\t\t<\/div>\n\t\t\t\n\t\t\t\t\t\t\t<div class=\"wd-post-excerpt entry-content\">\n\t\t\t\t\tTiempo estimado de lectura: ~5 minutos Introducci\u00f3n Dise\u00f1ar un vestido de mezclilla requiere una combinaci\u00f3n de pensamiento creativo y dise\u00f1o funcional.\t\t\t\t<\/div>\n\t\t\t\n\t\t\t\t\t\t\t\t\t\t\t\t<div class=\"wd-post-read-more wd-style-link read-more-section\">\n\t\t\t\t\t\t<a class=\"\" href=\"https:\/\/lydenim.com\/es\/dominando-el-diseno-de-un-vestido-de-mezclilla\/\">Seguir leyendo<\/a>\t\t\t\t\t<\/div>\n\t\t\t\t\t\t\t\t\t<\/div>\n\t<\/div>\n<\/article>\n\n\t\t\t\t\t<\/div>\n\t\t\t\t<div class=\"wd-carousel-item\">\n\t\t\t\t\t\t\t\n<article id=\"post-5914\" class=\"wd-post blog-design-masonry blog-post-loop blog-style-bg wd-add-shadow post-5914 post type-post status-publish format-standard has-post-thumbnail hentry category-denim-knowledge\">\n\t<div class=\"wd-post-inner article-inner\">\n\t\t\t\t\t<div class=\"wd-post-thumb entry-header\">\n\t\t\t\t\t\t\t\t\t<div class=\"wd-post-img post-img-wrapp\">\n\t\t\t\t\t\t<img loading=\"lazy\" decoding=\"async\" width=\"150\" height=\"150\" src=\"https:\/\/lydenim.com\/wp-content\/uploads\/2025\/08\/Analysis-of-Denim-Warp-Yarn-Types-in-Chinese-Manufacturing-150x150.jpg\" class=\"attachment-thumbnail size-thumbnail\" alt=\"\" srcset=\"https:\/\/lydenim.com\/wp-content\/uploads\/2025\/08\/Analysis-of-Denim-Warp-Yarn-Types-in-Chinese-Manufacturing-150x150.jpg 150w, https:\/\/lydenim.com\/wp-content\/uploads\/2025\/08\/Analysis-of-Denim-Warp-Yarn-Types-in-Chinese-Manufacturing-300x300.jpg 300w, https:\/\/lydenim.com\/wp-content\/uploads\/2025\/08\/Analysis-of-Denim-Warp-Yarn-Types-in-Chinese-Manufacturing-45x45.jpg 45w\" sizes=\"auto, (max-width: 150px) 100vw, 150px\" \/>\t\t\t\t\t<\/div>\n\t\t\t\t\t<a class=\"wd-fill\" href=\"https:\/\/lydenim.com\/es\/analisis-de-los-tipos-de-hilo-de-urdimbre-de-mezclilla-en-la-fabricacion-china\/\"><\/a>\n\t\t\t\t\n\t\t\t\t\t\t\t\t\t\t\t\t<div class=\"wd-post-date wd-style-with-bg\">\n\t\t\t\t<span class=\"post-date-day\">\n\t\t\t\t\t17\t\t\t\t<\/span>\n\t\t\t\t<span class=\"post-date-month\">\n\t\t\t\t\tAtr\u00e1s\t\t\t\t<\/span>\n\t\t\t<\/div>\n\t\t\t\t\t\t\t\t\t<\/div>\n\t\t\n\t\t<div class=\"wd-post-content article-body-container\">\n\t\t\t\t\t\t\t<div class=\"wd-post-cat wd-style-with-bg meta-post-categories\">\n\t\t\t\t\t<a href=\"https:\/\/lydenim.com\/es\/category\/conocimiento-de-mezclilla\/\" rel=\"category tag\">Conocimiento del denim<\/a>\t\t\t\t<\/div>\n\t\t\t\n\t\t\t\t\t\t\t<h3 class=\"wd-post-title wd-entities-title title post-title\">\n\t\t\t\t\t<a href=\"https:\/\/lydenim.com\/es\/analisis-de-los-tipos-de-hilo-de-urdimbre-de-mezclilla-en-la-fabricacion-china\/\" rel=\"bookmark\">\n\t\t\t\t\t\tAn\u00e1lisis de los tipos de hilo de urdimbre de mezclilla en la fabricaci\u00f3n china\t\t\t\t\t<\/a>\n\t\t\t\t<\/h3>\n\t\t\t\n\t\t\t\t\t\t\t<div class=\"wd-post-meta\">\n\t\t\t\t\t\t\t\t\t\t\t\t\t\t\t<div class=\"wd-post-author\">\n\t\t\t\t\t\t\t\t\t\t\t<span>Publicado por<\/span>\n\t\t\n\t\t\t\t\t\t\t\n\t\t\t\t\t<a href=\"https:\/\/lydenim.com\/es\/author\/malonematthewmmgmail-com\/\" class=\"author\" rel=\"author\">malonematthewmm@gmail.com<\/a>\n\t\t\t\t\t\t\t\t\t<\/div>\n\t\t\t\t\t<div class=\"wd-modified-date\">\n\t\t\t\t\t\t\t\t<time class=\"updated\" datetime=\"2025-08-24T13:50:34+08:00\">\n\t\t\t24\/08\/2025\t\t<\/time>\n\t\t\t\t\t\t\t<\/div>\n\n\t\t\t\t\t\t\t\t\t\t\t<div class=\"wd-post-share wd-tltp\">\n\t\t\t\t\t\t\t<div class=\"tooltip top\">\n\t\t\t\t\t\t\t\t<div class=\"tooltip-inner\">\n\t\t\t\t\t\t\t\t\t\t\t\t<div\n\t\t\t\t\t\tclass=\"wd-social-icons wd-style-default wd-size-small social-share wd-shape-circle color-scheme-light text-center\">\n\t\t\t\t\n\t\t\t\t\n\t\t\t\t\t\t\t\t\t<a rel=\"noopener noreferrer nofollow\" href=\"https:\/\/www.facebook.com\/sharer\/sharer.php?u=https:\/\/lydenim.com\/es\/analisis-de-los-tipos-de-hilo-de-urdimbre-de-mezclilla-en-la-fabricacion-china\/\" target=\"_blank\" class=\"wd-social-icon social-facebook\" aria-label=\"Enlace social de Facebook\">\n\t\t\t\t\t\t<span class=\"wd-icon\"><\/span>\n\t\t\t\t\t\t\t\t\t\t\t<\/a>\n\t\t\t\t\n\t\t\t\t\t\t\t\t\t<a rel=\"noopener noreferrer nofollow\" href=\"https:\/\/x.com\/share?url=https:\/\/lydenim.com\/es\/analisis-de-los-tipos-de-hilo-de-urdimbre-de-mezclilla-en-la-fabricacion-china\/\" target=\"_blank\" class=\"wd-social-icon social-twitter\" aria-label=\"X enlace social\">\n\t\t\t\t\t\t<span class=\"wd-icon\"><\/span>\n\t\t\t\t\t\t\t\t\t\t\t<\/a>\n\t\t\t\t\n\t\t\t\t\n\t\t\t\t\n\t\t\t\t\n\t\t\t\t\n\t\t\t\t\n\t\t\t\t\t\t\t\t\t<a rel=\"noopener noreferrer nofollow\" href=\"https:\/\/pinterest.com\/pin\/create\/button\/?url=https:\/\/lydenim.com\/es\/analisis-de-los-tipos-de-hilo-de-urdimbre-de-mezclilla-en-la-fabricacion-china\/&media=https:\/\/lydenim.com\/wp-content\/uploads\/2025\/08\/Analysis-of-Denim-Warp-Yarn-Types-in-Chinese-Manufacturing.jpg&description=Analysis+of+Denim+Warp+Yarn+Types+in+Chinese+Manufacturing\" target=\"_blank\" class=\"wd-social-icon social-pinterest\" aria-label=\"Enlace social de Pinterest\">\n\t\t\t\t\t\t<span class=\"wd-icon\"><\/span>\n\t\t\t\t\t\t\t\t\t\t\t<\/a>\n\t\t\t\t\n\t\t\t\t\n\t\t\t\t\t\t\t\t\t<a rel=\"noopener noreferrer nofollow\" href=\"https:\/\/www.linkedin.com\/shareArticle?mini=true&url=https:\/\/lydenim.com\/es\/analisis-de-los-tipos-de-hilo-de-urdimbre-de-mezclilla-en-la-fabricacion-china\/\" target=\"_blank\" class=\"wd-social-icon social-linkedin\" aria-label=\"Enlace social de Linkedin\">\n\t\t\t\t\t\t<span class=\"wd-icon\"><\/span>\n\t\t\t\t\t\t\t\t\t\t\t<\/a>\n\t\t\t\t\n\t\t\t\t\n\t\t\t\t\n\t\t\t\t\n\t\t\t\t\n\t\t\t\t\n\t\t\t\t\n\t\t\t\t\n\t\t\t\t\n\t\t\t\t\n\t\t\t\t\n\t\t\t\t\n\t\t\t\t\n\t\t\t\t\n\t\t\t\t\n\t\t\t\t\t\t\t\t\t<a rel=\"noopener noreferrer nofollow\" href=\"https:\/\/telegram.me\/share\/url?url=https:\/\/lydenim.com\/es\/analisis-de-los-tipos-de-hilo-de-urdimbre-de-mezclilla-en-la-fabricacion-china\/\" target=\"_blank\" class=\"wd-social-icon social-tg\" aria-label=\"Enlace social de Telegram\">\n\t\t\t\t\t\t<span class=\"wd-icon\"><\/span>\n\t\t\t\t\t\t\t\t\t\t\t<\/a>\n\t\t\t\t\n\t\t\t\t\n\t\t\t<\/div>\n\n\t\t\t\t\t\t\t\t\t\t<\/div>\n\t\t\t\t\t\t\t\t<div class=\"tooltip-arrow\"><\/div>\n\t\t\t\t\t\t\t<\/div>\n\t\t\t\t\t\t<\/div>\n\t\t\t\t\t\n\t\t\t\t\t\t\t\t\t<\/div>\n\t\t\t\n\t\t\t\t\t\t\t<div class=\"wd-post-excerpt entry-content\">\n\t\t\t\t\tTiempo estimado de lectura: ~5 minutos Introducci\u00f3n China es l\u00edder mundial en la fabricaci\u00f3n de la mayor cantidad de tejido de mezclilla, lo que equivale a 1.500 millones...\t\t\t\t<\/div>\n\t\t\t\n\t\t\t\t\t\t\t\t\t\t\t\t<div class=\"wd-post-read-more wd-style-link read-more-section\">\n\t\t\t\t\t\t<a class=\"\" href=\"https:\/\/lydenim.com\/es\/analisis-de-los-tipos-de-hilo-de-urdimbre-de-mezclilla-en-la-fabricacion-china\/\">Seguir leyendo<\/a>\t\t\t\t\t<\/div>\n\t\t\t\t\t\t\t\t\t<\/div>\n\t<\/div>\n<\/article>\n\n\t\t\t\t\t<\/div>\n\t\t\t\t<div class=\"wd-carousel-item\">\n\t\t\t\t\t\t\t\n<article id=\"post-6045\" class=\"wd-post blog-design-masonry blog-post-loop blog-style-bg wd-add-shadow post-6045 post type-post status-publish format-standard has-post-thumbnail hentry category-garment\">\n\t<div class=\"wd-post-inner article-inner\">\n\t\t\t\t\t<div class=\"wd-post-thumb entry-header\">\n\t\t\t\t\t\t\t\t\t<div class=\"wd-post-img post-img-wrapp\">\n\t\t\t\t\t\t<img loading=\"lazy\" decoding=\"async\" width=\"150\" height=\"150\" src=\"https:\/\/lydenim.com\/wp-content\/uploads\/2025\/08\/Fall-2025-Denim-3-Essential-Jean-Styles-for-Effortless-Chic-150x150.jpg\" class=\"attachment-thumbnail size-thumbnail\" alt=\"\" srcset=\"https:\/\/lydenim.com\/wp-content\/uploads\/2025\/08\/Fall-2025-Denim-3-Essential-Jean-Styles-for-Effortless-Chic-150x150.jpg 150w, https:\/\/lydenim.com\/wp-content\/uploads\/2025\/08\/Fall-2025-Denim-3-Essential-Jean-Styles-for-Effortless-Chic-300x300.jpg 300w, https:\/\/lydenim.com\/wp-content\/uploads\/2025\/08\/Fall-2025-Denim-3-Essential-Jean-Styles-for-Effortless-Chic-45x45.jpg 45w\" sizes=\"auto, (max-width: 150px) 100vw, 150px\" \/>\t\t\t\t\t<\/div>\n\t\t\t\t\t<a class=\"wd-fill\" href=\"https:\/\/lydenim.com\/es\/otono-2025-denim-3-estilos-de-jeans-esenciales-para-un-estilo-chic-sin-esfuerzo\/\"><\/a>\n\t\t\t\t\n\t\t\t\t\t\t\t\t\t\t\t\t<div class=\"wd-post-date wd-style-with-bg\">\n\t\t\t\t<span class=\"post-date-day\">\n\t\t\t\t\t15\t\t\t\t<\/span>\n\t\t\t\t<span class=\"post-date-month\">\n\t\t\t\t\tAtr\u00e1s\t\t\t\t<\/span>\n\t\t\t<\/div>\n\t\t\t\t\t\t\t\t\t<\/div>\n\t\t\n\t\t<div class=\"wd-post-content article-body-container\">\n\t\t\t\t\t\t\t<div class=\"wd-post-cat wd-style-with-bg meta-post-categories\">\n\t\t\t\t\t<a href=\"https:\/\/lydenim.com\/es\/category\/prenda\/\" rel=\"category tag\">PRENDA<\/a>\t\t\t\t<\/div>\n\t\t\t\n\t\t\t\t\t\t\t<h3 class=\"wd-post-title wd-entities-title title post-title\">\n\t\t\t\t\t<a href=\"https:\/\/lydenim.com\/es\/otono-2025-denim-3-estilos-de-jeans-esenciales-para-un-estilo-chic-sin-esfuerzo\/\" rel=\"bookmark\">\n\t\t\t\t\t\tDenim Oto\u00f1o 2025: 3 estilos de jeans esenciales para un estilo chic sin esfuerzo\t\t\t\t\t<\/a>\n\t\t\t\t<\/h3>\n\t\t\t\n\t\t\t\t\t\t\t<div class=\"wd-post-meta\">\n\t\t\t\t\t\t\t\t\t\t\t\t\t\t\t<div class=\"wd-post-author\">\n\t\t\t\t\t\t\t\t\t\t\t<span>Publicado por<\/span>\n\t\t\n\t\t\t\t\t\t\t\n\t\t\t\t\t<a href=\"https:\/\/lydenim.com\/es\/author\/malonematthewmmgmail-com\/\" class=\"author\" rel=\"author\">malonematthewmm@gmail.com<\/a>\n\t\t\t\t\t\t\t\t\t<\/div>\n\t\t\t\t\t<div class=\"wd-modified-date\">\n\t\t\t\t\t\t\t\t<time class=\"updated\" datetime=\"2025-08-15T11:59:11+08:00\">\n\t\t\t15\/08\/2025\t\t<\/time>\n\t\t\t\t\t\t\t<\/div>\n\n\t\t\t\t\t\t\t\t\t\t\t<div class=\"wd-post-share wd-tltp\">\n\t\t\t\t\t\t\t<div class=\"tooltip top\">\n\t\t\t\t\t\t\t\t<div class=\"tooltip-inner\">\n\t\t\t\t\t\t\t\t\t\t\t\t<div\n\t\t\t\t\t\tclass=\"wd-social-icons wd-style-default wd-size-small social-share wd-shape-circle color-scheme-light text-center\">\n\t\t\t\t\n\t\t\t\t\n\t\t\t\t\t\t\t\t\t<a rel=\"noopener noreferrer nofollow\" href=\"https:\/\/www.facebook.com\/sharer\/sharer.php?u=https:\/\/lydenim.com\/es\/otono-2025-denim-3-estilos-de-jeans-esenciales-para-un-estilo-chic-sin-esfuerzo\/\" target=\"_blank\" class=\"wd-social-icon social-facebook\" aria-label=\"Enlace social de Facebook\">\n\t\t\t\t\t\t<span class=\"wd-icon\"><\/span>\n\t\t\t\t\t\t\t\t\t\t\t<\/a>\n\t\t\t\t\n\t\t\t\t\t\t\t\t\t<a rel=\"noopener noreferrer nofollow\" href=\"https:\/\/x.com\/share?url=https:\/\/lydenim.com\/es\/otono-2025-denim-3-estilos-de-jeans-esenciales-para-un-estilo-chic-sin-esfuerzo\/\" target=\"_blank\" class=\"wd-social-icon social-twitter\" aria-label=\"X enlace social\">\n\t\t\t\t\t\t<span class=\"wd-icon\"><\/span>\n\t\t\t\t\t\t\t\t\t\t\t<\/a>\n\t\t\t\t\n\t\t\t\t\n\t\t\t\t\n\t\t\t\t\n\t\t\t\t\n\t\t\t\t\n\t\t\t\t\t\t\t\t\t<a rel=\"noopener noreferrer nofollow\" href=\"https:\/\/pinterest.com\/pin\/create\/button\/?url=https:\/\/lydenim.com\/es\/otono-2025-denim-3-estilos-de-jeans-esenciales-para-un-estilo-chic-sin-esfuerzo\/&media=https:\/\/lydenim.com\/wp-content\/uploads\/2025\/08\/Fall-2025-Denim-3-Essential-Jean-Styles-for-Effortless-Chic.jpg&description=Fall+2025+Denim%3A+3+Essential+Jean+Styles+for+Effortless+Chic\" target=\"_blank\" class=\"wd-social-icon social-pinterest\" aria-label=\"Enlace social de Pinterest\">\n\t\t\t\t\t\t<span class=\"wd-icon\"><\/span>\n\t\t\t\t\t\t\t\t\t\t\t<\/a>\n\t\t\t\t\n\t\t\t\t\n\t\t\t\t\t\t\t\t\t<a rel=\"noopener noreferrer nofollow\" href=\"https:\/\/www.linkedin.com\/shareArticle?mini=true&url=https:\/\/lydenim.com\/es\/otono-2025-denim-3-estilos-de-jeans-esenciales-para-un-estilo-chic-sin-esfuerzo\/\" target=\"_blank\" class=\"wd-social-icon social-linkedin\" aria-label=\"Enlace social de Linkedin\">\n\t\t\t\t\t\t<span class=\"wd-icon\"><\/span>\n\t\t\t\t\t\t\t\t\t\t\t<\/a>\n\t\t\t\t\n\t\t\t\t\n\t\t\t\t\n\t\t\t\t\n\t\t\t\t\n\t\t\t\t\n\t\t\t\t\n\t\t\t\t\n\t\t\t\t\n\t\t\t\t\n\t\t\t\t\n\t\t\t\t\n\t\t\t\t\n\t\t\t\t\n\t\t\t\t\n\t\t\t\t\t\t\t\t\t<a rel=\"noopener noreferrer nofollow\" href=\"https:\/\/telegram.me\/share\/url?url=https:\/\/lydenim.com\/es\/otono-2025-denim-3-estilos-de-jeans-esenciales-para-un-estilo-chic-sin-esfuerzo\/\" target=\"_blank\" class=\"wd-social-icon social-tg\" aria-label=\"Enlace social de Telegram\">\n\t\t\t\t\t\t<span class=\"wd-icon\"><\/span>\n\t\t\t\t\t\t\t\t\t\t\t<\/a>\n\t\t\t\t\n\t\t\t\t\n\t\t\t<\/div>\n\n\t\t\t\t\t\t\t\t\t\t<\/div>\n\t\t\t\t\t\t\t\t<div class=\"tooltip-arrow\"><\/div>\n\t\t\t\t\t\t\t<\/div>\n\t\t\t\t\t\t<\/div>\n\t\t\t\t\t\n\t\t\t\t\t\t\t\t\t<\/div>\n\t\t\t\n\t\t\t\t\t\t\t<div class=\"wd-post-excerpt entry-content\">\n\t\t\t\t\tTiempo estimado de lectura: ~4 minutos Introducci\u00f3n Unos buenos jeans proporcionan la opci\u00f3n de ropa m\u00e1s c\u00f3moda y vers\u00e1til cuando llega el oto\u00f1o...\t\t\t\t<\/div>\n\t\t\t\n\t\t\t\t\t\t\t\t\t\t\t\t<div class=\"wd-post-read-more wd-style-link read-more-section\">\n\t\t\t\t\t\t<a class=\"\" href=\"https:\/\/lydenim.com\/es\/otono-2025-denim-3-estilos-de-jeans-esenciales-para-un-estilo-chic-sin-esfuerzo\/\">Seguir leyendo<\/a>\t\t\t\t\t<\/div>\n\t\t\t\t\t\t\t\t\t<\/div>\n\t<\/div>\n<\/article>\n\n\t\t\t\t\t<\/div>\n\t\t\t\t<div class=\"wd-carousel-item\">\n\t\t\t\t\t\t\t\n<article id=\"post-5893\" class=\"wd-post blog-design-masonry blog-post-loop blog-style-bg wd-add-shadow post-5893 post type-post status-publish format-standard has-post-thumbnail hentry category-denim-knowledge\">\n\t<div class=\"wd-post-inner article-inner\">\n\t\t\t\t\t<div class=\"wd-post-thumb entry-header\">\n\t\t\t\t\t\t\t\t\t<div class=\"wd-post-img post-img-wrapp\">\n\t\t\t\t\t\t<img loading=\"lazy\" decoding=\"async\" width=\"150\" height=\"150\" src=\"https:\/\/lydenim.com\/wp-content\/uploads\/2025\/08\/What-Is-Chenille-Fabric-Chenille-Denim-150x150.jpg\" class=\"attachment-thumbnail size-thumbnail\" alt=\"\" srcset=\"https:\/\/lydenim.com\/wp-content\/uploads\/2025\/08\/What-Is-Chenille-Fabric-Chenille-Denim-150x150.jpg 150w, https:\/\/lydenim.com\/wp-content\/uploads\/2025\/08\/What-Is-Chenille-Fabric-Chenille-Denim-300x300.jpg 300w, https:\/\/lydenim.com\/wp-content\/uploads\/2025\/08\/What-Is-Chenille-Fabric-Chenille-Denim-45x45.jpg 45w\" sizes=\"auto, (max-width: 150px) 100vw, 150px\" \/>\t\t\t\t\t<\/div>\n\t\t\t\t\t<a class=\"wd-fill\" href=\"https:\/\/lydenim.com\/es\/que-es-la-tela-chenilla-chenilla-denim\/\"><\/a>\n\t\t\t\t\n\t\t\t\t\t\t\t\t\t\t\t\t<div class=\"wd-post-date wd-style-with-bg\">\n\t\t\t\t<span class=\"post-date-day\">\n\t\t\t\t\t14\t\t\t\t<\/span>\n\t\t\t\t<span class=\"post-date-month\">\n\t\t\t\t\tAtr\u00e1s\t\t\t\t<\/span>\n\t\t\t<\/div>\n\t\t\t\t\t\t\t\t\t<\/div>\n\t\t\n\t\t<div class=\"wd-post-content article-body-container\">\n\t\t\t\t\t\t\t<div class=\"wd-post-cat wd-style-with-bg meta-post-categories\">\n\t\t\t\t\t<a href=\"https:\/\/lydenim.com\/es\/category\/conocimiento-de-mezclilla\/\" rel=\"category tag\">Conocimiento del denim<\/a>\t\t\t\t<\/div>\n\t\t\t\n\t\t\t\t\t\t\t<h3 class=\"wd-post-title wd-entities-title title post-title\">\n\t\t\t\t\t<a href=\"https:\/\/lydenim.com\/es\/que-es-la-tela-chenilla-chenilla-denim\/\" rel=\"bookmark\">\n\t\t\t\t\t\t\u00bfQu\u00e9 es la tela chenilla?\u00bfChenille Denim?\t\t\t\t\t<\/a>\n\t\t\t\t<\/h3>\n\t\t\t\n\t\t\t\t\t\t\t<div class=\"wd-post-meta\">\n\t\t\t\t\t\t\t\t\t\t\t\t\t\t\t<div class=\"wd-post-author\">\n\t\t\t\t\t\t\t\t\t\t\t<span>Publicado por<\/span>\n\t\t\n\t\t\t\t\t\t\t\n\t\t\t\t\t<a href=\"https:\/\/lydenim.com\/es\/author\/malonematthewmmgmail-com\/\" class=\"author\" rel=\"author\">malonematthewmm@gmail.com<\/a>\n\t\t\t\t\t\t\t\t\t<\/div>\n\t\t\t\t\t<div class=\"wd-modified-date\">\n\t\t\t\t\t\t\t\t<time class=\"updated\" datetime=\"2025-08-24T13:50:18+08:00\">\n\t\t\t24\/08\/2025\t\t<\/time>\n\t\t\t\t\t\t\t<\/div>\n\n\t\t\t\t\t\t\t\t\t\t\t<div class=\"wd-post-share wd-tltp\">\n\t\t\t\t\t\t\t<div class=\"tooltip top\">\n\t\t\t\t\t\t\t\t<div class=\"tooltip-inner\">\n\t\t\t\t\t\t\t\t\t\t\t\t<div\n\t\t\t\t\t\tclass=\"wd-social-icons wd-style-default wd-size-small social-share wd-shape-circle color-scheme-light text-center\">\n\t\t\t\t\n\t\t\t\t\n\t\t\t\t\t\t\t\t\t<a rel=\"noopener noreferrer nofollow\" href=\"https:\/\/www.facebook.com\/sharer\/sharer.php?u=https:\/\/lydenim.com\/es\/que-es-la-tela-chenilla-chenilla-denim\/\" target=\"_blank\" class=\"wd-social-icon social-facebook\" aria-label=\"Enlace social de Facebook\">\n\t\t\t\t\t\t<span class=\"wd-icon\"><\/span>\n\t\t\t\t\t\t\t\t\t\t\t<\/a>\n\t\t\t\t\n\t\t\t\t\t\t\t\t\t<a rel=\"noopener noreferrer nofollow\" href=\"https:\/\/x.com\/share?url=https:\/\/lydenim.com\/es\/que-es-la-tela-chenilla-chenilla-denim\/\" target=\"_blank\" class=\"wd-social-icon social-twitter\" aria-label=\"X enlace social\">\n\t\t\t\t\t\t<span class=\"wd-icon\"><\/span>\n\t\t\t\t\t\t\t\t\t\t\t<\/a>\n\t\t\t\t\n\t\t\t\t\n\t\t\t\t\n\t\t\t\t\n\t\t\t\t\n\t\t\t\t\n\t\t\t\t\t\t\t\t\t<a rel=\"noopener noreferrer nofollow\" href=\"https:\/\/pinterest.com\/pin\/create\/button\/?url=https:\/\/lydenim.com\/es\/que-es-la-tela-chenilla-chenilla-denim\/&media=https:\/\/lydenim.com\/wp-content\/uploads\/2025\/08\/What-Is-Chenille-Fabric-Chenille-Denim.jpg&description=What+Is+Chenille+Fabric%3FChenille+Denim%3F\" target=\"_blank\" class=\"wd-social-icon social-pinterest\" aria-label=\"Enlace social de Pinterest\">\n\t\t\t\t\t\t<span class=\"wd-icon\"><\/span>\n\t\t\t\t\t\t\t\t\t\t\t<\/a>\n\t\t\t\t\n\t\t\t\t\n\t\t\t\t\t\t\t\t\t<a rel=\"noopener noreferrer nofollow\" href=\"https:\/\/www.linkedin.com\/shareArticle?mini=true&url=https:\/\/lydenim.com\/es\/que-es-la-tela-chenilla-chenilla-denim\/\" target=\"_blank\" class=\"wd-social-icon social-linkedin\" aria-label=\"Enlace social de Linkedin\">\n\t\t\t\t\t\t<span class=\"wd-icon\"><\/span>\n\t\t\t\t\t\t\t\t\t\t\t<\/a>\n\t\t\t\t\n\t\t\t\t\n\t\t\t\t\n\t\t\t\t\n\t\t\t\t\n\t\t\t\t\n\t\t\t\t\n\t\t\t\t\n\t\t\t\t\n\t\t\t\t\n\t\t\t\t\n\t\t\t\t\n\t\t\t\t\n\t\t\t\t\n\t\t\t\t\n\t\t\t\t\t\t\t\t\t<a rel=\"noopener noreferrer nofollow\" href=\"https:\/\/telegram.me\/share\/url?url=https:\/\/lydenim.com\/es\/que-es-la-tela-chenilla-chenilla-denim\/\" target=\"_blank\" class=\"wd-social-icon social-tg\" aria-label=\"Enlace social de Telegram\">\n\t\t\t\t\t\t<span class=\"wd-icon\"><\/span>\n\t\t\t\t\t\t\t\t\t\t\t<\/a>\n\t\t\t\t\n\t\t\t\t\n\t\t\t<\/div>\n\n\t\t\t\t\t\t\t\t\t\t<\/div>\n\t\t\t\t\t\t\t\t<div class=\"tooltip-arrow\"><\/div>\n\t\t\t\t\t\t\t<\/div>\n\t\t\t\t\t\t<\/div>\n\t\t\t\t\t\n\t\t\t\t\t\t\t\t\t<\/div>\n\t\t\t\n\t\t\t\t\t\t\t<div class=\"wd-post-excerpt entry-content\">\n\t\t\t\t\tTiempo estimado de lectura: ~4 minutos. \u00bfQu\u00e9 es la chenilla? El material conocido como chenilla posee una textura aterciopelada que...\t\t\t\t<\/div>\n\t\t\t\n\t\t\t\t\t\t\t\t\t\t\t\t<div class=\"wd-post-read-more wd-style-link read-more-section\">\n\t\t\t\t\t\t<a class=\"\" href=\"https:\/\/lydenim.com\/es\/que-es-la-tela-chenilla-chenilla-denim\/\">Seguir leyendo<\/a>\t\t\t\t\t<\/div>\n\t\t\t\t\t\t\t\t\t<\/div>\n\t<\/div>\n<\/article>\n\n\t\t\t\t\t<\/div>\n\t\t\t\t<div class=\"wd-carousel-item\">\n\t\t\t\t\t\t\t\n<article id=\"post-5910\" class=\"wd-post blog-design-masonry blog-post-loop blog-style-bg wd-add-shadow post-5910 post type-post status-publish format-standard has-post-thumbnail hentry category-garment\">\n\t<div class=\"wd-post-inner article-inner\">\n\t\t\t\t\t<div class=\"wd-post-thumb entry-header\">\n\t\t\t\t\t\t\t\t\t<div class=\"wd-post-img post-img-wrapp\">\n\t\t\t\t\t\t<img loading=\"lazy\" decoding=\"async\" width=\"150\" height=\"150\" src=\"https:\/\/lydenim.com\/wp-content\/uploads\/2025\/08\/Preventing-Yellowing-in-Light-Colored-Jeans-A-Manufacturers-Guide-150x150.jpg\" class=\"attachment-thumbnail size-thumbnail\" alt=\"\" srcset=\"https:\/\/lydenim.com\/wp-content\/uploads\/2025\/08\/Preventing-Yellowing-in-Light-Colored-Jeans-A-Manufacturers-Guide-150x150.jpg 150w, https:\/\/lydenim.com\/wp-content\/uploads\/2025\/08\/Preventing-Yellowing-in-Light-Colored-Jeans-A-Manufacturers-Guide-300x300.jpg 300w, https:\/\/lydenim.com\/wp-content\/uploads\/2025\/08\/Preventing-Yellowing-in-Light-Colored-Jeans-A-Manufacturers-Guide-45x45.jpg 45w\" sizes=\"auto, (max-width: 150px) 100vw, 150px\" \/>\t\t\t\t\t<\/div>\n\t\t\t\t\t<a class=\"wd-fill\" href=\"https:\/\/lydenim.com\/es\/como-prevenir-el-amarilleo-en-jeans-de-colores-claros-una-guia-del-fabricante\/\"><\/a>\n\t\t\t\t\n\t\t\t\t\t\t\t\t\t\t\t\t<div class=\"wd-post-date wd-style-with-bg\">\n\t\t\t\t<span class=\"post-date-day\">\n\t\t\t\t\t12\t\t\t\t<\/span>\n\t\t\t\t<span class=\"post-date-month\">\n\t\t\t\t\tAtr\u00e1s\t\t\t\t<\/span>\n\t\t\t<\/div>\n\t\t\t\t\t\t\t\t\t<\/div>\n\t\t\n\t\t<div class=\"wd-post-content article-body-container\">\n\t\t\t\t\t\t\t<div class=\"wd-post-cat wd-style-with-bg meta-post-categories\">\n\t\t\t\t\t<a href=\"https:\/\/lydenim.com\/es\/category\/prenda\/\" rel=\"category tag\">PRENDA<\/a>\t\t\t\t<\/div>\n\t\t\t\n\t\t\t\t\t\t\t<h3 class=\"wd-post-title wd-entities-title title post-title\">\n\t\t\t\t\t<a href=\"https:\/\/lydenim.com\/es\/como-prevenir-el-amarilleo-en-jeans-de-colores-claros-una-guia-del-fabricante\/\" rel=\"bookmark\">\n\t\t\t\t\t\tC\u00f3mo evitar que los jeans de colores claros amarilleen: gu\u00eda del fabricante\t\t\t\t\t<\/a>\n\t\t\t\t<\/h3>\n\t\t\t\n\t\t\t\t\t\t\t<div class=\"wd-post-meta\">\n\t\t\t\t\t\t\t\t\t\t\t\t\t\t\t<div class=\"wd-post-author\">\n\t\t\t\t\t\t\t\t\t\t\t<span>Publicado por<\/span>\n\t\t\n\t\t\t\t\t\t\t\n\t\t\t\t\t<a href=\"https:\/\/lydenim.com\/es\/author\/malonematthewmmgmail-com\/\" class=\"author\" rel=\"author\">malonematthewmm@gmail.com<\/a>\n\t\t\t\t\t\t\t\t\t<\/div>\n\t\t\t\t\t<div class=\"wd-modified-date\">\n\t\t\t\t\t\t\t\t<time class=\"updated\" datetime=\"2025-08-24T13:50:08+08:00\">\n\t\t\t24\/08\/2025\t\t<\/time>\n\t\t\t\t\t\t\t<\/div>\n\n\t\t\t\t\t\t\t\t\t\t\t<div class=\"wd-post-share wd-tltp\">\n\t\t\t\t\t\t\t<div class=\"tooltip top\">\n\t\t\t\t\t\t\t\t<div class=\"tooltip-inner\">\n\t\t\t\t\t\t\t\t\t\t\t\t<div\n\t\t\t\t\t\tclass=\"wd-social-icons wd-style-default wd-size-small social-share wd-shape-circle color-scheme-light text-center\">\n\t\t\t\t\n\t\t\t\t\n\t\t\t\t\t\t\t\t\t<a rel=\"noopener noreferrer nofollow\" href=\"https:\/\/www.facebook.com\/sharer\/sharer.php?u=https:\/\/lydenim.com\/es\/como-prevenir-el-amarilleo-en-jeans-de-colores-claros-una-guia-del-fabricante\/\" target=\"_blank\" class=\"wd-social-icon social-facebook\" aria-label=\"Enlace social de Facebook\">\n\t\t\t\t\t\t<span class=\"wd-icon\"><\/span>\n\t\t\t\t\t\t\t\t\t\t\t<\/a>\n\t\t\t\t\n\t\t\t\t\t\t\t\t\t<a rel=\"noopener noreferrer nofollow\" href=\"https:\/\/x.com\/share?url=https:\/\/lydenim.com\/es\/como-prevenir-el-amarilleo-en-jeans-de-colores-claros-una-guia-del-fabricante\/\" target=\"_blank\" class=\"wd-social-icon social-twitter\" aria-label=\"X enlace social\">\n\t\t\t\t\t\t<span class=\"wd-icon\"><\/span>\n\t\t\t\t\t\t\t\t\t\t\t<\/a>\n\t\t\t\t\n\t\t\t\t\n\t\t\t\t\n\t\t\t\t\n\t\t\t\t\n\t\t\t\t\n\t\t\t\t\t\t\t\t\t<a rel=\"noopener noreferrer nofollow\" href=\"https:\/\/pinterest.com\/pin\/create\/button\/?url=https:\/\/lydenim.com\/es\/como-prevenir-el-amarilleo-en-jeans-de-colores-claros-una-guia-del-fabricante\/&media=https:\/\/lydenim.com\/wp-content\/uploads\/2025\/08\/Preventing-Yellowing-in-Light-Colored-Jeans-A-Manufacturers-Guide.jpg&description=Preventing+Yellowing+in+Light-Colored+Jeans%3A+A+Manufacturer%26%238217%3Bs+Guide\" target=\"_blank\" class=\"wd-social-icon social-pinterest\" aria-label=\"Enlace social de Pinterest\">\n\t\t\t\t\t\t<span class=\"wd-icon\"><\/span>\n\t\t\t\t\t\t\t\t\t\t\t<\/a>\n\t\t\t\t\n\t\t\t\t\n\t\t\t\t\t\t\t\t\t<a rel=\"noopener noreferrer nofollow\" href=\"https:\/\/www.linkedin.com\/shareArticle?mini=true&url=https:\/\/lydenim.com\/es\/como-prevenir-el-amarilleo-en-jeans-de-colores-claros-una-guia-del-fabricante\/\" target=\"_blank\" class=\"wd-social-icon social-linkedin\" aria-label=\"Enlace social de Linkedin\">\n\t\t\t\t\t\t<span class=\"wd-icon\"><\/span>\n\t\t\t\t\t\t\t\t\t\t\t<\/a>\n\t\t\t\t\n\t\t\t\t\n\t\t\t\t\n\t\t\t\t\n\t\t\t\t\n\t\t\t\t\n\t\t\t\t\n\t\t\t\t\n\t\t\t\t\n\t\t\t\t\n\t\t\t\t\n\t\t\t\t\n\t\t\t\t\n\t\t\t\t\n\t\t\t\t\n\t\t\t\t\t\t\t\t\t<a rel=\"noopener noreferrer nofollow\" href=\"https:\/\/telegram.me\/share\/url?url=https:\/\/lydenim.com\/es\/como-prevenir-el-amarilleo-en-jeans-de-colores-claros-una-guia-del-fabricante\/\" target=\"_blank\" class=\"wd-social-icon social-tg\" aria-label=\"Enlace social de Telegram\">\n\t\t\t\t\t\t<span class=\"wd-icon\"><\/span>\n\t\t\t\t\t\t\t\t\t\t\t<\/a>\n\t\t\t\t\n\t\t\t\t\n\t\t\t<\/div>\n\n\t\t\t\t\t\t\t\t\t\t<\/div>\n\t\t\t\t\t\t\t\t<div class=\"tooltip-arrow\"><\/div>\n\t\t\t\t\t\t\t<\/div>\n\t\t\t\t\t\t<\/div>\n\t\t\t\t\t\n\t\t\t\t\t\t\t\t\t<\/div>\n\t\t\t\n\t\t\t\t\t\t\t<div class=\"wd-post-excerpt entry-content\">\n\t\t\t\t\tTiempo estimado de lectura: ~4 minutos Introducci\u00f3n Los jeans de colores claros se han convertido en prendas esenciales ya que aportan un toque fresco y...\t\t\t\t<\/div>\n\t\t\t\n\t\t\t\t\t\t\t\t\t\t\t\t<div class=\"wd-post-read-more wd-style-link read-more-section\">\n\t\t\t\t\t\t<a class=\"\" href=\"https:\/\/lydenim.com\/es\/como-prevenir-el-amarilleo-en-jeans-de-colores-claros-una-guia-del-fabricante\/\">Seguir leyendo<\/a>\t\t\t\t\t<\/div>\n\t\t\t\t\t\t\t\t\t<\/div>\n\t<\/div>\n<\/article>\n\n\t\t\t\t\t<\/div>\n\t\t\t\t<div class=\"wd-carousel-item\">\n\t\t\t\t\t\t\t\n<article id=\"post-5913\" class=\"wd-post blog-design-masonry blog-post-loop blog-style-bg wd-add-shadow post-5913 post type-post status-publish format-standard has-post-thumbnail hentry category-denim-knowledge\">\n\t<div class=\"wd-post-inner article-inner\">\n\t\t\t\t\t<div class=\"wd-post-thumb entry-header\">\n\t\t\t\t\t\t\t\t\t<div class=\"wd-post-img post-img-wrapp\">\n\t\t\t\t\t\t<img loading=\"lazy\" decoding=\"async\" width=\"150\" height=\"150\" src=\"https:\/\/lydenim.com\/wp-content\/uploads\/2025\/08\/Comprehensive-Analysis-of-Cotton-Content-in-Denim-Is-Higher-Cotton-Always-Better-150x150.jpg\" class=\"attachment-thumbnail size-thumbnail\" alt=\"\" srcset=\"https:\/\/lydenim.com\/wp-content\/uploads\/2025\/08\/Comprehensive-Analysis-of-Cotton-Content-in-Denim-Is-Higher-Cotton-Always-Better-150x150.jpg 150w, https:\/\/lydenim.com\/wp-content\/uploads\/2025\/08\/Comprehensive-Analysis-of-Cotton-Content-in-Denim-Is-Higher-Cotton-Always-Better-300x300.jpg 300w, https:\/\/lydenim.com\/wp-content\/uploads\/2025\/08\/Comprehensive-Analysis-of-Cotton-Content-in-Denim-Is-Higher-Cotton-Always-Better-45x45.jpg 45w\" sizes=\"auto, (max-width: 150px) 100vw, 150px\" \/>\t\t\t\t\t<\/div>\n\t\t\t\t\t<a class=\"wd-fill\" href=\"https:\/\/lydenim.com\/es\/un-analisis-exhaustivo-del-contenido-de-algodon-en-la-mezclilla-indica-que-un-mayor-contenido-de-algodon-siempre-es-mejor\/\"><\/a>\n\t\t\t\t\n\t\t\t\t\t\t\t\t\t\t\t\t<div class=\"wd-post-date wd-style-with-bg\">\n\t\t\t\t<span class=\"post-date-day\">\n\t\t\t\t\t11\t\t\t\t<\/span>\n\t\t\t\t<span class=\"post-date-month\">\n\t\t\t\t\tAtr\u00e1s\t\t\t\t<\/span>\n\t\t\t<\/div>\n\t\t\t\t\t\t\t\t\t<\/div>\n\t\t\n\t\t<div class=\"wd-post-content article-body-container\">\n\t\t\t\t\t\t\t<div class=\"wd-post-cat wd-style-with-bg meta-post-categories\">\n\t\t\t\t\t<a href=\"https:\/\/lydenim.com\/es\/category\/conocimiento-de-mezclilla\/\" rel=\"category tag\">Conocimiento del denim<\/a>\t\t\t\t<\/div>\n\t\t\t\n\t\t\t\t\t\t\t<h3 class=\"wd-post-title wd-entities-title title post-title\">\n\t\t\t\t\t<a href=\"https:\/\/lydenim.com\/es\/un-analisis-exhaustivo-del-contenido-de-algodon-en-la-mezclilla-indica-que-un-mayor-contenido-de-algodon-siempre-es-mejor\/\" rel=\"bookmark\">\n\t\t\t\t\t\tAn\u00e1lisis exhaustivo del contenido de algod\u00f3n en el denim: \u00bfes siempre mejor tener m\u00e1s algod\u00f3n?\t\t\t\t\t<\/a>\n\t\t\t\t<\/h3>\n\t\t\t\n\t\t\t\t\t\t\t<div class=\"wd-post-meta\">\n\t\t\t\t\t\t\t\t\t\t\t\t\t\t\t<div class=\"wd-post-author\">\n\t\t\t\t\t\t\t\t\t\t\t<span>Publicado por<\/span>\n\t\t\n\t\t\t\t\t\t\t\n\t\t\t\t\t<a href=\"https:\/\/lydenim.com\/es\/author\/malonematthewmmgmail-com\/\" class=\"author\" rel=\"author\">malonematthewmm@gmail.com<\/a>\n\t\t\t\t\t\t\t\t\t<\/div>\n\t\t\t\t\t<div class=\"wd-modified-date\">\n\t\t\t\t\t\t\t\t<time class=\"updated\" datetime=\"2025-08-11T13:05:47+08:00\">\n\t\t\t11\/08\/2025\t\t<\/time>\n\t\t\t\t\t\t\t<\/div>\n\n\t\t\t\t\t\t\t\t\t\t\t<div class=\"wd-post-share wd-tltp\">\n\t\t\t\t\t\t\t<div class=\"tooltip top\">\n\t\t\t\t\t\t\t\t<div class=\"tooltip-inner\">\n\t\t\t\t\t\t\t\t\t\t\t\t<div\n\t\t\t\t\t\tclass=\"wd-social-icons wd-style-default wd-size-small social-share wd-shape-circle color-scheme-light text-center\">\n\t\t\t\t\n\t\t\t\t\n\t\t\t\t\t\t\t\t\t<a rel=\"noopener noreferrer nofollow\" href=\"https:\/\/www.facebook.com\/sharer\/sharer.php?u=https:\/\/lydenim.com\/es\/un-analisis-exhaustivo-del-contenido-de-algodon-en-la-mezclilla-indica-que-un-mayor-contenido-de-algodon-siempre-es-mejor\/\" target=\"_blank\" class=\"wd-social-icon social-facebook\" aria-label=\"Enlace social de Facebook\">\n\t\t\t\t\t\t<span class=\"wd-icon\"><\/span>\n\t\t\t\t\t\t\t\t\t\t\t<\/a>\n\t\t\t\t\n\t\t\t\t\t\t\t\t\t<a rel=\"noopener noreferrer nofollow\" href=\"https:\/\/x.com\/share?url=https:\/\/lydenim.com\/es\/un-analisis-exhaustivo-del-contenido-de-algodon-en-la-mezclilla-indica-que-un-mayor-contenido-de-algodon-siempre-es-mejor\/\" target=\"_blank\" class=\"wd-social-icon social-twitter\" aria-label=\"X enlace social\">\n\t\t\t\t\t\t<span class=\"wd-icon\"><\/span>\n\t\t\t\t\t\t\t\t\t\t\t<\/a>\n\t\t\t\t\n\t\t\t\t\n\t\t\t\t\n\t\t\t\t\n\t\t\t\t\n\t\t\t\t\n\t\t\t\t\t\t\t\t\t<a rel=\"noopener noreferrer nofollow\" href=\"https:\/\/pinterest.com\/pin\/create\/button\/?url=https:\/\/lydenim.com\/es\/un-analisis-exhaustivo-del-contenido-de-algodon-en-la-mezclilla-indica-que-un-mayor-contenido-de-algodon-siempre-es-mejor\/&media=https:\/\/lydenim.com\/wp-content\/uploads\/2025\/08\/Comprehensive-Analysis-of-Cotton-Content-in-Denim-Is-Higher-Cotton-Always-Better.jpg&description=Comprehensive+Analysis+of+Cotton+Content+in+Denim%3A+Is+Higher+Cotton+Always+Better%3F\" target=\"_blank\" class=\"wd-social-icon social-pinterest\" aria-label=\"Enlace social de Pinterest\">\n\t\t\t\t\t\t<span class=\"wd-icon\"><\/span>\n\t\t\t\t\t\t\t\t\t\t\t<\/a>\n\t\t\t\t\n\t\t\t\t\n\t\t\t\t\t\t\t\t\t<a rel=\"noopener noreferrer nofollow\" href=\"https:\/\/www.linkedin.com\/shareArticle?mini=true&url=https:\/\/lydenim.com\/es\/un-analisis-exhaustivo-del-contenido-de-algodon-en-la-mezclilla-indica-que-un-mayor-contenido-de-algodon-siempre-es-mejor\/\" target=\"_blank\" class=\"wd-social-icon social-linkedin\" aria-label=\"Enlace social de Linkedin\">\n\t\t\t\t\t\t<span class=\"wd-icon\"><\/span>\n\t\t\t\t\t\t\t\t\t\t\t<\/a>\n\t\t\t\t\n\t\t\t\t\n\t\t\t\t\n\t\t\t\t\n\t\t\t\t\n\t\t\t\t\n\t\t\t\t\n\t\t\t\t\n\t\t\t\t\n\t\t\t\t\n\t\t\t\t\n\t\t\t\t\n\t\t\t\t\n\t\t\t\t\n\t\t\t\t\n\t\t\t\t\t\t\t\t\t<a rel=\"noopener noreferrer nofollow\" href=\"https:\/\/telegram.me\/share\/url?url=https:\/\/lydenim.com\/es\/un-analisis-exhaustivo-del-contenido-de-algodon-en-la-mezclilla-indica-que-un-mayor-contenido-de-algodon-siempre-es-mejor\/\" target=\"_blank\" class=\"wd-social-icon social-tg\" aria-label=\"Enlace social de Telegram\">\n\t\t\t\t\t\t<span class=\"wd-icon\"><\/span>\n\t\t\t\t\t\t\t\t\t\t\t<\/a>\n\t\t\t\t\n\t\t\t\t\n\t\t\t<\/div>\n\n\t\t\t\t\t\t\t\t\t\t<\/div>\n\t\t\t\t\t\t\t\t<div class=\"tooltip-arrow\"><\/div>\n\t\t\t\t\t\t\t<\/div>\n\t\t\t\t\t\t<\/div>\n\t\t\t\t\t\n\t\t\t\t\t\t\t\t\t<\/div>\n\t\t\t\n\t\t\t\t\t\t\t<div class=\"wd-post-excerpt entry-content\">\n\t\t\t\t\tTiempo estimado de lectura: ~5 minutos Comprender la composici\u00f3n de la tela de mezclilla La mezclilla tradicional consiste en una tela de sarga a base de algod\u00f3n...\t\t\t\t<\/div>\n\t\t\t\n\t\t\t\t\t\t\t\t\t\t\t\t<div class=\"wd-post-read-more wd-style-link read-more-section\">\n\t\t\t\t\t\t<a class=\"\" href=\"https:\/\/lydenim.com\/es\/un-analisis-exhaustivo-del-contenido-de-algodon-en-la-mezclilla-indica-que-un-mayor-contenido-de-algodon-siempre-es-mejor\/\">Seguir leyendo<\/a>\t\t\t\t\t<\/div>\n\t\t\t\t\t\t\t\t\t<\/div>\n\t<\/div>\n<\/article>\n\n\t\t\t\t\t<\/div>\n\t\t\t\t<div class=\"wd-carousel-item\">\n\t\t\t\t\t\t\t\n<article id=\"post-5961\" class=\"wd-post blog-design-masonry blog-post-loop blog-style-bg wd-add-shadow post-5961 post type-post status-publish format-standard has-post-thumbnail hentry category-denim-knowledge\">\n\t<div class=\"wd-post-inner article-inner\">\n\t\t\t\t\t<div class=\"wd-post-thumb entry-header\">\n\t\t\t\t\t\t\t\t\t<div class=\"wd-post-img post-img-wrapp\">\n\t\t\t\t\t\t<img loading=\"lazy\" decoding=\"async\" width=\"150\" height=\"150\" src=\"https:\/\/lydenim.com\/wp-content\/uploads\/2025\/08\/Understanding-Denim-Fabric-Surface-Textures-Weave-Structures-Decoded-150x150.jpg\" class=\"attachment-thumbnail size-thumbnail\" alt=\"\" srcset=\"https:\/\/lydenim.com\/wp-content\/uploads\/2025\/08\/Understanding-Denim-Fabric-Surface-Textures-Weave-Structures-Decoded-150x150.jpg 150w, https:\/\/lydenim.com\/wp-content\/uploads\/2025\/08\/Understanding-Denim-Fabric-Surface-Textures-Weave-Structures-Decoded-300x300.jpg 300w, https:\/\/lydenim.com\/wp-content\/uploads\/2025\/08\/Understanding-Denim-Fabric-Surface-Textures-Weave-Structures-Decoded-45x45.jpg 45w\" sizes=\"auto, (max-width: 150px) 100vw, 150px\" \/>\t\t\t\t\t<\/div>\n\t\t\t\t\t<a class=\"wd-fill\" href=\"https:\/\/lydenim.com\/es\/comprension-de-las-texturas-superficiales-de-la-tela-de-mezclilla-y-las-estructuras-del-tejido-decodificadas\/\"><\/a>\n\t\t\t\t\n\t\t\t\t\t\t\t\t\t\t\t\t<div class=\"wd-post-date wd-style-with-bg\">\n\t\t\t\t<span class=\"post-date-day\">\n\t\t\t\t\t10\t\t\t\t<\/span>\n\t\t\t\t<span class=\"post-date-month\">\n\t\t\t\t\tAtr\u00e1s\t\t\t\t<\/span>\n\t\t\t<\/div>\n\t\t\t\t\t\t\t\t\t<\/div>\n\t\t\n\t\t<div class=\"wd-post-content article-body-container\">\n\t\t\t\t\t\t\t<div class=\"wd-post-cat wd-style-with-bg meta-post-categories\">\n\t\t\t\t\t<a href=\"https:\/\/lydenim.com\/es\/category\/conocimiento-de-mezclilla\/\" rel=\"category tag\">Conocimiento del denim<\/a>\t\t\t\t<\/div>\n\t\t\t\n\t\t\t\t\t\t\t<h3 class=\"wd-post-title wd-entities-title title post-title\">\n\t\t\t\t\t<a href=\"https:\/\/lydenim.com\/es\/comprension-de-las-texturas-superficiales-de-la-tela-de-mezclilla-y-las-estructuras-del-tejido-decodificadas\/\" rel=\"bookmark\">\n\t\t\t\t\t\tComprensi\u00f3n de las texturas superficiales de la tela vaquera: Estructuras del tejido decodificadas\t\t\t\t\t<\/a>\n\t\t\t\t<\/h3>\n\t\t\t\n\t\t\t\t\t\t\t<div class=\"wd-post-meta\">\n\t\t\t\t\t\t\t\t\t\t\t\t\t\t\t<div class=\"wd-post-author\">\n\t\t\t\t\t\t\t\t\t\t\t<span>Publicado por<\/span>\n\t\t\n\t\t\t\t\t\t\t\n\t\t\t\t\t<a href=\"https:\/\/lydenim.com\/es\/author\/malonematthewmmgmail-com\/\" class=\"author\" rel=\"author\">malonematthewmm@gmail.com<\/a>\n\t\t\t\t\t\t\t\t\t<\/div>\n\t\t\t\t\t<div class=\"wd-modified-date\">\n\t\t\t\t\t\t\t\t<time class=\"updated\" datetime=\"2025-08-24T13:49:39+08:00\">\n\t\t\t24\/08\/2025\t\t<\/time>\n\t\t\t\t\t\t\t<\/div>\n\n\t\t\t\t\t\t\t\t\t\t\t<div class=\"wd-post-share wd-tltp\">\n\t\t\t\t\t\t\t<div class=\"tooltip top\">\n\t\t\t\t\t\t\t\t<div class=\"tooltip-inner\">\n\t\t\t\t\t\t\t\t\t\t\t\t<div\n\t\t\t\t\t\tclass=\"wd-social-icons wd-style-default wd-size-small social-share wd-shape-circle color-scheme-light text-center\">\n\t\t\t\t\n\t\t\t\t\n\t\t\t\t\t\t\t\t\t<a rel=\"noopener noreferrer nofollow\" href=\"https:\/\/www.facebook.com\/sharer\/sharer.php?u=https:\/\/lydenim.com\/es\/comprension-de-las-texturas-superficiales-de-la-tela-de-mezclilla-y-las-estructuras-del-tejido-decodificadas\/\" target=\"_blank\" class=\"wd-social-icon social-facebook\" aria-label=\"Enlace social de Facebook\">\n\t\t\t\t\t\t<span class=\"wd-icon\"><\/span>\n\t\t\t\t\t\t\t\t\t\t\t<\/a>\n\t\t\t\t\n\t\t\t\t\t\t\t\t\t<a rel=\"noopener noreferrer nofollow\" href=\"https:\/\/x.com\/share?url=https:\/\/lydenim.com\/es\/comprension-de-las-texturas-superficiales-de-la-tela-de-mezclilla-y-las-estructuras-del-tejido-decodificadas\/\" target=\"_blank\" class=\"wd-social-icon social-twitter\" aria-label=\"X enlace social\">\n\t\t\t\t\t\t<span class=\"wd-icon\"><\/span>\n\t\t\t\t\t\t\t\t\t\t\t<\/a>\n\t\t\t\t\n\t\t\t\t\n\t\t\t\t\n\t\t\t\t\n\t\t\t\t\n\t\t\t\t\n\t\t\t\t\t\t\t\t\t<a rel=\"noopener noreferrer nofollow\" href=\"https:\/\/pinterest.com\/pin\/create\/button\/?url=https:\/\/lydenim.com\/es\/comprension-de-las-texturas-superficiales-de-la-tela-de-mezclilla-y-las-estructuras-del-tejido-decodificadas\/&media=https:\/\/lydenim.com\/wp-content\/uploads\/2025\/08\/Understanding-Denim-Fabric-Surface-Textures-Weave-Structures-Decoded.jpg&description=Understanding+Denim+Fabric+Surface+Textures%3A+Weave+Structures+Decoded\" target=\"_blank\" class=\"wd-social-icon social-pinterest\" aria-label=\"Enlace social de Pinterest\">\n\t\t\t\t\t\t<span class=\"wd-icon\"><\/span>\n\t\t\t\t\t\t\t\t\t\t\t<\/a>\n\t\t\t\t\n\t\t\t\t\n\t\t\t\t\t\t\t\t\t<a rel=\"noopener noreferrer nofollow\" href=\"https:\/\/www.linkedin.com\/shareArticle?mini=true&url=https:\/\/lydenim.com\/es\/comprension-de-las-texturas-superficiales-de-la-tela-de-mezclilla-y-las-estructuras-del-tejido-decodificadas\/\" target=\"_blank\" class=\"wd-social-icon social-linkedin\" aria-label=\"Enlace social de Linkedin\">\n\t\t\t\t\t\t<span class=\"wd-icon\"><\/span>\n\t\t\t\t\t\t\t\t\t\t\t<\/a>\n\t\t\t\t\n\t\t\t\t\n\t\t\t\t\n\t\t\t\t\n\t\t\t\t\n\t\t\t\t\n\t\t\t\t\n\t\t\t\t\n\t\t\t\t\n\t\t\t\t\n\t\t\t\t\n\t\t\t\t\n\t\t\t\t\n\t\t\t\t\n\t\t\t\t\n\t\t\t\t\t\t\t\t\t<a rel=\"noopener noreferrer nofollow\" href=\"https:\/\/telegram.me\/share\/url?url=https:\/\/lydenim.com\/es\/comprension-de-las-texturas-superficiales-de-la-tela-de-mezclilla-y-las-estructuras-del-tejido-decodificadas\/\" target=\"_blank\" class=\"wd-social-icon social-tg\" aria-label=\"Enlace social de Telegram\">\n\t\t\t\t\t\t<span class=\"wd-icon\"><\/span>\n\t\t\t\t\t\t\t\t\t\t\t<\/a>\n\t\t\t\t\n\t\t\t\t\n\t\t\t<\/div>\n\n\t\t\t\t\t\t\t\t\t\t<\/div>\n\t\t\t\t\t\t\t\t<div class=\"tooltip-arrow\"><\/div>\n\t\t\t\t\t\t\t<\/div>\n\t\t\t\t\t\t<\/div>\n\t\t\t\t\t\n\t\t\t\t\t\t\t\t\t<\/div>\n\t\t\t\n\t\t\t\t\t\t\t<div class=\"wd-post-excerpt entry-content\">\n\t\t\t\t\tTiempo estimado de lectura: \uff5e4 minutos Introducci\u00f3n El denim obtiene su aspecto \u00fanico de su proceso de tejido que determina sus patrones de hilo...\t\t\t\t<\/div>\n\t\t\t\n\t\t\t\t\t\t\t\t\t\t\t\t<div class=\"wd-post-read-more wd-style-link read-more-section\">\n\t\t\t\t\t\t<a class=\"\" href=\"https:\/\/lydenim.com\/es\/comprension-de-las-texturas-superficiales-de-la-tela-de-mezclilla-y-las-estructuras-del-tejido-decodificadas\/\">Seguir leyendo<\/a>\t\t\t\t\t<\/div>\n\t\t\t\t\t\t\t\t\t<\/div>\n\t<\/div>\n<\/article>\n\n\t\t\t\t\t<\/div>\n\t\t\t\t<div class=\"wd-carousel-item\">\n\t\t\t\t\t\t\t\n<article id=\"post-5952\" class=\"wd-post blog-design-masonry blog-post-loop blog-style-bg wd-add-shadow post-5952 post type-post status-publish format-standard has-post-thumbnail hentry category-market\">\n\t<div class=\"wd-post-inner article-inner\">\n\t\t\t\t\t<div class=\"wd-post-thumb entry-header\">\n\t\t\t\t\t\t\t\t\t<div class=\"wd-post-img post-img-wrapp\">\n\t\t\t\t\t\t<img loading=\"lazy\" decoding=\"async\" width=\"150\" height=\"150\" src=\"https:\/\/lydenim.com\/wp-content\/uploads\/2025\/08\/Are-You-Looking-for-Stretch-Denim-Fabric--150x150.jpg\" class=\"attachment-thumbnail size-thumbnail\" alt=\"\" srcset=\"https:\/\/lydenim.com\/wp-content\/uploads\/2025\/08\/Are-You-Looking-for-Stretch-Denim-Fabric--150x150.jpg 150w, https:\/\/lydenim.com\/wp-content\/uploads\/2025\/08\/Are-You-Looking-for-Stretch-Denim-Fabric--300x300.jpg 300w, https:\/\/lydenim.com\/wp-content\/uploads\/2025\/08\/Are-You-Looking-for-Stretch-Denim-Fabric--45x45.jpg 45w\" sizes=\"auto, (max-width: 150px) 100vw, 150px\" \/>\t\t\t\t\t<\/div>\n\t\t\t\t\t<a class=\"wd-fill\" href=\"https:\/\/lydenim.com\/es\/estas-buscando-tela-vaquera-elastica-o-prendas-vaqueras-elasticas\/\"><\/a>\n\t\t\t\t\n\t\t\t\t\t\t\t\t\t\t\t\t<div class=\"wd-post-date wd-style-with-bg\">\n\t\t\t\t<span class=\"post-date-day\">\n\t\t\t\t\t09\t\t\t\t<\/span>\n\t\t\t\t<span class=\"post-date-month\">\n\t\t\t\t\tAtr\u00e1s\t\t\t\t<\/span>\n\t\t\t<\/div>\n\t\t\t\t\t\t\t\t\t<\/div>\n\t\t\n\t\t<div class=\"wd-post-content article-body-container\">\n\t\t\t\t\t\t\t<div class=\"wd-post-cat wd-style-with-bg meta-post-categories\">\n\t\t\t\t\t<a href=\"https:\/\/lydenim.com\/es\/category\/mercado\/\" rel=\"category tag\">Mercado<\/a>\t\t\t\t<\/div>\n\t\t\t\n\t\t\t\t\t\t\t<h3 class=\"wd-post-title wd-entities-title title post-title\">\n\t\t\t\t\t<a href=\"https:\/\/lydenim.com\/es\/estas-buscando-tela-vaquera-elastica-o-prendas-vaqueras-elasticas\/\" rel=\"bookmark\">\n\t\t\t\t\t\t\u00bfEst\u00e1s buscando tela vaquera el\u00e1stica o prendas vaqueras el\u00e1sticas?\t\t\t\t\t<\/a>\n\t\t\t\t<\/h3>\n\t\t\t\n\t\t\t\t\t\t\t<div class=\"wd-post-meta\">\n\t\t\t\t\t\t\t\t\t\t\t\t\t\t\t<div class=\"wd-post-author\">\n\t\t\t\t\t\t\t\t\t\t\t<span>Publicado por<\/span>\n\t\t\n\t\t\t\t\t\t\t\n\t\t\t\t\t<a href=\"https:\/\/lydenim.com\/es\/author\/malonematthewmmgmail-com\/\" class=\"author\" rel=\"author\">malonematthewmm@gmail.com<\/a>\n\t\t\t\t\t\t\t\t\t<\/div>\n\t\t\t\t\t<div class=\"wd-modified-date\">\n\t\t\t\t\t\t\t\t<time class=\"updated\" datetime=\"2025-08-09T14:02:22+08:00\">\n\t\t\t09\/08\/2025\t\t<\/time>\n\t\t\t\t\t\t\t<\/div>\n\n\t\t\t\t\t\t\t\t\t\t\t<div class=\"wd-post-share wd-tltp\">\n\t\t\t\t\t\t\t<div class=\"tooltip top\">\n\t\t\t\t\t\t\t\t<div class=\"tooltip-inner\">\n\t\t\t\t\t\t\t\t\t\t\t\t<div\n\t\t\t\t\t\tclass=\"wd-social-icons wd-style-default wd-size-small social-share wd-shape-circle color-scheme-light text-center\">\n\t\t\t\t\n\t\t\t\t\n\t\t\t\t\t\t\t\t\t<a rel=\"noopener noreferrer nofollow\" href=\"https:\/\/www.facebook.com\/sharer\/sharer.php?u=https:\/\/lydenim.com\/es\/estas-buscando-tela-vaquera-elastica-o-prendas-vaqueras-elasticas\/\" target=\"_blank\" class=\"wd-social-icon social-facebook\" aria-label=\"Enlace social de Facebook\">\n\t\t\t\t\t\t<span class=\"wd-icon\"><\/span>\n\t\t\t\t\t\t\t\t\t\t\t<\/a>\n\t\t\t\t\n\t\t\t\t\t\t\t\t\t<a rel=\"noopener noreferrer nofollow\" href=\"https:\/\/x.com\/share?url=https:\/\/lydenim.com\/es\/estas-buscando-tela-vaquera-elastica-o-prendas-vaqueras-elasticas\/\" target=\"_blank\" class=\"wd-social-icon social-twitter\" aria-label=\"X enlace social\">\n\t\t\t\t\t\t<span class=\"wd-icon\"><\/span>\n\t\t\t\t\t\t\t\t\t\t\t<\/a>\n\t\t\t\t\n\t\t\t\t\n\t\t\t\t\n\t\t\t\t\n\t\t\t\t\n\t\t\t\t\n\t\t\t\t\t\t\t\t\t<a rel=\"noopener noreferrer nofollow\" href=\"https:\/\/pinterest.com\/pin\/create\/button\/?url=https:\/\/lydenim.com\/es\/estas-buscando-tela-vaquera-elastica-o-prendas-vaqueras-elasticas\/&media=https:\/\/lydenim.com\/wp-content\/uploads\/2025\/08\/Are-You-Looking-for-Stretch-Denim-Fabric-.jpg&description=Are+You+Looking+for+Stretch+Denim+Fabric+or+Stretch+Denim+Garments%3F\" target=\"_blank\" class=\"wd-social-icon social-pinterest\" aria-label=\"Enlace social de Pinterest\">\n\t\t\t\t\t\t<span class=\"wd-icon\"><\/span>\n\t\t\t\t\t\t\t\t\t\t\t<\/a>\n\t\t\t\t\n\t\t\t\t\n\t\t\t\t\t\t\t\t\t<a rel=\"noopener noreferrer nofollow\" href=\"https:\/\/www.linkedin.com\/shareArticle?mini=true&url=https:\/\/lydenim.com\/es\/estas-buscando-tela-vaquera-elastica-o-prendas-vaqueras-elasticas\/\" target=\"_blank\" class=\"wd-social-icon social-linkedin\" aria-label=\"Enlace social de Linkedin\">\n\t\t\t\t\t\t<span class=\"wd-icon\"><\/span>\n\t\t\t\t\t\t\t\t\t\t\t<\/a>\n\t\t\t\t\n\t\t\t\t\n\t\t\t\t\n\t\t\t\t\n\t\t\t\t\n\t\t\t\t\n\t\t\t\t\n\t\t\t\t\n\t\t\t\t\n\t\t\t\t\n\t\t\t\t\n\t\t\t\t\n\t\t\t\t\n\t\t\t\t\n\t\t\t\t\n\t\t\t\t\t\t\t\t\t<a rel=\"noopener noreferrer nofollow\" href=\"https:\/\/telegram.me\/share\/url?url=https:\/\/lydenim.com\/es\/estas-buscando-tela-vaquera-elastica-o-prendas-vaqueras-elasticas\/\" target=\"_blank\" class=\"wd-social-icon social-tg\" aria-label=\"Enlace social de Telegram\">\n\t\t\t\t\t\t<span class=\"wd-icon\"><\/span>\n\t\t\t\t\t\t\t\t\t\t\t<\/a>\n\t\t\t\t\n\t\t\t\t\n\t\t\t<\/div>\n\n\t\t\t\t\t\t\t\t\t\t<\/div>\n\t\t\t\t\t\t\t\t<div class=\"tooltip-arrow\"><\/div>\n\t\t\t\t\t\t\t<\/div>\n\t\t\t\t\t\t<\/div>\n\t\t\t\t\t\n\t\t\t\t\t\t\t\t\t<\/div>\n\t\t\t\n\t\t\t\t\t\t\t<div class=\"wd-post-excerpt entry-content\">\n\t\t\t\t\tTiempo estimado de lectura: ~4 minutos La creciente demanda de mezclilla el\u00e1stica El auge de la moda casual y c\u00f3moda ha transformado...\t\t\t\t<\/div>\n\t\t\t\n\t\t\t\t\t\t\t\t\t\t\t\t<div class=\"wd-post-read-more wd-style-link read-more-section\">\n\t\t\t\t\t\t<a class=\"\" href=\"https:\/\/lydenim.com\/es\/estas-buscando-tela-vaquera-elastica-o-prendas-vaqueras-elasticas\/\">Seguir leyendo<\/a>\t\t\t\t\t<\/div>\n\t\t\t\t\t\t\t\t\t<\/div>\n\t<\/div>\n<\/article>\n\n\t\t\t\t\t<\/div>\n\t\t\t\t<div class=\"wd-carousel-item\">\n\t\t\t\t\t\t\t\n<article id=\"post-5946\" class=\"wd-post blog-design-masonry blog-post-loop blog-style-bg wd-add-shadow post-5946 post type-post status-publish format-standard has-post-thumbnail hentry category-denim-knowledge\">\n\t<div class=\"wd-post-inner article-inner\">\n\t\t\t\t\t<div class=\"wd-post-thumb entry-header\">\n\t\t\t\t\t\t\t\t\t<div class=\"wd-post-img post-img-wrapp\">\n\t\t\t\t\t\t<img loading=\"lazy\" decoding=\"async\" width=\"150\" height=\"150\" src=\"https:\/\/lydenim.com\/wp-content\/uploads\/2025\/08\/Spandex-in-Denim-Revolutionizing-Comfort-and-Style-150x150.jpg\" class=\"attachment-thumbnail size-thumbnail\" alt=\"\" srcset=\"https:\/\/lydenim.com\/wp-content\/uploads\/2025\/08\/Spandex-in-Denim-Revolutionizing-Comfort-and-Style-150x150.jpg 150w, https:\/\/lydenim.com\/wp-content\/uploads\/2025\/08\/Spandex-in-Denim-Revolutionizing-Comfort-and-Style-300x300.jpg 300w, https:\/\/lydenim.com\/wp-content\/uploads\/2025\/08\/Spandex-in-Denim-Revolutionizing-Comfort-and-Style-45x45.jpg 45w\" sizes=\"auto, (max-width: 150px) 100vw, 150px\" \/>\t\t\t\t\t<\/div>\n\t\t\t\t\t<a class=\"wd-fill\" href=\"https:\/\/lydenim.com\/es\/el-spandex-en-denim-revoluciona-la-comodidad-y-el-estilo\/\"><\/a>\n\t\t\t\t\n\t\t\t\t\t\t\t\t\t\t\t\t<div class=\"wd-post-date wd-style-with-bg\">\n\t\t\t\t<span class=\"post-date-day\">\n\t\t\t\t\t08\t\t\t\t<\/span>\n\t\t\t\t<span class=\"post-date-month\">\n\t\t\t\t\tAtr\u00e1s\t\t\t\t<\/span>\n\t\t\t<\/div>\n\t\t\t\t\t\t\t\t\t<\/div>\n\t\t\n\t\t<div class=\"wd-post-content article-body-container\">\n\t\t\t\t\t\t\t<div class=\"wd-post-cat wd-style-with-bg meta-post-categories\">\n\t\t\t\t\t<a href=\"https:\/\/lydenim.com\/es\/category\/conocimiento-de-mezclilla\/\" rel=\"category tag\">Conocimiento del denim<\/a>\t\t\t\t<\/div>\n\t\t\t\n\t\t\t\t\t\t\t<h3 class=\"wd-post-title wd-entities-title title post-title\">\n\t\t\t\t\t<a href=\"https:\/\/lydenim.com\/es\/el-spandex-en-denim-revoluciona-la-comodidad-y-el-estilo\/\" rel=\"bookmark\">\n\t\t\t\t\t\tSpandex en mezclilla: revolucionando la comodidad y el estilo\t\t\t\t\t<\/a>\n\t\t\t\t<\/h3>\n\t\t\t\n\t\t\t\t\t\t\t<div class=\"wd-post-meta\">\n\t\t\t\t\t\t\t\t\t\t\t\t\t\t\t<div class=\"wd-post-author\">\n\t\t\t\t\t\t\t\t\t\t\t<span>Publicado por<\/span>\n\t\t\n\t\t\t\t\t\t\t\n\t\t\t\t\t<a href=\"https:\/\/lydenim.com\/es\/author\/malonematthewmmgmail-com\/\" class=\"author\" rel=\"author\">malonematthewmm@gmail.com<\/a>\n\t\t\t\t\t\t\t\t\t<\/div>\n\t\t\t\t\t<div class=\"wd-modified-date\">\n\t\t\t\t\t\t\t\t<time class=\"updated\" datetime=\"2025-08-24T13:49:21+08:00\">\n\t\t\t24\/08\/2025\t\t<\/time>\n\t\t\t\t\t\t\t<\/div>\n\n\t\t\t\t\t\t\t\t\t\t\t<div class=\"wd-post-share wd-tltp\">\n\t\t\t\t\t\t\t<div class=\"tooltip top\">\n\t\t\t\t\t\t\t\t<div class=\"tooltip-inner\">\n\t\t\t\t\t\t\t\t\t\t\t\t<div\n\t\t\t\t\t\tclass=\"wd-social-icons wd-style-default wd-size-small social-share wd-shape-circle color-scheme-light text-center\">\n\t\t\t\t\n\t\t\t\t\n\t\t\t\t\t\t\t\t\t<a rel=\"noopener noreferrer nofollow\" href=\"https:\/\/www.facebook.com\/sharer\/sharer.php?u=https:\/\/lydenim.com\/es\/el-spandex-en-denim-revoluciona-la-comodidad-y-el-estilo\/\" target=\"_blank\" class=\"wd-social-icon social-facebook\" aria-label=\"Enlace social de Facebook\">\n\t\t\t\t\t\t<span class=\"wd-icon\"><\/span>\n\t\t\t\t\t\t\t\t\t\t\t<\/a>\n\t\t\t\t\n\t\t\t\t\t\t\t\t\t<a rel=\"noopener noreferrer nofollow\" href=\"https:\/\/x.com\/share?url=https:\/\/lydenim.com\/es\/el-spandex-en-denim-revoluciona-la-comodidad-y-el-estilo\/\" target=\"_blank\" class=\"wd-social-icon social-twitter\" aria-label=\"X enlace social\">\n\t\t\t\t\t\t<span class=\"wd-icon\"><\/span>\n\t\t\t\t\t\t\t\t\t\t\t<\/a>\n\t\t\t\t\n\t\t\t\t\n\t\t\t\t\n\t\t\t\t\n\t\t\t\t\n\t\t\t\t\n\t\t\t\t\t\t\t\t\t<a rel=\"noopener noreferrer nofollow\" href=\"https:\/\/pinterest.com\/pin\/create\/button\/?url=https:\/\/lydenim.com\/es\/el-spandex-en-denim-revoluciona-la-comodidad-y-el-estilo\/&media=https:\/\/lydenim.com\/wp-content\/uploads\/2025\/08\/Spandex-in-Denim-Revolutionizing-Comfort-and-Style.jpg&description=Spandex+in+Denim%3A+Revolutionizing+Comfort+and+Style\" target=\"_blank\" class=\"wd-social-icon social-pinterest\" aria-label=\"Enlace social de Pinterest\">\n\t\t\t\t\t\t<span class=\"wd-icon\"><\/span>\n\t\t\t\t\t\t\t\t\t\t\t<\/a>\n\t\t\t\t\n\t\t\t\t\n\t\t\t\t\t\t\t\t\t<a rel=\"noopener noreferrer nofollow\" href=\"https:\/\/www.linkedin.com\/shareArticle?mini=true&url=https:\/\/lydenim.com\/es\/el-spandex-en-denim-revoluciona-la-comodidad-y-el-estilo\/\" target=\"_blank\" class=\"wd-social-icon social-linkedin\" aria-label=\"Enlace social de Linkedin\">\n\t\t\t\t\t\t<span class=\"wd-icon\"><\/span>\n\t\t\t\t\t\t\t\t\t\t\t<\/a>\n\t\t\t\t\n\t\t\t\t\n\t\t\t\t\n\t\t\t\t\n\t\t\t\t\n\t\t\t\t\n\t\t\t\t\n\t\t\t\t\n\t\t\t\t\n\t\t\t\t\n\t\t\t\t\n\t\t\t\t\n\t\t\t\t\n\t\t\t\t\n\t\t\t\t\n\t\t\t\t\t\t\t\t\t<a rel=\"noopener noreferrer nofollow\" href=\"https:\/\/telegram.me\/share\/url?url=https:\/\/lydenim.com\/es\/el-spandex-en-denim-revoluciona-la-comodidad-y-el-estilo\/\" target=\"_blank\" class=\"wd-social-icon social-tg\" aria-label=\"Enlace social de Telegram\">\n\t\t\t\t\t\t<span class=\"wd-icon\"><\/span>\n\t\t\t\t\t\t\t\t\t\t\t<\/a>\n\t\t\t\t\n\t\t\t\t\n\t\t\t<\/div>\n\n\t\t\t\t\t\t\t\t\t\t<\/div>\n\t\t\t\t\t\t\t\t<div class=\"tooltip-arrow\"><\/div>\n\t\t\t\t\t\t\t<\/div>\n\t\t\t\t\t\t<\/div>\n\t\t\t\t\t\n\t\t\t\t\t\t\t\t\t<\/div>\n\t\t\t\n\t\t\t\t\t\t\t<div class=\"wd-post-excerpt entry-content\">\n\t\t\t\t\tTiempo estimado de lectura: ~5 minutos Introducci\u00f3n El tejido fundamental de los jeans, que comenz\u00f3 como ropa de trabajo duradera, ha evolucionado en...\t\t\t\t<\/div>\n\t\t\t\n\t\t\t\t\t\t\t\t\t\t\t\t<div class=\"wd-post-read-more wd-style-link read-more-section\">\n\t\t\t\t\t\t<a class=\"\" href=\"https:\/\/lydenim.com\/es\/el-spandex-en-denim-revoluciona-la-comodidad-y-el-estilo\/\">Seguir leyendo<\/a>\t\t\t\t\t<\/div>\n\t\t\t\t\t\t\t\t\t<\/div>\n\t<\/div>\n<\/article>\n\n\t\t\t\t\t<\/div>\n\t\t\t\t<div class=\"wd-carousel-item\">\n\t\t\t\t\t\t\t\n<article id=\"post-5937\" class=\"wd-post blog-design-masonry blog-post-loop blog-style-bg wd-add-shadow post-5937 post type-post status-publish format-standard has-post-thumbnail hentry category-denim-knowledge\">\n\t<div class=\"wd-post-inner article-inner\">\n\t\t\t\t\t<div class=\"wd-post-thumb entry-header\">\n\t\t\t\t\t\t\t\t\t<div class=\"wd-post-img post-img-wrapp\">\n\t\t\t\t\t\t<img loading=\"lazy\" decoding=\"async\" width=\"150\" height=\"150\" src=\"https:\/\/lydenim.com\/wp-content\/uploads\/2025\/08\/Flocked-Denim-Fashion-150x150.jpg\" class=\"attachment-thumbnail size-thumbnail\" alt=\"\" srcset=\"https:\/\/lydenim.com\/wp-content\/uploads\/2025\/08\/Flocked-Denim-Fashion-150x150.jpg 150w, https:\/\/lydenim.com\/wp-content\/uploads\/2025\/08\/Flocked-Denim-Fashion-300x300.jpg 300w, https:\/\/lydenim.com\/wp-content\/uploads\/2025\/08\/Flocked-Denim-Fashion-45x45.jpg 45w\" sizes=\"auto, (max-width: 150px) 100vw, 150px\" \/>\t\t\t\t\t<\/div>\n\t\t\t\t\t<a class=\"wd-fill\" href=\"https:\/\/lydenim.com\/es\/el-denim-flocado-en-la-moda-la-revolucion-del-terciopelo\/\"><\/a>\n\t\t\t\t\n\t\t\t\t\t\t\t\t\t\t\t\t<div class=\"wd-post-date wd-style-with-bg\">\n\t\t\t\t<span class=\"post-date-day\">\n\t\t\t\t\t07\t\t\t\t<\/span>\n\t\t\t\t<span class=\"post-date-month\">\n\t\t\t\t\tAtr\u00e1s\t\t\t\t<\/span>\n\t\t\t<\/div>\n\t\t\t\t\t\t\t\t\t<\/div>\n\t\t\n\t\t<div class=\"wd-post-content article-body-container\">\n\t\t\t\t\t\t\t<div class=\"wd-post-cat wd-style-with-bg meta-post-categories\">\n\t\t\t\t\t<a href=\"https:\/\/lydenim.com\/es\/category\/conocimiento-de-mezclilla\/\" rel=\"category tag\">Conocimiento del denim<\/a>\t\t\t\t<\/div>\n\t\t\t\n\t\t\t\t\t\t\t<h3 class=\"wd-post-title wd-entities-title title post-title\">\n\t\t\t\t\t<a href=\"https:\/\/lydenim.com\/es\/el-denim-flocado-en-la-moda-la-revolucion-del-terciopelo\/\" rel=\"bookmark\">\n\t\t\t\t\t\tEl denim flocado en la moda: la revoluci\u00f3n del terciopelo\t\t\t\t\t<\/a>\n\t\t\t\t<\/h3>\n\t\t\t\n\t\t\t\t\t\t\t<div class=\"wd-post-meta\">\n\t\t\t\t\t\t\t\t\t\t\t\t\t\t\t<div class=\"wd-post-author\">\n\t\t\t\t\t\t\t\t\t\t\t<span>Publicado por<\/span>\n\t\t\n\t\t\t\t\t\t\t\n\t\t\t\t\t<a href=\"https:\/\/lydenim.com\/es\/author\/malonematthewmmgmail-com\/\" class=\"author\" rel=\"author\">malonematthewmm@gmail.com<\/a>\n\t\t\t\t\t\t\t\t\t<\/div>\n\t\t\t\t\t<div class=\"wd-modified-date\">\n\t\t\t\t\t\t\t\t<time class=\"updated\" datetime=\"2025-08-24T13:49:01+08:00\">\n\t\t\t24\/08\/2025\t\t<\/time>\n\t\t\t\t\t\t\t<\/div>\n\n\t\t\t\t\t\t\t\t\t\t\t<div class=\"wd-post-share wd-tltp\">\n\t\t\t\t\t\t\t<div class=\"tooltip top\">\n\t\t\t\t\t\t\t\t<div class=\"tooltip-inner\">\n\t\t\t\t\t\t\t\t\t\t\t\t<div\n\t\t\t\t\t\tclass=\"wd-social-icons wd-style-default wd-size-small social-share wd-shape-circle color-scheme-light text-center\">\n\t\t\t\t\n\t\t\t\t\n\t\t\t\t\t\t\t\t\t<a rel=\"noopener noreferrer nofollow\" href=\"https:\/\/www.facebook.com\/sharer\/sharer.php?u=https:\/\/lydenim.com\/es\/el-denim-flocado-en-la-moda-la-revolucion-del-terciopelo\/\" target=\"_blank\" class=\"wd-social-icon social-facebook\" aria-label=\"Enlace social de Facebook\">\n\t\t\t\t\t\t<span class=\"wd-icon\"><\/span>\n\t\t\t\t\t\t\t\t\t\t\t<\/a>\n\t\t\t\t\n\t\t\t\t\t\t\t\t\t<a rel=\"noopener noreferrer nofollow\" href=\"https:\/\/x.com\/share?url=https:\/\/lydenim.com\/es\/el-denim-flocado-en-la-moda-la-revolucion-del-terciopelo\/\" target=\"_blank\" class=\"wd-social-icon social-twitter\" aria-label=\"X enlace social\">\n\t\t\t\t\t\t<span class=\"wd-icon\"><\/span>\n\t\t\t\t\t\t\t\t\t\t\t<\/a>\n\t\t\t\t\n\t\t\t\t\n\t\t\t\t\n\t\t\t\t\n\t\t\t\t\n\t\t\t\t\n\t\t\t\t\t\t\t\t\t<a rel=\"noopener noreferrer nofollow\" href=\"https:\/\/pinterest.com\/pin\/create\/button\/?url=https:\/\/lydenim.com\/es\/el-denim-flocado-en-la-moda-la-revolucion-del-terciopelo\/&media=https:\/\/lydenim.com\/wp-content\/uploads\/2025\/08\/Flocked-Denim-Fashion.jpg&description=Flocked+Denim+in+Fashion%3A+The+Velvet+Revolution\" target=\"_blank\" class=\"wd-social-icon social-pinterest\" aria-label=\"Enlace social de Pinterest\">\n\t\t\t\t\t\t<span class=\"wd-icon\"><\/span>\n\t\t\t\t\t\t\t\t\t\t\t<\/a>\n\t\t\t\t\n\t\t\t\t\n\t\t\t\t\t\t\t\t\t<a rel=\"noopener noreferrer nofollow\" href=\"https:\/\/www.linkedin.com\/shareArticle?mini=true&url=https:\/\/lydenim.com\/es\/el-denim-flocado-en-la-moda-la-revolucion-del-terciopelo\/\" target=\"_blank\" class=\"wd-social-icon social-linkedin\" aria-label=\"Enlace social de Linkedin\">\n\t\t\t\t\t\t<span class=\"wd-icon\"><\/span>\n\t\t\t\t\t\t\t\t\t\t\t<\/a>\n\t\t\t\t\n\t\t\t\t\n\t\t\t\t\n\t\t\t\t\n\t\t\t\t\n\t\t\t\t\n\t\t\t\t\n\t\t\t\t\n\t\t\t\t\n\t\t\t\t\n\t\t\t\t\n\t\t\t\t\n\t\t\t\t\n\t\t\t\t\n\t\t\t\t\n\t\t\t\t\t\t\t\t\t<a rel=\"noopener noreferrer nofollow\" href=\"https:\/\/telegram.me\/share\/url?url=https:\/\/lydenim.com\/es\/el-denim-flocado-en-la-moda-la-revolucion-del-terciopelo\/\" target=\"_blank\" class=\"wd-social-icon social-tg\" aria-label=\"Enlace social de Telegram\">\n\t\t\t\t\t\t<span class=\"wd-icon\"><\/span>\n\t\t\t\t\t\t\t\t\t\t\t<\/a>\n\t\t\t\t\n\t\t\t\t\n\t\t\t<\/div>\n\n\t\t\t\t\t\t\t\t\t\t<\/div>\n\t\t\t\t\t\t\t\t<div class=\"tooltip-arrow\"><\/div>\n\t\t\t\t\t\t\t<\/div>\n\t\t\t\t\t\t<\/div>\n\t\t\t\t\t\n\t\t\t\t\t\t\t\t\t<\/div>\n\t\t\t\n\t\t\t\t\t\t\t<div class=\"wd-post-excerpt entry-content\">\n\t\t\t\t\tTiempo estimado de lectura: ~3 minutos Introducci\u00f3n El denim flocado ha surgido como una tendencia innovadora en el mundo de la moda, ...\t\t\t\t<\/div>\n\t\t\t\n\t\t\t\t\t\t\t\t\t\t\t\t<div class=\"wd-post-read-more wd-style-link read-more-section\">\n\t\t\t\t\t\t<a class=\"\" href=\"https:\/\/lydenim.com\/es\/el-denim-flocado-en-la-moda-la-revolucion-del-terciopelo\/\">Seguir leyendo<\/a>\t\t\t\t\t<\/div>\n\t\t\t\t\t\t\t\t\t<\/div>\n\t<\/div>\n<\/article>\n\n\t\t\t\t\t<\/div>\n\t\t\t\t<div class=\"wd-carousel-item\">\n\t\t\t\t\t\t\t\n<article id=\"post-5917\" class=\"wd-post blog-design-masonry blog-post-loop blog-style-bg wd-add-shadow post-5917 post type-post status-publish format-standard has-post-thumbnail hentry category-garment\">\n\t<div class=\"wd-post-inner article-inner\">\n\t\t\t\t\t<div class=\"wd-post-thumb entry-header\">\n\t\t\t\t\t\t\t\t\t<div class=\"wd-post-img post-img-wrapp\">\n\t\t\t\t\t\t<img loading=\"lazy\" decoding=\"async\" width=\"150\" height=\"150\" src=\"https:\/\/lydenim.com\/wp-content\/uploads\/2025\/08\/Tendencias-en-Vaqueros-para-2025-150x150.jpg\" class=\"attachment-thumbnail size-thumbnail\" alt=\"\" srcset=\"https:\/\/lydenim.com\/wp-content\/uploads\/2025\/08\/Tendencias-en-Vaqueros-para-2025-150x150.jpg 150w, https:\/\/lydenim.com\/wp-content\/uploads\/2025\/08\/Tendencias-en-Vaqueros-para-2025-300x300.jpg 300w, https:\/\/lydenim.com\/wp-content\/uploads\/2025\/08\/Tendencias-en-Vaqueros-para-2025-45x45.jpg 45w\" sizes=\"auto, (max-width: 150px) 100vw, 150px\" \/>\t\t\t\t\t<\/div>\n\t\t\t\t\t<a class=\"wd-fill\" href=\"https:\/\/lydenim.com\/es\/tendencias-en-vaqueros-para-2025-estilos-pasados-de-moda-y-nuevas-tendencias\/\"><\/a>\n\t\t\t\t\n\t\t\t\t\t\t\t\t\t\t\t\t<div class=\"wd-post-date wd-style-with-bg\">\n\t\t\t\t<span class=\"post-date-day\">\n\t\t\t\t\t05\t\t\t\t<\/span>\n\t\t\t\t<span class=\"post-date-month\">\n\t\t\t\t\tAtr\u00e1s\t\t\t\t<\/span>\n\t\t\t<\/div>\n\t\t\t\t\t\t\t\t\t<\/div>\n\t\t\n\t\t<div class=\"wd-post-content article-body-container\">\n\t\t\t\t\t\t\t<div class=\"wd-post-cat wd-style-with-bg meta-post-categories\">\n\t\t\t\t\t<a href=\"https:\/\/lydenim.com\/es\/category\/prenda\/\" rel=\"category tag\">PRENDA<\/a>\t\t\t\t<\/div>\n\t\t\t\n\t\t\t\t\t\t\t<h3 class=\"wd-post-title wd-entities-title title post-title\">\n\t\t\t\t\t<a href=\"https:\/\/lydenim.com\/es\/tendencias-en-vaqueros-para-2025-estilos-pasados-de-moda-y-nuevas-tendencias\/\" rel=\"bookmark\">\n\t\t\t\t\t\tTendencias en Vaqueros para 2025: Estilos Pasados de Moda y Nuevas Tendencias\t\t\t\t\t<\/a>\n\t\t\t\t<\/h3>\n\t\t\t\n\t\t\t\t\t\t\t<div class=\"wd-post-meta\">\n\t\t\t\t\t\t\t\t\t\t\t\t\t\t\t<div class=\"wd-post-author\">\n\t\t\t\t\t\t\t\t\t\t\t<span>Publicado por<\/span>\n\t\t\n\t\t\t\t\t\t\t\n\t\t\t\t\t<a href=\"https:\/\/lydenim.com\/es\/author\/malonematthewmmgmail-com\/\" class=\"author\" rel=\"author\">malonematthewmm@gmail.com<\/a>\n\t\t\t\t\t\t\t\t\t<\/div>\n\t\t\t\t\t<div class=\"wd-modified-date\">\n\t\t\t\t\t\t\t\t<time class=\"updated\" datetime=\"2025-08-05T15:12:39+08:00\">\n\t\t\t05\/08\/2025\t\t<\/time>\n\t\t\t\t\t\t\t<\/div>\n\n\t\t\t\t\t\t\t\t\t\t\t<div class=\"wd-post-share wd-tltp\">\n\t\t\t\t\t\t\t<div class=\"tooltip top\">\n\t\t\t\t\t\t\t\t<div class=\"tooltip-inner\">\n\t\t\t\t\t\t\t\t\t\t\t\t<div\n\t\t\t\t\t\tclass=\"wd-social-icons wd-style-default wd-size-small social-share wd-shape-circle color-scheme-light text-center\">\n\t\t\t\t\n\t\t\t\t\n\t\t\t\t\t\t\t\t\t<a rel=\"noopener noreferrer nofollow\" href=\"https:\/\/www.facebook.com\/sharer\/sharer.php?u=https:\/\/lydenim.com\/es\/tendencias-en-vaqueros-para-2025-estilos-pasados-de-moda-y-nuevas-tendencias\/\" target=\"_blank\" class=\"wd-social-icon social-facebook\" aria-label=\"Enlace social de Facebook\">\n\t\t\t\t\t\t<span class=\"wd-icon\"><\/span>\n\t\t\t\t\t\t\t\t\t\t\t<\/a>\n\t\t\t\t\n\t\t\t\t\t\t\t\t\t<a rel=\"noopener noreferrer nofollow\" href=\"https:\/\/x.com\/share?url=https:\/\/lydenim.com\/es\/tendencias-en-vaqueros-para-2025-estilos-pasados-de-moda-y-nuevas-tendencias\/\" target=\"_blank\" class=\"wd-social-icon social-twitter\" aria-label=\"X enlace social\">\n\t\t\t\t\t\t<span class=\"wd-icon\"><\/span>\n\t\t\t\t\t\t\t\t\t\t\t<\/a>\n\t\t\t\t\n\t\t\t\t\n\t\t\t\t\n\t\t\t\t\n\t\t\t\t\n\t\t\t\t\n\t\t\t\t\t\t\t\t\t<a rel=\"noopener noreferrer nofollow\" href=\"https:\/\/pinterest.com\/pin\/create\/button\/?url=https:\/\/lydenim.com\/es\/tendencias-en-vaqueros-para-2025-estilos-pasados-de-moda-y-nuevas-tendencias\/&media=https:\/\/lydenim.com\/wp-content\/uploads\/2025\/08\/Tendencias-en-Vaqueros-para-2025.jpg&description=Tendencias+en+Vaqueros+para+2025%3A+Estilos+Pasados+de+Moda+y+Nuevas+Tendencias\" target=\"_blank\" class=\"wd-social-icon social-pinterest\" aria-label=\"Enlace social de Pinterest\">\n\t\t\t\t\t\t<span class=\"wd-icon\"><\/span>\n\t\t\t\t\t\t\t\t\t\t\t<\/a>\n\t\t\t\t\n\t\t\t\t\n\t\t\t\t\t\t\t\t\t<a rel=\"noopener noreferrer nofollow\" href=\"https:\/\/www.linkedin.com\/shareArticle?mini=true&url=https:\/\/lydenim.com\/es\/tendencias-en-vaqueros-para-2025-estilos-pasados-de-moda-y-nuevas-tendencias\/\" target=\"_blank\" class=\"wd-social-icon social-linkedin\" aria-label=\"Enlace social de Linkedin\">\n\t\t\t\t\t\t<span class=\"wd-icon\"><\/span>\n\t\t\t\t\t\t\t\t\t\t\t<\/a>\n\t\t\t\t\n\t\t\t\t\n\t\t\t\t\n\t\t\t\t\n\t\t\t\t\n\t\t\t\t\n\t\t\t\t\n\t\t\t\t\n\t\t\t\t\n\t\t\t\t\n\t\t\t\t\n\t\t\t\t\n\t\t\t\t\n\t\t\t\t\n\t\t\t\t\n\t\t\t\t\t\t\t\t\t<a rel=\"noopener noreferrer nofollow\" href=\"https:\/\/telegram.me\/share\/url?url=https:\/\/lydenim.com\/es\/tendencias-en-vaqueros-para-2025-estilos-pasados-de-moda-y-nuevas-tendencias\/\" target=\"_blank\" class=\"wd-social-icon social-tg\" aria-label=\"Enlace social de Telegram\">\n\t\t\t\t\t\t<span class=\"wd-icon\"><\/span>\n\t\t\t\t\t\t\t\t\t\t\t<\/a>\n\t\t\t\t\n\t\t\t\t\n\t\t\t<\/div>\n\n\t\t\t\t\t\t\t\t\t\t<\/div>\n\t\t\t\t\t\t\t\t<div class=\"tooltip-arrow\"><\/div>\n\t\t\t\t\t\t\t<\/div>\n\t\t\t\t\t\t<\/div>\n\t\t\t\t\t\n\t\t\t\t\t\t\t\t\t<\/div>\n\t\t\t\n\t\t\t\t\t\t\t<div class=\"wd-post-excerpt entry-content\">\n\t\t\t\t\tPuntos Clave Estilos Pasados de Moda: Los vaqueros ajustados, vaqueros rotos, jeggings, vaqueros lavados al \u00e1cido, vaqueros bicolo...\t\t\t\t<\/div>\n\t\t\t\n\t\t\t\t\t\t\t\t\t\t\t\t<div class=\"wd-post-read-more wd-style-link read-more-section\">\n\t\t\t\t\t\t<a class=\"\" href=\"https:\/\/lydenim.com\/es\/tendencias-en-vaqueros-para-2025-estilos-pasados-de-moda-y-nuevas-tendencias\/\">Seguir leyendo<\/a>\t\t\t\t\t<\/div>\n\t\t\t\t\t\t\t\t\t<\/div>\n\t<\/div>\n<\/article>\n\n\t\t\t\t\t<\/div>\n\t\t\t\t<div class=\"wd-carousel-item\">\n\t\t\t\t\t\t\t\n<article id=\"post-5897\" class=\"wd-post blog-design-masonry blog-post-loop blog-style-bg wd-add-shadow post-5897 post type-post status-publish format-standard has-post-thumbnail hentry category-garment\">\n\t<div class=\"wd-post-inner article-inner\">\n\t\t\t\t\t<div class=\"wd-post-thumb entry-header\">\n\t\t\t\t\t\t\t\t\t<div class=\"wd-post-img post-img-wrapp\">\n\t\t\t\t\t\t<img loading=\"lazy\" decoding=\"async\" width=\"150\" height=\"150\" src=\"https:\/\/lydenim.com\/wp-content\/uploads\/2025\/07\/Tie-Styling-150x150.jpg\" class=\"attachment-thumbnail size-thumbnail\" alt=\"\" srcset=\"https:\/\/lydenim.com\/wp-content\/uploads\/2025\/07\/Tie-Styling-150x150.jpg 150w, https:\/\/lydenim.com\/wp-content\/uploads\/2025\/07\/Tie-Styling-300x300.jpg 300w, https:\/\/lydenim.com\/wp-content\/uploads\/2025\/07\/Tie-Styling-45x45.jpg 45w\" sizes=\"auto, (max-width: 150px) 100vw, 150px\" \/>\t\t\t\t\t<\/div>\n\t\t\t\t\t<a class=\"wd-fill\" href=\"https:\/\/lydenim.com\/es\/estilo-de-corbata\/\"><\/a>\n\t\t\t\t\n\t\t\t\t\t\t\t\t\t\t\t\t<div class=\"wd-post-date wd-style-with-bg\">\n\t\t\t\t<span class=\"post-date-day\">\n\t\t\t\t\t27\t\t\t\t<\/span>\n\t\t\t\t<span class=\"post-date-month\">\n\t\t\t\t\tJul\t\t\t\t<\/span>\n\t\t\t<\/div>\n\t\t\t\t\t\t\t\t\t<\/div>\n\t\t\n\t\t<div class=\"wd-post-content article-body-container\">\n\t\t\t\t\t\t\t<div class=\"wd-post-cat wd-style-with-bg meta-post-categories\">\n\t\t\t\t\t<a href=\"https:\/\/lydenim.com\/es\/category\/prenda\/\" rel=\"category tag\">PRENDA<\/a>\t\t\t\t<\/div>\n\t\t\t\n\t\t\t\t\t\t\t<h3 class=\"wd-post-title wd-entities-title title post-title\">\n\t\t\t\t\t<a href=\"https:\/\/lydenim.com\/es\/estilo-de-corbata\/\" rel=\"bookmark\">\n\t\t\t\t\t\tEstilismo creativo de corbatas: redefiniendo el accesorio cl\u00e1sico\t\t\t\t\t<\/a>\n\t\t\t\t<\/h3>\n\t\t\t\n\t\t\t\t\t\t\t<div class=\"wd-post-meta\">\n\t\t\t\t\t\t\t\t\t\t\t\t\t\t\t<div class=\"wd-post-author\">\n\t\t\t\t\t\t\t\t\t\t\t<span>Publicado por<\/span>\n\t\t\n\t\t\t\t\t\t\t\n\t\t\t\t\t<a href=\"https:\/\/lydenim.com\/es\/author\/malonematthewmmgmail-com\/\" class=\"author\" rel=\"author\">malonematthewmm@gmail.com<\/a>\n\t\t\t\t\t\t\t\t\t<\/div>\n\t\t\t\t\t<div class=\"wd-modified-date\">\n\t\t\t\t\t\t\t\t<time class=\"updated\" datetime=\"2025-08-24T13:47:53+08:00\">\n\t\t\t24\/08\/2025\t\t<\/time>\n\t\t\t\t\t\t\t<\/div>\n\n\t\t\t\t\t\t\t\t\t\t\t<div class=\"wd-post-share wd-tltp\">\n\t\t\t\t\t\t\t<div class=\"tooltip top\">\n\t\t\t\t\t\t\t\t<div class=\"tooltip-inner\">\n\t\t\t\t\t\t\t\t\t\t\t\t<div\n\t\t\t\t\t\tclass=\"wd-social-icons wd-style-default wd-size-small social-share wd-shape-circle color-scheme-light text-center\">\n\t\t\t\t\n\t\t\t\t\n\t\t\t\t\t\t\t\t\t<a rel=\"noopener noreferrer nofollow\" href=\"https:\/\/www.facebook.com\/sharer\/sharer.php?u=https:\/\/lydenim.com\/es\/estilo-de-corbata\/\" target=\"_blank\" class=\"wd-social-icon social-facebook\" aria-label=\"Enlace social de Facebook\">\n\t\t\t\t\t\t<span class=\"wd-icon\"><\/span>\n\t\t\t\t\t\t\t\t\t\t\t<\/a>\n\t\t\t\t\n\t\t\t\t\t\t\t\t\t<a rel=\"noopener noreferrer nofollow\" href=\"https:\/\/x.com\/share?url=https:\/\/lydenim.com\/es\/estilo-de-corbata\/\" target=\"_blank\" class=\"wd-social-icon social-twitter\" aria-label=\"X enlace social\">\n\t\t\t\t\t\t<span class=\"wd-icon\"><\/span>\n\t\t\t\t\t\t\t\t\t\t\t<\/a>\n\t\t\t\t\n\t\t\t\t\n\t\t\t\t\n\t\t\t\t\n\t\t\t\t\n\t\t\t\t\n\t\t\t\t\t\t\t\t\t<a rel=\"noopener noreferrer nofollow\" href=\"https:\/\/pinterest.com\/pin\/create\/button\/?url=https:\/\/lydenim.com\/es\/estilo-de-corbata\/&media=https:\/\/lydenim.com\/wp-content\/uploads\/2025\/07\/Tie-Styling.jpg&description=Creative+Tie+Styling%3A+Redefining+the+Classic+Accessory\" target=\"_blank\" class=\"wd-social-icon social-pinterest\" aria-label=\"Enlace social de Pinterest\">\n\t\t\t\t\t\t<span class=\"wd-icon\"><\/span>\n\t\t\t\t\t\t\t\t\t\t\t<\/a>\n\t\t\t\t\n\t\t\t\t\n\t\t\t\t\t\t\t\t\t<a rel=\"noopener noreferrer nofollow\" href=\"https:\/\/www.linkedin.com\/shareArticle?mini=true&url=https:\/\/lydenim.com\/es\/estilo-de-corbata\/\" target=\"_blank\" class=\"wd-social-icon social-linkedin\" aria-label=\"Enlace social de Linkedin\">\n\t\t\t\t\t\t<span class=\"wd-icon\"><\/span>\n\t\t\t\t\t\t\t\t\t\t\t<\/a>\n\t\t\t\t\n\t\t\t\t\n\t\t\t\t\n\t\t\t\t\n\t\t\t\t\n\t\t\t\t\n\t\t\t\t\n\t\t\t\t\n\t\t\t\t\n\t\t\t\t\n\t\t\t\t\n\t\t\t\t\n\t\t\t\t\n\t\t\t\t\n\t\t\t\t\n\t\t\t\t\t\t\t\t\t<a rel=\"noopener noreferrer nofollow\" href=\"https:\/\/telegram.me\/share\/url?url=https:\/\/lydenim.com\/es\/estilo-de-corbata\/\" target=\"_blank\" class=\"wd-social-icon social-tg\" aria-label=\"Enlace social de Telegram\">\n\t\t\t\t\t\t<span class=\"wd-icon\"><\/span>\n\t\t\t\t\t\t\t\t\t\t\t<\/a>\n\t\t\t\t\n\t\t\t\t\n\t\t\t<\/div>\n\n\t\t\t\t\t\t\t\t\t\t<\/div>\n\t\t\t\t\t\t\t\t<div class=\"tooltip-arrow\"><\/div>\n\t\t\t\t\t\t\t<\/div>\n\t\t\t\t\t\t<\/div>\n\t\t\t\t\t\n\t\t\t\t\t\t\t\t\t<\/div>\n\t\t\t\n\t\t\t\t\t\t\t<div class=\"wd-post-excerpt entry-content\">\n\t\t\t\t\tTiempo estimado de lectura: \uff5e3 minutos Introducci\u00f3n La corbata, que en su d\u00eda fue un s\u00edmbolo de formalidad, se ha liberado de sus limitaciones tradicionales.\t\t\t\t<\/div>\n\t\t\t\n\t\t\t\t\t\t\t\t\t\t\t\t<div class=\"wd-post-read-more wd-style-link read-more-section\">\n\t\t\t\t\t\t<a class=\"\" href=\"https:\/\/lydenim.com\/es\/estilo-de-corbata\/\">Seguir leyendo<\/a>\t\t\t\t\t<\/div>\n\t\t\t\t\t\t\t\t\t<\/div>\n\t<\/div>\n<\/article>\n\n\t\t\t\t\t<\/div>\n\t\t\t\t<div class=\"wd-carousel-item\">\n\t\t\t\t\t\t\t\n<article id=\"post-5875\" class=\"wd-post blog-design-masonry blog-post-loop blog-style-bg wd-add-shadow post-5875 post type-post status-publish format-standard has-post-thumbnail hentry category-garment\">\n\t<div class=\"wd-post-inner article-inner\">\n\t\t\t\t\t<div class=\"wd-post-thumb entry-header\">\n\t\t\t\t\t\t\t\t\t<div class=\"wd-post-img post-img-wrapp\">\n\t\t\t\t\t\t<img loading=\"lazy\" decoding=\"async\" width=\"150\" height=\"150\" src=\"https:\/\/lydenim.com\/wp-content\/uploads\/2025\/07\/Guia-de-Jeans-Timeless-y-Como-Combinarlos-en-2025-150x150.jpg\" class=\"attachment-thumbnail size-thumbnail\" alt=\"\" srcset=\"https:\/\/lydenim.com\/wp-content\/uploads\/2025\/07\/Guia-de-Jeans-Timeless-y-Como-Combinarlos-en-2025-150x150.jpg 150w, https:\/\/lydenim.com\/wp-content\/uploads\/2025\/07\/Guia-de-Jeans-Timeless-y-Como-Combinarlos-en-2025-300x300.jpg 300w, https:\/\/lydenim.com\/wp-content\/uploads\/2025\/07\/Guia-de-Jeans-Timeless-y-Como-Combinarlos-en-2025-45x45.jpg 45w\" sizes=\"auto, (max-width: 150px) 100vw, 150px\" \/>\t\t\t\t\t<\/div>\n\t\t\t\t\t<a class=\"wd-fill\" href=\"https:\/\/lydenim.com\/es\/guia-de-jeans-timeless-y-como-combinarlos-en-2025\/\"><\/a>\n\t\t\t\t\n\t\t\t\t\t\t\t\t\t\t\t\t<div class=\"wd-post-date wd-style-with-bg\">\n\t\t\t\t<span class=\"post-date-day\">\n\t\t\t\t\t18\t\t\t\t<\/span>\n\t\t\t\t<span class=\"post-date-month\">\n\t\t\t\t\tJul\t\t\t\t<\/span>\n\t\t\t<\/div>\n\t\t\t\t\t\t\t\t\t<\/div>\n\t\t\n\t\t<div class=\"wd-post-content article-body-container\">\n\t\t\t\t\t\t\t<div class=\"wd-post-cat wd-style-with-bg meta-post-categories\">\n\t\t\t\t\t<a href=\"https:\/\/lydenim.com\/es\/category\/prenda\/\" rel=\"category tag\">PRENDA<\/a>\t\t\t\t<\/div>\n\t\t\t\n\t\t\t\t\t\t\t<h3 class=\"wd-post-title wd-entities-title title post-title\">\n\t\t\t\t\t<a href=\"https:\/\/lydenim.com\/es\/guia-de-jeans-timeless-y-como-combinarlos-en-2025\/\" rel=\"bookmark\">\n\t\t\t\t\t\tGu\u00eda de Jeans Timeless y C\u00f3mo Combinarlos en 2025\t\t\t\t\t<\/a>\n\t\t\t\t<\/h3>\n\t\t\t\n\t\t\t\t\t\t\t<div class=\"wd-post-meta\">\n\t\t\t\t\t\t\t\t\t\t\t\t\t\t\t<div class=\"wd-post-author\">\n\t\t\t\t\t\t\t\t\t\t\t<span>Publicado por<\/span>\n\t\t\n\t\t\t\t\t\t\t\n\t\t\t\t\t<a href=\"https:\/\/lydenim.com\/es\/author\/malonematthewmmgmail-com\/\" class=\"author\" rel=\"author\">malonematthewmm@gmail.com<\/a>\n\t\t\t\t\t\t\t\t\t<\/div>\n\t\t\t\t\t<div class=\"wd-modified-date\">\n\t\t\t\t\t\t\t\t<time class=\"updated\" datetime=\"2025-07-18T11:06:31+08:00\">\n\t\t\t18\/07\/2025\t\t<\/time>\n\t\t\t\t\t\t\t<\/div>\n\n\t\t\t\t\t\t\t\t\t\t\t<div class=\"wd-post-share wd-tltp\">\n\t\t\t\t\t\t\t<div class=\"tooltip top\">\n\t\t\t\t\t\t\t\t<div class=\"tooltip-inner\">\n\t\t\t\t\t\t\t\t\t\t\t\t<div\n\t\t\t\t\t\tclass=\"wd-social-icons wd-style-default wd-size-small social-share wd-shape-circle color-scheme-light text-center\">\n\t\t\t\t\n\t\t\t\t\n\t\t\t\t\t\t\t\t\t<a rel=\"noopener noreferrer nofollow\" href=\"https:\/\/www.facebook.com\/sharer\/sharer.php?u=https:\/\/lydenim.com\/es\/guia-de-jeans-timeless-y-como-combinarlos-en-2025\/\" target=\"_blank\" class=\"wd-social-icon social-facebook\" aria-label=\"Enlace social de Facebook\">\n\t\t\t\t\t\t<span class=\"wd-icon\"><\/span>\n\t\t\t\t\t\t\t\t\t\t\t<\/a>\n\t\t\t\t\n\t\t\t\t\t\t\t\t\t<a rel=\"noopener noreferrer nofollow\" href=\"https:\/\/x.com\/share?url=https:\/\/lydenim.com\/es\/guia-de-jeans-timeless-y-como-combinarlos-en-2025\/\" target=\"_blank\" class=\"wd-social-icon social-twitter\" aria-label=\"X enlace social\">\n\t\t\t\t\t\t<span class=\"wd-icon\"><\/span>\n\t\t\t\t\t\t\t\t\t\t\t<\/a>\n\t\t\t\t\n\t\t\t\t\n\t\t\t\t\n\t\t\t\t\n\t\t\t\t\n\t\t\t\t\n\t\t\t\t\t\t\t\t\t<a rel=\"noopener noreferrer nofollow\" href=\"https:\/\/pinterest.com\/pin\/create\/button\/?url=https:\/\/lydenim.com\/es\/guia-de-jeans-timeless-y-como-combinarlos-en-2025\/&media=https:\/\/lydenim.com\/wp-content\/uploads\/2025\/07\/Guia-de-Jeans-Timeless-y-Como-Combinarlos-en-2025.jpg&description=Gu%C3%ADa+de+Jeans+Timeless+y+C%C3%B3mo+Combinarlos+en+2025\" target=\"_blank\" class=\"wd-social-icon social-pinterest\" aria-label=\"Enlace social de Pinterest\">\n\t\t\t\t\t\t<span class=\"wd-icon\"><\/span>\n\t\t\t\t\t\t\t\t\t\t\t<\/a>\n\t\t\t\t\n\t\t\t\t\n\t\t\t\t\t\t\t\t\t<a rel=\"noopener noreferrer nofollow\" href=\"https:\/\/www.linkedin.com\/shareArticle?mini=true&url=https:\/\/lydenim.com\/es\/guia-de-jeans-timeless-y-como-combinarlos-en-2025\/\" target=\"_blank\" class=\"wd-social-icon social-linkedin\" aria-label=\"Enlace social de Linkedin\">\n\t\t\t\t\t\t<span class=\"wd-icon\"><\/span>\n\t\t\t\t\t\t\t\t\t\t\t<\/a>\n\t\t\t\t\n\t\t\t\t\n\t\t\t\t\n\t\t\t\t\n\t\t\t\t\n\t\t\t\t\n\t\t\t\t\n\t\t\t\t\n\t\t\t\t\n\t\t\t\t\n\t\t\t\t\n\t\t\t\t\n\t\t\t\t\n\t\t\t\t\n\t\t\t\t\n\t\t\t\t\t\t\t\t\t<a rel=\"noopener noreferrer nofollow\" href=\"https:\/\/telegram.me\/share\/url?url=https:\/\/lydenim.com\/es\/guia-de-jeans-timeless-y-como-combinarlos-en-2025\/\" target=\"_blank\" class=\"wd-social-icon social-tg\" aria-label=\"Enlace social de Telegram\">\n\t\t\t\t\t\t<span class=\"wd-icon\"><\/span>\n\t\t\t\t\t\t\t\t\t\t\t<\/a>\n\t\t\t\t\n\t\t\t\t\n\t\t\t<\/div>\n\n\t\t\t\t\t\t\t\t\t\t<\/div>\n\t\t\t\t\t\t\t\t<div class=\"tooltip-arrow\"><\/div>\n\t\t\t\t\t\t\t<\/div>\n\t\t\t\t\t\t<\/div>\n\t\t\t\t\t\n\t\t\t\t\t\t\t\t\t<\/div>\n\t\t\t\n\t\t\t\t\t\t\t<div class=\"wd-post-excerpt entry-content\">\n\t\t\t\t\tIntroducci\u00f3n Los pantalones vaqueros son una prenda imprescindible en el vestuario de las mujeres; se destacan por su versatilidad y e...\t\t\t\t<\/div>\n\t\t\t\n\t\t\t\t\t\t\t\t\t\t\t\t<div class=\"wd-post-read-more wd-style-link read-more-section\">\n\t\t\t\t\t\t<a class=\"\" href=\"https:\/\/lydenim.com\/es\/guia-de-jeans-timeless-y-como-combinarlos-en-2025\/\">Seguir leyendo<\/a>\t\t\t\t\t<\/div>\n\t\t\t\t\t\t\t\t\t<\/div>\n\t<\/div>\n<\/article>\n\n\t\t\t\t\t<\/div>\n\t\t\t\t<div class=\"wd-carousel-item\">\n\t\t\t\t\t\t\t\n<article id=\"post-5752\" class=\"wd-post blog-design-masonry blog-post-loop blog-style-bg wd-add-shadow post-5752 post type-post status-publish format-standard has-post-thumbnail hentry category-garment\">\n\t<div class=\"wd-post-inner article-inner\">\n\t\t\t\t\t<div class=\"wd-post-thumb entry-header\">\n\t\t\t\t\t\t\t\t\t<div class=\"wd-post-img post-img-wrapp\">\n\t\t\t\t\t\t<img loading=\"lazy\" decoding=\"async\" width=\"150\" height=\"150\" src=\"https:\/\/lydenim.com\/wp-content\/uploads\/2025\/07\/What-is-Bonded-Denim-150x150.jpg\" class=\"attachment-thumbnail size-thumbnail\" alt=\"\" srcset=\"https:\/\/lydenim.com\/wp-content\/uploads\/2025\/07\/What-is-Bonded-Denim-150x150.jpg 150w, https:\/\/lydenim.com\/wp-content\/uploads\/2025\/07\/What-is-Bonded-Denim-300x300.jpg 300w, https:\/\/lydenim.com\/wp-content\/uploads\/2025\/07\/What-is-Bonded-Denim-45x45.jpg 45w\" sizes=\"auto, (max-width: 150px) 100vw, 150px\" \/>\t\t\t\t\t<\/div>\n\t\t\t\t\t<a class=\"wd-fill\" href=\"https:\/\/lydenim.com\/es\/que-es-el-denim-reforzado\/\"><\/a>\n\t\t\t\t\n\t\t\t\t\t\t\t\t\t\t\t\t<div class=\"wd-post-date wd-style-with-bg\">\n\t\t\t\t<span class=\"post-date-day\">\n\t\t\t\t\t17\t\t\t\t<\/span>\n\t\t\t\t<span class=\"post-date-month\">\n\t\t\t\t\tJul\t\t\t\t<\/span>\n\t\t\t<\/div>\n\t\t\t\t\t\t\t\t\t<\/div>\n\t\t\n\t\t<div class=\"wd-post-content article-body-container\">\n\t\t\t\t\t\t\t<div class=\"wd-post-cat wd-style-with-bg meta-post-categories\">\n\t\t\t\t\t<a href=\"https:\/\/lydenim.com\/es\/category\/prenda\/\" rel=\"category tag\">PRENDA<\/a>\t\t\t\t<\/div>\n\t\t\t\n\t\t\t\t\t\t\t<h3 class=\"wd-post-title wd-entities-title title post-title\">\n\t\t\t\t\t<a href=\"https:\/\/lydenim.com\/es\/que-es-el-denim-reforzado\/\" rel=\"bookmark\">\n\t\t\t\t\t\t\u00bfQu\u00e9 es el denim reforzado?\t\t\t\t\t<\/a>\n\t\t\t\t<\/h3>\n\t\t\t\n\t\t\t\t\t\t\t<div class=\"wd-post-meta\">\n\t\t\t\t\t\t\t\t\t\t\t\t\t\t\t<div class=\"wd-post-author\">\n\t\t\t\t\t\t\t\t\t\t\t<span>Publicado por<\/span>\n\t\t\n\t\t\t\t\t\t\t\n\t\t\t\t\t<a href=\"https:\/\/lydenim.com\/es\/author\/malonematthewmmgmail-com\/\" class=\"author\" rel=\"author\">malonematthewmm@gmail.com<\/a>\n\t\t\t\t\t\t\t\t\t<\/div>\n\t\t\t\t\t<div class=\"wd-modified-date\">\n\t\t\t\t\t\t\t\t<time class=\"updated\" datetime=\"2025-08-24T13:47:03+08:00\">\n\t\t\t24\/08\/2025\t\t<\/time>\n\t\t\t\t\t\t\t<\/div>\n\n\t\t\t\t\t\t\t\t\t\t\t<div class=\"wd-post-share wd-tltp\">\n\t\t\t\t\t\t\t<div class=\"tooltip top\">\n\t\t\t\t\t\t\t\t<div class=\"tooltip-inner\">\n\t\t\t\t\t\t\t\t\t\t\t\t<div\n\t\t\t\t\t\tclass=\"wd-social-icons wd-style-default wd-size-small social-share wd-shape-circle color-scheme-light text-center\">\n\t\t\t\t\n\t\t\t\t\n\t\t\t\t\t\t\t\t\t<a rel=\"noopener noreferrer nofollow\" href=\"https:\/\/www.facebook.com\/sharer\/sharer.php?u=https:\/\/lydenim.com\/es\/que-es-el-denim-reforzado\/\" target=\"_blank\" class=\"wd-social-icon social-facebook\" aria-label=\"Enlace social de Facebook\">\n\t\t\t\t\t\t<span class=\"wd-icon\"><\/span>\n\t\t\t\t\t\t\t\t\t\t\t<\/a>\n\t\t\t\t\n\t\t\t\t\t\t\t\t\t<a rel=\"noopener noreferrer nofollow\" href=\"https:\/\/x.com\/share?url=https:\/\/lydenim.com\/es\/que-es-el-denim-reforzado\/\" target=\"_blank\" class=\"wd-social-icon social-twitter\" aria-label=\"X enlace social\">\n\t\t\t\t\t\t<span class=\"wd-icon\"><\/span>\n\t\t\t\t\t\t\t\t\t\t\t<\/a>\n\t\t\t\t\n\t\t\t\t\n\t\t\t\t\n\t\t\t\t\n\t\t\t\t\n\t\t\t\t\n\t\t\t\t\t\t\t\t\t<a rel=\"noopener noreferrer nofollow\" href=\"https:\/\/pinterest.com\/pin\/create\/button\/?url=https:\/\/lydenim.com\/es\/que-es-el-denim-reforzado\/&media=https:\/\/lydenim.com\/wp-content\/uploads\/2025\/07\/What-is-Bonded-Denim.jpg&description=What+is+Bonded+Denim%3F\" target=\"_blank\" class=\"wd-social-icon social-pinterest\" aria-label=\"Enlace social de Pinterest\">\n\t\t\t\t\t\t<span class=\"wd-icon\"><\/span>\n\t\t\t\t\t\t\t\t\t\t\t<\/a>\n\t\t\t\t\n\t\t\t\t\n\t\t\t\t\t\t\t\t\t<a rel=\"noopener noreferrer nofollow\" href=\"https:\/\/www.linkedin.com\/shareArticle?mini=true&url=https:\/\/lydenim.com\/es\/que-es-el-denim-reforzado\/\" target=\"_blank\" class=\"wd-social-icon social-linkedin\" aria-label=\"Enlace social de Linkedin\">\n\t\t\t\t\t\t<span class=\"wd-icon\"><\/span>\n\t\t\t\t\t\t\t\t\t\t\t<\/a>\n\t\t\t\t\n\t\t\t\t\n\t\t\t\t\n\t\t\t\t\n\t\t\t\t\n\t\t\t\t\n\t\t\t\t\n\t\t\t\t\n\t\t\t\t\n\t\t\t\t\n\t\t\t\t\n\t\t\t\t\n\t\t\t\t\n\t\t\t\t\n\t\t\t\t\n\t\t\t\t\t\t\t\t\t<a rel=\"noopener noreferrer nofollow\" href=\"https:\/\/telegram.me\/share\/url?url=https:\/\/lydenim.com\/es\/que-es-el-denim-reforzado\/\" target=\"_blank\" class=\"wd-social-icon social-tg\" aria-label=\"Enlace social de Telegram\">\n\t\t\t\t\t\t<span class=\"wd-icon\"><\/span>\n\t\t\t\t\t\t\t\t\t\t\t<\/a>\n\t\t\t\t\n\t\t\t\t\n\t\t\t<\/div>\n\n\t\t\t\t\t\t\t\t\t\t<\/div>\n\t\t\t\t\t\t\t\t<div class=\"tooltip-arrow\"><\/div>\n\t\t\t\t\t\t\t<\/div>\n\t\t\t\t\t\t<\/div>\n\t\t\t\t\t\n\t\t\t\t\t\t\t\t\t<\/div>\n\t\t\t\n\t\t\t\t\t\t\t<div class=\"wd-post-excerpt entry-content\">\n\t\t\t\t\tTiempo estimado de lectura: \uff5e7 minutos Introducci\u00f3n El denim reforzado es un tejido innovador que combina el denim tradicional con otros materiales...\t\t\t\t<\/div>\n\t\t\t\n\t\t\t\t\t\t\t\t\t\t\t\t<div class=\"wd-post-read-more wd-style-link read-more-section\">\n\t\t\t\t\t\t<a class=\"\" href=\"https:\/\/lydenim.com\/es\/que-es-el-denim-reforzado\/\">Seguir leyendo<\/a>\t\t\t\t\t<\/div>\n\t\t\t\t\t\t\t\t\t<\/div>\n\t<\/div>\n<\/article>\n\n\t\t\t\t\t<\/div>\n\t\t\t\t<div class=\"wd-carousel-item\">\n\t\t\t\t\t\t\t\n<article id=\"post-5808\" class=\"wd-post blog-design-masonry blog-post-loop blog-style-bg wd-add-shadow post-5808 post type-post status-publish format-standard has-post-thumbnail hentry category-garment\">\n\t<div class=\"wd-post-inner article-inner\">\n\t\t\t\t\t<div class=\"wd-post-thumb entry-header\">\n\t\t\t\t\t\t\t\t\t<div class=\"wd-post-img post-img-wrapp\">\n\t\t\t\t\t\t<img loading=\"lazy\" decoding=\"async\" width=\"150\" height=\"150\" src=\"https:\/\/lydenim.com\/wp-content\/uploads\/2025\/07\/Comprehensive-Guide-to-Textile-Processing-and-Finishing-Techniques-150x150.jpg\" class=\"attachment-thumbnail size-thumbnail\" alt=\"\" srcset=\"https:\/\/lydenim.com\/wp-content\/uploads\/2025\/07\/Comprehensive-Guide-to-Textile-Processing-and-Finishing-Techniques-150x150.jpg 150w, https:\/\/lydenim.com\/wp-content\/uploads\/2025\/07\/Comprehensive-Guide-to-Textile-Processing-and-Finishing-Techniques-300x300.jpg 300w, https:\/\/lydenim.com\/wp-content\/uploads\/2025\/07\/Comprehensive-Guide-to-Textile-Processing-and-Finishing-Techniques-45x45.jpg 45w\" sizes=\"auto, (max-width: 150px) 100vw, 150px\" \/>\t\t\t\t\t<\/div>\n\t\t\t\t\t<a class=\"wd-fill\" href=\"https:\/\/lydenim.com\/es\/guia-completa-sobre-tecnicas-de-procesamiento-y-acabado-de-textiles\/\"><\/a>\n\t\t\t\t\n\t\t\t\t\t\t\t\t\t\t\t\t<div class=\"wd-post-date wd-style-with-bg\">\n\t\t\t\t<span class=\"post-date-day\">\n\t\t\t\t\t15\t\t\t\t<\/span>\n\t\t\t\t<span class=\"post-date-month\">\n\t\t\t\t\tJul\t\t\t\t<\/span>\n\t\t\t<\/div>\n\t\t\t\t\t\t\t\t\t<\/div>\n\t\t\n\t\t<div class=\"wd-post-content article-body-container\">\n\t\t\t\t\t\t\t<div class=\"wd-post-cat wd-style-with-bg meta-post-categories\">\n\t\t\t\t\t<a href=\"https:\/\/lydenim.com\/es\/category\/prenda\/\" rel=\"category tag\">PRENDA<\/a>\t\t\t\t<\/div>\n\t\t\t\n\t\t\t\t\t\t\t<h3 class=\"wd-post-title wd-entities-title title post-title\">\n\t\t\t\t\t<a href=\"https:\/\/lydenim.com\/es\/guia-completa-sobre-tecnicas-de-procesamiento-y-acabado-de-textiles\/\" rel=\"bookmark\">\n\t\t\t\t\t\tGu\u00eda completa sobre t\u00e9cnicas de procesamiento y acabado de textiles\t\t\t\t\t<\/a>\n\t\t\t\t<\/h3>\n\t\t\t\n\t\t\t\t\t\t\t<div class=\"wd-post-meta\">\n\t\t\t\t\t\t\t\t\t\t\t\t\t\t\t<div class=\"wd-post-author\">\n\t\t\t\t\t\t\t\t\t\t\t<span>Publicado por<\/span>\n\t\t\n\t\t\t\t\t\t\t\n\t\t\t\t\t<a href=\"https:\/\/lydenim.com\/es\/author\/malonematthewmmgmail-com\/\" class=\"author\" rel=\"author\">malonematthewmm@gmail.com<\/a>\n\t\t\t\t\t\t\t\t\t<\/div>\n\t\t\t\t\t<div class=\"wd-modified-date\">\n\t\t\t\t\t\t\t\t<time class=\"updated\" datetime=\"2025-08-24T13:46:39+08:00\">\n\t\t\t24\/08\/2025\t\t<\/time>\n\t\t\t\t\t\t\t<\/div>\n\n\t\t\t\t\t\t\t\t\t\t\t<div class=\"wd-post-share wd-tltp\">\n\t\t\t\t\t\t\t<div class=\"tooltip top\">\n\t\t\t\t\t\t\t\t<div class=\"tooltip-inner\">\n\t\t\t\t\t\t\t\t\t\t\t\t<div\n\t\t\t\t\t\tclass=\"wd-social-icons wd-style-default wd-size-small social-share wd-shape-circle color-scheme-light text-center\">\n\t\t\t\t\n\t\t\t\t\n\t\t\t\t\t\t\t\t\t<a rel=\"noopener noreferrer nofollow\" href=\"https:\/\/www.facebook.com\/sharer\/sharer.php?u=https:\/\/lydenim.com\/es\/guia-completa-sobre-tecnicas-de-procesamiento-y-acabado-de-textiles\/\" target=\"_blank\" class=\"wd-social-icon social-facebook\" aria-label=\"Enlace social de Facebook\">\n\t\t\t\t\t\t<span class=\"wd-icon\"><\/span>\n\t\t\t\t\t\t\t\t\t\t\t<\/a>\n\t\t\t\t\n\t\t\t\t\t\t\t\t\t<a rel=\"noopener noreferrer nofollow\" href=\"https:\/\/x.com\/share?url=https:\/\/lydenim.com\/es\/guia-completa-sobre-tecnicas-de-procesamiento-y-acabado-de-textiles\/\" target=\"_blank\" class=\"wd-social-icon social-twitter\" aria-label=\"X enlace social\">\n\t\t\t\t\t\t<span class=\"wd-icon\"><\/span>\n\t\t\t\t\t\t\t\t\t\t\t<\/a>\n\t\t\t\t\n\t\t\t\t\n\t\t\t\t\n\t\t\t\t\n\t\t\t\t\n\t\t\t\t\n\t\t\t\t\t\t\t\t\t<a rel=\"noopener noreferrer nofollow\" href=\"https:\/\/pinterest.com\/pin\/create\/button\/?url=https:\/\/lydenim.com\/es\/guia-completa-sobre-tecnicas-de-procesamiento-y-acabado-de-textiles\/&media=https:\/\/lydenim.com\/wp-content\/uploads\/2025\/07\/Comprehensive-Guide-to-Textile-Processing-and-Finishing-Techniques.jpg&description=Comprehensive+Guide+to+Textile+Processing+and+Finishing+Techniques\" target=\"_blank\" class=\"wd-social-icon social-pinterest\" aria-label=\"Enlace social de Pinterest\">\n\t\t\t\t\t\t<span class=\"wd-icon\"><\/span>\n\t\t\t\t\t\t\t\t\t\t\t<\/a>\n\t\t\t\t\n\t\t\t\t\n\t\t\t\t\t\t\t\t\t<a rel=\"noopener noreferrer nofollow\" href=\"https:\/\/www.linkedin.com\/shareArticle?mini=true&url=https:\/\/lydenim.com\/es\/guia-completa-sobre-tecnicas-de-procesamiento-y-acabado-de-textiles\/\" target=\"_blank\" class=\"wd-social-icon social-linkedin\" aria-label=\"Enlace social de Linkedin\">\n\t\t\t\t\t\t<span class=\"wd-icon\"><\/span>\n\t\t\t\t\t\t\t\t\t\t\t<\/a>\n\t\t\t\t\n\t\t\t\t\n\t\t\t\t\n\t\t\t\t\n\t\t\t\t\n\t\t\t\t\n\t\t\t\t\n\t\t\t\t\n\t\t\t\t\n\t\t\t\t\n\t\t\t\t\n\t\t\t\t\n\t\t\t\t\n\t\t\t\t\n\t\t\t\t\n\t\t\t\t\t\t\t\t\t<a rel=\"noopener noreferrer nofollow\" href=\"https:\/\/telegram.me\/share\/url?url=https:\/\/lydenim.com\/es\/guia-completa-sobre-tecnicas-de-procesamiento-y-acabado-de-textiles\/\" target=\"_blank\" class=\"wd-social-icon social-tg\" aria-label=\"Enlace social de Telegram\">\n\t\t\t\t\t\t<span class=\"wd-icon\"><\/span>\n\t\t\t\t\t\t\t\t\t\t\t<\/a>\n\t\t\t\t\n\t\t\t\t\n\t\t\t<\/div>\n\n\t\t\t\t\t\t\t\t\t\t<\/div>\n\t\t\t\t\t\t\t\t<div class=\"tooltip-arrow\"><\/div>\n\t\t\t\t\t\t\t<\/div>\n\t\t\t\t\t\t<\/div>\n\t\t\t\t\t\n\t\t\t\t\t\t\t\t\t<\/div>\n\t\t\t\n\t\t\t\t\t\t\t<div class=\"wd-post-excerpt entry-content\">\n\t\t\t\t\tTiempo estimado de lectura: \uff5e4 minutos Introducci\u00f3n El procesamiento y acabado de textiles representan operaciones fundamentales que transforman la materia prima...\t\t\t\t<\/div>\n\t\t\t\n\t\t\t\t\t\t\t\t\t\t\t\t<div class=\"wd-post-read-more wd-style-link read-more-section\">\n\t\t\t\t\t\t<a class=\"\" href=\"https:\/\/lydenim.com\/es\/guia-completa-sobre-tecnicas-de-procesamiento-y-acabado-de-textiles\/\">Seguir leyendo<\/a>\t\t\t\t\t<\/div>\n\t\t\t\t\t\t\t\t\t<\/div>\n\t<\/div>\n<\/article>\n\n\t\t\t\t\t<\/div>\n\t\t\t\t<div class=\"wd-carousel-item\">\n\t\t\t\t\t\t\t\n<article id=\"post-5789\" class=\"wd-post blog-design-masonry blog-post-loop blog-style-bg wd-add-shadow post-5789 post type-post status-publish format-standard has-post-thumbnail hentry category-garment\">\n\t<div class=\"wd-post-inner article-inner\">\n\t\t\t\t\t<div class=\"wd-post-thumb entry-header\">\n\t\t\t\t\t\t\t\t\t<div class=\"wd-post-img post-img-wrapp\">\n\t\t\t\t\t\t<img loading=\"lazy\" decoding=\"async\" width=\"150\" height=\"150\" src=\"https:\/\/lydenim.com\/wp-content\/uploads\/2025\/07\/Plus-Size-Jeans-Trends--150x150.jpg\" class=\"attachment-thumbnail size-thumbnail\" alt=\"\" srcset=\"https:\/\/lydenim.com\/wp-content\/uploads\/2025\/07\/Plus-Size-Jeans-Trends--150x150.jpg 150w, https:\/\/lydenim.com\/wp-content\/uploads\/2025\/07\/Plus-Size-Jeans-Trends--300x300.jpg 300w, https:\/\/lydenim.com\/wp-content\/uploads\/2025\/07\/Plus-Size-Jeans-Trends--45x45.jpg 45w\" sizes=\"auto, (max-width: 150px) 100vw, 150px\" \/>\t\t\t\t\t<\/div>\n\t\t\t\t\t<a class=\"wd-fill\" href=\"https:\/\/lydenim.com\/es\/tendencias-de-jeans-de-talla-grande-2025-2026-guia-de-estilo-de-los-mejores-estilos\/\"><\/a>\n\t\t\t\t\n\t\t\t\t\t\t\t\t\t\t\t\t<div class=\"wd-post-date wd-style-with-bg\">\n\t\t\t\t<span class=\"post-date-day\">\n\t\t\t\t\t14\t\t\t\t<\/span>\n\t\t\t\t<span class=\"post-date-month\">\n\t\t\t\t\tJul\t\t\t\t<\/span>\n\t\t\t<\/div>\n\t\t\t\t\t\t\t\t\t<\/div>\n\t\t\n\t\t<div class=\"wd-post-content article-body-container\">\n\t\t\t\t\t\t\t<div class=\"wd-post-cat wd-style-with-bg meta-post-categories\">\n\t\t\t\t\t<a href=\"https:\/\/lydenim.com\/es\/category\/prenda\/\" rel=\"category tag\">PRENDA<\/a>\t\t\t\t<\/div>\n\t\t\t\n\t\t\t\t\t\t\t<h3 class=\"wd-post-title wd-entities-title title post-title\">\n\t\t\t\t\t<a href=\"https:\/\/lydenim.com\/es\/tendencias-de-jeans-de-talla-grande-2025-2026-guia-de-estilo-de-los-mejores-estilos\/\" rel=\"bookmark\">\n\t\t\t\t\t\tTendencias de jeans de talla grande 2025-2026: Los mejores estilos y gu\u00eda de estilo\t\t\t\t\t<\/a>\n\t\t\t\t<\/h3>\n\t\t\t\n\t\t\t\t\t\t\t<div class=\"wd-post-meta\">\n\t\t\t\t\t\t\t\t\t\t\t\t\t\t\t<div class=\"wd-post-author\">\n\t\t\t\t\t\t\t\t\t\t\t<span>Publicado por<\/span>\n\t\t\n\t\t\t\t\t\t\t\n\t\t\t\t\t<a href=\"https:\/\/lydenim.com\/es\/author\/malonematthewmmgmail-com\/\" class=\"author\" rel=\"author\">malonematthewmm@gmail.com<\/a>\n\t\t\t\t\t\t\t\t\t<\/div>\n\t\t\t\t\t<div class=\"wd-modified-date\">\n\t\t\t\t\t\t\t\t<time class=\"updated\" datetime=\"2025-08-24T13:46:05+08:00\">\n\t\t\t24\/08\/2025\t\t<\/time>\n\t\t\t\t\t\t\t<\/div>\n\n\t\t\t\t\t\t\t\t\t\t\t<div class=\"wd-post-share wd-tltp\">\n\t\t\t\t\t\t\t<div class=\"tooltip top\">\n\t\t\t\t\t\t\t\t<div class=\"tooltip-inner\">\n\t\t\t\t\t\t\t\t\t\t\t\t<div\n\t\t\t\t\t\tclass=\"wd-social-icons wd-style-default wd-size-small social-share wd-shape-circle color-scheme-light text-center\">\n\t\t\t\t\n\t\t\t\t\n\t\t\t\t\t\t\t\t\t<a rel=\"noopener noreferrer nofollow\" href=\"https:\/\/www.facebook.com\/sharer\/sharer.php?u=https:\/\/lydenim.com\/es\/tendencias-de-jeans-de-talla-grande-2025-2026-guia-de-estilo-de-los-mejores-estilos\/\" target=\"_blank\" class=\"wd-social-icon social-facebook\" aria-label=\"Enlace social de Facebook\">\n\t\t\t\t\t\t<span class=\"wd-icon\"><\/span>\n\t\t\t\t\t\t\t\t\t\t\t<\/a>\n\t\t\t\t\n\t\t\t\t\t\t\t\t\t<a rel=\"noopener noreferrer nofollow\" href=\"https:\/\/x.com\/share?url=https:\/\/lydenim.com\/es\/tendencias-de-jeans-de-talla-grande-2025-2026-guia-de-estilo-de-los-mejores-estilos\/\" target=\"_blank\" class=\"wd-social-icon social-twitter\" aria-label=\"X enlace social\">\n\t\t\t\t\t\t<span class=\"wd-icon\"><\/span>\n\t\t\t\t\t\t\t\t\t\t\t<\/a>\n\t\t\t\t\n\t\t\t\t\n\t\t\t\t\n\t\t\t\t\n\t\t\t\t\n\t\t\t\t\n\t\t\t\t\t\t\t\t\t<a rel=\"noopener noreferrer nofollow\" href=\"https:\/\/pinterest.com\/pin\/create\/button\/?url=https:\/\/lydenim.com\/es\/tendencias-de-jeans-de-talla-grande-2025-2026-guia-de-estilo-de-los-mejores-estilos\/&media=https:\/\/lydenim.com\/wp-content\/uploads\/2025\/07\/Plus-Size-Jeans-Trends-.jpg&description=Plus+Size+Jeans+Trends+2025-2026%3A+Top+Styles+%26%23038%3B+Styling+Guide\" target=\"_blank\" class=\"wd-social-icon social-pinterest\" aria-label=\"Enlace social de Pinterest\">\n\t\t\t\t\t\t<span class=\"wd-icon\"><\/span>\n\t\t\t\t\t\t\t\t\t\t\t<\/a>\n\t\t\t\t\n\t\t\t\t\n\t\t\t\t\t\t\t\t\t<a rel=\"noopener noreferrer nofollow\" href=\"https:\/\/www.linkedin.com\/shareArticle?mini=true&url=https:\/\/lydenim.com\/es\/tendencias-de-jeans-de-talla-grande-2025-2026-guia-de-estilo-de-los-mejores-estilos\/\" target=\"_blank\" class=\"wd-social-icon social-linkedin\" aria-label=\"Enlace social de Linkedin\">\n\t\t\t\t\t\t<span class=\"wd-icon\"><\/span>\n\t\t\t\t\t\t\t\t\t\t\t<\/a>\n\t\t\t\t\n\t\t\t\t\n\t\t\t\t\n\t\t\t\t\n\t\t\t\t\n\t\t\t\t\n\t\t\t\t\n\t\t\t\t\n\t\t\t\t\n\t\t\t\t\n\t\t\t\t\n\t\t\t\t\n\t\t\t\t\n\t\t\t\t\n\t\t\t\t\n\t\t\t\t\t\t\t\t\t<a rel=\"noopener noreferrer nofollow\" href=\"https:\/\/telegram.me\/share\/url?url=https:\/\/lydenim.com\/es\/tendencias-de-jeans-de-talla-grande-2025-2026-guia-de-estilo-de-los-mejores-estilos\/\" target=\"_blank\" class=\"wd-social-icon social-tg\" aria-label=\"Enlace social de Telegram\">\n\t\t\t\t\t\t<span class=\"wd-icon\"><\/span>\n\t\t\t\t\t\t\t\t\t\t\t<\/a>\n\t\t\t\t\n\t\t\t\t\n\t\t\t<\/div>\n\n\t\t\t\t\t\t\t\t\t\t<\/div>\n\t\t\t\t\t\t\t\t<div class=\"tooltip-arrow\"><\/div>\n\t\t\t\t\t\t\t<\/div>\n\t\t\t\t\t\t<\/div>\n\t\t\t\t\t\n\t\t\t\t\t\t\t\t\t<\/div>\n\t\t\t\n\t\t\t\t\t\t\t<div class=\"wd-post-excerpt entry-content\">\n\t\t\t\t\tTiempo estimado de lectura: \uff5e5 minutos Introducci\u00f3n La industria de la moda da la bienvenida a nuevas tendencias para cada forma de cuerpo durante el inicio de 2025...\t\t\t\t<\/div>\n\t\t\t\n\t\t\t\t\t\t\t\t\t\t\t\t<div class=\"wd-post-read-more wd-style-link read-more-section\">\n\t\t\t\t\t\t<a class=\"\" href=\"https:\/\/lydenim.com\/es\/tendencias-de-jeans-de-talla-grande-2025-2026-guia-de-estilo-de-los-mejores-estilos\/\">Seguir leyendo<\/a>\t\t\t\t\t<\/div>\n\t\t\t\t\t\t\t\t\t<\/div>\n\t<\/div>\n<\/article>\n\n\t\t\t\t\t<\/div>\n\t\t\t\t<div class=\"wd-carousel-item\">\n\t\t\t\t\t\t\t\n<article id=\"post-5775\" class=\"wd-post blog-design-masonry blog-post-loop blog-style-bg wd-add-shadow post-5775 post type-post status-publish format-standard has-post-thumbnail hentry category-garment\">\n\t<div class=\"wd-post-inner article-inner\">\n\t\t\t\t\t<div class=\"wd-post-thumb entry-header\">\n\t\t\t\t\t\t\t\t\t<div class=\"wd-post-img post-img-wrapp\">\n\t\t\t\t\t\t<img loading=\"lazy\" decoding=\"async\" width=\"150\" height=\"150\" src=\"https:\/\/lydenim.com\/wp-content\/uploads\/2025\/07\/La-chaqueta-de-mezclilla-150x150.jpg\" class=\"attachment-thumbnail size-thumbnail\" alt=\"\" srcset=\"https:\/\/lydenim.com\/wp-content\/uploads\/2025\/07\/La-chaqueta-de-mezclilla-150x150.jpg 150w, https:\/\/lydenim.com\/wp-content\/uploads\/2025\/07\/La-chaqueta-de-mezclilla-300x300.jpg 300w, https:\/\/lydenim.com\/wp-content\/uploads\/2025\/07\/La-chaqueta-de-mezclilla-45x45.jpg 45w\" sizes=\"auto, (max-width: 150px) 100vw, 150px\" \/>\t\t\t\t\t<\/div>\n\t\t\t\t\t<a class=\"wd-fill\" href=\"https:\/\/lydenim.com\/es\/ropa-de-mujer-para-lucir-una-chaqueta-de-mezclilla-estilo-y-versatilidad-para-cualquier-momento\/\"><\/a>\n\t\t\t\t\n\t\t\t\t\t\t\t\t\t\t\t\t<div class=\"wd-post-date wd-style-with-bg\">\n\t\t\t\t<span class=\"post-date-day\">\n\t\t\t\t\t13\t\t\t\t<\/span>\n\t\t\t\t<span class=\"post-date-month\">\n\t\t\t\t\tJul\t\t\t\t<\/span>\n\t\t\t<\/div>\n\t\t\t\t\t\t\t\t\t<\/div>\n\t\t\n\t\t<div class=\"wd-post-content article-body-container\">\n\t\t\t\t\t\t\t<div class=\"wd-post-cat wd-style-with-bg meta-post-categories\">\n\t\t\t\t\t<a href=\"https:\/\/lydenim.com\/es\/category\/prenda\/\" rel=\"category tag\">PRENDA<\/a>\t\t\t\t<\/div>\n\t\t\t\n\t\t\t\t\t\t\t<h3 class=\"wd-post-title wd-entities-title title post-title\">\n\t\t\t\t\t<a href=\"https:\/\/lydenim.com\/es\/ropa-de-mujer-para-lucir-una-chaqueta-de-mezclilla-estilo-y-versatilidad-para-cualquier-momento\/\" rel=\"bookmark\">\n\t\t\t\t\t\tRopa de Mujer para Lucir una Chaqueta de Mezclilla: Estilo y Versatilidad para Cualquier Momento\t\t\t\t\t<\/a>\n\t\t\t\t<\/h3>\n\t\t\t\n\t\t\t\t\t\t\t<div class=\"wd-post-meta\">\n\t\t\t\t\t\t\t\t\t\t\t\t\t\t\t<div class=\"wd-post-author\">\n\t\t\t\t\t\t\t\t\t\t\t<span>Publicado por<\/span>\n\t\t\n\t\t\t\t\t\t\t\n\t\t\t\t\t<a href=\"https:\/\/lydenim.com\/es\/author\/malonematthewmmgmail-com\/\" class=\"author\" rel=\"author\">malonematthewmm@gmail.com<\/a>\n\t\t\t\t\t\t\t\t\t<\/div>\n\t\t\t\t\t<div class=\"wd-modified-date\">\n\t\t\t\t\t\t\t\t<time class=\"updated\" datetime=\"2025-08-24T13:45:30+08:00\">\n\t\t\t24\/08\/2025\t\t<\/time>\n\t\t\t\t\t\t\t<\/div>\n\n\t\t\t\t\t\t\t\t\t\t\t<div class=\"wd-post-share wd-tltp\">\n\t\t\t\t\t\t\t<div class=\"tooltip top\">\n\t\t\t\t\t\t\t\t<div class=\"tooltip-inner\">\n\t\t\t\t\t\t\t\t\t\t\t\t<div\n\t\t\t\t\t\tclass=\"wd-social-icons wd-style-default wd-size-small social-share wd-shape-circle color-scheme-light text-center\">\n\t\t\t\t\n\t\t\t\t\n\t\t\t\t\t\t\t\t\t<a rel=\"noopener noreferrer nofollow\" href=\"https:\/\/www.facebook.com\/sharer\/sharer.php?u=https:\/\/lydenim.com\/es\/ropa-de-mujer-para-lucir-una-chaqueta-de-mezclilla-estilo-y-versatilidad-para-cualquier-momento\/\" target=\"_blank\" class=\"wd-social-icon social-facebook\" aria-label=\"Enlace social de Facebook\">\n\t\t\t\t\t\t<span class=\"wd-icon\"><\/span>\n\t\t\t\t\t\t\t\t\t\t\t<\/a>\n\t\t\t\t\n\t\t\t\t\t\t\t\t\t<a rel=\"noopener noreferrer nofollow\" href=\"https:\/\/x.com\/share?url=https:\/\/lydenim.com\/es\/ropa-de-mujer-para-lucir-una-chaqueta-de-mezclilla-estilo-y-versatilidad-para-cualquier-momento\/\" target=\"_blank\" class=\"wd-social-icon social-twitter\" aria-label=\"X enlace social\">\n\t\t\t\t\t\t<span class=\"wd-icon\"><\/span>\n\t\t\t\t\t\t\t\t\t\t\t<\/a>\n\t\t\t\t\n\t\t\t\t\n\t\t\t\t\n\t\t\t\t\n\t\t\t\t\n\t\t\t\t\n\t\t\t\t\t\t\t\t\t<a rel=\"noopener noreferrer nofollow\" href=\"https:\/\/pinterest.com\/pin\/create\/button\/?url=https:\/\/lydenim.com\/es\/ropa-de-mujer-para-lucir-una-chaqueta-de-mezclilla-estilo-y-versatilidad-para-cualquier-momento\/&media=https:\/\/lydenim.com\/wp-content\/uploads\/2025\/07\/La-chaqueta-de-mezclilla.jpg&description=Ropa+de+Mujer+para+Lucir+una+Chaqueta+de+Mezclilla%3A+Estilo+y+Versatilidad+para+Cualquier+Momento\" target=\"_blank\" class=\"wd-social-icon social-pinterest\" aria-label=\"Enlace social de Pinterest\">\n\t\t\t\t\t\t<span class=\"wd-icon\"><\/span>\n\t\t\t\t\t\t\t\t\t\t\t<\/a>\n\t\t\t\t\n\t\t\t\t\n\t\t\t\t\t\t\t\t\t<a rel=\"noopener noreferrer nofollow\" href=\"https:\/\/www.linkedin.com\/shareArticle?mini=true&url=https:\/\/lydenim.com\/es\/ropa-de-mujer-para-lucir-una-chaqueta-de-mezclilla-estilo-y-versatilidad-para-cualquier-momento\/\" target=\"_blank\" class=\"wd-social-icon social-linkedin\" aria-label=\"Enlace social de Linkedin\">\n\t\t\t\t\t\t<span class=\"wd-icon\"><\/span>\n\t\t\t\t\t\t\t\t\t\t\t<\/a>\n\t\t\t\t\n\t\t\t\t\n\t\t\t\t\n\t\t\t\t\n\t\t\t\t\n\t\t\t\t\n\t\t\t\t\n\t\t\t\t\n\t\t\t\t\n\t\t\t\t\n\t\t\t\t\n\t\t\t\t\n\t\t\t\t\n\t\t\t\t\n\t\t\t\t\n\t\t\t\t\t\t\t\t\t<a rel=\"noopener noreferrer nofollow\" href=\"https:\/\/telegram.me\/share\/url?url=https:\/\/lydenim.com\/es\/ropa-de-mujer-para-lucir-una-chaqueta-de-mezclilla-estilo-y-versatilidad-para-cualquier-momento\/\" target=\"_blank\" class=\"wd-social-icon social-tg\" aria-label=\"Enlace social de Telegram\">\n\t\t\t\t\t\t<span class=\"wd-icon\"><\/span>\n\t\t\t\t\t\t\t\t\t\t\t<\/a>\n\t\t\t\t\n\t\t\t\t\n\t\t\t<\/div>\n\n\t\t\t\t\t\t\t\t\t\t<\/div>\n\t\t\t\t\t\t\t\t<div class=\"tooltip-arrow\"><\/div>\n\t\t\t\t\t\t\t<\/div>\n\t\t\t\t\t\t<\/div>\n\t\t\t\t\t\n\t\t\t\t\t\t\t\t\t<\/div>\n\t\t\t\n\t\t\t\t\t\t\t<div class=\"wd-post-excerpt entry-content\">\n\t\t\t\t\tTiempo estimado de lectura\uff1a\uff5e3 minutos Introducci\u00f3n La cazadora vaquera es una prenda imprescindible en el armario de una mujer por su ver...\t\t\t\t<\/div>\n\t\t\t\n\t\t\t\t\t\t\t\t\t\t\t\t<div class=\"wd-post-read-more wd-style-link read-more-section\">\n\t\t\t\t\t\t<a class=\"\" href=\"https:\/\/lydenim.com\/es\/ropa-de-mujer-para-lucir-una-chaqueta-de-mezclilla-estilo-y-versatilidad-para-cualquier-momento\/\">Seguir leyendo<\/a>\t\t\t\t\t<\/div>\n\t\t\t\t\t\t\t\t\t<\/div>\n\t<\/div>\n<\/article>\n\n\t\t\t\t\t<\/div>\n\t\t\t\t<div class=\"wd-carousel-item\">\n\t\t\t\t\t\t\t\n<article id=\"post-5769\" class=\"wd-post blog-design-masonry blog-post-loop blog-style-bg wd-add-shadow post-5769 post type-post status-publish format-standard has-post-thumbnail hentry category-denim-knowledge\">\n\t<div class=\"wd-post-inner article-inner\">\n\t\t\t\t\t<div class=\"wd-post-thumb entry-header\">\n\t\t\t\t\t\t\t\t\t<div class=\"wd-post-img post-img-wrapp\">\n\t\t\t\t\t\t<img loading=\"lazy\" decoding=\"async\" width=\"150\" height=\"150\" src=\"https:\/\/lydenim.com\/wp-content\/uploads\/2025\/07\/Denim-The-Journey-from-Raw-Cotton-to-Designer-Jeans-150x150.jpg\" class=\"attachment-thumbnail size-thumbnail\" alt=\"\" srcset=\"https:\/\/lydenim.com\/wp-content\/uploads\/2025\/07\/Denim-The-Journey-from-Raw-Cotton-to-Designer-Jeans-150x150.jpg 150w, https:\/\/lydenim.com\/wp-content\/uploads\/2025\/07\/Denim-The-Journey-from-Raw-Cotton-to-Designer-Jeans-300x300.jpg 300w, https:\/\/lydenim.com\/wp-content\/uploads\/2025\/07\/Denim-The-Journey-from-Raw-Cotton-to-Designer-Jeans-45x45.jpg 45w\" sizes=\"auto, (max-width: 150px) 100vw, 150px\" \/>\t\t\t\t\t<\/div>\n\t\t\t\t\t<a class=\"wd-fill\" href=\"https:\/\/lydenim.com\/es\/entendiendo-el-denim-el-viaje-desde-el-algodon-crudo-hasta-los-jeans-de-disenador\/\"><\/a>\n\t\t\t\t\n\t\t\t\t\t\t\t\t\t\t\t\t<div class=\"wd-post-date wd-style-with-bg\">\n\t\t\t\t<span class=\"post-date-day\">\n\t\t\t\t\t12\t\t\t\t<\/span>\n\t\t\t\t<span class=\"post-date-month\">\n\t\t\t\t\tJul\t\t\t\t<\/span>\n\t\t\t<\/div>\n\t\t\t\t\t\t\t\t\t<\/div>\n\t\t\n\t\t<div class=\"wd-post-content article-body-container\">\n\t\t\t\t\t\t\t<div class=\"wd-post-cat wd-style-with-bg meta-post-categories\">\n\t\t\t\t\t<a href=\"https:\/\/lydenim.com\/es\/category\/conocimiento-de-mezclilla\/\" rel=\"category tag\">Conocimiento del denim<\/a>\t\t\t\t<\/div>\n\t\t\t\n\t\t\t\t\t\t\t<h3 class=\"wd-post-title wd-entities-title title post-title\">\n\t\t\t\t\t<a href=\"https:\/\/lydenim.com\/es\/entendiendo-el-denim-el-viaje-desde-el-algodon-crudo-hasta-los-jeans-de-disenador\/\" rel=\"bookmark\">\n\t\t\t\t\t\tEntendiendo el denim: El viaje del algod\u00f3n crudo a los jeans de dise\u00f1ador\t\t\t\t\t<\/a>\n\t\t\t\t<\/h3>\n\t\t\t\n\t\t\t\t\t\t\t<div class=\"wd-post-meta\">\n\t\t\t\t\t\t\t\t\t\t\t\t\t\t\t<div class=\"wd-post-author\">\n\t\t\t\t\t\t\t\t\t\t\t<span>Publicado por<\/span>\n\t\t\n\t\t\t\t\t\t\t\n\t\t\t\t\t<a href=\"https:\/\/lydenim.com\/es\/author\/malonematthewmmgmail-com\/\" class=\"author\" rel=\"author\">malonematthewmm@gmail.com<\/a>\n\t\t\t\t\t\t\t\t\t<\/div>\n\t\t\t\t\t<div class=\"wd-modified-date\">\n\t\t\t\t\t\t\t\t<time class=\"updated\" datetime=\"2025-08-24T13:45:02+08:00\">\n\t\t\t24\/08\/2025\t\t<\/time>\n\t\t\t\t\t\t\t<\/div>\n\n\t\t\t\t\t\t\t\t\t\t\t<div class=\"wd-post-share wd-tltp\">\n\t\t\t\t\t\t\t<div class=\"tooltip top\">\n\t\t\t\t\t\t\t\t<div class=\"tooltip-inner\">\n\t\t\t\t\t\t\t\t\t\t\t\t<div\n\t\t\t\t\t\tclass=\"wd-social-icons wd-style-default wd-size-small social-share wd-shape-circle color-scheme-light text-center\">\n\t\t\t\t\n\t\t\t\t\n\t\t\t\t\t\t\t\t\t<a rel=\"noopener noreferrer nofollow\" href=\"https:\/\/www.facebook.com\/sharer\/sharer.php?u=https:\/\/lydenim.com\/es\/entendiendo-el-denim-el-viaje-desde-el-algodon-crudo-hasta-los-jeans-de-disenador\/\" target=\"_blank\" class=\"wd-social-icon social-facebook\" aria-label=\"Enlace social de Facebook\">\n\t\t\t\t\t\t<span class=\"wd-icon\"><\/span>\n\t\t\t\t\t\t\t\t\t\t\t<\/a>\n\t\t\t\t\n\t\t\t\t\t\t\t\t\t<a rel=\"noopener noreferrer nofollow\" href=\"https:\/\/x.com\/share?url=https:\/\/lydenim.com\/es\/entendiendo-el-denim-el-viaje-desde-el-algodon-crudo-hasta-los-jeans-de-disenador\/\" target=\"_blank\" class=\"wd-social-icon social-twitter\" aria-label=\"X enlace social\">\n\t\t\t\t\t\t<span class=\"wd-icon\"><\/span>\n\t\t\t\t\t\t\t\t\t\t\t<\/a>\n\t\t\t\t\n\t\t\t\t\n\t\t\t\t\n\t\t\t\t\n\t\t\t\t\n\t\t\t\t\n\t\t\t\t\t\t\t\t\t<a rel=\"noopener noreferrer nofollow\" href=\"https:\/\/pinterest.com\/pin\/create\/button\/?url=https:\/\/lydenim.com\/es\/entendiendo-el-denim-el-viaje-desde-el-algodon-crudo-hasta-los-jeans-de-disenador\/&media=https:\/\/lydenim.com\/wp-content\/uploads\/2025\/07\/Denim-The-Journey-from-Raw-Cotton-to-Designer-Jeans.jpg&description=Understanding+Denim%3A+The+Journey+from+Raw+Cotton+to+Designer+Jeans\" target=\"_blank\" class=\"wd-social-icon social-pinterest\" aria-label=\"Enlace social de Pinterest\">\n\t\t\t\t\t\t<span class=\"wd-icon\"><\/span>\n\t\t\t\t\t\t\t\t\t\t\t<\/a>\n\t\t\t\t\n\t\t\t\t\n\t\t\t\t\t\t\t\t\t<a rel=\"noopener noreferrer nofollow\" href=\"https:\/\/www.linkedin.com\/shareArticle?mini=true&url=https:\/\/lydenim.com\/es\/entendiendo-el-denim-el-viaje-desde-el-algodon-crudo-hasta-los-jeans-de-disenador\/\" target=\"_blank\" class=\"wd-social-icon social-linkedin\" aria-label=\"Enlace social de Linkedin\">\n\t\t\t\t\t\t<span class=\"wd-icon\"><\/span>\n\t\t\t\t\t\t\t\t\t\t\t<\/a>\n\t\t\t\t\n\t\t\t\t\n\t\t\t\t\n\t\t\t\t\n\t\t\t\t\n\t\t\t\t\n\t\t\t\t\n\t\t\t\t\n\t\t\t\t\n\t\t\t\t\n\t\t\t\t\n\t\t\t\t\n\t\t\t\t\n\t\t\t\t\n\t\t\t\t\n\t\t\t\t\t\t\t\t\t<a rel=\"noopener noreferrer nofollow\" href=\"https:\/\/telegram.me\/share\/url?url=https:\/\/lydenim.com\/es\/entendiendo-el-denim-el-viaje-desde-el-algodon-crudo-hasta-los-jeans-de-disenador\/\" target=\"_blank\" class=\"wd-social-icon social-tg\" aria-label=\"Enlace social de Telegram\">\n\t\t\t\t\t\t<span class=\"wd-icon\"><\/span>\n\t\t\t\t\t\t\t\t\t\t\t<\/a>\n\t\t\t\t\n\t\t\t\t\n\t\t\t<\/div>\n\n\t\t\t\t\t\t\t\t\t\t<\/div>\n\t\t\t\t\t\t\t\t<div class=\"tooltip-arrow\"><\/div>\n\t\t\t\t\t\t\t<\/div>\n\t\t\t\t\t\t<\/div>\n\t\t\t\t\t\n\t\t\t\t\t\t\t\t\t<\/div>\n\t\t\t\n\t\t\t\t\t\t\t<div class=\"wd-post-excerpt entry-content\">\n\t\t\t\t\tI. Algod\u00f3n: El origen de la mezclilla. A. El papel del algod\u00f3n en la tela vaquera. B. C\u00f3mo se fabrica la mezclilla: Del algod\u00f3n...\t\t\t\t<\/div>\n\t\t\t\n\t\t\t\t\t\t\t\t\t\t\t\t<div class=\"wd-post-read-more wd-style-link read-more-section\">\n\t\t\t\t\t\t<a class=\"\" href=\"https:\/\/lydenim.com\/es\/entendiendo-el-denim-el-viaje-desde-el-algodon-crudo-hasta-los-jeans-de-disenador\/\">Seguir leyendo<\/a>\t\t\t\t\t<\/div>\n\t\t\t\t\t\t\t\t\t<\/div>\n\t<\/div>\n<\/article>\n\n\t\t\t\t\t<\/div>\n\t\t\t\t<div class=\"wd-carousel-item\">\n\t\t\t\t\t\t\t\n<article id=\"post-5685\" class=\"wd-post blog-design-masonry blog-post-loop blog-style-bg wd-add-shadow post-5685 post type-post status-publish format-standard has-post-thumbnail hentry category-denim-knowledge\">\n\t<div class=\"wd-post-inner article-inner\">\n\t\t\t\t\t<div class=\"wd-post-thumb entry-header\">\n\t\t\t\t\t\t\t\t\t<div class=\"wd-post-img post-img-wrapp\">\n\t\t\t\t\t\t<img loading=\"lazy\" decoding=\"async\" width=\"150\" height=\"150\" src=\"https:\/\/lydenim.com\/wp-content\/uploads\/2025\/07\/Denim-Outfit-Trends-and-Styles-for-2025-150x150.jpg\" class=\"attachment-thumbnail size-thumbnail\" alt=\"\" srcset=\"https:\/\/lydenim.com\/wp-content\/uploads\/2025\/07\/Denim-Outfit-Trends-and-Styles-for-2025-150x150.jpg 150w, https:\/\/lydenim.com\/wp-content\/uploads\/2025\/07\/Denim-Outfit-Trends-and-Styles-for-2025-300x300.jpg 300w, https:\/\/lydenim.com\/wp-content\/uploads\/2025\/07\/Denim-Outfit-Trends-and-Styles-for-2025-45x45.jpg 45w\" sizes=\"auto, (max-width: 150px) 100vw, 150px\" \/>\t\t\t\t\t<\/div>\n\t\t\t\t\t<a class=\"wd-fill\" href=\"https:\/\/lydenim.com\/es\/tendencias-y-estilos-de-outfits-de-mezclilla-para-2025\/\"><\/a>\n\t\t\t\t\n\t\t\t\t\t\t\t\t\t\t\t\t<div class=\"wd-post-date wd-style-with-bg\">\n\t\t\t\t<span class=\"post-date-day\">\n\t\t\t\t\t09\t\t\t\t<\/span>\n\t\t\t\t<span class=\"post-date-month\">\n\t\t\t\t\tJul\t\t\t\t<\/span>\n\t\t\t<\/div>\n\t\t\t\t\t\t\t\t\t<\/div>\n\t\t\n\t\t<div class=\"wd-post-content article-body-container\">\n\t\t\t\t\t\t\t<div class=\"wd-post-cat wd-style-with-bg meta-post-categories\">\n\t\t\t\t\t<a href=\"https:\/\/lydenim.com\/es\/category\/conocimiento-de-mezclilla\/\" rel=\"category tag\">Conocimiento del denim<\/a>\t\t\t\t<\/div>\n\t\t\t\n\t\t\t\t\t\t\t<h3 class=\"wd-post-title wd-entities-title title post-title\">\n\t\t\t\t\t<a href=\"https:\/\/lydenim.com\/es\/tendencias-y-estilos-de-outfits-de-mezclilla-para-2025\/\" rel=\"bookmark\">\n\t\t\t\t\t\tOutfit Denim: Tendencias y estilos para 2025\t\t\t\t\t<\/a>\n\t\t\t\t<\/h3>\n\t\t\t\n\t\t\t\t\t\t\t<div class=\"wd-post-meta\">\n\t\t\t\t\t\t\t\t\t\t\t\t\t\t\t<div class=\"wd-post-author\">\n\t\t\t\t\t\t\t\t\t\t\t<span>Publicado por<\/span>\n\t\t\n\t\t\t\t\t\t\t\n\t\t\t\t\t<a href=\"https:\/\/lydenim.com\/es\/author\/malonematthewmmgmail-com\/\" class=\"author\" rel=\"author\">malonematthewmm@gmail.com<\/a>\n\t\t\t\t\t\t\t\t\t<\/div>\n\t\t\t\t\t<div class=\"wd-modified-date\">\n\t\t\t\t\t\t\t\t<time class=\"updated\" datetime=\"2025-08-24T13:44:33+08:00\">\n\t\t\t24\/08\/2025\t\t<\/time>\n\t\t\t\t\t\t\t<\/div>\n\n\t\t\t\t\t\t\t\t\t\t\t<div class=\"wd-post-share wd-tltp\">\n\t\t\t\t\t\t\t<div class=\"tooltip top\">\n\t\t\t\t\t\t\t\t<div class=\"tooltip-inner\">\n\t\t\t\t\t\t\t\t\t\t\t\t<div\n\t\t\t\t\t\tclass=\"wd-social-icons wd-style-default wd-size-small social-share wd-shape-circle color-scheme-light text-center\">\n\t\t\t\t\n\t\t\t\t\n\t\t\t\t\t\t\t\t\t<a rel=\"noopener noreferrer nofollow\" href=\"https:\/\/www.facebook.com\/sharer\/sharer.php?u=https:\/\/lydenim.com\/es\/tendencias-y-estilos-de-outfits-de-mezclilla-para-2025\/\" target=\"_blank\" class=\"wd-social-icon social-facebook\" aria-label=\"Enlace social de Facebook\">\n\t\t\t\t\t\t<span class=\"wd-icon\"><\/span>\n\t\t\t\t\t\t\t\t\t\t\t<\/a>\n\t\t\t\t\n\t\t\t\t\t\t\t\t\t<a rel=\"noopener noreferrer nofollow\" href=\"https:\/\/x.com\/share?url=https:\/\/lydenim.com\/es\/tendencias-y-estilos-de-outfits-de-mezclilla-para-2025\/\" target=\"_blank\" class=\"wd-social-icon social-twitter\" aria-label=\"X enlace social\">\n\t\t\t\t\t\t<span class=\"wd-icon\"><\/span>\n\t\t\t\t\t\t\t\t\t\t\t<\/a>\n\t\t\t\t\n\t\t\t\t\n\t\t\t\t\n\t\t\t\t\n\t\t\t\t\n\t\t\t\t\n\t\t\t\t\t\t\t\t\t<a rel=\"noopener noreferrer nofollow\" href=\"https:\/\/pinterest.com\/pin\/create\/button\/?url=https:\/\/lydenim.com\/es\/tendencias-y-estilos-de-outfits-de-mezclilla-para-2025\/&media=https:\/\/lydenim.com\/wp-content\/uploads\/2025\/07\/Denim-Outfit-Trends-and-Styles-for-2025.jpg&description=Denim+Outfit%3A+Trends+and+Styles+for+2025\" target=\"_blank\" class=\"wd-social-icon social-pinterest\" aria-label=\"Enlace social de Pinterest\">\n\t\t\t\t\t\t<span class=\"wd-icon\"><\/span>\n\t\t\t\t\t\t\t\t\t\t\t<\/a>\n\t\t\t\t\n\t\t\t\t\n\t\t\t\t\t\t\t\t\t<a rel=\"noopener noreferrer nofollow\" href=\"https:\/\/www.linkedin.com\/shareArticle?mini=true&url=https:\/\/lydenim.com\/es\/tendencias-y-estilos-de-outfits-de-mezclilla-para-2025\/\" target=\"_blank\" class=\"wd-social-icon social-linkedin\" aria-label=\"Enlace social de Linkedin\">\n\t\t\t\t\t\t<span class=\"wd-icon\"><\/span>\n\t\t\t\t\t\t\t\t\t\t\t<\/a>\n\t\t\t\t\n\t\t\t\t\n\t\t\t\t\n\t\t\t\t\n\t\t\t\t\n\t\t\t\t\n\t\t\t\t\n\t\t\t\t\n\t\t\t\t\n\t\t\t\t\n\t\t\t\t\n\t\t\t\t\n\t\t\t\t\n\t\t\t\t\n\t\t\t\t\n\t\t\t\t\t\t\t\t\t<a rel=\"noopener noreferrer nofollow\" href=\"https:\/\/telegram.me\/share\/url?url=https:\/\/lydenim.com\/es\/tendencias-y-estilos-de-outfits-de-mezclilla-para-2025\/\" target=\"_blank\" class=\"wd-social-icon social-tg\" aria-label=\"Enlace social de Telegram\">\n\t\t\t\t\t\t<span class=\"wd-icon\"><\/span>\n\t\t\t\t\t\t\t\t\t\t\t<\/a>\n\t\t\t\t\n\t\t\t\t\n\t\t\t<\/div>\n\n\t\t\t\t\t\t\t\t\t\t<\/div>\n\t\t\t\t\t\t\t\t<div class=\"tooltip-arrow\"><\/div>\n\t\t\t\t\t\t\t<\/div>\n\t\t\t\t\t\t<\/div>\n\t\t\t\t\t\n\t\t\t\t\t\t\t\t\t<\/div>\n\t\t\t\n\t\t\t\t\t\t\t<div class=\"wd-post-excerpt entry-content\">\n\t\t\t\t\tTiempo estimado de lectura: ~7 minutos Introducci\u00f3n El denim representa una tela de sarga de algod\u00f3n resistente que entr\u00f3 en moda en el siglo XIX...\t\t\t\t<\/div>\n\t\t\t\n\t\t\t\t\t\t\t\t\t\t\t\t<div class=\"wd-post-read-more wd-style-link read-more-section\">\n\t\t\t\t\t\t<a class=\"\" href=\"https:\/\/lydenim.com\/es\/tendencias-y-estilos-de-outfits-de-mezclilla-para-2025\/\">Seguir leyendo<\/a>\t\t\t\t\t<\/div>\n\t\t\t\t\t\t\t\t\t<\/div>\n\t<\/div>\n<\/article>\n\n\t\t\t\t\t<\/div>\n\t\t\t\t<div class=\"wd-carousel-item\">\n\t\t\t\t\t\t\t\n<article id=\"post-5683\" class=\"wd-post blog-design-masonry blog-post-loop blog-style-bg wd-add-shadow post-5683 post type-post status-publish format-standard has-post-thumbnail hentry category-denim-knowledge\">\n\t<div class=\"wd-post-inner article-inner\">\n\t\t\t\t\t<div class=\"wd-post-thumb entry-header\">\n\t\t\t\t\t\t\t\t\t<div class=\"wd-post-img post-img-wrapp\">\n\t\t\t\t\t\t<img loading=\"lazy\" decoding=\"async\" width=\"150\" height=\"150\" src=\"https:\/\/lydenim.com\/wp-content\/uploads\/2025\/07\/Denim-Shrinkage-A-Comprehensive-Guide-150x150.jpg\" class=\"attachment-thumbnail size-thumbnail\" alt=\"\" srcset=\"https:\/\/lydenim.com\/wp-content\/uploads\/2025\/07\/Denim-Shrinkage-A-Comprehensive-Guide-150x150.jpg 150w, https:\/\/lydenim.com\/wp-content\/uploads\/2025\/07\/Denim-Shrinkage-A-Comprehensive-Guide-300x300.jpg 300w, https:\/\/lydenim.com\/wp-content\/uploads\/2025\/07\/Denim-Shrinkage-A-Comprehensive-Guide-45x45.jpg 45w\" sizes=\"auto, (max-width: 150px) 100vw, 150px\" \/>\t\t\t\t\t<\/div>\n\t\t\t\t\t<a class=\"wd-fill\" href=\"https:\/\/lydenim.com\/es\/encogimiento-de-la-mezclilla-una-guia-completa\/\"><\/a>\n\t\t\t\t\n\t\t\t\t\t\t\t\t\t\t\t\t<div class=\"wd-post-date wd-style-with-bg\">\n\t\t\t\t<span class=\"post-date-day\">\n\t\t\t\t\t08\t\t\t\t<\/span>\n\t\t\t\t<span class=\"post-date-month\">\n\t\t\t\t\tJul\t\t\t\t<\/span>\n\t\t\t<\/div>\n\t\t\t\t\t\t\t\t\t<\/div>\n\t\t\n\t\t<div class=\"wd-post-content article-body-container\">\n\t\t\t\t\t\t\t<div class=\"wd-post-cat wd-style-with-bg meta-post-categories\">\n\t\t\t\t\t<a href=\"https:\/\/lydenim.com\/es\/category\/conocimiento-de-mezclilla\/\" rel=\"category tag\">Conocimiento del denim<\/a>\t\t\t\t<\/div>\n\t\t\t\n\t\t\t\t\t\t\t<h3 class=\"wd-post-title wd-entities-title title post-title\">\n\t\t\t\t\t<a href=\"https:\/\/lydenim.com\/es\/encogimiento-de-la-mezclilla-una-guia-completa\/\" rel=\"bookmark\">\n\t\t\t\t\t\tEncogimiento de la mezclilla: una gu\u00eda completa\t\t\t\t\t<\/a>\n\t\t\t\t<\/h3>\n\t\t\t\n\t\t\t\t\t\t\t<div class=\"wd-post-meta\">\n\t\t\t\t\t\t\t\t\t\t\t\t\t\t\t<div class=\"wd-post-author\">\n\t\t\t\t\t\t\t\t\t\t\t<span>Publicado por<\/span>\n\t\t\n\t\t\t\t\t\t\t\n\t\t\t\t\t<a href=\"https:\/\/lydenim.com\/es\/author\/malonematthewmmgmail-com\/\" class=\"author\" rel=\"author\">malonematthewmm@gmail.com<\/a>\n\t\t\t\t\t\t\t\t\t<\/div>\n\t\t\t\t\t<div class=\"wd-modified-date\">\n\t\t\t\t\t\t\t\t<time class=\"updated\" datetime=\"2025-08-24T13:44:20+08:00\">\n\t\t\t24\/08\/2025\t\t<\/time>\n\t\t\t\t\t\t\t<\/div>\n\n\t\t\t\t\t\t\t\t\t\t\t<div class=\"wd-post-share wd-tltp\">\n\t\t\t\t\t\t\t<div class=\"tooltip top\">\n\t\t\t\t\t\t\t\t<div class=\"tooltip-inner\">\n\t\t\t\t\t\t\t\t\t\t\t\t<div\n\t\t\t\t\t\tclass=\"wd-social-icons wd-style-default wd-size-small social-share wd-shape-circle color-scheme-light text-center\">\n\t\t\t\t\n\t\t\t\t\n\t\t\t\t\t\t\t\t\t<a rel=\"noopener noreferrer nofollow\" href=\"https:\/\/www.facebook.com\/sharer\/sharer.php?u=https:\/\/lydenim.com\/es\/encogimiento-de-la-mezclilla-una-guia-completa\/\" target=\"_blank\" class=\"wd-social-icon social-facebook\" aria-label=\"Enlace social de Facebook\">\n\t\t\t\t\t\t<span class=\"wd-icon\"><\/span>\n\t\t\t\t\t\t\t\t\t\t\t<\/a>\n\t\t\t\t\n\t\t\t\t\t\t\t\t\t<a rel=\"noopener noreferrer nofollow\" href=\"https:\/\/x.com\/share?url=https:\/\/lydenim.com\/es\/encogimiento-de-la-mezclilla-una-guia-completa\/\" target=\"_blank\" class=\"wd-social-icon social-twitter\" aria-label=\"X enlace social\">\n\t\t\t\t\t\t<span class=\"wd-icon\"><\/span>\n\t\t\t\t\t\t\t\t\t\t\t<\/a>\n\t\t\t\t\n\t\t\t\t\n\t\t\t\t\n\t\t\t\t\n\t\t\t\t\n\t\t\t\t\n\t\t\t\t\t\t\t\t\t<a rel=\"noopener noreferrer nofollow\" href=\"https:\/\/pinterest.com\/pin\/create\/button\/?url=https:\/\/lydenim.com\/es\/encogimiento-de-la-mezclilla-una-guia-completa\/&media=https:\/\/lydenim.com\/wp-content\/uploads\/2025\/07\/Denim-Shrinkage-A-Comprehensive-Guide.jpg&description=Denim+Shrinkage%3A+A+Comprehensive+Guide\" target=\"_blank\" class=\"wd-social-icon social-pinterest\" aria-label=\"Enlace social de Pinterest\">\n\t\t\t\t\t\t<span class=\"wd-icon\"><\/span>\n\t\t\t\t\t\t\t\t\t\t\t<\/a>\n\t\t\t\t\n\t\t\t\t\n\t\t\t\t\t\t\t\t\t<a rel=\"noopener noreferrer nofollow\" href=\"https:\/\/www.linkedin.com\/shareArticle?mini=true&url=https:\/\/lydenim.com\/es\/encogimiento-de-la-mezclilla-una-guia-completa\/\" target=\"_blank\" class=\"wd-social-icon social-linkedin\" aria-label=\"Enlace social de Linkedin\">\n\t\t\t\t\t\t<span class=\"wd-icon\"><\/span>\n\t\t\t\t\t\t\t\t\t\t\t<\/a>\n\t\t\t\t\n\t\t\t\t\n\t\t\t\t\n\t\t\t\t\n\t\t\t\t\n\t\t\t\t\n\t\t\t\t\n\t\t\t\t\n\t\t\t\t\n\t\t\t\t\n\t\t\t\t\n\t\t\t\t\n\t\t\t\t\n\t\t\t\t\n\t\t\t\t\n\t\t\t\t\t\t\t\t\t<a rel=\"noopener noreferrer nofollow\" href=\"https:\/\/telegram.me\/share\/url?url=https:\/\/lydenim.com\/es\/encogimiento-de-la-mezclilla-una-guia-completa\/\" target=\"_blank\" class=\"wd-social-icon social-tg\" aria-label=\"Enlace social de Telegram\">\n\t\t\t\t\t\t<span class=\"wd-icon\"><\/span>\n\t\t\t\t\t\t\t\t\t\t\t<\/a>\n\t\t\t\t\n\t\t\t\t\n\t\t\t<\/div>\n\n\t\t\t\t\t\t\t\t\t\t<\/div>\n\t\t\t\t\t\t\t\t<div class=\"tooltip-arrow\"><\/div>\n\t\t\t\t\t\t\t<\/div>\n\t\t\t\t\t\t<\/div>\n\t\t\t\t\t\n\t\t\t\t\t\t\t\t\t<\/div>\n\t\t\t\n\t\t\t\t\t\t\t<div class=\"wd-post-excerpt entry-content\">\n\t\t\t\t\tTiempo estimado de lectura: ~4 minutos. \u00bfQu\u00e9 es el encogimiento de la mezclilla? El encogimiento de la mezclilla se refiere al fen\u00f3meno por el cual la tela de mezclilla se reduce de tama\u00f1o...\t\t\t\t<\/div>\n\t\t\t\n\t\t\t\t\t\t\t\t\t\t\t\t<div class=\"wd-post-read-more wd-style-link read-more-section\">\n\t\t\t\t\t\t<a class=\"\" href=\"https:\/\/lydenim.com\/es\/encogimiento-de-la-mezclilla-una-guia-completa\/\">Seguir leyendo<\/a>\t\t\t\t\t<\/div>\n\t\t\t\t\t\t\t\t\t<\/div>\n\t<\/div>\n<\/article>\n\n\t\t\t\t\t<\/div>\n\t\t\t\t<div class=\"wd-carousel-item\">\n\t\t\t\t\t\t\t\n<article id=\"post-5697\" class=\"wd-post blog-design-masonry blog-post-loop blog-style-bg wd-add-shadow post-5697 post type-post status-publish format-standard has-post-thumbnail hentry category-denim-knowledge\">\n\t<div class=\"wd-post-inner article-inner\">\n\t\t\t\t\t<div class=\"wd-post-thumb entry-header\">\n\t\t\t\t\t\t\t\t\t<div class=\"wd-post-img post-img-wrapp\">\n\t\t\t\t\t\t<img loading=\"lazy\" decoding=\"async\" width=\"150\" height=\"150\" src=\"https:\/\/lydenim.com\/wp-content\/uploads\/2025\/07\/Mens-Denim-Trends-150x150.jpg\" class=\"attachment-thumbnail size-thumbnail\" alt=\"\" srcset=\"https:\/\/lydenim.com\/wp-content\/uploads\/2025\/07\/Mens-Denim-Trends-150x150.jpg 150w, https:\/\/lydenim.com\/wp-content\/uploads\/2025\/07\/Mens-Denim-Trends-300x300.jpg 300w, https:\/\/lydenim.com\/wp-content\/uploads\/2025\/07\/Mens-Denim-Trends-45x45.jpg 45w\" sizes=\"auto, (max-width: 150px) 100vw, 150px\" \/>\t\t\t\t\t<\/div>\n\t\t\t\t\t<a class=\"wd-fill\" href=\"https:\/\/lydenim.com\/es\/tendencias-de-mezclilla-para-hombres\/\"><\/a>\n\t\t\t\t\n\t\t\t\t\t\t\t\t\t\t\t\t<div class=\"wd-post-date wd-style-with-bg\">\n\t\t\t\t<span class=\"post-date-day\">\n\t\t\t\t\t07\t\t\t\t<\/span>\n\t\t\t\t<span class=\"post-date-month\">\n\t\t\t\t\tJul\t\t\t\t<\/span>\n\t\t\t<\/div>\n\t\t\t\t\t\t\t\t\t<\/div>\n\t\t\n\t\t<div class=\"wd-post-content article-body-container\">\n\t\t\t\t\t\t\t<div class=\"wd-post-cat wd-style-with-bg meta-post-categories\">\n\t\t\t\t\t<a href=\"https:\/\/lydenim.com\/es\/category\/conocimiento-de-mezclilla\/\" rel=\"category tag\">Conocimiento del denim<\/a>\t\t\t\t<\/div>\n\t\t\t\n\t\t\t\t\t\t\t<h3 class=\"wd-post-title wd-entities-title title post-title\">\n\t\t\t\t\t<a href=\"https:\/\/lydenim.com\/es\/tendencias-de-mezclilla-para-hombres\/\" rel=\"bookmark\">\n\t\t\t\t\t\tTendencias de mezclilla para hombre 2025-2026: Los mejores estilos y gu\u00eda de estilo\t\t\t\t\t<\/a>\n\t\t\t\t<\/h3>\n\t\t\t\n\t\t\t\t\t\t\t<div class=\"wd-post-meta\">\n\t\t\t\t\t\t\t\t\t\t\t\t\t\t\t<div class=\"wd-post-author\">\n\t\t\t\t\t\t\t\t\t\t\t<span>Publicado por<\/span>\n\t\t\n\t\t\t\t\t\t\t\n\t\t\t\t\t<a href=\"https:\/\/lydenim.com\/es\/author\/malonematthewmmgmail-com\/\" class=\"author\" rel=\"author\">malonematthewmm@gmail.com<\/a>\n\t\t\t\t\t\t\t\t\t<\/div>\n\t\t\t\t\t<div class=\"wd-modified-date\">\n\t\t\t\t\t\t\t\t<time class=\"updated\" datetime=\"2025-08-24T13:43:54+08:00\">\n\t\t\t24\/08\/2025\t\t<\/time>\n\t\t\t\t\t\t\t<\/div>\n\n\t\t\t\t\t\t\t\t\t\t\t<div class=\"wd-post-share wd-tltp\">\n\t\t\t\t\t\t\t<div class=\"tooltip top\">\n\t\t\t\t\t\t\t\t<div class=\"tooltip-inner\">\n\t\t\t\t\t\t\t\t\t\t\t\t<div\n\t\t\t\t\t\tclass=\"wd-social-icons wd-style-default wd-size-small social-share wd-shape-circle color-scheme-light text-center\">\n\t\t\t\t\n\t\t\t\t\n\t\t\t\t\t\t\t\t\t<a rel=\"noopener noreferrer nofollow\" href=\"https:\/\/www.facebook.com\/sharer\/sharer.php?u=https:\/\/lydenim.com\/es\/tendencias-de-mezclilla-para-hombres\/\" target=\"_blank\" class=\"wd-social-icon social-facebook\" aria-label=\"Enlace social de Facebook\">\n\t\t\t\t\t\t<span class=\"wd-icon\"><\/span>\n\t\t\t\t\t\t\t\t\t\t\t<\/a>\n\t\t\t\t\n\t\t\t\t\t\t\t\t\t<a rel=\"noopener noreferrer nofollow\" href=\"https:\/\/x.com\/share?url=https:\/\/lydenim.com\/es\/tendencias-de-mezclilla-para-hombres\/\" target=\"_blank\" class=\"wd-social-icon social-twitter\" aria-label=\"X enlace social\">\n\t\t\t\t\t\t<span class=\"wd-icon\"><\/span>\n\t\t\t\t\t\t\t\t\t\t\t<\/a>\n\t\t\t\t\n\t\t\t\t\n\t\t\t\t\n\t\t\t\t\n\t\t\t\t\n\t\t\t\t\n\t\t\t\t\t\t\t\t\t<a rel=\"noopener noreferrer nofollow\" href=\"https:\/\/pinterest.com\/pin\/create\/button\/?url=https:\/\/lydenim.com\/es\/tendencias-de-mezclilla-para-hombres\/&media=https:\/\/lydenim.com\/wp-content\/uploads\/2025\/07\/Mens-Denim-Trends.jpg&description=Mens+Denim+Trends+2025-2026%3A+Top+Styles+and+Styling+Guide\" target=\"_blank\" class=\"wd-social-icon social-pinterest\" aria-label=\"Enlace social de Pinterest\">\n\t\t\t\t\t\t<span class=\"wd-icon\"><\/span>\n\t\t\t\t\t\t\t\t\t\t\t<\/a>\n\t\t\t\t\n\t\t\t\t\n\t\t\t\t\t\t\t\t\t<a rel=\"noopener noreferrer nofollow\" href=\"https:\/\/www.linkedin.com\/shareArticle?mini=true&url=https:\/\/lydenim.com\/es\/tendencias-de-mezclilla-para-hombres\/\" target=\"_blank\" class=\"wd-social-icon social-linkedin\" aria-label=\"Enlace social de Linkedin\">\n\t\t\t\t\t\t<span class=\"wd-icon\"><\/span>\n\t\t\t\t\t\t\t\t\t\t\t<\/a>\n\t\t\t\t\n\t\t\t\t\n\t\t\t\t\n\t\t\t\t\n\t\t\t\t\n\t\t\t\t\n\t\t\t\t\n\t\t\t\t\n\t\t\t\t\n\t\t\t\t\n\t\t\t\t\n\t\t\t\t\n\t\t\t\t\n\t\t\t\t\n\t\t\t\t\n\t\t\t\t\t\t\t\t\t<a rel=\"noopener noreferrer nofollow\" href=\"https:\/\/telegram.me\/share\/url?url=https:\/\/lydenim.com\/es\/tendencias-de-mezclilla-para-hombres\/\" target=\"_blank\" class=\"wd-social-icon social-tg\" aria-label=\"Enlace social de Telegram\">\n\t\t\t\t\t\t<span class=\"wd-icon\"><\/span>\n\t\t\t\t\t\t\t\t\t\t\t<\/a>\n\t\t\t\t\n\t\t\t\t\n\t\t\t<\/div>\n\n\t\t\t\t\t\t\t\t\t\t<\/div>\n\t\t\t\t\t\t\t\t<div class=\"tooltip-arrow\"><\/div>\n\t\t\t\t\t\t\t<\/div>\n\t\t\t\t\t\t<\/div>\n\t\t\t\t\t\n\t\t\t\t\t\t\t\t\t<\/div>\n\t\t\t\n\t\t\t\t\t\t\t<div class=\"wd-post-excerpt entry-content\">\n\t\t\t\t\tTiempo estimado de lectura: \uff5e6 minutos Introducci\u00f3n La moda masculina evoluciona a trav\u00e9s de tendencias din\u00e1micas de mezclilla en 2025 que remodelan ...\t\t\t\t<\/div>\n\t\t\t\n\t\t\t\t\t\t\t\t\t\t\t\t<div class=\"wd-post-read-more wd-style-link read-more-section\">\n\t\t\t\t\t\t<a class=\"\" href=\"https:\/\/lydenim.com\/es\/tendencias-de-mezclilla-para-hombres\/\">Seguir leyendo<\/a>\t\t\t\t\t<\/div>\n\t\t\t\t\t\t\t\t\t<\/div>\n\t<\/div>\n<\/article>\n\n\t\t\t\t\t<\/div>\n\t\t\t\t<div class=\"wd-carousel-item\">\n\t\t\t\t\t\t\t\n<article id=\"post-5614\" class=\"wd-post blog-design-masonry blog-post-loop blog-style-bg wd-add-shadow post-5614 post type-post status-publish format-standard has-post-thumbnail hentry category-garment\">\n\t<div class=\"wd-post-inner article-inner\">\n\t\t\t\t\t<div class=\"wd-post-thumb entry-header\">\n\t\t\t\t\t\t\t\t\t<div class=\"wd-post-img post-img-wrapp\">\n\t\t\t\t\t\t<img loading=\"lazy\" decoding=\"async\" width=\"150\" height=\"150\" src=\"https:\/\/lydenim.com\/wp-content\/uploads\/2025\/07\/Womens-Denim-Slacks-Fashion-Trends-Styling-Tips-and-Market-Potential-150x150.jpg\" class=\"attachment-thumbnail size-thumbnail\" alt=\"\" srcset=\"https:\/\/lydenim.com\/wp-content\/uploads\/2025\/07\/Womens-Denim-Slacks-Fashion-Trends-Styling-Tips-and-Market-Potential-150x150.jpg 150w, https:\/\/lydenim.com\/wp-content\/uploads\/2025\/07\/Womens-Denim-Slacks-Fashion-Trends-Styling-Tips-and-Market-Potential-300x300.jpg 300w, https:\/\/lydenim.com\/wp-content\/uploads\/2025\/07\/Womens-Denim-Slacks-Fashion-Trends-Styling-Tips-and-Market-Potential-45x45.jpg 45w\" sizes=\"auto, (max-width: 150px) 100vw, 150px\" \/>\t\t\t\t\t<\/div>\n\t\t\t\t\t<a class=\"wd-fill\" href=\"https:\/\/lydenim.com\/es\/pantalones-vaqueros-de-mujer\/\"><\/a>\n\t\t\t\t\n\t\t\t\t\t\t\t\t\t\t\t\t<div class=\"wd-post-date wd-style-with-bg\">\n\t\t\t\t<span class=\"post-date-day\">\n\t\t\t\t\t06\t\t\t\t<\/span>\n\t\t\t\t<span class=\"post-date-month\">\n\t\t\t\t\tJul\t\t\t\t<\/span>\n\t\t\t<\/div>\n\t\t\t\t\t\t\t\t\t<\/div>\n\t\t\n\t\t<div class=\"wd-post-content article-body-container\">\n\t\t\t\t\t\t\t<div class=\"wd-post-cat wd-style-with-bg meta-post-categories\">\n\t\t\t\t\t<a href=\"https:\/\/lydenim.com\/es\/category\/prenda\/\" rel=\"category tag\">PRENDA<\/a>\t\t\t\t<\/div>\n\t\t\t\n\t\t\t\t\t\t\t<h3 class=\"wd-post-title wd-entities-title title post-title\">\n\t\t\t\t\t<a href=\"https:\/\/lydenim.com\/es\/pantalones-vaqueros-de-mujer\/\" rel=\"bookmark\">\n\t\t\t\t\t\tPantalones vaqueros para mujer: tendencias de moda, consejos de estilo y potencial de mercado\t\t\t\t\t<\/a>\n\t\t\t\t<\/h3>\n\t\t\t\n\t\t\t\t\t\t\t<div class=\"wd-post-meta\">\n\t\t\t\t\t\t\t\t\t\t\t\t\t\t\t<div class=\"wd-post-author\">\n\t\t\t\t\t\t\t\t\t\t\t<span>Publicado por<\/span>\n\t\t\n\t\t\t\t\t\t\t\n\t\t\t\t\t<a href=\"https:\/\/lydenim.com\/es\/author\/malonematthewmmgmail-com\/\" class=\"author\" rel=\"author\">malonematthewmm@gmail.com<\/a>\n\t\t\t\t\t\t\t\t\t<\/div>\n\t\t\t\t\t<div class=\"wd-modified-date\">\n\t\t\t\t\t\t\t\t<time class=\"updated\" datetime=\"2025-08-24T13:43:40+08:00\">\n\t\t\t24\/08\/2025\t\t<\/time>\n\t\t\t\t\t\t\t<\/div>\n\n\t\t\t\t\t\t\t\t\t\t\t<div class=\"wd-post-share wd-tltp\">\n\t\t\t\t\t\t\t<div class=\"tooltip top\">\n\t\t\t\t\t\t\t\t<div class=\"tooltip-inner\">\n\t\t\t\t\t\t\t\t\t\t\t\t<div\n\t\t\t\t\t\tclass=\"wd-social-icons wd-style-default wd-size-small social-share wd-shape-circle color-scheme-light text-center\">\n\t\t\t\t\n\t\t\t\t\n\t\t\t\t\t\t\t\t\t<a rel=\"noopener noreferrer nofollow\" href=\"https:\/\/www.facebook.com\/sharer\/sharer.php?u=https:\/\/lydenim.com\/es\/pantalones-vaqueros-de-mujer\/\" target=\"_blank\" class=\"wd-social-icon social-facebook\" aria-label=\"Enlace social de Facebook\">\n\t\t\t\t\t\t<span class=\"wd-icon\"><\/span>\n\t\t\t\t\t\t\t\t\t\t\t<\/a>\n\t\t\t\t\n\t\t\t\t\t\t\t\t\t<a rel=\"noopener noreferrer nofollow\" href=\"https:\/\/x.com\/share?url=https:\/\/lydenim.com\/es\/pantalones-vaqueros-de-mujer\/\" target=\"_blank\" class=\"wd-social-icon social-twitter\" aria-label=\"X enlace social\">\n\t\t\t\t\t\t<span class=\"wd-icon\"><\/span>\n\t\t\t\t\t\t\t\t\t\t\t<\/a>\n\t\t\t\t\n\t\t\t\t\n\t\t\t\t\n\t\t\t\t\n\t\t\t\t\n\t\t\t\t\n\t\t\t\t\t\t\t\t\t<a rel=\"noopener noreferrer nofollow\" href=\"https:\/\/pinterest.com\/pin\/create\/button\/?url=https:\/\/lydenim.com\/es\/pantalones-vaqueros-de-mujer\/&media=https:\/\/lydenim.com\/wp-content\/uploads\/2025\/07\/Womens-Denim-Slacks-Fashion-Trends-Styling-Tips-and-Market-Potential.jpg&description=Women%E2%80%99s+Denim+Slacks%3A+Fashion+Trends%2C+Styling+Tips%2C+and+Market+Potential\" target=\"_blank\" class=\"wd-social-icon social-pinterest\" aria-label=\"Enlace social de Pinterest\">\n\t\t\t\t\t\t<span class=\"wd-icon\"><\/span>\n\t\t\t\t\t\t\t\t\t\t\t<\/a>\n\t\t\t\t\n\t\t\t\t\n\t\t\t\t\t\t\t\t\t<a rel=\"noopener noreferrer nofollow\" href=\"https:\/\/www.linkedin.com\/shareArticle?mini=true&url=https:\/\/lydenim.com\/es\/pantalones-vaqueros-de-mujer\/\" target=\"_blank\" class=\"wd-social-icon social-linkedin\" aria-label=\"Enlace social de Linkedin\">\n\t\t\t\t\t\t<span class=\"wd-icon\"><\/span>\n\t\t\t\t\t\t\t\t\t\t\t<\/a>\n\t\t\t\t\n\t\t\t\t\n\t\t\t\t\n\t\t\t\t\n\t\t\t\t\n\t\t\t\t\n\t\t\t\t\n\t\t\t\t\n\t\t\t\t\n\t\t\t\t\n\t\t\t\t\n\t\t\t\t\n\t\t\t\t\n\t\t\t\t\n\t\t\t\t\n\t\t\t\t\t\t\t\t\t<a rel=\"noopener noreferrer nofollow\" href=\"https:\/\/telegram.me\/share\/url?url=https:\/\/lydenim.com\/es\/pantalones-vaqueros-de-mujer\/\" target=\"_blank\" class=\"wd-social-icon social-tg\" aria-label=\"Enlace social de Telegram\">\n\t\t\t\t\t\t<span class=\"wd-icon\"><\/span>\n\t\t\t\t\t\t\t\t\t\t\t<\/a>\n\t\t\t\t\n\t\t\t\t\n\t\t\t<\/div>\n\n\t\t\t\t\t\t\t\t\t\t<\/div>\n\t\t\t\t\t\t\t\t<div class=\"tooltip-arrow\"><\/div>\n\t\t\t\t\t\t\t<\/div>\n\t\t\t\t\t\t<\/div>\n\t\t\t\t\t\n\t\t\t\t\t\t\t\t\t<\/div>\n\t\t\t\n\t\t\t\t\t\t\t<div class=\"wd-post-excerpt entry-content\">\n\t\t\t\t\tTiempo estimado de lectura: ~4 minutos Introducci\u00f3n Los pantalones de mezclilla para mujer son una fusi\u00f3n elegante de la comodidad que se encuentra en los jeans y la sofisticaci\u00f3n...\t\t\t\t<\/div>\n\t\t\t\n\t\t\t\t\t\t\t\t\t\t\t\t<div class=\"wd-post-read-more wd-style-link read-more-section\">\n\t\t\t\t\t\t<a class=\"\" href=\"https:\/\/lydenim.com\/es\/pantalones-vaqueros-de-mujer\/\">Seguir leyendo<\/a>\t\t\t\t\t<\/div>\n\t\t\t\t\t\t\t\t\t<\/div>\n\t<\/div>\n<\/article>\n\n\t\t\t\t\t<\/div>\n\t\t\t\t<div class=\"wd-carousel-item\">\n\t\t\t\t\t\t\t\n<article id=\"post-5657\" class=\"wd-post blog-design-masonry blog-post-loop blog-style-bg wd-add-shadow post-5657 post type-post status-publish format-standard has-post-thumbnail hentry category-denim-knowledge\">\n\t<div class=\"wd-post-inner article-inner\">\n\t\t\t\t\t<div class=\"wd-post-thumb entry-header\">\n\t\t\t\t\t\t\t\t\t<div class=\"wd-post-img post-img-wrapp\">\n\t\t\t\t\t\t<img loading=\"lazy\" decoding=\"async\" width=\"150\" height=\"150\" src=\"https:\/\/lydenim.com\/wp-content\/uploads\/2025\/07\/Denim-Styles-From-Fabric-Types-to-Fit-Choices-150x150.jpg\" class=\"attachment-thumbnail size-thumbnail\" alt=\"\" srcset=\"https:\/\/lydenim.com\/wp-content\/uploads\/2025\/07\/Denim-Styles-From-Fabric-Types-to-Fit-Choices-150x150.jpg 150w, https:\/\/lydenim.com\/wp-content\/uploads\/2025\/07\/Denim-Styles-From-Fabric-Types-to-Fit-Choices-300x300.jpg 300w, https:\/\/lydenim.com\/wp-content\/uploads\/2025\/07\/Denim-Styles-From-Fabric-Types-to-Fit-Choices-45x45.jpg 45w\" sizes=\"auto, (max-width: 150px) 100vw, 150px\" \/>\t\t\t\t\t<\/div>\n\t\t\t\t\t<a class=\"wd-fill\" href=\"https:\/\/lydenim.com\/es\/estilos-de-mezclilla\/\"><\/a>\n\t\t\t\t\n\t\t\t\t\t\t\t\t\t\t\t\t<div class=\"wd-post-date wd-style-with-bg\">\n\t\t\t\t<span class=\"post-date-day\">\n\t\t\t\t\t02\t\t\t\t<\/span>\n\t\t\t\t<span class=\"post-date-month\">\n\t\t\t\t\tJul\t\t\t\t<\/span>\n\t\t\t<\/div>\n\t\t\t\t\t\t\t\t\t<\/div>\n\t\t\n\t\t<div class=\"wd-post-content article-body-container\">\n\t\t\t\t\t\t\t<div class=\"wd-post-cat wd-style-with-bg meta-post-categories\">\n\t\t\t\t\t<a href=\"https:\/\/lydenim.com\/es\/category\/conocimiento-de-mezclilla\/\" rel=\"category tag\">Conocimiento del denim<\/a>\t\t\t\t<\/div>\n\t\t\t\n\t\t\t\t\t\t\t<h3 class=\"wd-post-title wd-entities-title title post-title\">\n\t\t\t\t\t<a href=\"https:\/\/lydenim.com\/es\/estilos-de-mezclilla\/\" rel=\"bookmark\">\n\t\t\t\t\t\tEstilos de mezclilla: desde los tipos de tela hasta las opciones de ajuste\t\t\t\t\t<\/a>\n\t\t\t\t<\/h3>\n\t\t\t\n\t\t\t\t\t\t\t<div class=\"wd-post-meta\">\n\t\t\t\t\t\t\t\t\t\t\t\t\t\t\t<div class=\"wd-post-author\">\n\t\t\t\t\t\t\t\t\t\t\t<span>Publicado por<\/span>\n\t\t\n\t\t\t\t\t\t\t\n\t\t\t\t\t<a href=\"https:\/\/lydenim.com\/es\/author\/malonematthewmmgmail-com\/\" class=\"author\" rel=\"author\">malonematthewmm@gmail.com<\/a>\n\t\t\t\t\t\t\t\t\t<\/div>\n\t\t\t\t\t<div class=\"wd-modified-date\">\n\t\t\t\t\t\t\t\t<time class=\"updated\" datetime=\"2025-08-24T13:43:25+08:00\">\n\t\t\t24\/08\/2025\t\t<\/time>\n\t\t\t\t\t\t\t<\/div>\n\n\t\t\t\t\t\t\t\t\t\t\t<div class=\"wd-post-share wd-tltp\">\n\t\t\t\t\t\t\t<div class=\"tooltip top\">\n\t\t\t\t\t\t\t\t<div class=\"tooltip-inner\">\n\t\t\t\t\t\t\t\t\t\t\t\t<div\n\t\t\t\t\t\tclass=\"wd-social-icons wd-style-default wd-size-small social-share wd-shape-circle color-scheme-light text-center\">\n\t\t\t\t\n\t\t\t\t\n\t\t\t\t\t\t\t\t\t<a rel=\"noopener noreferrer nofollow\" href=\"https:\/\/www.facebook.com\/sharer\/sharer.php?u=https:\/\/lydenim.com\/es\/estilos-de-mezclilla\/\" target=\"_blank\" class=\"wd-social-icon social-facebook\" aria-label=\"Enlace social de Facebook\">\n\t\t\t\t\t\t<span class=\"wd-icon\"><\/span>\n\t\t\t\t\t\t\t\t\t\t\t<\/a>\n\t\t\t\t\n\t\t\t\t\t\t\t\t\t<a rel=\"noopener noreferrer nofollow\" href=\"https:\/\/x.com\/share?url=https:\/\/lydenim.com\/es\/estilos-de-mezclilla\/\" target=\"_blank\" class=\"wd-social-icon social-twitter\" aria-label=\"X enlace social\">\n\t\t\t\t\t\t<span class=\"wd-icon\"><\/span>\n\t\t\t\t\t\t\t\t\t\t\t<\/a>\n\t\t\t\t\n\t\t\t\t\n\t\t\t\t\n\t\t\t\t\n\t\t\t\t\n\t\t\t\t\n\t\t\t\t\t\t\t\t\t<a rel=\"noopener noreferrer nofollow\" href=\"https:\/\/pinterest.com\/pin\/create\/button\/?url=https:\/\/lydenim.com\/es\/estilos-de-mezclilla\/&media=https:\/\/lydenim.com\/wp-content\/uploads\/2025\/07\/Denim-Styles-From-Fabric-Types-to-Fit-Choices.jpg&description=Denim+Styles%3A+From+Fabric+Types+to+Fit+Choices\" target=\"_blank\" class=\"wd-social-icon social-pinterest\" aria-label=\"Enlace social de Pinterest\">\n\t\t\t\t\t\t<span class=\"wd-icon\"><\/span>\n\t\t\t\t\t\t\t\t\t\t\t<\/a>\n\t\t\t\t\n\t\t\t\t\n\t\t\t\t\t\t\t\t\t<a rel=\"noopener noreferrer nofollow\" href=\"https:\/\/www.linkedin.com\/shareArticle?mini=true&url=https:\/\/lydenim.com\/es\/estilos-de-mezclilla\/\" target=\"_blank\" class=\"wd-social-icon social-linkedin\" aria-label=\"Enlace social de Linkedin\">\n\t\t\t\t\t\t<span class=\"wd-icon\"><\/span>\n\t\t\t\t\t\t\t\t\t\t\t<\/a>\n\t\t\t\t\n\t\t\t\t\n\t\t\t\t\n\t\t\t\t\n\t\t\t\t\n\t\t\t\t\n\t\t\t\t\n\t\t\t\t\n\t\t\t\t\n\t\t\t\t\n\t\t\t\t\n\t\t\t\t\n\t\t\t\t\n\t\t\t\t\n\t\t\t\t\n\t\t\t\t\t\t\t\t\t<a rel=\"noopener noreferrer nofollow\" href=\"https:\/\/telegram.me\/share\/url?url=https:\/\/lydenim.com\/es\/estilos-de-mezclilla\/\" target=\"_blank\" class=\"wd-social-icon social-tg\" aria-label=\"Enlace social de Telegram\">\n\t\t\t\t\t\t<span class=\"wd-icon\"><\/span>\n\t\t\t\t\t\t\t\t\t\t\t<\/a>\n\t\t\t\t\n\t\t\t\t\n\t\t\t<\/div>\n\n\t\t\t\t\t\t\t\t\t\t<\/div>\n\t\t\t\t\t\t\t\t<div class=\"tooltip-arrow\"><\/div>\n\t\t\t\t\t\t\t<\/div>\n\t\t\t\t\t\t<\/div>\n\t\t\t\t\t\n\t\t\t\t\t\t\t\t\t<\/div>\n\t\t\t\n\t\t\t\t\t\t\t<div class=\"wd-post-excerpt entry-content\">\n\t\t\t\t\tTiempo estimado de lectura: ~ 6 minutos Introducci\u00f3n El denim es un tejido atemporal que ocupa un lugar destacado en la moda mundial debido a su...\t\t\t\t<\/div>\n\t\t\t\n\t\t\t\t\t\t\t\t\t\t\t\t<div class=\"wd-post-read-more wd-style-link read-more-section\">\n\t\t\t\t\t\t<a class=\"\" href=\"https:\/\/lydenim.com\/es\/estilos-de-mezclilla\/\">Seguir leyendo<\/a>\t\t\t\t\t<\/div>\n\t\t\t\t\t\t\t\t\t<\/div>\n\t<\/div>\n<\/article>\n\n\t\t\t\t\t<\/div>\n\t\t\t\t<div class=\"wd-carousel-item\">\n\t\t\t\t\t\t\t\n<article id=\"post-5650\" class=\"wd-post blog-design-masonry blog-post-loop blog-style-bg wd-add-shadow post-5650 post type-post status-publish format-standard has-post-thumbnail hentry category-denim-knowledge\">\n\t<div class=\"wd-post-inner article-inner\">\n\t\t\t\t\t<div class=\"wd-post-thumb entry-header\">\n\t\t\t\t\t\t\t\t\t<div class=\"wd-post-img post-img-wrapp\">\n\t\t\t\t\t\t<img loading=\"lazy\" decoding=\"async\" width=\"150\" height=\"150\" src=\"https:\/\/lydenim.com\/wp-content\/uploads\/2025\/07\/Twill-VS-Denim-What-You-Need-to-Know-150x150.jpg\" class=\"attachment-thumbnail size-thumbnail\" alt=\"\" srcset=\"https:\/\/lydenim.com\/wp-content\/uploads\/2025\/07\/Twill-VS-Denim-What-You-Need-to-Know-150x150.jpg 150w, https:\/\/lydenim.com\/wp-content\/uploads\/2025\/07\/Twill-VS-Denim-What-You-Need-to-Know-300x300.jpg 300w, https:\/\/lydenim.com\/wp-content\/uploads\/2025\/07\/Twill-VS-Denim-What-You-Need-to-Know-45x45.jpg 45w\" sizes=\"auto, (max-width: 150px) 100vw, 150px\" \/>\t\t\t\t\t<\/div>\n\t\t\t\t\t<a class=\"wd-fill\" href=\"https:\/\/lydenim.com\/es\/sarga-vs-mezclilla\/\"><\/a>\n\t\t\t\t\n\t\t\t\t\t\t\t\t\t\t\t\t<div class=\"wd-post-date wd-style-with-bg\">\n\t\t\t\t<span class=\"post-date-day\">\n\t\t\t\t\t01\t\t\t\t<\/span>\n\t\t\t\t<span class=\"post-date-month\">\n\t\t\t\t\tJul\t\t\t\t<\/span>\n\t\t\t<\/div>\n\t\t\t\t\t\t\t\t\t<\/div>\n\t\t\n\t\t<div class=\"wd-post-content article-body-container\">\n\t\t\t\t\t\t\t<div class=\"wd-post-cat wd-style-with-bg meta-post-categories\">\n\t\t\t\t\t<a href=\"https:\/\/lydenim.com\/es\/category\/conocimiento-de-mezclilla\/\" rel=\"category tag\">Conocimiento del denim<\/a>\t\t\t\t<\/div>\n\t\t\t\n\t\t\t\t\t\t\t<h3 class=\"wd-post-title wd-entities-title title post-title\">\n\t\t\t\t\t<a href=\"https:\/\/lydenim.com\/es\/sarga-vs-mezclilla\/\" rel=\"bookmark\">\n\t\t\t\t\t\tSarga vs. mezclilla: lo que necesitas saber\t\t\t\t\t<\/a>\n\t\t\t\t<\/h3>\n\t\t\t\n\t\t\t\t\t\t\t<div class=\"wd-post-meta\">\n\t\t\t\t\t\t\t\t\t\t\t\t\t\t\t<div class=\"wd-post-author\">\n\t\t\t\t\t\t\t\t\t\t\t<span>Publicado por<\/span>\n\t\t\n\t\t\t\t\t\t\t\n\t\t\t\t\t<a href=\"https:\/\/lydenim.com\/es\/author\/malonematthewmmgmail-com\/\" class=\"author\" rel=\"author\">malonematthewmm@gmail.com<\/a>\n\t\t\t\t\t\t\t\t\t<\/div>\n\t\t\t\t\t<div class=\"wd-modified-date\">\n\t\t\t\t\t\t\t\t<time class=\"updated\" datetime=\"2025-08-24T13:43:03+08:00\">\n\t\t\t24\/08\/2025\t\t<\/time>\n\t\t\t\t\t\t\t<\/div>\n\n\t\t\t\t\t\t\t\t\t\t\t<div class=\"wd-post-share wd-tltp\">\n\t\t\t\t\t\t\t<div class=\"tooltip top\">\n\t\t\t\t\t\t\t\t<div class=\"tooltip-inner\">\n\t\t\t\t\t\t\t\t\t\t\t\t<div\n\t\t\t\t\t\tclass=\"wd-social-icons wd-style-default wd-size-small social-share wd-shape-circle color-scheme-light text-center\">\n\t\t\t\t\n\t\t\t\t\n\t\t\t\t\t\t\t\t\t<a rel=\"noopener noreferrer nofollow\" href=\"https:\/\/www.facebook.com\/sharer\/sharer.php?u=https:\/\/lydenim.com\/es\/sarga-vs-mezclilla\/\" target=\"_blank\" class=\"wd-social-icon social-facebook\" aria-label=\"Enlace social de Facebook\">\n\t\t\t\t\t\t<span class=\"wd-icon\"><\/span>\n\t\t\t\t\t\t\t\t\t\t\t<\/a>\n\t\t\t\t\n\t\t\t\t\t\t\t\t\t<a rel=\"noopener noreferrer nofollow\" href=\"https:\/\/x.com\/share?url=https:\/\/lydenim.com\/es\/sarga-vs-mezclilla\/\" target=\"_blank\" class=\"wd-social-icon social-twitter\" aria-label=\"X enlace social\">\n\t\t\t\t\t\t<span class=\"wd-icon\"><\/span>\n\t\t\t\t\t\t\t\t\t\t\t<\/a>\n\t\t\t\t\n\t\t\t\t\n\t\t\t\t\n\t\t\t\t\n\t\t\t\t\n\t\t\t\t\n\t\t\t\t\t\t\t\t\t<a rel=\"noopener noreferrer nofollow\" href=\"https:\/\/pinterest.com\/pin\/create\/button\/?url=https:\/\/lydenim.com\/es\/sarga-vs-mezclilla\/&media=https:\/\/lydenim.com\/wp-content\/uploads\/2025\/07\/Twill-VS-Denim-What-You-Need-to-Know.jpg&description=Twill+VS+Denim+%3A+What+You+Need+to+Know\" target=\"_blank\" class=\"wd-social-icon social-pinterest\" aria-label=\"Enlace social de Pinterest\">\n\t\t\t\t\t\t<span class=\"wd-icon\"><\/span>\n\t\t\t\t\t\t\t\t\t\t\t<\/a>\n\t\t\t\t\n\t\t\t\t\n\t\t\t\t\t\t\t\t\t<a rel=\"noopener noreferrer nofollow\" href=\"https:\/\/www.linkedin.com\/shareArticle?mini=true&url=https:\/\/lydenim.com\/es\/sarga-vs-mezclilla\/\" target=\"_blank\" class=\"wd-social-icon social-linkedin\" aria-label=\"Enlace social de Linkedin\">\n\t\t\t\t\t\t<span class=\"wd-icon\"><\/span>\n\t\t\t\t\t\t\t\t\t\t\t<\/a>\n\t\t\t\t\n\t\t\t\t\n\t\t\t\t\n\t\t\t\t\n\t\t\t\t\n\t\t\t\t\n\t\t\t\t\n\t\t\t\t\n\t\t\t\t\n\t\t\t\t\n\t\t\t\t\n\t\t\t\t\n\t\t\t\t\n\t\t\t\t\n\t\t\t\t\n\t\t\t\t\t\t\t\t\t<a rel=\"noopener noreferrer nofollow\" href=\"https:\/\/telegram.me\/share\/url?url=https:\/\/lydenim.com\/es\/sarga-vs-mezclilla\/\" target=\"_blank\" class=\"wd-social-icon social-tg\" aria-label=\"Enlace social de Telegram\">\n\t\t\t\t\t\t<span class=\"wd-icon\"><\/span>\n\t\t\t\t\t\t\t\t\t\t\t<\/a>\n\t\t\t\t\n\t\t\t\t\n\t\t\t<\/div>\n\n\t\t\t\t\t\t\t\t\t\t<\/div>\n\t\t\t\t\t\t\t\t<div class=\"tooltip-arrow\"><\/div>\n\t\t\t\t\t\t\t<\/div>\n\t\t\t\t\t\t<\/div>\n\t\t\t\t\t\n\t\t\t\t\t\t\t\t\t<\/div>\n\t\t\t\n\t\t\t\t\t\t\t<div class=\"wd-post-excerpt entry-content\">\n\t\t\t\t\tTiempo estimado de lectura: ~ 5 minutos Introducci\u00f3n El denim y la sarga se mencionan con frecuencia en la moda, particularmente en el contexto de...\t\t\t\t<\/div>\n\t\t\t\n\t\t\t\t\t\t\t\t\t\t\t\t<div class=\"wd-post-read-more wd-style-link read-more-section\">\n\t\t\t\t\t\t<a class=\"\" href=\"https:\/\/lydenim.com\/es\/sarga-vs-mezclilla\/\">Seguir leyendo<\/a>\t\t\t\t\t<\/div>\n\t\t\t\t\t\t\t\t\t<\/div>\n\t<\/div>\n<\/article>\n\n\t\t\t\t\t<\/div>\n\t\t\t\t<div class=\"wd-carousel-item\">\n\t\t\t\t\t\t\t\n<article id=\"post-5601\" class=\"wd-post blog-design-masonry blog-post-loop blog-style-bg wd-add-shadow post-5601 post type-post status-publish format-standard has-post-thumbnail hentry category-denim-knowledge\">\n\t<div class=\"wd-post-inner article-inner\">\n\t\t\t\t\t<div class=\"wd-post-thumb entry-header\">\n\t\t\t\t\t\t\t\t\t<div class=\"wd-post-img post-img-wrapp\">\n\t\t\t\t\t\t<img loading=\"lazy\" decoding=\"async\" width=\"150\" height=\"150\" src=\"https:\/\/lydenim.com\/wp-content\/uploads\/2025\/06\/Raw-Denim-Fabric-A-Comprehensive-Guide-to-Raw-and-Selvedge-Denim-150x150.jpg\" class=\"attachment-thumbnail size-thumbnail\" alt=\"\" srcset=\"https:\/\/lydenim.com\/wp-content\/uploads\/2025\/06\/Raw-Denim-Fabric-A-Comprehensive-Guide-to-Raw-and-Selvedge-Denim-150x150.jpg 150w, https:\/\/lydenim.com\/wp-content\/uploads\/2025\/06\/Raw-Denim-Fabric-A-Comprehensive-Guide-to-Raw-and-Selvedge-Denim-300x300.jpg 300w, https:\/\/lydenim.com\/wp-content\/uploads\/2025\/06\/Raw-Denim-Fabric-A-Comprehensive-Guide-to-Raw-and-Selvedge-Denim-45x45.jpg 45w\" sizes=\"auto, (max-width: 150px) 100vw, 150px\" \/>\t\t\t\t\t<\/div>\n\t\t\t\t\t<a class=\"wd-fill\" href=\"https:\/\/lydenim.com\/es\/tela-de-mezclilla-cruda-una-guia-completa-sobre-mezclilla-cruda-y-con-orillo\/\"><\/a>\n\t\t\t\t\n\t\t\t\t\t\t\t\t\t\t\t\t<div class=\"wd-post-date wd-style-with-bg\">\n\t\t\t\t<span class=\"post-date-day\">\n\t\t\t\t\t30\t\t\t\t<\/span>\n\t\t\t\t<span class=\"post-date-month\">\n\t\t\t\t\tJun\t\t\t\t<\/span>\n\t\t\t<\/div>\n\t\t\t\t\t\t\t\t\t<\/div>\n\t\t\n\t\t<div class=\"wd-post-content article-body-container\">\n\t\t\t\t\t\t\t<div class=\"wd-post-cat wd-style-with-bg meta-post-categories\">\n\t\t\t\t\t<a href=\"https:\/\/lydenim.com\/es\/category\/conocimiento-de-mezclilla\/\" rel=\"category tag\">Conocimiento del denim<\/a>\t\t\t\t<\/div>\n\t\t\t\n\t\t\t\t\t\t\t<h3 class=\"wd-post-title wd-entities-title title post-title\">\n\t\t\t\t\t<a href=\"https:\/\/lydenim.com\/es\/tela-de-mezclilla-cruda-una-guia-completa-sobre-mezclilla-cruda-y-con-orillo\/\" rel=\"bookmark\">\n\t\t\t\t\t\tTela vaquera cruda: una gu\u00eda completa sobre mezclilla cruda y con orillo\t\t\t\t\t<\/a>\n\t\t\t\t<\/h3>\n\t\t\t\n\t\t\t\t\t\t\t<div class=\"wd-post-meta\">\n\t\t\t\t\t\t\t\t\t\t\t\t\t\t\t<div class=\"wd-post-author\">\n\t\t\t\t\t\t\t\t\t\t\t<span>Publicado por<\/span>\n\t\t\n\t\t\t\t\t\t\t\n\t\t\t\t\t<a href=\"https:\/\/lydenim.com\/es\/author\/malonematthewmmgmail-com\/\" class=\"author\" rel=\"author\">malonematthewmm@gmail.com<\/a>\n\t\t\t\t\t\t\t\t\t<\/div>\n\t\t\t\t\t<div class=\"wd-modified-date\">\n\t\t\t\t\t\t\t\t<time class=\"updated\" datetime=\"2025-08-24T13:42:38+08:00\">\n\t\t\t24\/08\/2025\t\t<\/time>\n\t\t\t\t\t\t\t<\/div>\n\n\t\t\t\t\t\t\t\t\t\t\t<div class=\"wd-post-share wd-tltp\">\n\t\t\t\t\t\t\t<div class=\"tooltip top\">\n\t\t\t\t\t\t\t\t<div class=\"tooltip-inner\">\n\t\t\t\t\t\t\t\t\t\t\t\t<div\n\t\t\t\t\t\tclass=\"wd-social-icons wd-style-default wd-size-small social-share wd-shape-circle color-scheme-light text-center\">\n\t\t\t\t\n\t\t\t\t\n\t\t\t\t\t\t\t\t\t<a rel=\"noopener noreferrer nofollow\" href=\"https:\/\/www.facebook.com\/sharer\/sharer.php?u=https:\/\/lydenim.com\/es\/tela-de-mezclilla-cruda-una-guia-completa-sobre-mezclilla-cruda-y-con-orillo\/\" target=\"_blank\" class=\"wd-social-icon social-facebook\" aria-label=\"Enlace social de Facebook\">\n\t\t\t\t\t\t<span class=\"wd-icon\"><\/span>\n\t\t\t\t\t\t\t\t\t\t\t<\/a>\n\t\t\t\t\n\t\t\t\t\t\t\t\t\t<a rel=\"noopener noreferrer nofollow\" href=\"https:\/\/x.com\/share?url=https:\/\/lydenim.com\/es\/tela-de-mezclilla-cruda-una-guia-completa-sobre-mezclilla-cruda-y-con-orillo\/\" target=\"_blank\" class=\"wd-social-icon social-twitter\" aria-label=\"X enlace social\">\n\t\t\t\t\t\t<span class=\"wd-icon\"><\/span>\n\t\t\t\t\t\t\t\t\t\t\t<\/a>\n\t\t\t\t\n\t\t\t\t\n\t\t\t\t\n\t\t\t\t\n\t\t\t\t\n\t\t\t\t\n\t\t\t\t\t\t\t\t\t<a rel=\"noopener noreferrer nofollow\" href=\"https:\/\/pinterest.com\/pin\/create\/button\/?url=https:\/\/lydenim.com\/es\/tela-de-mezclilla-cruda-una-guia-completa-sobre-mezclilla-cruda-y-con-orillo\/&media=https:\/\/lydenim.com\/wp-content\/uploads\/2025\/06\/Raw-Denim-Fabric-A-Comprehensive-Guide-to-Raw-and-Selvedge-Denim.jpg&description=Raw+Denim+Fabric%3A+A+Comprehensive+Guide+to+Raw+and+Selvedge+Denim\" target=\"_blank\" class=\"wd-social-icon social-pinterest\" aria-label=\"Enlace social de Pinterest\">\n\t\t\t\t\t\t<span class=\"wd-icon\"><\/span>\n\t\t\t\t\t\t\t\t\t\t\t<\/a>\n\t\t\t\t\n\t\t\t\t\n\t\t\t\t\t\t\t\t\t<a rel=\"noopener noreferrer nofollow\" href=\"https:\/\/www.linkedin.com\/shareArticle?mini=true&url=https:\/\/lydenim.com\/es\/tela-de-mezclilla-cruda-una-guia-completa-sobre-mezclilla-cruda-y-con-orillo\/\" target=\"_blank\" class=\"wd-social-icon social-linkedin\" aria-label=\"Enlace social de Linkedin\">\n\t\t\t\t\t\t<span class=\"wd-icon\"><\/span>\n\t\t\t\t\t\t\t\t\t\t\t<\/a>\n\t\t\t\t\n\t\t\t\t\n\t\t\t\t\n\t\t\t\t\n\t\t\t\t\n\t\t\t\t\n\t\t\t\t\n\t\t\t\t\n\t\t\t\t\n\t\t\t\t\n\t\t\t\t\n\t\t\t\t\n\t\t\t\t\n\t\t\t\t\n\t\t\t\t\n\t\t\t\t\t\t\t\t\t<a rel=\"noopener noreferrer nofollow\" href=\"https:\/\/telegram.me\/share\/url?url=https:\/\/lydenim.com\/es\/tela-de-mezclilla-cruda-una-guia-completa-sobre-mezclilla-cruda-y-con-orillo\/\" target=\"_blank\" class=\"wd-social-icon social-tg\" aria-label=\"Enlace social de Telegram\">\n\t\t\t\t\t\t<span class=\"wd-icon\"><\/span>\n\t\t\t\t\t\t\t\t\t\t\t<\/a>\n\t\t\t\t\n\t\t\t\t\n\t\t\t<\/div>\n\n\t\t\t\t\t\t\t\t\t\t<\/div>\n\t\t\t\t\t\t\t\t<div class=\"tooltip-arrow\"><\/div>\n\t\t\t\t\t\t\t<\/div>\n\t\t\t\t\t\t<\/div>\n\t\t\t\t\t\n\t\t\t\t\t\t\t\t\t<\/div>\n\t\t\t\n\t\t\t\t\t\t\t<div class=\"wd-post-excerpt entry-content\">\n\t\t\t\t\tTiempo estimado de lectura: \uff5e6 minutos Introducci\u00f3n La tela de mezclilla cruda sirve como un elemento fundamental de la moda contempor\u00e1nea al tiempo que repre...\t\t\t\t<\/div>\n\t\t\t\n\t\t\t\t\t\t\t\t\t\t\t\t<div class=\"wd-post-read-more wd-style-link read-more-section\">\n\t\t\t\t\t\t<a class=\"\" href=\"https:\/\/lydenim.com\/es\/tela-de-mezclilla-cruda-una-guia-completa-sobre-mezclilla-cruda-y-con-orillo\/\">Seguir leyendo<\/a>\t\t\t\t\t<\/div>\n\t\t\t\t\t\t\t\t\t<\/div>\n\t<\/div>\n<\/article>\n\n\t\t\t\t\t<\/div>\n\t\t\t\t<div class=\"wd-carousel-item\">\n\t\t\t\t\t\t\t\n<article id=\"post-5635\" class=\"wd-post blog-design-masonry blog-post-loop blog-style-bg wd-add-shadow post-5635 post type-post status-publish format-standard has-post-thumbnail hentry category-garment\">\n\t<div class=\"wd-post-inner article-inner\">\n\t\t\t\t\t<div class=\"wd-post-thumb entry-header\">\n\t\t\t\t\t\t\t\t\t<div class=\"wd-post-img post-img-wrapp\">\n\t\t\t\t\t\t<img loading=\"lazy\" decoding=\"async\" width=\"150\" height=\"150\" src=\"https:\/\/lydenim.com\/wp-content\/uploads\/2025\/06\/Designer-Jeans-150x150.jpg\" class=\"attachment-thumbnail size-thumbnail\" alt=\"\" srcset=\"https:\/\/lydenim.com\/wp-content\/uploads\/2025\/06\/Designer-Jeans-150x150.jpg 150w, https:\/\/lydenim.com\/wp-content\/uploads\/2025\/06\/Designer-Jeans-300x300.jpg 300w, https:\/\/lydenim.com\/wp-content\/uploads\/2025\/06\/Designer-Jeans-45x45.jpg 45w\" sizes=\"auto, (max-width: 150px) 100vw, 150px\" \/>\t\t\t\t\t<\/div>\n\t\t\t\t\t<a class=\"wd-fill\" href=\"https:\/\/lydenim.com\/es\/vaqueros-de-disenador\/\"><\/a>\n\t\t\t\t\n\t\t\t\t\t\t\t\t\t\t\t\t<div class=\"wd-post-date wd-style-with-bg\">\n\t\t\t\t<span class=\"post-date-day\">\n\t\t\t\t\t30\t\t\t\t<\/span>\n\t\t\t\t<span class=\"post-date-month\">\n\t\t\t\t\tJun\t\t\t\t<\/span>\n\t\t\t<\/div>\n\t\t\t\t\t\t\t\t\t<\/div>\n\t\t\n\t\t<div class=\"wd-post-content article-body-container\">\n\t\t\t\t\t\t\t<div class=\"wd-post-cat wd-style-with-bg meta-post-categories\">\n\t\t\t\t\t<a href=\"https:\/\/lydenim.com\/es\/category\/prenda\/\" rel=\"category tag\">PRENDA<\/a>\t\t\t\t<\/div>\n\t\t\t\n\t\t\t\t\t\t\t<h3 class=\"wd-post-title wd-entities-title title post-title\">\n\t\t\t\t\t<a href=\"https:\/\/lydenim.com\/es\/vaqueros-de-disenador\/\" rel=\"bookmark\">\n\t\t\t\t\t\tJeans de dise\u00f1ador: Tendencias de moda de 2025, consejos de estilo y potencial de mercado\t\t\t\t\t<\/a>\n\t\t\t\t<\/h3>\n\t\t\t\n\t\t\t\t\t\t\t<div class=\"wd-post-meta\">\n\t\t\t\t\t\t\t\t\t\t\t\t\t\t\t<div class=\"wd-post-author\">\n\t\t\t\t\t\t\t\t\t\t\t<span>Publicado por<\/span>\n\t\t\n\t\t\t\t\t\t\t\n\t\t\t\t\t<a href=\"https:\/\/lydenim.com\/es\/author\/malonematthewmmgmail-com\/\" class=\"author\" rel=\"author\">malonematthewmm@gmail.com<\/a>\n\t\t\t\t\t\t\t\t\t<\/div>\n\t\t\t\t\t<div class=\"wd-modified-date\">\n\t\t\t\t\t\t\t\t<time class=\"updated\" datetime=\"2025-08-24T13:42:15+08:00\">\n\t\t\t24\/08\/2025\t\t<\/time>\n\t\t\t\t\t\t\t<\/div>\n\n\t\t\t\t\t\t\t\t\t\t\t<div class=\"wd-post-share wd-tltp\">\n\t\t\t\t\t\t\t<div class=\"tooltip top\">\n\t\t\t\t\t\t\t\t<div class=\"tooltip-inner\">\n\t\t\t\t\t\t\t\t\t\t\t\t<div\n\t\t\t\t\t\tclass=\"wd-social-icons wd-style-default wd-size-small social-share wd-shape-circle color-scheme-light text-center\">\n\t\t\t\t\n\t\t\t\t\n\t\t\t\t\t\t\t\t\t<a rel=\"noopener noreferrer nofollow\" href=\"https:\/\/www.facebook.com\/sharer\/sharer.php?u=https:\/\/lydenim.com\/es\/vaqueros-de-disenador\/\" target=\"_blank\" class=\"wd-social-icon social-facebook\" aria-label=\"Enlace social de Facebook\">\n\t\t\t\t\t\t<span class=\"wd-icon\"><\/span>\n\t\t\t\t\t\t\t\t\t\t\t<\/a>\n\t\t\t\t\n\t\t\t\t\t\t\t\t\t<a rel=\"noopener noreferrer nofollow\" href=\"https:\/\/x.com\/share?url=https:\/\/lydenim.com\/es\/vaqueros-de-disenador\/\" target=\"_blank\" class=\"wd-social-icon social-twitter\" aria-label=\"X enlace social\">\n\t\t\t\t\t\t<span class=\"wd-icon\"><\/span>\n\t\t\t\t\t\t\t\t\t\t\t<\/a>\n\t\t\t\t\n\t\t\t\t\n\t\t\t\t\n\t\t\t\t\n\t\t\t\t\n\t\t\t\t\n\t\t\t\t\t\t\t\t\t<a rel=\"noopener noreferrer nofollow\" href=\"https:\/\/pinterest.com\/pin\/create\/button\/?url=https:\/\/lydenim.com\/es\/vaqueros-de-disenador\/&media=https:\/\/lydenim.com\/wp-content\/uploads\/2025\/06\/Designer-Jeans.jpg&description=Designer+Jeans%3A+2025+Fashion+Trends%2C+Styling+Tips%2C+and+Market+Potential\" target=\"_blank\" class=\"wd-social-icon social-pinterest\" aria-label=\"Enlace social de Pinterest\">\n\t\t\t\t\t\t<span class=\"wd-icon\"><\/span>\n\t\t\t\t\t\t\t\t\t\t\t<\/a>\n\t\t\t\t\n\t\t\t\t\n\t\t\t\t\t\t\t\t\t<a rel=\"noopener noreferrer nofollow\" href=\"https:\/\/www.linkedin.com\/shareArticle?mini=true&url=https:\/\/lydenim.com\/es\/vaqueros-de-disenador\/\" target=\"_blank\" class=\"wd-social-icon social-linkedin\" aria-label=\"Enlace social de Linkedin\">\n\t\t\t\t\t\t<span class=\"wd-icon\"><\/span>\n\t\t\t\t\t\t\t\t\t\t\t<\/a>\n\t\t\t\t\n\t\t\t\t\n\t\t\t\t\n\t\t\t\t\n\t\t\t\t\n\t\t\t\t\n\t\t\t\t\n\t\t\t\t\n\t\t\t\t\n\t\t\t\t\n\t\t\t\t\n\t\t\t\t\n\t\t\t\t\n\t\t\t\t\n\t\t\t\t\n\t\t\t\t\t\t\t\t\t<a rel=\"noopener noreferrer nofollow\" href=\"https:\/\/telegram.me\/share\/url?url=https:\/\/lydenim.com\/es\/vaqueros-de-disenador\/\" target=\"_blank\" class=\"wd-social-icon social-tg\" aria-label=\"Enlace social de Telegram\">\n\t\t\t\t\t\t<span class=\"wd-icon\"><\/span>\n\t\t\t\t\t\t\t\t\t\t\t<\/a>\n\t\t\t\t\n\t\t\t\t\n\t\t\t<\/div>\n\n\t\t\t\t\t\t\t\t\t\t<\/div>\n\t\t\t\t\t\t\t\t<div class=\"tooltip-arrow\"><\/div>\n\t\t\t\t\t\t\t<\/div>\n\t\t\t\t\t\t<\/div>\n\t\t\t\t\t\n\t\t\t\t\t\t\t\t\t<\/div>\n\t\t\t\n\t\t\t\t\t\t\t<div class=\"wd-post-excerpt entry-content\">\n\t\t\t\t\tTiempo estimado de lectura: ~3 minutos Introducci\u00f3n Los jeans de dise\u00f1ador son la c\u00faspide de la moda en 2025, combinando la comodidad del denim con...\t\t\t\t<\/div>\n\t\t\t\n\t\t\t\t\t\t\t\t\t\t\t\t<div class=\"wd-post-read-more wd-style-link read-more-section\">\n\t\t\t\t\t\t<a class=\"\" href=\"https:\/\/lydenim.com\/es\/vaqueros-de-disenador\/\">Seguir leyendo<\/a>\t\t\t\t\t<\/div>\n\t\t\t\t\t\t\t\t\t<\/div>\n\t<\/div>\n<\/article>\n\n\t\t\t\t\t<\/div>\n\t\t\t\t<div class=\"wd-carousel-item\">\n\t\t\t\t\t\t\t\n<article id=\"post-5611\" class=\"wd-post blog-design-masonry blog-post-loop blog-style-bg wd-add-shadow post-5611 post type-post status-publish format-standard has-post-thumbnail hentry category-denim-knowledge\">\n\t<div class=\"wd-post-inner article-inner\">\n\t\t\t\t\t<div class=\"wd-post-thumb entry-header\">\n\t\t\t\t\t\t\t\t\t<div class=\"wd-post-img post-img-wrapp\">\n\t\t\t\t\t\t<img loading=\"lazy\" decoding=\"async\" width=\"150\" height=\"150\" src=\"https:\/\/lydenim.com\/wp-content\/uploads\/2025\/06\/Light-Colored-Jeans-1-150x150.jpg\" class=\"attachment-thumbnail size-thumbnail\" alt=\"\" srcset=\"https:\/\/lydenim.com\/wp-content\/uploads\/2025\/06\/Light-Colored-Jeans-1-150x150.jpg 150w, https:\/\/lydenim.com\/wp-content\/uploads\/2025\/06\/Light-Colored-Jeans-1-300x300.jpg 300w, https:\/\/lydenim.com\/wp-content\/uploads\/2025\/06\/Light-Colored-Jeans-1-45x45.jpg 45w\" sizes=\"auto, (max-width: 150px) 100vw, 150px\" \/>\t\t\t\t\t<\/div>\n\t\t\t\t\t<a class=\"wd-fill\" href=\"https:\/\/lydenim.com\/es\/jeans-de-color-claro\/\"><\/a>\n\t\t\t\t\n\t\t\t\t\t\t\t\t\t\t\t\t<div class=\"wd-post-date wd-style-with-bg\">\n\t\t\t\t<span class=\"post-date-day\">\n\t\t\t\t\t29\t\t\t\t<\/span>\n\t\t\t\t<span class=\"post-date-month\">\n\t\t\t\t\tJun\t\t\t\t<\/span>\n\t\t\t<\/div>\n\t\t\t\t\t\t\t\t\t<\/div>\n\t\t\n\t\t<div class=\"wd-post-content article-body-container\">\n\t\t\t\t\t\t\t<div class=\"wd-post-cat wd-style-with-bg meta-post-categories\">\n\t\t\t\t\t<a href=\"https:\/\/lydenim.com\/es\/category\/conocimiento-de-mezclilla\/\" rel=\"category tag\">Conocimiento del denim<\/a>\t\t\t\t<\/div>\n\t\t\t\n\t\t\t\t\t\t\t<h3 class=\"wd-post-title wd-entities-title title post-title\">\n\t\t\t\t\t<a href=\"https:\/\/lydenim.com\/es\/jeans-de-color-claro\/\" rel=\"bookmark\">\n\t\t\t\t\t\tJeans de colores claros: tendencias de moda de 2025, consejos de estilo y potencial de mercado\t\t\t\t\t<\/a>\n\t\t\t\t<\/h3>\n\t\t\t\n\t\t\t\t\t\t\t<div class=\"wd-post-meta\">\n\t\t\t\t\t\t\t\t\t\t\t\t\t\t\t<div class=\"wd-post-author\">\n\t\t\t\t\t\t\t\t\t\t\t<span>Publicado por<\/span>\n\t\t\n\t\t\t\t\t\t\t\n\t\t\t\t\t<a href=\"https:\/\/lydenim.com\/es\/author\/malonematthewmmgmail-com\/\" class=\"author\" rel=\"author\">malonematthewmm@gmail.com<\/a>\n\t\t\t\t\t\t\t\t\t<\/div>\n\t\t\t\t\t<div class=\"wd-modified-date\">\n\t\t\t\t\t\t\t\t<time class=\"updated\" datetime=\"2025-08-24T13:41:48+08:00\">\n\t\t\t24\/08\/2025\t\t<\/time>\n\t\t\t\t\t\t\t<\/div>\n\n\t\t\t\t\t\t\t\t\t\t\t<div class=\"wd-post-share wd-tltp\">\n\t\t\t\t\t\t\t<div class=\"tooltip top\">\n\t\t\t\t\t\t\t\t<div class=\"tooltip-inner\">\n\t\t\t\t\t\t\t\t\t\t\t\t<div\n\t\t\t\t\t\tclass=\"wd-social-icons wd-style-default wd-size-small social-share wd-shape-circle color-scheme-light text-center\">\n\t\t\t\t\n\t\t\t\t\n\t\t\t\t\t\t\t\t\t<a rel=\"noopener noreferrer nofollow\" href=\"https:\/\/www.facebook.com\/sharer\/sharer.php?u=https:\/\/lydenim.com\/es\/jeans-de-color-claro\/\" target=\"_blank\" class=\"wd-social-icon social-facebook\" aria-label=\"Enlace social de Facebook\">\n\t\t\t\t\t\t<span class=\"wd-icon\"><\/span>\n\t\t\t\t\t\t\t\t\t\t\t<\/a>\n\t\t\t\t\n\t\t\t\t\t\t\t\t\t<a rel=\"noopener noreferrer nofollow\" href=\"https:\/\/x.com\/share?url=https:\/\/lydenim.com\/es\/jeans-de-color-claro\/\" target=\"_blank\" class=\"wd-social-icon social-twitter\" aria-label=\"X enlace social\">\n\t\t\t\t\t\t<span class=\"wd-icon\"><\/span>\n\t\t\t\t\t\t\t\t\t\t\t<\/a>\n\t\t\t\t\n\t\t\t\t\n\t\t\t\t\n\t\t\t\t\n\t\t\t\t\n\t\t\t\t\n\t\t\t\t\t\t\t\t\t<a rel=\"noopener noreferrer nofollow\" href=\"https:\/\/pinterest.com\/pin\/create\/button\/?url=https:\/\/lydenim.com\/es\/jeans-de-color-claro\/&media=https:\/\/lydenim.com\/wp-content\/uploads\/2025\/06\/Light-Colored-Jeans-1.jpg&description=Light+Colored+Jeans%3A+2025+Fashion+Trends%2C+Styling+Tips%2C+and+Market+Potential\" target=\"_blank\" class=\"wd-social-icon social-pinterest\" aria-label=\"Enlace social de Pinterest\">\n\t\t\t\t\t\t<span class=\"wd-icon\"><\/span>\n\t\t\t\t\t\t\t\t\t\t\t<\/a>\n\t\t\t\t\n\t\t\t\t\n\t\t\t\t\t\t\t\t\t<a rel=\"noopener noreferrer nofollow\" href=\"https:\/\/www.linkedin.com\/shareArticle?mini=true&url=https:\/\/lydenim.com\/es\/jeans-de-color-claro\/\" target=\"_blank\" class=\"wd-social-icon social-linkedin\" aria-label=\"Enlace social de Linkedin\">\n\t\t\t\t\t\t<span class=\"wd-icon\"><\/span>\n\t\t\t\t\t\t\t\t\t\t\t<\/a>\n\t\t\t\t\n\t\t\t\t\n\t\t\t\t\n\t\t\t\t\n\t\t\t\t\n\t\t\t\t\n\t\t\t\t\n\t\t\t\t\n\t\t\t\t\n\t\t\t\t\n\t\t\t\t\n\t\t\t\t\n\t\t\t\t\n\t\t\t\t\n\t\t\t\t\n\t\t\t\t\t\t\t\t\t<a rel=\"noopener noreferrer nofollow\" href=\"https:\/\/telegram.me\/share\/url?url=https:\/\/lydenim.com\/es\/jeans-de-color-claro\/\" target=\"_blank\" class=\"wd-social-icon social-tg\" aria-label=\"Enlace social de Telegram\">\n\t\t\t\t\t\t<span class=\"wd-icon\"><\/span>\n\t\t\t\t\t\t\t\t\t\t\t<\/a>\n\t\t\t\t\n\t\t\t\t\n\t\t\t<\/div>\n\n\t\t\t\t\t\t\t\t\t\t<\/div>\n\t\t\t\t\t\t\t\t<div class=\"tooltip-arrow\"><\/div>\n\t\t\t\t\t\t\t<\/div>\n\t\t\t\t\t\t<\/div>\n\t\t\t\t\t\n\t\t\t\t\t\t\t\t\t<\/div>\n\t\t\t\n\t\t\t\t\t\t\t<div class=\"wd-post-excerpt entry-content\">\n\t\t\t\t\tTiempo estimado de lectura: ~4 minutos Introducci\u00f3n Los jeans de colores claros regresar\u00e1n con fuerza al mundo de la moda en 2025. Desde clas...\t\t\t\t<\/div>\n\t\t\t\n\t\t\t\t\t\t\t\t\t\t\t\t<div class=\"wd-post-read-more wd-style-link read-more-section\">\n\t\t\t\t\t\t<a class=\"\" href=\"https:\/\/lydenim.com\/es\/jeans-de-color-claro\/\">Seguir leyendo<\/a>\t\t\t\t\t<\/div>\n\t\t\t\t\t\t\t\t\t<\/div>\n\t<\/div>\n<\/article>\n\n\t\t\t\t\t<\/div>\n\t\t\t\t<div class=\"wd-carousel-item\">\n\t\t\t\t\t\t\t\n<article id=\"post-5596\" class=\"wd-post blog-design-masonry blog-post-loop blog-style-bg wd-add-shadow post-5596 post type-post status-publish format-standard has-post-thumbnail hentry category-denim-knowledge\">\n\t<div class=\"wd-post-inner article-inner\">\n\t\t\t\t\t<div class=\"wd-post-thumb entry-header\">\n\t\t\t\t\t\t\t\t\t<div class=\"wd-post-img post-img-wrapp\">\n\t\t\t\t\t\t<img loading=\"lazy\" decoding=\"async\" width=\"150\" height=\"150\" src=\"https:\/\/lydenim.com\/wp-content\/uploads\/2025\/06\/What-Is-Chambray-Material-150x150.jpg\" class=\"attachment-thumbnail size-thumbnail\" alt=\"\" srcset=\"https:\/\/lydenim.com\/wp-content\/uploads\/2025\/06\/What-Is-Chambray-Material-150x150.jpg 150w, https:\/\/lydenim.com\/wp-content\/uploads\/2025\/06\/What-Is-Chambray-Material-300x300.jpg 300w, https:\/\/lydenim.com\/wp-content\/uploads\/2025\/06\/What-Is-Chambray-Material-45x45.jpg 45w\" sizes=\"auto, (max-width: 150px) 100vw, 150px\" \/>\t\t\t\t\t<\/div>\n\t\t\t\t\t<a class=\"wd-fill\" href=\"https:\/\/lydenim.com\/es\/que-es-el-chambray-una-guia-completa\/\"><\/a>\n\t\t\t\t\n\t\t\t\t\t\t\t\t\t\t\t\t<div class=\"wd-post-date wd-style-with-bg\">\n\t\t\t\t<span class=\"post-date-day\">\n\t\t\t\t\t28\t\t\t\t<\/span>\n\t\t\t\t<span class=\"post-date-month\">\n\t\t\t\t\tJun\t\t\t\t<\/span>\n\t\t\t<\/div>\n\t\t\t\t\t\t\t\t\t<\/div>\n\t\t\n\t\t<div class=\"wd-post-content article-body-container\">\n\t\t\t\t\t\t\t<div class=\"wd-post-cat wd-style-with-bg meta-post-categories\">\n\t\t\t\t\t<a href=\"https:\/\/lydenim.com\/es\/category\/conocimiento-de-mezclilla\/\" rel=\"category tag\">Conocimiento del denim<\/a>\t\t\t\t<\/div>\n\t\t\t\n\t\t\t\t\t\t\t<h3 class=\"wd-post-title wd-entities-title title post-title\">\n\t\t\t\t\t<a href=\"https:\/\/lydenim.com\/es\/que-es-el-chambray-una-guia-completa\/\" rel=\"bookmark\">\n\t\t\t\t\t\t\u00bfQu\u00e9 es el Chambray?: Una gu\u00eda completa\t\t\t\t\t<\/a>\n\t\t\t\t<\/h3>\n\t\t\t\n\t\t\t\t\t\t\t<div class=\"wd-post-meta\">\n\t\t\t\t\t\t\t\t\t\t\t\t\t\t\t<div class=\"wd-post-author\">\n\t\t\t\t\t\t\t\t\t\t\t<span>Publicado por<\/span>\n\t\t\n\t\t\t\t\t\t\t\n\t\t\t\t\t<a href=\"https:\/\/lydenim.com\/es\/author\/malonematthewmmgmail-com\/\" class=\"author\" rel=\"author\">malonematthewmm@gmail.com<\/a>\n\t\t\t\t\t\t\t\t\t<\/div>\n\t\t\t\t\t<div class=\"wd-modified-date\">\n\t\t\t\t\t\t\t\t<time class=\"updated\" datetime=\"2025-08-24T13:41:07+08:00\">\n\t\t\t24\/08\/2025\t\t<\/time>\n\t\t\t\t\t\t\t<\/div>\n\n\t\t\t\t\t\t\t\t\t\t\t<div class=\"wd-post-share wd-tltp\">\n\t\t\t\t\t\t\t<div class=\"tooltip top\">\n\t\t\t\t\t\t\t\t<div class=\"tooltip-inner\">\n\t\t\t\t\t\t\t\t\t\t\t\t<div\n\t\t\t\t\t\tclass=\"wd-social-icons wd-style-default wd-size-small social-share wd-shape-circle color-scheme-light text-center\">\n\t\t\t\t\n\t\t\t\t\n\t\t\t\t\t\t\t\t\t<a rel=\"noopener noreferrer nofollow\" href=\"https:\/\/www.facebook.com\/sharer\/sharer.php?u=https:\/\/lydenim.com\/es\/que-es-el-chambray-una-guia-completa\/\" target=\"_blank\" class=\"wd-social-icon social-facebook\" aria-label=\"Enlace social de Facebook\">\n\t\t\t\t\t\t<span class=\"wd-icon\"><\/span>\n\t\t\t\t\t\t\t\t\t\t\t<\/a>\n\t\t\t\t\n\t\t\t\t\t\t\t\t\t<a rel=\"noopener noreferrer nofollow\" href=\"https:\/\/x.com\/share?url=https:\/\/lydenim.com\/es\/que-es-el-chambray-una-guia-completa\/\" target=\"_blank\" class=\"wd-social-icon social-twitter\" aria-label=\"X enlace social\">\n\t\t\t\t\t\t<span class=\"wd-icon\"><\/span>\n\t\t\t\t\t\t\t\t\t\t\t<\/a>\n\t\t\t\t\n\t\t\t\t\n\t\t\t\t\n\t\t\t\t\n\t\t\t\t\n\t\t\t\t\n\t\t\t\t\t\t\t\t\t<a rel=\"noopener noreferrer nofollow\" href=\"https:\/\/pinterest.com\/pin\/create\/button\/?url=https:\/\/lydenim.com\/es\/que-es-el-chambray-una-guia-completa\/&media=https:\/\/lydenim.com\/wp-content\/uploads\/2025\/06\/What-Is-Chambray-Material.jpg&description=What+Is+Chambray+Material%3A+A+Comprehensive+Guide\" target=\"_blank\" class=\"wd-social-icon social-pinterest\" aria-label=\"Enlace social de Pinterest\">\n\t\t\t\t\t\t<span class=\"wd-icon\"><\/span>\n\t\t\t\t\t\t\t\t\t\t\t<\/a>\n\t\t\t\t\n\t\t\t\t\n\t\t\t\t\t\t\t\t\t<a rel=\"noopener noreferrer nofollow\" href=\"https:\/\/www.linkedin.com\/shareArticle?mini=true&url=https:\/\/lydenim.com\/es\/que-es-el-chambray-una-guia-completa\/\" target=\"_blank\" class=\"wd-social-icon social-linkedin\" aria-label=\"Enlace social de Linkedin\">\n\t\t\t\t\t\t<span class=\"wd-icon\"><\/span>\n\t\t\t\t\t\t\t\t\t\t\t<\/a>\n\t\t\t\t\n\t\t\t\t\n\t\t\t\t\n\t\t\t\t\n\t\t\t\t\n\t\t\t\t\n\t\t\t\t\n\t\t\t\t\n\t\t\t\t\n\t\t\t\t\n\t\t\t\t\n\t\t\t\t\n\t\t\t\t\n\t\t\t\t\n\t\t\t\t\n\t\t\t\t\t\t\t\t\t<a rel=\"noopener noreferrer nofollow\" href=\"https:\/\/telegram.me\/share\/url?url=https:\/\/lydenim.com\/es\/que-es-el-chambray-una-guia-completa\/\" target=\"_blank\" class=\"wd-social-icon social-tg\" aria-label=\"Enlace social de Telegram\">\n\t\t\t\t\t\t<span class=\"wd-icon\"><\/span>\n\t\t\t\t\t\t\t\t\t\t\t<\/a>\n\t\t\t\t\n\t\t\t\t\n\t\t\t<\/div>\n\n\t\t\t\t\t\t\t\t\t\t<\/div>\n\t\t\t\t\t\t\t\t<div class=\"tooltip-arrow\"><\/div>\n\t\t\t\t\t\t\t<\/div>\n\t\t\t\t\t\t<\/div>\n\t\t\t\t\t\n\t\t\t\t\t\t\t\t\t<\/div>\n\t\t\t\n\t\t\t\t\t\t\t<div class=\"wd-post-excerpt entry-content\">\n\t\t\t\t\tTiempo estimado de lectura: ~3 minutos Introducci\u00f3n El material Chambray, a menudo confundido con el denim, es un material textil vers\u00e1til y liviano.\t\t\t\t<\/div>\n\t\t\t\n\t\t\t\t\t\t\t\t\t\t\t\t<div class=\"wd-post-read-more wd-style-link read-more-section\">\n\t\t\t\t\t\t<a class=\"\" href=\"https:\/\/lydenim.com\/es\/que-es-el-chambray-una-guia-completa\/\">Seguir leyendo<\/a>\t\t\t\t\t<\/div>\n\t\t\t\t\t\t\t\t\t<\/div>\n\t<\/div>\n<\/article>\n\n\t\t\t\t\t<\/div>\n\t\t\t\t<div class=\"wd-carousel-item\">\n\t\t\t\t\t\t\t\n<article id=\"post-5594\" class=\"wd-post blog-design-masonry blog-post-loop blog-style-bg wd-add-shadow post-5594 post type-post status-publish format-standard has-post-thumbnail hentry category-denim-knowledge\">\n\t<div class=\"wd-post-inner article-inner\">\n\t\t\t\t\t<div class=\"wd-post-thumb entry-header\">\n\t\t\t\t\t\t\t\t\t<div class=\"wd-post-img post-img-wrapp\">\n\t\t\t\t\t\t<img loading=\"lazy\" decoding=\"async\" width=\"150\" height=\"150\" src=\"https:\/\/lydenim.com\/wp-content\/uploads\/2025\/06\/Denim-Stretch--150x150.jpg\" class=\"attachment-thumbnail size-thumbnail\" alt=\"\" srcset=\"https:\/\/lydenim.com\/wp-content\/uploads\/2025\/06\/Denim-Stretch--150x150.jpg 150w, https:\/\/lydenim.com\/wp-content\/uploads\/2025\/06\/Denim-Stretch--300x300.jpg 300w, https:\/\/lydenim.com\/wp-content\/uploads\/2025\/06\/Denim-Stretch--45x45.jpg 45w\" sizes=\"auto, (max-width: 150px) 100vw, 150px\" \/>\t\t\t\t\t<\/div>\n\t\t\t\t\t<a class=\"wd-fill\" href=\"https:\/\/lydenim.com\/es\/material-elastico-de-mezclilla-todo-lo-que-necesitas-saber\/\"><\/a>\n\t\t\t\t\n\t\t\t\t\t\t\t\t\t\t\t\t<div class=\"wd-post-date wd-style-with-bg\">\n\t\t\t\t<span class=\"post-date-day\">\n\t\t\t\t\t27\t\t\t\t<\/span>\n\t\t\t\t<span class=\"post-date-month\">\n\t\t\t\t\tJun\t\t\t\t<\/span>\n\t\t\t<\/div>\n\t\t\t\t\t\t\t\t\t<\/div>\n\t\t\n\t\t<div class=\"wd-post-content article-body-container\">\n\t\t\t\t\t\t\t<div class=\"wd-post-cat wd-style-with-bg meta-post-categories\">\n\t\t\t\t\t<a href=\"https:\/\/lydenim.com\/es\/category\/conocimiento-de-mezclilla\/\" rel=\"category tag\">Conocimiento del denim<\/a>\t\t\t\t<\/div>\n\t\t\t\n\t\t\t\t\t\t\t<h3 class=\"wd-post-title wd-entities-title title post-title\">\n\t\t\t\t\t<a href=\"https:\/\/lydenim.com\/es\/material-elastico-de-mezclilla-todo-lo-que-necesitas-saber\/\" rel=\"bookmark\">\n\t\t\t\t\t\tMaterial el\u00e1stico de mezclilla: todo lo que necesitas saber\t\t\t\t\t<\/a>\n\t\t\t\t<\/h3>\n\t\t\t\n\t\t\t\t\t\t\t<div class=\"wd-post-meta\">\n\t\t\t\t\t\t\t\t\t\t\t\t\t\t\t<div class=\"wd-post-author\">\n\t\t\t\t\t\t\t\t\t\t\t<span>Publicado por<\/span>\n\t\t\n\t\t\t\t\t\t\t\n\t\t\t\t\t<a href=\"https:\/\/lydenim.com\/es\/author\/malonematthewmmgmail-com\/\" class=\"author\" rel=\"author\">malonematthewmm@gmail.com<\/a>\n\t\t\t\t\t\t\t\t\t<\/div>\n\t\t\t\t\t<div class=\"wd-modified-date\">\n\t\t\t\t\t\t\t\t<time class=\"updated\" datetime=\"2025-08-24T13:40:04+08:00\">\n\t\t\t24\/08\/2025\t\t<\/time>\n\t\t\t\t\t\t\t<\/div>\n\n\t\t\t\t\t\t\t\t\t\t\t<div class=\"wd-post-share wd-tltp\">\n\t\t\t\t\t\t\t<div class=\"tooltip top\">\n\t\t\t\t\t\t\t\t<div class=\"tooltip-inner\">\n\t\t\t\t\t\t\t\t\t\t\t\t<div\n\t\t\t\t\t\tclass=\"wd-social-icons wd-style-default wd-size-small social-share wd-shape-circle color-scheme-light text-center\">\n\t\t\t\t\n\t\t\t\t\n\t\t\t\t\t\t\t\t\t<a rel=\"noopener noreferrer nofollow\" href=\"https:\/\/www.facebook.com\/sharer\/sharer.php?u=https:\/\/lydenim.com\/es\/material-elastico-de-mezclilla-todo-lo-que-necesitas-saber\/\" target=\"_blank\" class=\"wd-social-icon social-facebook\" aria-label=\"Enlace social de Facebook\">\n\t\t\t\t\t\t<span class=\"wd-icon\"><\/span>\n\t\t\t\t\t\t\t\t\t\t\t<\/a>\n\t\t\t\t\n\t\t\t\t\t\t\t\t\t<a rel=\"noopener noreferrer nofollow\" href=\"https:\/\/x.com\/share?url=https:\/\/lydenim.com\/es\/material-elastico-de-mezclilla-todo-lo-que-necesitas-saber\/\" target=\"_blank\" class=\"wd-social-icon social-twitter\" aria-label=\"X enlace social\">\n\t\t\t\t\t\t<span class=\"wd-icon\"><\/span>\n\t\t\t\t\t\t\t\t\t\t\t<\/a>\n\t\t\t\t\n\t\t\t\t\n\t\t\t\t\n\t\t\t\t\n\t\t\t\t\n\t\t\t\t\n\t\t\t\t\t\t\t\t\t<a rel=\"noopener noreferrer nofollow\" href=\"https:\/\/pinterest.com\/pin\/create\/button\/?url=https:\/\/lydenim.com\/es\/material-elastico-de-mezclilla-todo-lo-que-necesitas-saber\/&media=https:\/\/lydenim.com\/wp-content\/uploads\/2025\/06\/Denim-Stretch-.jpg&description=Denim+Stretch+Material%3A+Everything+You+Need+to+Know\" target=\"_blank\" class=\"wd-social-icon social-pinterest\" aria-label=\"Enlace social de Pinterest\">\n\t\t\t\t\t\t<span class=\"wd-icon\"><\/span>\n\t\t\t\t\t\t\t\t\t\t\t<\/a>\n\t\t\t\t\n\t\t\t\t\n\t\t\t\t\t\t\t\t\t<a rel=\"noopener noreferrer nofollow\" href=\"https:\/\/www.linkedin.com\/shareArticle?mini=true&url=https:\/\/lydenim.com\/es\/material-elastico-de-mezclilla-todo-lo-que-necesitas-saber\/\" target=\"_blank\" class=\"wd-social-icon social-linkedin\" aria-label=\"Enlace social de Linkedin\">\n\t\t\t\t\t\t<span class=\"wd-icon\"><\/span>\n\t\t\t\t\t\t\t\t\t\t\t<\/a>\n\t\t\t\t\n\t\t\t\t\n\t\t\t\t\n\t\t\t\t\n\t\t\t\t\n\t\t\t\t\n\t\t\t\t\n\t\t\t\t\n\t\t\t\t\n\t\t\t\t\n\t\t\t\t\n\t\t\t\t\n\t\t\t\t\n\t\t\t\t\n\t\t\t\t\n\t\t\t\t\t\t\t\t\t<a rel=\"noopener noreferrer nofollow\" href=\"https:\/\/telegram.me\/share\/url?url=https:\/\/lydenim.com\/es\/material-elastico-de-mezclilla-todo-lo-que-necesitas-saber\/\" target=\"_blank\" class=\"wd-social-icon social-tg\" aria-label=\"Enlace social de Telegram\">\n\t\t\t\t\t\t<span class=\"wd-icon\"><\/span>\n\t\t\t\t\t\t\t\t\t\t\t<\/a>\n\t\t\t\t\n\t\t\t\t\n\t\t\t<\/div>\n\n\t\t\t\t\t\t\t\t\t\t<\/div>\n\t\t\t\t\t\t\t\t<div class=\"tooltip-arrow\"><\/div>\n\t\t\t\t\t\t\t<\/div>\n\t\t\t\t\t\t<\/div>\n\t\t\t\t\t\n\t\t\t\t\t\t\t\t\t<\/div>\n\t\t\t\n\t\t\t\t\t\t\t<div class=\"wd-post-excerpt entry-content\">\n\t\t\t\t\tTiempo estimado de lectura: ~3 minutos Introducci\u00f3n El denim el\u00e1stico ha revolucionado el mundo de los jeans, combinando la durabilidad cl\u00e1sica...\t\t\t\t<\/div>\n\t\t\t\n\t\t\t\t\t\t\t\t\t\t\t\t<div class=\"wd-post-read-more wd-style-link read-more-section\">\n\t\t\t\t\t\t<a class=\"\" href=\"https:\/\/lydenim.com\/es\/material-elastico-de-mezclilla-todo-lo-que-necesitas-saber\/\">Seguir leyendo<\/a>\t\t\t\t\t<\/div>\n\t\t\t\t\t\t\t\t\t<\/div>\n\t<\/div>\n<\/article>\n\n\t\t\t\t\t<\/div>\n\t\t\t\t<div class=\"wd-carousel-item\">\n\t\t\t\t\t\t\t\n<article id=\"post-5580\" class=\"wd-post blog-design-masonry blog-post-loop blog-style-bg wd-add-shadow post-5580 post type-post status-publish format-standard has-post-thumbnail hentry category-garment\">\n\t<div class=\"wd-post-inner article-inner\">\n\t\t\t\t\t<div class=\"wd-post-thumb entry-header\">\n\t\t\t\t\t\t\t\t\t<div class=\"wd-post-img post-img-wrapp\">\n\t\t\t\t\t\t<img loading=\"lazy\" decoding=\"async\" width=\"150\" height=\"150\" src=\"https:\/\/lydenim.com\/wp-content\/uploads\/2025\/06\/Dsquared2-2026-Early-Spring-Resort-Collection-150x150.jpg\" class=\"attachment-thumbnail size-thumbnail\" alt=\"\" srcset=\"https:\/\/lydenim.com\/wp-content\/uploads\/2025\/06\/Dsquared2-2026-Early-Spring-Resort-Collection-150x150.jpg 150w, https:\/\/lydenim.com\/wp-content\/uploads\/2025\/06\/Dsquared2-2026-Early-Spring-Resort-Collection-300x300.jpg 300w, https:\/\/lydenim.com\/wp-content\/uploads\/2025\/06\/Dsquared2-2026-Early-Spring-Resort-Collection-45x45.jpg 45w\" sizes=\"auto, (max-width: 150px) 100vw, 150px\" \/>\t\t\t\t\t<\/div>\n\t\t\t\t\t<a class=\"wd-fill\" href=\"https:\/\/lydenim.com\/es\/coleccion-resort-de-principios-de-primavera-2026-de-dsquared2\/\"><\/a>\n\t\t\t\t\n\t\t\t\t\t\t\t\t\t\t\t\t<div class=\"wd-post-date wd-style-with-bg\">\n\t\t\t\t<span class=\"post-date-day\">\n\t\t\t\t\t26\t\t\t\t<\/span>\n\t\t\t\t<span class=\"post-date-month\">\n\t\t\t\t\tJun\t\t\t\t<\/span>\n\t\t\t<\/div>\n\t\t\t\t\t\t\t\t\t<\/div>\n\t\t\n\t\t<div class=\"wd-post-content article-body-container\">\n\t\t\t\t\t\t\t<div class=\"wd-post-cat wd-style-with-bg meta-post-categories\">\n\t\t\t\t\t<a href=\"https:\/\/lydenim.com\/es\/category\/prenda\/\" rel=\"category tag\">PRENDA<\/a>\t\t\t\t<\/div>\n\t\t\t\n\t\t\t\t\t\t\t<h3 class=\"wd-post-title wd-entities-title title post-title\">\n\t\t\t\t\t<a href=\"https:\/\/lydenim.com\/es\/coleccion-resort-de-principios-de-primavera-2026-de-dsquared2\/\" rel=\"bookmark\">\n\t\t\t\t\t\tColecci\u00f3n Resort de Primavera 2026 de Dsquared2\t\t\t\t\t<\/a>\n\t\t\t\t<\/h3>\n\t\t\t\n\t\t\t\t\t\t\t<div class=\"wd-post-meta\">\n\t\t\t\t\t\t\t\t\t\t\t\t\t\t\t<div class=\"wd-post-author\">\n\t\t\t\t\t\t\t\t\t\t\t<span>Publicado por<\/span>\n\t\t\n\t\t\t\t\t\t\t\n\t\t\t\t\t<a href=\"https:\/\/lydenim.com\/es\/author\/malonematthewmmgmail-com\/\" class=\"author\" rel=\"author\">malonematthewmm@gmail.com<\/a>\n\t\t\t\t\t\t\t\t\t<\/div>\n\t\t\t\t\t<div class=\"wd-modified-date\">\n\t\t\t\t\t\t\t\t<time class=\"updated\" datetime=\"2025-08-24T13:38:49+08:00\">\n\t\t\t24\/08\/2025\t\t<\/time>\n\t\t\t\t\t\t\t<\/div>\n\n\t\t\t\t\t\t\t\t\t\t\t<div class=\"wd-post-share wd-tltp\">\n\t\t\t\t\t\t\t<div class=\"tooltip top\">\n\t\t\t\t\t\t\t\t<div class=\"tooltip-inner\">\n\t\t\t\t\t\t\t\t\t\t\t\t<div\n\t\t\t\t\t\tclass=\"wd-social-icons wd-style-default wd-size-small social-share wd-shape-circle color-scheme-light text-center\">\n\t\t\t\t\n\t\t\t\t\n\t\t\t\t\t\t\t\t\t<a rel=\"noopener noreferrer nofollow\" href=\"https:\/\/www.facebook.com\/sharer\/sharer.php?u=https:\/\/lydenim.com\/es\/coleccion-resort-de-principios-de-primavera-2026-de-dsquared2\/\" target=\"_blank\" class=\"wd-social-icon social-facebook\" aria-label=\"Enlace social de Facebook\">\n\t\t\t\t\t\t<span class=\"wd-icon\"><\/span>\n\t\t\t\t\t\t\t\t\t\t\t<\/a>\n\t\t\t\t\n\t\t\t\t\t\t\t\t\t<a rel=\"noopener noreferrer nofollow\" href=\"https:\/\/x.com\/share?url=https:\/\/lydenim.com\/es\/coleccion-resort-de-principios-de-primavera-2026-de-dsquared2\/\" target=\"_blank\" class=\"wd-social-icon social-twitter\" aria-label=\"X enlace social\">\n\t\t\t\t\t\t<span class=\"wd-icon\"><\/span>\n\t\t\t\t\t\t\t\t\t\t\t<\/a>\n\t\t\t\t\n\t\t\t\t\n\t\t\t\t\n\t\t\t\t\n\t\t\t\t\n\t\t\t\t\n\t\t\t\t\t\t\t\t\t<a rel=\"noopener noreferrer nofollow\" href=\"https:\/\/pinterest.com\/pin\/create\/button\/?url=https:\/\/lydenim.com\/es\/coleccion-resort-de-principios-de-primavera-2026-de-dsquared2\/&media=https:\/\/lydenim.com\/wp-content\/uploads\/2025\/06\/Dsquared2-2026-Early-Spring-Resort-Collection.jpg&description=Dsquared2+2026+Early+Spring+Resort+Collection\" target=\"_blank\" class=\"wd-social-icon social-pinterest\" aria-label=\"Enlace social de Pinterest\">\n\t\t\t\t\t\t<span class=\"wd-icon\"><\/span>\n\t\t\t\t\t\t\t\t\t\t\t<\/a>\n\t\t\t\t\n\t\t\t\t\n\t\t\t\t\t\t\t\t\t<a rel=\"noopener noreferrer nofollow\" href=\"https:\/\/www.linkedin.com\/shareArticle?mini=true&url=https:\/\/lydenim.com\/es\/coleccion-resort-de-principios-de-primavera-2026-de-dsquared2\/\" target=\"_blank\" class=\"wd-social-icon social-linkedin\" aria-label=\"Enlace social de Linkedin\">\n\t\t\t\t\t\t<span class=\"wd-icon\"><\/span>\n\t\t\t\t\t\t\t\t\t\t\t<\/a>\n\t\t\t\t\n\t\t\t\t\n\t\t\t\t\n\t\t\t\t\n\t\t\t\t\n\t\t\t\t\n\t\t\t\t\n\t\t\t\t\n\t\t\t\t\n\t\t\t\t\n\t\t\t\t\n\t\t\t\t\n\t\t\t\t\n\t\t\t\t\n\t\t\t\t\n\t\t\t\t\t\t\t\t\t<a rel=\"noopener noreferrer nofollow\" href=\"https:\/\/telegram.me\/share\/url?url=https:\/\/lydenim.com\/es\/coleccion-resort-de-principios-de-primavera-2026-de-dsquared2\/\" target=\"_blank\" class=\"wd-social-icon social-tg\" aria-label=\"Enlace social de Telegram\">\n\t\t\t\t\t\t<span class=\"wd-icon\"><\/span>\n\t\t\t\t\t\t\t\t\t\t\t<\/a>\n\t\t\t\t\n\t\t\t\t\n\t\t\t<\/div>\n\n\t\t\t\t\t\t\t\t\t\t<\/div>\n\t\t\t\t\t\t\t\t<div class=\"tooltip-arrow\"><\/div>\n\t\t\t\t\t\t\t<\/div>\n\t\t\t\t\t\t<\/div>\n\t\t\t\t\t\n\t\t\t\t\t\t\t\t\t<\/div>\n\t\t\t\n\t\t\t\t\t\t\t<div class=\"wd-post-excerpt entry-content\">\n\t\t\t\t\tTiempo estimado de lectura: ~2 minutos Introducci\u00f3n La colecci\u00f3n Resort de primavera temprana 2026 de Dsquared2 presenta una idea revolucionaria: &quot;d...\t\t\t\t<\/div>\n\t\t\t\n\t\t\t\t\t\t\t\t\t\t\t\t<div class=\"wd-post-read-more wd-style-link read-more-section\">\n\t\t\t\t\t\t<a class=\"\" href=\"https:\/\/lydenim.com\/es\/coleccion-resort-de-principios-de-primavera-2026-de-dsquared2\/\">Seguir leyendo<\/a>\t\t\t\t\t<\/div>\n\t\t\t\t\t\t\t\t\t<\/div>\n\t<\/div>\n<\/article>\n\n\t\t\t\t\t<\/div>\n\t\t\t\t<div class=\"wd-carousel-item\">\n\t\t\t\t\t\t\t\n<article id=\"post-5531\" class=\"wd-post blog-design-masonry blog-post-loop blog-style-bg wd-add-shadow post-5531 post type-post status-publish format-standard has-post-thumbnail hentry category-denim-knowledge\">\n\t<div class=\"wd-post-inner article-inner\">\n\t\t\t\t\t<div class=\"wd-post-thumb entry-header\">\n\t\t\t\t\t\t\t\t\t<div class=\"wd-post-img post-img-wrapp\">\n\t\t\t\t\t\t<img loading=\"lazy\" decoding=\"async\" width=\"150\" height=\"150\" src=\"https:\/\/lydenim.com\/wp-content\/uploads\/2025\/06\/30-High-Frequency-Fabric-Terms-150x150.jpg\" class=\"attachment-thumbnail size-thumbnail\" alt=\"\" srcset=\"https:\/\/lydenim.com\/wp-content\/uploads\/2025\/06\/30-High-Frequency-Fabric-Terms-150x150.jpg 150w, https:\/\/lydenim.com\/wp-content\/uploads\/2025\/06\/30-High-Frequency-Fabric-Terms-300x300.jpg 300w, https:\/\/lydenim.com\/wp-content\/uploads\/2025\/06\/30-High-Frequency-Fabric-Terms-45x45.jpg 45w\" sizes=\"auto, (max-width: 150px) 100vw, 150px\" \/>\t\t\t\t\t<\/div>\n\t\t\t\t\t<a class=\"wd-fill\" href=\"https:\/\/lydenim.com\/es\/30-terminos-textiles-de-alta-frecuencia\/\"><\/a>\n\t\t\t\t\n\t\t\t\t\t\t\t\t\t\t\t\t<div class=\"wd-post-date wd-style-with-bg\">\n\t\t\t\t<span class=\"post-date-day\">\n\t\t\t\t\t25\t\t\t\t<\/span>\n\t\t\t\t<span class=\"post-date-month\">\n\t\t\t\t\tJun\t\t\t\t<\/span>\n\t\t\t<\/div>\n\t\t\t\t\t\t\t\t\t<\/div>\n\t\t\n\t\t<div class=\"wd-post-content article-body-container\">\n\t\t\t\t\t\t\t<div class=\"wd-post-cat wd-style-with-bg meta-post-categories\">\n\t\t\t\t\t<a href=\"https:\/\/lydenim.com\/es\/category\/conocimiento-de-mezclilla\/\" rel=\"category tag\">Conocimiento del denim<\/a>\t\t\t\t<\/div>\n\t\t\t\n\t\t\t\t\t\t\t<h3 class=\"wd-post-title wd-entities-title title post-title\">\n\t\t\t\t\t<a href=\"https:\/\/lydenim.com\/es\/30-terminos-textiles-de-alta-frecuencia\/\" rel=\"bookmark\">\n\t\t\t\t\t\t30 t\u00e9rminos de tejidos de alta frecuencia\t\t\t\t\t<\/a>\n\t\t\t\t<\/h3>\n\t\t\t\n\t\t\t\t\t\t\t<div class=\"wd-post-meta\">\n\t\t\t\t\t\t\t\t\t\t\t\t\t\t\t<div class=\"wd-post-author\">\n\t\t\t\t\t\t\t\t\t\t\t<span>Publicado por<\/span>\n\t\t\n\t\t\t\t\t\t\t\n\t\t\t\t\t<a href=\"https:\/\/lydenim.com\/es\/author\/malonematthewmmgmail-com\/\" class=\"author\" rel=\"author\">malonematthewmm@gmail.com<\/a>\n\t\t\t\t\t\t\t\t\t<\/div>\n\t\t\t\t\t<div class=\"wd-modified-date\">\n\t\t\t\t\t\t\t\t<time class=\"updated\" datetime=\"2025-08-24T13:38:08+08:00\">\n\t\t\t24\/08\/2025\t\t<\/time>\n\t\t\t\t\t\t\t<\/div>\n\n\t\t\t\t\t\t\t\t\t\t\t<div class=\"wd-post-share wd-tltp\">\n\t\t\t\t\t\t\t<div class=\"tooltip top\">\n\t\t\t\t\t\t\t\t<div class=\"tooltip-inner\">\n\t\t\t\t\t\t\t\t\t\t\t\t<div\n\t\t\t\t\t\tclass=\"wd-social-icons wd-style-default wd-size-small social-share wd-shape-circle color-scheme-light text-center\">\n\t\t\t\t\n\t\t\t\t\n\t\t\t\t\t\t\t\t\t<a rel=\"noopener noreferrer nofollow\" href=\"https:\/\/www.facebook.com\/sharer\/sharer.php?u=https:\/\/lydenim.com\/es\/30-terminos-textiles-de-alta-frecuencia\/\" target=\"_blank\" class=\"wd-social-icon social-facebook\" aria-label=\"Enlace social de Facebook\">\n\t\t\t\t\t\t<span class=\"wd-icon\"><\/span>\n\t\t\t\t\t\t\t\t\t\t\t<\/a>\n\t\t\t\t\n\t\t\t\t\t\t\t\t\t<a rel=\"noopener noreferrer nofollow\" href=\"https:\/\/x.com\/share?url=https:\/\/lydenim.com\/es\/30-terminos-textiles-de-alta-frecuencia\/\" target=\"_blank\" class=\"wd-social-icon social-twitter\" aria-label=\"X enlace social\">\n\t\t\t\t\t\t<span class=\"wd-icon\"><\/span>\n\t\t\t\t\t\t\t\t\t\t\t<\/a>\n\t\t\t\t\n\t\t\t\t\n\t\t\t\t\n\t\t\t\t\n\t\t\t\t\n\t\t\t\t\n\t\t\t\t\t\t\t\t\t<a rel=\"noopener noreferrer nofollow\" href=\"https:\/\/pinterest.com\/pin\/create\/button\/?url=https:\/\/lydenim.com\/es\/30-terminos-textiles-de-alta-frecuencia\/&media=https:\/\/lydenim.com\/wp-content\/uploads\/2025\/06\/30-High-Frequency-Fabric-Terms.jpg&description=30+High-Frequency+Fabric+Terms\" target=\"_blank\" class=\"wd-social-icon social-pinterest\" aria-label=\"Enlace social de Pinterest\">\n\t\t\t\t\t\t<span class=\"wd-icon\"><\/span>\n\t\t\t\t\t\t\t\t\t\t\t<\/a>\n\t\t\t\t\n\t\t\t\t\n\t\t\t\t\t\t\t\t\t<a rel=\"noopener noreferrer nofollow\" href=\"https:\/\/www.linkedin.com\/shareArticle?mini=true&url=https:\/\/lydenim.com\/es\/30-terminos-textiles-de-alta-frecuencia\/\" target=\"_blank\" class=\"wd-social-icon social-linkedin\" aria-label=\"Enlace social de Linkedin\">\n\t\t\t\t\t\t<span class=\"wd-icon\"><\/span>\n\t\t\t\t\t\t\t\t\t\t\t<\/a>\n\t\t\t\t\n\t\t\t\t\n\t\t\t\t\n\t\t\t\t\n\t\t\t\t\n\t\t\t\t\n\t\t\t\t\n\t\t\t\t\n\t\t\t\t\n\t\t\t\t\n\t\t\t\t\n\t\t\t\t\n\t\t\t\t\n\t\t\t\t\n\t\t\t\t\n\t\t\t\t\t\t\t\t\t<a rel=\"noopener noreferrer nofollow\" href=\"https:\/\/telegram.me\/share\/url?url=https:\/\/lydenim.com\/es\/30-terminos-textiles-de-alta-frecuencia\/\" target=\"_blank\" class=\"wd-social-icon social-tg\" aria-label=\"Enlace social de Telegram\">\n\t\t\t\t\t\t<span class=\"wd-icon\"><\/span>\n\t\t\t\t\t\t\t\t\t\t\t<\/a>\n\t\t\t\t\n\t\t\t\t\n\t\t\t<\/div>\n\n\t\t\t\t\t\t\t\t\t\t<\/div>\n\t\t\t\t\t\t\t\t<div class=\"tooltip-arrow\"><\/div>\n\t\t\t\t\t\t\t<\/div>\n\t\t\t\t\t\t<\/div>\n\t\t\t\t\t\n\t\t\t\t\t\t\t\t\t<\/div>\n\t\t\t\n\t\t\t\t\t\t\t<div class=\"wd-post-excerpt entry-content\">\n\t\t\t\t\tEste art\u00edculo es m\u00e1s profesional y detallado. Se estima que su tiempo de lectura ser\u00e1 mayor: aproximadamente 12 minutos. Introducci\u00f3n...\t\t\t\t<\/div>\n\t\t\t\n\t\t\t\t\t\t\t\t\t\t\t\t<div class=\"wd-post-read-more wd-style-link read-more-section\">\n\t\t\t\t\t\t<a class=\"\" href=\"https:\/\/lydenim.com\/es\/30-terminos-textiles-de-alta-frecuencia\/\">Seguir leyendo<\/a>\t\t\t\t\t<\/div>\n\t\t\t\t\t\t\t\t\t<\/div>\n\t<\/div>\n<\/article>\n\n\t\t\t\t\t<\/div>\n\t\t\t\t\t\t\t\t<\/div>\n\t\t\t\t\t<\/div>\n\n\t\t\t\t\t\t\t<div class=\"wd-nav-arrows wd-pos-sep wd-hover-1 wd-icon-1\">\n\t\t\t<div class=\"wd-btn-arrow wd-prev wd-disabled\">\n\t\t\t\t<div class=\"wd-arrow-inner\"><\/div>\n\t\t\t<\/div>\n\t\t\t<div class=\"wd-btn-arrow wd-next\">\n\t\t\t\t<div class=\"wd-arrow-inner\"><\/div>\n\t\t\t<\/div>\n\t\t<\/div>\n\t\t\t\t\t\t<\/div>\n\n\t\t\t\t\t\t\t\t\t<div class=\"wd-nav-pagin-wrap text-center wd-style-shape wd-hide-md-sm wd-hide-sm\">\n\t\t\t<ul class=\"wd-nav-pagin\"><\/ul>\n\t\t<\/div>\n\t\t\t\t\t\t\t\t\t<\/div>\n\t\t\t\t\t\t\t\t\t\t<\/div>\n\t\t\t\t<\/div>\n\t\t\t\t\t<\/div>\n\t\t\t\t<\/div>\n\t\t\t\t<\/div>","protected":false},"excerpt":{"rendered":"<p>Personalizaci\u00f3n integral de telas y prendas: excelencia en cada puntada. LY Denim: desde el dise\u00f1o hasta la entrega, brindando un servicio de primera calidad.<\/p>","protected":false},"author":2,"featured_media":0,"parent":0,"menu_order":0,"comment_status":"closed","ping_status":"closed","template":"","meta":{"two_page_speed":{"current_score":{"desktop_score":89,"desktop_tti":"0.8\u00a0","mobile_score":86,"mobile_tti":"3.3\u00a0","date":"18.12.2025 06:01:32 am","status":"completed"}},"footnotes":""},"class_list":["post-366","page","type-page","status-publish","hentry"],"aioseo_notices":[],"_links":{"self":[{"href":"https:\/\/lydenim.com\/es\/wp-json\/wp\/v2\/pages\/366","targetHints":{"allow":["GET"]}}],"collection":[{"href":"https:\/\/lydenim.com\/es\/wp-json\/wp\/v2\/pages"}],"about":[{"href":"https:\/\/lydenim.com\/es\/wp-json\/wp\/v2\/types\/page"}],"author":[{"embeddable":true,"href":"https:\/\/lydenim.com\/es\/wp-json\/wp\/v2\/users\/2"}],"replies":[{"embeddable":true,"href":"https:\/\/lydenim.com\/es\/wp-json\/wp\/v2\/comments?post=366"}],"version-history":[{"count":245,"href":"https:\/\/lydenim.com\/es\/wp-json\/wp\/v2\/pages\/366\/revisions"}],"predecessor-version":[{"id":7216,"href":"https:\/\/lydenim.com\/es\/wp-json\/wp\/v2\/pages\/366\/revisions\/7216"}],"wp:attachment":[{"href":"https:\/\/lydenim.com\/es\/wp-json\/wp\/v2\/media?parent=366"}],"curies":[{"name":"wp","href":"https:\/\/api.w.org\/{rel}","templated":true}]}}