{"id":2612,"date":"2025-01-03T15:03:51","date_gmt":"2025-01-03T07:03:51","guid":{"rendered":"https:\/\/lydenim.com\/?post_type=product&#038;p=2612"},"modified":"2025-01-03T15:03:51","modified_gmt":"2025-01-03T07:03:51","slug":"0533-darkbluejetblack-denim-fabric","status":"publish","type":"product","link":"https:\/\/lydenim.com\/es\/producto\/0533-tela-vaquera-azul-oscuro-y-negro-azabache\/","title":{"rendered":"0533 Tejido vaquero azul oscuro y negro azabache"},"content":{"rendered":"<h4>Descripci\u00f3n general del producto<\/h4>\n<p><strong>N\u00famero de modelo<\/strong>: <a href=\"https:\/\/lydenim.com\/es\/product\/0533\/\">0533<\/a><br \/>\n<strong>Tipo<\/strong>:Tela vaquera de primera calidad<\/p>\n<h4>Composici\u00f3n del material<\/h4>\n<p>Esta tela vaquera est\u00e1 hecha de una mezcla de fibras cuidadosamente seleccionadas:<\/p>\n<ul>\n<li><strong>Algod\u00f3n (C)<\/strong>: 70.9%. Proporciona suavidad y transpirabilidad, garantizando comodidad.<\/li>\n<li><strong>Spandex (SP)<\/strong>: 1.4%. Proporciona al tejido excelente elasticidad y comodidad.<\/li>\n<li><strong>Poli\u00e9ster (T)<\/strong>: 27.7%. Aumenta la resistencia, reduce las arrugas y ayuda a que la tela conserve su color.<\/li>\n<\/ul>\n<p>Esta mezcla hace que la tela sea duradera y c\u00f3moda, lo que la hace adecuada para una amplia gama de usos, desde el uso diario hasta aplicaciones especializadas.<\/p>\n<h4>Caracter\u00edsticas principales<\/h4>\n<ul>\n<li><strong>Color<\/strong>:La combinaci\u00f3n de <strong>Azul oscuro<\/strong> y <strong>Negro azabache<\/strong> Crea un look moderno y elegante. Es perfecto para dise\u00f1os de moda.<\/li>\n<li><strong>Patr\u00f3n<\/strong>:La t\u00e9cnica de te\u00f1ido en hilo garantiza colores vibrantes y duraderos.<\/li>\n<li><strong>T\u00e9cnica<\/strong>Tejido por expertos para un acabado suave y duradero.<\/li>\n<li><strong>Anchura<\/strong>:170 cm (66,9 pulgadas), ideal para una variedad de dise\u00f1os de prendas.<\/li>\n<li><strong>Peso<\/strong>:9,3 oz (315 g), adecuado para usar durante todo el a\u00f1o.<\/li>\n<li><strong>Recuento de hilos<\/strong>:10s, que proporciona una textura equilibrada que no es ni demasiado gruesa ni demasiado fina, lo que garantiza que se sienta c\u00f3moda contra la piel y mantiene la durabilidad.<\/li>\n<\/ul>\n<h4>Uso y aplicaciones<\/h4>\n<p>Esta tela de mezclilla es perfecta para confeccionar una variedad de prendas, entre ellas:<\/p>\n<ul>\n<li><strong>Vestidos<\/strong>:Vestidos, pantalones, jeans y uniformes.<\/li>\n<li><strong>Versatilidad<\/strong>:Como resultado, no s\u00f3lo es adecuado para ropa informal y de trabajo, sino que tambi\u00e9n se adapta a dise\u00f1os de alta moda, ofreciendo infinitas posibilidades para la creaci\u00f3n de prendas.<\/li>\n<li><strong>Aplicable para<\/strong>:Esta tela es perfecta tanto para ropa de mujer como de hombre, ofreciendo un amplio atractivo para una variedad de estilos y preferencias.<\/li>\n<\/ul>\n<h4>Fabricaci\u00f3n y personalizaci\u00f3n<\/h4>\n<ul>\n<li><strong>Lugar de origen<\/strong>China. Utilizamos t\u00e9cnicas avanzadas y materias primas de alta calidad.<\/li>\n<li><strong>Tipo de suministro<\/strong>:Fabricado bajo pedido, con opciones de personalizaci\u00f3n disponibles.<\/li>\n<li><strong>Personalizaci\u00f3n<\/strong>:El ancho, el peso y el color de la tela se pueden ajustar para pedidos al por mayor.<\/li>\n<\/ul>\n<h4>Detalles t\u00e9cnicos<\/h4>\n<p>Las medidas de muestra se basan en patrones espec\u00edficos; sin embargo, pueden existir ligeras variaciones seg\u00fan el lote de producci\u00f3n. Por lo tanto, le recomendamos contactarnos para solicitar una muestra y garantizar un ajuste preciso y la calidad.<\/p>\n<h4><a href=\"https:\/\/lydenim.com\/es\/contacto\/\">Contacto para pedidos<\/a><\/h4>\n<p>Para consultas, opciones de personalizaci\u00f3n o pedidos al por mayor, no dude en contactarnos. Nuestro equipo se compromete a ofrecer telas de alta calidad adaptadas a sus necesidades.<\/p>","protected":false},"excerpt":{"rendered":"<h1>Descripci\u00f3n del Producto:<\/h1>\n<h3>N\u00famero de modelo: 0533<br \/>\nTipo: Tela vaquera<br \/>\nComposici\u00f3n del material: C: 70.9% (algod\u00f3n), SP: 1.4% (spandex), T: 27.7% (poli\u00e9ster)<br \/>\nColor: Azul oscuro + negro azabache<br \/>\nPatr\u00f3n: Hilo te\u00f1ido<br \/>\nT\u00e9cnica: Tejido<br \/>\nAncho: 170 cm (66,9 pulgadas)<br \/>\nPeso: 9,3 oz (315 g)<br \/>\nN\u00famero de hilos: 10s<br \/>\nUso: Adecuado para prendas como vestidos, pantalones, jeans y uniformes.<br \/>\nAplicable a: Tanto mujeres como hombres<br \/>\nLugar de origen: China<br \/>\nTipo de suministro: Fabricaci\u00f3n bajo pedido<br \/>\nDatos del producto: Las medidas de muestra se basan en patrones espec\u00edficos y pueden variar seg\u00fan el lote de producci\u00f3n.<\/h3>","protected":false},"featured_media":2624,"template":"","meta":[],"product_brand":[],"product_cat":[55,41,20,30,31],"product_tag":[],"class_list":{"0":"post-2612","1":"product","2":"type-product","3":"status-publish","4":"has-post-thumbnail","6":"product_cat-10s-spuer-siro","7":"product_cat-10s","8":"product_cat-cotton-woven-fabric","9":"product_cat-cotton-polyster-spandex-denim-fabric","10":"product_cat-high-stretch-denim-fabric","12":"first","13":"instock","14":"shipping-taxable","15":"product-type-simple"},"aioseo_notices":[],"_links":{"self":[{"href":"https:\/\/lydenim.com\/es\/wp-json\/wp\/v2\/product\/2612","targetHints":{"allow":["GET"]}}],"collection":[{"href":"https:\/\/lydenim.com\/es\/wp-json\/wp\/v2\/product"}],"about":[{"href":"https:\/\/lydenim.com\/es\/wp-json\/wp\/v2\/types\/product"}],"version-history":[{"count":10,"href":"https:\/\/lydenim.com\/es\/wp-json\/wp\/v2\/product\/2612\/revisions"}],"predecessor-version":[{"id":2629,"href":"https:\/\/lydenim.com\/es\/wp-json\/wp\/v2\/product\/2612\/revisions\/2629"}],"wp:featuredmedia":[{"embeddable":true,"href":"https:\/\/lydenim.com\/es\/wp-json\/wp\/v2\/media\/2624"}],"wp:attachment":[{"href":"https:\/\/lydenim.com\/es\/wp-json\/wp\/v2\/media?parent=2612"}],"wp:term":[{"taxonomy":"product_brand","embeddable":true,"href":"https:\/\/lydenim.com\/es\/wp-json\/wp\/v2\/product_brand?post=2612"},{"taxonomy":"product_cat","embeddable":true,"href":"https:\/\/lydenim.com\/es\/wp-json\/wp\/v2\/product_cat?post=2612"},{"taxonomy":"product_tag","embeddable":true,"href":"https:\/\/lydenim.com\/es\/wp-json\/wp\/v2\/product_tag?post=2612"}],"curies":[{"name":"wp","href":"https:\/\/api.w.org\/{rel}","templated":true}]}}