{"id":2693,"date":"2025-01-05T15:34:09","date_gmt":"2025-01-05T07:34:09","guid":{"rendered":"https:\/\/lydenim.com\/?post_type=product&#038;p=2693"},"modified":"2025-01-05T15:45:07","modified_gmt":"2025-01-05T07:45:07","slug":"1221h-indigo-blue-gray-denim-fabric-wide-versatile","status":"publish","type":"product","link":"https:\/\/lydenim.com\/es\/producto\/tela-vaquera-azul-indigo-gris-1221h-ancha-y-versatil\/","title":{"rendered":"1221H Tejido vaquero azul \u00edndigo y gris: ancho y vers\u00e1til"},"content":{"rendered":"<h4>Descripci\u00f3n general del producto<\/h4>\n<p><strong>N\u00famero de modelo<\/strong>: <a href=\"https:\/\/lydenim.com\/es\/product\/1221h-indigo-blu\u2026c-wide-versatile\/\">1221H<\/a><br \/>\n<strong>Tipo<\/strong>:Tela vaquera te\u00f1ida en hilo de alta calidad<\/p>\n<h4>Composici\u00f3n del material<\/h4>\n<p>Esta tela de mezclilla incorpora una mezcla de fibras cuidadosamente equilibrada para un rendimiento \u00f3ptimo:<\/p>\n<ul>\n<li><strong>Algod\u00f3n (C)<\/strong>:69.6%, que ofrece suavidad, transpirabilidad y durabilidad natural.<\/li>\n<li><strong>Poli\u00e9ster (T)<\/strong>:25.6%, mejora la resistencia, la retenci\u00f3n del color y la resistencia a las arrugas.<\/li>\n<li><strong>Ray\u00f3n (R)<\/strong>:3.8%, a\u00f1adiendo suavidad y una ca\u00edda lujosa para prendas refinadas.<\/li>\n<li><strong>Spandex (SP)<\/strong>:1%, que proporciona elasticidad y flexibilidad para una comodidad durante todo el d\u00eda.<\/li>\n<\/ul>\n<p>Esta composici\u00f3n \u00fanica garantiza que el tejido sea vers\u00e1til, duradero y c\u00f3modo, adecuado para diversas aplicaciones.<\/p>\n<h4>Caracter\u00edsticas principales<\/h4>\n<ul>\n<li><strong>Color<\/strong>:Azul \u00edndigo + gris, una elegante combinaci\u00f3n de dos tonos perfecta para dise\u00f1os modernos y cl\u00e1sicos.<\/li>\n<li><strong>Patr\u00f3n<\/strong>:Te\u00f1ido en hilo, lo que garantiza colores vibrantes y duraderos con excelente resistencia a la decoloraci\u00f3n.<\/li>\n<li><strong>T\u00e9cnica<\/strong>Tejido por expertos que proporciona un acabado de primera calidad y un rendimiento robusto.<\/li>\n<li><strong>Anchura<\/strong>:188-190 cm (74-74,8 pulgadas), una de las telas de mezclilla m\u00e1s anchas disponibles, lo que la hace ideal para la producci\u00f3n de prendas a gran escala.<\/li>\n<li><strong>Peso<\/strong>:[Por determinar], adecuado para uso en todas las estaciones y diversas aplicaciones de prendas.<\/li>\n<li><strong>Recuento de hilos<\/strong>:10s, proporcionando una textura equilibrada que es a la vez duradera y c\u00f3moda.<\/li>\n<\/ul>\n<h4>Aplicaciones<\/h4>\n<p>Esta tela vaquera es muy vers\u00e1til y perfecta para crear:<\/p>\n<ul>\n<li><strong>Vestidos<\/strong>:Vestidos, pantalones, jeans y uniformes.<\/li>\n<li><strong>Estilos contempor\u00e1neos<\/strong>:Ideal tanto para ropa casual como profesional.<\/li>\n<li><strong>Dise\u00f1os neutrales en cuanto al g\u00e9nero<\/strong>Dise\u00f1ado tanto para mujeres como para hombres, atendiendo a diversos mercados de la moda.<\/li>\n<\/ul>\n<h4>Fabricaci\u00f3n y personalizaci\u00f3n<\/h4>\n<ul>\n<li><strong>Lugar de origen<\/strong>:China, aprovechando tecnolog\u00eda de tejido avanzada para lograr una calidad constante.<\/li>\n<li><strong>Tipo de suministro<\/strong>:La producci\u00f3n bajo pedido permite la personalizaci\u00f3n para satisfacer necesidades espec\u00edficas de dise\u00f1o y proyecto.<\/li>\n<li><strong>Opciones de personalizaci\u00f3n<\/strong>:Ajuste el ancho, el peso o el color para pedidos al por mayor para adaptarse a las preferencias individuales.<\/li>\n<\/ul>\n<h4>Detalles t\u00e9cnicos<\/h4>\n<p>Las medidas de muestra se basan en patrones espec\u00edficos. Pueden producirse peque\u00f1as variaciones debido a las diferencias entre los lotes de producci\u00f3n. Para una evaluaci\u00f3n detallada, recomendamos solicitar una muestra.<\/p>\n<h4><a href=\"https:\/\/lydenim.com\/es\/contacto\/\">Contacto<\/a><\/h4>\n<p>Si necesita m\u00e1s informaci\u00f3n, opciones de personalizaci\u00f3n o desea realizar un pedido, cont\u00e1ctenos. Nos dedicamos a ofrecer telas de alta calidad y a medida para satisfacer sus necesidades espec\u00edficas.<\/p>","protected":false},"excerpt":{"rendered":"<h3>Descripci\u00f3n del Producto:<\/h3>\n<h3>N\u00famero de modelo: 1221H<br \/>\nTipo: Tela vaquera<br \/>\nComposici\u00f3n del material: C: 69.6% (algod\u00f3n), T: 25.6% (poli\u00e9ster), R: 3.8% (ray\u00f3n), SP: 1% (spandex)<br \/>\nColor: Azul \u00edndigo + gris<br \/>\nPatr\u00f3n: Hilo te\u00f1ido<br \/>\nT\u00e9cnica: Tejido<br \/>\nAncho: 188-190 cm (74-74,8 pulgadas)<br \/>\nPeso: -<br \/>\nN\u00famero de hilos: 10s<br \/>\nUso: Adecuado para prendas como vestidos, pantalones, jeans y uniformes.<br \/>\nAplicable a: Tanto mujeres como hombres<br \/>\nLugar de origen: China<br \/>\nTipo de suministro: Fabricaci\u00f3n bajo pedido<br \/>\nDatos del producto: Las medidas de muestra se basan en patrones espec\u00edficos y pueden variar seg\u00fan el lote de producci\u00f3n.<\/h3>","protected":false},"featured_media":2700,"template":"","meta":[],"product_brand":[],"product_cat":[41,20,30,31],"product_tag":[],"class_list":{"0":"post-2693","1":"product","2":"type-product","3":"status-publish","4":"has-post-thumbnail","6":"product_cat-10s","7":"product_cat-cotton-woven-fabric","8":"product_cat-cotton-polyster-spandex-denim-fabric","9":"product_cat-high-stretch-denim-fabric","11":"first","12":"instock","13":"shipping-taxable","14":"product-type-simple"},"aioseo_notices":[],"_links":{"self":[{"href":"https:\/\/lydenim.com\/es\/wp-json\/wp\/v2\/product\/2693","targetHints":{"allow":["GET"]}}],"collection":[{"href":"https:\/\/lydenim.com\/es\/wp-json\/wp\/v2\/product"}],"about":[{"href":"https:\/\/lydenim.com\/es\/wp-json\/wp\/v2\/types\/product"}],"version-history":[{"count":1,"href":"https:\/\/lydenim.com\/es\/wp-json\/wp\/v2\/product\/2693\/revisions"}],"predecessor-version":[{"id":2701,"href":"https:\/\/lydenim.com\/es\/wp-json\/wp\/v2\/product\/2693\/revisions\/2701"}],"wp:featuredmedia":[{"embeddable":true,"href":"https:\/\/lydenim.com\/es\/wp-json\/wp\/v2\/media\/2700"}],"wp:attachment":[{"href":"https:\/\/lydenim.com\/es\/wp-json\/wp\/v2\/media?parent=2693"}],"wp:term":[{"taxonomy":"product_brand","embeddable":true,"href":"https:\/\/lydenim.com\/es\/wp-json\/wp\/v2\/product_brand?post=2693"},{"taxonomy":"product_cat","embeddable":true,"href":"https:\/\/lydenim.com\/es\/wp-json\/wp\/v2\/product_cat?post=2693"},{"taxonomy":"product_tag","embeddable":true,"href":"https:\/\/lydenim.com\/es\/wp-json\/wp\/v2\/product_tag?post=2693"}],"curies":[{"name":"wp","href":"https:\/\/api.w.org\/{rel}","templated":true}]}}