{"id":5759,"date":"2025-07-12T12:29:25","date_gmt":"2025-07-12T04:29:25","guid":{"rendered":"https:\/\/lydenim.com\/?page_id=5759"},"modified":"2025-07-12T12:41:12","modified_gmt":"2025-07-12T04:41:12","slug":"products-2","status":"publish","type":"page","link":"https:\/\/lydenim.com\/fr\/produits-2\/","title":{"rendered":"Produits"},"content":{"rendered":"<div data-elementor-type=\"wp-page\" data-elementor-id=\"5759\" class=\"elementor elementor-5759\" data-elementor-post-type=\"page\">\n\t\t\t\t<div class=\"wd-negative-gap elementor-element elementor-element-376d402 e-flex e-con-boxed e-con e-parent\" data-id=\"376d402\" data-element_type=\"container\" data-e-type=\"container\">\n\t\t\t\t\t<div class=\"e-con-inner\">\n\t\t<div class=\"elementor-element elementor-element-64837ca e-con-full elementor-hidden-tablet elementor-hidden-mobile e-flex e-con e-child\" data-id=\"64837ca\" data-element_type=\"container\" data-e-type=\"container\">\n\t\t\t\t<div class=\"elementor-element elementor-element-b420212 elementor-widget elementor-widget-wd_sidebar\" data-id=\"b420212\" data-element_type=\"widget\" data-e-type=\"widget\" data-widget_type=\"wd_sidebar.default\">\n\t\t\t\t<div class=\"elementor-widget-container\">\n\t\t\t\t\t<div id=\"woodmart-ajax-search-2\" class=\"wd-widget widget sidebar-widget woodmart-ajax-search\"><h5 class=\"widget-title\">Rechercher des produits<\/h5><div class=\"wd-search-form\">\n\n<form role=\"search\" method=\"get\" class=\"searchform  wd-style-default woodmart-ajax-search\" action=\"https:\/\/lydenim.com\/fr\/\"  data-thumbnail=\"1\" data-price=\"0\" data-post_type=\"product\" data-count=\"4\" data-sku=\"0\" data-symbols_count=\"3\" data-include_cat_search=\"no\" autocomplete=\"off\" data-trp-original-action=\"https:\/\/lydenim.com\/fr\/\">\n\t<input type=\"text\" class=\"s\" placeholder=\"Rechercher des produits\" value=\"\" name=\"s\" aria-label=\"Rechercher des produits\" title=\"Rechercher des produits\" required>\n\t<input type=\"hidden\" name=\"post_type\" value=\"product\">\n\n\t<span class=\"wd-clear-search wd-hide\"><\/span>\n\n\t\n\t<button type=\"submit\" class=\"searchsubmit\">\n\t\t<span>\n\t\t\tRechercher des produits\t\t<\/span>\n\t\t\t<\/button>\n<input type=\"hidden\" name=\"trp-form-language\" value=\"fr\"\/><\/form>\n\n\t<div class=\"wd-search-results-wrapper\">\n\t\t<div class=\"wd-search-results wd-dropdown-results wd-dropdown wd-scroll\">\n\t\t\t<div class=\"wd-scroll-content\">\n\t\t\t\t\n\t\t\t\t\n\t\t\t\t\t\t\t<\/div>\n\t\t<\/div>\n\t<\/div>\n\n<\/div>\n<\/div><div id=\"woocommerce_product_categories-3\" class=\"wd-widget widget sidebar-widget woocommerce widget_product_categories\"><h5 class=\"widget-title\">Cat\u00e9gories de produits<\/h5><ul class=\"product-categories\"><li class=\"cat-item cat-item-35\"><a href=\"https:\/\/lydenim.com\/fr\/categorie-produit\/collection-esthetique\/\">Collection Esth\u00e9tique<\/a><\/li>\n<li class=\"cat-item cat-item-20\"><a href=\"https:\/\/lydenim.com\/fr\/categorie-produit\/tissu-en-coton-tisse\/\">Tissu en coton tiss\u00e9<\/a><\/li>\n<li class=\"cat-item cat-item-30\"><a href=\"https:\/\/lydenim.com\/fr\/categorie-produit\/tissu-denim-en-coton-polyester-et-elasthanne\/\">Tissu denim en coton\/polyester\/\u00e9lasthanne<\/a><\/li>\n<li class=\"cat-item cat-item-32\"><a href=\"https:\/\/lydenim.com\/fr\/categorie-produit\/tissu-denim-extensible-moyen-et-confortable\/\">Tissu denim extensible moyen et confortable<\/a><\/li>\n<li class=\"cat-item cat-item-31\"><a href=\"https:\/\/lydenim.com\/fr\/categorie-produit\/tissu-denim-hautement-extensible\/\">Tissu denim tr\u00e8s extensible<\/a><\/li>\n<li class=\"cat-item cat-item-36\"><a href=\"https:\/\/lydenim.com\/fr\/categorie-produit\/tissu-tricote\/\">Tissu tricot\u00e9<\/a><\/li>\n<li class=\"cat-item cat-item-33\"><a href=\"https:\/\/lydenim.com\/fr\/categorie-produit\/non-elastique\/\">Non \u00e9lastique<\/a><\/li>\n<li class=\"cat-item cat-item-44 cat-parent wd-active-parent\"><a href=\"https:\/\/lydenim.com\/fr\/categorie-produit\/oe\/\">OE<\/a><ul class='children'>\n<li class=\"cat-item cat-item-48\"><a href=\"https:\/\/lydenim.com\/fr\/categorie-produit\/oe\/10s-oe\/\">10S<\/a><\/li>\n<li class=\"cat-item cat-item-49\"><a href=\"https:\/\/lydenim.com\/fr\/categorie-produit\/oe\/12s-oe\/\">12S<\/a><\/li>\n<li class=\"cat-item cat-item-50\"><a href=\"https:\/\/lydenim.com\/fr\/categorie-produit\/oe\/16s-oe\/\">16S<\/a><\/li>\n<li class=\"cat-item cat-item-45\"><a href=\"https:\/\/lydenim.com\/fr\/categorie-produit\/oe\/6s-oe\/\">6S<\/a><\/li>\n<li class=\"cat-item cat-item-46\"><a href=\"https:\/\/lydenim.com\/fr\/categorie-produit\/oe\/7s-oe\/\">7S<\/a><\/li>\n<li class=\"cat-item cat-item-47\"><a href=\"https:\/\/lydenim.com\/fr\/categorie-produit\/oe\/8s-oe\/\">8S<\/a><\/li>\n<\/ul>\n<\/li>\n<li class=\"cat-item cat-item-37 cat-parent wd-active-parent\"><a href=\"https:\/\/lydenim.com\/fr\/categorie-produit\/siro\/\">Siro<\/a><ul class='children'>\n<li class=\"cat-item cat-item-41\"><a href=\"https:\/\/lydenim.com\/fr\/categorie-produit\/siro\/10s\/\">10S<\/a><\/li>\n<li class=\"cat-item cat-item-42\"><a href=\"https:\/\/lydenim.com\/fr\/categorie-produit\/siro\/12s\/\">12S<\/a><\/li>\n<li class=\"cat-item cat-item-43\"><a href=\"https:\/\/lydenim.com\/fr\/categorie-produit\/siro\/16s\/\">16S<\/a><\/li>\n<li class=\"cat-item cat-item-38\"><a href=\"https:\/\/lydenim.com\/fr\/categorie-produit\/siro\/6s\/\">6S<\/a><\/li>\n<li class=\"cat-item cat-item-39\"><a href=\"https:\/\/lydenim.com\/fr\/categorie-produit\/siro\/7s\/\">7S<\/a><\/li>\n<li class=\"cat-item cat-item-40\"><a href=\"https:\/\/lydenim.com\/fr\/categorie-produit\/siro\/8s\/\">8S<\/a><\/li>\n<\/ul>\n<\/li>\n<li class=\"cat-item cat-item-51 cat-parent wd-active-parent\"><a href=\"https:\/\/lydenim.com\/fr\/categorie-produit\/spuer-siro\/\">Enregistrer Siro<\/a><ul class='children'>\n<li class=\"cat-item cat-item-55\"><a href=\"https:\/\/lydenim.com\/fr\/categorie-produit\/spuer-siro\/10s-spuer-siro\/\">10S<\/a><\/li>\n<li class=\"cat-item cat-item-56\"><a href=\"https:\/\/lydenim.com\/fr\/categorie-produit\/spuer-siro\/12s-spuer-siro\/\">12S<\/a><\/li>\n<li class=\"cat-item cat-item-57\"><a href=\"https:\/\/lydenim.com\/fr\/categorie-produit\/spuer-siro\/16s-spuer-siro\/\">16S<\/a><\/li>\n<li class=\"cat-item cat-item-52\"><a href=\"https:\/\/lydenim.com\/fr\/categorie-produit\/spuer-siro\/6s-spuer-siro\/\">6S<\/a><\/li>\n<li class=\"cat-item cat-item-53\"><a href=\"https:\/\/lydenim.com\/fr\/categorie-produit\/spuer-siro\/7s-spuer-siro\/\">7S<\/a><\/li>\n<li class=\"cat-item cat-item-54\"><a href=\"https:\/\/lydenim.com\/fr\/categorie-produit\/spuer-siro\/8s-spuer-siro\/\">8S<\/a><\/li>\n<\/ul>\n<\/li>\n<li class=\"cat-item cat-item-34\"><a href=\"https:\/\/lydenim.com\/fr\/categorie-produit\/tissu-serge\/\">Tissu serg\u00e9<\/a><\/li>\n<li class=\"cat-item cat-item-58\"><a href=\"https:\/\/lydenim.com\/fr\/categorie-produit\/non-groupe\/\">Non group\u00e9<\/a><\/li>\n<\/ul><\/div><div id=\"woocommerce_product_tag_cloud-2\" class=\"wd-widget widget sidebar-widget woocommerce widget_product_tag_cloud\"><h5 class=\"widget-title\">\u00c9tiquettes de produits<\/h5><div class=\"tagcloud\"><\/div><\/div><div id=\"woocommerce_recently_viewed_products-2\" class=\"wd-widget widget sidebar-widget woocommerce widget_recently_viewed_products\"><h5 class=\"widget-title\">Produits r\u00e9cemment consult\u00e9s<\/h5><ul class=\"product_list_widget\"><li>\n\t\t<span class=\"widget-product-wrap\">\n\t\t<a href=\"https:\/\/lydenim.com\/fr\/produit\/tissu-jacquard-1021\/\" title=\"Tissu jacquard haut de gamme 1021 | Largeur et poids personnalisables | Id\u00e9al pour la mode et la d\u00e9coration int\u00e9rieure\" class=\"widget-product-img\">\n\t\t\t<img loading=\"lazy\" decoding=\"async\" width=\"300\" height=\"300\" src=\"https:\/\/lydenim.com\/wp-content\/uploads\/2025\/02\/9T3A2199-scaled-300x300.jpg\" class=\"attachment-woocommerce_thumbnail size-woocommerce_thumbnail\" alt=\"Tissu jacquard haut de gamme 1021 | Largeur et poids personnalisables | Id\u00e9al pour la mode et la d\u00e9coration int\u00e9rieure\" srcset=\"https:\/\/lydenim.com\/wp-content\/uploads\/2025\/02\/9T3A2199-300x300.jpg 300w, https:\/\/lydenim.com\/wp-content\/uploads\/2025\/02\/9T3A2199-150x150.jpg 150w, https:\/\/lydenim.com\/wp-content\/uploads\/2025\/02\/9T3A2199-scaled-600x600.jpg 600w, https:\/\/lydenim.com\/wp-content\/uploads\/2025\/02\/9T3A2199-1024x1024.jpg 1024w, https:\/\/lydenim.com\/wp-content\/uploads\/2025\/02\/9T3A2199-768x768.jpg 768w, https:\/\/lydenim.com\/wp-content\/uploads\/2025\/02\/9T3A2199-1536x1536.jpg 1536w, https:\/\/lydenim.com\/wp-content\/uploads\/2025\/02\/9T3A2199-2048x2048.jpg 2048w, https:\/\/lydenim.com\/wp-content\/uploads\/2025\/02\/9T3A2199-12x12.jpg 12w\" sizes=\"auto, (max-width: 300px) 100vw, 300px\" \/>\t\t<\/a>\n\t\t<span class=\"widget-product-info\">\n\t\t\t<a href=\"https:\/\/lydenim.com\/fr\/produit\/tissu-jacquard-1021\/\" title=\"Tissu jacquard haut de gamme 1021 | Largeur et poids personnalisables | Id\u00e9al pour la mode et la d\u00e9coration int\u00e9rieure\" class=\"wd-entities-title\">\n\t\t\t\tTissu Jacquard Premium 1021 | Largeur et poids personnalisables | Id\u00e9al pour la mode et la d\u00e9coration int\u00e9rieure\t\t\t<\/a>\n\t\t\t\t\t\t<span class=\"price\"><\/span>\n\t\t<\/span>\n\t<\/span>\n\t<\/li>\n<\/ul><\/div>\t\t\t\t<\/div>\n\t\t\t\t<\/div>\n\t\t\t\t<\/div>\n\t\t<div class=\"elementor-element elementor-element-8fd2ffb e-con-full e-flex e-con e-child\" data-id=\"8fd2ffb\" data-element_type=\"container\" data-e-type=\"container\">\n\t\t\t\t<div class=\"elementor-element elementor-element-f14cb05 wd-width-100 elementor-widget elementor-widget-wd_products\" data-id=\"f14cb05\" data-element_type=\"widget\" data-e-type=\"widget\" data-widget_type=\"wd_products.default\">\n\t\t\t\t<div class=\"elementor-widget-container\">\n\t\t\t\t\t\t\t\t\t\t<div class=\"wd-products-element\">\n\n\t\t\t\n\t\t\t\n\t\t\t\n\t\t\t\n\t\t\t<div class=\"products wd-products pagination-links grid-columns-3 elements-grid wd-grid-g\" data-paged=\"1\" data-atts=\"{&quot;speed&quot;:null,&quot;slides_per_view&quot;:null,&quot;wrap&quot;:null,&quot;autoplay&quot;:null,&quot;autoheight&quot;:null,&quot;hide_pagination_control&quot;:null,&quot;dynamic_pagination_control&quot;:null,&quot;hide_prev_next_buttons&quot;:null,&quot;carousel_arrows_position&quot;:null,&quot;hide_scrollbar&quot;:null,&quot;scroll_per_page&quot;:null,&quot;center_mode&quot;:null,&quot;spacing&quot;:&quot;&quot;,&quot;carousel_sync&quot;:null,&quot;sync_parent_id&quot;:null,&quot;sync_child_id&quot;:null,&quot;scroll_carousel_init&quot;:null,&quot;disable_overflow_carousel&quot;:null,&quot;include&quot;:null,&quot;meta_key&quot;:null,&quot;ajax_recently_viewed&quot;:null,&quot;pagination&quot;:&quot;links&quot;,&quot;pagination_arrows_position&quot;:null,&quot;columns&quot;:{&quot;unit&quot;:&quot;px&quot;,&quot;size&quot;:3,&quot;sizes&quot;:[]},&quot;products_masonry&quot;:&quot;&quot;,&quot;products_different_sizes&quot;:&quot;&quot;,&quot;product_quantity&quot;:&quot;&quot;,&quot;sale_countdown&quot;:&quot;0&quot;,&quot;stretch_product&quot;:null,&quot;stock_progress_bar&quot;:&quot;0&quot;,&quot;highlighted_products&quot;:&quot;0&quot;,&quot;products_divider&quot;:null,&quot;products_bordered_grid&quot;:&quot;0&quot;,&quot;products_bordered_grid_style&quot;:null,&quot;products_with_background&quot;:&quot;0&quot;,&quot;products_shadow&quot;:&quot;0&quot;,&quot;img_size&quot;:&quot;large&quot;,&quot;img_size_custom&quot;:null,&quot;grid_gallery_control&quot;:null,&quot;grid_gallery_enable_arrows&quot;:null,&quot;elementor&quot;:true,&quot;force_not_ajax&quot;:&quot;no&quot;}\" data-source=\"shortcode\" data-columns=\"3\" data-grid-gallery=\"\" style=\"--wd-col-lg:3;--wd-col-md:3;--wd-col-sm:2;--wd-gap-lg:20px;--wd-gap-sm:10px;\">\n\t\t\n\t\t\t\t\t\t\t\t<div class=\"wd-product wd-hover-quick wd-col product-grid-item product type-product post-2963 status-publish instock product_cat-10s product_cat-10s-oe product_cat-12s product_cat-12s-oe product_cat-16s-oe product_cat-16s product_cat-6s-oe product_cat-6s product_cat-7s-oe product_cat-7s product_cat-8s-oe product_cat-8s product_cat-aesthetic-collection product_cat-cotton-woven-fabric product_cat-cotton-polyster-spandex-denim-fabric product_cat-non-elastic product_cat-oe product_cat-siro product_cat-twill-fabric product_cat-ungrouped has-post-thumbnail shipping-taxable product-type-simple\" data-loop=\"1\" data-id=\"2963\">\n\t\n\t\n<div class=\"product-wrapper\">\n\t<div class=\"product-element-top wd-quick-shop\">\n\t\t<a href=\"https:\/\/lydenim.com\/fr\/produit\/tissu-jacquard-bleu-53364\/\" class=\"product-image-link\" aria-label=\"Tissu Jacquard Bleu 53364 | Fil 7-12s | Certifi\u00e9 OEKO | Options de couleur\/poids personnalisables pour la mode et la d\u00e9coration int\u00e9rieure, fabriqu\u00e9 en Chine et livraison rapide dans le monde entier.\">\n\t\t\t<img loading=\"lazy\" decoding=\"async\" width=\"1024\" height=\"1024\" src=\"https:\/\/lydenim.com\/wp-content\/uploads\/2025\/02\/9T3A2102-1024x1024.jpg\" class=\"attachment-large size-large\" alt=\"\" srcset=\"https:\/\/lydenim.com\/wp-content\/uploads\/2025\/02\/9T3A2102-1024x1024.jpg 1024w, https:\/\/lydenim.com\/wp-content\/uploads\/2025\/02\/9T3A2102-300x300.jpg 300w, https:\/\/lydenim.com\/wp-content\/uploads\/2025\/02\/9T3A2102-150x150.jpg 150w, https:\/\/lydenim.com\/wp-content\/uploads\/2025\/02\/9T3A2102-scaled-600x600.jpg 600w, https:\/\/lydenim.com\/wp-content\/uploads\/2025\/02\/9T3A2102-768x768.jpg 768w, https:\/\/lydenim.com\/wp-content\/uploads\/2025\/02\/9T3A2102-1536x1536.jpg 1536w, https:\/\/lydenim.com\/wp-content\/uploads\/2025\/02\/9T3A2102-2048x2048.jpg 2048w, https:\/\/lydenim.com\/wp-content\/uploads\/2025\/02\/9T3A2102-12x12.jpg 12w\" sizes=\"auto, (max-width: 1024px) 100vw, 1024px\" \/>\t\t<\/a>\n\n\t\t\t\t\t<div class=\"hover-img\">\n\t\t\t\t<img loading=\"lazy\" decoding=\"async\" width=\"1024\" height=\"1024\" src=\"https:\/\/lydenim.com\/wp-content\/uploads\/2025\/02\/9T3A2102-1024x1024.jpg\" class=\"attachment-large size-large\" alt=\"\" srcset=\"https:\/\/lydenim.com\/wp-content\/uploads\/2025\/02\/9T3A2102-1024x1024.jpg 1024w, https:\/\/lydenim.com\/wp-content\/uploads\/2025\/02\/9T3A2102-300x300.jpg 300w, https:\/\/lydenim.com\/wp-content\/uploads\/2025\/02\/9T3A2102-150x150.jpg 150w, https:\/\/lydenim.com\/wp-content\/uploads\/2025\/02\/9T3A2102-scaled-600x600.jpg 600w, https:\/\/lydenim.com\/wp-content\/uploads\/2025\/02\/9T3A2102-768x768.jpg 768w, https:\/\/lydenim.com\/wp-content\/uploads\/2025\/02\/9T3A2102-1536x1536.jpg 1536w, https:\/\/lydenim.com\/wp-content\/uploads\/2025\/02\/9T3A2102-2048x2048.jpg 2048w, https:\/\/lydenim.com\/wp-content\/uploads\/2025\/02\/9T3A2102-12x12.jpg 12w\" sizes=\"auto, (max-width: 1024px) 100vw, 1024px\" \/>\t\t\t<\/div>\n\t\t\t\t\t<div class=\"wd-buttons wd-pos-r-t\">\n\t\t\t\t\t\t\t\t\t\t\t\t\t\t<\/div>\n\n\t\t\t\t\t\t\t\t<\/div>\n\t\t\t<h3 class=\"wd-entities-title\"><a href=\"https:\/\/lydenim.com\/fr\/produit\/tissu-jacquard-bleu-53364\/\">Tissu Jacquard Bleu 53364 | Fil 7-12s | Certifi\u00e9 OEKO | Options de couleur\/poids personnalisables pour la mode et la d\u00e9coration int\u00e9rieure, fabriqu\u00e9 en Chine et livraison rapide dans le monde entier.<\/a><\/h3>\n\t\t\t<div class=\"wd-product-cats\">\n\t\t\t<a href=\"https:\/\/lydenim.com\/fr\/categorie-produit\/siro\/\" rel=\"tag\">Siro<\/a>, <a href=\"https:\/\/lydenim.com\/fr\/categorie-produit\/siro\/10s\/\" rel=\"tag\">10S<\/a>, <a href=\"https:\/\/lydenim.com\/fr\/categorie-produit\/oe\/\" rel=\"tag\">OE<\/a>, <a href=\"https:\/\/lydenim.com\/fr\/categorie-produit\/oe\/10s-oe\/\" rel=\"tag\">10S<\/a>, <a href=\"https:\/\/lydenim.com\/fr\/categorie-produit\/siro\/12s\/\" rel=\"tag\">12S<\/a>, <a href=\"https:\/\/lydenim.com\/fr\/categorie-produit\/oe\/12s-oe\/\" rel=\"tag\">12S<\/a>, <a href=\"https:\/\/lydenim.com\/fr\/categorie-produit\/oe\/16s-oe\/\" rel=\"tag\">16S<\/a>, <a href=\"https:\/\/lydenim.com\/fr\/categorie-produit\/siro\/16s\/\" rel=\"tag\">16S<\/a>, <a href=\"https:\/\/lydenim.com\/fr\/categorie-produit\/oe\/6s-oe\/\" rel=\"tag\">6S<\/a>, <a href=\"https:\/\/lydenim.com\/fr\/categorie-produit\/siro\/6s\/\" rel=\"tag\">6S<\/a>, <a href=\"https:\/\/lydenim.com\/fr\/categorie-produit\/oe\/7s-oe\/\" rel=\"tag\">7S<\/a>, <a href=\"https:\/\/lydenim.com\/fr\/categorie-produit\/siro\/7s\/\" rel=\"tag\">7S<\/a>, <a href=\"https:\/\/lydenim.com\/fr\/categorie-produit\/oe\/8s-oe\/\" rel=\"tag\">8S<\/a>, <a href=\"https:\/\/lydenim.com\/fr\/categorie-produit\/siro\/8s\/\" rel=\"tag\">8S<\/a>, <a href=\"https:\/\/lydenim.com\/fr\/categorie-produit\/collection-esthetique\/\" rel=\"tag\">Collection Esth\u00e9tique<\/a>, <a href=\"https:\/\/lydenim.com\/fr\/categorie-produit\/tissu-en-coton-tisse\/\" rel=\"tag\">Tissu en coton tiss\u00e9<\/a>, <a href=\"https:\/\/lydenim.com\/fr\/categorie-produit\/tissu-denim-en-coton-polyester-et-elasthanne\/\" rel=\"tag\">Tissu denim en coton\/polyester\/\u00e9lasthanne<\/a>, <a href=\"https:\/\/lydenim.com\/fr\/categorie-produit\/non-elastique\/\" rel=\"tag\">Non \u00e9lastique<\/a>, <a href=\"https:\/\/lydenim.com\/fr\/categorie-produit\/tissu-serge\/\" rel=\"tag\">Tissu serg\u00e9<\/a>, <a href=\"https:\/\/lydenim.com\/fr\/categorie-produit\/non-groupe\/\" rel=\"tag\">Non group\u00e9<\/a>\t\t<\/div>\n\t\t\t\t\n\n\t\n\t\n\t\t<\/div>\n<\/div>\n\t\t\t\t\t\t\t\t<div class=\"wd-product wd-hover-quick wd-col product-grid-item product type-product post-2612 status-publish instock product_cat-10s-spuer-siro product_cat-10s product_cat-cotton-woven-fabric product_cat-cotton-polyster-spandex-denim-fabric product_cat-high-stretch-denim-fabric has-post-thumbnail shipping-taxable product-type-simple\" data-loop=\"2\" data-id=\"2612\">\n\t\n\t\n<div class=\"product-wrapper\">\n\t<div class=\"product-element-top wd-quick-shop\">\n\t\t<a href=\"https:\/\/lydenim.com\/fr\/produit\/0533-tissu-denim-bleu-fonce-noir-de-jais\/\" class=\"product-image-link\" aria-label=\"Tissu denim bleu fonc\u00e9 et noir de jais 0533\">\n\t\t\t<img loading=\"lazy\" decoding=\"async\" width=\"1024\" height=\"1024\" src=\"https:\/\/lydenim.com\/wp-content\/uploads\/2025\/01\/DSC08070-1024x1024.jpg\" class=\"attachment-large size-large\" alt=\"\" srcset=\"https:\/\/lydenim.com\/wp-content\/uploads\/2025\/01\/DSC08070-1024x1024.jpg 1024w, https:\/\/lydenim.com\/wp-content\/uploads\/2025\/01\/DSC08070-300x300.jpg 300w, https:\/\/lydenim.com\/wp-content\/uploads\/2025\/01\/DSC08070-150x150.jpg 150w, https:\/\/lydenim.com\/wp-content\/uploads\/2025\/01\/DSC08070-scaled-600x600.jpg 600w, https:\/\/lydenim.com\/wp-content\/uploads\/2025\/01\/DSC08070-768x768.jpg 768w, https:\/\/lydenim.com\/wp-content\/uploads\/2025\/01\/DSC08070-1536x1536.jpg 1536w, https:\/\/lydenim.com\/wp-content\/uploads\/2025\/01\/DSC08070-2048x2048.jpg 2048w, https:\/\/lydenim.com\/wp-content\/uploads\/2025\/01\/DSC08070-12x12.jpg 12w\" sizes=\"auto, (max-width: 1024px) 100vw, 1024px\" \/>\t\t<\/a>\n\n\t\t\t\t\t<div class=\"hover-img\">\n\t\t\t\t<img loading=\"lazy\" decoding=\"async\" width=\"1024\" height=\"1024\" src=\"https:\/\/lydenim.com\/wp-content\/uploads\/2025\/01\/DSC08065-1024x1024.jpg\" class=\"attachment-large size-large\" alt=\"\" srcset=\"https:\/\/lydenim.com\/wp-content\/uploads\/2025\/01\/DSC08065-1024x1024.jpg 1024w, https:\/\/lydenim.com\/wp-content\/uploads\/2025\/01\/DSC08065-300x300.jpg 300w, https:\/\/lydenim.com\/wp-content\/uploads\/2025\/01\/DSC08065-150x150.jpg 150w, https:\/\/lydenim.com\/wp-content\/uploads\/2025\/01\/DSC08065-scaled-600x600.jpg 600w, https:\/\/lydenim.com\/wp-content\/uploads\/2025\/01\/DSC08065-768x768.jpg 768w, https:\/\/lydenim.com\/wp-content\/uploads\/2025\/01\/DSC08065-1536x1536.jpg 1536w, https:\/\/lydenim.com\/wp-content\/uploads\/2025\/01\/DSC08065-2048x2048.jpg 2048w, https:\/\/lydenim.com\/wp-content\/uploads\/2025\/01\/DSC08065-12x12.jpg 12w\" sizes=\"auto, (max-width: 1024px) 100vw, 1024px\" \/>\t\t\t<\/div>\n\t\t\t\t\t<div class=\"wd-buttons wd-pos-r-t\">\n\t\t\t\t\t\t\t\t\t\t\t\t\t\t<\/div>\n\n\t\t\t\t\t\t\t\t<\/div>\n\t\t\t<h3 class=\"wd-entities-title\"><a href=\"https:\/\/lydenim.com\/fr\/produit\/0533-tissu-denim-bleu-fonce-noir-de-jais\/\">Tissu denim bleu fonc\u00e9 et noir de jais 0533<\/a><\/h3>\n\t\t\t<div class=\"wd-product-cats\">\n\t\t\t<a href=\"https:\/\/lydenim.com\/fr\/categorie-produit\/spuer-siro\/10s-spuer-siro\/\" rel=\"tag\">10S<\/a>, <a href=\"https:\/\/lydenim.com\/fr\/categorie-produit\/siro\/10s\/\" rel=\"tag\">10S<\/a>, <a href=\"https:\/\/lydenim.com\/fr\/categorie-produit\/tissu-en-coton-tisse\/\" rel=\"tag\">Tissu en coton tiss\u00e9<\/a>, <a href=\"https:\/\/lydenim.com\/fr\/categorie-produit\/tissu-denim-en-coton-polyester-et-elasthanne\/\" rel=\"tag\">Tissu denim en coton\/polyester\/\u00e9lasthanne<\/a>, <a href=\"https:\/\/lydenim.com\/fr\/categorie-produit\/tissu-denim-hautement-extensible\/\" rel=\"tag\">Tissu denim tr\u00e8s extensible<\/a>\t\t<\/div>\n\t\t\t\t\n\n\t\n\t\n\t\t<\/div>\n<\/div>\n\t\t\t\t\t\t\t\t<div class=\"wd-product wd-hover-quick wd-col product-grid-item product type-product post-2630 status-publish last instock product_cat-10s product_cat-10s-spuer-siro product_cat-cotton-woven-fabric product_cat-cotton-polyster-spandex-denim-fabric product_cat-high-stretch-denim-fabric has-post-thumbnail shipping-taxable product-type-simple\" data-loop=\"3\" data-id=\"2630\">\n\t\n\t\n<div class=\"product-wrapper\">\n\t<div class=\"product-element-top wd-quick-shop\">\n\t\t<a href=\"https:\/\/lydenim.com\/fr\/produit\/tissu-denim-0533t8-bleu-fonce-noir-de-jais\/\" class=\"product-image-link\" aria-label=\"Tissu denim bleu fonc\u00e9 et noir de jais 0533T8\">\n\t\t\t<img loading=\"lazy\" decoding=\"async\" width=\"1024\" height=\"1024\" src=\"https:\/\/lydenim.com\/wp-content\/uploads\/2025\/01\/DSC07817-1024x1024.jpg\" class=\"attachment-large size-large\" alt=\"\" srcset=\"https:\/\/lydenim.com\/wp-content\/uploads\/2025\/01\/DSC07817-1024x1024.jpg 1024w, https:\/\/lydenim.com\/wp-content\/uploads\/2025\/01\/DSC07817-300x300.jpg 300w, https:\/\/lydenim.com\/wp-content\/uploads\/2025\/01\/DSC07817-150x150.jpg 150w, https:\/\/lydenim.com\/wp-content\/uploads\/2025\/01\/DSC07817-scaled-600x600.jpg 600w, https:\/\/lydenim.com\/wp-content\/uploads\/2025\/01\/DSC07817-768x768.jpg 768w, https:\/\/lydenim.com\/wp-content\/uploads\/2025\/01\/DSC07817-1536x1536.jpg 1536w, https:\/\/lydenim.com\/wp-content\/uploads\/2025\/01\/DSC07817-2048x2048.jpg 2048w, https:\/\/lydenim.com\/wp-content\/uploads\/2025\/01\/DSC07817-12x12.jpg 12w\" sizes=\"auto, (max-width: 1024px) 100vw, 1024px\" \/>\t\t<\/a>\n\n\t\t\t\t\t<div class=\"hover-img\">\n\t\t\t\t<img loading=\"lazy\" decoding=\"async\" width=\"965\" height=\"1024\" src=\"https:\/\/lydenim.com\/wp-content\/uploads\/2025\/01\/DSC07816-965x1024.jpeg\" class=\"attachment-large size-large\" alt=\"\" srcset=\"https:\/\/lydenim.com\/wp-content\/uploads\/2025\/01\/DSC07816-965x1024.jpeg 965w, https:\/\/lydenim.com\/wp-content\/uploads\/2025\/01\/DSC07816-scaled-150x159.jpeg 150w, https:\/\/lydenim.com\/wp-content\/uploads\/2025\/01\/DSC07816-scaled-600x637.jpeg 600w, https:\/\/lydenim.com\/wp-content\/uploads\/2025\/01\/DSC07816-283x300.jpeg 283w, https:\/\/lydenim.com\/wp-content\/uploads\/2025\/01\/DSC07816-768x815.jpeg 768w, https:\/\/lydenim.com\/wp-content\/uploads\/2025\/01\/DSC07816-1448x1536.jpeg 1448w, https:\/\/lydenim.com\/wp-content\/uploads\/2025\/01\/DSC07816-1930x2048.jpeg 1930w, https:\/\/lydenim.com\/wp-content\/uploads\/2025\/01\/DSC07816-11x12.jpeg 11w\" sizes=\"auto, (max-width: 965px) 100vw, 965px\" \/>\t\t\t<\/div>\n\t\t\t\t\t<div class=\"wd-buttons wd-pos-r-t\">\n\t\t\t\t\t\t\t\t\t\t\t\t\t\t<\/div>\n\n\t\t\t\t\t\t\t\t<\/div>\n\t\t\t<h3 class=\"wd-entities-title\"><a href=\"https:\/\/lydenim.com\/fr\/produit\/tissu-denim-0533t8-bleu-fonce-noir-de-jais\/\">Tissu denim bleu fonc\u00e9 et noir de jais 0533T8<\/a><\/h3>\n\t\t\t<div class=\"wd-product-cats\">\n\t\t\t<a href=\"https:\/\/lydenim.com\/fr\/categorie-produit\/siro\/10s\/\" rel=\"tag\">10S<\/a>, <a href=\"https:\/\/lydenim.com\/fr\/categorie-produit\/spuer-siro\/10s-spuer-siro\/\" rel=\"tag\">10S<\/a>, <a href=\"https:\/\/lydenim.com\/fr\/categorie-produit\/tissu-en-coton-tisse\/\" rel=\"tag\">Tissu en coton tiss\u00e9<\/a>, <a href=\"https:\/\/lydenim.com\/fr\/categorie-produit\/tissu-denim-en-coton-polyester-et-elasthanne\/\" rel=\"tag\">Tissu denim en coton\/polyester\/\u00e9lasthanne<\/a>, <a href=\"https:\/\/lydenim.com\/fr\/categorie-produit\/tissu-denim-hautement-extensible\/\" rel=\"tag\">Tissu denim tr\u00e8s extensible<\/a>\t\t<\/div>\n\t\t\t\t\n\n\t\n\t\n\t\t<\/div>\n<\/div>\n\t\t\t\t\t\t\t\t<div class=\"wd-product wd-hover-quick wd-col product-grid-item product type-product post-2640 status-publish first instock product_cat-10s product_cat-10s-spuer-siro product_cat-cotton-woven-fabric product_cat-cotton-polyster-spandex-denim-fabric product_cat-high-stretch-denim-fabric has-post-thumbnail shipping-taxable product-type-simple\" data-loop=\"4\" data-id=\"2640\">\n\t\n\t\n<div class=\"product-wrapper\">\n\t<div class=\"product-element-top wd-quick-shop\">\n\t\t<a href=\"https:\/\/lydenim.com\/fr\/produit\/tissu-denim-noir-0534-polyvalent-et-durable\/\" class=\"product-image-link\" aria-label=\"Tissu denim noir 0534 \u2013 Polyvalent et durable\">\n\t\t\t<img loading=\"lazy\" decoding=\"async\" width=\"1024\" height=\"1024\" src=\"https:\/\/lydenim.com\/wp-content\/uploads\/2025\/01\/DSC08060-1024x1024.jpg\" class=\"attachment-large size-large\" alt=\"\" srcset=\"https:\/\/lydenim.com\/wp-content\/uploads\/2025\/01\/DSC08060-1024x1024.jpg 1024w, https:\/\/lydenim.com\/wp-content\/uploads\/2025\/01\/DSC08060-300x300.jpg 300w, https:\/\/lydenim.com\/wp-content\/uploads\/2025\/01\/DSC08060-150x150.jpg 150w, https:\/\/lydenim.com\/wp-content\/uploads\/2025\/01\/DSC08060-scaled-600x600.jpg 600w, https:\/\/lydenim.com\/wp-content\/uploads\/2025\/01\/DSC08060-768x768.jpg 768w, https:\/\/lydenim.com\/wp-content\/uploads\/2025\/01\/DSC08060-1536x1536.jpg 1536w\" sizes=\"auto, (max-width: 1024px) 100vw, 1024px\" \/>\t\t<\/a>\n\n\t\t\t\t\t<div class=\"hover-img\">\n\t\t\t\t<img loading=\"lazy\" decoding=\"async\" width=\"1024\" height=\"933\" src=\"https:\/\/lydenim.com\/wp-content\/uploads\/2025\/01\/DSC08053-1024x933.jpg\" class=\"attachment-large size-large\" alt=\"\" srcset=\"https:\/\/lydenim.com\/wp-content\/uploads\/2025\/01\/DSC08053-1024x933.jpg 1024w, https:\/\/lydenim.com\/wp-content\/uploads\/2025\/01\/DSC08053-scaled-150x137.jpg 150w, https:\/\/lydenim.com\/wp-content\/uploads\/2025\/01\/DSC08053-scaled-600x546.jpg 600w, https:\/\/lydenim.com\/wp-content\/uploads\/2025\/01\/DSC08053-300x273.jpg 300w, https:\/\/lydenim.com\/wp-content\/uploads\/2025\/01\/DSC08053-768x699.jpg 768w, https:\/\/lydenim.com\/wp-content\/uploads\/2025\/01\/DSC08053-1536x1399.jpg 1536w, https:\/\/lydenim.com\/wp-content\/uploads\/2025\/01\/DSC08053-2048x1865.jpg 2048w, https:\/\/lydenim.com\/wp-content\/uploads\/2025\/01\/DSC08053-13x12.jpg 13w\" sizes=\"auto, (max-width: 1024px) 100vw, 1024px\" \/>\t\t\t<\/div>\n\t\t\t\t\t<div class=\"wd-buttons wd-pos-r-t\">\n\t\t\t\t\t\t\t\t\t\t\t\t\t\t<\/div>\n\n\t\t\t\t\t\t\t\t<\/div>\n\t\t\t<h3 class=\"wd-entities-title\"><a href=\"https:\/\/lydenim.com\/fr\/produit\/tissu-denim-noir-0534-polyvalent-et-durable\/\">Tissu denim noir 0534 \u2013 Polyvalent et durable<\/a><\/h3>\n\t\t\t<div class=\"wd-product-cats\">\n\t\t\t<a href=\"https:\/\/lydenim.com\/fr\/categorie-produit\/siro\/10s\/\" rel=\"tag\">10S<\/a>, <a href=\"https:\/\/lydenim.com\/fr\/categorie-produit\/spuer-siro\/10s-spuer-siro\/\" rel=\"tag\">10S<\/a>, <a href=\"https:\/\/lydenim.com\/fr\/categorie-produit\/tissu-en-coton-tisse\/\" rel=\"tag\">Tissu en coton tiss\u00e9<\/a>, <a href=\"https:\/\/lydenim.com\/fr\/categorie-produit\/tissu-denim-en-coton-polyester-et-elasthanne\/\" rel=\"tag\">Tissu denim en coton\/polyester\/\u00e9lasthanne<\/a>, <a href=\"https:\/\/lydenim.com\/fr\/categorie-produit\/tissu-denim-hautement-extensible\/\" rel=\"tag\">Tissu denim tr\u00e8s extensible<\/a>\t\t<\/div>\n\t\t\t\t\n\n\t\n\t\n\t\t<\/div>\n<\/div>\n\t\t\t\t\t\t\t\t<div class=\"wd-product wd-hover-quick wd-col product-grid-item product type-product post-2648 status-publish instock product_cat-10s-spuer-siro product_cat-10s product_cat-cotton-woven-fabric product_cat-cotton-polyster-spandex-denim-fabric product_cat-high-stretch-denim-fabric has-post-thumbnail shipping-taxable product-type-simple\" data-loop=\"5\" data-id=\"2648\">\n\t\n\t\n<div class=\"product-wrapper\">\n\t<div class=\"product-element-top wd-quick-shop\">\n\t\t<a href=\"https:\/\/lydenim.com\/fr\/produit\/tissu-denim-bleu-extra-fonce-0535-materiau-durable-et-polyvalent\/\" class=\"product-image-link\" aria-label=\"Tissu denim bleu extra fonc\u00e9 0535 \u2013 Mat\u00e9riau durable et polyvalent\">\n\t\t\t<img loading=\"lazy\" decoding=\"async\" width=\"1024\" height=\"1024\" src=\"https:\/\/lydenim.com\/wp-content\/uploads\/2025\/01\/DSC08077-1024x1024.jpg\" class=\"attachment-large size-large\" alt=\"\" srcset=\"https:\/\/lydenim.com\/wp-content\/uploads\/2025\/01\/DSC08077-1024x1024.jpg 1024w, https:\/\/lydenim.com\/wp-content\/uploads\/2025\/01\/DSC08077-300x300.jpg 300w, https:\/\/lydenim.com\/wp-content\/uploads\/2025\/01\/DSC08077-150x150.jpg 150w, https:\/\/lydenim.com\/wp-content\/uploads\/2025\/01\/DSC08077-scaled-600x600.jpg 600w, https:\/\/lydenim.com\/wp-content\/uploads\/2025\/01\/DSC08077-768x768.jpg 768w, https:\/\/lydenim.com\/wp-content\/uploads\/2025\/01\/DSC08077-1536x1536.jpg 1536w, https:\/\/lydenim.com\/wp-content\/uploads\/2025\/01\/DSC08077-2048x2048.jpg 2048w, https:\/\/lydenim.com\/wp-content\/uploads\/2025\/01\/DSC08077-12x12.jpg 12w\" sizes=\"auto, (max-width: 1024px) 100vw, 1024px\" \/>\t\t<\/a>\n\n\t\t\t\t\t<div class=\"hover-img\">\n\t\t\t\t<img loading=\"lazy\" decoding=\"async\" width=\"1024\" height=\"1024\" src=\"https:\/\/lydenim.com\/wp-content\/uploads\/2025\/01\/DSC08073-1024x1024.jpg\" class=\"attachment-large size-large\" alt=\"\" srcset=\"https:\/\/lydenim.com\/wp-content\/uploads\/2025\/01\/DSC08073-1024x1024.jpg 1024w, https:\/\/lydenim.com\/wp-content\/uploads\/2025\/01\/DSC08073-300x300.jpg 300w, https:\/\/lydenim.com\/wp-content\/uploads\/2025\/01\/DSC08073-150x150.jpg 150w, https:\/\/lydenim.com\/wp-content\/uploads\/2025\/01\/DSC08073-scaled-600x600.jpg 600w, https:\/\/lydenim.com\/wp-content\/uploads\/2025\/01\/DSC08073-768x768.jpg 768w, https:\/\/lydenim.com\/wp-content\/uploads\/2025\/01\/DSC08073-1536x1536.jpg 1536w, https:\/\/lydenim.com\/wp-content\/uploads\/2025\/01\/DSC08073-2048x2048.jpg 2048w, https:\/\/lydenim.com\/wp-content\/uploads\/2025\/01\/DSC08073-12x12.jpg 12w\" sizes=\"auto, (max-width: 1024px) 100vw, 1024px\" \/>\t\t\t<\/div>\n\t\t\t\t\t<div class=\"wd-buttons wd-pos-r-t\">\n\t\t\t\t\t\t\t\t\t\t\t\t\t\t<\/div>\n\n\t\t\t\t\t\t\t\t<\/div>\n\t\t\t<h3 class=\"wd-entities-title\"><a href=\"https:\/\/lydenim.com\/fr\/produit\/tissu-denim-bleu-extra-fonce-0535-materiau-durable-et-polyvalent\/\">Tissu denim bleu extra fonc\u00e9 0535 \u2013 Mat\u00e9riau durable et polyvalent<\/a><\/h3>\n\t\t\t<div class=\"wd-product-cats\">\n\t\t\t<a href=\"https:\/\/lydenim.com\/fr\/categorie-produit\/spuer-siro\/10s-spuer-siro\/\" rel=\"tag\">10S<\/a>, <a href=\"https:\/\/lydenim.com\/fr\/categorie-produit\/siro\/10s\/\" rel=\"tag\">10S<\/a>, <a href=\"https:\/\/lydenim.com\/fr\/categorie-produit\/tissu-en-coton-tisse\/\" rel=\"tag\">Tissu en coton tiss\u00e9<\/a>, <a href=\"https:\/\/lydenim.com\/fr\/categorie-produit\/tissu-denim-en-coton-polyester-et-elasthanne\/\" rel=\"tag\">Tissu denim en coton\/polyester\/\u00e9lasthanne<\/a>, <a href=\"https:\/\/lydenim.com\/fr\/categorie-produit\/tissu-denim-hautement-extensible\/\" rel=\"tag\">Tissu denim tr\u00e8s extensible<\/a>\t\t<\/div>\n\t\t\t\t\n\n\t\n\t\n\t\t<\/div>\n<\/div>\n\t\t\t\t\t\t\t\t<div class=\"wd-product wd-hover-quick wd-col product-grid-item product type-product post-2682 status-publish instock product_cat-10s product_cat-10s-spuer-siro product_cat-cotton-woven-fabric product_cat-cotton-polyster-spandex-denim-fabric product_cat-high-stretch-denim-fabric has-post-thumbnail shipping-taxable product-type-simple\" data-loop=\"6\" data-id=\"2682\">\n\t\n\t\n<div class=\"product-wrapper\">\n\t<div class=\"product-element-top wd-quick-shop\">\n\t\t<a href=\"https:\/\/lydenim.com\/fr\/produit\/tissu-denim-bleu-extra-fonce-0535t11-materiau-durable-et-polyvalent\/\" class=\"product-image-link\" aria-label=\"Tissu denim bleu extra fonc\u00e9 0535T11 \u2013 Mat\u00e9riau durable et polyvalent\">\n\t\t\t<img loading=\"lazy\" decoding=\"async\" width=\"1024\" height=\"1024\" src=\"https:\/\/lydenim.com\/wp-content\/uploads\/2025\/01\/DSC08077-1024x1024.jpg\" class=\"attachment-large size-large\" alt=\"\" srcset=\"https:\/\/lydenim.com\/wp-content\/uploads\/2025\/01\/DSC08077-1024x1024.jpg 1024w, https:\/\/lydenim.com\/wp-content\/uploads\/2025\/01\/DSC08077-300x300.jpg 300w, https:\/\/lydenim.com\/wp-content\/uploads\/2025\/01\/DSC08077-150x150.jpg 150w, https:\/\/lydenim.com\/wp-content\/uploads\/2025\/01\/DSC08077-scaled-600x600.jpg 600w, https:\/\/lydenim.com\/wp-content\/uploads\/2025\/01\/DSC08077-768x768.jpg 768w, https:\/\/lydenim.com\/wp-content\/uploads\/2025\/01\/DSC08077-1536x1536.jpg 1536w, https:\/\/lydenim.com\/wp-content\/uploads\/2025\/01\/DSC08077-2048x2048.jpg 2048w, https:\/\/lydenim.com\/wp-content\/uploads\/2025\/01\/DSC08077-12x12.jpg 12w\" sizes=\"auto, (max-width: 1024px) 100vw, 1024px\" \/>\t\t<\/a>\n\n\t\t\t\t\t<div class=\"hover-img\">\n\t\t\t\t<img loading=\"lazy\" decoding=\"async\" width=\"1024\" height=\"1024\" src=\"https:\/\/lydenim.com\/wp-content\/uploads\/2025\/01\/DSC08073-1024x1024.jpg\" class=\"attachment-large size-large\" alt=\"\" srcset=\"https:\/\/lydenim.com\/wp-content\/uploads\/2025\/01\/DSC08073-1024x1024.jpg 1024w, https:\/\/lydenim.com\/wp-content\/uploads\/2025\/01\/DSC08073-300x300.jpg 300w, https:\/\/lydenim.com\/wp-content\/uploads\/2025\/01\/DSC08073-150x150.jpg 150w, https:\/\/lydenim.com\/wp-content\/uploads\/2025\/01\/DSC08073-scaled-600x600.jpg 600w, https:\/\/lydenim.com\/wp-content\/uploads\/2025\/01\/DSC08073-768x768.jpg 768w, https:\/\/lydenim.com\/wp-content\/uploads\/2025\/01\/DSC08073-1536x1536.jpg 1536w, https:\/\/lydenim.com\/wp-content\/uploads\/2025\/01\/DSC08073-2048x2048.jpg 2048w, https:\/\/lydenim.com\/wp-content\/uploads\/2025\/01\/DSC08073-12x12.jpg 12w\" sizes=\"auto, (max-width: 1024px) 100vw, 1024px\" \/>\t\t\t<\/div>\n\t\t\t\t\t<div class=\"wd-buttons wd-pos-r-t\">\n\t\t\t\t\t\t\t\t\t\t\t\t\t\t<\/div>\n\n\t\t\t\t\t\t\t\t<\/div>\n\t\t\t<h3 class=\"wd-entities-title\"><a href=\"https:\/\/lydenim.com\/fr\/produit\/tissu-denim-bleu-extra-fonce-0535t11-materiau-durable-et-polyvalent\/\">Tissu denim bleu extra fonc\u00e9 0535T11 \u2013 Mat\u00e9riau durable et polyvalent<\/a><\/h3>\n\t\t\t<div class=\"wd-product-cats\">\n\t\t\t<a href=\"https:\/\/lydenim.com\/fr\/categorie-produit\/siro\/10s\/\" rel=\"tag\">10S<\/a>, <a href=\"https:\/\/lydenim.com\/fr\/categorie-produit\/spuer-siro\/10s-spuer-siro\/\" rel=\"tag\">10S<\/a>, <a href=\"https:\/\/lydenim.com\/fr\/categorie-produit\/tissu-en-coton-tisse\/\" rel=\"tag\">Tissu en coton tiss\u00e9<\/a>, <a href=\"https:\/\/lydenim.com\/fr\/categorie-produit\/tissu-denim-en-coton-polyester-et-elasthanne\/\" rel=\"tag\">Tissu denim en coton\/polyester\/\u00e9lasthanne<\/a>, <a href=\"https:\/\/lydenim.com\/fr\/categorie-produit\/tissu-denim-hautement-extensible\/\" rel=\"tag\">Tissu denim tr\u00e8s extensible<\/a>\t\t<\/div>\n\t\t\t\t\n\n\t\n\t\n\t\t<\/div>\n<\/div>\n\t\t\t\t\t\t\t\t<div class=\"wd-product wd-hover-quick wd-col product-grid-item product type-product post-2664 status-publish last instock product_cat-10s product_cat-10s-spuer-siro product_cat-cotton-woven-fabric product_cat-cotton-polyster-spandex-denim-fabric product_cat-high-stretch-denim-fabric has-post-thumbnail shipping-taxable product-type-simple\" data-loop=\"7\" data-id=\"2664\">\n\t\n\t\n<div class=\"product-wrapper\">\n\t<div class=\"product-element-top wd-quick-shop\">\n\t\t<a href=\"https:\/\/lydenim.com\/fr\/produit\/tissu-denim-extra-fonce-0535t4-materiau-polyvalent-et-durable\/\" class=\"product-image-link\" aria-label=\"Tissu denim bleu extra fonc\u00e9 0535T4 \u2013 Mat\u00e9riau durable et polyvalent\">\n\t\t\t<img loading=\"lazy\" decoding=\"async\" width=\"1024\" height=\"1024\" src=\"https:\/\/lydenim.com\/wp-content\/uploads\/2025\/01\/DSC08077-1024x1024.jpg\" class=\"attachment-large size-large\" alt=\"\" srcset=\"https:\/\/lydenim.com\/wp-content\/uploads\/2025\/01\/DSC08077-1024x1024.jpg 1024w, https:\/\/lydenim.com\/wp-content\/uploads\/2025\/01\/DSC08077-300x300.jpg 300w, https:\/\/lydenim.com\/wp-content\/uploads\/2025\/01\/DSC08077-150x150.jpg 150w, https:\/\/lydenim.com\/wp-content\/uploads\/2025\/01\/DSC08077-scaled-600x600.jpg 600w, https:\/\/lydenim.com\/wp-content\/uploads\/2025\/01\/DSC08077-768x768.jpg 768w, https:\/\/lydenim.com\/wp-content\/uploads\/2025\/01\/DSC08077-1536x1536.jpg 1536w, https:\/\/lydenim.com\/wp-content\/uploads\/2025\/01\/DSC08077-2048x2048.jpg 2048w, https:\/\/lydenim.com\/wp-content\/uploads\/2025\/01\/DSC08077-12x12.jpg 12w\" sizes=\"auto, (max-width: 1024px) 100vw, 1024px\" \/>\t\t<\/a>\n\n\t\t\t\t\t<div class=\"hover-img\">\n\t\t\t\t<img loading=\"lazy\" decoding=\"async\" width=\"1024\" height=\"1024\" src=\"https:\/\/lydenim.com\/wp-content\/uploads\/2025\/01\/DSC08073-1024x1024.jpg\" class=\"attachment-large size-large\" alt=\"\" srcset=\"https:\/\/lydenim.com\/wp-content\/uploads\/2025\/01\/DSC08073-1024x1024.jpg 1024w, https:\/\/lydenim.com\/wp-content\/uploads\/2025\/01\/DSC08073-300x300.jpg 300w, https:\/\/lydenim.com\/wp-content\/uploads\/2025\/01\/DSC08073-150x150.jpg 150w, https:\/\/lydenim.com\/wp-content\/uploads\/2025\/01\/DSC08073-scaled-600x600.jpg 600w, https:\/\/lydenim.com\/wp-content\/uploads\/2025\/01\/DSC08073-768x768.jpg 768w, https:\/\/lydenim.com\/wp-content\/uploads\/2025\/01\/DSC08073-1536x1536.jpg 1536w, https:\/\/lydenim.com\/wp-content\/uploads\/2025\/01\/DSC08073-2048x2048.jpg 2048w, https:\/\/lydenim.com\/wp-content\/uploads\/2025\/01\/DSC08073-12x12.jpg 12w\" sizes=\"auto, (max-width: 1024px) 100vw, 1024px\" \/>\t\t\t<\/div>\n\t\t\t\t\t<div class=\"wd-buttons wd-pos-r-t\">\n\t\t\t\t\t\t\t\t\t\t\t\t\t\t<\/div>\n\n\t\t\t\t\t\t\t\t<\/div>\n\t\t\t<h3 class=\"wd-entities-title\"><a href=\"https:\/\/lydenim.com\/fr\/produit\/tissu-denim-extra-fonce-0535t4-materiau-polyvalent-et-durable\/\">Tissu denim bleu extra fonc\u00e9 0535T4 \u2013 Mat\u00e9riau durable et polyvalent<\/a><\/h3>\n\t\t\t<div class=\"wd-product-cats\">\n\t\t\t<a href=\"https:\/\/lydenim.com\/fr\/categorie-produit\/siro\/10s\/\" rel=\"tag\">10S<\/a>, <a href=\"https:\/\/lydenim.com\/fr\/categorie-produit\/spuer-siro\/10s-spuer-siro\/\" rel=\"tag\">10S<\/a>, <a href=\"https:\/\/lydenim.com\/fr\/categorie-produit\/tissu-en-coton-tisse\/\" rel=\"tag\">Tissu en coton tiss\u00e9<\/a>, <a href=\"https:\/\/lydenim.com\/fr\/categorie-produit\/tissu-denim-en-coton-polyester-et-elasthanne\/\" rel=\"tag\">Tissu denim en coton\/polyester\/\u00e9lasthanne<\/a>, <a href=\"https:\/\/lydenim.com\/fr\/categorie-produit\/tissu-denim-hautement-extensible\/\" rel=\"tag\">Tissu denim tr\u00e8s extensible<\/a>\t\t<\/div>\n\t\t\t\t\n\n\t\n\t\n\t\t<\/div>\n<\/div>\n\t\t\t\t\t\t\t\t<div class=\"wd-product wd-hover-quick wd-col product-grid-item product type-product post-2668 status-publish first instock product_cat-10s product_cat-10s-spuer-siro product_cat-cotton-woven-fabric product_cat-cotton-polyster-spandex-denim-fabric product_cat-high-stretch-denim-fabric has-post-thumbnail shipping-taxable product-type-simple\" data-loop=\"8\" data-id=\"2668\">\n\t\n\t\n<div class=\"product-wrapper\">\n\t<div class=\"product-element-top wd-quick-shop\">\n\t\t<a href=\"https:\/\/lydenim.com\/fr\/produit\/tissu-denim-bleu-extra-fonce-0535t6-materiau-durable-et-polyvalent\/\" class=\"product-image-link\" aria-label=\"Tissu denim bleu extra fonc\u00e9 0535T6 \u2013 Mat\u00e9riau durable et polyvalent\">\n\t\t\t<img loading=\"lazy\" decoding=\"async\" width=\"1024\" height=\"1024\" src=\"https:\/\/lydenim.com\/wp-content\/uploads\/2025\/01\/DSC08077-1024x1024.jpg\" class=\"attachment-large size-large\" alt=\"\" srcset=\"https:\/\/lydenim.com\/wp-content\/uploads\/2025\/01\/DSC08077-1024x1024.jpg 1024w, https:\/\/lydenim.com\/wp-content\/uploads\/2025\/01\/DSC08077-300x300.jpg 300w, https:\/\/lydenim.com\/wp-content\/uploads\/2025\/01\/DSC08077-150x150.jpg 150w, https:\/\/lydenim.com\/wp-content\/uploads\/2025\/01\/DSC08077-scaled-600x600.jpg 600w, https:\/\/lydenim.com\/wp-content\/uploads\/2025\/01\/DSC08077-768x768.jpg 768w, https:\/\/lydenim.com\/wp-content\/uploads\/2025\/01\/DSC08077-1536x1536.jpg 1536w, https:\/\/lydenim.com\/wp-content\/uploads\/2025\/01\/DSC08077-2048x2048.jpg 2048w, https:\/\/lydenim.com\/wp-content\/uploads\/2025\/01\/DSC08077-12x12.jpg 12w\" sizes=\"auto, (max-width: 1024px) 100vw, 1024px\" \/>\t\t<\/a>\n\n\t\t\t\t\t<div class=\"hover-img\">\n\t\t\t\t<img loading=\"lazy\" decoding=\"async\" width=\"1024\" height=\"1024\" src=\"https:\/\/lydenim.com\/wp-content\/uploads\/2025\/01\/DSC08073-1024x1024.jpg\" class=\"attachment-large size-large\" alt=\"\" srcset=\"https:\/\/lydenim.com\/wp-content\/uploads\/2025\/01\/DSC08073-1024x1024.jpg 1024w, https:\/\/lydenim.com\/wp-content\/uploads\/2025\/01\/DSC08073-300x300.jpg 300w, https:\/\/lydenim.com\/wp-content\/uploads\/2025\/01\/DSC08073-150x150.jpg 150w, https:\/\/lydenim.com\/wp-content\/uploads\/2025\/01\/DSC08073-scaled-600x600.jpg 600w, https:\/\/lydenim.com\/wp-content\/uploads\/2025\/01\/DSC08073-768x768.jpg 768w, https:\/\/lydenim.com\/wp-content\/uploads\/2025\/01\/DSC08073-1536x1536.jpg 1536w, https:\/\/lydenim.com\/wp-content\/uploads\/2025\/01\/DSC08073-2048x2048.jpg 2048w, https:\/\/lydenim.com\/wp-content\/uploads\/2025\/01\/DSC08073-12x12.jpg 12w\" sizes=\"auto, (max-width: 1024px) 100vw, 1024px\" \/>\t\t\t<\/div>\n\t\t\t\t\t<div class=\"wd-buttons wd-pos-r-t\">\n\t\t\t\t\t\t\t\t\t\t\t\t\t\t<\/div>\n\n\t\t\t\t\t\t\t\t<\/div>\n\t\t\t<h3 class=\"wd-entities-title\"><a href=\"https:\/\/lydenim.com\/fr\/produit\/tissu-denim-bleu-extra-fonce-0535t6-materiau-durable-et-polyvalent\/\">Tissu denim bleu extra fonc\u00e9 0535T6 \u2013 Mat\u00e9riau durable et polyvalent<\/a><\/h3>\n\t\t\t<div class=\"wd-product-cats\">\n\t\t\t<a href=\"https:\/\/lydenim.com\/fr\/categorie-produit\/siro\/10s\/\" rel=\"tag\">10S<\/a>, <a href=\"https:\/\/lydenim.com\/fr\/categorie-produit\/spuer-siro\/10s-spuer-siro\/\" rel=\"tag\">10S<\/a>, <a href=\"https:\/\/lydenim.com\/fr\/categorie-produit\/tissu-en-coton-tisse\/\" rel=\"tag\">Tissu en coton tiss\u00e9<\/a>, <a href=\"https:\/\/lydenim.com\/fr\/categorie-produit\/tissu-denim-en-coton-polyester-et-elasthanne\/\" rel=\"tag\">Tissu denim en coton\/polyester\/\u00e9lasthanne<\/a>, <a href=\"https:\/\/lydenim.com\/fr\/categorie-produit\/tissu-denim-hautement-extensible\/\" rel=\"tag\">Tissu denim tr\u00e8s extensible<\/a>\t\t<\/div>\n\t\t\t\t\n\n\t\n\t\n\t\t<\/div>\n<\/div>\n\t\t\t\t\t\t\t\t<div class=\"wd-product wd-hover-quick wd-col product-grid-item product type-product post-2672 status-publish instock product_cat-10s-spuer-siro product_cat-10s product_cat-cotton-woven-fabric product_cat-cotton-polyster-spandex-denim-fabric product_cat-high-stretch-denim-fabric has-post-thumbnail shipping-taxable product-type-simple\" data-loop=\"9\" data-id=\"2672\">\n\t\n\t\n<div class=\"product-wrapper\">\n\t<div class=\"product-element-top wd-quick-shop\">\n\t\t<a href=\"https:\/\/lydenim.com\/fr\/produit\/tissu-denim-bleu-extra-fonce-0535t7-materiau-durable-et-polyvalent\/\" class=\"product-image-link\" aria-label=\"Tissu denim bleu extra fonc\u00e9 0535T7 \u2013 Mat\u00e9riau durable et polyvalent\">\n\t\t\t<img loading=\"lazy\" decoding=\"async\" width=\"1024\" height=\"1024\" src=\"https:\/\/lydenim.com\/wp-content\/uploads\/2025\/01\/DSC08077-1024x1024.jpg\" class=\"attachment-large size-large\" alt=\"\" srcset=\"https:\/\/lydenim.com\/wp-content\/uploads\/2025\/01\/DSC08077-1024x1024.jpg 1024w, https:\/\/lydenim.com\/wp-content\/uploads\/2025\/01\/DSC08077-300x300.jpg 300w, https:\/\/lydenim.com\/wp-content\/uploads\/2025\/01\/DSC08077-150x150.jpg 150w, https:\/\/lydenim.com\/wp-content\/uploads\/2025\/01\/DSC08077-scaled-600x600.jpg 600w, https:\/\/lydenim.com\/wp-content\/uploads\/2025\/01\/DSC08077-768x768.jpg 768w, https:\/\/lydenim.com\/wp-content\/uploads\/2025\/01\/DSC08077-1536x1536.jpg 1536w, https:\/\/lydenim.com\/wp-content\/uploads\/2025\/01\/DSC08077-2048x2048.jpg 2048w, https:\/\/lydenim.com\/wp-content\/uploads\/2025\/01\/DSC08077-12x12.jpg 12w\" sizes=\"auto, (max-width: 1024px) 100vw, 1024px\" \/>\t\t<\/a>\n\n\t\t\t\t\t<div class=\"hover-img\">\n\t\t\t\t<img loading=\"lazy\" decoding=\"async\" width=\"1024\" height=\"1024\" src=\"https:\/\/lydenim.com\/wp-content\/uploads\/2025\/01\/DSC08073-1024x1024.jpg\" class=\"attachment-large size-large\" alt=\"\" srcset=\"https:\/\/lydenim.com\/wp-content\/uploads\/2025\/01\/DSC08073-1024x1024.jpg 1024w, https:\/\/lydenim.com\/wp-content\/uploads\/2025\/01\/DSC08073-300x300.jpg 300w, https:\/\/lydenim.com\/wp-content\/uploads\/2025\/01\/DSC08073-150x150.jpg 150w, https:\/\/lydenim.com\/wp-content\/uploads\/2025\/01\/DSC08073-scaled-600x600.jpg 600w, https:\/\/lydenim.com\/wp-content\/uploads\/2025\/01\/DSC08073-768x768.jpg 768w, https:\/\/lydenim.com\/wp-content\/uploads\/2025\/01\/DSC08073-1536x1536.jpg 1536w, https:\/\/lydenim.com\/wp-content\/uploads\/2025\/01\/DSC08073-2048x2048.jpg 2048w, https:\/\/lydenim.com\/wp-content\/uploads\/2025\/01\/DSC08073-12x12.jpg 12w\" sizes=\"auto, (max-width: 1024px) 100vw, 1024px\" \/>\t\t\t<\/div>\n\t\t\t\t\t<div class=\"wd-buttons wd-pos-r-t\">\n\t\t\t\t\t\t\t\t\t\t\t\t\t\t<\/div>\n\n\t\t\t\t\t\t\t\t<\/div>\n\t\t\t<h3 class=\"wd-entities-title\"><a href=\"https:\/\/lydenim.com\/fr\/produit\/tissu-denim-bleu-extra-fonce-0535t7-materiau-durable-et-polyvalent\/\">Tissu denim bleu extra fonc\u00e9 0535T7 \u2013 Mat\u00e9riau durable et polyvalent<\/a><\/h3>\n\t\t\t<div class=\"wd-product-cats\">\n\t\t\t<a href=\"https:\/\/lydenim.com\/fr\/categorie-produit\/spuer-siro\/10s-spuer-siro\/\" rel=\"tag\">10S<\/a>, <a href=\"https:\/\/lydenim.com\/fr\/categorie-produit\/siro\/10s\/\" rel=\"tag\">10S<\/a>, <a href=\"https:\/\/lydenim.com\/fr\/categorie-produit\/tissu-en-coton-tisse\/\" rel=\"tag\">Tissu en coton tiss\u00e9<\/a>, <a href=\"https:\/\/lydenim.com\/fr\/categorie-produit\/tissu-denim-en-coton-polyester-et-elasthanne\/\" rel=\"tag\">Tissu denim en coton\/polyester\/\u00e9lasthanne<\/a>, <a href=\"https:\/\/lydenim.com\/fr\/categorie-produit\/tissu-denim-hautement-extensible\/\" rel=\"tag\">Tissu denim tr\u00e8s extensible<\/a>\t\t<\/div>\n\t\t\t\t\n\n\t\n\t\n\t\t<\/div>\n<\/div>\n\t\t\t\t\t\t\t\t<div class=\"wd-product wd-hover-quick wd-col product-grid-item product type-product post-2676 status-publish instock product_cat-10s product_cat-10s-spuer-siro product_cat-cotton-woven-fabric product_cat-cotton-polyster-spandex-denim-fabric product_cat-high-stretch-denim-fabric has-post-thumbnail shipping-taxable product-type-simple\" data-loop=\"10\" data-id=\"2676\">\n\t\n\t\n<div class=\"product-wrapper\">\n\t<div class=\"product-element-top wd-quick-shop\">\n\t\t<a href=\"https:\/\/lydenim.com\/fr\/produit\/tissu-denim-bleu-extra-fonce-0535t9-materiau-durable-et-polyvalent\/\" class=\"product-image-link\" aria-label=\"Tissu denim bleu extra fonc\u00e9 0535T9 \u2013 Mat\u00e9riau durable et polyvalent\">\n\t\t\t<img loading=\"lazy\" decoding=\"async\" width=\"1024\" height=\"1024\" src=\"https:\/\/lydenim.com\/wp-content\/uploads\/2025\/01\/DSC08077-1024x1024.jpg\" class=\"attachment-large size-large\" alt=\"\" srcset=\"https:\/\/lydenim.com\/wp-content\/uploads\/2025\/01\/DSC08077-1024x1024.jpg 1024w, https:\/\/lydenim.com\/wp-content\/uploads\/2025\/01\/DSC08077-300x300.jpg 300w, https:\/\/lydenim.com\/wp-content\/uploads\/2025\/01\/DSC08077-150x150.jpg 150w, https:\/\/lydenim.com\/wp-content\/uploads\/2025\/01\/DSC08077-scaled-600x600.jpg 600w, https:\/\/lydenim.com\/wp-content\/uploads\/2025\/01\/DSC08077-768x768.jpg 768w, https:\/\/lydenim.com\/wp-content\/uploads\/2025\/01\/DSC08077-1536x1536.jpg 1536w, https:\/\/lydenim.com\/wp-content\/uploads\/2025\/01\/DSC08077-2048x2048.jpg 2048w, https:\/\/lydenim.com\/wp-content\/uploads\/2025\/01\/DSC08077-12x12.jpg 12w\" sizes=\"auto, (max-width: 1024px) 100vw, 1024px\" \/>\t\t<\/a>\n\n\t\t\t\t\t<div class=\"hover-img\">\n\t\t\t\t<img loading=\"lazy\" decoding=\"async\" width=\"1024\" height=\"1024\" src=\"https:\/\/lydenim.com\/wp-content\/uploads\/2025\/01\/DSC08073-1024x1024.jpg\" class=\"attachment-large size-large\" alt=\"\" srcset=\"https:\/\/lydenim.com\/wp-content\/uploads\/2025\/01\/DSC08073-1024x1024.jpg 1024w, https:\/\/lydenim.com\/wp-content\/uploads\/2025\/01\/DSC08073-300x300.jpg 300w, https:\/\/lydenim.com\/wp-content\/uploads\/2025\/01\/DSC08073-150x150.jpg 150w, https:\/\/lydenim.com\/wp-content\/uploads\/2025\/01\/DSC08073-scaled-600x600.jpg 600w, https:\/\/lydenim.com\/wp-content\/uploads\/2025\/01\/DSC08073-768x768.jpg 768w, https:\/\/lydenim.com\/wp-content\/uploads\/2025\/01\/DSC08073-1536x1536.jpg 1536w, https:\/\/lydenim.com\/wp-content\/uploads\/2025\/01\/DSC08073-2048x2048.jpg 2048w, https:\/\/lydenim.com\/wp-content\/uploads\/2025\/01\/DSC08073-12x12.jpg 12w\" sizes=\"auto, (max-width: 1024px) 100vw, 1024px\" \/>\t\t\t<\/div>\n\t\t\t\t\t<div class=\"wd-buttons wd-pos-r-t\">\n\t\t\t\t\t\t\t\t\t\t\t\t\t\t<\/div>\n\n\t\t\t\t\t\t\t\t<\/div>\n\t\t\t<h3 class=\"wd-entities-title\"><a href=\"https:\/\/lydenim.com\/fr\/produit\/tissu-denim-bleu-extra-fonce-0535t9-materiau-durable-et-polyvalent\/\">Tissu denim bleu extra fonc\u00e9 0535T9 \u2013 Mat\u00e9riau durable et polyvalent<\/a><\/h3>\n\t\t\t<div class=\"wd-product-cats\">\n\t\t\t<a href=\"https:\/\/lydenim.com\/fr\/categorie-produit\/siro\/10s\/\" rel=\"tag\">10S<\/a>, <a href=\"https:\/\/lydenim.com\/fr\/categorie-produit\/spuer-siro\/10s-spuer-siro\/\" rel=\"tag\">10S<\/a>, <a href=\"https:\/\/lydenim.com\/fr\/categorie-produit\/tissu-en-coton-tisse\/\" rel=\"tag\">Tissu en coton tiss\u00e9<\/a>, <a href=\"https:\/\/lydenim.com\/fr\/categorie-produit\/tissu-denim-en-coton-polyester-et-elasthanne\/\" rel=\"tag\">Tissu denim en coton\/polyester\/\u00e9lasthanne<\/a>, <a href=\"https:\/\/lydenim.com\/fr\/categorie-produit\/tissu-denim-hautement-extensible\/\" rel=\"tag\">Tissu denim tr\u00e8s extensible<\/a>\t\t<\/div>\n\t\t\t\t\n\n\t\n\t\n\t\t<\/div>\n<\/div>\n\t\t\t\t\t\t\t\t<div class=\"wd-product wd-hover-quick wd-col product-grid-item product type-product post-2686 status-publish last instock product_cat-12s product_cat-cotton-woven-fabric product_cat-cotton-polyster-spandex-denim-fabric product_cat-high-stretch-denim-fabric has-post-thumbnail shipping-taxable product-type-simple\" data-loop=\"11\" data-id=\"2686\">\n\t\n\t\n<div class=\"product-wrapper\">\n\t<div class=\"product-element-top wd-quick-shop\">\n\t\t<a href=\"https:\/\/lydenim.com\/fr\/produit\/1056-3-tissu-denim-noir-mercerise-durable-et-elegant\/\" class=\"product-image-link\" aria-label=\"Tissu denim noir merceris\u00e9 1056-3 \u2013 Durable et \u00e9l\u00e9gant\">\n\t\t\t<img loading=\"lazy\" decoding=\"async\" width=\"1024\" height=\"1024\" src=\"https:\/\/lydenim.com\/wp-content\/uploads\/2025\/01\/DSC08021-1024x1024.jpg\" class=\"attachment-large size-large\" alt=\"\" srcset=\"https:\/\/lydenim.com\/wp-content\/uploads\/2025\/01\/DSC08021-1024x1024.jpg 1024w, https:\/\/lydenim.com\/wp-content\/uploads\/2025\/01\/DSC08021-300x300.jpg 300w, https:\/\/lydenim.com\/wp-content\/uploads\/2025\/01\/DSC08021-150x150.jpg 150w, https:\/\/lydenim.com\/wp-content\/uploads\/2025\/01\/DSC08021-scaled-600x600.jpg 600w, https:\/\/lydenim.com\/wp-content\/uploads\/2025\/01\/DSC08021-768x768.jpg 768w, https:\/\/lydenim.com\/wp-content\/uploads\/2025\/01\/DSC08021-1536x1536.jpg 1536w, https:\/\/lydenim.com\/wp-content\/uploads\/2025\/01\/DSC08021-2048x2048.jpg 2048w, https:\/\/lydenim.com\/wp-content\/uploads\/2025\/01\/DSC08021-12x12.jpg 12w\" sizes=\"auto, (max-width: 1024px) 100vw, 1024px\" \/>\t\t<\/a>\n\n\t\t\t\t\t<div class=\"hover-img\">\n\t\t\t\t<img loading=\"lazy\" decoding=\"async\" width=\"1024\" height=\"928\" src=\"https:\/\/lydenim.com\/wp-content\/uploads\/2025\/01\/DSC08015-1024x928.jpg\" class=\"attachment-large size-large\" alt=\"\" srcset=\"https:\/\/lydenim.com\/wp-content\/uploads\/2025\/01\/DSC08015-1024x928.jpg 1024w, https:\/\/lydenim.com\/wp-content\/uploads\/2025\/01\/DSC08015-scaled-150x136.jpg 150w, https:\/\/lydenim.com\/wp-content\/uploads\/2025\/01\/DSC08015-scaled-600x544.jpg 600w, https:\/\/lydenim.com\/wp-content\/uploads\/2025\/01\/DSC08015-300x272.jpg 300w, https:\/\/lydenim.com\/wp-content\/uploads\/2025\/01\/DSC08015-768x696.jpg 768w, https:\/\/lydenim.com\/wp-content\/uploads\/2025\/01\/DSC08015-1536x1392.jpg 1536w, https:\/\/lydenim.com\/wp-content\/uploads\/2025\/01\/DSC08015-2048x1856.jpg 2048w, https:\/\/lydenim.com\/wp-content\/uploads\/2025\/01\/DSC08015-13x12.jpg 13w\" sizes=\"auto, (max-width: 1024px) 100vw, 1024px\" \/>\t\t\t<\/div>\n\t\t\t\t\t<div class=\"wd-buttons wd-pos-r-t\">\n\t\t\t\t\t\t\t\t\t\t\t\t\t\t<\/div>\n\n\t\t\t\t\t\t\t\t<\/div>\n\t\t\t<h3 class=\"wd-entities-title\"><a href=\"https:\/\/lydenim.com\/fr\/produit\/1056-3-tissu-denim-noir-mercerise-durable-et-elegant\/\">Tissu denim noir merceris\u00e9 1056-3 \u2013 Durable et \u00e9l\u00e9gant<\/a><\/h3>\n\t\t\t<div class=\"wd-product-cats\">\n\t\t\t<a href=\"https:\/\/lydenim.com\/fr\/categorie-produit\/siro\/12s\/\" rel=\"tag\">12S<\/a>, <a href=\"https:\/\/lydenim.com\/fr\/categorie-produit\/tissu-en-coton-tisse\/\" rel=\"tag\">Tissu en coton tiss\u00e9<\/a>, <a href=\"https:\/\/lydenim.com\/fr\/categorie-produit\/tissu-denim-en-coton-polyester-et-elasthanne\/\" rel=\"tag\">Tissu denim en coton\/polyester\/\u00e9lasthanne<\/a>, <a href=\"https:\/\/lydenim.com\/fr\/categorie-produit\/tissu-denim-hautement-extensible\/\" rel=\"tag\">Tissu denim tr\u00e8s extensible<\/a>\t\t<\/div>\n\t\t\t\t\n\n\t\n\t\n\t\t<\/div>\n<\/div>\n\t\t\t\t\t\t\t\t<div class=\"wd-product wd-hover-quick wd-col product-grid-item product type-product post-4002 status-publish first instock product_cat-10s-spuer-siro product_cat-10s product_cat-cotton-woven-fabric product_cat-cotton-polyster-spandex-denim-fabric product_cat-non-elastic product_cat-siro product_cat-spuer-siro has-post-thumbnail shipping-taxable product-type-simple\" data-loop=\"12\" data-id=\"4002\">\n\t\n\t\n<div class=\"product-wrapper\">\n\t<div class=\"product-element-top wd-quick-shop\">\n\t\t<a href=\"https:\/\/lydenim.com\/fr\/produit\/tissu-denim-noir-10s-resistant-a-la-lumiere-2165-21-a-texture-flammee-durable\/\" class=\"product-image-link\" aria-label=\"Denim noir 10S r\u00e9sistant \u00e0 la lumi\u00e8re 2165-21 \u2013 Tissu textur\u00e9 flamm\u00e9 durable\">\n\t\t\t<img loading=\"lazy\" decoding=\"async\" width=\"814\" height=\"1024\" src=\"https:\/\/lydenim.com\/wp-content\/uploads\/2025\/03\/IMG_5500-e1741665714615-814x1024.jpg\" class=\"attachment-large size-large\" alt=\"\" srcset=\"https:\/\/lydenim.com\/wp-content\/uploads\/2025\/03\/IMG_5500-e1741665714615-814x1024.jpg 814w, https:\/\/lydenim.com\/wp-content\/uploads\/2025\/03\/IMG_5500-e1741665714615-239x300.jpg 239w, https:\/\/lydenim.com\/wp-content\/uploads\/2025\/03\/IMG_5500-e1741665714615-768x966.jpg 768w, https:\/\/lydenim.com\/wp-content\/uploads\/2025\/03\/IMG_5500-e1741665714615-1221x1536.jpg 1221w, https:\/\/lydenim.com\/wp-content\/uploads\/2025\/03\/IMG_5500-e1741665714615-10x12.jpg 10w, https:\/\/lydenim.com\/wp-content\/uploads\/2025\/03\/IMG_5500-e1741665714615-600x755.jpg 600w, https:\/\/lydenim.com\/wp-content\/uploads\/2025\/03\/IMG_5500-e1741665714615-150x189.jpg 150w, https:\/\/lydenim.com\/wp-content\/uploads\/2025\/03\/IMG_5500-e1741665714615.jpg 1548w\" sizes=\"auto, (max-width: 814px) 100vw, 814px\" \/>\t\t<\/a>\n\n\t\t\t\t\t<div class=\"hover-img\">\n\t\t\t\t<img loading=\"lazy\" decoding=\"async\" width=\"1024\" height=\"1024\" src=\"https:\/\/lydenim.com\/wp-content\/uploads\/2025\/03\/IMG_5502-1024x1024.jpg\" class=\"attachment-large size-large\" alt=\"\" srcset=\"https:\/\/lydenim.com\/wp-content\/uploads\/2025\/03\/IMG_5502-1024x1024.jpg 1024w, https:\/\/lydenim.com\/wp-content\/uploads\/2025\/03\/IMG_5502-300x300.jpg 300w, https:\/\/lydenim.com\/wp-content\/uploads\/2025\/03\/IMG_5502-150x150.jpg 150w, https:\/\/lydenim.com\/wp-content\/uploads\/2025\/03\/IMG_5502-768x768.jpg 768w, https:\/\/lydenim.com\/wp-content\/uploads\/2025\/03\/IMG_5502-1536x1536.jpg 1536w, https:\/\/lydenim.com\/wp-content\/uploads\/2025\/03\/IMG_5502-2048x2048.jpg 2048w, https:\/\/lydenim.com\/wp-content\/uploads\/2025\/03\/IMG_5502-12x12.jpg 12w, https:\/\/lydenim.com\/wp-content\/uploads\/2025\/03\/IMG_5502-600x600.jpg 600w\" sizes=\"auto, (max-width: 1024px) 100vw, 1024px\" \/>\t\t\t<\/div>\n\t\t\t\t\t<div class=\"wd-buttons wd-pos-r-t\">\n\t\t\t\t\t\t\t\t\t\t\t\t\t\t<\/div>\n\n\t\t\t\t\t\t\t\t<\/div>\n\t\t\t<h3 class=\"wd-entities-title\"><a href=\"https:\/\/lydenim.com\/fr\/produit\/tissu-denim-noir-10s-resistant-a-la-lumiere-2165-21-a-texture-flammee-durable\/\">Denim noir 10S r\u00e9sistant \u00e0 la lumi\u00e8re 2165-21 \u2013 Tissu textur\u00e9 flamm\u00e9 durable<\/a><\/h3>\n\t\t\t<div class=\"wd-product-cats\">\n\t\t\t<a href=\"https:\/\/lydenim.com\/fr\/categorie-produit\/spuer-siro\/\" rel=\"tag\">Enregistrer Siro<\/a>, <a href=\"https:\/\/lydenim.com\/fr\/categorie-produit\/spuer-siro\/10s-spuer-siro\/\" rel=\"tag\">10S<\/a>, <a href=\"https:\/\/lydenim.com\/fr\/categorie-produit\/siro\/\" rel=\"tag\">Siro<\/a>, <a href=\"https:\/\/lydenim.com\/fr\/categorie-produit\/siro\/10s\/\" rel=\"tag\">10S<\/a>, <a href=\"https:\/\/lydenim.com\/fr\/categorie-produit\/tissu-en-coton-tisse\/\" rel=\"tag\">Tissu en coton tiss\u00e9<\/a>, <a href=\"https:\/\/lydenim.com\/fr\/categorie-produit\/tissu-denim-en-coton-polyester-et-elasthanne\/\" rel=\"tag\">Tissu denim en coton\/polyester\/\u00e9lasthanne<\/a>, <a href=\"https:\/\/lydenim.com\/fr\/categorie-produit\/non-elastique\/\" rel=\"tag\">Non \u00e9lastique<\/a>\t\t<\/div>\n\t\t\t\t\n\n\t\n\t\n\t\t<\/div>\n<\/div>\n\t\t\n\t\t\t\t<\/div>\n\t\n\t\t\n\t\t\t\t\t\t\t\t\t\t\t\t\t\t\t\t\t\t\t\t\t\t\t\t\t\t\t\t<div class=\"wd-loop-footer products-footer\">\n\t\t\t\t\t<nav class=\"woocommerce-pagination wd-pagination\" aria-label=\"Pagination des produits\">\n\t\t\t\t<ul class='page-numbers'>\n\t<li><span aria-label=\"Page 1\" aria-current=\"page\" class=\"page-numbers current\">1<\/span><\/li>\n\t<li><a aria-label=\"Page 2\" class=\"page-numbers\" href=\"\/fr\/wp-json\/wp\/v2\/pages\/5759?product-page=2\">2<\/a><\/li>\n\t<li><a aria-label=\"Page 3\" class=\"page-numbers\" href=\"\/fr\/wp-json\/wp\/v2\/pages\/5759?product-page=3\">3<\/a><\/li>\n\t<li><a aria-label=\"Page 4\" class=\"page-numbers\" href=\"\/fr\/wp-json\/wp\/v2\/pages\/5759?product-page=4\">4<\/a><\/li>\n\t<li><span class=\"page-numbers dots\">\u2026<\/span><\/li>\n\t<li><a aria-label=\"Page 18\" class=\"page-numbers\" href=\"\/fr\/wp-json\/wp\/v2\/pages\/5759?product-page=18\">18<\/a><\/li>\n\t<li><a aria-label=\"Page 19\" class=\"page-numbers\" href=\"\/fr\/wp-json\/wp\/v2\/pages\/5759?product-page=19\">19<\/a><\/li>\n\t<li><a aria-label=\"Page 20\" class=\"page-numbers\" href=\"\/fr\/wp-json\/wp\/v2\/pages\/5759?product-page=20\">20<\/a><\/li>\n\t<li><a class=\"next page-numbers\" href=\"\/fr\/wp-json\/wp\/v2\/pages\/5759?product-page=2\">\u2192<\/a><\/li>\n<\/ul>\n\t\t\t<\/nav>\n\t\t\t<\/div>\n\t\t\t\t\t\n\t\t\t\t\t<\/div>\n\t\t\n\t\t\t\t\t\t<\/div>\n\t\t\t\t<\/div>\n\t\t\t\t<\/div>\n\t\t\t\t\t<\/div>\n\t\t\t\t<\/div>\n\t\t\t\t<\/div>","protected":false},"excerpt":{"rendered":"<p>Rechercher des produits Cat\u00e9gories de produits Collection esth\u00e9tique Tissu en coton tiss\u00e9 Coton\/Polyster\/Spandex Tissu denim Confortable Tissu denim moyennement extensible Haute \u00e9lasticit\u00e9<\/p>","protected":false},"author":2,"featured_media":0,"parent":0,"menu_order":0,"comment_status":"closed","ping_status":"closed","template":"","meta":{"two_page_speed":[],"footnotes":""},"class_list":["post-5759","page","type-page","status-publish","hentry"],"aioseo_notices":[],"_links":{"self":[{"href":"https:\/\/lydenim.com\/fr\/wp-json\/wp\/v2\/pages\/5759","targetHints":{"allow":["GET"]}}],"collection":[{"href":"https:\/\/lydenim.com\/fr\/wp-json\/wp\/v2\/pages"}],"about":[{"href":"https:\/\/lydenim.com\/fr\/wp-json\/wp\/v2\/types\/page"}],"author":[{"embeddable":true,"href":"https:\/\/lydenim.com\/fr\/wp-json\/wp\/v2\/users\/2"}],"replies":[{"embeddable":true,"href":"https:\/\/lydenim.com\/fr\/wp-json\/wp\/v2\/comments?post=5759"}],"version-history":[{"count":7,"href":"https:\/\/lydenim.com\/fr\/wp-json\/wp\/v2\/pages\/5759\/revisions"}],"predecessor-version":[{"id":5766,"href":"https:\/\/lydenim.com\/fr\/wp-json\/wp\/v2\/pages\/5759\/revisions\/5766"}],"wp:attachment":[{"href":"https:\/\/lydenim.com\/fr\/wp-json\/wp\/v2\/media?parent=5759"}],"curies":[{"name":"wp","href":"https:\/\/api.w.org\/{rel}","templated":true}]}}