{"id":1846,"date":"2024-12-02T14:16:01","date_gmt":"2024-12-02T06:16:01","guid":{"rendered":"https:\/\/lydenim.com\/?page_id=1846"},"modified":"2024-12-06T16:41:13","modified_gmt":"2024-12-06T08:41:13","slug":"knowledge","status":"publish","type":"page","link":"https:\/\/lydenim.com\/pt\/conhecimento\/","title":{"rendered":"Conhecimento"},"content":{"rendered":"<div data-elementor-type=\"wp-page\" data-elementor-id=\"1846\" class=\"elementor elementor-1846\" data-elementor-post-type=\"page\">\n\t\t\t\t<div class=\"wd-negative-gap elementor-element elementor-element-b6fd190 e-flex e-con-boxed e-con e-parent\" data-id=\"b6fd190\" data-element_type=\"container\" data-e-type=\"container\">\n\t\t\t\t\t<div class=\"e-con-inner\">\n\t\t\t\t<div class=\"elementor-element elementor-element-afff4e7 wd-width-100 elementor-widget elementor-widget-wd_blog\" data-id=\"afff4e7\" data-element_type=\"widget\" data-e-type=\"widget\" data-widget_type=\"wd_blog.default\">\n\t\t\t\t<div class=\"elementor-widget-container\">\n\t\t\t\t\t\t\t\t\t\t\t\t<div class=\"wd-blog-element\">\n\t\t\t\t\t\t\t\t\t\t\t\n\t\t\t\t\t<div class=\"wd-posts wd-blog-holder wd-grid-g\" id=\"69f1d6d68278b\" data-paged=\"1\" data-atts=\"{&quot;post_type&quot;:&quot;post&quot;,&quot;items_per_page&quot;:12,&quot;include&quot;:null,&quot;taxonomies&quot;:&quot;&quot;,&quot;offset&quot;:&quot;&quot;,&quot;orderby&quot;:&quot;&quot;,&quot;order&quot;:&quot;DESC&quot;,&quot;meta_key&quot;:null,&quot;exclude&quot;:&quot;&quot;,&quot;element_title&quot;:&quot;&quot;,&quot;element_title_tag&quot;:&quot;h4&quot;,&quot;parts_media&quot;:true,&quot;parts_title&quot;:&quot;1&quot;,&quot;parts_meta&quot;:&quot;1&quot;,&quot;parts_text&quot;:&quot;1&quot;,&quot;parts_btn&quot;:&quot;1&quot;,&quot;parts_published_date&quot;:&quot;1&quot;,&quot;img_size&quot;:&quot;large&quot;,&quot;blog_design&quot;:&quot;list&quot;,&quot;blog_carousel_design&quot;:null,&quot;blog_masonry&quot;:null,&quot;blog_columns&quot;:null,&quot;blog_columns_tablet&quot;:{&quot;size&quot;:&quot;&quot;},&quot;blog_columns_mobile&quot;:{&quot;size&quot;:&quot;&quot;},&quot;blog_spacing&quot;:null,&quot;blog_spacing_tablet&quot;:&quot;&quot;,&quot;blog_spacing_mobile&quot;:&quot;&quot;,&quot;pagination&quot;:&quot;&quot;,&quot;speed&quot;:null,&quot;slides_per_view&quot;:null,&quot;slides_per_view_tablet&quot;:{&quot;size&quot;:&quot;&quot;},&quot;slides_per_view_mobile&quot;:{&quot;size&quot;:&quot;&quot;},&quot;wrap&quot;:null,&quot;autoplay&quot;:null,&quot;hide_pagination_control&quot;:null,&quot;hide_prev_next_buttons&quot;:null,&quot;scroll_per_page&quot;:null,&quot;lazy_loading&quot;:&quot;no&quot;,&quot;scroll_carousel_init&quot;:null,&quot;ajax_page&quot;:&quot;&quot;,&quot;custom_sizes&quot;:false,&quot;elementor&quot;:true}\" data-source=\"shortcode\">\n\t\t\t\n\t\t\t\t\t\t\t\t\t\t\t\t\t\t\n<article id=\"post-7269\" class=\"wd-post blog-design-list blog-post-loop blog-style-bg wd-add-shadow post-7269 post type-post status-publish format-standard has-post-thumbnail hentry category-garment\">\n\t<div class=\"wd-post-inner\">\n\t\t<div class=\"wd-post-thumb\">\n\t\t\t\t\t\t\t<div class=\"wd-post-img\">\n\t\t\t\t\t<img loading=\"lazy\" decoding=\"async\" width=\"600\" height=\"800\" src=\"https:\/\/lydenim.com\/wp-content\/uploads\/2026\/04\/High-Quality-Custom-Hoodies.jpg\" class=\"attachment-large size-large\" alt=\"\" srcset=\"https:\/\/lydenim.com\/wp-content\/uploads\/2026\/04\/High-Quality-Custom-Hoodies.jpg 600w, https:\/\/lydenim.com\/wp-content\/uploads\/2026\/04\/High-Quality-Custom-Hoodies-225x300.jpg 225w, https:\/\/lydenim.com\/wp-content\/uploads\/2026\/04\/High-Quality-Custom-Hoodies-9x12.jpg 9w, https:\/\/lydenim.com\/wp-content\/uploads\/2026\/04\/High-Quality-Custom-Hoodies-450x600.jpg 450w, https:\/\/lydenim.com\/wp-content\/uploads\/2026\/04\/High-Quality-Custom-Hoodies-150x200.jpg 150w\" sizes=\"auto, (max-width: 600px) 100vw, 600px\" \/>\t\t\t\t<\/div>\n\t\t\t\t\t\t\t\t\t\t\t\t\t<div class=\"wd-post-date wd-style-with-bg\">\n\t\t\t\t<span class=\"post-date-day\">\n\t\t\t\t\t27\t\t\t\t<\/span>\n\t\t\t\t<span class=\"post-date-month\">\n\t\t\t\t\tAbr\t\t\t\t<\/span>\n\t\t\t<\/div>\n\t\t\t\t\t\t\t\t\t\t\t<a class=\"wd-post-link wd-fill\" href=\"https:\/\/lydenim.com\/pt\/guia-para-iniciantes-em-moletons-personalizados-de-alta-qualidade\/\" rel=\"bookmark\" aria-label=\"Link on post High-Quality Custom Hoodies: 7 Practical Tips for First-Time Buyers\"><\/a>\n\t\t\t\t\t\t\t<div class=\"wd-post-cat wd-style-with-bg\">\n\t\t\t\t\t<a href=\"https:\/\/lydenim.com\/pt\/category\/vestuario\/\" rel=\"category tag\">VESTU\u00c1RIO<\/a>\t\t\t\t<\/div>\n\t\t\t\t\t<\/div>\n\n\t\t<div class=\"wd-post-content\">\n\t\t\t<div class=\"wd-post-content-inner wd-scroll\">\n\t\t\t\t\t\t\t\t\t<div class=\"wd-post-meta\">\n\t\t\t\t\t\t\t\t\t\t\t\t\t\t\t\t\t\t<div class=\"wd-post-author\">\n\t\t\t\t\t\t\t\t\t\t\t\t<span>Postado por<\/span>\n\t\t\n\t\t\t\t\t\t\t\n\t\t\t\t\t<a href=\"https:\/\/lydenim.com\/pt\/author\/malonematthewmmgmail-com\/\" class=\"author\" rel=\"author\">malonematthewmm@gmail.com<\/a>\n\t\t\t\t\t\t\t\t\t\t<\/div>\n\t\t\t\t\t\t<div class=\"wd-modified-date\">\n\t\t\t\t\t\t\t\t\t<time class=\"updated\" datetime=\"2026-04-27T15:13:55+08:00\">\n\t\t\t27\/04\/2026\t\t<\/time>\n\t\t\t\t\t\t\t\t<\/div>\n\n\t\t\t\t\t\t\t\t\t\t\t\t\t<div class=\"wd-post-share wd-tltp\">\n\t\t\t\t\t\t\t\t<div class=\"tooltip top\">\n\t\t\t\t\t\t\t\t\t<div class=\"tooltip-inner\">\n\t\t\t\t\t\t\t\t\t\t\t\t\t<div\n\t\t\t\t\t\tclass=\"wd-social-icons wd-style-default wd-size-small social-share wd-shape-circle color-scheme-light text-center\">\n\t\t\t\t\n\t\t\t\t\n\t\t\t\t\t\t\t\t\t<a rel=\"noopener noreferrer nofollow\" href=\"https:\/\/www.facebook.com\/sharer\/sharer.php?u=https:\/\/lydenim.com\/pt\/guia-para-iniciantes-em-moletons-personalizados-de-alta-qualidade\/\" target=\"_blank\" class=\"wd-social-icon social-facebook\" aria-label=\"Link social do Facebook\">\n\t\t\t\t\t\t<span class=\"wd-icon\"><\/span>\n\t\t\t\t\t\t\t\t\t\t\t<\/a>\n\t\t\t\t\n\t\t\t\t\t\t\t\t\t<a rel=\"noopener noreferrer nofollow\" href=\"https:\/\/x.com\/share?url=https:\/\/lydenim.com\/pt\/guia-para-iniciantes-em-moletons-personalizados-de-alta-qualidade\/\" target=\"_blank\" class=\"wd-social-icon social-twitter\" aria-label=\"X link social\">\n\t\t\t\t\t\t<span class=\"wd-icon\"><\/span>\n\t\t\t\t\t\t\t\t\t\t\t<\/a>\n\t\t\t\t\n\t\t\t\t\n\t\t\t\t\n\t\t\t\t\n\t\t\t\t\n\t\t\t\t\n\t\t\t\t\t\t\t\t\t<a rel=\"noopener noreferrer nofollow\" href=\"https:\/\/pinterest.com\/pin\/create\/button\/?url=https:\/\/lydenim.com\/pt\/guia-para-iniciantes-em-moletons-personalizados-de-alta-qualidade\/&media=https:\/\/lydenim.com\/wp-content\/uploads\/2026\/04\/High-Quality-Custom-Hoodies.jpg&description=High-Quality+Custom+Hoodies%3A+7+Practical+Tips+for+First-Time+Buyers\" target=\"_blank\" class=\"wd-social-icon social-pinterest\" aria-label=\"Link social do Pinterest\">\n\t\t\t\t\t\t<span class=\"wd-icon\"><\/span>\n\t\t\t\t\t\t\t\t\t\t\t<\/a>\n\t\t\t\t\n\t\t\t\t\n\t\t\t\t\t\t\t\t\t<a rel=\"noopener noreferrer nofollow\" href=\"https:\/\/www.linkedin.com\/shareArticle?mini=true&url=https:\/\/lydenim.com\/pt\/guia-para-iniciantes-em-moletons-personalizados-de-alta-qualidade\/\" target=\"_blank\" class=\"wd-social-icon social-linkedin\" aria-label=\"Link social do Linkedin\">\n\t\t\t\t\t\t<span class=\"wd-icon\"><\/span>\n\t\t\t\t\t\t\t\t\t\t\t<\/a>\n\t\t\t\t\n\t\t\t\t\n\t\t\t\t\n\t\t\t\t\n\t\t\t\t\n\t\t\t\t\n\t\t\t\t\n\t\t\t\t\n\t\t\t\t\n\t\t\t\t\n\t\t\t\t\n\t\t\t\t\n\t\t\t\t\n\t\t\t\t\n\t\t\t\t\n\t\t\t\t\t\t\t\t\t<a rel=\"noopener noreferrer nofollow\" href=\"https:\/\/telegram.me\/share\/url?url=https:\/\/lydenim.com\/pt\/guia-para-iniciantes-em-moletons-personalizados-de-alta-qualidade\/\" target=\"_blank\" class=\"wd-social-icon social-tg\" aria-label=\"Link social do Telegram\">\n\t\t\t\t\t\t<span class=\"wd-icon\"><\/span>\n\t\t\t\t\t\t\t\t\t\t\t<\/a>\n\t\t\t\t\n\t\t\t\t\n\t\t\t<\/div>\n\n\t\t\t\t\t\t\t\t\t\t\t<\/div>\n\t\t\t\t\t\t\t\t\t<div class=\"tooltip-arrow\"><\/div>\n\t\t\t\t\t\t\t\t<\/div>\n\t\t\t\t\t\t\t<\/div>\n\t\t\t\t\t\t\n\t\t\t\t\t\t\t\t\t\t\t\t\t\t\t\t\t\t\t\t<div class=\"wd-post-reply wd-style-1\">\n\t\t\t\t\t\t\t\t<a href=\"https:\/\/lydenim.com\/pt\/guia-para-iniciantes-em-moletons-personalizados-de-alta-qualidade\/#respond\"><span class=\"wd-replies-count\">0<\/span><\/a>\t\t\t\t\t\t\t<\/div>\n\t\t\t\t\t\t\t\t\t\t\t<\/div>\n\t\t\t\t\t\t\t\t\t\t\t\t\t<h3 class=\"wd-post-title wd-entities-title title post-title\">\n\t\t\t\t\t\t<a href=\"https:\/\/lydenim.com\/pt\/guia-para-iniciantes-em-moletons-personalizados-de-alta-qualidade\/\" rel=\"bookmark\">\n\t\t\t\t\t\t\tMoletons personalizados de alta qualidade: 7 dicas pr\u00e1ticas para quem compra pela primeira vez\t\t\t\t\t\t<\/a>\n\t\t\t\t\t<\/h3>\n\t\t\t\t\t\t\t\t\t\t\t\t\t<div class=\"wd-post-excerpt wd-scroll-content\">\n\t\t\t\t\t\t\t\t\t\t\t\t\tEstimated reading time: \uff5e 5 minutes\r\nOrdering high-quality custom hoodies for the first time can feel overwhelming \u2014 not because the pr...\t\t\t\t\t\t\t\t\t\t\t<\/div>\n\t\t\t\t\t\t\t<\/div>\n\t\t\t\t\t\t\t\t\t\t\t\t<div class=\"wd-post-read-more wd-style-btn\">\n\t\t\t\t\t\t<a class=\"btn\" href=\"https:\/\/lydenim.com\/pt\/guia-para-iniciantes-em-moletons-personalizados-de-alta-qualidade\/\">Continuar lendo<\/a>\t\t\t\t\t<\/div>\n\t\t\t\t\t\t\t\t\t<\/div>\n\t<\/div>\n<\/article>\n\t\t\t\t\t\t\t\t\t\t\t\t\t\t\n<article id=\"post-7254\" class=\"wd-post blog-design-list blog-post-loop blog-style-bg wd-add-shadow post-7254 post type-post status-publish format-standard has-post-thumbnail hentry category-garment\">\n\t<div class=\"wd-post-inner\">\n\t\t<div class=\"wd-post-thumb\">\n\t\t\t\t\t\t\t<div class=\"wd-post-img\">\n\t\t\t\t\t<img loading=\"lazy\" decoding=\"async\" width=\"600\" height=\"800\" src=\"https:\/\/lydenim.com\/wp-content\/uploads\/2026\/04\/Custom-Zip-Up-Hoodies.jpg\" class=\"attachment-large size-large\" alt=\"\" srcset=\"https:\/\/lydenim.com\/wp-content\/uploads\/2026\/04\/Custom-Zip-Up-Hoodies.jpg 600w, https:\/\/lydenim.com\/wp-content\/uploads\/2026\/04\/Custom-Zip-Up-Hoodies-225x300.jpg 225w, https:\/\/lydenim.com\/wp-content\/uploads\/2026\/04\/Custom-Zip-Up-Hoodies-9x12.jpg 9w, https:\/\/lydenim.com\/wp-content\/uploads\/2026\/04\/Custom-Zip-Up-Hoodies-450x600.jpg 450w, https:\/\/lydenim.com\/wp-content\/uploads\/2026\/04\/Custom-Zip-Up-Hoodies-150x200.jpg 150w\" sizes=\"auto, (max-width: 600px) 100vw, 600px\" \/>\t\t\t\t<\/div>\n\t\t\t\t\t\t\t\t\t\t\t\t\t<div class=\"wd-post-date wd-style-with-bg\">\n\t\t\t\t<span class=\"post-date-day\">\n\t\t\t\t\t24\t\t\t\t<\/span>\n\t\t\t\t<span class=\"post-date-month\">\n\t\t\t\t\tAbr\t\t\t\t<\/span>\n\t\t\t<\/div>\n\t\t\t\t\t\t\t\t\t\t\t<a class=\"wd-post-link wd-fill\" href=\"https:\/\/lydenim.com\/pt\/moletons-com-ziper-personalizados-7-dicas-importantes-para-evitar-erros-dispendiosos\/\" rel=\"bookmark\" aria-label=\"Link on post Custom Zip Up Hoodies: 7 Powerful Tips to Avoid Costly Mistakes\"><\/a>\n\t\t\t\t\t\t\t<div class=\"wd-post-cat wd-style-with-bg\">\n\t\t\t\t\t<a href=\"https:\/\/lydenim.com\/pt\/category\/vestuario\/\" rel=\"category tag\">VESTU\u00c1RIO<\/a>\t\t\t\t<\/div>\n\t\t\t\t\t<\/div>\n\n\t\t<div class=\"wd-post-content\">\n\t\t\t<div class=\"wd-post-content-inner wd-scroll\">\n\t\t\t\t\t\t\t\t\t<div class=\"wd-post-meta\">\n\t\t\t\t\t\t\t\t\t\t\t\t\t\t\t\t\t\t<div class=\"wd-post-author\">\n\t\t\t\t\t\t\t\t\t\t\t\t<span>Postado por<\/span>\n\t\t\n\t\t\t\t\t\t\t\n\t\t\t\t\t<a href=\"https:\/\/lydenim.com\/pt\/author\/malonematthewmmgmail-com\/\" class=\"author\" rel=\"author\">malonematthewmm@gmail.com<\/a>\n\t\t\t\t\t\t\t\t\t\t<\/div>\n\t\t\t\t\t\t<div class=\"wd-modified-date\">\n\t\t\t\t\t\t\t\t\t<time class=\"updated\" datetime=\"2026-04-24T14:16:02+08:00\">\n\t\t\t24\/04\/2026\t\t<\/time>\n\t\t\t\t\t\t\t\t<\/div>\n\n\t\t\t\t\t\t\t\t\t\t\t\t\t<div class=\"wd-post-share wd-tltp\">\n\t\t\t\t\t\t\t\t<div class=\"tooltip top\">\n\t\t\t\t\t\t\t\t\t<div class=\"tooltip-inner\">\n\t\t\t\t\t\t\t\t\t\t\t\t\t<div\n\t\t\t\t\t\tclass=\"wd-social-icons wd-style-default wd-size-small social-share wd-shape-circle color-scheme-light text-center\">\n\t\t\t\t\n\t\t\t\t\n\t\t\t\t\t\t\t\t\t<a rel=\"noopener noreferrer nofollow\" href=\"https:\/\/www.facebook.com\/sharer\/sharer.php?u=https:\/\/lydenim.com\/pt\/moletons-com-ziper-personalizados-7-dicas-importantes-para-evitar-erros-dispendiosos\/\" target=\"_blank\" class=\"wd-social-icon social-facebook\" aria-label=\"Link social do Facebook\">\n\t\t\t\t\t\t<span class=\"wd-icon\"><\/span>\n\t\t\t\t\t\t\t\t\t\t\t<\/a>\n\t\t\t\t\n\t\t\t\t\t\t\t\t\t<a rel=\"noopener noreferrer nofollow\" href=\"https:\/\/x.com\/share?url=https:\/\/lydenim.com\/pt\/moletons-com-ziper-personalizados-7-dicas-importantes-para-evitar-erros-dispendiosos\/\" target=\"_blank\" class=\"wd-social-icon social-twitter\" aria-label=\"X link social\">\n\t\t\t\t\t\t<span class=\"wd-icon\"><\/span>\n\t\t\t\t\t\t\t\t\t\t\t<\/a>\n\t\t\t\t\n\t\t\t\t\n\t\t\t\t\n\t\t\t\t\n\t\t\t\t\n\t\t\t\t\n\t\t\t\t\t\t\t\t\t<a rel=\"noopener noreferrer nofollow\" href=\"https:\/\/pinterest.com\/pin\/create\/button\/?url=https:\/\/lydenim.com\/pt\/moletons-com-ziper-personalizados-7-dicas-importantes-para-evitar-erros-dispendiosos\/&media=https:\/\/lydenim.com\/wp-content\/uploads\/2026\/04\/Custom-Zip-Up-Hoodies.jpg&description=Custom+Zip+Up+Hoodies%3A+7+Powerful+Tips+to+Avoid+Costly+Mistakes\" target=\"_blank\" class=\"wd-social-icon social-pinterest\" aria-label=\"Link social do Pinterest\">\n\t\t\t\t\t\t<span class=\"wd-icon\"><\/span>\n\t\t\t\t\t\t\t\t\t\t\t<\/a>\n\t\t\t\t\n\t\t\t\t\n\t\t\t\t\t\t\t\t\t<a rel=\"noopener noreferrer nofollow\" href=\"https:\/\/www.linkedin.com\/shareArticle?mini=true&url=https:\/\/lydenim.com\/pt\/moletons-com-ziper-personalizados-7-dicas-importantes-para-evitar-erros-dispendiosos\/\" target=\"_blank\" class=\"wd-social-icon social-linkedin\" aria-label=\"Link social do Linkedin\">\n\t\t\t\t\t\t<span class=\"wd-icon\"><\/span>\n\t\t\t\t\t\t\t\t\t\t\t<\/a>\n\t\t\t\t\n\t\t\t\t\n\t\t\t\t\n\t\t\t\t\n\t\t\t\t\n\t\t\t\t\n\t\t\t\t\n\t\t\t\t\n\t\t\t\t\n\t\t\t\t\n\t\t\t\t\n\t\t\t\t\n\t\t\t\t\n\t\t\t\t\n\t\t\t\t\n\t\t\t\t\t\t\t\t\t<a rel=\"noopener noreferrer nofollow\" href=\"https:\/\/telegram.me\/share\/url?url=https:\/\/lydenim.com\/pt\/moletons-com-ziper-personalizados-7-dicas-importantes-para-evitar-erros-dispendiosos\/\" target=\"_blank\" class=\"wd-social-icon social-tg\" aria-label=\"Link social do Telegram\">\n\t\t\t\t\t\t<span class=\"wd-icon\"><\/span>\n\t\t\t\t\t\t\t\t\t\t\t<\/a>\n\t\t\t\t\n\t\t\t\t\n\t\t\t<\/div>\n\n\t\t\t\t\t\t\t\t\t\t\t<\/div>\n\t\t\t\t\t\t\t\t\t<div class=\"tooltip-arrow\"><\/div>\n\t\t\t\t\t\t\t\t<\/div>\n\t\t\t\t\t\t\t<\/div>\n\t\t\t\t\t\t\n\t\t\t\t\t\t\t\t\t\t\t\t\t\t\t\t\t\t\t\t<div class=\"wd-post-reply wd-style-1\">\n\t\t\t\t\t\t\t\t<a href=\"https:\/\/lydenim.com\/pt\/moletons-com-ziper-personalizados-7-dicas-importantes-para-evitar-erros-dispendiosos\/#respond\"><span class=\"wd-replies-count\">0<\/span><\/a>\t\t\t\t\t\t\t<\/div>\n\t\t\t\t\t\t\t\t\t\t\t<\/div>\n\t\t\t\t\t\t\t\t\t\t\t\t\t<h3 class=\"wd-post-title wd-entities-title title post-title\">\n\t\t\t\t\t\t<a href=\"https:\/\/lydenim.com\/pt\/moletons-com-ziper-personalizados-7-dicas-importantes-para-evitar-erros-dispendiosos\/\" rel=\"bookmark\">\n\t\t\t\t\t\t\tMoletons com z\u00edper personalizados: 7 dicas importantes para evitar erros dispendiosos\t\t\t\t\t\t<\/a>\n\t\t\t\t\t<\/h3>\n\t\t\t\t\t\t\t\t\t\t\t\t\t<div class=\"wd-post-excerpt wd-scroll-content\">\n\t\t\t\t\t\t\t\t\t\t\t\t\tEstimated reading time: ~4 minutes\r\nIf you're serious about building a clothing brand, custom zip up hoodies are not just a basic produ...\t\t\t\t\t\t\t\t\t\t\t<\/div>\n\t\t\t\t\t\t\t<\/div>\n\t\t\t\t\t\t\t\t\t\t\t\t<div class=\"wd-post-read-more wd-style-btn\">\n\t\t\t\t\t\t<a class=\"btn\" href=\"https:\/\/lydenim.com\/pt\/moletons-com-ziper-personalizados-7-dicas-importantes-para-evitar-erros-dispendiosos\/\">Continuar lendo<\/a>\t\t\t\t\t<\/div>\n\t\t\t\t\t\t\t\t\t<\/div>\n\t<\/div>\n<\/article>\n\t\t\t\t\t\t\t\t\t\t\t\t\t\t\n<article id=\"post-7239\" class=\"wd-post blog-design-list blog-post-loop blog-style-bg wd-add-shadow post-7239 post type-post status-publish format-standard has-post-thumbnail hentry category-denim-knowledge\">\n\t<div class=\"wd-post-inner\">\n\t\t<div class=\"wd-post-thumb\">\n\t\t\t\t\t\t\t<div class=\"wd-post-img\">\n\t\t\t\t\t<img loading=\"lazy\" decoding=\"async\" width=\"600\" height=\"800\" src=\"https:\/\/lydenim.com\/wp-content\/uploads\/2026\/04\/Selvedge-Denim-Material.jpg\" class=\"attachment-large size-large\" alt=\"\" srcset=\"https:\/\/lydenim.com\/wp-content\/uploads\/2026\/04\/Selvedge-Denim-Material.jpg 600w, https:\/\/lydenim.com\/wp-content\/uploads\/2026\/04\/Selvedge-Denim-Material-225x300.jpg 225w, https:\/\/lydenim.com\/wp-content\/uploads\/2026\/04\/Selvedge-Denim-Material-9x12.jpg 9w, https:\/\/lydenim.com\/wp-content\/uploads\/2026\/04\/Selvedge-Denim-Material-450x600.jpg 450w, https:\/\/lydenim.com\/wp-content\/uploads\/2026\/04\/Selvedge-Denim-Material-150x200.jpg 150w\" sizes=\"auto, (max-width: 600px) 100vw, 600px\" \/>\t\t\t\t<\/div>\n\t\t\t\t\t\t\t\t\t\t\t\t\t<div class=\"wd-post-date wd-style-with-bg\">\n\t\t\t\t<span class=\"post-date-day\">\n\t\t\t\t\t18\t\t\t\t<\/span>\n\t\t\t\t<span class=\"post-date-month\">\n\t\t\t\t\tAbr\t\t\t\t<\/span>\n\t\t\t<\/div>\n\t\t\t\t\t\t\t\t\t\t\t<a class=\"wd-post-link wd-fill\" href=\"https:\/\/lydenim.com\/pt\/tecido-denim-selvedge-versus-denim-comum-um-guia-simples-para-novos-costureiros\/\" rel=\"bookmark\" aria-label=\"Link on post Selvedge Denim Material vs Regular Denim: A Simple Guide for New Garment Makers\"><\/a>\n\t\t\t\t\t\t\t<div class=\"wd-post-cat wd-style-with-bg\">\n\t\t\t\t\t<a href=\"https:\/\/lydenim.com\/pt\/category\/conhecimento-de-jeans\/\" rel=\"category tag\">Conhecimento de jeans<\/a>\t\t\t\t<\/div>\n\t\t\t\t\t<\/div>\n\n\t\t<div class=\"wd-post-content\">\n\t\t\t<div class=\"wd-post-content-inner wd-scroll\">\n\t\t\t\t\t\t\t\t\t<div class=\"wd-post-meta\">\n\t\t\t\t\t\t\t\t\t\t\t\t\t\t\t\t\t\t<div class=\"wd-post-author\">\n\t\t\t\t\t\t\t\t\t\t\t\t<span>Postado por<\/span>\n\t\t\n\t\t\t\t\t\t\t\n\t\t\t\t\t<a href=\"https:\/\/lydenim.com\/pt\/author\/malonematthewmmgmail-com\/\" class=\"author\" rel=\"author\">malonematthewmm@gmail.com<\/a>\n\t\t\t\t\t\t\t\t\t\t<\/div>\n\t\t\t\t\t\t<div class=\"wd-modified-date\">\n\t\t\t\t\t\t\t\t\t<time class=\"updated\" datetime=\"2026-04-18T17:24:42+08:00\">\n\t\t\t18\/04\/2026\t\t<\/time>\n\t\t\t\t\t\t\t\t<\/div>\n\n\t\t\t\t\t\t\t\t\t\t\t\t\t<div class=\"wd-post-share wd-tltp\">\n\t\t\t\t\t\t\t\t<div class=\"tooltip top\">\n\t\t\t\t\t\t\t\t\t<div class=\"tooltip-inner\">\n\t\t\t\t\t\t\t\t\t\t\t\t\t<div\n\t\t\t\t\t\tclass=\"wd-social-icons wd-style-default wd-size-small social-share wd-shape-circle color-scheme-light text-center\">\n\t\t\t\t\n\t\t\t\t\n\t\t\t\t\t\t\t\t\t<a rel=\"noopener noreferrer nofollow\" href=\"https:\/\/www.facebook.com\/sharer\/sharer.php?u=https:\/\/lydenim.com\/pt\/tecido-denim-selvedge-versus-denim-comum-um-guia-simples-para-novos-costureiros\/\" target=\"_blank\" class=\"wd-social-icon social-facebook\" aria-label=\"Link social do Facebook\">\n\t\t\t\t\t\t<span class=\"wd-icon\"><\/span>\n\t\t\t\t\t\t\t\t\t\t\t<\/a>\n\t\t\t\t\n\t\t\t\t\t\t\t\t\t<a rel=\"noopener noreferrer nofollow\" href=\"https:\/\/x.com\/share?url=https:\/\/lydenim.com\/pt\/tecido-denim-selvedge-versus-denim-comum-um-guia-simples-para-novos-costureiros\/\" target=\"_blank\" class=\"wd-social-icon social-twitter\" aria-label=\"X link social\">\n\t\t\t\t\t\t<span class=\"wd-icon\"><\/span>\n\t\t\t\t\t\t\t\t\t\t\t<\/a>\n\t\t\t\t\n\t\t\t\t\n\t\t\t\t\n\t\t\t\t\n\t\t\t\t\n\t\t\t\t\n\t\t\t\t\t\t\t\t\t<a rel=\"noopener noreferrer nofollow\" href=\"https:\/\/pinterest.com\/pin\/create\/button\/?url=https:\/\/lydenim.com\/pt\/tecido-denim-selvedge-versus-denim-comum-um-guia-simples-para-novos-costureiros\/&media=https:\/\/lydenim.com\/wp-content\/uploads\/2026\/04\/Selvedge-Denim-Material.jpg&description=Selvedge+Denim+Material+vs+Regular+Denim%3A+A+Simple+Guide+for+New+Garment+Makers\" target=\"_blank\" class=\"wd-social-icon social-pinterest\" aria-label=\"Link social do Pinterest\">\n\t\t\t\t\t\t<span class=\"wd-icon\"><\/span>\n\t\t\t\t\t\t\t\t\t\t\t<\/a>\n\t\t\t\t\n\t\t\t\t\n\t\t\t\t\t\t\t\t\t<a rel=\"noopener noreferrer nofollow\" href=\"https:\/\/www.linkedin.com\/shareArticle?mini=true&url=https:\/\/lydenim.com\/pt\/tecido-denim-selvedge-versus-denim-comum-um-guia-simples-para-novos-costureiros\/\" target=\"_blank\" class=\"wd-social-icon social-linkedin\" aria-label=\"Link social do Linkedin\">\n\t\t\t\t\t\t<span class=\"wd-icon\"><\/span>\n\t\t\t\t\t\t\t\t\t\t\t<\/a>\n\t\t\t\t\n\t\t\t\t\n\t\t\t\t\n\t\t\t\t\n\t\t\t\t\n\t\t\t\t\n\t\t\t\t\n\t\t\t\t\n\t\t\t\t\n\t\t\t\t\n\t\t\t\t\n\t\t\t\t\n\t\t\t\t\n\t\t\t\t\n\t\t\t\t\n\t\t\t\t\t\t\t\t\t<a rel=\"noopener noreferrer nofollow\" href=\"https:\/\/telegram.me\/share\/url?url=https:\/\/lydenim.com\/pt\/tecido-denim-selvedge-versus-denim-comum-um-guia-simples-para-novos-costureiros\/\" target=\"_blank\" class=\"wd-social-icon social-tg\" aria-label=\"Link social do Telegram\">\n\t\t\t\t\t\t<span class=\"wd-icon\"><\/span>\n\t\t\t\t\t\t\t\t\t\t\t<\/a>\n\t\t\t\t\n\t\t\t\t\n\t\t\t<\/div>\n\n\t\t\t\t\t\t\t\t\t\t\t<\/div>\n\t\t\t\t\t\t\t\t\t<div class=\"tooltip-arrow\"><\/div>\n\t\t\t\t\t\t\t\t<\/div>\n\t\t\t\t\t\t\t<\/div>\n\t\t\t\t\t\t\n\t\t\t\t\t\t\t\t\t\t\t\t\t\t\t\t\t\t\t\t<div class=\"wd-post-reply wd-style-1\">\n\t\t\t\t\t\t\t\t<a href=\"https:\/\/lydenim.com\/pt\/tecido-denim-selvedge-versus-denim-comum-um-guia-simples-para-novos-costureiros\/#respond\"><span class=\"wd-replies-count\">0<\/span><\/a>\t\t\t\t\t\t\t<\/div>\n\t\t\t\t\t\t\t\t\t\t\t<\/div>\n\t\t\t\t\t\t\t\t\t\t\t\t\t<h3 class=\"wd-post-title wd-entities-title title post-title\">\n\t\t\t\t\t\t<a href=\"https:\/\/lydenim.com\/pt\/tecido-denim-selvedge-versus-denim-comum-um-guia-simples-para-novos-costureiros\/\" rel=\"bookmark\">\n\t\t\t\t\t\t\tDenim com ourela vs. denim comum: um guia simples para novos costureiros\t\t\t\t\t\t<\/a>\n\t\t\t\t\t<\/h3>\n\t\t\t\t\t\t\t\t\t\t\t\t\t<div class=\"wd-post-excerpt wd-scroll-content\">\n\t\t\t\t\t\t\t\t\t\t\t\t\tEstimated reading time: ~5 minutes\r\nMaking your own custom denim can be a bit scary, especially when you hear terms like selvedge denim...\t\t\t\t\t\t\t\t\t\t\t<\/div>\n\t\t\t\t\t\t\t<\/div>\n\t\t\t\t\t\t\t\t\t\t\t\t<div class=\"wd-post-read-more wd-style-btn\">\n\t\t\t\t\t\t<a class=\"btn\" href=\"https:\/\/lydenim.com\/pt\/tecido-denim-selvedge-versus-denim-comum-um-guia-simples-para-novos-costureiros\/\">Continuar lendo<\/a>\t\t\t\t\t<\/div>\n\t\t\t\t\t\t\t\t\t<\/div>\n\t<\/div>\n<\/article>\n\t\t\t\t\t\t\t\t\t\t\t\t\t\t\n<article id=\"post-7227\" class=\"wd-post blog-design-list blog-post-loop blog-style-bg wd-add-shadow post-7227 post type-post status-publish format-standard has-post-thumbnail hentry category-garment\">\n\t<div class=\"wd-post-inner\">\n\t\t<div class=\"wd-post-thumb\">\n\t\t\t\t\t\t\t<div class=\"wd-post-img\">\n\t\t\t\t\t<img loading=\"lazy\" decoding=\"async\" width=\"600\" height=\"800\" src=\"https:\/\/lydenim.com\/wp-content\/uploads\/2026\/04\/Custom-Embroidered-Hoodies-for-Small-Brands.jpg\" class=\"attachment-large size-large\" alt=\"\" srcset=\"https:\/\/lydenim.com\/wp-content\/uploads\/2026\/04\/Custom-Embroidered-Hoodies-for-Small-Brands.jpg 600w, https:\/\/lydenim.com\/wp-content\/uploads\/2026\/04\/Custom-Embroidered-Hoodies-for-Small-Brands-225x300.jpg 225w, https:\/\/lydenim.com\/wp-content\/uploads\/2026\/04\/Custom-Embroidered-Hoodies-for-Small-Brands-9x12.jpg 9w, https:\/\/lydenim.com\/wp-content\/uploads\/2026\/04\/Custom-Embroidered-Hoodies-for-Small-Brands-450x600.jpg 450w, https:\/\/lydenim.com\/wp-content\/uploads\/2026\/04\/Custom-Embroidered-Hoodies-for-Small-Brands-150x200.jpg 150w\" sizes=\"auto, (max-width: 600px) 100vw, 600px\" \/>\t\t\t\t<\/div>\n\t\t\t\t\t\t\t\t\t\t\t\t\t<div class=\"wd-post-date wd-style-with-bg\">\n\t\t\t\t<span class=\"post-date-day\">\n\t\t\t\t\t15\t\t\t\t<\/span>\n\t\t\t\t<span class=\"post-date-month\">\n\t\t\t\t\tAbr\t\t\t\t<\/span>\n\t\t\t<\/div>\n\t\t\t\t\t\t\t\t\t\t\t<a class=\"wd-post-link wd-fill\" href=\"https:\/\/lydenim.com\/pt\/moletons-bordados-personalizados-de-pequenas-marcas-2\/\" rel=\"bookmark\" aria-label=\"Link on post Custom Embroidered Hoodies for Small Brands\"><\/a>\n\t\t\t\t\t\t\t<div class=\"wd-post-cat wd-style-with-bg\">\n\t\t\t\t\t<a href=\"https:\/\/lydenim.com\/pt\/category\/vestuario\/\" rel=\"category tag\">VESTU\u00c1RIO<\/a>\t\t\t\t<\/div>\n\t\t\t\t\t<\/div>\n\n\t\t<div class=\"wd-post-content\">\n\t\t\t<div class=\"wd-post-content-inner wd-scroll\">\n\t\t\t\t\t\t\t\t\t<div class=\"wd-post-meta\">\n\t\t\t\t\t\t\t\t\t\t\t\t\t\t\t\t\t\t<div class=\"wd-post-author\">\n\t\t\t\t\t\t\t\t\t\t\t\t<span>Postado por<\/span>\n\t\t\n\t\t\t\t\t\t\t\n\t\t\t\t\t<a href=\"https:\/\/lydenim.com\/pt\/author\/malonematthewmmgmail-com\/\" class=\"author\" rel=\"author\">malonematthewmm@gmail.com<\/a>\n\t\t\t\t\t\t\t\t\t\t<\/div>\n\t\t\t\t\t\t<div class=\"wd-modified-date\">\n\t\t\t\t\t\t\t\t\t<time class=\"updated\" datetime=\"2026-04-15T12:41:50+08:00\">\n\t\t\t15\/04\/2026\t\t<\/time>\n\t\t\t\t\t\t\t\t<\/div>\n\n\t\t\t\t\t\t\t\t\t\t\t\t\t<div class=\"wd-post-share wd-tltp\">\n\t\t\t\t\t\t\t\t<div class=\"tooltip top\">\n\t\t\t\t\t\t\t\t\t<div class=\"tooltip-inner\">\n\t\t\t\t\t\t\t\t\t\t\t\t\t<div\n\t\t\t\t\t\tclass=\"wd-social-icons wd-style-default wd-size-small social-share wd-shape-circle color-scheme-light text-center\">\n\t\t\t\t\n\t\t\t\t\n\t\t\t\t\t\t\t\t\t<a rel=\"noopener noreferrer nofollow\" href=\"https:\/\/www.facebook.com\/sharer\/sharer.php?u=https:\/\/lydenim.com\/pt\/moletons-bordados-personalizados-de-pequenas-marcas-2\/\" target=\"_blank\" class=\"wd-social-icon social-facebook\" aria-label=\"Link social do Facebook\">\n\t\t\t\t\t\t<span class=\"wd-icon\"><\/span>\n\t\t\t\t\t\t\t\t\t\t\t<\/a>\n\t\t\t\t\n\t\t\t\t\t\t\t\t\t<a rel=\"noopener noreferrer nofollow\" href=\"https:\/\/x.com\/share?url=https:\/\/lydenim.com\/pt\/moletons-bordados-personalizados-de-pequenas-marcas-2\/\" target=\"_blank\" class=\"wd-social-icon social-twitter\" aria-label=\"X link social\">\n\t\t\t\t\t\t<span class=\"wd-icon\"><\/span>\n\t\t\t\t\t\t\t\t\t\t\t<\/a>\n\t\t\t\t\n\t\t\t\t\n\t\t\t\t\n\t\t\t\t\n\t\t\t\t\n\t\t\t\t\n\t\t\t\t\t\t\t\t\t<a rel=\"noopener noreferrer nofollow\" href=\"https:\/\/pinterest.com\/pin\/create\/button\/?url=https:\/\/lydenim.com\/pt\/moletons-bordados-personalizados-de-pequenas-marcas-2\/&media=https:\/\/lydenim.com\/wp-content\/uploads\/2026\/04\/Custom-Embroidered-Hoodies-for-Small-Brands.jpg&description=Custom+Embroidered+Hoodies+for+Small+Brands\" target=\"_blank\" class=\"wd-social-icon social-pinterest\" aria-label=\"Link social do Pinterest\">\n\t\t\t\t\t\t<span class=\"wd-icon\"><\/span>\n\t\t\t\t\t\t\t\t\t\t\t<\/a>\n\t\t\t\t\n\t\t\t\t\n\t\t\t\t\t\t\t\t\t<a rel=\"noopener noreferrer nofollow\" href=\"https:\/\/www.linkedin.com\/shareArticle?mini=true&url=https:\/\/lydenim.com\/pt\/moletons-bordados-personalizados-de-pequenas-marcas-2\/\" target=\"_blank\" class=\"wd-social-icon social-linkedin\" aria-label=\"Link social do Linkedin\">\n\t\t\t\t\t\t<span class=\"wd-icon\"><\/span>\n\t\t\t\t\t\t\t\t\t\t\t<\/a>\n\t\t\t\t\n\t\t\t\t\n\t\t\t\t\n\t\t\t\t\n\t\t\t\t\n\t\t\t\t\n\t\t\t\t\n\t\t\t\t\n\t\t\t\t\n\t\t\t\t\n\t\t\t\t\n\t\t\t\t\n\t\t\t\t\n\t\t\t\t\n\t\t\t\t\n\t\t\t\t\t\t\t\t\t<a rel=\"noopener noreferrer nofollow\" href=\"https:\/\/telegram.me\/share\/url?url=https:\/\/lydenim.com\/pt\/moletons-bordados-personalizados-de-pequenas-marcas-2\/\" target=\"_blank\" class=\"wd-social-icon social-tg\" aria-label=\"Link social do Telegram\">\n\t\t\t\t\t\t<span class=\"wd-icon\"><\/span>\n\t\t\t\t\t\t\t\t\t\t\t<\/a>\n\t\t\t\t\n\t\t\t\t\n\t\t\t<\/div>\n\n\t\t\t\t\t\t\t\t\t\t\t<\/div>\n\t\t\t\t\t\t\t\t\t<div class=\"tooltip-arrow\"><\/div>\n\t\t\t\t\t\t\t\t<\/div>\n\t\t\t\t\t\t\t<\/div>\n\t\t\t\t\t\t\n\t\t\t\t\t\t\t\t\t\t\t<\/div>\n\t\t\t\t\t\t\t\t\t\t\t\t\t<h3 class=\"wd-post-title wd-entities-title title post-title\">\n\t\t\t\t\t\t<a href=\"https:\/\/lydenim.com\/pt\/moletons-bordados-personalizados-de-pequenas-marcas-2\/\" rel=\"bookmark\">\n\t\t\t\t\t\t\tMoletons com bordados personalizados para pequenas marcas\t\t\t\t\t\t<\/a>\n\t\t\t\t\t<\/h3>\n\t\t\t\t\t\t\t\t\t\t\t\t\t<div class=\"wd-post-excerpt wd-scroll-content\">\n\t\t\t\t\t\t\t\t\t\t\t\t\tEstimated reading time: ~4 minutes\r\nAs a new brand owner or small team you\u2019re looking to test the waters with just 50-100 embroidered h...\t\t\t\t\t\t\t\t\t\t\t<\/div>\n\t\t\t\t\t\t\t<\/div>\n\t\t\t\t\t\t\t\t\t\t\t\t<div class=\"wd-post-read-more wd-style-btn\">\n\t\t\t\t\t\t<a class=\"btn\" href=\"https:\/\/lydenim.com\/pt\/moletons-bordados-personalizados-de-pequenas-marcas-2\/\">Continuar lendo<\/a>\t\t\t\t\t<\/div>\n\t\t\t\t\t\t\t\t\t<\/div>\n\t<\/div>\n<\/article>\n\t\t\t\t\t\t\t\t\t\t\t\t\t\t\n<article id=\"post-7217\" class=\"wd-post blog-design-list blog-post-loop blog-style-bg wd-add-shadow post-7217 post type-post status-publish format-standard has-post-thumbnail hentry category-garment\">\n\t<div class=\"wd-post-inner\">\n\t\t<div class=\"wd-post-thumb\">\n\t\t\t\t\t\t\t<div class=\"wd-post-img\">\n\t\t\t\t\t<img loading=\"lazy\" decoding=\"async\" width=\"600\" height=\"800\" src=\"https:\/\/lydenim.com\/wp-content\/uploads\/2026\/04\/One-stop-low-MOQ.jpg\" class=\"attachment-large size-large\" alt=\"\" srcset=\"https:\/\/lydenim.com\/wp-content\/uploads\/2026\/04\/One-stop-low-MOQ.jpg 600w, https:\/\/lydenim.com\/wp-content\/uploads\/2026\/04\/One-stop-low-MOQ-225x300.jpg 225w, https:\/\/lydenim.com\/wp-content\/uploads\/2026\/04\/One-stop-low-MOQ-9x12.jpg 9w, https:\/\/lydenim.com\/wp-content\/uploads\/2026\/04\/One-stop-low-MOQ-450x600.jpg 450w, https:\/\/lydenim.com\/wp-content\/uploads\/2026\/04\/One-stop-low-MOQ-150x200.jpg 150w\" sizes=\"auto, (max-width: 600px) 100vw, 600px\" \/>\t\t\t\t<\/div>\n\t\t\t\t\t\t\t\t\t\t\t\t\t<div class=\"wd-post-date wd-style-with-bg\">\n\t\t\t\t<span class=\"post-date-day\">\n\t\t\t\t\t09\t\t\t\t<\/span>\n\t\t\t\t<span class=\"post-date-month\">\n\t\t\t\t\tAbr\t\t\t\t<\/span>\n\t\t\t<\/div>\n\t\t\t\t\t\t\t\t\t\t\t<a class=\"wd-post-link wd-fill\" href=\"https:\/\/lydenim.com\/pt\/camisetas-personalizadas-sem-pedido-minimo-como-lancar-e-expandir-sua-linha-de-roupas-com-personalizacao-flexivel\/\" rel=\"bookmark\" aria-label=\"Link on post Custom T-Shirts No Minimum: How to Launch and Scale Your Apparel Line with Flexible Customization\"><\/a>\n\t\t\t\t\t\t\t<div class=\"wd-post-cat wd-style-with-bg\">\n\t\t\t\t\t<a href=\"https:\/\/lydenim.com\/pt\/category\/vestuario\/\" rel=\"category tag\">VESTU\u00c1RIO<\/a>\t\t\t\t<\/div>\n\t\t\t\t\t<\/div>\n\n\t\t<div class=\"wd-post-content\">\n\t\t\t<div class=\"wd-post-content-inner wd-scroll\">\n\t\t\t\t\t\t\t\t\t<div class=\"wd-post-meta\">\n\t\t\t\t\t\t\t\t\t\t\t\t\t\t\t\t\t\t<div class=\"wd-post-author\">\n\t\t\t\t\t\t\t\t\t\t\t\t<span>Postado por<\/span>\n\t\t\n\t\t\t\t\t\t\t\n\t\t\t\t\t<a href=\"https:\/\/lydenim.com\/pt\/author\/malonematthewmmgmail-com\/\" class=\"author\" rel=\"author\">malonematthewmm@gmail.com<\/a>\n\t\t\t\t\t\t\t\t\t\t<\/div>\n\t\t\t\t\t\t<div class=\"wd-modified-date\">\n\t\t\t\t\t\t\t\t\t<time class=\"updated\" datetime=\"2026-04-09T13:20:36+08:00\">\n\t\t\t09\/04\/2026\t\t<\/time>\n\t\t\t\t\t\t\t\t<\/div>\n\n\t\t\t\t\t\t\t\t\t\t\t\t\t<div class=\"wd-post-share wd-tltp\">\n\t\t\t\t\t\t\t\t<div class=\"tooltip top\">\n\t\t\t\t\t\t\t\t\t<div class=\"tooltip-inner\">\n\t\t\t\t\t\t\t\t\t\t\t\t\t<div\n\t\t\t\t\t\tclass=\"wd-social-icons wd-style-default wd-size-small social-share wd-shape-circle color-scheme-light text-center\">\n\t\t\t\t\n\t\t\t\t\n\t\t\t\t\t\t\t\t\t<a rel=\"noopener noreferrer nofollow\" href=\"https:\/\/www.facebook.com\/sharer\/sharer.php?u=https:\/\/lydenim.com\/pt\/camisetas-personalizadas-sem-pedido-minimo-como-lancar-e-expandir-sua-linha-de-roupas-com-personalizacao-flexivel\/\" target=\"_blank\" class=\"wd-social-icon social-facebook\" aria-label=\"Link social do Facebook\">\n\t\t\t\t\t\t<span class=\"wd-icon\"><\/span>\n\t\t\t\t\t\t\t\t\t\t\t<\/a>\n\t\t\t\t\n\t\t\t\t\t\t\t\t\t<a rel=\"noopener noreferrer nofollow\" href=\"https:\/\/x.com\/share?url=https:\/\/lydenim.com\/pt\/camisetas-personalizadas-sem-pedido-minimo-como-lancar-e-expandir-sua-linha-de-roupas-com-personalizacao-flexivel\/\" target=\"_blank\" class=\"wd-social-icon social-twitter\" aria-label=\"X link social\">\n\t\t\t\t\t\t<span class=\"wd-icon\"><\/span>\n\t\t\t\t\t\t\t\t\t\t\t<\/a>\n\t\t\t\t\n\t\t\t\t\n\t\t\t\t\n\t\t\t\t\n\t\t\t\t\n\t\t\t\t\n\t\t\t\t\t\t\t\t\t<a rel=\"noopener noreferrer nofollow\" href=\"https:\/\/pinterest.com\/pin\/create\/button\/?url=https:\/\/lydenim.com\/pt\/camisetas-personalizadas-sem-pedido-minimo-como-lancar-e-expandir-sua-linha-de-roupas-com-personalizacao-flexivel\/&media=https:\/\/lydenim.com\/wp-content\/uploads\/2026\/04\/One-stop-low-MOQ.jpg&description=Custom+T-Shirts+No+Minimum%3A+How+to+Launch+and+Scale+Your+Apparel+Line+with+Flexible+Customization\" target=\"_blank\" class=\"wd-social-icon social-pinterest\" aria-label=\"Link social do Pinterest\">\n\t\t\t\t\t\t<span class=\"wd-icon\"><\/span>\n\t\t\t\t\t\t\t\t\t\t\t<\/a>\n\t\t\t\t\n\t\t\t\t\n\t\t\t\t\t\t\t\t\t<a rel=\"noopener noreferrer nofollow\" href=\"https:\/\/www.linkedin.com\/shareArticle?mini=true&url=https:\/\/lydenim.com\/pt\/camisetas-personalizadas-sem-pedido-minimo-como-lancar-e-expandir-sua-linha-de-roupas-com-personalizacao-flexivel\/\" target=\"_blank\" class=\"wd-social-icon social-linkedin\" aria-label=\"Link social do Linkedin\">\n\t\t\t\t\t\t<span class=\"wd-icon\"><\/span>\n\t\t\t\t\t\t\t\t\t\t\t<\/a>\n\t\t\t\t\n\t\t\t\t\n\t\t\t\t\n\t\t\t\t\n\t\t\t\t\n\t\t\t\t\n\t\t\t\t\n\t\t\t\t\n\t\t\t\t\n\t\t\t\t\n\t\t\t\t\n\t\t\t\t\n\t\t\t\t\n\t\t\t\t\n\t\t\t\t\n\t\t\t\t\t\t\t\t\t<a rel=\"noopener noreferrer nofollow\" href=\"https:\/\/telegram.me\/share\/url?url=https:\/\/lydenim.com\/pt\/camisetas-personalizadas-sem-pedido-minimo-como-lancar-e-expandir-sua-linha-de-roupas-com-personalizacao-flexivel\/\" target=\"_blank\" class=\"wd-social-icon social-tg\" aria-label=\"Link social do Telegram\">\n\t\t\t\t\t\t<span class=\"wd-icon\"><\/span>\n\t\t\t\t\t\t\t\t\t\t\t<\/a>\n\t\t\t\t\n\t\t\t\t\n\t\t\t<\/div>\n\n\t\t\t\t\t\t\t\t\t\t\t<\/div>\n\t\t\t\t\t\t\t\t\t<div class=\"tooltip-arrow\"><\/div>\n\t\t\t\t\t\t\t\t<\/div>\n\t\t\t\t\t\t\t<\/div>\n\t\t\t\t\t\t\n\t\t\t\t\t\t\t\t\t\t\t<\/div>\n\t\t\t\t\t\t\t\t\t\t\t\t\t<h3 class=\"wd-post-title wd-entities-title title post-title\">\n\t\t\t\t\t\t<a href=\"https:\/\/lydenim.com\/pt\/camisetas-personalizadas-sem-pedido-minimo-como-lancar-e-expandir-sua-linha-de-roupas-com-personalizacao-flexivel\/\" rel=\"bookmark\">\n\t\t\t\t\t\t\tCamisetas personalizadas sem pedido m\u00ednimo: como lan\u00e7ar e expandir sua linha de vestu\u00e1rio com personaliza\u00e7\u00e3o flex\u00edvel.\t\t\t\t\t\t<\/a>\n\t\t\t\t\t<\/h3>\n\t\t\t\t\t\t\t\t\t\t\t\t\t<div class=\"wd-post-excerpt wd-scroll-content\">\n\t\t\t\t\t\t\t\t\t\t\t\t\tEstimated reading time: ~3 minutes\r\nIn today\u2019s fast-paced fashion landscape, custom T-shirts with no minimum order have become a game-c...\t\t\t\t\t\t\t\t\t\t\t<\/div>\n\t\t\t\t\t\t\t<\/div>\n\t\t\t\t\t\t\t\t\t\t\t\t<div class=\"wd-post-read-more wd-style-btn\">\n\t\t\t\t\t\t<a class=\"btn\" href=\"https:\/\/lydenim.com\/pt\/camisetas-personalizadas-sem-pedido-minimo-como-lancar-e-expandir-sua-linha-de-roupas-com-personalizacao-flexivel\/\">Continuar lendo<\/a>\t\t\t\t\t<\/div>\n\t\t\t\t\t\t\t\t\t<\/div>\n\t<\/div>\n<\/article>\n\t\t\t\t\t\t\t\t\t\t\t\t\t\t\n<article id=\"post-7204\" class=\"wd-post blog-design-list blog-post-loop blog-style-bg wd-add-shadow post-7204 post type-post status-publish format-standard has-post-thumbnail hentry category-garment\">\n\t<div class=\"wd-post-inner\">\n\t\t<div class=\"wd-post-thumb\">\n\t\t\t\t\t\t\t<div class=\"wd-post-img\">\n\t\t\t\t\t<img loading=\"lazy\" decoding=\"async\" width=\"600\" height=\"800\" src=\"https:\/\/lydenim.com\/wp-content\/uploads\/2026\/04\/Custom-Embroidered-Hoodies.jpg\" class=\"attachment-large size-large\" alt=\"\" srcset=\"https:\/\/lydenim.com\/wp-content\/uploads\/2026\/04\/Custom-Embroidered-Hoodies.jpg 600w, https:\/\/lydenim.com\/wp-content\/uploads\/2026\/04\/Custom-Embroidered-Hoodies-225x300.jpg 225w, https:\/\/lydenim.com\/wp-content\/uploads\/2026\/04\/Custom-Embroidered-Hoodies-9x12.jpg 9w, https:\/\/lydenim.com\/wp-content\/uploads\/2026\/04\/Custom-Embroidered-Hoodies-450x600.jpg 450w, https:\/\/lydenim.com\/wp-content\/uploads\/2026\/04\/Custom-Embroidered-Hoodies-150x200.jpg 150w\" sizes=\"auto, (max-width: 600px) 100vw, 600px\" \/>\t\t\t\t<\/div>\n\t\t\t\t\t\t\t\t\t\t\t\t\t<div class=\"wd-post-date wd-style-with-bg\">\n\t\t\t\t<span class=\"post-date-day\">\n\t\t\t\t\t06\t\t\t\t<\/span>\n\t\t\t\t<span class=\"post-date-month\">\n\t\t\t\t\tAbr\t\t\t\t<\/span>\n\t\t\t<\/div>\n\t\t\t\t\t\t\t\t\t\t\t<a class=\"wd-post-link wd-fill\" href=\"https:\/\/lydenim.com\/pt\/de-destaque-a-sua-marca-com-moletons-bordados-personalizados\/\" rel=\"bookmark\" aria-label=\"Link on post Elevate Your Brand with Custom Embroidered Hoodies\"><\/a>\n\t\t\t\t\t\t\t<div class=\"wd-post-cat wd-style-with-bg\">\n\t\t\t\t\t<a href=\"https:\/\/lydenim.com\/pt\/category\/vestuario\/\" rel=\"category tag\">VESTU\u00c1RIO<\/a>\t\t\t\t<\/div>\n\t\t\t\t\t<\/div>\n\n\t\t<div class=\"wd-post-content\">\n\t\t\t<div class=\"wd-post-content-inner wd-scroll\">\n\t\t\t\t\t\t\t\t\t<div class=\"wd-post-meta\">\n\t\t\t\t\t\t\t\t\t\t\t\t\t\t\t\t\t\t<div class=\"wd-post-author\">\n\t\t\t\t\t\t\t\t\t\t\t\t<span>Postado por<\/span>\n\t\t\n\t\t\t\t\t\t\t\n\t\t\t\t\t<a href=\"https:\/\/lydenim.com\/pt\/author\/malonematthewmmgmail-com\/\" class=\"author\" rel=\"author\">malonematthewmm@gmail.com<\/a>\n\t\t\t\t\t\t\t\t\t\t<\/div>\n\t\t\t\t\t\t<div class=\"wd-modified-date\">\n\t\t\t\t\t\t\t\t\t<time class=\"updated\" datetime=\"2026-04-06T11:14:54+08:00\">\n\t\t\t06\/04\/2026\t\t<\/time>\n\t\t\t\t\t\t\t\t<\/div>\n\n\t\t\t\t\t\t\t\t\t\t\t\t\t<div class=\"wd-post-share wd-tltp\">\n\t\t\t\t\t\t\t\t<div class=\"tooltip top\">\n\t\t\t\t\t\t\t\t\t<div class=\"tooltip-inner\">\n\t\t\t\t\t\t\t\t\t\t\t\t\t<div\n\t\t\t\t\t\tclass=\"wd-social-icons wd-style-default wd-size-small social-share wd-shape-circle color-scheme-light text-center\">\n\t\t\t\t\n\t\t\t\t\n\t\t\t\t\t\t\t\t\t<a rel=\"noopener noreferrer nofollow\" href=\"https:\/\/www.facebook.com\/sharer\/sharer.php?u=https:\/\/lydenim.com\/pt\/de-destaque-a-sua-marca-com-moletons-bordados-personalizados\/\" target=\"_blank\" class=\"wd-social-icon social-facebook\" aria-label=\"Link social do Facebook\">\n\t\t\t\t\t\t<span class=\"wd-icon\"><\/span>\n\t\t\t\t\t\t\t\t\t\t\t<\/a>\n\t\t\t\t\n\t\t\t\t\t\t\t\t\t<a rel=\"noopener noreferrer nofollow\" href=\"https:\/\/x.com\/share?url=https:\/\/lydenim.com\/pt\/de-destaque-a-sua-marca-com-moletons-bordados-personalizados\/\" target=\"_blank\" class=\"wd-social-icon social-twitter\" aria-label=\"X link social\">\n\t\t\t\t\t\t<span class=\"wd-icon\"><\/span>\n\t\t\t\t\t\t\t\t\t\t\t<\/a>\n\t\t\t\t\n\t\t\t\t\n\t\t\t\t\n\t\t\t\t\n\t\t\t\t\n\t\t\t\t\n\t\t\t\t\t\t\t\t\t<a rel=\"noopener noreferrer nofollow\" href=\"https:\/\/pinterest.com\/pin\/create\/button\/?url=https:\/\/lydenim.com\/pt\/de-destaque-a-sua-marca-com-moletons-bordados-personalizados\/&media=https:\/\/lydenim.com\/wp-content\/uploads\/2026\/04\/Custom-Embroidered-Hoodies.jpg&description=Elevate+Your+Brand+with+Custom+Embroidered+Hoodies\" target=\"_blank\" class=\"wd-social-icon social-pinterest\" aria-label=\"Link social do Pinterest\">\n\t\t\t\t\t\t<span class=\"wd-icon\"><\/span>\n\t\t\t\t\t\t\t\t\t\t\t<\/a>\n\t\t\t\t\n\t\t\t\t\n\t\t\t\t\t\t\t\t\t<a rel=\"noopener noreferrer nofollow\" href=\"https:\/\/www.linkedin.com\/shareArticle?mini=true&url=https:\/\/lydenim.com\/pt\/de-destaque-a-sua-marca-com-moletons-bordados-personalizados\/\" target=\"_blank\" class=\"wd-social-icon social-linkedin\" aria-label=\"Link social do Linkedin\">\n\t\t\t\t\t\t<span class=\"wd-icon\"><\/span>\n\t\t\t\t\t\t\t\t\t\t\t<\/a>\n\t\t\t\t\n\t\t\t\t\n\t\t\t\t\n\t\t\t\t\n\t\t\t\t\n\t\t\t\t\n\t\t\t\t\n\t\t\t\t\n\t\t\t\t\n\t\t\t\t\n\t\t\t\t\n\t\t\t\t\n\t\t\t\t\n\t\t\t\t\n\t\t\t\t\n\t\t\t\t\t\t\t\t\t<a rel=\"noopener noreferrer nofollow\" href=\"https:\/\/telegram.me\/share\/url?url=https:\/\/lydenim.com\/pt\/de-destaque-a-sua-marca-com-moletons-bordados-personalizados\/\" target=\"_blank\" class=\"wd-social-icon social-tg\" aria-label=\"Link social do Telegram\">\n\t\t\t\t\t\t<span class=\"wd-icon\"><\/span>\n\t\t\t\t\t\t\t\t\t\t\t<\/a>\n\t\t\t\t\n\t\t\t\t\n\t\t\t<\/div>\n\n\t\t\t\t\t\t\t\t\t\t\t<\/div>\n\t\t\t\t\t\t\t\t\t<div class=\"tooltip-arrow\"><\/div>\n\t\t\t\t\t\t\t\t<\/div>\n\t\t\t\t\t\t\t<\/div>\n\t\t\t\t\t\t\n\t\t\t\t\t\t\t\t\t\t\t<\/div>\n\t\t\t\t\t\t\t\t\t\t\t\t\t<h3 class=\"wd-post-title wd-entities-title title post-title\">\n\t\t\t\t\t\t<a href=\"https:\/\/lydenim.com\/pt\/de-destaque-a-sua-marca-com-moletons-bordados-personalizados\/\" rel=\"bookmark\">\n\t\t\t\t\t\t\tD\u00ea destaque \u00e0 sua marca com moletons bordados personalizados.\t\t\t\t\t\t<\/a>\n\t\t\t\t\t<\/h3>\n\t\t\t\t\t\t\t\t\t\t\t\t\t<div class=\"wd-post-excerpt wd-scroll-content\">\n\t\t\t\t\t\t\t\t\t\t\t\t\tEstimated reading time: ~5 minutes\r\nIn today\u2019s competitive apparel market, custom embroidered hoodies stand out as a premium choice for...\t\t\t\t\t\t\t\t\t\t\t<\/div>\n\t\t\t\t\t\t\t<\/div>\n\t\t\t\t\t\t\t\t\t\t\t\t<div class=\"wd-post-read-more wd-style-btn\">\n\t\t\t\t\t\t<a class=\"btn\" href=\"https:\/\/lydenim.com\/pt\/de-destaque-a-sua-marca-com-moletons-bordados-personalizados\/\">Continuar lendo<\/a>\t\t\t\t\t<\/div>\n\t\t\t\t\t\t\t\t\t<\/div>\n\t<\/div>\n<\/article>\n\t\t\t\t\t\t\t\t\t\t\t\t\t\t\n<article id=\"post-7195\" class=\"wd-post blog-design-list blog-post-loop blog-style-bg wd-add-shadow post-7195 post type-post status-publish format-standard has-post-thumbnail hentry category-garment\">\n\t<div class=\"wd-post-inner\">\n\t\t<div class=\"wd-post-thumb\">\n\t\t\t\t\t\t\t<div class=\"wd-post-img\">\n\t\t\t\t\t<img loading=\"lazy\" decoding=\"async\" width=\"600\" height=\"800\" src=\"https:\/\/lydenim.com\/wp-content\/uploads\/2026\/03\/Customization-for-Print-on-Demand-Shirts.jpg\" class=\"attachment-large size-large\" alt=\"\" srcset=\"https:\/\/lydenim.com\/wp-content\/uploads\/2026\/03\/Customization-for-Print-on-Demand-Shirts.jpg 600w, https:\/\/lydenim.com\/wp-content\/uploads\/2026\/03\/Customization-for-Print-on-Demand-Shirts-225x300.jpg 225w, https:\/\/lydenim.com\/wp-content\/uploads\/2026\/03\/Customization-for-Print-on-Demand-Shirts-9x12.jpg 9w, https:\/\/lydenim.com\/wp-content\/uploads\/2026\/03\/Customization-for-Print-on-Demand-Shirts-450x600.jpg 450w, https:\/\/lydenim.com\/wp-content\/uploads\/2026\/03\/Customization-for-Print-on-Demand-Shirts-150x200.jpg 150w\" sizes=\"auto, (max-width: 600px) 100vw, 600px\" \/>\t\t\t\t<\/div>\n\t\t\t\t\t\t\t\t\t\t\t\t\t<div class=\"wd-post-date wd-style-with-bg\">\n\t\t\t\t<span class=\"post-date-day\">\n\t\t\t\t\t04\t\t\t\t<\/span>\n\t\t\t\t<span class=\"post-date-month\">\n\t\t\t\t\tAbr\t\t\t\t<\/span>\n\t\t\t<\/div>\n\t\t\t\t\t\t\t\t\t\t\t<a class=\"wd-post-link wd-fill\" href=\"https:\/\/lydenim.com\/pt\/personalizacao-para-camisetas-sob-demanda-como-escolher-o-fornecedor-certo-2\/\" rel=\"bookmark\" aria-label=\"Link on post Customization for Print on Demand Shirts: Choosing the Right Supplier\"><\/a>\n\t\t\t\t\t\t\t<div class=\"wd-post-cat wd-style-with-bg\">\n\t\t\t\t\t<a href=\"https:\/\/lydenim.com\/pt\/category\/vestuario\/\" rel=\"category tag\">VESTU\u00c1RIO<\/a>\t\t\t\t<\/div>\n\t\t\t\t\t<\/div>\n\n\t\t<div class=\"wd-post-content\">\n\t\t\t<div class=\"wd-post-content-inner wd-scroll\">\n\t\t\t\t\t\t\t\t\t<div class=\"wd-post-meta\">\n\t\t\t\t\t\t\t\t\t\t\t\t\t\t\t\t\t\t<div class=\"wd-post-author\">\n\t\t\t\t\t\t\t\t\t\t\t\t<span>Postado por<\/span>\n\t\t\n\t\t\t\t\t\t\t\n\t\t\t\t\t<a href=\"https:\/\/lydenim.com\/pt\/author\/malonematthewmmgmail-com\/\" class=\"author\" rel=\"author\">malonematthewmm@gmail.com<\/a>\n\t\t\t\t\t\t\t\t\t\t<\/div>\n\t\t\t\t\t\t<div class=\"wd-modified-date\">\n\t\t\t\t\t\t\t\t\t<time class=\"updated\" datetime=\"2026-04-04T10:48:19+08:00\">\n\t\t\t04\/04\/2026\t\t<\/time>\n\t\t\t\t\t\t\t\t<\/div>\n\n\t\t\t\t\t\t\t\t\t\t\t\t\t<div class=\"wd-post-share wd-tltp\">\n\t\t\t\t\t\t\t\t<div class=\"tooltip top\">\n\t\t\t\t\t\t\t\t\t<div class=\"tooltip-inner\">\n\t\t\t\t\t\t\t\t\t\t\t\t\t<div\n\t\t\t\t\t\tclass=\"wd-social-icons wd-style-default wd-size-small social-share wd-shape-circle color-scheme-light text-center\">\n\t\t\t\t\n\t\t\t\t\n\t\t\t\t\t\t\t\t\t<a rel=\"noopener noreferrer nofollow\" href=\"https:\/\/www.facebook.com\/sharer\/sharer.php?u=https:\/\/lydenim.com\/pt\/personalizacao-para-camisetas-sob-demanda-como-escolher-o-fornecedor-certo-2\/\" target=\"_blank\" class=\"wd-social-icon social-facebook\" aria-label=\"Link social do Facebook\">\n\t\t\t\t\t\t<span class=\"wd-icon\"><\/span>\n\t\t\t\t\t\t\t\t\t\t\t<\/a>\n\t\t\t\t\n\t\t\t\t\t\t\t\t\t<a rel=\"noopener noreferrer nofollow\" href=\"https:\/\/x.com\/share?url=https:\/\/lydenim.com\/pt\/personalizacao-para-camisetas-sob-demanda-como-escolher-o-fornecedor-certo-2\/\" target=\"_blank\" class=\"wd-social-icon social-twitter\" aria-label=\"X link social\">\n\t\t\t\t\t\t<span class=\"wd-icon\"><\/span>\n\t\t\t\t\t\t\t\t\t\t\t<\/a>\n\t\t\t\t\n\t\t\t\t\n\t\t\t\t\n\t\t\t\t\n\t\t\t\t\n\t\t\t\t\n\t\t\t\t\t\t\t\t\t<a rel=\"noopener noreferrer nofollow\" href=\"https:\/\/pinterest.com\/pin\/create\/button\/?url=https:\/\/lydenim.com\/pt\/personalizacao-para-camisetas-sob-demanda-como-escolher-o-fornecedor-certo-2\/&media=https:\/\/lydenim.com\/wp-content\/uploads\/2026\/03\/Customization-for-Print-on-Demand-Shirts.jpg&description=Customization+for+Print+on+Demand+Shirts%3A+Choosing+the+Right+Supplier\" target=\"_blank\" class=\"wd-social-icon social-pinterest\" aria-label=\"Link social do Pinterest\">\n\t\t\t\t\t\t<span class=\"wd-icon\"><\/span>\n\t\t\t\t\t\t\t\t\t\t\t<\/a>\n\t\t\t\t\n\t\t\t\t\n\t\t\t\t\t\t\t\t\t<a rel=\"noopener noreferrer nofollow\" href=\"https:\/\/www.linkedin.com\/shareArticle?mini=true&url=https:\/\/lydenim.com\/pt\/personalizacao-para-camisetas-sob-demanda-como-escolher-o-fornecedor-certo-2\/\" target=\"_blank\" class=\"wd-social-icon social-linkedin\" aria-label=\"Link social do Linkedin\">\n\t\t\t\t\t\t<span class=\"wd-icon\"><\/span>\n\t\t\t\t\t\t\t\t\t\t\t<\/a>\n\t\t\t\t\n\t\t\t\t\n\t\t\t\t\n\t\t\t\t\n\t\t\t\t\n\t\t\t\t\n\t\t\t\t\n\t\t\t\t\n\t\t\t\t\n\t\t\t\t\n\t\t\t\t\n\t\t\t\t\n\t\t\t\t\n\t\t\t\t\n\t\t\t\t\n\t\t\t\t\t\t\t\t\t<a rel=\"noopener noreferrer nofollow\" href=\"https:\/\/telegram.me\/share\/url?url=https:\/\/lydenim.com\/pt\/personalizacao-para-camisetas-sob-demanda-como-escolher-o-fornecedor-certo-2\/\" target=\"_blank\" class=\"wd-social-icon social-tg\" aria-label=\"Link social do Telegram\">\n\t\t\t\t\t\t<span class=\"wd-icon\"><\/span>\n\t\t\t\t\t\t\t\t\t\t\t<\/a>\n\t\t\t\t\n\t\t\t\t\n\t\t\t<\/div>\n\n\t\t\t\t\t\t\t\t\t\t\t<\/div>\n\t\t\t\t\t\t\t\t\t<div class=\"tooltip-arrow\"><\/div>\n\t\t\t\t\t\t\t\t<\/div>\n\t\t\t\t\t\t\t<\/div>\n\t\t\t\t\t\t\n\t\t\t\t\t\t\t\t\t\t\t<\/div>\n\t\t\t\t\t\t\t\t\t\t\t\t\t<h3 class=\"wd-post-title wd-entities-title title post-title\">\n\t\t\t\t\t\t<a href=\"https:\/\/lydenim.com\/pt\/personalizacao-para-camisetas-sob-demanda-como-escolher-o-fornecedor-certo-2\/\" rel=\"bookmark\">\n\t\t\t\t\t\t\tPersonaliza\u00e7\u00e3o de camisetas sob demanda: como escolher o fornecedor certo\t\t\t\t\t\t<\/a>\n\t\t\t\t\t<\/h3>\n\t\t\t\t\t\t\t\t\t\t\t\t\t<div class=\"wd-post-excerpt wd-scroll-content\">\n\t\t\t\t\t\t\t\t\t\t\t\t\tEstimated reading time: ~5 minutes\r\nIn the fast-evolving world of fashion, Print on Demand (POD) shirts have become a game-changer for ...\t\t\t\t\t\t\t\t\t\t\t<\/div>\n\t\t\t\t\t\t\t<\/div>\n\t\t\t\t\t\t\t\t\t\t\t\t<div class=\"wd-post-read-more wd-style-btn\">\n\t\t\t\t\t\t<a class=\"btn\" href=\"https:\/\/lydenim.com\/pt\/personalizacao-para-camisetas-sob-demanda-como-escolher-o-fornecedor-certo-2\/\">Continuar lendo<\/a>\t\t\t\t\t<\/div>\n\t\t\t\t\t\t\t\t\t<\/div>\n\t<\/div>\n<\/article>\n\t\t\t\t\t\t\t\t\t\t\t\t\t\t\n<article id=\"post-7186\" class=\"wd-post blog-design-list blog-post-loop blog-style-bg wd-add-shadow post-7186 post type-post status-publish format-standard has-post-thumbnail hentry category-garment\">\n\t<div class=\"wd-post-inner\">\n\t\t<div class=\"wd-post-thumb\">\n\t\t\t\t\t\t\t<div class=\"wd-post-img\">\n\t\t\t\t\t<img loading=\"lazy\" decoding=\"async\" width=\"600\" height=\"800\" src=\"https:\/\/lydenim.com\/wp-content\/uploads\/2026\/03\/Custom-Hoodie-Maker-Guide-Custom-Your-Hoodies.jpg\" class=\"attachment-large size-large\" alt=\"\" srcset=\"https:\/\/lydenim.com\/wp-content\/uploads\/2026\/03\/Custom-Hoodie-Maker-Guide-Custom-Your-Hoodies.jpg 600w, https:\/\/lydenim.com\/wp-content\/uploads\/2026\/03\/Custom-Hoodie-Maker-Guide-Custom-Your-Hoodies-225x300.jpg 225w, https:\/\/lydenim.com\/wp-content\/uploads\/2026\/03\/Custom-Hoodie-Maker-Guide-Custom-Your-Hoodies-9x12.jpg 9w, https:\/\/lydenim.com\/wp-content\/uploads\/2026\/03\/Custom-Hoodie-Maker-Guide-Custom-Your-Hoodies-450x600.jpg 450w, https:\/\/lydenim.com\/wp-content\/uploads\/2026\/03\/Custom-Hoodie-Maker-Guide-Custom-Your-Hoodies-150x200.jpg 150w\" sizes=\"auto, (max-width: 600px) 100vw, 600px\" \/>\t\t\t\t<\/div>\n\t\t\t\t\t\t\t\t\t\t\t\t\t<div class=\"wd-post-date wd-style-with-bg\">\n\t\t\t\t<span class=\"post-date-day\">\n\t\t\t\t\t01\t\t\t\t<\/span>\n\t\t\t\t<span class=\"post-date-month\">\n\t\t\t\t\tAbr\t\t\t\t<\/span>\n\t\t\t<\/div>\n\t\t\t\t\t\t\t\t\t\t\t<a class=\"wd-post-link wd-fill\" href=\"https:\/\/lydenim.com\/pt\/guia-para-criar-moletons-personalizados-personalize-seus-moletons-2\/\" rel=\"bookmark\" aria-label=\"Link on post Custom Hoodie Maker Guide-Custom Your Hoodies\"><\/a>\n\t\t\t\t\t\t\t<div class=\"wd-post-cat wd-style-with-bg\">\n\t\t\t\t\t<a href=\"https:\/\/lydenim.com\/pt\/category\/vestuario\/\" rel=\"category tag\">VESTU\u00c1RIO<\/a>\t\t\t\t<\/div>\n\t\t\t\t\t<\/div>\n\n\t\t<div class=\"wd-post-content\">\n\t\t\t<div class=\"wd-post-content-inner wd-scroll\">\n\t\t\t\t\t\t\t\t\t<div class=\"wd-post-meta\">\n\t\t\t\t\t\t\t\t\t\t\t\t\t\t\t\t\t\t<div class=\"wd-post-author\">\n\t\t\t\t\t\t\t\t\t\t\t\t<span>Postado por<\/span>\n\t\t\n\t\t\t\t\t\t\t\n\t\t\t\t\t<a href=\"https:\/\/lydenim.com\/pt\/author\/malonematthewmmgmail-com\/\" class=\"author\" rel=\"author\">malonematthewmm@gmail.com<\/a>\n\t\t\t\t\t\t\t\t\t\t<\/div>\n\t\t\t\t\t\t<div class=\"wd-modified-date\">\n\t\t\t\t\t\t\t\t\t<time class=\"updated\" datetime=\"2026-04-01T10:28:46+08:00\">\n\t\t\t01\/04\/2026\t\t<\/time>\n\t\t\t\t\t\t\t\t<\/div>\n\n\t\t\t\t\t\t\t\t\t\t\t\t\t<div class=\"wd-post-share wd-tltp\">\n\t\t\t\t\t\t\t\t<div class=\"tooltip top\">\n\t\t\t\t\t\t\t\t\t<div class=\"tooltip-inner\">\n\t\t\t\t\t\t\t\t\t\t\t\t\t<div\n\t\t\t\t\t\tclass=\"wd-social-icons wd-style-default wd-size-small social-share wd-shape-circle color-scheme-light text-center\">\n\t\t\t\t\n\t\t\t\t\n\t\t\t\t\t\t\t\t\t<a rel=\"noopener noreferrer nofollow\" href=\"https:\/\/www.facebook.com\/sharer\/sharer.php?u=https:\/\/lydenim.com\/pt\/guia-para-criar-moletons-personalizados-personalize-seus-moletons-2\/\" target=\"_blank\" class=\"wd-social-icon social-facebook\" aria-label=\"Link social do Facebook\">\n\t\t\t\t\t\t<span class=\"wd-icon\"><\/span>\n\t\t\t\t\t\t\t\t\t\t\t<\/a>\n\t\t\t\t\n\t\t\t\t\t\t\t\t\t<a rel=\"noopener noreferrer nofollow\" href=\"https:\/\/x.com\/share?url=https:\/\/lydenim.com\/pt\/guia-para-criar-moletons-personalizados-personalize-seus-moletons-2\/\" target=\"_blank\" class=\"wd-social-icon social-twitter\" aria-label=\"X link social\">\n\t\t\t\t\t\t<span class=\"wd-icon\"><\/span>\n\t\t\t\t\t\t\t\t\t\t\t<\/a>\n\t\t\t\t\n\t\t\t\t\n\t\t\t\t\n\t\t\t\t\n\t\t\t\t\n\t\t\t\t\n\t\t\t\t\t\t\t\t\t<a rel=\"noopener noreferrer nofollow\" href=\"https:\/\/pinterest.com\/pin\/create\/button\/?url=https:\/\/lydenim.com\/pt\/guia-para-criar-moletons-personalizados-personalize-seus-moletons-2\/&media=https:\/\/lydenim.com\/wp-content\/uploads\/2026\/03\/Custom-Hoodie-Maker-Guide-Custom-Your-Hoodies.jpg&description=Custom+Hoodie+Maker+Guide-Custom+Your+Hoodies\" target=\"_blank\" class=\"wd-social-icon social-pinterest\" aria-label=\"Link social do Pinterest\">\n\t\t\t\t\t\t<span class=\"wd-icon\"><\/span>\n\t\t\t\t\t\t\t\t\t\t\t<\/a>\n\t\t\t\t\n\t\t\t\t\n\t\t\t\t\t\t\t\t\t<a rel=\"noopener noreferrer nofollow\" href=\"https:\/\/www.linkedin.com\/shareArticle?mini=true&url=https:\/\/lydenim.com\/pt\/guia-para-criar-moletons-personalizados-personalize-seus-moletons-2\/\" target=\"_blank\" class=\"wd-social-icon social-linkedin\" aria-label=\"Link social do Linkedin\">\n\t\t\t\t\t\t<span class=\"wd-icon\"><\/span>\n\t\t\t\t\t\t\t\t\t\t\t<\/a>\n\t\t\t\t\n\t\t\t\t\n\t\t\t\t\n\t\t\t\t\n\t\t\t\t\n\t\t\t\t\n\t\t\t\t\n\t\t\t\t\n\t\t\t\t\n\t\t\t\t\n\t\t\t\t\n\t\t\t\t\n\t\t\t\t\n\t\t\t\t\n\t\t\t\t\n\t\t\t\t\t\t\t\t\t<a rel=\"noopener noreferrer nofollow\" href=\"https:\/\/telegram.me\/share\/url?url=https:\/\/lydenim.com\/pt\/guia-para-criar-moletons-personalizados-personalize-seus-moletons-2\/\" target=\"_blank\" class=\"wd-social-icon social-tg\" aria-label=\"Link social do Telegram\">\n\t\t\t\t\t\t<span class=\"wd-icon\"><\/span>\n\t\t\t\t\t\t\t\t\t\t\t<\/a>\n\t\t\t\t\n\t\t\t\t\n\t\t\t<\/div>\n\n\t\t\t\t\t\t\t\t\t\t\t<\/div>\n\t\t\t\t\t\t\t\t\t<div class=\"tooltip-arrow\"><\/div>\n\t\t\t\t\t\t\t\t<\/div>\n\t\t\t\t\t\t\t<\/div>\n\t\t\t\t\t\t\n\t\t\t\t\t\t\t\t\t\t\t<\/div>\n\t\t\t\t\t\t\t\t\t\t\t\t\t<h3 class=\"wd-post-title wd-entities-title title post-title\">\n\t\t\t\t\t\t<a href=\"https:\/\/lydenim.com\/pt\/guia-para-criar-moletons-personalizados-personalize-seus-moletons-2\/\" rel=\"bookmark\">\n\t\t\t\t\t\t\tGuia para Criar Moletons Personalizados - Personalize Seus Moletons\t\t\t\t\t\t<\/a>\n\t\t\t\t\t<\/h3>\n\t\t\t\t\t\t\t\t\t\t\t\t\t<div class=\"wd-post-excerpt wd-scroll-content\">\n\t\t\t\t\t\t\t\t\t\t\t\t\tEstimated reading time: ~4 minutes\r\nIn today\u2019s competitive streetwear and casual apparel market, finding the right custom hoodie maker ...\t\t\t\t\t\t\t\t\t\t\t<\/div>\n\t\t\t\t\t\t\t<\/div>\n\t\t\t\t\t\t\t\t\t\t\t\t<div class=\"wd-post-read-more wd-style-btn\">\n\t\t\t\t\t\t<a class=\"btn\" href=\"https:\/\/lydenim.com\/pt\/guia-para-criar-moletons-personalizados-personalize-seus-moletons-2\/\">Continuar lendo<\/a>\t\t\t\t\t<\/div>\n\t\t\t\t\t\t\t\t\t<\/div>\n\t<\/div>\n<\/article>\n\t\t\t\t\t\t\t\t\t\t\t\t\t\t\n<article id=\"post-7175\" class=\"wd-post blog-design-list blog-post-loop blog-style-bg wd-add-shadow post-7175 post type-post status-publish format-standard has-post-thumbnail hentry category-garment\">\n\t<div class=\"wd-post-inner\">\n\t\t<div class=\"wd-post-thumb\">\n\t\t\t\t\t\t\t<div class=\"wd-post-img\">\n\t\t\t\t\t<img loading=\"lazy\" decoding=\"async\" width=\"600\" height=\"800\" src=\"https:\/\/lydenim.com\/wp-content\/uploads\/2026\/03\/Clothing-Manufacturers-for-Startups.jpg\" class=\"attachment-large size-large\" alt=\"\" srcset=\"https:\/\/lydenim.com\/wp-content\/uploads\/2026\/03\/Clothing-Manufacturers-for-Startups.jpg 600w, https:\/\/lydenim.com\/wp-content\/uploads\/2026\/03\/Clothing-Manufacturers-for-Startups-225x300.jpg 225w, https:\/\/lydenim.com\/wp-content\/uploads\/2026\/03\/Clothing-Manufacturers-for-Startups-9x12.jpg 9w, https:\/\/lydenim.com\/wp-content\/uploads\/2026\/03\/Clothing-Manufacturers-for-Startups-450x600.jpg 450w, https:\/\/lydenim.com\/wp-content\/uploads\/2026\/03\/Clothing-Manufacturers-for-Startups-150x200.jpg 150w\" sizes=\"auto, (max-width: 600px) 100vw, 600px\" \/>\t\t\t\t<\/div>\n\t\t\t\t\t\t\t\t\t\t\t\t\t<div class=\"wd-post-date wd-style-with-bg\">\n\t\t\t\t<span class=\"post-date-day\">\n\t\t\t\t\t30\t\t\t\t<\/span>\n\t\t\t\t<span class=\"post-date-month\">\n\t\t\t\t\tMar\u00e7o\t\t\t\t<\/span>\n\t\t\t<\/div>\n\t\t\t\t\t\t\t\t\t\t\t<a class=\"wd-post-link wd-fill\" href=\"https:\/\/lydenim.com\/pt\/fabricantes-de-roupas-para-startups\/\" rel=\"bookmark\" aria-label=\"Link on post Clothing Manufacturers for Startups: Your Complete Guide to Custom Apparel Production\"><\/a>\n\t\t\t\t\t\t\t<div class=\"wd-post-cat wd-style-with-bg\">\n\t\t\t\t\t<a href=\"https:\/\/lydenim.com\/pt\/category\/vestuario\/\" rel=\"category tag\">VESTU\u00c1RIO<\/a>\t\t\t\t<\/div>\n\t\t\t\t\t<\/div>\n\n\t\t<div class=\"wd-post-content\">\n\t\t\t<div class=\"wd-post-content-inner wd-scroll\">\n\t\t\t\t\t\t\t\t\t<div class=\"wd-post-meta\">\n\t\t\t\t\t\t\t\t\t\t\t\t\t\t\t\t\t\t<div class=\"wd-post-author\">\n\t\t\t\t\t\t\t\t\t\t\t\t<span>Postado por<\/span>\n\t\t\n\t\t\t\t\t\t\t\n\t\t\t\t\t<a href=\"https:\/\/lydenim.com\/pt\/author\/malonematthewmmgmail-com\/\" class=\"author\" rel=\"author\">malonematthewmm@gmail.com<\/a>\n\t\t\t\t\t\t\t\t\t\t<\/div>\n\t\t\t\t\t\t<div class=\"wd-modified-date\">\n\t\t\t\t\t\t\t\t\t<time class=\"updated\" datetime=\"2026-03-30T15:05:42+08:00\">\n\t\t\t30\/03\/2026\t\t<\/time>\n\t\t\t\t\t\t\t\t<\/div>\n\n\t\t\t\t\t\t\t\t\t\t\t\t\t<div class=\"wd-post-share wd-tltp\">\n\t\t\t\t\t\t\t\t<div class=\"tooltip top\">\n\t\t\t\t\t\t\t\t\t<div class=\"tooltip-inner\">\n\t\t\t\t\t\t\t\t\t\t\t\t\t<div\n\t\t\t\t\t\tclass=\"wd-social-icons wd-style-default wd-size-small social-share wd-shape-circle color-scheme-light text-center\">\n\t\t\t\t\n\t\t\t\t\n\t\t\t\t\t\t\t\t\t<a rel=\"noopener noreferrer nofollow\" href=\"https:\/\/www.facebook.com\/sharer\/sharer.php?u=https:\/\/lydenim.com\/pt\/fabricantes-de-roupas-para-startups\/\" target=\"_blank\" class=\"wd-social-icon social-facebook\" aria-label=\"Link social do Facebook\">\n\t\t\t\t\t\t<span class=\"wd-icon\"><\/span>\n\t\t\t\t\t\t\t\t\t\t\t<\/a>\n\t\t\t\t\n\t\t\t\t\t\t\t\t\t<a rel=\"noopener noreferrer nofollow\" href=\"https:\/\/x.com\/share?url=https:\/\/lydenim.com\/pt\/fabricantes-de-roupas-para-startups\/\" target=\"_blank\" class=\"wd-social-icon social-twitter\" aria-label=\"X link social\">\n\t\t\t\t\t\t<span class=\"wd-icon\"><\/span>\n\t\t\t\t\t\t\t\t\t\t\t<\/a>\n\t\t\t\t\n\t\t\t\t\n\t\t\t\t\n\t\t\t\t\n\t\t\t\t\n\t\t\t\t\n\t\t\t\t\t\t\t\t\t<a rel=\"noopener noreferrer nofollow\" href=\"https:\/\/pinterest.com\/pin\/create\/button\/?url=https:\/\/lydenim.com\/pt\/fabricantes-de-roupas-para-startups\/&media=https:\/\/lydenim.com\/wp-content\/uploads\/2026\/03\/Clothing-Manufacturers-for-Startups.jpg&description=Clothing+Manufacturers+for+Startups%3A+Your+Complete+Guide+to+Custom+Apparel+Production\" target=\"_blank\" class=\"wd-social-icon social-pinterest\" aria-label=\"Link social do Pinterest\">\n\t\t\t\t\t\t<span class=\"wd-icon\"><\/span>\n\t\t\t\t\t\t\t\t\t\t\t<\/a>\n\t\t\t\t\n\t\t\t\t\n\t\t\t\t\t\t\t\t\t<a rel=\"noopener noreferrer nofollow\" href=\"https:\/\/www.linkedin.com\/shareArticle?mini=true&url=https:\/\/lydenim.com\/pt\/fabricantes-de-roupas-para-startups\/\" target=\"_blank\" class=\"wd-social-icon social-linkedin\" aria-label=\"Link social do Linkedin\">\n\t\t\t\t\t\t<span class=\"wd-icon\"><\/span>\n\t\t\t\t\t\t\t\t\t\t\t<\/a>\n\t\t\t\t\n\t\t\t\t\n\t\t\t\t\n\t\t\t\t\n\t\t\t\t\n\t\t\t\t\n\t\t\t\t\n\t\t\t\t\n\t\t\t\t\n\t\t\t\t\n\t\t\t\t\n\t\t\t\t\n\t\t\t\t\n\t\t\t\t\n\t\t\t\t\n\t\t\t\t\t\t\t\t\t<a rel=\"noopener noreferrer nofollow\" href=\"https:\/\/telegram.me\/share\/url?url=https:\/\/lydenim.com\/pt\/fabricantes-de-roupas-para-startups\/\" target=\"_blank\" class=\"wd-social-icon social-tg\" aria-label=\"Link social do Telegram\">\n\t\t\t\t\t\t<span class=\"wd-icon\"><\/span>\n\t\t\t\t\t\t\t\t\t\t\t<\/a>\n\t\t\t\t\n\t\t\t\t\n\t\t\t<\/div>\n\n\t\t\t\t\t\t\t\t\t\t\t<\/div>\n\t\t\t\t\t\t\t\t\t<div class=\"tooltip-arrow\"><\/div>\n\t\t\t\t\t\t\t\t<\/div>\n\t\t\t\t\t\t\t<\/div>\n\t\t\t\t\t\t\n\t\t\t\t\t\t\t\t\t\t\t<\/div>\n\t\t\t\t\t\t\t\t\t\t\t\t\t<h3 class=\"wd-post-title wd-entities-title title post-title\">\n\t\t\t\t\t\t<a href=\"https:\/\/lydenim.com\/pt\/fabricantes-de-roupas-para-startups\/\" rel=\"bookmark\">\n\t\t\t\t\t\t\tFabricantes de roupas para startups: seu guia completo para produ\u00e7\u00e3o de vestu\u00e1rio personalizado.\t\t\t\t\t\t<\/a>\n\t\t\t\t\t<\/h3>\n\t\t\t\t\t\t\t\t\t\t\t\t\t<div class=\"wd-post-excerpt wd-scroll-content\">\n\t\t\t\t\t\t\t\t\t\t\t\t\tEstimated reading time: ~5 minutes\r\n\r\nIn the fast-growing custom apparel market, clothing manufacturers for startups are the key to tur...\t\t\t\t\t\t\t\t\t\t\t<\/div>\n\t\t\t\t\t\t\t<\/div>\n\t\t\t\t\t\t\t\t\t\t\t\t<div class=\"wd-post-read-more wd-style-btn\">\n\t\t\t\t\t\t<a class=\"btn\" href=\"https:\/\/lydenim.com\/pt\/fabricantes-de-roupas-para-startups\/\">Continuar lendo<\/a>\t\t\t\t\t<\/div>\n\t\t\t\t\t\t\t\t\t<\/div>\n\t<\/div>\n<\/article>\n\t\t\t\t\t\t\t\t\t\t\t\t\t\t\n<article id=\"post-7101\" class=\"wd-post blog-design-list blog-post-loop blog-style-bg wd-add-shadow post-7101 post type-post status-publish format-standard has-post-thumbnail hentry category-denim-knowledge\">\n\t<div class=\"wd-post-inner\">\n\t\t<div class=\"wd-post-thumb\">\n\t\t\t\t\t\t\t<div class=\"wd-post-img\">\n\t\t\t\t\t<img loading=\"lazy\" decoding=\"async\" width=\"600\" height=\"800\" src=\"https:\/\/lydenim.com\/wp-content\/uploads\/2026\/02\/Comprehensive-Guide-to-Textile-Weaving-Defects.jpg\" class=\"attachment-large size-large\" alt=\"\" srcset=\"https:\/\/lydenim.com\/wp-content\/uploads\/2026\/02\/Comprehensive-Guide-to-Textile-Weaving-Defects.jpg 600w, https:\/\/lydenim.com\/wp-content\/uploads\/2026\/02\/Comprehensive-Guide-to-Textile-Weaving-Defects-225x300.jpg 225w, https:\/\/lydenim.com\/wp-content\/uploads\/2026\/02\/Comprehensive-Guide-to-Textile-Weaving-Defects-9x12.jpg 9w, https:\/\/lydenim.com\/wp-content\/uploads\/2026\/02\/Comprehensive-Guide-to-Textile-Weaving-Defects-450x600.jpg 450w, https:\/\/lydenim.com\/wp-content\/uploads\/2026\/02\/Comprehensive-Guide-to-Textile-Weaving-Defects-150x200.jpg 150w\" sizes=\"auto, (max-width: 600px) 100vw, 600px\" \/>\t\t\t\t<\/div>\n\t\t\t\t\t\t\t\t\t\t\t\t\t<div class=\"wd-post-date wd-style-with-bg\">\n\t\t\t\t<span class=\"post-date-day\">\n\t\t\t\t\t26\t\t\t\t<\/span>\n\t\t\t\t<span class=\"post-date-month\">\n\t\t\t\t\tFev\t\t\t\t<\/span>\n\t\t\t<\/div>\n\t\t\t\t\t\t\t\t\t\t\t<a class=\"wd-post-link wd-fill\" href=\"https:\/\/lydenim.com\/pt\/guia-completo-sobre-defeitos-na-tecelagem-textil\/\" rel=\"bookmark\" aria-label=\"Link on post Comprehensive Guide to Textile Weaving Defects\"><\/a>\n\t\t\t\t\t\t\t<div class=\"wd-post-cat wd-style-with-bg\">\n\t\t\t\t\t<a href=\"https:\/\/lydenim.com\/pt\/category\/conhecimento-de-jeans\/\" rel=\"category tag\">Conhecimento de jeans<\/a>\t\t\t\t<\/div>\n\t\t\t\t\t<\/div>\n\n\t\t<div class=\"wd-post-content\">\n\t\t\t<div class=\"wd-post-content-inner wd-scroll\">\n\t\t\t\t\t\t\t\t\t<div class=\"wd-post-meta\">\n\t\t\t\t\t\t\t\t\t\t\t\t\t\t\t\t\t\t<div class=\"wd-post-author\">\n\t\t\t\t\t\t\t\t\t\t\t\t<span>Postado por<\/span>\n\t\t\n\t\t\t\t\t\t\t\n\t\t\t\t\t<a href=\"https:\/\/lydenim.com\/pt\/author\/malonematthewmmgmail-com\/\" class=\"author\" rel=\"author\">malonematthewmm@gmail.com<\/a>\n\t\t\t\t\t\t\t\t\t\t<\/div>\n\t\t\t\t\t\t<div class=\"wd-modified-date\">\n\t\t\t\t\t\t\t\t\t<time class=\"updated\" datetime=\"2026-02-26T14:40:32+08:00\">\n\t\t\t26\/02\/2026\t\t<\/time>\n\t\t\t\t\t\t\t\t<\/div>\n\n\t\t\t\t\t\t\t\t\t\t\t\t\t<div class=\"wd-post-share wd-tltp\">\n\t\t\t\t\t\t\t\t<div class=\"tooltip top\">\n\t\t\t\t\t\t\t\t\t<div class=\"tooltip-inner\">\n\t\t\t\t\t\t\t\t\t\t\t\t\t<div\n\t\t\t\t\t\tclass=\"wd-social-icons wd-style-default wd-size-small social-share wd-shape-circle color-scheme-light text-center\">\n\t\t\t\t\n\t\t\t\t\n\t\t\t\t\t\t\t\t\t<a rel=\"noopener noreferrer nofollow\" href=\"https:\/\/www.facebook.com\/sharer\/sharer.php?u=https:\/\/lydenim.com\/pt\/guia-completo-sobre-defeitos-na-tecelagem-textil\/\" target=\"_blank\" class=\"wd-social-icon social-facebook\" aria-label=\"Link social do Facebook\">\n\t\t\t\t\t\t<span class=\"wd-icon\"><\/span>\n\t\t\t\t\t\t\t\t\t\t\t<\/a>\n\t\t\t\t\n\t\t\t\t\t\t\t\t\t<a rel=\"noopener noreferrer nofollow\" href=\"https:\/\/x.com\/share?url=https:\/\/lydenim.com\/pt\/guia-completo-sobre-defeitos-na-tecelagem-textil\/\" target=\"_blank\" class=\"wd-social-icon social-twitter\" aria-label=\"X link social\">\n\t\t\t\t\t\t<span class=\"wd-icon\"><\/span>\n\t\t\t\t\t\t\t\t\t\t\t<\/a>\n\t\t\t\t\n\t\t\t\t\n\t\t\t\t\n\t\t\t\t\n\t\t\t\t\n\t\t\t\t\n\t\t\t\t\t\t\t\t\t<a rel=\"noopener noreferrer nofollow\" href=\"https:\/\/pinterest.com\/pin\/create\/button\/?url=https:\/\/lydenim.com\/pt\/guia-completo-sobre-defeitos-na-tecelagem-textil\/&media=https:\/\/lydenim.com\/wp-content\/uploads\/2026\/02\/Comprehensive-Guide-to-Textile-Weaving-Defects.jpg&description=Comprehensive+Guide+to+Textile+Weaving+Defects\" target=\"_blank\" class=\"wd-social-icon social-pinterest\" aria-label=\"Link social do Pinterest\">\n\t\t\t\t\t\t<span class=\"wd-icon\"><\/span>\n\t\t\t\t\t\t\t\t\t\t\t<\/a>\n\t\t\t\t\n\t\t\t\t\n\t\t\t\t\t\t\t\t\t<a rel=\"noopener noreferrer nofollow\" href=\"https:\/\/www.linkedin.com\/shareArticle?mini=true&url=https:\/\/lydenim.com\/pt\/guia-completo-sobre-defeitos-na-tecelagem-textil\/\" target=\"_blank\" class=\"wd-social-icon social-linkedin\" aria-label=\"Link social do Linkedin\">\n\t\t\t\t\t\t<span class=\"wd-icon\"><\/span>\n\t\t\t\t\t\t\t\t\t\t\t<\/a>\n\t\t\t\t\n\t\t\t\t\n\t\t\t\t\n\t\t\t\t\n\t\t\t\t\n\t\t\t\t\n\t\t\t\t\n\t\t\t\t\n\t\t\t\t\n\t\t\t\t\n\t\t\t\t\n\t\t\t\t\n\t\t\t\t\n\t\t\t\t\n\t\t\t\t\n\t\t\t\t\t\t\t\t\t<a rel=\"noopener noreferrer nofollow\" href=\"https:\/\/telegram.me\/share\/url?url=https:\/\/lydenim.com\/pt\/guia-completo-sobre-defeitos-na-tecelagem-textil\/\" target=\"_blank\" class=\"wd-social-icon social-tg\" aria-label=\"Link social do Telegram\">\n\t\t\t\t\t\t<span class=\"wd-icon\"><\/span>\n\t\t\t\t\t\t\t\t\t\t\t<\/a>\n\t\t\t\t\n\t\t\t\t\n\t\t\t<\/div>\n\n\t\t\t\t\t\t\t\t\t\t\t<\/div>\n\t\t\t\t\t\t\t\t\t<div class=\"tooltip-arrow\"><\/div>\n\t\t\t\t\t\t\t\t<\/div>\n\t\t\t\t\t\t\t<\/div>\n\t\t\t\t\t\t\n\t\t\t\t\t\t\t\t\t\t\t<\/div>\n\t\t\t\t\t\t\t\t\t\t\t\t\t<h3 class=\"wd-post-title wd-entities-title title post-title\">\n\t\t\t\t\t\t<a href=\"https:\/\/lydenim.com\/pt\/guia-completo-sobre-defeitos-na-tecelagem-textil\/\" rel=\"bookmark\">\n\t\t\t\t\t\t\tGuia completo sobre defeitos na tecelagem t\u00eaxtil\t\t\t\t\t\t<\/a>\n\t\t\t\t\t<\/h3>\n\t\t\t\t\t\t\t\t\t\t\t\t\t<div class=\"wd-post-excerpt wd-scroll-content\">\n\t\t\t\t\t\t\t\t\t\t\t\t\tEstimated reading time: \uff5e5 minutes\r\nWeaving interlaces lengthwise warp yarns and crosswise weft yarns to form fabric\u00a0However, even smal...\t\t\t\t\t\t\t\t\t\t\t<\/div>\n\t\t\t\t\t\t\t<\/div>\n\t\t\t\t\t\t\t\t\t\t\t\t<div class=\"wd-post-read-more wd-style-btn\">\n\t\t\t\t\t\t<a class=\"btn\" href=\"https:\/\/lydenim.com\/pt\/guia-completo-sobre-defeitos-na-tecelagem-textil\/\">Continuar lendo<\/a>\t\t\t\t\t<\/div>\n\t\t\t\t\t\t\t\t\t<\/div>\n\t<\/div>\n<\/article>\n\t\t\t\t\t\t\t\t\t\t\t\t\t\t\n<article id=\"post-7145\" class=\"wd-post blog-design-list blog-post-loop blog-style-bg wd-add-shadow post-7145 post type-post status-publish format-standard has-post-thumbnail hentry category-denim-knowledge\">\n\t<div class=\"wd-post-inner\">\n\t\t<div class=\"wd-post-thumb\">\n\t\t\t\t\t\t\t<div class=\"wd-post-img\">\n\t\t\t\t\t<img loading=\"lazy\" decoding=\"async\" width=\"600\" height=\"800\" src=\"https:\/\/lydenim.com\/wp-content\/uploads\/2026\/02\/Flocked-Denim-Fabric-Style-Multiple-choices.jpg\" class=\"attachment-large size-large\" alt=\"\" srcset=\"https:\/\/lydenim.com\/wp-content\/uploads\/2026\/02\/Flocked-Denim-Fabric-Style-Multiple-choices.jpg 600w, https:\/\/lydenim.com\/wp-content\/uploads\/2026\/02\/Flocked-Denim-Fabric-Style-Multiple-choices-225x300.jpg 225w, https:\/\/lydenim.com\/wp-content\/uploads\/2026\/02\/Flocked-Denim-Fabric-Style-Multiple-choices-9x12.jpg 9w, https:\/\/lydenim.com\/wp-content\/uploads\/2026\/02\/Flocked-Denim-Fabric-Style-Multiple-choices-450x600.jpg 450w, https:\/\/lydenim.com\/wp-content\/uploads\/2026\/02\/Flocked-Denim-Fabric-Style-Multiple-choices-150x200.jpg 150w\" sizes=\"auto, (max-width: 600px) 100vw, 600px\" \/>\t\t\t\t<\/div>\n\t\t\t\t\t\t\t\t\t\t\t\t\t<div class=\"wd-post-date wd-style-with-bg\">\n\t\t\t\t<span class=\"post-date-day\">\n\t\t\t\t\t18\t\t\t\t<\/span>\n\t\t\t\t<span class=\"post-date-month\">\n\t\t\t\t\tFev\t\t\t\t<\/span>\n\t\t\t<\/div>\n\t\t\t\t\t\t\t\t\t\t\t<a class=\"wd-post-link wd-fill\" href=\"https:\/\/lydenim.com\/pt\/tecido-denim-floculado-com-varias-opcoes-de-estilo\/\" rel=\"bookmark\" aria-label=\"Link on post Flocked Denim Fabric Style Multiple choices\"><\/a>\n\t\t\t\t\t\t\t<div class=\"wd-post-cat wd-style-with-bg\">\n\t\t\t\t\t<a href=\"https:\/\/lydenim.com\/pt\/category\/conhecimento-de-jeans\/\" rel=\"category tag\">Conhecimento de jeans<\/a>\t\t\t\t<\/div>\n\t\t\t\t\t<\/div>\n\n\t\t<div class=\"wd-post-content\">\n\t\t\t<div class=\"wd-post-content-inner wd-scroll\">\n\t\t\t\t\t\t\t\t\t<div class=\"wd-post-meta\">\n\t\t\t\t\t\t\t\t\t\t\t\t\t\t\t\t\t\t<div class=\"wd-post-author\">\n\t\t\t\t\t\t\t\t\t\t\t\t<span>Postado por<\/span>\n\t\t\n\t\t\t\t\t\t\t\n\t\t\t\t\t<a href=\"https:\/\/lydenim.com\/pt\/author\/malonematthewmmgmail-com\/\" class=\"author\" rel=\"author\">malonematthewmm@gmail.com<\/a>\n\t\t\t\t\t\t\t\t\t\t<\/div>\n\t\t\t\t\t\t<div class=\"wd-modified-date\">\n\t\t\t\t\t\t\t\t\t<time class=\"updated\" datetime=\"2026-02-18T22:17:25+08:00\">\n\t\t\t18\/02\/2026\t\t<\/time>\n\t\t\t\t\t\t\t\t<\/div>\n\n\t\t\t\t\t\t\t\t\t\t\t\t\t<div class=\"wd-post-share wd-tltp\">\n\t\t\t\t\t\t\t\t<div class=\"tooltip top\">\n\t\t\t\t\t\t\t\t\t<div class=\"tooltip-inner\">\n\t\t\t\t\t\t\t\t\t\t\t\t\t<div\n\t\t\t\t\t\tclass=\"wd-social-icons wd-style-default wd-size-small social-share wd-shape-circle color-scheme-light text-center\">\n\t\t\t\t\n\t\t\t\t\n\t\t\t\t\t\t\t\t\t<a rel=\"noopener noreferrer nofollow\" href=\"https:\/\/www.facebook.com\/sharer\/sharer.php?u=https:\/\/lydenim.com\/pt\/tecido-denim-floculado-com-varias-opcoes-de-estilo\/\" target=\"_blank\" class=\"wd-social-icon social-facebook\" aria-label=\"Link social do Facebook\">\n\t\t\t\t\t\t<span class=\"wd-icon\"><\/span>\n\t\t\t\t\t\t\t\t\t\t\t<\/a>\n\t\t\t\t\n\t\t\t\t\t\t\t\t\t<a rel=\"noopener noreferrer nofollow\" href=\"https:\/\/x.com\/share?url=https:\/\/lydenim.com\/pt\/tecido-denim-floculado-com-varias-opcoes-de-estilo\/\" target=\"_blank\" class=\"wd-social-icon social-twitter\" aria-label=\"X link social\">\n\t\t\t\t\t\t<span class=\"wd-icon\"><\/span>\n\t\t\t\t\t\t\t\t\t\t\t<\/a>\n\t\t\t\t\n\t\t\t\t\n\t\t\t\t\n\t\t\t\t\n\t\t\t\t\n\t\t\t\t\n\t\t\t\t\t\t\t\t\t<a rel=\"noopener noreferrer nofollow\" href=\"https:\/\/pinterest.com\/pin\/create\/button\/?url=https:\/\/lydenim.com\/pt\/tecido-denim-floculado-com-varias-opcoes-de-estilo\/&media=https:\/\/lydenim.com\/wp-content\/uploads\/2026\/02\/Flocked-Denim-Fabric-Style-Multiple-choices.jpg&description=Flocked+Denim+Fabric+Style+Multiple+choices\" target=\"_blank\" class=\"wd-social-icon social-pinterest\" aria-label=\"Link social do Pinterest\">\n\t\t\t\t\t\t<span class=\"wd-icon\"><\/span>\n\t\t\t\t\t\t\t\t\t\t\t<\/a>\n\t\t\t\t\n\t\t\t\t\n\t\t\t\t\t\t\t\t\t<a rel=\"noopener noreferrer nofollow\" href=\"https:\/\/www.linkedin.com\/shareArticle?mini=true&url=https:\/\/lydenim.com\/pt\/tecido-denim-floculado-com-varias-opcoes-de-estilo\/\" target=\"_blank\" class=\"wd-social-icon social-linkedin\" aria-label=\"Link social do Linkedin\">\n\t\t\t\t\t\t<span class=\"wd-icon\"><\/span>\n\t\t\t\t\t\t\t\t\t\t\t<\/a>\n\t\t\t\t\n\t\t\t\t\n\t\t\t\t\n\t\t\t\t\n\t\t\t\t\n\t\t\t\t\n\t\t\t\t\n\t\t\t\t\n\t\t\t\t\n\t\t\t\t\n\t\t\t\t\n\t\t\t\t\n\t\t\t\t\n\t\t\t\t\n\t\t\t\t\n\t\t\t\t\t\t\t\t\t<a rel=\"noopener noreferrer nofollow\" href=\"https:\/\/telegram.me\/share\/url?url=https:\/\/lydenim.com\/pt\/tecido-denim-floculado-com-varias-opcoes-de-estilo\/\" target=\"_blank\" class=\"wd-social-icon social-tg\" aria-label=\"Link social do Telegram\">\n\t\t\t\t\t\t<span class=\"wd-icon\"><\/span>\n\t\t\t\t\t\t\t\t\t\t\t<\/a>\n\t\t\t\t\n\t\t\t\t\n\t\t\t<\/div>\n\n\t\t\t\t\t\t\t\t\t\t\t<\/div>\n\t\t\t\t\t\t\t\t\t<div class=\"tooltip-arrow\"><\/div>\n\t\t\t\t\t\t\t\t<\/div>\n\t\t\t\t\t\t\t<\/div>\n\t\t\t\t\t\t\n\t\t\t\t\t\t\t\t\t\t\t<\/div>\n\t\t\t\t\t\t\t\t\t\t\t\t\t<h3 class=\"wd-post-title wd-entities-title title post-title\">\n\t\t\t\t\t\t<a href=\"https:\/\/lydenim.com\/pt\/tecido-denim-floculado-com-varias-opcoes-de-estilo\/\" rel=\"bookmark\">\n\t\t\t\t\t\t\tTecido denim flocado, v\u00e1rias op\u00e7\u00f5es de estilo.\t\t\t\t\t\t<\/a>\n\t\t\t\t\t<\/h3>\n\t\t\t\t\t\t\t\t\t\t\t\t\t<div class=\"wd-post-excerpt wd-scroll-content\">\n\t\t\t\t\t\t\t\t\t\t\t\t\tEstimated reading time: ~6 minutes\r\nFlocked denim has evolved far beyond basic solid colors\u2014today's versions bring dramatic texture, bo...\t\t\t\t\t\t\t\t\t\t\t<\/div>\n\t\t\t\t\t\t\t<\/div>\n\t\t\t\t\t\t\t\t\t\t\t\t<div class=\"wd-post-read-more wd-style-btn\">\n\t\t\t\t\t\t<a class=\"btn\" href=\"https:\/\/lydenim.com\/pt\/tecido-denim-floculado-com-varias-opcoes-de-estilo\/\">Continuar lendo<\/a>\t\t\t\t\t<\/div>\n\t\t\t\t\t\t\t\t\t<\/div>\n\t<\/div>\n<\/article>\n\t\t\t\t\t\t\t\t\t\t\t\t\t\t\n<article id=\"post-7111\" class=\"wd-post blog-design-list blog-post-loop blog-style-bg wd-add-shadow post-7111 post type-post status-publish format-standard has-post-thumbnail hentry category-denim-knowledge\">\n\t<div class=\"wd-post-inner\">\n\t\t<div class=\"wd-post-thumb\">\n\t\t\t\t\t\t\t<div class=\"wd-post-img\">\n\t\t\t\t\t<img loading=\"lazy\" decoding=\"async\" width=\"600\" height=\"800\" src=\"https:\/\/lydenim.com\/wp-content\/uploads\/2026\/02\/Selvedge-Denim-Secrets.jpg\" class=\"attachment-large size-large\" alt=\"\" srcset=\"https:\/\/lydenim.com\/wp-content\/uploads\/2026\/02\/Selvedge-Denim-Secrets.jpg 600w, https:\/\/lydenim.com\/wp-content\/uploads\/2026\/02\/Selvedge-Denim-Secrets-225x300.jpg 225w, https:\/\/lydenim.com\/wp-content\/uploads\/2026\/02\/Selvedge-Denim-Secrets-9x12.jpg 9w, https:\/\/lydenim.com\/wp-content\/uploads\/2026\/02\/Selvedge-Denim-Secrets-450x600.jpg 450w, https:\/\/lydenim.com\/wp-content\/uploads\/2026\/02\/Selvedge-Denim-Secrets-150x200.jpg 150w\" sizes=\"auto, (max-width: 600px) 100vw, 600px\" \/>\t\t\t\t<\/div>\n\t\t\t\t\t\t\t\t\t\t\t\t\t<div class=\"wd-post-date wd-style-with-bg\">\n\t\t\t\t<span class=\"post-date-day\">\n\t\t\t\t\t11\t\t\t\t<\/span>\n\t\t\t\t<span class=\"post-date-month\">\n\t\t\t\t\tFev\t\t\t\t<\/span>\n\t\t\t<\/div>\n\t\t\t\t\t\t\t\t\t\t\t<a class=\"wd-post-link wd-fill\" href=\"https:\/\/lydenim.com\/pt\/segredos-do-denim-selvedge-7-mitos-desmistificados-em-2026\/\" rel=\"bookmark\" aria-label=\"Link on post Selvedge Denim Secrets: 7 Myths Busted in 2026\"><\/a>\n\t\t\t\t\t\t\t<div class=\"wd-post-cat wd-style-with-bg\">\n\t\t\t\t\t<a href=\"https:\/\/lydenim.com\/pt\/category\/conhecimento-de-jeans\/\" rel=\"category tag\">Conhecimento de jeans<\/a>\t\t\t\t<\/div>\n\t\t\t\t\t<\/div>\n\n\t\t<div class=\"wd-post-content\">\n\t\t\t<div class=\"wd-post-content-inner wd-scroll\">\n\t\t\t\t\t\t\t\t\t<div class=\"wd-post-meta\">\n\t\t\t\t\t\t\t\t\t\t\t\t\t\t\t\t\t\t<div class=\"wd-post-author\">\n\t\t\t\t\t\t\t\t\t\t\t\t<span>Postado por<\/span>\n\t\t\n\t\t\t\t\t\t\t\n\t\t\t\t\t<a href=\"https:\/\/lydenim.com\/pt\/author\/malonematthewmmgmail-com\/\" class=\"author\" rel=\"author\">malonematthewmm@gmail.com<\/a>\n\t\t\t\t\t\t\t\t\t\t<\/div>\n\t\t\t\t\t\t<div class=\"wd-modified-date\">\n\t\t\t\t\t\t\t\t\t<time class=\"updated\" datetime=\"2026-02-11T13:59:24+08:00\">\n\t\t\t11\/02\/2026\t\t<\/time>\n\t\t\t\t\t\t\t\t<\/div>\n\n\t\t\t\t\t\t\t\t\t\t\t\t\t<div class=\"wd-post-share wd-tltp\">\n\t\t\t\t\t\t\t\t<div class=\"tooltip top\">\n\t\t\t\t\t\t\t\t\t<div class=\"tooltip-inner\">\n\t\t\t\t\t\t\t\t\t\t\t\t\t<div\n\t\t\t\t\t\tclass=\"wd-social-icons wd-style-default wd-size-small social-share wd-shape-circle color-scheme-light text-center\">\n\t\t\t\t\n\t\t\t\t\n\t\t\t\t\t\t\t\t\t<a rel=\"noopener noreferrer nofollow\" href=\"https:\/\/www.facebook.com\/sharer\/sharer.php?u=https:\/\/lydenim.com\/pt\/segredos-do-denim-selvedge-7-mitos-desmistificados-em-2026\/\" target=\"_blank\" class=\"wd-social-icon social-facebook\" aria-label=\"Link social do Facebook\">\n\t\t\t\t\t\t<span class=\"wd-icon\"><\/span>\n\t\t\t\t\t\t\t\t\t\t\t<\/a>\n\t\t\t\t\n\t\t\t\t\t\t\t\t\t<a rel=\"noopener noreferrer nofollow\" href=\"https:\/\/x.com\/share?url=https:\/\/lydenim.com\/pt\/segredos-do-denim-selvedge-7-mitos-desmistificados-em-2026\/\" target=\"_blank\" class=\"wd-social-icon social-twitter\" aria-label=\"X link social\">\n\t\t\t\t\t\t<span class=\"wd-icon\"><\/span>\n\t\t\t\t\t\t\t\t\t\t\t<\/a>\n\t\t\t\t\n\t\t\t\t\n\t\t\t\t\n\t\t\t\t\n\t\t\t\t\n\t\t\t\t\n\t\t\t\t\t\t\t\t\t<a rel=\"noopener noreferrer nofollow\" href=\"https:\/\/pinterest.com\/pin\/create\/button\/?url=https:\/\/lydenim.com\/pt\/segredos-do-denim-selvedge-7-mitos-desmistificados-em-2026\/&media=https:\/\/lydenim.com\/wp-content\/uploads\/2026\/02\/Selvedge-Denim-Secrets.jpg&description=Selvedge+Denim+Secrets%3A+7+Myths+Busted+in+2026\" target=\"_blank\" class=\"wd-social-icon social-pinterest\" aria-label=\"Link social do Pinterest\">\n\t\t\t\t\t\t<span class=\"wd-icon\"><\/span>\n\t\t\t\t\t\t\t\t\t\t\t<\/a>\n\t\t\t\t\n\t\t\t\t\n\t\t\t\t\t\t\t\t\t<a rel=\"noopener noreferrer nofollow\" href=\"https:\/\/www.linkedin.com\/shareArticle?mini=true&url=https:\/\/lydenim.com\/pt\/segredos-do-denim-selvedge-7-mitos-desmistificados-em-2026\/\" target=\"_blank\" class=\"wd-social-icon social-linkedin\" aria-label=\"Link social do Linkedin\">\n\t\t\t\t\t\t<span class=\"wd-icon\"><\/span>\n\t\t\t\t\t\t\t\t\t\t\t<\/a>\n\t\t\t\t\n\t\t\t\t\n\t\t\t\t\n\t\t\t\t\n\t\t\t\t\n\t\t\t\t\n\t\t\t\t\n\t\t\t\t\n\t\t\t\t\n\t\t\t\t\n\t\t\t\t\n\t\t\t\t\n\t\t\t\t\n\t\t\t\t\n\t\t\t\t\n\t\t\t\t\t\t\t\t\t<a rel=\"noopener noreferrer nofollow\" href=\"https:\/\/telegram.me\/share\/url?url=https:\/\/lydenim.com\/pt\/segredos-do-denim-selvedge-7-mitos-desmistificados-em-2026\/\" target=\"_blank\" class=\"wd-social-icon social-tg\" aria-label=\"Link social do Telegram\">\n\t\t\t\t\t\t<span class=\"wd-icon\"><\/span>\n\t\t\t\t\t\t\t\t\t\t\t<\/a>\n\t\t\t\t\n\t\t\t\t\n\t\t\t<\/div>\n\n\t\t\t\t\t\t\t\t\t\t\t<\/div>\n\t\t\t\t\t\t\t\t\t<div class=\"tooltip-arrow\"><\/div>\n\t\t\t\t\t\t\t\t<\/div>\n\t\t\t\t\t\t\t<\/div>\n\t\t\t\t\t\t\n\t\t\t\t\t\t\t\t\t\t\t<\/div>\n\t\t\t\t\t\t\t\t\t\t\t\t\t<h3 class=\"wd-post-title wd-entities-title title post-title\">\n\t\t\t\t\t\t<a href=\"https:\/\/lydenim.com\/pt\/segredos-do-denim-selvedge-7-mitos-desmistificados-em-2026\/\" rel=\"bookmark\">\n\t\t\t\t\t\t\tSegredos do Denim Selvedge: 7 mitos desmistificados em 2026\t\t\t\t\t\t<\/a>\n\t\t\t\t\t<\/h3>\n\t\t\t\t\t\t\t\t\t\t\t\t\t<div class=\"wd-post-excerpt wd-scroll-content\">\n\t\t\t\t\t\t\t\t\t\t\t\t\tEstimated reading time: ~5 minutes\r\nHey, fellow denim heads! If you've ever stared at a pair of stiff, dark jeans wondering if they're ...\t\t\t\t\t\t\t\t\t\t\t<\/div>\n\t\t\t\t\t\t\t<\/div>\n\t\t\t\t\t\t\t\t\t\t\t\t<div class=\"wd-post-read-more wd-style-btn\">\n\t\t\t\t\t\t<a class=\"btn\" href=\"https:\/\/lydenim.com\/pt\/segredos-do-denim-selvedge-7-mitos-desmistificados-em-2026\/\">Continuar lendo<\/a>\t\t\t\t\t<\/div>\n\t\t\t\t\t\t\t\t\t<\/div>\n\t<\/div>\n<\/article>\n\t\t\t\t\n\t\t\t\t\t\t\t\t<\/div>\n\t\t\t\n\t\t\t\t\t\t\t\t\t\t<\/div>\n\t\t\t\t\t\t\t\t\t\t<\/div>\n\t\t\t\t<\/div>\n\t\t\t\t\t<\/div>\n\t\t\t\t<\/div>\n\t\t\t\t<\/div>","protected":false},"excerpt":{"rendered":"<p>06 12 \u6708 Sem categoria \u53d1\u5e03\u81ea ligue 0 \u8bc4\u8bba Que tipos de jeans existem Tipos de jeans: um guia completo<\/p>","protected":false},"author":2,"featured_media":0,"parent":0,"menu_order":0,"comment_status":"closed","ping_status":"closed","template":"","meta":{"two_page_speed":[],"footnotes":""},"class_list":["post-1846","page","type-page","status-publish","hentry"],"aioseo_notices":[],"_links":{"self":[{"href":"https:\/\/lydenim.com\/pt\/wp-json\/wp\/v2\/pages\/1846","targetHints":{"allow":["GET"]}}],"collection":[{"href":"https:\/\/lydenim.com\/pt\/wp-json\/wp\/v2\/pages"}],"about":[{"href":"https:\/\/lydenim.com\/pt\/wp-json\/wp\/v2\/types\/page"}],"author":[{"embeddable":true,"href":"https:\/\/lydenim.com\/pt\/wp-json\/wp\/v2\/users\/2"}],"replies":[{"embeddable":true,"href":"https:\/\/lydenim.com\/pt\/wp-json\/wp\/v2\/comments?post=1846"}],"version-history":[{"count":4,"href":"https:\/\/lydenim.com\/pt\/wp-json\/wp\/v2\/pages\/1846\/revisions"}],"predecessor-version":[{"id":2410,"href":"https:\/\/lydenim.com\/pt\/wp-json\/wp\/v2\/pages\/1846\/revisions\/2410"}],"wp:attachment":[{"href":"https:\/\/lydenim.com\/pt\/wp-json\/wp\/v2\/media?parent=1846"}],"curies":[{"name":"wp","href":"https:\/\/api.w.org\/{rel}","templated":true}]}}