{"id":5759,"date":"2025-07-12T12:29:25","date_gmt":"2025-07-12T04:29:25","guid":{"rendered":"https:\/\/lydenim.com\/?page_id=5759"},"modified":"2025-07-12T12:41:12","modified_gmt":"2025-07-12T04:41:12","slug":"products-2","status":"publish","type":"page","link":"https:\/\/lydenim.com\/pt\/produtos-2\/","title":{"rendered":"Produtos"},"content":{"rendered":"<div data-elementor-type=\"wp-page\" data-elementor-id=\"5759\" class=\"elementor elementor-5759\" data-elementor-post-type=\"page\">\n\t\t\t\t<div class=\"wd-negative-gap elementor-element elementor-element-376d402 e-flex e-con-boxed e-con e-parent\" data-id=\"376d402\" data-element_type=\"container\" data-e-type=\"container\">\n\t\t\t\t\t<div class=\"e-con-inner\">\n\t\t<div class=\"elementor-element elementor-element-64837ca e-con-full elementor-hidden-tablet elementor-hidden-mobile e-flex e-con e-child\" data-id=\"64837ca\" data-element_type=\"container\" data-e-type=\"container\">\n\t\t\t\t<div class=\"elementor-element elementor-element-b420212 elementor-widget elementor-widget-wd_sidebar\" data-id=\"b420212\" data-element_type=\"widget\" data-e-type=\"widget\" data-widget_type=\"wd_sidebar.default\">\n\t\t\t\t<div class=\"elementor-widget-container\">\n\t\t\t\t\t<div id=\"woodmart-ajax-search-2\" class=\"wd-widget widget sidebar-widget woodmart-ajax-search\"><h5 class=\"widget-title\">Pesquisar produtos<\/h5><div class=\"wd-search-form\">\n\n<form role=\"search\" method=\"get\" class=\"searchform  wd-style-default woodmart-ajax-search\" action=\"https:\/\/lydenim.com\/pt\/\"  data-thumbnail=\"1\" data-price=\"0\" data-post_type=\"product\" data-count=\"4\" data-sku=\"0\" data-symbols_count=\"3\" data-include_cat_search=\"no\" autocomplete=\"off\" data-trp-original-action=\"https:\/\/lydenim.com\/pt\/\">\n\t<input type=\"text\" class=\"s\" placeholder=\"Pesquisar produtos\" value=\"\" name=\"s\" aria-label=\"Pesquisar produtos\" title=\"Pesquisar produtos\" required>\n\t<input type=\"hidden\" name=\"post_type\" value=\"product\">\n\n\t<span class=\"wd-clear-search wd-hide\"><\/span>\n\n\t\n\t<button type=\"submit\" class=\"searchsubmit\">\n\t\t<span>\n\t\t\tPesquisar produtos\t\t<\/span>\n\t\t\t<\/button>\n<input type=\"hidden\" name=\"trp-form-language\" value=\"pt\"\/><\/form>\n\n\t<div class=\"wd-search-results-wrapper\">\n\t\t<div class=\"wd-search-results wd-dropdown-results wd-dropdown wd-scroll\">\n\t\t\t<div class=\"wd-scroll-content\">\n\t\t\t\t\n\t\t\t\t\n\t\t\t\t\t\t\t<\/div>\n\t\t<\/div>\n\t<\/div>\n\n<\/div>\n<\/div><div id=\"woocommerce_product_categories-3\" class=\"wd-widget widget sidebar-widget woocommerce widget_product_categories\"><h5 class=\"widget-title\">Categorias de produtos<\/h5><ul class=\"product-categories\"><li class=\"cat-item cat-item-35\"><a href=\"https:\/\/lydenim.com\/pt\/categoria-produto\/colecao-estetica\/\">Cole\u00e7\u00e3o Est\u00e9tica<\/a><\/li>\n<li class=\"cat-item cat-item-20\"><a href=\"https:\/\/lydenim.com\/pt\/categoria-produto\/tecido-de-algodao\/\">Tecido de algod\u00e3o<\/a><\/li>\n<li class=\"cat-item cat-item-30\"><a href=\"https:\/\/lydenim.com\/pt\/categoria-produto\/tecido-jeans-de-algodao-poliester-elastano\/\">Tecido de ganga de algod\u00e3o\/poli\u00e9ster\/elastano<\/a><\/li>\n<li class=\"cat-item cat-item-32\"><a href=\"https:\/\/lydenim.com\/pt\/categoria-produto\/tecido-jeans-elastico-medio-aconchegante\/\">Tecido de ganga aconchegante de estiramento m\u00e9dio<\/a><\/li>\n<li class=\"cat-item cat-item-31\"><a href=\"https:\/\/lydenim.com\/pt\/categoria-produto\/tecido-denim-de-alta-elasticidade\/\">Tecido de ganga de alta elasticidade<\/a><\/li>\n<li class=\"cat-item cat-item-36\"><a href=\"https:\/\/lydenim.com\/pt\/categoria-produto\/tecido-de-malha\/\">Tecido de malha<\/a><\/li>\n<li class=\"cat-item cat-item-33\"><a href=\"https:\/\/lydenim.com\/pt\/categoria-produto\/nao-elastico\/\">N\u00e3o El\u00e1stico<\/a><\/li>\n<li class=\"cat-item cat-item-44 cat-parent wd-active-parent\"><a href=\"https:\/\/lydenim.com\/pt\/categoria-produto\/oe\/\">OE<\/a><ul class='children'>\n<li class=\"cat-item cat-item-48\"><a href=\"https:\/\/lydenim.com\/pt\/categoria-produto\/oe\/10s-oe\/\">10S<\/a><\/li>\n<li class=\"cat-item cat-item-49\"><a href=\"https:\/\/lydenim.com\/pt\/categoria-produto\/oe\/12s-oe\/\">12S<\/a><\/li>\n<li class=\"cat-item cat-item-50\"><a href=\"https:\/\/lydenim.com\/pt\/categoria-produto\/oe\/16s-oe\/\">16S<\/a><\/li>\n<li class=\"cat-item cat-item-45\"><a href=\"https:\/\/lydenim.com\/pt\/categoria-produto\/oe\/6s-oe\/\">6S<\/a><\/li>\n<li class=\"cat-item cat-item-46\"><a href=\"https:\/\/lydenim.com\/pt\/categoria-produto\/oe\/7s-oe\/\">7S<\/a><\/li>\n<li class=\"cat-item cat-item-47\"><a href=\"https:\/\/lydenim.com\/pt\/categoria-produto\/oe\/8s-oe\/\">8S<\/a><\/li>\n<\/ul>\n<\/li>\n<li class=\"cat-item cat-item-37 cat-parent wd-active-parent\"><a href=\"https:\/\/lydenim.com\/pt\/categoria-produto\/senhor\/\">Siro<\/a><ul class='children'>\n<li class=\"cat-item cat-item-41\"><a href=\"https:\/\/lydenim.com\/pt\/categoria-produto\/senhor\/10s\/\">10S<\/a><\/li>\n<li class=\"cat-item cat-item-42\"><a href=\"https:\/\/lydenim.com\/pt\/categoria-produto\/senhor\/12s\/\">12S<\/a><\/li>\n<li class=\"cat-item cat-item-43\"><a href=\"https:\/\/lydenim.com\/pt\/categoria-produto\/senhor\/16s\/\">16S<\/a><\/li>\n<li class=\"cat-item cat-item-38\"><a href=\"https:\/\/lydenim.com\/pt\/categoria-produto\/senhor\/6s\/\">6S<\/a><\/li>\n<li class=\"cat-item cat-item-39\"><a href=\"https:\/\/lydenim.com\/pt\/categoria-produto\/senhor\/7s\/\">7S<\/a><\/li>\n<li class=\"cat-item cat-item-40\"><a href=\"https:\/\/lydenim.com\/pt\/categoria-produto\/senhor\/8s\/\">8S<\/a><\/li>\n<\/ul>\n<\/li>\n<li class=\"cat-item cat-item-51 cat-parent wd-active-parent\"><a href=\"https:\/\/lydenim.com\/pt\/categoria-produto\/siro-de-espuma\/\">Salve Siro<\/a><ul class='children'>\n<li class=\"cat-item cat-item-55\"><a href=\"https:\/\/lydenim.com\/pt\/categoria-produto\/siro-de-espuma\/10s-spuer-siro\/\">10S<\/a><\/li>\n<li class=\"cat-item cat-item-56\"><a href=\"https:\/\/lydenim.com\/pt\/categoria-produto\/siro-de-espuma\/12s-spuer-siro\/\">12S<\/a><\/li>\n<li class=\"cat-item cat-item-57\"><a href=\"https:\/\/lydenim.com\/pt\/categoria-produto\/siro-de-espuma\/16s-spuer-siro\/\">16S<\/a><\/li>\n<li class=\"cat-item cat-item-52\"><a href=\"https:\/\/lydenim.com\/pt\/categoria-produto\/siro-de-espuma\/6s-spuer-siro\/\">6S<\/a><\/li>\n<li class=\"cat-item cat-item-53\"><a href=\"https:\/\/lydenim.com\/pt\/categoria-produto\/siro-de-espuma\/7s-spuer-siro\/\">7S<\/a><\/li>\n<li class=\"cat-item cat-item-54\"><a href=\"https:\/\/lydenim.com\/pt\/categoria-produto\/siro-de-espuma\/8s-spuer-siro\/\">8S<\/a><\/li>\n<\/ul>\n<\/li>\n<li class=\"cat-item cat-item-34\"><a href=\"https:\/\/lydenim.com\/pt\/categoria-produto\/tecido-sarja\/\">Tecido Sarja<\/a><\/li>\n<li class=\"cat-item cat-item-58\"><a href=\"https:\/\/lydenim.com\/pt\/categoria-produto\/desagrupado\/\">Desagrupado<\/a><\/li>\n<\/ul><\/div><div id=\"woocommerce_product_tag_cloud-2\" class=\"wd-widget widget sidebar-widget woocommerce widget_product_tag_cloud\"><h5 class=\"widget-title\">Etiquetas de produto<\/h5><div class=\"tagcloud\"><\/div><\/div><div id=\"woocommerce_recently_viewed_products-2\" class=\"wd-widget widget sidebar-widget woocommerce widget_recently_viewed_products\"><h5 class=\"widget-title\">Produtos visualizados recentemente<\/h5><ul class=\"product_list_widget\"><li>\n\t\t<span class=\"widget-product-wrap\">\n\t\t<a href=\"https:\/\/lydenim.com\/pt\/produto\/tecido-jacquard-1021\/\" title=\"Tecido Jacquard Premium 1021 | Largura e Peso Personaliz\u00e1veis | Ideal para Moda e Decora\u00e7\u00e3o\" class=\"widget-product-img\">\n\t\t\t<img loading=\"lazy\" decoding=\"async\" width=\"300\" height=\"300\" src=\"https:\/\/lydenim.com\/wp-content\/uploads\/2025\/02\/9T3A2199-scaled-300x300.jpg\" class=\"attachment-woocommerce_thumbnail size-woocommerce_thumbnail\" alt=\"Tecido Jacquard Premium 1021 | Largura e Peso Personaliz\u00e1veis | Ideal para Moda e Decora\u00e7\u00e3o\" srcset=\"https:\/\/lydenim.com\/wp-content\/uploads\/2025\/02\/9T3A2199-300x300.jpg 300w, https:\/\/lydenim.com\/wp-content\/uploads\/2025\/02\/9T3A2199-150x150.jpg 150w, https:\/\/lydenim.com\/wp-content\/uploads\/2025\/02\/9T3A2199-scaled-600x600.jpg 600w, https:\/\/lydenim.com\/wp-content\/uploads\/2025\/02\/9T3A2199-1024x1024.jpg 1024w, https:\/\/lydenim.com\/wp-content\/uploads\/2025\/02\/9T3A2199-768x768.jpg 768w, https:\/\/lydenim.com\/wp-content\/uploads\/2025\/02\/9T3A2199-1536x1536.jpg 1536w, https:\/\/lydenim.com\/wp-content\/uploads\/2025\/02\/9T3A2199-2048x2048.jpg 2048w, https:\/\/lydenim.com\/wp-content\/uploads\/2025\/02\/9T3A2199-12x12.jpg 12w\" sizes=\"auto, (max-width: 300px) 100vw, 300px\" \/>\t\t<\/a>\n\t\t<span class=\"widget-product-info\">\n\t\t\t<a href=\"https:\/\/lydenim.com\/pt\/produto\/tecido-jacquard-1021\/\" title=\"Tecido Jacquard Premium 1021 | Largura e Peso Personaliz\u00e1veis | Ideal para Moda e Decora\u00e7\u00e3o\" class=\"wd-entities-title\">\n\t\t\t\tTecido Jacquard Premium 1021 | Largura e Peso Personaliz\u00e1veis | Ideal para Moda e Decora\u00e7\u00e3o de Interiores\t\t\t<\/a>\n\t\t\t\t\t\t<span class=\"price\"><\/span>\n\t\t<\/span>\n\t<\/span>\n\t<\/li>\n<\/ul><\/div>\t\t\t\t<\/div>\n\t\t\t\t<\/div>\n\t\t\t\t<\/div>\n\t\t<div class=\"elementor-element elementor-element-8fd2ffb e-con-full e-flex e-con e-child\" data-id=\"8fd2ffb\" data-element_type=\"container\" data-e-type=\"container\">\n\t\t\t\t<div class=\"elementor-element elementor-element-f14cb05 wd-width-100 elementor-widget elementor-widget-wd_products\" data-id=\"f14cb05\" data-element_type=\"widget\" data-e-type=\"widget\" data-widget_type=\"wd_products.default\">\n\t\t\t\t<div class=\"elementor-widget-container\">\n\t\t\t\t\t\t\t\t\t\t<div class=\"wd-products-element\">\n\n\t\t\t\n\t\t\t\n\t\t\t\n\t\t\t\n\t\t\t<div class=\"products wd-products pagination-links grid-columns-3 elements-grid wd-grid-g\" data-paged=\"1\" data-atts=\"{&quot;speed&quot;:null,&quot;slides_per_view&quot;:null,&quot;wrap&quot;:null,&quot;autoplay&quot;:null,&quot;autoheight&quot;:null,&quot;hide_pagination_control&quot;:null,&quot;dynamic_pagination_control&quot;:null,&quot;hide_prev_next_buttons&quot;:null,&quot;carousel_arrows_position&quot;:null,&quot;hide_scrollbar&quot;:null,&quot;scroll_per_page&quot;:null,&quot;center_mode&quot;:null,&quot;spacing&quot;:&quot;&quot;,&quot;carousel_sync&quot;:null,&quot;sync_parent_id&quot;:null,&quot;sync_child_id&quot;:null,&quot;scroll_carousel_init&quot;:null,&quot;disable_overflow_carousel&quot;:null,&quot;include&quot;:null,&quot;meta_key&quot;:null,&quot;ajax_recently_viewed&quot;:null,&quot;pagination&quot;:&quot;links&quot;,&quot;pagination_arrows_position&quot;:null,&quot;columns&quot;:{&quot;unit&quot;:&quot;px&quot;,&quot;size&quot;:3,&quot;sizes&quot;:[]},&quot;products_masonry&quot;:&quot;&quot;,&quot;products_different_sizes&quot;:&quot;&quot;,&quot;product_quantity&quot;:&quot;&quot;,&quot;sale_countdown&quot;:&quot;0&quot;,&quot;stretch_product&quot;:null,&quot;stock_progress_bar&quot;:&quot;0&quot;,&quot;highlighted_products&quot;:&quot;0&quot;,&quot;products_divider&quot;:null,&quot;products_bordered_grid&quot;:&quot;0&quot;,&quot;products_bordered_grid_style&quot;:null,&quot;products_with_background&quot;:&quot;0&quot;,&quot;products_shadow&quot;:&quot;0&quot;,&quot;img_size&quot;:&quot;large&quot;,&quot;img_size_custom&quot;:null,&quot;grid_gallery_control&quot;:null,&quot;grid_gallery_enable_arrows&quot;:null,&quot;elementor&quot;:true,&quot;force_not_ajax&quot;:&quot;no&quot;}\" data-source=\"shortcode\" data-columns=\"3\" data-grid-gallery=\"\" style=\"--wd-col-lg:3;--wd-col-md:3;--wd-col-sm:2;--wd-gap-lg:20px;--wd-gap-sm:10px;\">\n\t\t\n\t\t\t\t\t\t\t\t<div class=\"wd-product wd-hover-quick wd-col product-grid-item product type-product post-2963 status-publish instock product_cat-10s product_cat-10s-oe product_cat-12s product_cat-12s-oe product_cat-16s-oe product_cat-16s product_cat-6s-oe product_cat-6s product_cat-7s-oe product_cat-7s product_cat-8s-oe product_cat-8s product_cat-aesthetic-collection product_cat-cotton-woven-fabric product_cat-cotton-polyster-spandex-denim-fabric product_cat-non-elastic product_cat-oe product_cat-siro product_cat-twill-fabric product_cat-ungrouped has-post-thumbnail shipping-taxable product-type-simple\" data-loop=\"1\" data-id=\"2963\">\n\t\n\t\n<div class=\"product-wrapper\">\n\t<div class=\"product-element-top wd-quick-shop\">\n\t\t<a href=\"https:\/\/lydenim.com\/pt\/produto\/tecido-jacquard-azul-53364\/\" class=\"product-image-link\" aria-label=\"Tecido Jacquard Azul 53364 | Fios 7-12 | Certificado OEKO | Op\u00e7\u00f5es personalizadas de cor\/peso para moda e decora\u00e7\u00e3o de casa, fabricado na China com envio r\u00e1pido para todo o mundo.\">\n\t\t\t<img loading=\"lazy\" decoding=\"async\" width=\"1024\" height=\"1024\" src=\"https:\/\/lydenim.com\/wp-content\/uploads\/2025\/02\/9T3A2102-1024x1024.jpg\" class=\"attachment-large size-large\" alt=\"\" srcset=\"https:\/\/lydenim.com\/wp-content\/uploads\/2025\/02\/9T3A2102-1024x1024.jpg 1024w, https:\/\/lydenim.com\/wp-content\/uploads\/2025\/02\/9T3A2102-300x300.jpg 300w, https:\/\/lydenim.com\/wp-content\/uploads\/2025\/02\/9T3A2102-150x150.jpg 150w, https:\/\/lydenim.com\/wp-content\/uploads\/2025\/02\/9T3A2102-scaled-600x600.jpg 600w, https:\/\/lydenim.com\/wp-content\/uploads\/2025\/02\/9T3A2102-768x768.jpg 768w, https:\/\/lydenim.com\/wp-content\/uploads\/2025\/02\/9T3A2102-1536x1536.jpg 1536w, https:\/\/lydenim.com\/wp-content\/uploads\/2025\/02\/9T3A2102-2048x2048.jpg 2048w, https:\/\/lydenim.com\/wp-content\/uploads\/2025\/02\/9T3A2102-12x12.jpg 12w\" sizes=\"auto, (max-width: 1024px) 100vw, 1024px\" \/>\t\t<\/a>\n\n\t\t\t\t\t<div class=\"hover-img\">\n\t\t\t\t<img loading=\"lazy\" decoding=\"async\" width=\"1024\" height=\"1024\" src=\"https:\/\/lydenim.com\/wp-content\/uploads\/2025\/02\/9T3A2102-1024x1024.jpg\" class=\"attachment-large size-large\" alt=\"\" srcset=\"https:\/\/lydenim.com\/wp-content\/uploads\/2025\/02\/9T3A2102-1024x1024.jpg 1024w, https:\/\/lydenim.com\/wp-content\/uploads\/2025\/02\/9T3A2102-300x300.jpg 300w, https:\/\/lydenim.com\/wp-content\/uploads\/2025\/02\/9T3A2102-150x150.jpg 150w, https:\/\/lydenim.com\/wp-content\/uploads\/2025\/02\/9T3A2102-scaled-600x600.jpg 600w, https:\/\/lydenim.com\/wp-content\/uploads\/2025\/02\/9T3A2102-768x768.jpg 768w, https:\/\/lydenim.com\/wp-content\/uploads\/2025\/02\/9T3A2102-1536x1536.jpg 1536w, https:\/\/lydenim.com\/wp-content\/uploads\/2025\/02\/9T3A2102-2048x2048.jpg 2048w, https:\/\/lydenim.com\/wp-content\/uploads\/2025\/02\/9T3A2102-12x12.jpg 12w\" sizes=\"auto, (max-width: 1024px) 100vw, 1024px\" \/>\t\t\t<\/div>\n\t\t\t\t\t<div class=\"wd-buttons wd-pos-r-t\">\n\t\t\t\t\t\t\t\t\t\t\t\t\t\t<\/div>\n\n\t\t\t\t\t\t\t\t<\/div>\n\t\t\t<h3 class=\"wd-entities-title\"><a href=\"https:\/\/lydenim.com\/pt\/produto\/tecido-jacquard-azul-53364\/\">\u201cTecido Jacquard Azul 53364 | Fios 7-12s | Certificado OEKO | Op\u00e7\u00f5es de cor\/peso personalizadas para moda e decora\u00e7\u00e3o de casa, feito na China com envio r\u00e1pido para o mundo todo.\u201d<\/a><\/h3>\n\t\t\t<div class=\"wd-product-cats\">\n\t\t\t<a href=\"https:\/\/lydenim.com\/pt\/categoria-produto\/senhor\/\" rel=\"tag\">Siro<\/a>, <a href=\"https:\/\/lydenim.com\/pt\/categoria-produto\/senhor\/10s\/\" rel=\"tag\">10S<\/a>, <a href=\"https:\/\/lydenim.com\/pt\/categoria-produto\/oe\/\" rel=\"tag\">OE<\/a>, <a href=\"https:\/\/lydenim.com\/pt\/categoria-produto\/oe\/10s-oe\/\" rel=\"tag\">10S<\/a>, <a href=\"https:\/\/lydenim.com\/pt\/categoria-produto\/senhor\/12s\/\" rel=\"tag\">12S<\/a>, <a href=\"https:\/\/lydenim.com\/pt\/categoria-produto\/oe\/12s-oe\/\" rel=\"tag\">12S<\/a>, <a href=\"https:\/\/lydenim.com\/pt\/categoria-produto\/oe\/16s-oe\/\" rel=\"tag\">16S<\/a>, <a href=\"https:\/\/lydenim.com\/pt\/categoria-produto\/senhor\/16s\/\" rel=\"tag\">16S<\/a>, <a href=\"https:\/\/lydenim.com\/pt\/categoria-produto\/oe\/6s-oe\/\" rel=\"tag\">6S<\/a>, <a href=\"https:\/\/lydenim.com\/pt\/categoria-produto\/senhor\/6s\/\" rel=\"tag\">6S<\/a>, <a href=\"https:\/\/lydenim.com\/pt\/categoria-produto\/oe\/7s-oe\/\" rel=\"tag\">7S<\/a>, <a href=\"https:\/\/lydenim.com\/pt\/categoria-produto\/senhor\/7s\/\" rel=\"tag\">7S<\/a>, <a href=\"https:\/\/lydenim.com\/pt\/categoria-produto\/oe\/8s-oe\/\" rel=\"tag\">8S<\/a>, <a href=\"https:\/\/lydenim.com\/pt\/categoria-produto\/senhor\/8s\/\" rel=\"tag\">8S<\/a>, <a href=\"https:\/\/lydenim.com\/pt\/categoria-produto\/colecao-estetica\/\" rel=\"tag\">Cole\u00e7\u00e3o Est\u00e9tica<\/a>, <a href=\"https:\/\/lydenim.com\/pt\/categoria-produto\/tecido-de-algodao\/\" rel=\"tag\">Tecido de algod\u00e3o<\/a>, <a href=\"https:\/\/lydenim.com\/pt\/categoria-produto\/tecido-jeans-de-algodao-poliester-elastano\/\" rel=\"tag\">Tecido de ganga de algod\u00e3o\/poli\u00e9ster\/elastano<\/a>, <a href=\"https:\/\/lydenim.com\/pt\/categoria-produto\/nao-elastico\/\" rel=\"tag\">N\u00e3o El\u00e1stico<\/a>, <a href=\"https:\/\/lydenim.com\/pt\/categoria-produto\/tecido-sarja\/\" rel=\"tag\">Tecido Sarja<\/a>, <a href=\"https:\/\/lydenim.com\/pt\/categoria-produto\/desagrupado\/\" rel=\"tag\">Desagrupado<\/a>\t\t<\/div>\n\t\t\t\t\n\n\t\n\t\n\t\t<\/div>\n<\/div>\n\t\t\t\t\t\t\t\t<div class=\"wd-product wd-hover-quick wd-col product-grid-item product type-product post-2612 status-publish instock product_cat-10s-spuer-siro product_cat-10s product_cat-cotton-woven-fabric product_cat-cotton-polyster-spandex-denim-fabric product_cat-high-stretch-denim-fabric has-post-thumbnail shipping-taxable product-type-simple\" data-loop=\"2\" data-id=\"2612\">\n\t\n\t\n<div class=\"product-wrapper\">\n\t<div class=\"product-element-top wd-quick-shop\">\n\t\t<a href=\"https:\/\/lydenim.com\/pt\/produto\/0533-tecido-jeans-azul-escuro-e-preto-azeviche\/\" class=\"product-image-link\" aria-label=\"0533 Tecido jeans azul escuro e preto azeviche\">\n\t\t\t<img loading=\"lazy\" decoding=\"async\" width=\"1024\" height=\"1024\" src=\"https:\/\/lydenim.com\/wp-content\/uploads\/2025\/01\/DSC08070-1024x1024.jpg\" class=\"attachment-large size-large\" alt=\"\" srcset=\"https:\/\/lydenim.com\/wp-content\/uploads\/2025\/01\/DSC08070-1024x1024.jpg 1024w, https:\/\/lydenim.com\/wp-content\/uploads\/2025\/01\/DSC08070-300x300.jpg 300w, https:\/\/lydenim.com\/wp-content\/uploads\/2025\/01\/DSC08070-150x150.jpg 150w, https:\/\/lydenim.com\/wp-content\/uploads\/2025\/01\/DSC08070-scaled-600x600.jpg 600w, https:\/\/lydenim.com\/wp-content\/uploads\/2025\/01\/DSC08070-768x768.jpg 768w, https:\/\/lydenim.com\/wp-content\/uploads\/2025\/01\/DSC08070-1536x1536.jpg 1536w, https:\/\/lydenim.com\/wp-content\/uploads\/2025\/01\/DSC08070-2048x2048.jpg 2048w, https:\/\/lydenim.com\/wp-content\/uploads\/2025\/01\/DSC08070-12x12.jpg 12w\" sizes=\"auto, (max-width: 1024px) 100vw, 1024px\" \/>\t\t<\/a>\n\n\t\t\t\t\t<div class=\"hover-img\">\n\t\t\t\t<img loading=\"lazy\" decoding=\"async\" width=\"1024\" height=\"1024\" src=\"https:\/\/lydenim.com\/wp-content\/uploads\/2025\/01\/DSC08065-1024x1024.jpg\" class=\"attachment-large size-large\" alt=\"\" srcset=\"https:\/\/lydenim.com\/wp-content\/uploads\/2025\/01\/DSC08065-1024x1024.jpg 1024w, https:\/\/lydenim.com\/wp-content\/uploads\/2025\/01\/DSC08065-300x300.jpg 300w, https:\/\/lydenim.com\/wp-content\/uploads\/2025\/01\/DSC08065-150x150.jpg 150w, https:\/\/lydenim.com\/wp-content\/uploads\/2025\/01\/DSC08065-scaled-600x600.jpg 600w, https:\/\/lydenim.com\/wp-content\/uploads\/2025\/01\/DSC08065-768x768.jpg 768w, https:\/\/lydenim.com\/wp-content\/uploads\/2025\/01\/DSC08065-1536x1536.jpg 1536w, https:\/\/lydenim.com\/wp-content\/uploads\/2025\/01\/DSC08065-2048x2048.jpg 2048w, https:\/\/lydenim.com\/wp-content\/uploads\/2025\/01\/DSC08065-12x12.jpg 12w\" sizes=\"auto, (max-width: 1024px) 100vw, 1024px\" \/>\t\t\t<\/div>\n\t\t\t\t\t<div class=\"wd-buttons wd-pos-r-t\">\n\t\t\t\t\t\t\t\t\t\t\t\t\t\t<\/div>\n\n\t\t\t\t\t\t\t\t<\/div>\n\t\t\t<h3 class=\"wd-entities-title\"><a href=\"https:\/\/lydenim.com\/pt\/produto\/0533-tecido-jeans-azul-escuro-e-preto-azeviche\/\">0533 Tecido jeans azul-escuro e preto-azeviche<\/a><\/h3>\n\t\t\t<div class=\"wd-product-cats\">\n\t\t\t<a href=\"https:\/\/lydenim.com\/pt\/categoria-produto\/siro-de-espuma\/10s-spuer-siro\/\" rel=\"tag\">10S<\/a>, <a href=\"https:\/\/lydenim.com\/pt\/categoria-produto\/senhor\/10s\/\" rel=\"tag\">10S<\/a>, <a href=\"https:\/\/lydenim.com\/pt\/categoria-produto\/tecido-de-algodao\/\" rel=\"tag\">Tecido de algod\u00e3o<\/a>, <a href=\"https:\/\/lydenim.com\/pt\/categoria-produto\/tecido-jeans-de-algodao-poliester-elastano\/\" rel=\"tag\">Tecido de ganga de algod\u00e3o\/poli\u00e9ster\/elastano<\/a>, <a href=\"https:\/\/lydenim.com\/pt\/categoria-produto\/tecido-denim-de-alta-elasticidade\/\" rel=\"tag\">Tecido de ganga de alta elasticidade<\/a>\t\t<\/div>\n\t\t\t\t\n\n\t\n\t\n\t\t<\/div>\n<\/div>\n\t\t\t\t\t\t\t\t<div class=\"wd-product wd-hover-quick wd-col product-grid-item product type-product post-2630 status-publish last instock product_cat-10s product_cat-10s-spuer-siro product_cat-cotton-woven-fabric product_cat-cotton-polyster-spandex-denim-fabric product_cat-high-stretch-denim-fabric has-post-thumbnail shipping-taxable product-type-simple\" data-loop=\"3\" data-id=\"2630\">\n\t\n\t\n<div class=\"product-wrapper\">\n\t<div class=\"product-element-top wd-quick-shop\">\n\t\t<a href=\"https:\/\/lydenim.com\/pt\/produto\/tecido-jeans-0533t8-azul-escuro-e-preto-azeviche\/\" class=\"product-image-link\" aria-label=\"0533T8 Tecido jeans azul escuro e preto azeviche\">\n\t\t\t<img loading=\"lazy\" decoding=\"async\" width=\"1024\" height=\"1024\" src=\"https:\/\/lydenim.com\/wp-content\/uploads\/2025\/01\/DSC07817-1024x1024.jpg\" class=\"attachment-large size-large\" alt=\"\" srcset=\"https:\/\/lydenim.com\/wp-content\/uploads\/2025\/01\/DSC07817-1024x1024.jpg 1024w, https:\/\/lydenim.com\/wp-content\/uploads\/2025\/01\/DSC07817-300x300.jpg 300w, https:\/\/lydenim.com\/wp-content\/uploads\/2025\/01\/DSC07817-150x150.jpg 150w, https:\/\/lydenim.com\/wp-content\/uploads\/2025\/01\/DSC07817-scaled-600x600.jpg 600w, https:\/\/lydenim.com\/wp-content\/uploads\/2025\/01\/DSC07817-768x768.jpg 768w, https:\/\/lydenim.com\/wp-content\/uploads\/2025\/01\/DSC07817-1536x1536.jpg 1536w, https:\/\/lydenim.com\/wp-content\/uploads\/2025\/01\/DSC07817-2048x2048.jpg 2048w, https:\/\/lydenim.com\/wp-content\/uploads\/2025\/01\/DSC07817-12x12.jpg 12w\" sizes=\"auto, (max-width: 1024px) 100vw, 1024px\" \/>\t\t<\/a>\n\n\t\t\t\t\t<div class=\"hover-img\">\n\t\t\t\t<img loading=\"lazy\" decoding=\"async\" width=\"965\" height=\"1024\" src=\"https:\/\/lydenim.com\/wp-content\/uploads\/2025\/01\/DSC07816-965x1024.jpeg\" class=\"attachment-large size-large\" alt=\"\" srcset=\"https:\/\/lydenim.com\/wp-content\/uploads\/2025\/01\/DSC07816-965x1024.jpeg 965w, https:\/\/lydenim.com\/wp-content\/uploads\/2025\/01\/DSC07816-scaled-150x159.jpeg 150w, https:\/\/lydenim.com\/wp-content\/uploads\/2025\/01\/DSC07816-scaled-600x637.jpeg 600w, https:\/\/lydenim.com\/wp-content\/uploads\/2025\/01\/DSC07816-283x300.jpeg 283w, https:\/\/lydenim.com\/wp-content\/uploads\/2025\/01\/DSC07816-768x815.jpeg 768w, https:\/\/lydenim.com\/wp-content\/uploads\/2025\/01\/DSC07816-1448x1536.jpeg 1448w, https:\/\/lydenim.com\/wp-content\/uploads\/2025\/01\/DSC07816-1930x2048.jpeg 1930w, https:\/\/lydenim.com\/wp-content\/uploads\/2025\/01\/DSC07816-11x12.jpeg 11w\" sizes=\"auto, (max-width: 965px) 100vw, 965px\" \/>\t\t\t<\/div>\n\t\t\t\t\t<div class=\"wd-buttons wd-pos-r-t\">\n\t\t\t\t\t\t\t\t\t\t\t\t\t\t<\/div>\n\n\t\t\t\t\t\t\t\t<\/div>\n\t\t\t<h3 class=\"wd-entities-title\"><a href=\"https:\/\/lydenim.com\/pt\/produto\/tecido-jeans-0533t8-azul-escuro-e-preto-azeviche\/\">0533T8 Tecido jeans azul escuro e preto azeviche<\/a><\/h3>\n\t\t\t<div class=\"wd-product-cats\">\n\t\t\t<a href=\"https:\/\/lydenim.com\/pt\/categoria-produto\/senhor\/10s\/\" rel=\"tag\">10S<\/a>, <a href=\"https:\/\/lydenim.com\/pt\/categoria-produto\/siro-de-espuma\/10s-spuer-siro\/\" rel=\"tag\">10S<\/a>, <a href=\"https:\/\/lydenim.com\/pt\/categoria-produto\/tecido-de-algodao\/\" rel=\"tag\">Tecido de algod\u00e3o<\/a>, <a href=\"https:\/\/lydenim.com\/pt\/categoria-produto\/tecido-jeans-de-algodao-poliester-elastano\/\" rel=\"tag\">Tecido de ganga de algod\u00e3o\/poli\u00e9ster\/elastano<\/a>, <a href=\"https:\/\/lydenim.com\/pt\/categoria-produto\/tecido-denim-de-alta-elasticidade\/\" rel=\"tag\">Tecido de ganga de alta elasticidade<\/a>\t\t<\/div>\n\t\t\t\t\n\n\t\n\t\n\t\t<\/div>\n<\/div>\n\t\t\t\t\t\t\t\t<div class=\"wd-product wd-hover-quick wd-col product-grid-item product type-product post-2640 status-publish first instock product_cat-10s product_cat-10s-spuer-siro product_cat-cotton-woven-fabric product_cat-cotton-polyster-spandex-denim-fabric product_cat-high-stretch-denim-fabric has-post-thumbnail shipping-taxable product-type-simple\" data-loop=\"4\" data-id=\"2640\">\n\t\n\t\n<div class=\"product-wrapper\">\n\t<div class=\"product-element-top wd-quick-shop\">\n\t\t<a href=\"https:\/\/lydenim.com\/pt\/produto\/0534-tecido-jeans-preto-versatil-e-duravel\/\" class=\"product-image-link\" aria-label=\"0534 Tecido Denim Preto \u2013 Vers\u00e1til e Dur\u00e1vel\">\n\t\t\t<img loading=\"lazy\" decoding=\"async\" width=\"1024\" height=\"1024\" src=\"https:\/\/lydenim.com\/wp-content\/uploads\/2025\/01\/DSC08060-1024x1024.jpg\" class=\"attachment-large size-large\" alt=\"\" srcset=\"https:\/\/lydenim.com\/wp-content\/uploads\/2025\/01\/DSC08060-1024x1024.jpg 1024w, https:\/\/lydenim.com\/wp-content\/uploads\/2025\/01\/DSC08060-300x300.jpg 300w, https:\/\/lydenim.com\/wp-content\/uploads\/2025\/01\/DSC08060-150x150.jpg 150w, https:\/\/lydenim.com\/wp-content\/uploads\/2025\/01\/DSC08060-scaled-600x600.jpg 600w, https:\/\/lydenim.com\/wp-content\/uploads\/2025\/01\/DSC08060-768x768.jpg 768w, https:\/\/lydenim.com\/wp-content\/uploads\/2025\/01\/DSC08060-1536x1536.jpg 1536w\" sizes=\"auto, (max-width: 1024px) 100vw, 1024px\" \/>\t\t<\/a>\n\n\t\t\t\t\t<div class=\"hover-img\">\n\t\t\t\t<img loading=\"lazy\" decoding=\"async\" width=\"1024\" height=\"933\" src=\"https:\/\/lydenim.com\/wp-content\/uploads\/2025\/01\/DSC08053-1024x933.jpg\" class=\"attachment-large size-large\" alt=\"\" srcset=\"https:\/\/lydenim.com\/wp-content\/uploads\/2025\/01\/DSC08053-1024x933.jpg 1024w, https:\/\/lydenim.com\/wp-content\/uploads\/2025\/01\/DSC08053-scaled-150x137.jpg 150w, https:\/\/lydenim.com\/wp-content\/uploads\/2025\/01\/DSC08053-scaled-600x546.jpg 600w, https:\/\/lydenim.com\/wp-content\/uploads\/2025\/01\/DSC08053-300x273.jpg 300w, https:\/\/lydenim.com\/wp-content\/uploads\/2025\/01\/DSC08053-768x699.jpg 768w, https:\/\/lydenim.com\/wp-content\/uploads\/2025\/01\/DSC08053-1536x1399.jpg 1536w, https:\/\/lydenim.com\/wp-content\/uploads\/2025\/01\/DSC08053-2048x1865.jpg 2048w, https:\/\/lydenim.com\/wp-content\/uploads\/2025\/01\/DSC08053-13x12.jpg 13w\" sizes=\"auto, (max-width: 1024px) 100vw, 1024px\" \/>\t\t\t<\/div>\n\t\t\t\t\t<div class=\"wd-buttons wd-pos-r-t\">\n\t\t\t\t\t\t\t\t\t\t\t\t\t\t<\/div>\n\n\t\t\t\t\t\t\t\t<\/div>\n\t\t\t<h3 class=\"wd-entities-title\"><a href=\"https:\/\/lydenim.com\/pt\/produto\/0534-tecido-jeans-preto-versatil-e-duravel\/\">0534 Tecido Denim Preto \u2013 Vers\u00e1til e Dur\u00e1vel<\/a><\/h3>\n\t\t\t<div class=\"wd-product-cats\">\n\t\t\t<a href=\"https:\/\/lydenim.com\/pt\/categoria-produto\/senhor\/10s\/\" rel=\"tag\">10S<\/a>, <a href=\"https:\/\/lydenim.com\/pt\/categoria-produto\/siro-de-espuma\/10s-spuer-siro\/\" rel=\"tag\">10S<\/a>, <a href=\"https:\/\/lydenim.com\/pt\/categoria-produto\/tecido-de-algodao\/\" rel=\"tag\">Tecido de algod\u00e3o<\/a>, <a href=\"https:\/\/lydenim.com\/pt\/categoria-produto\/tecido-jeans-de-algodao-poliester-elastano\/\" rel=\"tag\">Tecido de ganga de algod\u00e3o\/poli\u00e9ster\/elastano<\/a>, <a href=\"https:\/\/lydenim.com\/pt\/categoria-produto\/tecido-denim-de-alta-elasticidade\/\" rel=\"tag\">Tecido de ganga de alta elasticidade<\/a>\t\t<\/div>\n\t\t\t\t\n\n\t\n\t\n\t\t<\/div>\n<\/div>\n\t\t\t\t\t\t\t\t<div class=\"wd-product wd-hover-quick wd-col product-grid-item product type-product post-2648 status-publish instock product_cat-10s-spuer-siro product_cat-10s product_cat-cotton-woven-fabric product_cat-cotton-polyster-spandex-denim-fabric product_cat-high-stretch-denim-fabric has-post-thumbnail shipping-taxable product-type-simple\" data-loop=\"5\" data-id=\"2648\">\n\t\n\t\n<div class=\"product-wrapper\">\n\t<div class=\"product-element-top wd-quick-shop\">\n\t\t<a href=\"https:\/\/lydenim.com\/pt\/produto\/0535-tecido-jeans-azul-extra-escuro-material-duravel-e-versatil\/\" class=\"product-image-link\" aria-label=\"Tecido jeans 0535 ExtraDarkBlue \u2013 Material dur\u00e1vel e vers\u00e1til\">\n\t\t\t<img loading=\"lazy\" decoding=\"async\" width=\"1024\" height=\"1024\" src=\"https:\/\/lydenim.com\/wp-content\/uploads\/2025\/01\/DSC08077-1024x1024.jpg\" class=\"attachment-large size-large\" alt=\"\" srcset=\"https:\/\/lydenim.com\/wp-content\/uploads\/2025\/01\/DSC08077-1024x1024.jpg 1024w, https:\/\/lydenim.com\/wp-content\/uploads\/2025\/01\/DSC08077-300x300.jpg 300w, https:\/\/lydenim.com\/wp-content\/uploads\/2025\/01\/DSC08077-150x150.jpg 150w, https:\/\/lydenim.com\/wp-content\/uploads\/2025\/01\/DSC08077-scaled-600x600.jpg 600w, https:\/\/lydenim.com\/wp-content\/uploads\/2025\/01\/DSC08077-768x768.jpg 768w, https:\/\/lydenim.com\/wp-content\/uploads\/2025\/01\/DSC08077-1536x1536.jpg 1536w, https:\/\/lydenim.com\/wp-content\/uploads\/2025\/01\/DSC08077-2048x2048.jpg 2048w, https:\/\/lydenim.com\/wp-content\/uploads\/2025\/01\/DSC08077-12x12.jpg 12w\" sizes=\"auto, (max-width: 1024px) 100vw, 1024px\" \/>\t\t<\/a>\n\n\t\t\t\t\t<div class=\"hover-img\">\n\t\t\t\t<img loading=\"lazy\" decoding=\"async\" width=\"1024\" height=\"1024\" src=\"https:\/\/lydenim.com\/wp-content\/uploads\/2025\/01\/DSC08073-1024x1024.jpg\" class=\"attachment-large size-large\" alt=\"\" srcset=\"https:\/\/lydenim.com\/wp-content\/uploads\/2025\/01\/DSC08073-1024x1024.jpg 1024w, https:\/\/lydenim.com\/wp-content\/uploads\/2025\/01\/DSC08073-300x300.jpg 300w, https:\/\/lydenim.com\/wp-content\/uploads\/2025\/01\/DSC08073-150x150.jpg 150w, https:\/\/lydenim.com\/wp-content\/uploads\/2025\/01\/DSC08073-scaled-600x600.jpg 600w, https:\/\/lydenim.com\/wp-content\/uploads\/2025\/01\/DSC08073-768x768.jpg 768w, https:\/\/lydenim.com\/wp-content\/uploads\/2025\/01\/DSC08073-1536x1536.jpg 1536w, https:\/\/lydenim.com\/wp-content\/uploads\/2025\/01\/DSC08073-2048x2048.jpg 2048w, https:\/\/lydenim.com\/wp-content\/uploads\/2025\/01\/DSC08073-12x12.jpg 12w\" sizes=\"auto, (max-width: 1024px) 100vw, 1024px\" \/>\t\t\t<\/div>\n\t\t\t\t\t<div class=\"wd-buttons wd-pos-r-t\">\n\t\t\t\t\t\t\t\t\t\t\t\t\t\t<\/div>\n\n\t\t\t\t\t\t\t\t<\/div>\n\t\t\t<h3 class=\"wd-entities-title\"><a href=\"https:\/\/lydenim.com\/pt\/produto\/0535-tecido-jeans-azul-extra-escuro-material-duravel-e-versatil\/\">0535 Tecido Denim ExtraDarkBlue \u2013 Material Dur\u00e1vel e Vers\u00e1til<\/a><\/h3>\n\t\t\t<div class=\"wd-product-cats\">\n\t\t\t<a href=\"https:\/\/lydenim.com\/pt\/categoria-produto\/siro-de-espuma\/10s-spuer-siro\/\" rel=\"tag\">10S<\/a>, <a href=\"https:\/\/lydenim.com\/pt\/categoria-produto\/senhor\/10s\/\" rel=\"tag\">10S<\/a>, <a href=\"https:\/\/lydenim.com\/pt\/categoria-produto\/tecido-de-algodao\/\" rel=\"tag\">Tecido de algod\u00e3o<\/a>, <a href=\"https:\/\/lydenim.com\/pt\/categoria-produto\/tecido-jeans-de-algodao-poliester-elastano\/\" rel=\"tag\">Tecido de ganga de algod\u00e3o\/poli\u00e9ster\/elastano<\/a>, <a href=\"https:\/\/lydenim.com\/pt\/categoria-produto\/tecido-denim-de-alta-elasticidade\/\" rel=\"tag\">Tecido de ganga de alta elasticidade<\/a>\t\t<\/div>\n\t\t\t\t\n\n\t\n\t\n\t\t<\/div>\n<\/div>\n\t\t\t\t\t\t\t\t<div class=\"wd-product wd-hover-quick wd-col product-grid-item product type-product post-2682 status-publish instock product_cat-10s product_cat-10s-spuer-siro product_cat-cotton-woven-fabric product_cat-cotton-polyster-spandex-denim-fabric product_cat-high-stretch-denim-fabric has-post-thumbnail shipping-taxable product-type-simple\" data-loop=\"6\" data-id=\"2682\">\n\t\n\t\n<div class=\"product-wrapper\">\n\t<div class=\"product-element-top wd-quick-shop\">\n\t\t<a href=\"https:\/\/lydenim.com\/pt\/produto\/0535t11-tecido-jeans-azul-escuro-extra-duravel-e-versatil\/\" class=\"product-image-link\" aria-label=\"0535T11 Tecido jeans azul-escuro extra \u2013 material dur\u00e1vel e vers\u00e1til\">\n\t\t\t<img loading=\"lazy\" decoding=\"async\" width=\"1024\" height=\"1024\" src=\"https:\/\/lydenim.com\/wp-content\/uploads\/2025\/01\/DSC08077-1024x1024.jpg\" class=\"attachment-large size-large\" alt=\"\" srcset=\"https:\/\/lydenim.com\/wp-content\/uploads\/2025\/01\/DSC08077-1024x1024.jpg 1024w, https:\/\/lydenim.com\/wp-content\/uploads\/2025\/01\/DSC08077-300x300.jpg 300w, https:\/\/lydenim.com\/wp-content\/uploads\/2025\/01\/DSC08077-150x150.jpg 150w, https:\/\/lydenim.com\/wp-content\/uploads\/2025\/01\/DSC08077-scaled-600x600.jpg 600w, https:\/\/lydenim.com\/wp-content\/uploads\/2025\/01\/DSC08077-768x768.jpg 768w, https:\/\/lydenim.com\/wp-content\/uploads\/2025\/01\/DSC08077-1536x1536.jpg 1536w, https:\/\/lydenim.com\/wp-content\/uploads\/2025\/01\/DSC08077-2048x2048.jpg 2048w, https:\/\/lydenim.com\/wp-content\/uploads\/2025\/01\/DSC08077-12x12.jpg 12w\" sizes=\"auto, (max-width: 1024px) 100vw, 1024px\" \/>\t\t<\/a>\n\n\t\t\t\t\t<div class=\"hover-img\">\n\t\t\t\t<img loading=\"lazy\" decoding=\"async\" width=\"1024\" height=\"1024\" src=\"https:\/\/lydenim.com\/wp-content\/uploads\/2025\/01\/DSC08073-1024x1024.jpg\" class=\"attachment-large size-large\" alt=\"\" srcset=\"https:\/\/lydenim.com\/wp-content\/uploads\/2025\/01\/DSC08073-1024x1024.jpg 1024w, https:\/\/lydenim.com\/wp-content\/uploads\/2025\/01\/DSC08073-300x300.jpg 300w, https:\/\/lydenim.com\/wp-content\/uploads\/2025\/01\/DSC08073-150x150.jpg 150w, https:\/\/lydenim.com\/wp-content\/uploads\/2025\/01\/DSC08073-scaled-600x600.jpg 600w, https:\/\/lydenim.com\/wp-content\/uploads\/2025\/01\/DSC08073-768x768.jpg 768w, https:\/\/lydenim.com\/wp-content\/uploads\/2025\/01\/DSC08073-1536x1536.jpg 1536w, https:\/\/lydenim.com\/wp-content\/uploads\/2025\/01\/DSC08073-2048x2048.jpg 2048w, https:\/\/lydenim.com\/wp-content\/uploads\/2025\/01\/DSC08073-12x12.jpg 12w\" sizes=\"auto, (max-width: 1024px) 100vw, 1024px\" \/>\t\t\t<\/div>\n\t\t\t\t\t<div class=\"wd-buttons wd-pos-r-t\">\n\t\t\t\t\t\t\t\t\t\t\t\t\t\t<\/div>\n\n\t\t\t\t\t\t\t\t<\/div>\n\t\t\t<h3 class=\"wd-entities-title\"><a href=\"https:\/\/lydenim.com\/pt\/produto\/0535t11-tecido-jeans-azul-escuro-extra-duravel-e-versatil\/\">0535T11 Tecido Denim ExtraDarkBlue \u2013 Material Dur\u00e1vel e Vers\u00e1til<\/a><\/h3>\n\t\t\t<div class=\"wd-product-cats\">\n\t\t\t<a href=\"https:\/\/lydenim.com\/pt\/categoria-produto\/senhor\/10s\/\" rel=\"tag\">10S<\/a>, <a href=\"https:\/\/lydenim.com\/pt\/categoria-produto\/siro-de-espuma\/10s-spuer-siro\/\" rel=\"tag\">10S<\/a>, <a href=\"https:\/\/lydenim.com\/pt\/categoria-produto\/tecido-de-algodao\/\" rel=\"tag\">Tecido de algod\u00e3o<\/a>, <a href=\"https:\/\/lydenim.com\/pt\/categoria-produto\/tecido-jeans-de-algodao-poliester-elastano\/\" rel=\"tag\">Tecido de ganga de algod\u00e3o\/poli\u00e9ster\/elastano<\/a>, <a href=\"https:\/\/lydenim.com\/pt\/categoria-produto\/tecido-denim-de-alta-elasticidade\/\" rel=\"tag\">Tecido de ganga de alta elasticidade<\/a>\t\t<\/div>\n\t\t\t\t\n\n\t\n\t\n\t\t<\/div>\n<\/div>\n\t\t\t\t\t\t\t\t<div class=\"wd-product wd-hover-quick wd-col product-grid-item product type-product post-2664 status-publish last instock product_cat-10s product_cat-10s-spuer-siro product_cat-cotton-woven-fabric product_cat-cotton-polyster-spandex-denim-fabric product_cat-high-stretch-denim-fabric has-post-thumbnail shipping-taxable product-type-simple\" data-loop=\"7\" data-id=\"2664\">\n\t\n\t\n<div class=\"product-wrapper\">\n\t<div class=\"product-element-top wd-quick-shop\">\n\t\t<a href=\"https:\/\/lydenim.com\/pt\/produto\/0535t4-tecido-jeans-azul-escuro-extra-duravel-e-versatil\/\" class=\"product-image-link\" aria-label=\"Tecido jeans azul-escuro 0535T4 \u2013 material dur\u00e1vel e vers\u00e1til\">\n\t\t\t<img loading=\"lazy\" decoding=\"async\" width=\"1024\" height=\"1024\" src=\"https:\/\/lydenim.com\/wp-content\/uploads\/2025\/01\/DSC08077-1024x1024.jpg\" class=\"attachment-large size-large\" alt=\"\" srcset=\"https:\/\/lydenim.com\/wp-content\/uploads\/2025\/01\/DSC08077-1024x1024.jpg 1024w, https:\/\/lydenim.com\/wp-content\/uploads\/2025\/01\/DSC08077-300x300.jpg 300w, https:\/\/lydenim.com\/wp-content\/uploads\/2025\/01\/DSC08077-150x150.jpg 150w, https:\/\/lydenim.com\/wp-content\/uploads\/2025\/01\/DSC08077-scaled-600x600.jpg 600w, https:\/\/lydenim.com\/wp-content\/uploads\/2025\/01\/DSC08077-768x768.jpg 768w, https:\/\/lydenim.com\/wp-content\/uploads\/2025\/01\/DSC08077-1536x1536.jpg 1536w, https:\/\/lydenim.com\/wp-content\/uploads\/2025\/01\/DSC08077-2048x2048.jpg 2048w, https:\/\/lydenim.com\/wp-content\/uploads\/2025\/01\/DSC08077-12x12.jpg 12w\" sizes=\"auto, (max-width: 1024px) 100vw, 1024px\" \/>\t\t<\/a>\n\n\t\t\t\t\t<div class=\"hover-img\">\n\t\t\t\t<img loading=\"lazy\" decoding=\"async\" width=\"1024\" height=\"1024\" src=\"https:\/\/lydenim.com\/wp-content\/uploads\/2025\/01\/DSC08073-1024x1024.jpg\" class=\"attachment-large size-large\" alt=\"\" srcset=\"https:\/\/lydenim.com\/wp-content\/uploads\/2025\/01\/DSC08073-1024x1024.jpg 1024w, https:\/\/lydenim.com\/wp-content\/uploads\/2025\/01\/DSC08073-300x300.jpg 300w, https:\/\/lydenim.com\/wp-content\/uploads\/2025\/01\/DSC08073-150x150.jpg 150w, https:\/\/lydenim.com\/wp-content\/uploads\/2025\/01\/DSC08073-scaled-600x600.jpg 600w, https:\/\/lydenim.com\/wp-content\/uploads\/2025\/01\/DSC08073-768x768.jpg 768w, https:\/\/lydenim.com\/wp-content\/uploads\/2025\/01\/DSC08073-1536x1536.jpg 1536w, https:\/\/lydenim.com\/wp-content\/uploads\/2025\/01\/DSC08073-2048x2048.jpg 2048w, https:\/\/lydenim.com\/wp-content\/uploads\/2025\/01\/DSC08073-12x12.jpg 12w\" sizes=\"auto, (max-width: 1024px) 100vw, 1024px\" \/>\t\t\t<\/div>\n\t\t\t\t\t<div class=\"wd-buttons wd-pos-r-t\">\n\t\t\t\t\t\t\t\t\t\t\t\t\t\t<\/div>\n\n\t\t\t\t\t\t\t\t<\/div>\n\t\t\t<h3 class=\"wd-entities-title\"><a href=\"https:\/\/lydenim.com\/pt\/produto\/0535t4-tecido-jeans-azul-escuro-extra-duravel-e-versatil\/\">0535T4 Tecido Denim ExtraDarkBlue \u2013 Material Dur\u00e1vel e Vers\u00e1til<\/a><\/h3>\n\t\t\t<div class=\"wd-product-cats\">\n\t\t\t<a href=\"https:\/\/lydenim.com\/pt\/categoria-produto\/senhor\/10s\/\" rel=\"tag\">10S<\/a>, <a href=\"https:\/\/lydenim.com\/pt\/categoria-produto\/siro-de-espuma\/10s-spuer-siro\/\" rel=\"tag\">10S<\/a>, <a href=\"https:\/\/lydenim.com\/pt\/categoria-produto\/tecido-de-algodao\/\" rel=\"tag\">Tecido de algod\u00e3o<\/a>, <a href=\"https:\/\/lydenim.com\/pt\/categoria-produto\/tecido-jeans-de-algodao-poliester-elastano\/\" rel=\"tag\">Tecido de ganga de algod\u00e3o\/poli\u00e9ster\/elastano<\/a>, <a href=\"https:\/\/lydenim.com\/pt\/categoria-produto\/tecido-denim-de-alta-elasticidade\/\" rel=\"tag\">Tecido de ganga de alta elasticidade<\/a>\t\t<\/div>\n\t\t\t\t\n\n\t\n\t\n\t\t<\/div>\n<\/div>\n\t\t\t\t\t\t\t\t<div class=\"wd-product wd-hover-quick wd-col product-grid-item product type-product post-2668 status-publish first instock product_cat-10s product_cat-10s-spuer-siro product_cat-cotton-woven-fabric product_cat-cotton-polyster-spandex-denim-fabric product_cat-high-stretch-denim-fabric has-post-thumbnail shipping-taxable product-type-simple\" data-loop=\"8\" data-id=\"2668\">\n\t\n\t\n<div class=\"product-wrapper\">\n\t<div class=\"product-element-top wd-quick-shop\">\n\t\t<a href=\"https:\/\/lydenim.com\/pt\/produto\/0535t6-tecido-jeans-azul-extra-escuro-material-duravel-e-versatil\/\" class=\"product-image-link\" aria-label=\"Tecido jeans azul-escuro 0535T6 \u2013 material dur\u00e1vel e vers\u00e1til\">\n\t\t\t<img loading=\"lazy\" decoding=\"async\" width=\"1024\" height=\"1024\" src=\"https:\/\/lydenim.com\/wp-content\/uploads\/2025\/01\/DSC08077-1024x1024.jpg\" class=\"attachment-large size-large\" alt=\"\" srcset=\"https:\/\/lydenim.com\/wp-content\/uploads\/2025\/01\/DSC08077-1024x1024.jpg 1024w, https:\/\/lydenim.com\/wp-content\/uploads\/2025\/01\/DSC08077-300x300.jpg 300w, https:\/\/lydenim.com\/wp-content\/uploads\/2025\/01\/DSC08077-150x150.jpg 150w, https:\/\/lydenim.com\/wp-content\/uploads\/2025\/01\/DSC08077-scaled-600x600.jpg 600w, https:\/\/lydenim.com\/wp-content\/uploads\/2025\/01\/DSC08077-768x768.jpg 768w, https:\/\/lydenim.com\/wp-content\/uploads\/2025\/01\/DSC08077-1536x1536.jpg 1536w, https:\/\/lydenim.com\/wp-content\/uploads\/2025\/01\/DSC08077-2048x2048.jpg 2048w, https:\/\/lydenim.com\/wp-content\/uploads\/2025\/01\/DSC08077-12x12.jpg 12w\" sizes=\"auto, (max-width: 1024px) 100vw, 1024px\" \/>\t\t<\/a>\n\n\t\t\t\t\t<div class=\"hover-img\">\n\t\t\t\t<img loading=\"lazy\" decoding=\"async\" width=\"1024\" height=\"1024\" src=\"https:\/\/lydenim.com\/wp-content\/uploads\/2025\/01\/DSC08073-1024x1024.jpg\" class=\"attachment-large size-large\" alt=\"\" srcset=\"https:\/\/lydenim.com\/wp-content\/uploads\/2025\/01\/DSC08073-1024x1024.jpg 1024w, https:\/\/lydenim.com\/wp-content\/uploads\/2025\/01\/DSC08073-300x300.jpg 300w, https:\/\/lydenim.com\/wp-content\/uploads\/2025\/01\/DSC08073-150x150.jpg 150w, https:\/\/lydenim.com\/wp-content\/uploads\/2025\/01\/DSC08073-scaled-600x600.jpg 600w, https:\/\/lydenim.com\/wp-content\/uploads\/2025\/01\/DSC08073-768x768.jpg 768w, https:\/\/lydenim.com\/wp-content\/uploads\/2025\/01\/DSC08073-1536x1536.jpg 1536w, https:\/\/lydenim.com\/wp-content\/uploads\/2025\/01\/DSC08073-2048x2048.jpg 2048w, https:\/\/lydenim.com\/wp-content\/uploads\/2025\/01\/DSC08073-12x12.jpg 12w\" sizes=\"auto, (max-width: 1024px) 100vw, 1024px\" \/>\t\t\t<\/div>\n\t\t\t\t\t<div class=\"wd-buttons wd-pos-r-t\">\n\t\t\t\t\t\t\t\t\t\t\t\t\t\t<\/div>\n\n\t\t\t\t\t\t\t\t<\/div>\n\t\t\t<h3 class=\"wd-entities-title\"><a href=\"https:\/\/lydenim.com\/pt\/produto\/0535t6-tecido-jeans-azul-extra-escuro-material-duravel-e-versatil\/\">0535T6 Tecido Denim ExtraDarkBlue \u2013 Material Dur\u00e1vel e Vers\u00e1til<\/a><\/h3>\n\t\t\t<div class=\"wd-product-cats\">\n\t\t\t<a href=\"https:\/\/lydenim.com\/pt\/categoria-produto\/senhor\/10s\/\" rel=\"tag\">10S<\/a>, <a href=\"https:\/\/lydenim.com\/pt\/categoria-produto\/siro-de-espuma\/10s-spuer-siro\/\" rel=\"tag\">10S<\/a>, <a href=\"https:\/\/lydenim.com\/pt\/categoria-produto\/tecido-de-algodao\/\" rel=\"tag\">Tecido de algod\u00e3o<\/a>, <a href=\"https:\/\/lydenim.com\/pt\/categoria-produto\/tecido-jeans-de-algodao-poliester-elastano\/\" rel=\"tag\">Tecido de ganga de algod\u00e3o\/poli\u00e9ster\/elastano<\/a>, <a href=\"https:\/\/lydenim.com\/pt\/categoria-produto\/tecido-denim-de-alta-elasticidade\/\" rel=\"tag\">Tecido de ganga de alta elasticidade<\/a>\t\t<\/div>\n\t\t\t\t\n\n\t\n\t\n\t\t<\/div>\n<\/div>\n\t\t\t\t\t\t\t\t<div class=\"wd-product wd-hover-quick wd-col product-grid-item product type-product post-2672 status-publish instock product_cat-10s-spuer-siro product_cat-10s product_cat-cotton-woven-fabric product_cat-cotton-polyster-spandex-denim-fabric product_cat-high-stretch-denim-fabric has-post-thumbnail shipping-taxable product-type-simple\" data-loop=\"9\" data-id=\"2672\">\n\t\n\t\n<div class=\"product-wrapper\">\n\t<div class=\"product-element-top wd-quick-shop\">\n\t\t<a href=\"https:\/\/lydenim.com\/pt\/produto\/0535t7-tecido-jeans-azul-extra-escuro-material-duravel-e-versatil\/\" class=\"product-image-link\" aria-label=\"Tecido jeans azul-escuro 0535T7 \u2013 material dur\u00e1vel e vers\u00e1til\">\n\t\t\t<img loading=\"lazy\" decoding=\"async\" width=\"1024\" height=\"1024\" src=\"https:\/\/lydenim.com\/wp-content\/uploads\/2025\/01\/DSC08077-1024x1024.jpg\" class=\"attachment-large size-large\" alt=\"\" srcset=\"https:\/\/lydenim.com\/wp-content\/uploads\/2025\/01\/DSC08077-1024x1024.jpg 1024w, https:\/\/lydenim.com\/wp-content\/uploads\/2025\/01\/DSC08077-300x300.jpg 300w, https:\/\/lydenim.com\/wp-content\/uploads\/2025\/01\/DSC08077-150x150.jpg 150w, https:\/\/lydenim.com\/wp-content\/uploads\/2025\/01\/DSC08077-scaled-600x600.jpg 600w, https:\/\/lydenim.com\/wp-content\/uploads\/2025\/01\/DSC08077-768x768.jpg 768w, https:\/\/lydenim.com\/wp-content\/uploads\/2025\/01\/DSC08077-1536x1536.jpg 1536w, https:\/\/lydenim.com\/wp-content\/uploads\/2025\/01\/DSC08077-2048x2048.jpg 2048w, https:\/\/lydenim.com\/wp-content\/uploads\/2025\/01\/DSC08077-12x12.jpg 12w\" sizes=\"auto, (max-width: 1024px) 100vw, 1024px\" \/>\t\t<\/a>\n\n\t\t\t\t\t<div class=\"hover-img\">\n\t\t\t\t<img loading=\"lazy\" decoding=\"async\" width=\"1024\" height=\"1024\" src=\"https:\/\/lydenim.com\/wp-content\/uploads\/2025\/01\/DSC08073-1024x1024.jpg\" class=\"attachment-large size-large\" alt=\"\" srcset=\"https:\/\/lydenim.com\/wp-content\/uploads\/2025\/01\/DSC08073-1024x1024.jpg 1024w, https:\/\/lydenim.com\/wp-content\/uploads\/2025\/01\/DSC08073-300x300.jpg 300w, https:\/\/lydenim.com\/wp-content\/uploads\/2025\/01\/DSC08073-150x150.jpg 150w, https:\/\/lydenim.com\/wp-content\/uploads\/2025\/01\/DSC08073-scaled-600x600.jpg 600w, https:\/\/lydenim.com\/wp-content\/uploads\/2025\/01\/DSC08073-768x768.jpg 768w, https:\/\/lydenim.com\/wp-content\/uploads\/2025\/01\/DSC08073-1536x1536.jpg 1536w, https:\/\/lydenim.com\/wp-content\/uploads\/2025\/01\/DSC08073-2048x2048.jpg 2048w, https:\/\/lydenim.com\/wp-content\/uploads\/2025\/01\/DSC08073-12x12.jpg 12w\" sizes=\"auto, (max-width: 1024px) 100vw, 1024px\" \/>\t\t\t<\/div>\n\t\t\t\t\t<div class=\"wd-buttons wd-pos-r-t\">\n\t\t\t\t\t\t\t\t\t\t\t\t\t\t<\/div>\n\n\t\t\t\t\t\t\t\t<\/div>\n\t\t\t<h3 class=\"wd-entities-title\"><a href=\"https:\/\/lydenim.com\/pt\/produto\/0535t7-tecido-jeans-azul-extra-escuro-material-duravel-e-versatil\/\">0535T7 Tecido Denim ExtraDarkBlue \u2013 Material Dur\u00e1vel e Vers\u00e1til<\/a><\/h3>\n\t\t\t<div class=\"wd-product-cats\">\n\t\t\t<a href=\"https:\/\/lydenim.com\/pt\/categoria-produto\/siro-de-espuma\/10s-spuer-siro\/\" rel=\"tag\">10S<\/a>, <a href=\"https:\/\/lydenim.com\/pt\/categoria-produto\/senhor\/10s\/\" rel=\"tag\">10S<\/a>, <a href=\"https:\/\/lydenim.com\/pt\/categoria-produto\/tecido-de-algodao\/\" rel=\"tag\">Tecido de algod\u00e3o<\/a>, <a href=\"https:\/\/lydenim.com\/pt\/categoria-produto\/tecido-jeans-de-algodao-poliester-elastano\/\" rel=\"tag\">Tecido de ganga de algod\u00e3o\/poli\u00e9ster\/elastano<\/a>, <a href=\"https:\/\/lydenim.com\/pt\/categoria-produto\/tecido-denim-de-alta-elasticidade\/\" rel=\"tag\">Tecido de ganga de alta elasticidade<\/a>\t\t<\/div>\n\t\t\t\t\n\n\t\n\t\n\t\t<\/div>\n<\/div>\n\t\t\t\t\t\t\t\t<div class=\"wd-product wd-hover-quick wd-col product-grid-item product type-product post-2676 status-publish instock product_cat-10s product_cat-10s-spuer-siro product_cat-cotton-woven-fabric product_cat-cotton-polyster-spandex-denim-fabric product_cat-high-stretch-denim-fabric has-post-thumbnail shipping-taxable product-type-simple\" data-loop=\"10\" data-id=\"2676\">\n\t\n\t\n<div class=\"product-wrapper\">\n\t<div class=\"product-element-top wd-quick-shop\">\n\t\t<a href=\"https:\/\/lydenim.com\/pt\/produto\/0535t9-tecido-jeans-azul-extra-escuro-material-duravel-e-versatil\/\" class=\"product-image-link\" aria-label=\"Tecido jeans azul-escuro 0535T9 \u2013 material dur\u00e1vel e vers\u00e1til\">\n\t\t\t<img loading=\"lazy\" decoding=\"async\" width=\"1024\" height=\"1024\" src=\"https:\/\/lydenim.com\/wp-content\/uploads\/2025\/01\/DSC08077-1024x1024.jpg\" class=\"attachment-large size-large\" alt=\"\" srcset=\"https:\/\/lydenim.com\/wp-content\/uploads\/2025\/01\/DSC08077-1024x1024.jpg 1024w, https:\/\/lydenim.com\/wp-content\/uploads\/2025\/01\/DSC08077-300x300.jpg 300w, https:\/\/lydenim.com\/wp-content\/uploads\/2025\/01\/DSC08077-150x150.jpg 150w, https:\/\/lydenim.com\/wp-content\/uploads\/2025\/01\/DSC08077-scaled-600x600.jpg 600w, https:\/\/lydenim.com\/wp-content\/uploads\/2025\/01\/DSC08077-768x768.jpg 768w, https:\/\/lydenim.com\/wp-content\/uploads\/2025\/01\/DSC08077-1536x1536.jpg 1536w, https:\/\/lydenim.com\/wp-content\/uploads\/2025\/01\/DSC08077-2048x2048.jpg 2048w, https:\/\/lydenim.com\/wp-content\/uploads\/2025\/01\/DSC08077-12x12.jpg 12w\" sizes=\"auto, (max-width: 1024px) 100vw, 1024px\" \/>\t\t<\/a>\n\n\t\t\t\t\t<div class=\"hover-img\">\n\t\t\t\t<img loading=\"lazy\" decoding=\"async\" width=\"1024\" height=\"1024\" src=\"https:\/\/lydenim.com\/wp-content\/uploads\/2025\/01\/DSC08073-1024x1024.jpg\" class=\"attachment-large size-large\" alt=\"\" srcset=\"https:\/\/lydenim.com\/wp-content\/uploads\/2025\/01\/DSC08073-1024x1024.jpg 1024w, https:\/\/lydenim.com\/wp-content\/uploads\/2025\/01\/DSC08073-300x300.jpg 300w, https:\/\/lydenim.com\/wp-content\/uploads\/2025\/01\/DSC08073-150x150.jpg 150w, https:\/\/lydenim.com\/wp-content\/uploads\/2025\/01\/DSC08073-scaled-600x600.jpg 600w, https:\/\/lydenim.com\/wp-content\/uploads\/2025\/01\/DSC08073-768x768.jpg 768w, https:\/\/lydenim.com\/wp-content\/uploads\/2025\/01\/DSC08073-1536x1536.jpg 1536w, https:\/\/lydenim.com\/wp-content\/uploads\/2025\/01\/DSC08073-2048x2048.jpg 2048w, https:\/\/lydenim.com\/wp-content\/uploads\/2025\/01\/DSC08073-12x12.jpg 12w\" sizes=\"auto, (max-width: 1024px) 100vw, 1024px\" \/>\t\t\t<\/div>\n\t\t\t\t\t<div class=\"wd-buttons wd-pos-r-t\">\n\t\t\t\t\t\t\t\t\t\t\t\t\t\t<\/div>\n\n\t\t\t\t\t\t\t\t<\/div>\n\t\t\t<h3 class=\"wd-entities-title\"><a href=\"https:\/\/lydenim.com\/pt\/produto\/0535t9-tecido-jeans-azul-extra-escuro-material-duravel-e-versatil\/\">0535T9 Tecido Denim ExtraDarkBlue \u2013 Material Dur\u00e1vel e Vers\u00e1til<\/a><\/h3>\n\t\t\t<div class=\"wd-product-cats\">\n\t\t\t<a href=\"https:\/\/lydenim.com\/pt\/categoria-produto\/senhor\/10s\/\" rel=\"tag\">10S<\/a>, <a href=\"https:\/\/lydenim.com\/pt\/categoria-produto\/siro-de-espuma\/10s-spuer-siro\/\" rel=\"tag\">10S<\/a>, <a href=\"https:\/\/lydenim.com\/pt\/categoria-produto\/tecido-de-algodao\/\" rel=\"tag\">Tecido de algod\u00e3o<\/a>, <a href=\"https:\/\/lydenim.com\/pt\/categoria-produto\/tecido-jeans-de-algodao-poliester-elastano\/\" rel=\"tag\">Tecido de ganga de algod\u00e3o\/poli\u00e9ster\/elastano<\/a>, <a href=\"https:\/\/lydenim.com\/pt\/categoria-produto\/tecido-denim-de-alta-elasticidade\/\" rel=\"tag\">Tecido de ganga de alta elasticidade<\/a>\t\t<\/div>\n\t\t\t\t\n\n\t\n\t\n\t\t<\/div>\n<\/div>\n\t\t\t\t\t\t\t\t<div class=\"wd-product wd-hover-quick wd-col product-grid-item product type-product post-2686 status-publish last instock product_cat-12s product_cat-cotton-woven-fabric product_cat-cotton-polyster-spandex-denim-fabric product_cat-high-stretch-denim-fabric has-post-thumbnail shipping-taxable product-type-simple\" data-loop=\"11\" data-id=\"2686\">\n\t\n\t\n<div class=\"product-wrapper\">\n\t<div class=\"product-element-top wd-quick-shop\">\n\t\t<a href=\"https:\/\/lydenim.com\/pt\/produto\/1056-3-tecido-jeans-preto-mercerizado-duravel-e-estiloso\/\" class=\"product-image-link\" aria-label=\"1056-3 Tecido jeans preto mercerizado \u2013 dur\u00e1vel e elegante\">\n\t\t\t<img loading=\"lazy\" decoding=\"async\" width=\"1024\" height=\"1024\" src=\"https:\/\/lydenim.com\/wp-content\/uploads\/2025\/01\/DSC08021-1024x1024.jpg\" class=\"attachment-large size-large\" alt=\"\" srcset=\"https:\/\/lydenim.com\/wp-content\/uploads\/2025\/01\/DSC08021-1024x1024.jpg 1024w, https:\/\/lydenim.com\/wp-content\/uploads\/2025\/01\/DSC08021-300x300.jpg 300w, https:\/\/lydenim.com\/wp-content\/uploads\/2025\/01\/DSC08021-150x150.jpg 150w, https:\/\/lydenim.com\/wp-content\/uploads\/2025\/01\/DSC08021-scaled-600x600.jpg 600w, https:\/\/lydenim.com\/wp-content\/uploads\/2025\/01\/DSC08021-768x768.jpg 768w, https:\/\/lydenim.com\/wp-content\/uploads\/2025\/01\/DSC08021-1536x1536.jpg 1536w, https:\/\/lydenim.com\/wp-content\/uploads\/2025\/01\/DSC08021-2048x2048.jpg 2048w, https:\/\/lydenim.com\/wp-content\/uploads\/2025\/01\/DSC08021-12x12.jpg 12w\" sizes=\"auto, (max-width: 1024px) 100vw, 1024px\" \/>\t\t<\/a>\n\n\t\t\t\t\t<div class=\"hover-img\">\n\t\t\t\t<img loading=\"lazy\" decoding=\"async\" width=\"1024\" height=\"928\" src=\"https:\/\/lydenim.com\/wp-content\/uploads\/2025\/01\/DSC08015-1024x928.jpg\" class=\"attachment-large size-large\" alt=\"\" srcset=\"https:\/\/lydenim.com\/wp-content\/uploads\/2025\/01\/DSC08015-1024x928.jpg 1024w, https:\/\/lydenim.com\/wp-content\/uploads\/2025\/01\/DSC08015-scaled-150x136.jpg 150w, https:\/\/lydenim.com\/wp-content\/uploads\/2025\/01\/DSC08015-scaled-600x544.jpg 600w, https:\/\/lydenim.com\/wp-content\/uploads\/2025\/01\/DSC08015-300x272.jpg 300w, https:\/\/lydenim.com\/wp-content\/uploads\/2025\/01\/DSC08015-768x696.jpg 768w, https:\/\/lydenim.com\/wp-content\/uploads\/2025\/01\/DSC08015-1536x1392.jpg 1536w, https:\/\/lydenim.com\/wp-content\/uploads\/2025\/01\/DSC08015-2048x1856.jpg 2048w, https:\/\/lydenim.com\/wp-content\/uploads\/2025\/01\/DSC08015-13x12.jpg 13w\" sizes=\"auto, (max-width: 1024px) 100vw, 1024px\" \/>\t\t\t<\/div>\n\t\t\t\t\t<div class=\"wd-buttons wd-pos-r-t\">\n\t\t\t\t\t\t\t\t\t\t\t\t\t\t<\/div>\n\n\t\t\t\t\t\t\t\t<\/div>\n\t\t\t<h3 class=\"wd-entities-title\"><a href=\"https:\/\/lydenim.com\/pt\/produto\/1056-3-tecido-jeans-preto-mercerizado-duravel-e-estiloso\/\">1056-3 Tecido Denim Preto Mercerizado \u2013 Dur\u00e1vel e Elegante<\/a><\/h3>\n\t\t\t<div class=\"wd-product-cats\">\n\t\t\t<a href=\"https:\/\/lydenim.com\/pt\/categoria-produto\/senhor\/12s\/\" rel=\"tag\">12S<\/a>, <a href=\"https:\/\/lydenim.com\/pt\/categoria-produto\/tecido-de-algodao\/\" rel=\"tag\">Tecido de algod\u00e3o<\/a>, <a href=\"https:\/\/lydenim.com\/pt\/categoria-produto\/tecido-jeans-de-algodao-poliester-elastano\/\" rel=\"tag\">Tecido de ganga de algod\u00e3o\/poli\u00e9ster\/elastano<\/a>, <a href=\"https:\/\/lydenim.com\/pt\/categoria-produto\/tecido-denim-de-alta-elasticidade\/\" rel=\"tag\">Tecido de ganga de alta elasticidade<\/a>\t\t<\/div>\n\t\t\t\t\n\n\t\n\t\n\t\t<\/div>\n<\/div>\n\t\t\t\t\t\t\t\t<div class=\"wd-product wd-hover-quick wd-col product-grid-item product type-product post-4002 status-publish first instock product_cat-10s-spuer-siro product_cat-10s product_cat-cotton-woven-fabric product_cat-cotton-polyster-spandex-denim-fabric product_cat-non-elastic product_cat-siro product_cat-spuer-siro has-post-thumbnail shipping-taxable product-type-simple\" data-loop=\"12\" data-id=\"4002\">\n\t\n\t\n<div class=\"product-wrapper\">\n\t<div class=\"product-element-top wd-quick-shop\">\n\t\t<a href=\"https:\/\/lydenim.com\/pt\/produto\/10s-denim-preto-antidesbotamento-2165-21-tecido-com-textura-slub-duravel\/\" class=\"product-image-link\" aria-label=\"10S Denim Preto Antidesbotante 2165-21 \u2013 Tecido com Textura Slub Dur\u00e1vel\">\n\t\t\t<img loading=\"lazy\" decoding=\"async\" width=\"814\" height=\"1024\" src=\"https:\/\/lydenim.com\/wp-content\/uploads\/2025\/03\/IMG_5500-e1741665714615-814x1024.jpg\" class=\"attachment-large size-large\" alt=\"\" srcset=\"https:\/\/lydenim.com\/wp-content\/uploads\/2025\/03\/IMG_5500-e1741665714615-814x1024.jpg 814w, https:\/\/lydenim.com\/wp-content\/uploads\/2025\/03\/IMG_5500-e1741665714615-239x300.jpg 239w, https:\/\/lydenim.com\/wp-content\/uploads\/2025\/03\/IMG_5500-e1741665714615-768x966.jpg 768w, https:\/\/lydenim.com\/wp-content\/uploads\/2025\/03\/IMG_5500-e1741665714615-1221x1536.jpg 1221w, https:\/\/lydenim.com\/wp-content\/uploads\/2025\/03\/IMG_5500-e1741665714615-10x12.jpg 10w, https:\/\/lydenim.com\/wp-content\/uploads\/2025\/03\/IMG_5500-e1741665714615-600x755.jpg 600w, https:\/\/lydenim.com\/wp-content\/uploads\/2025\/03\/IMG_5500-e1741665714615-150x189.jpg 150w, https:\/\/lydenim.com\/wp-content\/uploads\/2025\/03\/IMG_5500-e1741665714615.jpg 1548w\" sizes=\"auto, (max-width: 814px) 100vw, 814px\" \/>\t\t<\/a>\n\n\t\t\t\t\t<div class=\"hover-img\">\n\t\t\t\t<img loading=\"lazy\" decoding=\"async\" width=\"1024\" height=\"1024\" src=\"https:\/\/lydenim.com\/wp-content\/uploads\/2025\/03\/IMG_5502-1024x1024.jpg\" class=\"attachment-large size-large\" alt=\"\" srcset=\"https:\/\/lydenim.com\/wp-content\/uploads\/2025\/03\/IMG_5502-1024x1024.jpg 1024w, https:\/\/lydenim.com\/wp-content\/uploads\/2025\/03\/IMG_5502-300x300.jpg 300w, https:\/\/lydenim.com\/wp-content\/uploads\/2025\/03\/IMG_5502-150x150.jpg 150w, https:\/\/lydenim.com\/wp-content\/uploads\/2025\/03\/IMG_5502-768x768.jpg 768w, https:\/\/lydenim.com\/wp-content\/uploads\/2025\/03\/IMG_5502-1536x1536.jpg 1536w, https:\/\/lydenim.com\/wp-content\/uploads\/2025\/03\/IMG_5502-2048x2048.jpg 2048w, https:\/\/lydenim.com\/wp-content\/uploads\/2025\/03\/IMG_5502-12x12.jpg 12w, https:\/\/lydenim.com\/wp-content\/uploads\/2025\/03\/IMG_5502-600x600.jpg 600w\" sizes=\"auto, (max-width: 1024px) 100vw, 1024px\" \/>\t\t\t<\/div>\n\t\t\t\t\t<div class=\"wd-buttons wd-pos-r-t\">\n\t\t\t\t\t\t\t\t\t\t\t\t\t\t<\/div>\n\n\t\t\t\t\t\t\t\t<\/div>\n\t\t\t<h3 class=\"wd-entities-title\"><a href=\"https:\/\/lydenim.com\/pt\/produto\/10s-denim-preto-antidesbotamento-2165-21-tecido-com-textura-slub-duravel\/\">10S Denim Preto Antidesbotante 2165-21 \u2013 Tecido com Textura Slub Dur\u00e1vel<\/a><\/h3>\n\t\t\t<div class=\"wd-product-cats\">\n\t\t\t<a href=\"https:\/\/lydenim.com\/pt\/categoria-produto\/siro-de-espuma\/\" rel=\"tag\">Salve Siro<\/a>, <a href=\"https:\/\/lydenim.com\/pt\/categoria-produto\/siro-de-espuma\/10s-spuer-siro\/\" rel=\"tag\">10S<\/a>, <a href=\"https:\/\/lydenim.com\/pt\/categoria-produto\/senhor\/\" rel=\"tag\">Siro<\/a>, <a href=\"https:\/\/lydenim.com\/pt\/categoria-produto\/senhor\/10s\/\" rel=\"tag\">10S<\/a>, <a href=\"https:\/\/lydenim.com\/pt\/categoria-produto\/tecido-de-algodao\/\" rel=\"tag\">Tecido de algod\u00e3o<\/a>, <a href=\"https:\/\/lydenim.com\/pt\/categoria-produto\/tecido-jeans-de-algodao-poliester-elastano\/\" rel=\"tag\">Tecido de ganga de algod\u00e3o\/poli\u00e9ster\/elastano<\/a>, <a href=\"https:\/\/lydenim.com\/pt\/categoria-produto\/nao-elastico\/\" rel=\"tag\">N\u00e3o El\u00e1stico<\/a>\t\t<\/div>\n\t\t\t\t\n\n\t\n\t\n\t\t<\/div>\n<\/div>\n\t\t\n\t\t\t\t<\/div>\n\t\n\t\t\n\t\t\t\t\t\t\t\t\t\t\t\t\t\t\t\t\t\t\t\t\t\t\t\t\t\t\t\t<div class=\"wd-loop-footer products-footer\">\n\t\t\t\t\t<nav class=\"woocommerce-pagination wd-pagination\" aria-label=\"Pagina\u00e7\u00e3o do produto\">\n\t\t\t\t<ul class='page-numbers'>\n\t<li><span aria-label=\"P\u00e1gina 1\" aria-current=\"page\" class=\"page-numbers current\">1<\/span><\/li>\n\t<li><a aria-label=\"P\u00e1gina 2\" class=\"page-numbers\" href=\"\/pt\/wp-json\/wp\/v2\/pages\/5759?product-page=2\">2<\/a><\/li>\n\t<li><a aria-label=\"P\u00e1gina 3\" class=\"page-numbers\" href=\"\/pt\/wp-json\/wp\/v2\/pages\/5759?product-page=3\">3<\/a><\/li>\n\t<li><a aria-label=\"P\u00e1gina 4\" class=\"page-numbers\" href=\"\/pt\/wp-json\/wp\/v2\/pages\/5759?product-page=4\">4<\/a><\/li>\n\t<li><span class=\"page-numbers dots\">\u2026<\/span><\/li>\n\t<li><a aria-label=\"P\u00e1gina 18\" class=\"page-numbers\" href=\"\/pt\/wp-json\/wp\/v2\/pages\/5759?product-page=18\">18<\/a><\/li>\n\t<li><a aria-label=\"P\u00e1gina 19\" class=\"page-numbers\" href=\"\/pt\/wp-json\/wp\/v2\/pages\/5759?product-page=19\">19<\/a><\/li>\n\t<li><a aria-label=\"P\u00e1gina 20\" class=\"page-numbers\" href=\"\/pt\/wp-json\/wp\/v2\/pages\/5759?product-page=20\">20<\/a><\/li>\n\t<li><a class=\"next page-numbers\" href=\"\/pt\/wp-json\/wp\/v2\/pages\/5759?product-page=2\">\u2192<\/a><\/li>\n<\/ul>\n\t\t\t<\/nav>\n\t\t\t<\/div>\n\t\t\t\t\t\n\t\t\t\t\t<\/div>\n\t\t\n\t\t\t\t\t\t<\/div>\n\t\t\t\t<\/div>\n\t\t\t\t<\/div>\n\t\t\t\t\t<\/div>\n\t\t\t\t<\/div>\n\t\t\t\t<\/div>","protected":false},"excerpt":{"rendered":"<p>Pesquisar produtos Categorias de produtos Cole\u00e7\u00e3o est\u00e9tica Tecido de algod\u00e3o Tecido de algod\u00e3o\/poli\u00e9ster\/elastano Tecido jeans Aconchegante Tecido jeans com elasticidade m\u00e9dia Tecido jeans com elasticidade alta<\/p>","protected":false},"author":2,"featured_media":0,"parent":0,"menu_order":0,"comment_status":"closed","ping_status":"closed","template":"","meta":{"two_page_speed":[],"footnotes":""},"class_list":["post-5759","page","type-page","status-publish","hentry"],"aioseo_notices":[],"_links":{"self":[{"href":"https:\/\/lydenim.com\/pt\/wp-json\/wp\/v2\/pages\/5759","targetHints":{"allow":["GET"]}}],"collection":[{"href":"https:\/\/lydenim.com\/pt\/wp-json\/wp\/v2\/pages"}],"about":[{"href":"https:\/\/lydenim.com\/pt\/wp-json\/wp\/v2\/types\/page"}],"author":[{"embeddable":true,"href":"https:\/\/lydenim.com\/pt\/wp-json\/wp\/v2\/users\/2"}],"replies":[{"embeddable":true,"href":"https:\/\/lydenim.com\/pt\/wp-json\/wp\/v2\/comments?post=5759"}],"version-history":[{"count":7,"href":"https:\/\/lydenim.com\/pt\/wp-json\/wp\/v2\/pages\/5759\/revisions"}],"predecessor-version":[{"id":5766,"href":"https:\/\/lydenim.com\/pt\/wp-json\/wp\/v2\/pages\/5759\/revisions\/5766"}],"wp:attachment":[{"href":"https:\/\/lydenim.com\/pt\/wp-json\/wp\/v2\/media?parent=5759"}],"curies":[{"name":"wp","href":"https:\/\/api.w.org\/{rel}","templated":true}]}}