{"id":2996,"date":"2025-02-10T16:03:38","date_gmt":"2025-02-10T08:03:38","guid":{"rendered":"https:\/\/lydenim.com\/?post_type=product&#038;p=2996"},"modified":"2025-02-10T16:10:24","modified_gmt":"2025-02-10T08:10:24","slug":"jacquard-fabric-53352","status":"publish","type":"product","link":"https:\/\/lydenim.com\/pt\/produto\/tecido-jacquard-53352\/","title":{"rendered":"Tecido Jacquard Dur\u00e1vel 53352 com Design de La\u00e7o | Perfeito para Projetos de Moda e Estofamento"},"content":{"rendered":"<ul>\n<li>\n<h2><strong>\ud83c\udf3f Vis\u00e3o geral do produto<\/strong><\/h2>\n<p><strong>N\u00famero do modelo:<\/strong> 53352<br \/>\n<strong>Tipo:<\/strong> Tecido Jacquard (Design de La\u00e7o Curto)<\/p>\n<h3><strong>\ud83e\uddf5 Composi\u00e7\u00e3o do material<\/strong><\/h3>\n<p>\ud83d\udd39 <strong>80% Algod\u00e3o<\/strong> \u2013 Macio, respir\u00e1vel e hipoalerg\u00eanico<br \/>\n\ud83d\udd39 <strong>Poli\u00e9ster 20%<\/strong> \u2013 Resistente a rugas e dur\u00e1vel<\/p>\n<h3><strong>\ud83c\udfa8 Op\u00e7\u00f5es de cores<\/strong><\/h3>\n<ul>\n<li><strong>Azul<\/strong><\/li>\n<li><em>Cores personalizadas dispon\u00edveis mediante solicita\u00e7\u00e3o<\/em><\/li>\n<\/ul>\n<h3><strong>\ud83d\udccf Dimens\u00f5es<\/strong><\/h3>\n<ul>\n<li><strong>Largura:<\/strong> 180 cm (70,9 polegadas) <em>(Personaliz\u00e1vel)<\/em><\/li>\n<li><strong>Peso:<\/strong> Padr\u00e3o 430g <em>(Ajust\u00e1vel)<\/em><\/li>\n<li><strong>Contagem de fios:<\/strong> Personaliz\u00e1vel<\/li>\n<li><strong>Tamanho do padr\u00e3o:<\/strong> Comprimento <strong>1,5 cm (0,59 polegadas)<\/strong>, Largura <strong>1 cm (0,39 polegadas)<\/strong><\/li>\n<\/ul>\n<h3><strong>\u2705 Principais vantagens<\/strong><\/h3>\n<h4>\ud83c\udf31 <strong>Fabrica\u00e7\u00e3o Ecol\u00f3gica<\/strong><\/h4>\n<ul>\n<li><strong>F\u00e1bricas movidas a energia solar<\/strong> com <strong>90% reciclagem de \u00e1gua<\/strong><\/li>\n<li><strong>Certificado OEKO-TEX\u00ae<\/strong>, livre de produtos qu\u00edmicos nocivos<\/li>\n<\/ul>\n<h4>\ud83c\udfaf <strong>Solu\u00e7\u00f5es Personalizadas<\/strong><\/h4>\n<ul>\n<li>Personaliz\u00e1vel <strong>cor, contagem de fios e peso<\/strong><\/li>\n<li><strong>Quantidade m\u00ednima de pedido flex\u00edvel para pedidos de pequeno volume<\/strong><\/li>\n<li><strong>Prote\u00e7\u00e3o da propriedade intelectual para designs originais<\/strong><\/li>\n<\/ul>\n<h4>\ud83d\udc57 <strong>Aplica\u00e7\u00f5es Vers\u00e1teis<\/strong><\/h4>\n<ul>\n<li><strong>Moda:<\/strong> Casacos, vestidos, ternos, cachec\u00f3is, forros<\/li>\n<li><strong>Decora\u00e7\u00e3o de casa:<\/strong> Cortinas, Almofadas, Estofados<\/li>\n<li><strong>Projetos Criativos:<\/strong> Arte T\u00eaxtil, Instala\u00e7\u00f5es<\/li>\n<\/ul>\n<h4>\ud83d\udd27 <strong>Alto desempenho<\/strong><\/h4>\n<ul>\n<li><strong>Mistura de algod\u00e3o e poli\u00e9ster<\/strong> garante um equil\u00edbrio perfeito entre conforto e durabilidade<\/li>\n<li><strong>Mais de 100.000 ciclos de abras\u00e3o (certifica\u00e7\u00e3o ASTM D4966)<\/strong><\/li>\n<\/ul>\n<h3><strong>\ud83d\udce6 Produ\u00e7\u00e3o e Log\u00edstica<\/strong><\/h3>\n<ul>\n<li><strong>Feito na china<\/strong><\/li>\n<li><strong>Tecnologia de tecelagem baseada em IA no Delta do Rio Yangtze<\/strong><\/li>\n<li><strong>Sistema de Gest\u00e3o da Qualidade ISO 9001<\/strong><\/li>\n<\/ul>\n<h4>\u26a1 <strong>Entrega<\/strong><\/h4>\n<ul>\n<li><strong>Amostragem:<\/strong> 5 dias \u00fateis <em>(Sujeito a comunica\u00e7\u00e3o)<\/em><\/li>\n<li><strong>Pedidos em grandes quantidades:<\/strong> 3-4 semanas <strong>envio para todo o mundo<\/strong> <em>(O prazo final de entrega depende da empresa de log\u00edstica)<\/em><\/li>\n<\/ul>\n<\/li>\n<\/ul>","protected":false},"excerpt":{"rendered":"<h4><strong>Vis\u00e3o geral do produto<\/strong><\/h4>\n<ul>\n<li><strong>N\u00famero do modelo<\/strong>: 53352<\/li>\n<li><strong>Composi\u00e7\u00e3o do material<\/strong>: 80% Algod\u00e3o, 20% Poli\u00e9ster<\/li>\n<li><strong>Cor<\/strong>: Azul<\/li>\n<\/ul>\n<h4><strong>Especifica\u00e7\u00f5es do tecido<\/strong><\/h4>\n<ul>\n<li><strong>Tipo<\/strong>: Tecido Jacquard<\/li>\n<li><strong>Padr\u00e3o<\/strong>: Design de la\u00e7o curto<\/li>\n<li><strong>T\u00e9cnicas<\/strong>: Tecido<\/li>\n<li><strong>Largura<\/strong>: 180 cm (70,9 polegadas)<\/li>\n<li><strong>Peso<\/strong>: Personaliz\u00e1vel (Padr\u00e3o 430 g)<\/li>\n<li><strong>Contagem de fios<\/strong>: Personaliz\u00e1vel<\/li>\n<li><strong>Tamanho do padr\u00e3o<\/strong>: Comprimento 1,5 cm (0,59 polegadas), Largura 1 cm (0,39 polegadas)<\/li>\n<\/ul>\n<h4><strong>Estilo e uso<\/strong><\/h4>\n<ul>\n<li><strong>Estilo<\/strong>: Tecido Jacquard<\/li>\n<li><strong>Usar<\/strong>: Adequado para roupas, acess\u00f3rios e designs personalizados<\/li>\n<li><strong>Aplic\u00e1vel a<\/strong>: Mulheres e Homens<\/li>\n<\/ul>\n<h4><strong>Produ\u00e7\u00e3o e Origem<\/strong><\/h4>\n<ul>\n<li><strong>Lugar de origem<\/strong>: China<\/li>\n<li><strong>Tipo de fornecimento<\/strong>:Fazer sob encomenda<\/li>\n<\/ul>\n<h4><strong>Notas importantes<\/strong><\/h4>\n<ul>\n<li><strong>Dados do produto<\/strong>: As medidas da amostra s\u00e3o baseadas em padr\u00f5es espec\u00edficos e podem variar dependendo do lote de produ\u00e7\u00e3o.<\/li>\n<\/ul>","protected":false},"featured_media":2997,"template":"","meta":[],"product_brand":[],"product_cat":[41,48,49,42,50,43,45,38,46,39,40,47,35,20,30,33,44,37,34,58],"product_tag":[],"class_list":{"0":"post-2996","1":"product","2":"type-product","3":"status-publish","4":"has-post-thumbnail","6":"product_cat-10s","7":"product_cat-10s-oe","8":"product_cat-12s-oe","9":"product_cat-12s","10":"product_cat-16s-oe","11":"product_cat-16s","12":"product_cat-6s-oe","13":"product_cat-6s","14":"product_cat-7s-oe","15":"product_cat-7s","16":"product_cat-8s","17":"product_cat-8s-oe","18":"product_cat-aesthetic-collection","19":"product_cat-cotton-woven-fabric","20":"product_cat-cotton-polyster-spandex-denim-fabric","21":"product_cat-non-elastic","22":"product_cat-oe","23":"product_cat-siro","24":"product_cat-twill-fabric","25":"product_cat-ungrouped","27":"first","28":"instock","29":"shipping-taxable","30":"product-type-simple"},"aioseo_notices":[],"_links":{"self":[{"href":"https:\/\/lydenim.com\/pt\/wp-json\/wp\/v2\/product\/2996","targetHints":{"allow":["GET"]}}],"collection":[{"href":"https:\/\/lydenim.com\/pt\/wp-json\/wp\/v2\/product"}],"about":[{"href":"https:\/\/lydenim.com\/pt\/wp-json\/wp\/v2\/types\/product"}],"version-history":[{"count":1,"href":"https:\/\/lydenim.com\/pt\/wp-json\/wp\/v2\/product\/2996\/revisions"}],"predecessor-version":[{"id":3001,"href":"https:\/\/lydenim.com\/pt\/wp-json\/wp\/v2\/product\/2996\/revisions\/3001"}],"wp:featuredmedia":[{"embeddable":true,"href":"https:\/\/lydenim.com\/pt\/wp-json\/wp\/v2\/media\/2997"}],"wp:attachment":[{"href":"https:\/\/lydenim.com\/pt\/wp-json\/wp\/v2\/media?parent=2996"}],"wp:term":[{"taxonomy":"product_brand","embeddable":true,"href":"https:\/\/lydenim.com\/pt\/wp-json\/wp\/v2\/product_brand?post=2996"},{"taxonomy":"product_cat","embeddable":true,"href":"https:\/\/lydenim.com\/pt\/wp-json\/wp\/v2\/product_cat?post=2996"},{"taxonomy":"product_tag","embeddable":true,"href":"https:\/\/lydenim.com\/pt\/wp-json\/wp\/v2\/product_tag?post=2996"}],"curies":[{"name":"wp","href":"https:\/\/api.w.org\/{rel}","templated":true}]}}