{"id":3972,"date":"2025-03-09T18:19:02","date_gmt":"2025-03-09T10:19:02","guid":{"rendered":"https:\/\/lydenim.com\/?post_type=product&#038;p=3972"},"modified":"2025-03-09T18:22:47","modified_gmt":"2025-03-09T10:22:47","slug":"21s-plain-weave-with-slub-denim-fabric","status":"publish","type":"product","link":"https:\/\/lydenim.com\/pt\/produto\/tecido-liso-dos-anos-21-com-tecido-jeans-slub\/","title":{"rendered":"Tecido liso 21S com tecido jeans slub"},"content":{"rendered":"<h3 data-start=\"515\" data-end=\"544\"><strong data-start=\"519\" data-end=\"542\">\ud83c\udf0d Vis\u00e3o geral do produto<\/strong><\/h3>\n<ul data-start=\"545\" data-end=\"667\">\n<li data-start=\"545\" data-end=\"589\"><strong data-start=\"547\" data-end=\"564\">N\u00famero do modelo:<\/strong> 079Azul \/ 070 Preto<\/li>\n<li data-start=\"590\" data-end=\"640\"><strong data-start=\"592\" data-end=\"617\">Composi\u00e7\u00e3o do material:<\/strong> 98% Algod\u00e3o, 2% Rayon<\/li>\n<li data-start=\"641\" data-end=\"667\"><strong data-start=\"643\" data-end=\"653\">Cor:<\/strong> Azul, Preto<\/li>\n<\/ul>\n<h3 data-start=\"669\" data-end=\"703\"><strong data-start=\"673\" data-end=\"701\">\ud83e\uddf5 Especifica\u00e7\u00f5es do tecido<\/strong><\/h3>\n<ul data-start=\"704\" data-end=\"906\">\n<li data-start=\"704\" data-end=\"734\"><strong data-start=\"706\" data-end=\"715\">Tipo:<\/strong> Tecido jeans dos anos 21<\/li>\n<li data-start=\"735\" data-end=\"758\"><strong data-start=\"737\" data-end=\"750\">T\u00e9cnicas:<\/strong> Tecido<\/li>\n<li data-start=\"759\" data-end=\"794\"><strong data-start=\"761\" data-end=\"771\">Largura:<\/strong> 180 cm (70,9 polegadas)<\/li>\n<li data-start=\"795\" data-end=\"837\"><strong data-start=\"797\" data-end=\"808\">Peso:<\/strong> Aproximadamente 200g (Aprox. 7oz)<\/li>\n<li data-start=\"838\" data-end=\"861\"><strong data-start=\"840\" data-end=\"855\">Contagem de fios:<\/strong> 21S<\/li>\n<li data-start=\"862\" data-end=\"906\"><strong data-start=\"864\" data-end=\"874\">Estilo:<\/strong> Tecido liso com textura slub<\/li>\n<\/ul>\n<h3 data-start=\"908\" data-end=\"934\"><strong data-start=\"912\" data-end=\"932\">\ud83c\udfa8 Estilo e uso<\/strong><\/h3>\n<ul data-start=\"935\" data-end=\"1044\">\n<li data-start=\"935\" data-end=\"1002\"><strong data-start=\"937\" data-end=\"945\">Usar:<\/strong> Adequado para roupas, acess\u00f3rios e designs personalizados<\/li>\n<li data-start=\"1003\" data-end=\"1044\"><strong data-start=\"1005\" data-end=\"1023\">Aplic\u00e1vel a:<\/strong> Homens e mulheres<\/li>\n<\/ul>\n<h3 data-start=\"1046\" data-end=\"1078\"><strong data-start=\"1050\" data-end=\"1076\">\ud83c\udf0d Produ\u00e7\u00e3o e Origem<\/strong><\/h3>\n<ul data-start=\"1079\" data-end=\"1144\">\n<li data-start=\"1079\" data-end=\"1109\"><strong data-start=\"1081\" data-end=\"1101\">Local de origem:<\/strong> China<\/li>\n<li data-start=\"1110\" data-end=\"1144\"><strong data-start=\"1112\" data-end=\"1128\">Tipo de fornecimento:<\/strong> Fa\u00e7a sob encomenda<\/li>\n<\/ul>\n<h3 data-start=\"1146\" data-end=\"1174\"><strong data-start=\"1150\" data-end=\"1172\">\ud83d\udd11 Notas importantes<\/strong><\/h3>\n<ul data-start=\"1175\" data-end=\"1266\">\n<li data-start=\"1175\" data-end=\"1266\"><strong data-start=\"1177\" data-end=\"1194\">Dados do produto:<\/strong> As especifica\u00e7\u00f5es reais do produto podem variar dependendo do lote de produ\u00e7\u00e3o.<\/li>\n<\/ul>\n<hr data-start=\"1268\" data-end=\"1271\" \/>\n<h3 data-start=\"1273\" data-end=\"1302\"><\/h3>","protected":false},"excerpt":{"rendered":"<h3 data-start=\"515\" data-end=\"544\"><strong data-start=\"519\" data-end=\"542\">\ud83c\udf0d Vis\u00e3o geral do produto<\/strong><\/h3>\n<ul data-start=\"545\" data-end=\"667\">\n<li data-start=\"545\" data-end=\"589\"><strong data-start=\"547\" data-end=\"564\">N\u00famero do modelo:<\/strong> 079Azul \/ 070 Preto<\/li>\n<li data-start=\"590\" data-end=\"640\"><strong data-start=\"592\" data-end=\"617\">Composi\u00e7\u00e3o do material:<\/strong> 98% Algod\u00e3o, 2% Rayon<\/li>\n<li data-start=\"641\" data-end=\"667\"><strong data-start=\"643\" data-end=\"653\">Cor:<\/strong> Azul, Preto<\/li>\n<\/ul>\n<h3 data-start=\"669\" data-end=\"703\"><strong data-start=\"673\" data-end=\"701\">\ud83e\uddf5 Especifica\u00e7\u00f5es do tecido<\/strong><\/h3>\n<ul data-start=\"704\" data-end=\"906\">\n<li data-start=\"704\" data-end=\"734\"><strong data-start=\"706\" data-end=\"715\">Tipo:<\/strong> Tecido jeans dos anos 21<\/li>\n<li data-start=\"735\" data-end=\"758\"><strong data-start=\"737\" data-end=\"750\">T\u00e9cnicas:<\/strong> Tecido<\/li>\n<li data-start=\"759\" data-end=\"794\"><strong data-start=\"761\" data-end=\"771\">Largura:<\/strong> 180 cm (70,9 polegadas)<\/li>\n<li data-start=\"795\" data-end=\"837\"><strong data-start=\"797\" data-end=\"808\">Peso:<\/strong> Aproximadamente 200g (Aprox. 7oz)<\/li>\n<li data-start=\"838\" data-end=\"861\"><strong data-start=\"840\" data-end=\"855\">Contagem de fios:<\/strong> 21S<\/li>\n<li data-start=\"862\" data-end=\"906\"><strong data-start=\"864\" data-end=\"874\">Estilo:<\/strong> Tecido liso com textura slub<\/li>\n<\/ul>\n<h3 data-start=\"908\" data-end=\"934\"><strong data-start=\"912\" data-end=\"932\">\ud83c\udfa8 Estilo e uso<\/strong><\/h3>\n<ul data-start=\"935\" data-end=\"1044\">\n<li data-start=\"935\" data-end=\"1002\"><strong data-start=\"937\" data-end=\"945\">Usar:<\/strong> Adequado para roupas, acess\u00f3rios e designs personalizados<\/li>\n<li data-start=\"1003\" data-end=\"1044\"><strong data-start=\"1005\" data-end=\"1023\">Aplic\u00e1vel a:<\/strong> Homens e mulheres<\/li>\n<\/ul>\n<h3 data-start=\"1046\" data-end=\"1078\"><strong data-start=\"1050\" data-end=\"1076\">\ud83c\udf0d Produ\u00e7\u00e3o e Origem<\/strong><\/h3>\n<ul data-start=\"1079\" data-end=\"1144\">\n<li data-start=\"1079\" data-end=\"1109\"><strong data-start=\"1081\" data-end=\"1101\">Local de origem:<\/strong> China<\/li>\n<li data-start=\"1110\" data-end=\"1144\"><strong data-start=\"1112\" data-end=\"1128\">Tipo de fornecimento:<\/strong> Fa\u00e7a sob encomenda<\/li>\n<\/ul>\n<h3 data-start=\"1146\" data-end=\"1174\"><strong data-start=\"1150\" data-end=\"1172\">\ud83d\udd11 Notas importantes<\/strong><\/h3>\n<ul data-start=\"1175\" data-end=\"1266\">\n<li data-start=\"1175\" data-end=\"1266\"><strong data-start=\"1177\" data-end=\"1194\">Dados do produto:<\/strong> As especifica\u00e7\u00f5es reais do produto podem variar dependendo do lote de produ\u00e7\u00e3o.<\/li>\n<\/ul>\n<hr data-start=\"1268\" data-end=\"1271\" \/>\n<h3 data-start=\"1273\" data-end=\"1302\"><\/h3>","protected":false},"featured_media":3973,"template":"","meta":[],"product_brand":[],"product_cat":[20,30,36,33,44,37,51,34],"product_tag":[],"class_list":{"0":"post-3972","1":"product","2":"type-product","3":"status-publish","4":"has-post-thumbnail","6":"product_cat-cotton-woven-fabric","7":"product_cat-cotton-polyster-spandex-denim-fabric","8":"product_cat-knit-fabric","9":"product_cat-non-elastic","10":"product_cat-oe","11":"product_cat-siro","12":"product_cat-spuer-siro","13":"product_cat-twill-fabric","15":"first","16":"instock","17":"shipping-taxable","18":"product-type-simple"},"aioseo_notices":[],"_links":{"self":[{"href":"https:\/\/lydenim.com\/pt\/wp-json\/wp\/v2\/product\/3972","targetHints":{"allow":["GET"]}}],"collection":[{"href":"https:\/\/lydenim.com\/pt\/wp-json\/wp\/v2\/product"}],"about":[{"href":"https:\/\/lydenim.com\/pt\/wp-json\/wp\/v2\/types\/product"}],"version-history":[{"count":2,"href":"https:\/\/lydenim.com\/pt\/wp-json\/wp\/v2\/product\/3972\/revisions"}],"predecessor-version":[{"id":3979,"href":"https:\/\/lydenim.com\/pt\/wp-json\/wp\/v2\/product\/3972\/revisions\/3979"}],"wp:featuredmedia":[{"embeddable":true,"href":"https:\/\/lydenim.com\/pt\/wp-json\/wp\/v2\/media\/3973"}],"wp:attachment":[{"href":"https:\/\/lydenim.com\/pt\/wp-json\/wp\/v2\/media?parent=3972"}],"wp:term":[{"taxonomy":"product_brand","embeddable":true,"href":"https:\/\/lydenim.com\/pt\/wp-json\/wp\/v2\/product_brand?post=3972"},{"taxonomy":"product_cat","embeddable":true,"href":"https:\/\/lydenim.com\/pt\/wp-json\/wp\/v2\/product_cat?post=3972"},{"taxonomy":"product_tag","embeddable":true,"href":"https:\/\/lydenim.com\/pt\/wp-json\/wp\/v2\/product_tag?post=3972"}],"curies":[{"name":"wp","href":"https:\/\/api.w.org\/{rel}","templated":true}]}}