{"id":4484,"date":"2025-03-29T16:07:16","date_gmt":"2025-03-29T08:07:16","guid":{"rendered":"https:\/\/lydenim.com\/?post_type=product&#038;p=4484"},"modified":"2025-03-29T16:16:37","modified_gmt":"2025-03-29T08:16:37","slug":"7399k-8-black-stretch-selvedge","status":"publish","type":"product","link":"https:\/\/lydenim.com\/pt\/produto\/7399k-8-orla-elastica-preta\/","title":{"rendered":"7399K-8 Jeans Stretch Selvedge Preto \u2013 Tecido de Alta Qualidade"},"content":{"rendered":"<h3 data-start=\"484\" data-end=\"513\"><strong data-start=\"488\" data-end=\"511\">\ud83c\udf0d Vis\u00e3o geral do produto<\/strong><\/h3>\n<ul data-start=\"514\" data-end=\"649\">\n<li data-start=\"514\" data-end=\"575\"><strong data-start=\"516\" data-end=\"533\">N\u00famero do modelo:<\/strong> 7399K-8 Jeans Selvedge Preto (El\u00e1stico)<\/li>\n<li data-start=\"576\" data-end=\"628\"><strong data-start=\"578\" data-end=\"603\">Composi\u00e7\u00e3o do material:<\/strong> 98% Algod\u00e3o, 2% Elastano<\/li>\n<li data-start=\"629\" data-end=\"649\"><strong data-start=\"631\" data-end=\"641\">Cor:<\/strong> Preto<\/li>\n<\/ul>\n<h3 data-start=\"651\" data-end=\"685\"><strong data-start=\"655\" data-end=\"683\">\ud83e\uddf5 Especifica\u00e7\u00f5es do tecido<\/strong><\/h3>\n<ul data-start=\"686\" data-end=\"862\">\n<li data-start=\"686\" data-end=\"729\"><strong data-start=\"688\" data-end=\"697\">Tipo:<\/strong> Tecido jeans el\u00e1stico com orla<\/li>\n<li data-start=\"730\" data-end=\"753\"><strong data-start=\"732\" data-end=\"745\">T\u00e9cnicas:<\/strong> Tecido<\/li>\n<li data-start=\"754\" data-end=\"789\"><strong data-start=\"756\" data-end=\"766\">Largura:<\/strong> 91,44 cm (36 polegadas)<\/li>\n<li data-start=\"790\" data-end=\"829\"><strong data-start=\"792\" data-end=\"803\">Peso:<\/strong> Aproximadamente 11,4 oz (323 g)<\/li>\n<li data-start=\"830\" data-end=\"862\"><strong data-start=\"832\" data-end=\"847\">Contagem de fios:<\/strong> Personaliz\u00e1vel<\/li>\n<\/ul>\n<h3 data-start=\"864\" data-end=\"890\"><strong data-start=\"868\" data-end=\"888\">\ud83c\udfa8 Estilo e uso<\/strong><\/h3>\n<ul data-start=\"891\" data-end=\"1000\">\n<li data-start=\"891\" data-end=\"958\"><strong data-start=\"893\" data-end=\"901\">Usar:<\/strong> Adequado para roupas, acess\u00f3rios e designs personalizados<\/li>\n<li data-start=\"959\" data-end=\"1000\"><strong data-start=\"961\" data-end=\"979\">Aplic\u00e1vel a:<\/strong> Homens e mulheres<\/li>\n<\/ul>\n<h3 data-start=\"1002\" data-end=\"1034\"><strong data-start=\"1006\" data-end=\"1032\">\ud83c\udf0d Produ\u00e7\u00e3o e Origem<\/strong><\/h3>\n<ul data-start=\"1035\" data-end=\"1100\">\n<li data-start=\"1035\" data-end=\"1065\"><strong data-start=\"1037\" data-end=\"1057\">Local de origem:<\/strong> China<\/li>\n<li data-start=\"1066\" data-end=\"1100\"><strong data-start=\"1068\" data-end=\"1084\">Tipo de fornecimento:<\/strong> Fa\u00e7a sob encomenda<\/li>\n<\/ul>\n<h3 data-start=\"1102\" data-end=\"1130\"><strong data-start=\"1106\" data-end=\"1128\">\ud83d\udd11 Notas importantes<\/strong><\/h3>\n<ul data-start=\"1131\" data-end=\"1222\">\n<li data-start=\"1131\" data-end=\"1222\"><strong data-start=\"1133\" data-end=\"1150\">Dados do produto:<\/strong> As especifica\u00e7\u00f5es reais do produto podem variar dependendo do lote de produ\u00e7\u00e3o.<\/li>\n<\/ul>","protected":false},"excerpt":{"rendered":"<h3 data-start=\"484\" data-end=\"513\"><strong data-start=\"488\" data-end=\"511\">\ud83c\udf0d Vis\u00e3o geral do produto<\/strong><\/h3>\n<ul data-start=\"514\" data-end=\"649\">\n<li data-start=\"514\" data-end=\"575\"><strong data-start=\"516\" data-end=\"533\">N\u00famero do modelo:<\/strong> 7399K-8 Jeans Selvedge Preto (El\u00e1stico)<\/li>\n<li data-start=\"576\" data-end=\"628\"><strong data-start=\"578\" data-end=\"603\">Composi\u00e7\u00e3o do material:<\/strong> 98% Algod\u00e3o, 2% Elastano<\/li>\n<li data-start=\"629\" data-end=\"649\"><strong data-start=\"631\" data-end=\"641\">Cor:<\/strong> Preto<\/li>\n<\/ul>\n<h3 data-start=\"651\" data-end=\"685\"><strong data-start=\"655\" data-end=\"683\">\ud83e\uddf5 Especifica\u00e7\u00f5es do tecido<\/strong><\/h3>\n<ul data-start=\"686\" data-end=\"862\">\n<li data-start=\"686\" data-end=\"729\"><strong data-start=\"688\" data-end=\"697\">Tipo:<\/strong> Tecido jeans el\u00e1stico com orla<\/li>\n<li data-start=\"730\" data-end=\"753\"><strong data-start=\"732\" data-end=\"745\">T\u00e9cnicas:<\/strong> Tecido<\/li>\n<li data-start=\"754\" data-end=\"789\"><strong data-start=\"756\" data-end=\"766\">Largura:<\/strong> 91,44 cm (36 polegadas)<\/li>\n<li data-start=\"790\" data-end=\"829\"><strong data-start=\"792\" data-end=\"803\">Peso:<\/strong> Aproximadamente 11,4 oz (323 g)<\/li>\n<li data-start=\"830\" data-end=\"862\"><strong data-start=\"832\" data-end=\"847\">Contagem de fios:<\/strong> Personaliz\u00e1vel<\/li>\n<\/ul>\n<h3 data-start=\"864\" data-end=\"890\"><strong data-start=\"868\" data-end=\"888\">\ud83c\udfa8 Estilo e uso<\/strong><\/h3>\n<ul data-start=\"891\" data-end=\"1000\">\n<li data-start=\"891\" data-end=\"958\"><strong data-start=\"893\" data-end=\"901\">Usar:<\/strong> Adequado para roupas, acess\u00f3rios e designs personalizados<\/li>\n<li data-start=\"959\" data-end=\"1000\"><strong data-start=\"961\" data-end=\"979\">Aplic\u00e1vel a:<\/strong> Homens e mulheres<\/li>\n<\/ul>\n<h3 data-start=\"1002\" data-end=\"1034\"><strong data-start=\"1006\" data-end=\"1032\">\ud83c\udf0d Produ\u00e7\u00e3o e Origem<\/strong><\/h3>\n<ul data-start=\"1035\" data-end=\"1100\">\n<li data-start=\"1035\" data-end=\"1065\"><strong data-start=\"1037\" data-end=\"1057\">Local de origem:<\/strong> China<\/li>\n<li data-start=\"1066\" data-end=\"1100\"><strong data-start=\"1068\" data-end=\"1084\">Tipo de fornecimento:<\/strong> Fa\u00e7a sob encomenda<\/li>\n<\/ul>\n<h3 data-start=\"1102\" data-end=\"1130\"><strong data-start=\"1106\" data-end=\"1128\">\ud83d\udd11 Notas importantes<\/strong><\/h3>\n<ul data-start=\"1131\" data-end=\"1222\">\n<li data-start=\"1131\" data-end=\"1222\"><strong data-start=\"1133\" data-end=\"1150\">Dados do produto:<\/strong> As especifica\u00e7\u00f5es reais do produto podem variar dependendo do lote de produ\u00e7\u00e3o.<\/li>\n<\/ul>","protected":false},"featured_media":4495,"template":"","meta":[],"product_brand":[],"product_cat":[35,20,37,51,34],"product_tag":[],"class_list":{"0":"post-4484","1":"product","2":"type-product","3":"status-publish","4":"has-post-thumbnail","6":"product_cat-aesthetic-collection","7":"product_cat-cotton-woven-fabric","8":"product_cat-siro","9":"product_cat-spuer-siro","10":"product_cat-twill-fabric","12":"first","13":"instock","14":"shipping-taxable","15":"product-type-simple"},"aioseo_notices":[],"_links":{"self":[{"href":"https:\/\/lydenim.com\/pt\/wp-json\/wp\/v2\/product\/4484","targetHints":{"allow":["GET"]}}],"collection":[{"href":"https:\/\/lydenim.com\/pt\/wp-json\/wp\/v2\/product"}],"about":[{"href":"https:\/\/lydenim.com\/pt\/wp-json\/wp\/v2\/types\/product"}],"version-history":[{"count":2,"href":"https:\/\/lydenim.com\/pt\/wp-json\/wp\/v2\/product\/4484\/revisions"}],"predecessor-version":[{"id":4499,"href":"https:\/\/lydenim.com\/pt\/wp-json\/wp\/v2\/product\/4484\/revisions\/4499"}],"wp:featuredmedia":[{"embeddable":true,"href":"https:\/\/lydenim.com\/pt\/wp-json\/wp\/v2\/media\/4495"}],"wp:attachment":[{"href":"https:\/\/lydenim.com\/pt\/wp-json\/wp\/v2\/media?parent=4484"}],"wp:term":[{"taxonomy":"product_brand","embeddable":true,"href":"https:\/\/lydenim.com\/pt\/wp-json\/wp\/v2\/product_brand?post=4484"},{"taxonomy":"product_cat","embeddable":true,"href":"https:\/\/lydenim.com\/pt\/wp-json\/wp\/v2\/product_cat?post=4484"},{"taxonomy":"product_tag","embeddable":true,"href":"https:\/\/lydenim.com\/pt\/wp-json\/wp\/v2\/product_tag?post=4484"}],"curies":[{"name":"wp","href":"https:\/\/api.w.org\/{rel}","templated":true}]}}