{"id":4500,"date":"2025-03-29T16:18:36","date_gmt":"2025-03-29T08:18:36","guid":{"rendered":"https:\/\/lydenim.com\/?post_type=product&#038;p=4500"},"modified":"2025-03-29T16:23:16","modified_gmt":"2025-03-29T08:23:16","slug":"7731484-21t-black-stretch-selvedge","status":"publish","type":"product","link":"https:\/\/lydenim.com\/pt\/produto\/7731484-21t-preto-elastico-com-orla\/","title":{"rendered":"7731484-21T Jeans Preto El\u00e1stico com Orla \u2013 Design Personaliz\u00e1vel"},"content":{"rendered":"<h3 data-start=\"490\" data-end=\"519\"><strong data-start=\"494\" data-end=\"517\">\ud83c\udf0d Vis\u00e3o geral do produto<\/strong><\/h3>\n<ul data-start=\"520\" data-end=\"658\">\n<li data-start=\"520\" data-end=\"584\"><strong data-start=\"522\" data-end=\"539\">N\u00famero do modelo:<\/strong> 7731484-21T Jeans Preto com Orla (El\u00e1stico)<\/li>\n<li data-start=\"585\" data-end=\"637\"><strong data-start=\"587\" data-end=\"612\">Composi\u00e7\u00e3o do material:<\/strong> 98% Algod\u00e3o, 2% Elastano<\/li>\n<li data-start=\"638\" data-end=\"658\"><strong data-start=\"640\" data-end=\"650\">Cor:<\/strong> Preto<\/li>\n<\/ul>\n<h3 data-start=\"660\" data-end=\"694\"><strong data-start=\"664\" data-end=\"692\">\ud83e\uddf5 Especifica\u00e7\u00f5es do tecido<\/strong><\/h3>\n<ul data-start=\"695\" data-end=\"874\">\n<li data-start=\"695\" data-end=\"738\"><strong data-start=\"697\" data-end=\"706\">Tipo:<\/strong> Tecido jeans el\u00e1stico com orla<\/li>\n<li data-start=\"739\" data-end=\"762\"><strong data-start=\"741\" data-end=\"754\">T\u00e9cnicas:<\/strong> Tecido<\/li>\n<li data-start=\"763\" data-end=\"803\"><strong data-start=\"765\" data-end=\"775\">Largura:<\/strong> 86-89 cm (33,9-35 polegadas)<\/li>\n<li data-start=\"804\" data-end=\"841\"><strong data-start=\"806\" data-end=\"817\">Peso:<\/strong> Aproximadamente 12 oz (340 g)<\/li>\n<li data-start=\"842\" data-end=\"874\"><strong data-start=\"844\" data-end=\"859\">Contagem de fios:<\/strong> Personaliz\u00e1vel<\/li>\n<\/ul>\n<h3 data-start=\"876\" data-end=\"902\"><strong data-start=\"880\" data-end=\"900\">\ud83c\udfa8 Estilo e uso<\/strong><\/h3>\n<ul data-start=\"903\" data-end=\"1012\">\n<li data-start=\"903\" data-end=\"970\"><strong data-start=\"905\" data-end=\"913\">Usar:<\/strong> Adequado para roupas, acess\u00f3rios e designs personalizados<\/li>\n<li data-start=\"971\" data-end=\"1012\"><strong data-start=\"973\" data-end=\"991\">Aplic\u00e1vel a:<\/strong> Homens e mulheres<\/li>\n<\/ul>\n<h3 data-start=\"1014\" data-end=\"1046\"><strong data-start=\"1018\" data-end=\"1044\">\ud83c\udf0d Produ\u00e7\u00e3o e Origem<\/strong><\/h3>\n<ul data-start=\"1047\" data-end=\"1112\">\n<li data-start=\"1047\" data-end=\"1077\"><strong data-start=\"1049\" data-end=\"1069\">Local de origem:<\/strong> China<\/li>\n<li data-start=\"1078\" data-end=\"1112\"><strong data-start=\"1080\" data-end=\"1096\">Tipo de fornecimento:<\/strong> Fa\u00e7a sob encomenda<\/li>\n<\/ul>\n<h3 data-start=\"1114\" data-end=\"1142\"><strong data-start=\"1118\" data-end=\"1140\">\ud83d\udd11 Notas importantes<\/strong><\/h3>\n<ul data-start=\"1143\" data-end=\"1234\">\n<li data-start=\"1143\" data-end=\"1234\"><strong data-start=\"1145\" data-end=\"1162\">Dados do produto:<\/strong> As especifica\u00e7\u00f5es reais do produto podem variar dependendo do lote de produ\u00e7\u00e3o.<\/li>\n<\/ul>","protected":false},"excerpt":{"rendered":"<h3 data-start=\"490\" data-end=\"519\"><strong data-start=\"494\" data-end=\"517\">\ud83c\udf0d Vis\u00e3o geral do produto<\/strong><\/h3>\n<ul data-start=\"520\" data-end=\"658\">\n<li data-start=\"520\" data-end=\"584\"><strong data-start=\"522\" data-end=\"539\">N\u00famero do modelo:<\/strong> 7731484-21T Jeans Preto com Orla (El\u00e1stico)<\/li>\n<li data-start=\"585\" data-end=\"637\"><strong data-start=\"587\" data-end=\"612\">Composi\u00e7\u00e3o do material:<\/strong> 98% Algod\u00e3o, 2% Elastano<\/li>\n<li data-start=\"638\" data-end=\"658\"><strong data-start=\"640\" data-end=\"650\">Cor:<\/strong> Preto<\/li>\n<\/ul>\n<h3 data-start=\"660\" data-end=\"694\"><strong data-start=\"664\" data-end=\"692\">\ud83e\uddf5 Especifica\u00e7\u00f5es do tecido<\/strong><\/h3>\n<ul data-start=\"695\" data-end=\"874\">\n<li data-start=\"695\" data-end=\"738\"><strong data-start=\"697\" data-end=\"706\">Tipo:<\/strong> Tecido jeans el\u00e1stico com orla<\/li>\n<li data-start=\"739\" data-end=\"762\"><strong data-start=\"741\" data-end=\"754\">T\u00e9cnicas:<\/strong> Tecido<\/li>\n<li data-start=\"763\" data-end=\"803\"><strong data-start=\"765\" data-end=\"775\">Largura:<\/strong> 86-89 cm (33,9-35 polegadas)<\/li>\n<li data-start=\"804\" data-end=\"841\"><strong data-start=\"806\" data-end=\"817\">Peso:<\/strong> Aproximadamente 12 oz (340 g)<\/li>\n<li data-start=\"842\" data-end=\"874\"><strong data-start=\"844\" data-end=\"859\">Contagem de fios:<\/strong> Personaliz\u00e1vel<\/li>\n<\/ul>\n<h3 data-start=\"876\" data-end=\"902\"><strong data-start=\"880\" data-end=\"900\">\ud83c\udfa8 Estilo e uso<\/strong><\/h3>\n<ul data-start=\"903\" data-end=\"1012\">\n<li data-start=\"903\" data-end=\"970\"><strong data-start=\"905\" data-end=\"913\">Usar:<\/strong> Adequado para roupas, acess\u00f3rios e designs personalizados<\/li>\n<li data-start=\"971\" data-end=\"1012\"><strong data-start=\"973\" data-end=\"991\">Aplic\u00e1vel a:<\/strong> Homens e mulheres<\/li>\n<\/ul>\n<h3 data-start=\"1014\" data-end=\"1046\"><strong data-start=\"1018\" data-end=\"1044\">\ud83c\udf0d Produ\u00e7\u00e3o e Origem<\/strong><\/h3>\n<ul data-start=\"1047\" data-end=\"1112\">\n<li data-start=\"1047\" data-end=\"1077\"><strong data-start=\"1049\" data-end=\"1069\">Local de origem:<\/strong> China<\/li>\n<li data-start=\"1078\" data-end=\"1112\"><strong data-start=\"1080\" data-end=\"1096\">Tipo de fornecimento:<\/strong> Fa\u00e7a sob encomenda<\/li>\n<\/ul>\n<h3 data-start=\"1114\" data-end=\"1142\"><strong data-start=\"1118\" data-end=\"1140\">\ud83d\udd11 Notas importantes<\/strong><\/h3>\n<ul data-start=\"1143\" data-end=\"1234\">\n<li data-start=\"1143\" data-end=\"1234\"><strong data-start=\"1145\" data-end=\"1162\">Dados do produto:<\/strong> As especifica\u00e7\u00f5es reais do produto podem variar dependendo do lote de produ\u00e7\u00e3o.<\/li>\n<\/ul>","protected":false},"featured_media":4501,"template":"","meta":[],"product_brand":[],"product_cat":[35,20,37,51,34],"product_tag":[],"class_list":{"0":"post-4500","1":"product","2":"type-product","3":"status-publish","4":"has-post-thumbnail","6":"product_cat-aesthetic-collection","7":"product_cat-cotton-woven-fabric","8":"product_cat-siro","9":"product_cat-spuer-siro","10":"product_cat-twill-fabric","12":"first","13":"instock","14":"shipping-taxable","15":"product-type-simple"},"aioseo_notices":[],"_links":{"self":[{"href":"https:\/\/lydenim.com\/pt\/wp-json\/wp\/v2\/product\/4500","targetHints":{"allow":["GET"]}}],"collection":[{"href":"https:\/\/lydenim.com\/pt\/wp-json\/wp\/v2\/product"}],"about":[{"href":"https:\/\/lydenim.com\/pt\/wp-json\/wp\/v2\/types\/product"}],"version-history":[{"count":1,"href":"https:\/\/lydenim.com\/pt\/wp-json\/wp\/v2\/product\/4500\/revisions"}],"predecessor-version":[{"id":4508,"href":"https:\/\/lydenim.com\/pt\/wp-json\/wp\/v2\/product\/4500\/revisions\/4508"}],"wp:featuredmedia":[{"embeddable":true,"href":"https:\/\/lydenim.com\/pt\/wp-json\/wp\/v2\/media\/4501"}],"wp:attachment":[{"href":"https:\/\/lydenim.com\/pt\/wp-json\/wp\/v2\/media?parent=4500"}],"wp:term":[{"taxonomy":"product_brand","embeddable":true,"href":"https:\/\/lydenim.com\/pt\/wp-json\/wp\/v2\/product_brand?post=4500"},{"taxonomy":"product_cat","embeddable":true,"href":"https:\/\/lydenim.com\/pt\/wp-json\/wp\/v2\/product_cat?post=4500"},{"taxonomy":"product_tag","embeddable":true,"href":"https:\/\/lydenim.com\/pt\/wp-json\/wp\/v2\/product_tag?post=4500"}],"curies":[{"name":"wp","href":"https:\/\/api.w.org\/{rel}","templated":true}]}}